{"id":11409,"date":"2020-04-28T07:11:52","date_gmt":"2020-04-28T07:11:52","guid":{"rendered":"https:\/\/www.lugaris.com\/lugaris-rambla-para-2-5-personas-premium-con-terraza\/"},"modified":"2025-01-13T11:37:07","modified_gmt":"2025-01-13T11:37:07","slug":"lugaris-rambla-per-2-5-persones-premium-amb-terrasa","status":"publish","type":"apartments","link":"https:\/\/www.lugaris.com\/ca\/lugaris-rambla-per-2-5-persones-premium-amb-terrasa\/","title":{"rendered":"PREMIUM AMB TERRASSA"},"content":{"rendered":"<section class=\"blocks__extra-info \" id=\"mes-coses-interessants\">\n    <h3>M\u00c9S COSES INTERESSANTS<\/h3>\n\n    <div class=\"blocks__extra-info__list\">\n                    <div class=\"blocks__extra-info__item\" id=\"mes-coses-interessants-apartaments-amb-terrassa\">\n        <a\n                    href=\"#\" \n            class=\"toggleable__extra-info toggleable--open\"\n            data-target=\"#extra-info-10856\"\n            data-scope=\".blocks__extra-info .toggleable__extra-info, .blocks__extra-info .blocks__extra-info__content\"\n        \n        \n    >\n            <article class=\"blocks__extra-info__item__container\">\n            <img decoding=\"async\" src=\"https:\/\/www.lugaris.com\/app\/uploads\/2020\/04\/DSC6139.jpg\" class=\"blocks__extra-info__item__thumbnail\"><\/img>\n            <div  class=\"blocks__extra-info__item__content\">\n                <header>\n                    <h4 class=\"blocks__extra-info__item__title\">\n                        APARTAMENTS AMB TERRASSA\n                    <\/h4>\n                <\/header>\n                <section>\n                    <p class=\"blocks__extra-info__item__excerpt\">\n                        APARTAMENTS DE 2 A 5 PERSONES PREMIUM AMB TERRASSA Descobrir i gaudir de Barcelona va molt m\u00e9s enll\u00e0 de contemplar els seus monuments o d\u2019assaborir els seus plats m\u00e9s tradicionals. De fet, aquesta experi\u00e8ncia tamb\u00e9 &hellip;\n                    <\/p>\n                    \n                                        <span class=\"blocks__extra-info__item__read-more\">Llegir m\u00e9s<\/span>\n                    <span class=\"blocks__extra-info__item__read-less\">Llegir menys<\/span>\n                                    <\/section>\n            <\/div>\n        <\/article>\n        <\/a>\n    <\/div>\n                                <div class=\"blocks__extra-info__item\" id=\"mes-coses-interessants-totalment-equipats\">\n        <a\n                    href=\"#\" \n            class=\"toggleable__extra-info \"\n            data-target=\"#extra-info-10864\"\n            data-scope=\".blocks__extra-info .toggleable__extra-info, .blocks__extra-info .blocks__extra-info__content\"\n        \n        \n    >\n            <article class=\"blocks__extra-info__item__container\">\n            <img decoding=\"async\" src=\"https:\/\/www.lugaris.com\/app\/uploads\/2020\/04\/DSC6157.jpg\" class=\"blocks__extra-info__item__thumbnail\"><\/img>\n            <div  class=\"blocks__extra-info__item__content\">\n                <header>\n                    <h4 class=\"blocks__extra-info__item__title\">\n                        TOTALMENT EQUIPATS\n                    <\/h4>\n                <\/header>\n                <section>\n                    <p class=\"blocks__extra-info__item__excerpt\">\n                        ELS TEUS APARTAMENTS PREMIUM DE BARCELONA, TOTALMENT EQUIPATS No obstant aix\u00f2, l\u2019encant dels nostres&nbsp;apartaments de lloguer a Poblenou&nbsp;va molt m\u00e9s enll\u00e0 del seu empla\u00e7ament. De fet, obren les seves portes a un edifici amb p\u00e0rquing &hellip;\n                    <\/p>\n                    \n                                        <span class=\"blocks__extra-info__item__read-more\">Llegir m\u00e9s<\/span>\n                    <span class=\"blocks__extra-info__item__read-less\">Llegir menys<\/span>\n                                    <\/section>\n            <\/div>\n        <\/article>\n        <\/a>\n    <\/div>\n                                <div class=\"blocks__extra-info__item\" id=\"mes-coses-interessants-vienes-a-barcelona-por-trabajo\">\n        <a\n                    href=\"https:\/\/www.lugaris.com\/vienes-barcelona-trabajo\/\" \n        \n        \n    >\n            <article class=\"blocks__extra-info__item__container\">\n            <img decoding=\"async\" src=\"https:\/\/www.lugaris.com\/app\/uploads\/2020\/06\/barcelona-nocturna-1.jpg\" class=\"blocks__extra-info__item__thumbnail\"><\/img>\n            <div  class=\"blocks__extra-info__item__content\">\n                <header>\n                    <h4 class=\"blocks__extra-info__item__title\">\n                        \u00bfVienes a Barcelona por trabajo?\n                    <\/h4>\n                <\/header>\n                <section>\n                    <p class=\"blocks__extra-info__item__excerpt\">\n                        Barcelona es la sexta ciudad preferida para los negocios, la s\u00e9ptima para el e-business, la s\u00e9ptima urbe m\u00e1s emprendedora de Europa y, seg\u00fan un estudio reciente de la organizaci\u00f3n brit\u00e1nica Nesta, la cuarta ciudad m\u00e1s innovadora del mundo. \n                    <\/p>\n                    \n                                        <span class=\"blocks__extra-info__item__read-more\">Llegir m\u00e9s<\/span>\n                    <span class=\"blocks__extra-info__item__read-less\">Llegir menys<\/span>\n                                    <\/section>\n            <\/div>\n        <\/article>\n        <\/a>\n    <\/div>\n                                <div class=\"blocks__extra-info__item\" id=\"mes-coses-interessants-vienes-a-barcelona-de-vacaciones\">\n        <a\n                    href=\"https:\/\/www.lugaris.com\/vienes-barcelona-vacaciones\/\" \n        \n        \n    >\n            <article class=\"blocks__extra-info__item__container\">\n            <img decoding=\"async\" src=\"https:\/\/www.lugaris.com\/app\/uploads\/2020\/04\/barcelona_0-1.jpg\" class=\"blocks__extra-info__item__thumbnail\"><\/img>\n            <div  class=\"blocks__extra-info__item__content\">\n                <header>\n                    <h4 class=\"blocks__extra-info__item__title\">\n                        \u00bfVienes a Barcelona de Vacaciones?\n                    <\/h4>\n                <\/header>\n                <section>\n                    <p class=\"blocks__extra-info__item__excerpt\">\n                        Detr\u00e1s de este \u00e9xito, del que son responsables los cerca de 8,5 millones de viajeros que pernoctan en ella anualmente, se esconden un clima agradable durante todo el a\u00f1o, un emplazamiento envidiable junto al mar Mediterr\u00e1neo, sus playas urbanas&#8230;\n                    <\/p>\n                    \n                                        <span class=\"blocks__extra-info__item__read-more\">Llegir m\u00e9s<\/span>\n                    <span class=\"blocks__extra-info__item__read-less\">Llegir menys<\/span>\n                                    <\/section>\n            <\/div>\n        <\/article>\n        <\/a>\n    <\/div>\n                        <\/div>\n\n        <div class=\"blocks__extra-info__content__container\">\n                                <div id=\"extra-info-10856\"\n                class=\"blocks__extra-info__content toggleable__target toggleable__target--open\">\n                \n<div class=\"wp-block-columns is-layout-flex wp-container-core-columns-layout-1 wp-block-columns-is-layout-flex\">\n<div class=\"wp-block-column is-layout-flow wp-block-column-is-layout-flow\">\n<h1 class=\"wp-block-heading\">APARTAMENTS DE 2 A 5 PERSONES PREMIUM AMB TERRASSA<\/h1>\n\n\n\n<p class=\"\">Descobrir i gaudir de Barcelona va molt m\u00e9s enll\u00e0 de contemplar els seus monuments o d\u2019assaborir els seus plats m\u00e9s tradicionals. De fet, aquesta experi\u00e8ncia tamb\u00e9 es nodreix d\u2019infinitat de petits matisos i sensacions, que inclouen els moments de descans que segueixen a cada visita tur\u00edstica. Per aix\u00f2, i perqu\u00e8 pugueu aprofitar-los al m\u00e0xim, posem a les vostres mans i a les de la vostra fam\u00edlia el producte m\u00e9s exclusiu de Lugaris Rambla: els nostres&nbsp;<strong>apartaments per entre 2 i 5 persones Premium amb terrassa<\/strong>.<\/p>\n\n\n\n<p class=\"\">Les caracter\u00edstiques que fan que aquests pisos siguin \u00fanics comencen per la seva privilegiada ubicaci\u00f3, a la<strong>&nbsp;rambla del Poblenou, 16-20<\/strong>. Aquesta emblem\u00e0tica art\u00e8ria \u00e9s molt freq\u00fcentada pels habitants del districte de Sant Mart\u00ed, que s\u2019hi acosten atrets per les seves seus tranquil\u00b7les terrasses, bars, restaurants i centres culturals de tota la vida \u2014com ara el Casino L\u2019Alian\u00e7a\u2014, i us permetr\u00e0 descobrir l\u2019ess\u00e8ncia de la Barcelona m\u00e9s aut\u00e8ntica. A m\u00e9s, el tradicional barri mariner de la Barceloneta hi \u00e9s ben a prop. Si teniu ganes de saber m\u00e9s coses, podeu consultar la nostra&nbsp;<a href=\"https:\/\/www.lugaris.com\/ca\/guia-de-barcelona\/\">guia tur\u00edstica de Barcelona<\/a>.<\/p>\n\n\n\n<p class=\"\">De la mateixa manera, el barri del Poblenou, que actualment dona cabuda al hub tecnol\u00f2gic del 22@, tamb\u00e9 alberga interessants mostres de patrimoni de l\u2019\u00e8poca industrial o museus com el de Can Framis. Tot aix\u00f2 sense oblidar tots els avantatges que suposa viure en&nbsp;<strong>pisos a prop de la platja de Barcelona<\/strong>. En concret, se situen a nom\u00e9s 300 m de les platges de la Mar Bella i Bogatell, constru\u00efdes amb motius dels Jocs Ol\u00edmpics de 1992 i dotades de diversos equipaments esportius i un centre n\u00e0utic.<\/p>\n<\/div>\n\n\n\n<div class=\"wp-block-column is-layout-flow wp-block-column-is-layout-flow\">\n<figure class=\"wp-block-image size-large\"><img fetchpriority=\"high\" fetchpriority=\"high\" decoding=\"async\" width=\"650\" height=\"1000\" src=\"https:\/\/www.lugaris.com\/app\/uploads\/2020\/04\/DSC6162.jpg\" alt=\"\" class=\"wp-image-8002\" srcset=\"https:\/\/www.lugaris.com\/app\/uploads\/2020\/04\/DSC6162.jpg 650w, https:\/\/www.lugaris.com\/app\/uploads\/2020\/04\/DSC6162-195x300.jpg 195w\" sizes=\"(max-width: 650px) 100vw, 650px\" \/><\/figure>\n<\/div>\n\n\n\n<div class=\"wp-block-column is-vertically-aligned-top is-layout-flow wp-block-column-is-layout-flow\">\n<div class=\"wp-block-image\"><figure class=\"aligncenter size-large\"><img decoding=\"async\" width=\"1000\" height=\"750\" src=\"https:\/\/www.lugaris.com\/app\/uploads\/2020\/04\/Untitled-10.jpg\" alt=\"\" class=\"wp-image-10379\" srcset=\"https:\/\/www.lugaris.com\/app\/uploads\/2020\/04\/Untitled-10.jpg 1000w, https:\/\/www.lugaris.com\/app\/uploads\/2020\/04\/Untitled-10-300x225.jpg 300w, https:\/\/www.lugaris.com\/app\/uploads\/2020\/04\/Untitled-10-768x576.jpg 768w\" sizes=\"(max-width: 1000px) 100vw, 1000px\" \/><\/figure><\/div>\n\n\n\n<figure class=\"wp-block-image size-full mb-0\"><img decoding=\"async\" width=\"1000\" height=\"750\" src=\"https:\/\/www.lugaris.com\/app\/uploads\/2020\/04\/extra-pr-terr.jpg\" alt=\"\" class=\"wp-image-10385\" srcset=\"https:\/\/www.lugaris.com\/app\/uploads\/2020\/04\/extra-pr-terr.jpg 1000w, https:\/\/www.lugaris.com\/app\/uploads\/2020\/04\/extra-pr-terr-300x225.jpg 300w, https:\/\/www.lugaris.com\/app\/uploads\/2020\/04\/extra-pr-terr-768x576.jpg 768w\" sizes=\"(max-width: 1000px) 100vw, 1000px\" \/><\/figure>\n<\/div>\n<\/div>\n\n            <\/div>\n                                            <div id=\"extra-info-10864\"\n                class=\"blocks__extra-info__content toggleable__target \">\n                \n<div class=\"wp-block-columns is-layout-flex wp-container-core-columns-layout-2 wp-block-columns-is-layout-flex\">\n<div class=\"wp-block-column is-layout-flow wp-block-column-is-layout-flow\" style=\"flex-basis:33.33%\">\n<h2 class=\"wp-block-heading\">ELS TEUS APARTAMENTS PREMIUM DE BARCELONA, TOTALMENT EQUIPATS<\/h2>\n\n\n\n<p class=\"\">No obstant aix\u00f2, l\u2019encant dels nostres&nbsp;<strong>apartaments de lloguer a Poblenou<\/strong>&nbsp;va molt m\u00e9s enll\u00e0 del seu empla\u00e7ament. De fet, obren les seves portes a un edifici amb p\u00e0rquing opcional, ascensor i servei de vigil\u00e0ncia les 24 hores del dia. Tots ells disposen d\u2019una superf\u00edcie \u00fatil d\u2019entre 50 i 55 m\u00b2, cuina, un acollidor sal\u00f3 menjador, 1 habitaci\u00f3 amb llit de matrimoni, 1 habitaci\u00f3 amb 1 llit niu, 1 sof\u00e0 llit, 1 bany amb dutxa i, com a colof\u00f3, terrassa de 22 m\u00b2. Incre\u00efble, oi?<\/p>\n\n\n\n<p class=\"\">Perqu\u00e8 no hagueu de preocupar-vos de res, trobareu el vostre&nbsp;<strong>apartament totalment equipat<\/strong>. Hi podreu gaudir de Wi-Fi d\u2019alta velocitat, televisi\u00f3 via sat\u00e8l\u00b7lit, climatitzaci\u00f3 de fred o calor, mobles \u2014taula de menjador, cadires, armaris \u2026\u2014, televisi\u00f3 via sat\u00e8l\u00b7lit, assecador de cabell, planxa i taula de planxar, cafetera Nespresso, estris de cuina, vaixella i coberts, nevera amb congelador, forn, microones, rentavaixelles, rentadora-assecadora, kettle, roba de la llar, \u2014llen\u00e7ols i tovalloles\u2014 i amenities. A m\u00e9s, en tots els&nbsp;<a href=\"https:\/\/www.lugaris.com\/ca\/lugaris-beach-per-4-6-persones-family\/\">nostres apartaments familiars de Barcelona<\/a>, posem al vostre abast un servei de neteja setmanal sense c\u00e0rrecs addicionals, perqu\u00e8 tots estigui sempre com el primer dia.<\/p>\n<\/div>\n\n\n\n<div class=\"wp-block-column is-layout-flow wp-block-column-is-layout-flow\" style=\"flex-basis:66.66%\">\n<figure class=\"wp-block-image size-large\"><img loading=\"lazy\" loading=\"lazy\" decoding=\"async\" width=\"1000\" height=\"600\" src=\"https:\/\/www.lugaris.com\/app\/uploads\/2020\/04\/DSC6095-1.jpg\" alt=\"\" class=\"wp-image-8058\" srcset=\"https:\/\/www.lugaris.com\/app\/uploads\/2020\/04\/DSC6095-1.jpg 1000w, https:\/\/www.lugaris.com\/app\/uploads\/2020\/04\/DSC6095-1-300x180.jpg 300w, https:\/\/www.lugaris.com\/app\/uploads\/2020\/04\/DSC6095-1-768x461.jpg 768w\" sizes=\"(max-width: 1000px) 100vw, 1000px\" \/><\/figure>\n<\/div>\n<\/div>\n\n            <\/div>\n                                                                <\/div>\n\n    <span class=\"blocks__extra-info__list__button__left prev\"><\/span>\n    <span class=\"blocks__extra-info__list__button__right next\"><\/span>\n    <\/section>\n\n\n\n<div class=\"wp-block-group has-very-light-gray-background-color has-background\"><div class=\"wp-block-group__inner-container is-layout-flow wp-block-group-is-layout-flow\">\n<h3 class=\"has-text-align-center wp-block-heading\">TROBA L&#8217;APARTAMENT DELS TEUS SOMNIS<\/h3>\n\n\n<style>\ntd.dayway, td.dayway a {\n    background-color: rgb(221, 249, 255)!important;\n    color: rgb(3, 199, 241)!important;\n}\ntd.daySelected, td.daySelected a, table.ui-datepicker-calendar td:not(.ui-datepicker-unselectable):hover, table.ui-datepicker-calendar td:not(.ui-datepicker-unselectable):hover a  {\n    background-color: rgb(3, 199, 241)!important;\n    color: white!important;\n}\ntd.ui-datepicker-current-day, td.ui-datepicker-current-day a {\n    background-color: transparent!important;\n    color: #454545!important;\n}\n<\/style>\n<div class=\"blocks__booking-form\">\n  \n  <form class=\"blocks__booking-form__form\" action=\"https:\/\/reservations.lugaris.com\/lugaris\/ca\/availability\" method=\"get\" target=\"_blank\">\n      <div class=\"blocks__booking-form__field\">\n        <select class=\"ubication\" name=\"hotel\">\n\t\t<option value=\"\">Tots els apartaments<\/option>\n          <option value=\"lugaris_beach\">Lugaris Beach<\/option>\n          <option value=\"lugaris_rambla\">Lugaris Rambla<\/option>\n        <\/select>\n      <\/div>\n      <div class=\"blocks__booking-form__field blocks__booking-form__field--datepicker dashline-right\">\n        <input type=\"text\" name=\"datein\" autocomplete=\"off\" placeholder=\"Desde\" \/>\n      <\/div>\n      <div class=\"blocks__booking-form__field blocks__booking-form__field--datepicker md:dashline-right\">\n        <input type=\"text\" name=\"dateout\" autocomplete=\"off\" placeholder=\"Fins\" \/>\n      <\/div>\n      <div\n        class=\"blocks__booking-form__field blocks__booking-form__field--roompicker roompicker  md:dashline-right\">\n        <input type=\"hidden\" name=\"adultos\" value=\"2\" data-min=\"1\" data-max=\"6\"\n          data-label=\"Adults\" \/>\n        <input type=\"hidden\" name=\"ninos\" value=\"0\" data-min=\"0\" data-max=\"5\"\n          data-label=\"Children\" \/>\n      <\/div>\n            <div class=\"blocks__booking-form__field\">\n        <input type=\"text\" name=\"promotionalcode\" autocomplete=\"off\" placeholder=\"Codi Oferta\"\n                \/>\n      <\/div>\n            <input type=\"submit\" name=\"submit\" value=\"Reserva\" \/>\n    <\/form>\n<\/div>\n<script>\nwindow.LUGARIS_LANG = \"ca\";\ndocument.addEventListener('change', function(e) {\n  if(e.target && e.target.matches('.ubication')) {\n    const lang =\n          (typeof window.LUGARIS_LANG !== \"undefined\" && window.LUGARIS_LANG) ? window.LUGARIS_LANG : \"en\";\n    const bookingUrls = {\n      '': `https:\/\/reservations.lugaris.com\/lugaris\/${lang}\/availability`,\n      'lugaris_beach': `https:\/\/reservations.lugaris.com\/${lang}\/hotel\/lugaris_beach`,\n      'lugaris_rambla': `https:\/\/reservations.lugaris.com\/${lang}\/hotel\/lugaris_rambla`\n    };\n    var form = e.target.closest('form');\n    var url = bookingUrls[e.target.value] || bookingUrls[''];\n    form.setAttribute('action', url);\n  }\n});\n\n\/\/ Optionally, set action on load as well:\ndocument.addEventListener('DOMContentLoaded', function() {\n  var select = document.querySelector('.ubication');\n  if(select){\n    const lang =\n          (typeof window.LUGARIS_LANG !== \"undefined\" && window.LUGARIS_LANG) ? window.LUGARIS_LANG : \"en\";\n    const bookingUrls = {\n      '': `https:\/\/reservations.lugaris.com\/lugaris\/${lang}\/availability`,\n      'lugaris_beach': `https:\/\/reservations.lugaris.com\/${lang}\/hotel\/lugaris_beach`,\n      'lugaris_rambla': `https:\/\/reservations.lugaris.com\/${lang}\/hotel\/lugaris_rambla`\n    };\n    var form = select.closest('form');\n    var url = bookingUrls[select.value] || bookingUrls[''];\n    form.setAttribute('action', url);\n    form.addEventListener('submit', function(e){\n      e.preventDefault(); \/\/ We'll handle the navigation ourselves\n\n      const adults    = form.querySelector('[name=\"adultos\"]').value || '2';\n      const children  = form.querySelector('[name=\"ninos\"]').value || '0';\n      const datein    = form.querySelector('[name=\"datein\"]').value;\n      const dateout   = form.querySelector('[name=\"dateout\"]').value;\n      const promoEl   = form.querySelector('[name=\"promotionalcode\"]');\n      const promo     = promoEl ? promoEl.value : '';\n\n      \/\/ Compose the parameters, adjust names as needed\n      const params = new URLSearchParams();\n      params.set('adults', adults);\n      params.set('children', children);\n      if (datein)  params.set('datein', datein);\n      if (dateout) params.set('dateout', dateout);\n      params.set('prom', promo);\n\n      \/\/ Determine actual booking URL (again)\n      var baseUrl = bookingUrls[select.value] || bookingUrls[''];\n\n      \/\/ Full URL\n      var fullUrl = baseUrl + '?' + params.toString();\n      console.log('Redirecting to: ', fullUrl);\n\n      \/\/ Open in new tab as per form target\n      if(form.target === \"_blank\"){\n        window.open(fullUrl, '_blank');\n      } else {\n        window.location.href = fullUrl;\n      }\n    });\n  }\n});\n<\/script>\n<\/div><\/div>\n","protected":false},"excerpt":{"rendered":"<p>50-55 m\u00b2 \u00fatils de superf\u00edcie en 1r pis amb acc\u00e9s per escales, sala d&#8217;estar-menjador amb 1 sof\u00e0-llit individual, cuina, 1 habitaci\u00f3 amb llit de matrimoni, 1 habitaci\u00f3 amb 2 llits individuals, 1 bany amb dutxa i terrassa de 22 m\u00b2.<\/p>\n","protected":false},"featured_media":8059,"template":"","apartments_services":[710,703,401,351,347,346,343,342,339,338,335,334,331,330,327,319,318,315,312,309,306,299,298,295,294,290,285,286,278,275,274,261,259],"yoast_head":"<!-- This site is optimized with the Yoast SEO plugin v23.1 - https:\/\/yoast.com\/wordpress\/plugins\/seo\/ -->\n<title>Apartaments a Barcelona amb terrassa i balc\u00f3 | Lugaris Rambla<\/title>\n<meta name=\"description\" content=\"Reserveu el vostre apartament a Barcelona amb terrassa i amb totes les comoditats. Apartaments per a parelles o fam\u00edlies de 2 a 5 persones.\" \/>\n<meta name=\"robots\" content=\"index, follow, max-snippet:-1, max-image-preview:large, max-video-preview:-1\" \/>\n<link rel=\"canonical\" href=\"https:\/\/www.lugaris.com\/ca\/lugaris-rambla-per-2-5-persones-premium-amb-terrasa\/\" \/>\n<meta property=\"og:locale\" content=\"ca_ES\" \/>\n<meta property=\"og:type\" content=\"article\" \/>\n<meta property=\"og:title\" content=\"Apartaments a Barcelona amb terrassa i balc\u00f3 | Lugaris Rambla\" \/>\n<meta property=\"og:description\" content=\"Reserveu el vostre apartament a Barcelona amb terrassa i amb totes les comoditats. Apartaments per a parelles o fam\u00edlies de 2 a 5 persones.\" \/>\n<meta property=\"og:url\" content=\"https:\/\/www.lugaris.com\/ca\/lugaris-rambla-per-2-5-persones-premium-amb-terrasa\/\" \/>\n<meta property=\"og:site_name\" content=\"Lugaris\" \/>\n<meta property=\"article:modified_time\" content=\"2025-01-13T11:37:07+00:00\" \/>\n<meta property=\"og:image\" content=\"https:\/\/www.lugaris.com\/app\/uploads\/2020\/04\/DSC6095-1.jpg\" \/>\n\t<meta property=\"og:image:width\" content=\"1000\" \/>\n\t<meta property=\"og:image:height\" content=\"600\" \/>\n\t<meta property=\"og:image:type\" content=\"image\/jpeg\" \/>\n<meta name=\"twitter:card\" content=\"summary_large_image\" \/>\n<meta name=\"twitter:label1\" content=\"Est. reading time\" \/>\n\t<meta name=\"twitter:data1\" content=\"1 minute\" \/>\n<script type=\"application\/ld+json\" class=\"yoast-schema-graph\">{\"@context\":\"https:\/\/schema.org\",\"@graph\":[{\"@type\":\"WebPage\",\"@id\":\"https:\/\/www.lugaris.com\/ca\/lugaris-rambla-per-2-5-persones-premium-amb-terrasa\/\",\"url\":\"https:\/\/www.lugaris.com\/ca\/lugaris-rambla-per-2-5-persones-premium-amb-terrasa\/\",\"name\":\"Apartaments a Barcelona amb terrassa i balc\u00f3 | Lugaris Rambla\",\"isPartOf\":{\"@id\":\"https:\/\/www.lugaris.com\/ca\/#website\"},\"primaryImageOfPage\":{\"@id\":\"https:\/\/www.lugaris.com\/ca\/lugaris-rambla-per-2-5-persones-premium-amb-terrasa\/#primaryimage\"},\"image\":{\"@id\":\"https:\/\/www.lugaris.com\/ca\/lugaris-rambla-per-2-5-persones-premium-amb-terrasa\/#primaryimage\"},\"thumbnailUrl\":\"https:\/\/www.lugaris.com\/app\/uploads\/2020\/04\/DSC6095-1.jpg\",\"datePublished\":\"2020-04-28T07:11:52+00:00\",\"dateModified\":\"2025-01-13T11:37:07+00:00\",\"description\":\"Reserveu el vostre apartament a Barcelona amb terrassa i amb totes les comoditats. Apartaments per a parelles o fam\u00edlies de 2 a 5 persones.\",\"breadcrumb\":{\"@id\":\"https:\/\/www.lugaris.com\/ca\/lugaris-rambla-per-2-5-persones-premium-amb-terrasa\/#breadcrumb\"},\"inLanguage\":\"ca\",\"potentialAction\":[{\"@type\":\"ReadAction\",\"target\":[\"https:\/\/www.lugaris.com\/ca\/lugaris-rambla-per-2-5-persones-premium-amb-terrasa\/\"]}]},{\"@type\":\"ImageObject\",\"inLanguage\":\"ca\",\"@id\":\"https:\/\/www.lugaris.com\/ca\/lugaris-rambla-per-2-5-persones-premium-amb-terrasa\/#primaryimage\",\"url\":\"https:\/\/www.lugaris.com\/app\/uploads\/2020\/04\/DSC6095-1.jpg\",\"contentUrl\":\"https:\/\/www.lugaris.com\/app\/uploads\/2020\/04\/DSC6095-1.jpg\",\"width\":1000,\"height\":600},{\"@type\":\"BreadcrumbList\",\"@id\":\"https:\/\/www.lugaris.com\/ca\/lugaris-rambla-per-2-5-persones-premium-amb-terrasa\/#breadcrumb\",\"itemListElement\":[{\"@type\":\"ListItem\",\"position\":1,\"name\":\"Home\",\"item\":\"https:\/\/www.lugaris.com\/ca\/\"},{\"@type\":\"ListItem\",\"position\":2,\"name\":\"PREMIUM AMB TERRASSA\"}]},{\"@type\":\"WebSite\",\"@id\":\"https:\/\/www.lugaris.com\/ca\/#website\",\"url\":\"https:\/\/www.lugaris.com\/ca\/\",\"name\":\"Lugaris\",\"description\":\"Apartamentos de vacaciones en Barcelona\",\"publisher\":{\"@id\":\"https:\/\/www.lugaris.com\/ca\/#organization\"},\"potentialAction\":[{\"@type\":\"SearchAction\",\"target\":{\"@type\":\"EntryPoint\",\"urlTemplate\":\"https:\/\/www.lugaris.com\/ca\/?s={search_term_string}\"},\"query-input\":\"required name=search_term_string\"}],\"inLanguage\":\"ca\"},{\"@type\":\"Organization\",\"@id\":\"https:\/\/www.lugaris.com\/ca\/#organization\",\"name\":\"Lugaris Apartments in Barcelona\",\"url\":\"https:\/\/www.lugaris.com\/ca\/\",\"logo\":{\"@type\":\"ImageObject\",\"inLanguage\":\"ca\",\"@id\":\"https:\/\/www.lugaris.com\/ca\/#\/schema\/logo\/image\/\",\"url\":\"https:\/\/www.lugaris.com\/app\/uploads\/2020\/03\/Logo_lugaris_v2.png\",\"contentUrl\":\"https:\/\/www.lugaris.com\/app\/uploads\/2020\/03\/Logo_lugaris_v2.png\",\"width\":285,\"height\":257,\"caption\":\"Lugaris Apartments in Barcelona\"},\"image\":{\"@id\":\"https:\/\/www.lugaris.com\/ca\/#\/schema\/logo\/image\/\"}}]}<\/script>\n<!-- \/ Yoast SEO plugin. -->","yoast_head_json":{"title":"Apartaments a Barcelona amb terrassa i balc\u00f3 | Lugaris Rambla","description":"Reserveu el vostre apartament a Barcelona amb terrassa i amb totes les comoditats. Apartaments per a parelles o fam\u00edlies de 2 a 5 persones.","robots":{"index":"index","follow":"follow","max-snippet":"max-snippet:-1","max-image-preview":"max-image-preview:large","max-video-preview":"max-video-preview:-1"},"canonical":"https:\/\/www.lugaris.com\/ca\/lugaris-rambla-per-2-5-persones-premium-amb-terrasa\/","og_locale":"ca_ES","og_type":"article","og_title":"Apartaments a Barcelona amb terrassa i balc\u00f3 | Lugaris Rambla","og_description":"Reserveu el vostre apartament a Barcelona amb terrassa i amb totes les comoditats. Apartaments per a parelles o fam\u00edlies de 2 a 5 persones.","og_url":"https:\/\/www.lugaris.com\/ca\/lugaris-rambla-per-2-5-persones-premium-amb-terrasa\/","og_site_name":"Lugaris","article_modified_time":"2025-01-13T11:37:07+00:00","og_image":[{"width":1000,"height":600,"url":"https:\/\/www.lugaris.com\/app\/uploads\/2020\/04\/DSC6095-1.jpg","type":"image\/jpeg"}],"twitter_card":"summary_large_image","twitter_misc":{"Est. reading time":"1 minute"},"schema":{"@context":"https:\/\/schema.org","@graph":[{"@type":"WebPage","@id":"https:\/\/www.lugaris.com\/ca\/lugaris-rambla-per-2-5-persones-premium-amb-terrasa\/","url":"https:\/\/www.lugaris.com\/ca\/lugaris-rambla-per-2-5-persones-premium-amb-terrasa\/","name":"Apartaments a Barcelona amb terrassa i balc\u00f3 | Lugaris Rambla","isPartOf":{"@id":"https:\/\/www.lugaris.com\/ca\/#website"},"primaryImageOfPage":{"@id":"https:\/\/www.lugaris.com\/ca\/lugaris-rambla-per-2-5-persones-premium-amb-terrasa\/#primaryimage"},"image":{"@id":"https:\/\/www.lugaris.com\/ca\/lugaris-rambla-per-2-5-persones-premium-amb-terrasa\/#primaryimage"},"thumbnailUrl":"https:\/\/www.lugaris.com\/app\/uploads\/2020\/04\/DSC6095-1.jpg","datePublished":"2020-04-28T07:11:52+00:00","dateModified":"2025-01-13T11:37:07+00:00","description":"Reserveu el vostre apartament a Barcelona amb terrassa i amb totes les comoditats. Apartaments per a parelles o fam\u00edlies de 2 a 5 persones.","breadcrumb":{"@id":"https:\/\/www.lugaris.com\/ca\/lugaris-rambla-per-2-5-persones-premium-amb-terrasa\/#breadcrumb"},"inLanguage":"ca","potentialAction":[{"@type":"ReadAction","target":["https:\/\/www.lugaris.com\/ca\/lugaris-rambla-per-2-5-persones-premium-amb-terrasa\/"]}]},{"@type":"ImageObject","inLanguage":"ca","@id":"https:\/\/www.lugaris.com\/ca\/lugaris-rambla-per-2-5-persones-premium-amb-terrasa\/#primaryimage","url":"https:\/\/www.lugaris.com\/app\/uploads\/2020\/04\/DSC6095-1.jpg","contentUrl":"https:\/\/www.lugaris.com\/app\/uploads\/2020\/04\/DSC6095-1.jpg","width":1000,"height":600},{"@type":"BreadcrumbList","@id":"https:\/\/www.lugaris.com\/ca\/lugaris-rambla-per-2-5-persones-premium-amb-terrasa\/#breadcrumb","itemListElement":[{"@type":"ListItem","position":1,"name":"Home","item":"https:\/\/www.lugaris.com\/ca\/"},{"@type":"ListItem","position":2,"name":"PREMIUM AMB TERRASSA"}]},{"@type":"WebSite","@id":"https:\/\/www.lugaris.com\/ca\/#website","url":"https:\/\/www.lugaris.com\/ca\/","name":"Lugaris","description":"Apartamentos de vacaciones en Barcelona","publisher":{"@id":"https:\/\/www.lugaris.com\/ca\/#organization"},"potentialAction":[{"@type":"SearchAction","target":{"@type":"EntryPoint","urlTemplate":"https:\/\/www.lugaris.com\/ca\/?s={search_term_string}"},"query-input":"required name=search_term_string"}],"inLanguage":"ca"},{"@type":"Organization","@id":"https:\/\/www.lugaris.com\/ca\/#organization","name":"Lugaris Apartments in Barcelona","url":"https:\/\/www.lugaris.com\/ca\/","logo":{"@type":"ImageObject","inLanguage":"ca","@id":"https:\/\/www.lugaris.com\/ca\/#\/schema\/logo\/image\/","url":"https:\/\/www.lugaris.com\/app\/uploads\/2020\/03\/Logo_lugaris_v2.png","contentUrl":"https:\/\/www.lugaris.com\/app\/uploads\/2020\/03\/Logo_lugaris_v2.png","width":285,"height":257,"caption":"Lugaris Apartments in Barcelona"},"image":{"@id":"https:\/\/www.lugaris.com\/ca\/#\/schema\/logo\/image\/"}}]}},"uagb_featured_image_src":{"full":["https:\/\/www.lugaris.com\/app\/uploads\/2020\/04\/DSC6095-1.jpg",1000,600,false],"thumbnail":["https:\/\/www.lugaris.com\/app\/uploads\/2020\/04\/DSC6095-1-150x150.jpg",150,150,true],"medium":["https:\/\/www.lugaris.com\/app\/uploads\/2020\/04\/DSC6095-1-300x180.jpg",300,180,true],"medium_large":["https:\/\/www.lugaris.com\/app\/uploads\/2020\/04\/DSC6095-1-768x461.jpg",768,461,true],"large":["https:\/\/www.lugaris.com\/app\/uploads\/2020\/04\/DSC6095-1.jpg",1000,600,false],"1536x1536":["https:\/\/www.lugaris.com\/app\/uploads\/2020\/04\/DSC6095-1.jpg",1000,600,false],"2048x2048":["https:\/\/www.lugaris.com\/app\/uploads\/2020\/04\/DSC6095-1.jpg",1000,600,false]},"uagb_author_info":{"display_name":"Roberto Bordi","author_link":"https:\/\/www.lugaris.com\/ca\/author\/"},"uagb_comment_info":0,"uagb_excerpt":"50-55 m\u00b2 \u00fatils de superf\u00edcie en 1r pis amb acc\u00e9s per escales, sala d'estar-menjador amb 1 sof\u00e0-llit individual, cuina, 1 habitaci\u00f3 amb llit de matrimoni, 1 habitaci\u00f3 amb 2 llits individuals, 1 bany amb dutxa i terrassa de 22 m\u00b2.","_links":{"self":[{"href":"https:\/\/www.lugaris.com\/ca\/wp-json\/wp\/v2\/apartments\/11409"}],"collection":[{"href":"https:\/\/www.lugaris.com\/ca\/wp-json\/wp\/v2\/apartments"}],"about":[{"href":"https:\/\/www.lugaris.com\/ca\/wp-json\/wp\/v2\/types\/apartments"}],"version-history":[{"count":1,"href":"https:\/\/www.lugaris.com\/ca\/wp-json\/wp\/v2\/apartments\/11409\/revisions"}],"predecessor-version":[{"id":28494,"href":"https:\/\/www.lugaris.com\/ca\/wp-json\/wp\/v2\/apartments\/11409\/revisions\/28494"}],"wp:featuredmedia":[{"embeddable":true,"href":"https:\/\/www.lugaris.com\/ca\/wp-json\/wp\/v2\/media\/8059"}],"wp:attachment":[{"href":"https:\/\/www.lugaris.com\/ca\/wp-json\/wp\/v2\/media?parent=11409"}],"wp:term":[{"taxonomy":"apartments_services","embeddable":true,"href":"https:\/\/www.lugaris.com\/ca\/wp-json\/wp\/v2\/apartments_services?post=11409"}],"curies":[{"name":"wp","href":"https:\/\/api.w.org\/{rel}","templated":true}]}}