{"id":11424,"date":"2020-04-22T14:43:39","date_gmt":"2020-04-22T14:43:39","guid":{"rendered":"https:\/\/www.lugaris.com\/lugaris-beach-business-sea-view\/"},"modified":"2025-09-05T09:20:36","modified_gmt":"2025-09-05T09:20:36","slug":"lugaris-beach-business-sea-view","status":"publish","type":"apartments","link":"https:\/\/www.lugaris.com\/ca\/lugaris-beach-business-sea-view\/","title":{"rendered":"Business Sea View"},"content":{"rendered":"<section class=\"blocks__extra-info \" id=\"mes-coses-interessants\">\n    <h3>M\u00c9S COSES INTERESSANTS<\/h3>\n\n    <div class=\"blocks__extra-info__list\">\n                    <div class=\"blocks__extra-info__item\" id=\"mes-coses-interessants-apartaments-amb-vistas-al-mar\">\n        <a\n                    href=\"#\" \n            class=\"toggleable__extra-info toggleable--open\"\n            data-target=\"#extra-info-11017\"\n            data-scope=\".blocks__extra-info .toggleable__extra-info, .blocks__extra-info .blocks__extra-info__content\"\n        \n        \n    >\n            <article class=\"blocks__extra-info__item__container\">\n            <img decoding=\"async\" src=\"https:\/\/www.lugaris.com\/app\/uploads\/2020\/04\/Principal-BSV.webp\" class=\"blocks__extra-info__item__thumbnail\"><\/img>\n            <div  class=\"blocks__extra-info__item__content\">\n                <header>\n                    <h4 class=\"blocks__extra-info__item__title\">\n                        APARTAMENTS AMB VISTAS AL MAR\n                    <\/h4>\n                <\/header>\n                <section>\n                    <p class=\"blocks__extra-info__item__excerpt\">\n                        Viatjar per negocis \u00e9s una oportunitat \u00fanica a nivell professional, per\u00f2 tamb\u00e9 a l\u2019esfera personal, ja que ens brinda la possibilitat de con\u00e8ixer altres indrets i cultures.\n                    <\/p>\n                    \n                                        <span class=\"blocks__extra-info__item__read-more\">Llegir m\u00e9s<\/span>\n                    <span class=\"blocks__extra-info__item__read-less\">Llegir menys<\/span>\n                                    <\/section>\n            <\/div>\n        <\/article>\n        <\/a>\n    <\/div>\n                                <div class=\"blocks__extra-info__item\" id=\"mes-coses-interessants-totalment-equipats\">\n        <a\n                    href=\"#\" \n            class=\"toggleable__extra-info \"\n            data-target=\"#extra-info-11026\"\n            data-scope=\".blocks__extra-info .toggleable__extra-info, .blocks__extra-info .blocks__extra-info__content\"\n        \n        \n    >\n            <article class=\"blocks__extra-info__item__container\">\n            <img decoding=\"async\" src=\"https:\/\/www.lugaris.com\/app\/uploads\/2020\/04\/DSC5544-1.jpg\" class=\"blocks__extra-info__item__thumbnail\"><\/img>\n            <div  class=\"blocks__extra-info__item__content\">\n                <header>\n                    <h4 class=\"blocks__extra-info__item__title\">\n                        TOTALMENT EQUIPATS\n                    <\/h4>\n                <\/header>\n                <section>\n                    <p class=\"blocks__extra-info__item__excerpt\">\n                        A m\u00e9s d\u2019una ubicaci\u00f3 privilegiada, els apartaments apleguen les caracter\u00edstiques indispensables perqu\u00e8 el vostre pas per Barcelona sigui una experi\u00e8ncia realment \u00fanica\n                    <\/p>\n                    \n                                        <span class=\"blocks__extra-info__item__read-more\">Llegir m\u00e9s<\/span>\n                    <span class=\"blocks__extra-info__item__read-less\">Llegir menys<\/span>\n                                    <\/section>\n            <\/div>\n        <\/article>\n        <\/a>\n    <\/div>\n                                <div class=\"blocks__extra-info__item\" id=\"mes-coses-interessants-necesites-alguna-cosa-mes\">\n        <a\n                    href=\"#\" \n            class=\"toggleable__extra-info \"\n            data-target=\"#extra-info-11031\"\n            data-scope=\".blocks__extra-info .toggleable__extra-info, .blocks__extra-info .blocks__extra-info__content\"\n        \n        \n    >\n            <article class=\"blocks__extra-info__item__container\">\n            <img decoding=\"async\" src=\"https:\/\/www.lugaris.com\/app\/uploads\/2020\/05\/barcelona-3960566_640-1.jpg\" class=\"blocks__extra-info__item__thumbnail\"><\/img>\n            <div  class=\"blocks__extra-info__item__content\">\n                <header>\n                    <h4 class=\"blocks__extra-info__item__title\">\n                        NECESITES ALGUNA COSA M\u00c9S?\n                    <\/h4>\n                <\/header>\n                <section>\n                    <p class=\"blocks__extra-info__item__excerpt\">\n                        Per\u00f2 encara hi ha m\u00e9s: des de les seves depend\u00e8ncies, gaudireu d\u2019incomparables vistes al mar.\n                    <\/p>\n                    \n                                        <span class=\"blocks__extra-info__item__read-more\">Llegir m\u00e9s<\/span>\n                    <span class=\"blocks__extra-info__item__read-less\">Llegir menys<\/span>\n                                    <\/section>\n            <\/div>\n        <\/article>\n        <\/a>\n    <\/div>\n                                <div class=\"blocks__extra-info__item\" id=\"mes-coses-interessants-vienes-a-barcelona-por-trabajo\">\n        <a\n                    href=\"https:\/\/www.lugaris.com\/vienes-barcelona-trabajo\/\" \n        \n        \n    >\n            <article class=\"blocks__extra-info__item__container\">\n            <img decoding=\"async\" src=\"https:\/\/www.lugaris.com\/app\/uploads\/2020\/06\/barcelona-nocturna-1.jpg\" class=\"blocks__extra-info__item__thumbnail\"><\/img>\n            <div  class=\"blocks__extra-info__item__content\">\n                <header>\n                    <h4 class=\"blocks__extra-info__item__title\">\n                        \u00bfVienes a Barcelona por trabajo?\n                    <\/h4>\n                <\/header>\n                <section>\n                    <p class=\"blocks__extra-info__item__excerpt\">\n                        Barcelona es la sexta ciudad preferida para los negocios, la s\u00e9ptima para el e-business, la s\u00e9ptima urbe m\u00e1s emprendedora de Europa y, seg\u00fan un estudio reciente de la organizaci\u00f3n brit\u00e1nica Nesta, la cuarta ciudad m\u00e1s innovadora del mundo. \n                    <\/p>\n                    \n                                        <span class=\"blocks__extra-info__item__read-more\">Llegir m\u00e9s<\/span>\n                    <span class=\"blocks__extra-info__item__read-less\">Llegir menys<\/span>\n                                    <\/section>\n            <\/div>\n        <\/article>\n        <\/a>\n    <\/div>\n                                <div class=\"blocks__extra-info__item\" id=\"mes-coses-interessants-vienes-a-barcelona-de-vacaciones\">\n        <a\n                    href=\"https:\/\/www.lugaris.com\/vienes-barcelona-vacaciones\/\" \n        \n        \n    >\n            <article class=\"blocks__extra-info__item__container\">\n            <img decoding=\"async\" src=\"https:\/\/www.lugaris.com\/app\/uploads\/2020\/04\/barcelona_0-1.jpg\" class=\"blocks__extra-info__item__thumbnail\"><\/img>\n            <div  class=\"blocks__extra-info__item__content\">\n                <header>\n                    <h4 class=\"blocks__extra-info__item__title\">\n                        \u00bfVienes a Barcelona de Vacaciones?\n                    <\/h4>\n                <\/header>\n                <section>\n                    <p class=\"blocks__extra-info__item__excerpt\">\n                        Detr\u00e1s de este \u00e9xito, del que son responsables los cerca de 8,5 millones de viajeros que pernoctan en ella anualmente, se esconden un clima agradable durante todo el a\u00f1o, un emplazamiento envidiable junto al mar Mediterr\u00e1neo, sus playas urbanas&#8230;\n                    <\/p>\n                    \n                                        <span class=\"blocks__extra-info__item__read-more\">Llegir m\u00e9s<\/span>\n                    <span class=\"blocks__extra-info__item__read-less\">Llegir menys<\/span>\n                                    <\/section>\n            <\/div>\n        <\/article>\n        <\/a>\n    <\/div>\n                        <\/div>\n\n        <div class=\"blocks__extra-info__content__container\">\n                                <div id=\"extra-info-11017\"\n                class=\"blocks__extra-info__content toggleable__target toggleable__target--open\">\n                \n<div class=\"wp-block-columns is-layout-flex wp-container-core-columns-layout-1 wp-block-columns-is-layout-flex\">\n<div class=\"wp-block-column is-layout-flow wp-block-column-is-layout-flow\">\n<h1 class=\"wp-block-heading\">Apartaments a Barcelona per 2 a 3 persones Business Sea View<\/h1>\n\n\n\n<p class=\"\">Viatjar per negocis \u00e9s una oportunitat \u00fanica a nivell professional, per\u00f2 tamb\u00e9 a l\u2019esfera personal, ja que ens brinda la possibilitat de con\u00e8ixer altres indrets i cultures. I a l\u2019hora de fer aquest pas, Barcelona pot ser una magn\u00edfica elecci\u00f3. Tant com ho \u00e9s confiar en l\u2019experi\u00e8ncia de Lugaris Beach i descobrir els seus\u00a0<strong>luxosos apartaments per a 2 a 3 persones Business amb vistes al mar<\/strong>.<\/p>\n\n\n\n<p class=\"\">Pel seu clima, el seu ingent patrimoni art\u00edstic, la seva extensa oferta cultural i de lleure, les seves agradables platges i la seva exquisida gastronomia, Barcelona s\u2019ha consolidat com una de les urbs m\u00e9s visitades d\u2019Europa i del m\u00f3n. Un llistat d\u2019al\u00b7licients que inclou l\u2019excel\u00b7lent qualitat de vida que ofereix, avalada per estudis com els de la revista de tend\u00e8ncies Monocle o la consultora Mercer, on&nbsp;<strong>la capital catalana figura entre les millors ciutats del planeta<\/strong>.<\/p>\n\n\n\n<p class=\"\">Aquesta dada ens empeny a continuar treballant i esfor\u00e7ant-nos perqu\u00e8 els nostres apartaments de\u00a0<strong>lloguer per a 2 a 3 persones Business Sea View<\/strong>\u00a0estiguin a l\u2019al\u00e7ada d\u2019aquesta localitat de somni. Per aconseguir-ho, hem tingut cura de tots els detalls, comen\u00e7ant per la seva estrat\u00e8gic empla\u00e7ament a l\u2019hist\u00f2ric barri del Poblenou \u2014els pisos de Lugaris Beach es troben al\u00a0<strong>passeig de Calvell, 45<\/strong>\u2014 i a tot just\u00a0<strong>200 m de les platges de Bogatell i la Mar Bella<\/strong>. L\u2019edifici compta amb vigil\u00e0ncia les 24 hores i disposa de piscina, sol\u00e0rium, p\u00e0rquing opcional i ascensor.<\/p>\n<\/div>\n\n\n\n<div class=\"wp-block-column is-layout-flow wp-block-column-is-layout-flow\">\n<figure class=\"wp-block-image size-large\"><img fetchpriority=\"high\" fetchpriority=\"high\" decoding=\"async\" width=\"1280\" height=\"853\" src=\"https:\/\/www.lugaris.com\/app\/uploads\/2020\/04\/2G8A7796-copia-1280x853.webp\" alt=\"\" class=\"wp-image-25027\" srcset=\"https:\/\/www.lugaris.com\/app\/uploads\/2020\/04\/2G8A7796-copia-1280x853.webp 1280w, https:\/\/www.lugaris.com\/app\/uploads\/2020\/04\/2G8A7796-copia-1024x683.webp 1024w, https:\/\/www.lugaris.com\/app\/uploads\/2020\/04\/2G8A7796-copia-640x427.webp 640w, https:\/\/www.lugaris.com\/app\/uploads\/2020\/04\/2G8A7796-copia-768x512.webp 768w, https:\/\/www.lugaris.com\/app\/uploads\/2020\/04\/2G8A7796-copia-1536x1024.webp 1536w, https:\/\/www.lugaris.com\/app\/uploads\/2020\/04\/2G8A7796-copia-2048x1365.webp 2048w\" sizes=\"(max-width: 1280px) 100vw, 1280px\" \/><\/figure>\n<\/div>\n<\/div>\n\n            <\/div>\n                                            <div id=\"extra-info-11026\"\n                class=\"blocks__extra-info__content toggleable__target \">\n                \n<div class=\"wp-block-columns is-layout-flex wp-container-core-columns-layout-2 wp-block-columns-is-layout-flex\">\n<div class=\"wp-block-column is-layout-flow wp-block-column-is-layout-flow\" style=\"flex-basis:33.33%\">\n<h2 class=\"wp-block-heading\">ELS TEUS APARTAMENTS AMB VISTAS AL MAR TOTALMENT EQUIPATS<\/h2>\n\n\n\n<p class=\"\">A m\u00e9s d\u2019una ubicaci\u00f3 privilegiada, els apartaments apleguen les caracter\u00edstiques indispensables perqu\u00e8 el vostre pas per Barcelona sigui una experi\u00e8ncia realment \u00fanica. Aix\u00ed, hi podreu gaudir d\u2019una&nbsp;<strong>superf\u00edcie \u00fatil d\u2019entre 45 i 57 m\u00b2<\/strong>, cuina americana, sal\u00f3 menjador, 1 habitaci\u00f3 amb 2 llits individuals o 1 de matrimoni i 1 bany amb dutxa o banyera.<\/p>\n\n\n\n<p class=\"\">I perqu\u00e8 pugueu dedicar el vostre temps lliure nom\u00e9s a aquelles coses que s\u00f3n realment importants, hem equipat els nostres pisos amb totes les comoditats:&nbsp;<strong>Wi-Fi d\u2019alta velocitat, televisi\u00f3 via sat\u00e8l\u00b7lit, climatitzaci\u00f3 de fred o calor, caixa forta, mobiliari, assecador, planxa i taula de planxar<\/strong>, cafetera Nespresso, estris de cuina, vaixella, nevera amb congelador, forn, microones, rentavaixelles, rentadora-assecadora, kettle, roba de la llar i diverses&nbsp;<strong>amenities<\/strong>. D\u2019altra banda, i gr\u00e0cies al nostre servei de neteja setmanal, el vostre pis lluir\u00e0 sempre impecable. A m\u00e9s, aqu\u00ed podreu trobar un gran ventall d\u2019<a href=\"https:\/\/www.lugaris.com\/ca\/lugaris-rambla-per-2-5-persones-premium-amb-terrasa\/\">apartaments amb terrassa a Barcelona<\/a>.<\/p>\n<\/div>\n\n\n\n<div class=\"wp-block-column is-layout-flow wp-block-column-is-layout-flow\" style=\"flex-basis:66.66%\">\n<figure class=\"wp-block-image size-large\"><img decoding=\"async\" width=\"1000\" height=\"600\" src=\"https:\/\/www.lugaris.com\/app\/uploads\/2020\/04\/DSC5544-1.jpg\" alt=\"\" class=\"wp-image-8713\" srcset=\"https:\/\/www.lugaris.com\/app\/uploads\/2020\/04\/DSC5544-1.jpg 1000w, https:\/\/www.lugaris.com\/app\/uploads\/2020\/04\/DSC5544-1-300x180.jpg 300w, https:\/\/www.lugaris.com\/app\/uploads\/2020\/04\/DSC5544-1-768x461.jpg 768w\" sizes=\"(max-width: 1000px) 100vw, 1000px\" \/><\/figure>\n<\/div>\n<\/div>\n\n            <\/div>\n                                            <div id=\"extra-info-11031\"\n                class=\"blocks__extra-info__content toggleable__target \">\n                \n<div class=\"wp-block-columns is-layout-flex wp-container-core-columns-layout-3 wp-block-columns-is-layout-flex\">\n<div class=\"wp-block-column is-layout-flow wp-block-column-is-layout-flow\">\n<h2 class=\"wp-block-heading\">SERVEIS ADDICIONALS<\/h2>\n\n\n\n<p class=\"\">Per\u00f2 encara hi ha m\u00e9s: des de les seves depend\u00e8ncies, gaudireu d\u2019incomparables vistes al mar. Us imagineu la sensaci\u00f3 de contemplar el Mediterrani sempre que vulgueu? Amb Lugaris Beach i els nostres&nbsp;<strong>apartaments per a 2 a 4 persones a Barcelona amb vistes al mar<\/strong>, aix\u00f2 ser\u00e0 possible.<\/p>\n\n\n\n<p class=\"\">Voleu que les vostres&nbsp;<a href=\"https:\/\/www.lugaris.com\/ca\/vens-barcelona-vacances\/\">vacances a Barcelona<\/a>&nbsp;siguin encara m\u00e9s plaents? En aquest cas, us oferim un extens ventall de&nbsp;<strong>serveis addicionals<\/strong>&nbsp;perqu\u00e8 nom\u00e9s hagueu de preocupar-vos de gaudir del vostre pas per la Ciutat Comtal. Deixeu que ens encarreguem de la vostra&nbsp;<strong>compra al supermercat, d\u2019adquirir regals, de reservar entrades per a concerts o espectacles, de llogar bicicletes o limusines<\/strong>, de contractar un cangur per als vostres fills, de buscar-vos un bressol, de portar-vos a casa els vostres begudes preferides o la premsa nacional i internacional\u2026<\/p>\n\n\n\n<p class=\"\">Amb els nostres apartaments a prop de la platja, us assegurem que us hi sentireu com a casa. Benvinguts\/des a la vostra nova vida a Barcelona!<\/p>\n<\/div>\n\n\n\n<div class=\"wp-block-column is-layout-flow wp-block-column-is-layout-flow\">\n<figure class=\"wp-block-image size-large\"><img decoding=\"async\" width=\"500\" height=\"334\" src=\"https:\/\/www.lugaris.com\/app\/uploads\/2020\/05\/metro-1530664_640.jpg\" alt=\"\" class=\"wp-image-9069\" srcset=\"https:\/\/www.lugaris.com\/app\/uploads\/2020\/05\/metro-1530664_640.jpg 500w, https:\/\/www.lugaris.com\/app\/uploads\/2020\/05\/metro-1530664_640-300x200.jpg 300w\" sizes=\"(max-width: 500px) 100vw, 500px\" \/><\/figure>\n\n\n\n<figure class=\"wp-block-image size-large\"><img loading=\"lazy\" loading=\"lazy\" decoding=\"async\" width=\"500\" height=\"334\" src=\"https:\/\/www.lugaris.com\/app\/uploads\/2020\/05\/beach-extrainfo.jpg\" alt=\"\" class=\"wp-image-9057\" srcset=\"https:\/\/www.lugaris.com\/app\/uploads\/2020\/05\/beach-extrainfo.jpg 500w, https:\/\/www.lugaris.com\/app\/uploads\/2020\/05\/beach-extrainfo-300x200.jpg 300w\" sizes=\"(max-width: 500px) 100vw, 500px\" \/><\/figure>\n<\/div>\n\n\n\n<div class=\"wp-block-column is-layout-flow wp-block-column-is-layout-flow\">\n<figure class=\"wp-block-image size-large\"><img loading=\"lazy\" loading=\"lazy\" decoding=\"async\" width=\"500\" height=\"334\" src=\"https:\/\/www.lugaris.com\/app\/uploads\/2020\/05\/photo-1562883676-8c7feb83f09b-1.jpg\" alt=\"\" class=\"wp-image-9120\" srcset=\"https:\/\/www.lugaris.com\/app\/uploads\/2020\/05\/photo-1562883676-8c7feb83f09b-1.jpg 500w, https:\/\/www.lugaris.com\/app\/uploads\/2020\/05\/photo-1562883676-8c7feb83f09b-1-300x200.jpg 300w\" sizes=\"(max-width: 500px) 100vw, 500px\" \/><\/figure>\n\n\n\n<figure class=\"wp-block-image size-large\"><img loading=\"lazy\" loading=\"lazy\" decoding=\"async\" width=\"500\" height=\"334\" src=\"https:\/\/www.lugaris.com\/app\/uploads\/2020\/05\/photo-1504080310877-27ecf74e758d.jpg\" alt=\"\" class=\"wp-image-9108\" srcset=\"https:\/\/www.lugaris.com\/app\/uploads\/2020\/05\/photo-1504080310877-27ecf74e758d.jpg 500w, https:\/\/www.lugaris.com\/app\/uploads\/2020\/05\/photo-1504080310877-27ecf74e758d-300x200.jpg 300w\" sizes=\"(max-width: 500px) 100vw, 500px\" \/><\/figure>\n<\/div>\n<\/div>\n\n            <\/div>\n                                                                <\/div>\n\n    <span class=\"blocks__extra-info__list__button__left prev\"><\/span>\n    <span class=\"blocks__extra-info__list__button__right next\"><\/span>\n    <\/section>\n\n\n\n<div class=\"wp-block-group has-very-light-gray-background-color has-background\"><div class=\"wp-block-group__inner-container is-layout-flow wp-block-group-is-layout-flow\">\n<h3 class=\"has-text-align-center wp-block-heading\">TROBA L&#8217;APARTAMENT DELS TEUS SOMNIS<\/h3>\n\n\n<style>\ntd.dayway, td.dayway a {\n    background-color: rgb(221, 249, 255)!important;\n    color: rgb(3, 199, 241)!important;\n}\ntd.daySelected, td.daySelected a, table.ui-datepicker-calendar td:not(.ui-datepicker-unselectable):hover, table.ui-datepicker-calendar td:not(.ui-datepicker-unselectable):hover a  {\n    background-color: rgb(3, 199, 241)!important;\n    color: white!important;\n}\ntd.ui-datepicker-current-day, td.ui-datepicker-current-day a {\n    background-color: transparent!important;\n    color: #454545!important;\n}\n<\/style>\n<div class=\"blocks__booking-form\">\n  \n  <form class=\"blocks__booking-form__form\" action=\"https:\/\/reservations.lugaris.com\/lugaris\/ca\/availability\" method=\"get\" target=\"_blank\">\n      <div class=\"blocks__booking-form__field\">\n        <select class=\"ubication\" name=\"hotel\">\n\t\t<option value=\"\">Tots els apartaments<\/option>\n          <option value=\"lugaris_beach\">Lugaris Beach<\/option>\n          <option value=\"lugaris_rambla\">Lugaris Rambla<\/option>\n        <\/select>\n      <\/div>\n      <div class=\"blocks__booking-form__field blocks__booking-form__field--datepicker dashline-right\">\n        <input type=\"text\" name=\"datein\" autocomplete=\"off\" placeholder=\"Desde\" \/>\n      <\/div>\n      <div class=\"blocks__booking-form__field blocks__booking-form__field--datepicker md:dashline-right\">\n        <input type=\"text\" name=\"dateout\" autocomplete=\"off\" placeholder=\"Fins\" \/>\n      <\/div>\n      <div\n        class=\"blocks__booking-form__field blocks__booking-form__field--roompicker roompicker  md:dashline-right\">\n        <input type=\"hidden\" name=\"adultos\" value=\"2\" data-min=\"1\" data-max=\"6\"\n          data-label=\"Adults\" \/>\n        <input type=\"hidden\" name=\"ninos\" value=\"0\" data-min=\"0\" data-max=\"5\"\n          data-label=\"Children\" \/>\n      <\/div>\n            <div class=\"blocks__booking-form__field\">\n        <input type=\"text\" name=\"promotionalcode\" autocomplete=\"off\" placeholder=\"Codi Oferta\"\n                \/>\n      <\/div>\n            <input type=\"submit\" name=\"submit\" value=\"Reserva\" \/>\n    <\/form>\n<\/div>\n<script>\nwindow.LUGARIS_LANG = \"ca\";\ndocument.addEventListener('change', function(e) {\n  if(e.target && e.target.matches('.ubication')) {\n    const lang =\n          (typeof window.LUGARIS_LANG !== \"undefined\" && window.LUGARIS_LANG) ? window.LUGARIS_LANG : \"en\";\n    const bookingUrls = {\n      '': `https:\/\/reservations.lugaris.com\/lugaris\/${lang}\/availability`,\n      'lugaris_beach': `https:\/\/reservations.lugaris.com\/${lang}\/hotel\/lugaris_beach`,\n      'lugaris_rambla': `https:\/\/reservations.lugaris.com\/${lang}\/hotel\/lugaris_rambla`\n    };\n    var form = e.target.closest('form');\n    var url = bookingUrls[e.target.value] || bookingUrls[''];\n    form.setAttribute('action', url);\n  }\n});\n\n\/\/ Optionally, set action on load as well:\ndocument.addEventListener('DOMContentLoaded', function() {\n  var select = document.querySelector('.ubication');\n  if(select){\n    const lang =\n          (typeof window.LUGARIS_LANG !== \"undefined\" && window.LUGARIS_LANG) ? window.LUGARIS_LANG : \"en\";\n    const bookingUrls = {\n      '': `https:\/\/reservations.lugaris.com\/lugaris\/${lang}\/availability`,\n      'lugaris_beach': `https:\/\/reservations.lugaris.com\/${lang}\/hotel\/lugaris_beach`,\n      'lugaris_rambla': `https:\/\/reservations.lugaris.com\/${lang}\/hotel\/lugaris_rambla`\n    };\n    var form = select.closest('form');\n    var url = bookingUrls[select.value] || bookingUrls[''];\n    form.setAttribute('action', url);\n    form.addEventListener('submit', function(e){\n      e.preventDefault(); \/\/ We'll handle the navigation ourselves\n\n      const adults    = form.querySelector('[name=\"adultos\"]').value || '2';\n      const children  = form.querySelector('[name=\"ninos\"]').value || '0';\n      const datein    = form.querySelector('[name=\"datein\"]').value;\n      const dateout   = form.querySelector('[name=\"dateout\"]').value;\n      const promoEl   = form.querySelector('[name=\"promotionalcode\"]');\n      const promo     = promoEl ? promoEl.value : '';\n\n      \/\/ Compose the parameters, adjust names as needed\n      const params = new URLSearchParams();\n      params.set('adults', adults);\n      params.set('children', children);\n      if (datein)  params.set('datein', datein);\n      if (dateout) params.set('dateout', dateout);\n      params.set('prom', promo);\n\n      \/\/ Determine actual booking URL (again)\n      var baseUrl = bookingUrls[select.value] || bookingUrls[''];\n\n      \/\/ Full URL\n      var fullUrl = baseUrl + '?' + params.toString();\n      console.log('Redirecting to: ', fullUrl);\n\n      \/\/ Open in new tab as per form target\n      if(form.target === \"_blank\"){\n        window.open(fullUrl, '_blank');\n      } else {\n        window.location.href = fullUrl;\n      }\n    });\n  }\n});\n<\/script>\n<\/div><\/div>\n","protected":false},"excerpt":{"rendered":"<p>47-57 m\u00b2 \u00fatils de superf\u00edcie amb vista a la mar frontal o lateral segons disponibilitat, sala d&#8217;estar-menjador amb 1 sof\u00e0-llit individua, cuina americana, 1 habitaci\u00f3 amb llit matrimonial i 1 bany amb banyera.<\/p>\n","protected":false},"featured_media":24956,"template":"","apartments_services":[710,703,401,351,347,346,339,338,335,331,327,326,318,315,312,309,306,299,298,295,294,290,285,286,278,275,274,269,259],"yoast_head":"<!-- This site is optimized with the Yoast SEO plugin v23.1 - https:\/\/yoast.com\/wordpress\/plugins\/seo\/ -->\n<title>Apartaments amb vistes al mar a Barcelona per a 2 o 4 | Lugaris Beach<\/title>\n<meta name=\"description\" content=\"Apartaments de luxe amb vistes al mar a Barcelona per a una fam\u00edlia o professionals en viatge de negocis. Trieu el vostre pis preferit!\" \/>\n<meta name=\"robots\" content=\"index, follow, max-snippet:-1, max-image-preview:large, max-video-preview:-1\" \/>\n<link rel=\"canonical\" href=\"https:\/\/www.lugaris.com\/ca\/lugaris-beach-business-sea-view\/\" \/>\n<meta property=\"og:locale\" content=\"ca_ES\" \/>\n<meta property=\"og:type\" content=\"article\" \/>\n<meta property=\"og:title\" content=\"Apartaments amb vistes al mar a Barcelona per a 2 o 4 | Lugaris Beach\" \/>\n<meta property=\"og:description\" content=\"Apartaments de luxe amb vistes al mar a Barcelona per a una fam\u00edlia o professionals en viatge de negocis. Trieu el vostre pis preferit!\" \/>\n<meta property=\"og:url\" content=\"https:\/\/www.lugaris.com\/ca\/lugaris-beach-business-sea-view\/\" \/>\n<meta property=\"og:site_name\" content=\"Lugaris\" \/>\n<meta property=\"article:modified_time\" content=\"2025-09-05T09:20:36+00:00\" \/>\n<meta property=\"og:image\" content=\"https:\/\/www.lugaris.com\/app\/uploads\/2020\/04\/Principal-BSV.webp\" \/>\n\t<meta property=\"og:image:width\" content=\"2500\" \/>\n\t<meta property=\"og:image:height\" content=\"1667\" \/>\n\t<meta property=\"og:image:type\" content=\"image\/webp\" \/>\n<meta name=\"twitter:card\" content=\"summary_large_image\" \/>\n<meta name=\"twitter:label1\" content=\"Est. reading time\" \/>\n\t<meta name=\"twitter:data1\" content=\"1 minute\" \/>\n<script type=\"application\/ld+json\" class=\"yoast-schema-graph\">{\"@context\":\"https:\/\/schema.org\",\"@graph\":[{\"@type\":\"WebPage\",\"@id\":\"https:\/\/www.lugaris.com\/ca\/lugaris-beach-business-sea-view\/\",\"url\":\"https:\/\/www.lugaris.com\/ca\/lugaris-beach-business-sea-view\/\",\"name\":\"Apartaments amb vistes al mar a Barcelona per a 2 o 4 | Lugaris Beach\",\"isPartOf\":{\"@id\":\"https:\/\/www.lugaris.com\/ca\/#website\"},\"primaryImageOfPage\":{\"@id\":\"https:\/\/www.lugaris.com\/ca\/lugaris-beach-business-sea-view\/#primaryimage\"},\"image\":{\"@id\":\"https:\/\/www.lugaris.com\/ca\/lugaris-beach-business-sea-view\/#primaryimage\"},\"thumbnailUrl\":\"https:\/\/www.lugaris.com\/app\/uploads\/2020\/04\/Principal-BSV.webp\",\"datePublished\":\"2020-04-22T14:43:39+00:00\",\"dateModified\":\"2025-09-05T09:20:36+00:00\",\"description\":\"Apartaments de luxe amb vistes al mar a Barcelona per a una fam\u00edlia o professionals en viatge de negocis. Trieu el vostre pis preferit!\",\"breadcrumb\":{\"@id\":\"https:\/\/www.lugaris.com\/ca\/lugaris-beach-business-sea-view\/#breadcrumb\"},\"inLanguage\":\"ca\",\"potentialAction\":[{\"@type\":\"ReadAction\",\"target\":[\"https:\/\/www.lugaris.com\/ca\/lugaris-beach-business-sea-view\/\"]}]},{\"@type\":\"ImageObject\",\"inLanguage\":\"ca\",\"@id\":\"https:\/\/www.lugaris.com\/ca\/lugaris-beach-business-sea-view\/#primaryimage\",\"url\":\"https:\/\/www.lugaris.com\/app\/uploads\/2020\/04\/Principal-BSV.webp\",\"contentUrl\":\"https:\/\/www.lugaris.com\/app\/uploads\/2020\/04\/Principal-BSV.webp\",\"width\":2500,\"height\":1667},{\"@type\":\"BreadcrumbList\",\"@id\":\"https:\/\/www.lugaris.com\/ca\/lugaris-beach-business-sea-view\/#breadcrumb\",\"itemListElement\":[{\"@type\":\"ListItem\",\"position\":1,\"name\":\"Home\",\"item\":\"https:\/\/www.lugaris.com\/ca\/\"},{\"@type\":\"ListItem\",\"position\":2,\"name\":\"Business Sea View\"}]},{\"@type\":\"WebSite\",\"@id\":\"https:\/\/www.lugaris.com\/ca\/#website\",\"url\":\"https:\/\/www.lugaris.com\/ca\/\",\"name\":\"Lugaris\",\"description\":\"Apartamentos de vacaciones en Barcelona\",\"publisher\":{\"@id\":\"https:\/\/www.lugaris.com\/ca\/#organization\"},\"potentialAction\":[{\"@type\":\"SearchAction\",\"target\":{\"@type\":\"EntryPoint\",\"urlTemplate\":\"https:\/\/www.lugaris.com\/ca\/?s={search_term_string}\"},\"query-input\":\"required name=search_term_string\"}],\"inLanguage\":\"ca\"},{\"@type\":\"Organization\",\"@id\":\"https:\/\/www.lugaris.com\/ca\/#organization\",\"name\":\"Lugaris Apartments in Barcelona\",\"url\":\"https:\/\/www.lugaris.com\/ca\/\",\"logo\":{\"@type\":\"ImageObject\",\"inLanguage\":\"ca\",\"@id\":\"https:\/\/www.lugaris.com\/ca\/#\/schema\/logo\/image\/\",\"url\":\"https:\/\/www.lugaris.com\/app\/uploads\/2020\/03\/Logo_lugaris_v2.png\",\"contentUrl\":\"https:\/\/www.lugaris.com\/app\/uploads\/2020\/03\/Logo_lugaris_v2.png\",\"width\":285,\"height\":257,\"caption\":\"Lugaris Apartments in Barcelona\"},\"image\":{\"@id\":\"https:\/\/www.lugaris.com\/ca\/#\/schema\/logo\/image\/\"}}]}<\/script>\n<!-- \/ Yoast SEO plugin. -->","yoast_head_json":{"title":"Apartaments amb vistes al mar a Barcelona per a 2 o 4 | Lugaris Beach","description":"Apartaments de luxe amb vistes al mar a Barcelona per a una fam\u00edlia o professionals en viatge de negocis. Trieu el vostre pis preferit!","robots":{"index":"index","follow":"follow","max-snippet":"max-snippet:-1","max-image-preview":"max-image-preview:large","max-video-preview":"max-video-preview:-1"},"canonical":"https:\/\/www.lugaris.com\/ca\/lugaris-beach-business-sea-view\/","og_locale":"ca_ES","og_type":"article","og_title":"Apartaments amb vistes al mar a Barcelona per a 2 o 4 | Lugaris Beach","og_description":"Apartaments de luxe amb vistes al mar a Barcelona per a una fam\u00edlia o professionals en viatge de negocis. Trieu el vostre pis preferit!","og_url":"https:\/\/www.lugaris.com\/ca\/lugaris-beach-business-sea-view\/","og_site_name":"Lugaris","article_modified_time":"2025-09-05T09:20:36+00:00","og_image":[{"width":2500,"height":1667,"url":"https:\/\/www.lugaris.com\/app\/uploads\/2020\/04\/Principal-BSV.webp","type":"image\/webp"}],"twitter_card":"summary_large_image","twitter_misc":{"Est. reading time":"1 minute"},"schema":{"@context":"https:\/\/schema.org","@graph":[{"@type":"WebPage","@id":"https:\/\/www.lugaris.com\/ca\/lugaris-beach-business-sea-view\/","url":"https:\/\/www.lugaris.com\/ca\/lugaris-beach-business-sea-view\/","name":"Apartaments amb vistes al mar a Barcelona per a 2 o 4 | Lugaris Beach","isPartOf":{"@id":"https:\/\/www.lugaris.com\/ca\/#website"},"primaryImageOfPage":{"@id":"https:\/\/www.lugaris.com\/ca\/lugaris-beach-business-sea-view\/#primaryimage"},"image":{"@id":"https:\/\/www.lugaris.com\/ca\/lugaris-beach-business-sea-view\/#primaryimage"},"thumbnailUrl":"https:\/\/www.lugaris.com\/app\/uploads\/2020\/04\/Principal-BSV.webp","datePublished":"2020-04-22T14:43:39+00:00","dateModified":"2025-09-05T09:20:36+00:00","description":"Apartaments de luxe amb vistes al mar a Barcelona per a una fam\u00edlia o professionals en viatge de negocis. Trieu el vostre pis preferit!","breadcrumb":{"@id":"https:\/\/www.lugaris.com\/ca\/lugaris-beach-business-sea-view\/#breadcrumb"},"inLanguage":"ca","potentialAction":[{"@type":"ReadAction","target":["https:\/\/www.lugaris.com\/ca\/lugaris-beach-business-sea-view\/"]}]},{"@type":"ImageObject","inLanguage":"ca","@id":"https:\/\/www.lugaris.com\/ca\/lugaris-beach-business-sea-view\/#primaryimage","url":"https:\/\/www.lugaris.com\/app\/uploads\/2020\/04\/Principal-BSV.webp","contentUrl":"https:\/\/www.lugaris.com\/app\/uploads\/2020\/04\/Principal-BSV.webp","width":2500,"height":1667},{"@type":"BreadcrumbList","@id":"https:\/\/www.lugaris.com\/ca\/lugaris-beach-business-sea-view\/#breadcrumb","itemListElement":[{"@type":"ListItem","position":1,"name":"Home","item":"https:\/\/www.lugaris.com\/ca\/"},{"@type":"ListItem","position":2,"name":"Business Sea View"}]},{"@type":"WebSite","@id":"https:\/\/www.lugaris.com\/ca\/#website","url":"https:\/\/www.lugaris.com\/ca\/","name":"Lugaris","description":"Apartamentos de vacaciones en Barcelona","publisher":{"@id":"https:\/\/www.lugaris.com\/ca\/#organization"},"potentialAction":[{"@type":"SearchAction","target":{"@type":"EntryPoint","urlTemplate":"https:\/\/www.lugaris.com\/ca\/?s={search_term_string}"},"query-input":"required name=search_term_string"}],"inLanguage":"ca"},{"@type":"Organization","@id":"https:\/\/www.lugaris.com\/ca\/#organization","name":"Lugaris Apartments in Barcelona","url":"https:\/\/www.lugaris.com\/ca\/","logo":{"@type":"ImageObject","inLanguage":"ca","@id":"https:\/\/www.lugaris.com\/ca\/#\/schema\/logo\/image\/","url":"https:\/\/www.lugaris.com\/app\/uploads\/2020\/03\/Logo_lugaris_v2.png","contentUrl":"https:\/\/www.lugaris.com\/app\/uploads\/2020\/03\/Logo_lugaris_v2.png","width":285,"height":257,"caption":"Lugaris Apartments in Barcelona"},"image":{"@id":"https:\/\/www.lugaris.com\/ca\/#\/schema\/logo\/image\/"}}]}},"uagb_featured_image_src":{"full":["https:\/\/www.lugaris.com\/app\/uploads\/2020\/04\/Principal-BSV.webp",2500,1667,false],"thumbnail":["https:\/\/www.lugaris.com\/app\/uploads\/2020\/04\/Principal-BSV-640x427.webp",640,427,true],"medium":["https:\/\/www.lugaris.com\/app\/uploads\/2020\/04\/Principal-BSV-1024x683.webp",1024,683,true],"medium_large":["https:\/\/www.lugaris.com\/app\/uploads\/2020\/04\/Principal-BSV-768x512.webp",768,512,true],"large":["https:\/\/www.lugaris.com\/app\/uploads\/2020\/04\/Principal-BSV-1280x854.webp",1280,854,true],"1536x1536":["https:\/\/www.lugaris.com\/app\/uploads\/2020\/04\/Principal-BSV-1536x1024.webp",1536,1024,true],"2048x2048":["https:\/\/www.lugaris.com\/app\/uploads\/2020\/04\/Principal-BSV-2048x1366.webp",2048,1366,true]},"uagb_author_info":{"display_name":"Roberto Bordi","author_link":"https:\/\/www.lugaris.com\/ca\/author\/"},"uagb_comment_info":0,"uagb_excerpt":"47-57 m\u00b2 \u00fatils de superf\u00edcie amb vista a la mar frontal o lateral segons disponibilitat, sala d'estar-menjador amb 1 sof\u00e0-llit individua, cuina americana, 1 habitaci\u00f3 amb llit matrimonial i 1 bany amb banyera.","_links":{"self":[{"href":"https:\/\/www.lugaris.com\/ca\/wp-json\/wp\/v2\/apartments\/11424"}],"collection":[{"href":"https:\/\/www.lugaris.com\/ca\/wp-json\/wp\/v2\/apartments"}],"about":[{"href":"https:\/\/www.lugaris.com\/ca\/wp-json\/wp\/v2\/types\/apartments"}],"version-history":[{"count":2,"href":"https:\/\/www.lugaris.com\/ca\/wp-json\/wp\/v2\/apartments\/11424\/revisions"}],"predecessor-version":[{"id":29493,"href":"https:\/\/www.lugaris.com\/ca\/wp-json\/wp\/v2\/apartments\/11424\/revisions\/29493"}],"wp:featuredmedia":[{"embeddable":true,"href":"https:\/\/www.lugaris.com\/ca\/wp-json\/wp\/v2\/media\/24956"}],"wp:attachment":[{"href":"https:\/\/www.lugaris.com\/ca\/wp-json\/wp\/v2\/media?parent=11424"}],"wp:term":[{"taxonomy":"apartments_services","embeddable":true,"href":"https:\/\/www.lugaris.com\/ca\/wp-json\/wp\/v2\/apartments_services?post=11424"}],"curies":[{"name":"wp","href":"https:\/\/api.w.org\/{rel}","templated":true}]}}