{"id":11229,"date":"2020-04-21T11:45:30","date_gmt":"2020-04-21T11:45:30","guid":{"rendered":"https:\/\/www.lugaris.com\/proteccion-de-datos\/"},"modified":"2021-02-10T15:42:43","modified_gmt":"2021-02-10T15:42:43","slug":"politica-de-proteccio-de-dades-personals","status":"publish","type":"page","link":"https:\/\/www.lugaris.com\/ca\/politica-de-proteccio-de-dades-personals\/","title":{"rendered":"Pol\u00edtica de protecci\u00f3 de dades personals"},"content":{"rendered":"\n<p class=\"\"><\/p>\n\n\n\n<h2 class=\"wp-block-heading\"><strong><strong>POL\u00cdTICA DE PROTECCI\u00d3 DE DADES PERSONALS<\/strong><\/strong><\/h2>\n\n\n\n<p class=\"\"><strong>Us informem que LUGARIS APARTMENTS, S.L.<\/strong><\/p>\n\n\n\n<p class=\"\">\u00e9s responsable del tractament de la informaci\u00f3 personal de l\u2019Usuari i que aquesta informaci\u00f3 es tractar\u00e0 de conformitat amb la normativa vigent sobre protecci\u00f3 de dades personals, Reglament de la UE 2016\/679 del 27 d\u2019abril de 2016 (GDPR) i la Llei org\u00e0nica 15\/1999 de 13 de desembre (LOPD).<\/p>\n\n\n\n<p class=\"\"><strong>Objectiu de l\u2019\u00fas de les dades:&nbsp;<\/strong>mantenir una relaci\u00f3 comercial i enviar informaci\u00f3 sobre els nostres productes i serveis.<\/p>\n\n\n\n<p class=\"\"><strong>Criteris d\u2019emmagatzematge de les dades:&nbsp;<\/strong>les dades s\u2019emmagatzemaran mentre hi hagi un inter\u00e8s mutu de continuar la relaci\u00f3. Quan ja no calguin, s\u2019eliminaran amb les mesures de seguretat escaients per a garantir l\u2019anonimat o la destrucci\u00f3 total de les dades.<\/p>\n\n\n\n<p class=\"\"><strong>Comunicaci\u00f3 de les dades:&nbsp;<\/strong>aquestes dades no es transmetran a cap altre destinatari.<\/p>\n\n\n\n<p class=\"\"><strong>Drets de l\u2019usuari:<\/strong><\/p>\n\n\n\n<p class=\"\">Dret a revocar-ne el consentiment en qualsevol moment.<\/p>\n\n\n\n<p class=\"\">Dret d\u2019acc\u00e9s, rectificaci\u00f3, supressi\u00f3 (oblit), oposici\u00f3 o limitaci\u00f3 del tractament.<\/p>\n\n\n\n<p class=\"\">Dret a presentar un reclamaci\u00f3 a les autoritats competents (www.agpd.es) si l\u2019usuari considera que l\u2019\u00fas d\u2019aquestes dades no s\u2019ajusta a la normativa vigent.<\/p>\n\n\n\n<p class=\"\"><strong>Dades de contacte per a l\u2019exercici dels drets esmentats:<\/strong><\/p>\n\n\n\n<p class=\"\"><strong>Adre\u00e7a postal: APARTAMENTS LUGARIS ,S.L. C \/ VIDAL I VALENCIANO, 14 08005 Barcelona (BARCELONA)<\/strong><\/p>\n\n\n\n<p class=\"\"><strong>Correu electr\u00f2nic:&nbsp;<\/strong><a href=\"mailto:info@lugaris.com\">info@lugaris.com<\/a><\/p>\n\n\n\n<div class=\"wp-block-columns is-layout-flex wp-container-core-columns-layout-1 wp-block-columns-is-layout-flex\">\n<div class=\"wp-block-column is-layout-flow wp-block-column-is-layout-flow\">\n<a bb=\"link\" href=\"\/ca\/preguntes-frequents\/\" class=\"wp-block-lugaris-round-button aligncenter round-button bg-blue\" rel=\"noopener noreferrer\"><img decoding=\"async\" bb=\"image\" bb-id=\"14297\" class=\"round-button__image\" src=\"https:\/\/www.lugaris.com\/app\/uploads\/2020\/09\/question-mark.png\" alt=\"\" title=\"question-mark\"\/><span bb=\"header\" class=\"round-button__content\">PREGUNTAS FRECUENTES<\/span><\/a>\n\n\n\n<p class=\"\"><\/p>\n<\/div>\n\n\n\n<div class=\"wp-block-column is-layout-flow wp-block-column-is-layout-flow\">\n<a bb=\"link\" href=\"\/ca\/politica-de-proteccio-de-dades-personals\/\" class=\"wp-block-lugaris-round-button aligncenter round-button bg-blue\" rel=\"noopener noreferrer\"><img decoding=\"async\" bb=\"image\" bb-id=\"14311\" class=\"round-button__image\" src=\"https:\/\/www.lugaris.com\/app\/uploads\/2020\/09\/database-protection.png\" alt=\"\" title=\"database-protection\"\/><span bb=\"header\" class=\"round-button__content\">PROTECCI\u00d3 DE DADES<\/span><\/a>\n<\/div>\n\n\n\n<div class=\"wp-block-column is-layout-flow wp-block-column-is-layout-flow\">\n<a bb=\"link\" href=\"\/ca\/politica-de-galetes\/\" class=\"wp-block-lugaris-round-button aligncenter round-button bg-blue\" rel=\"noopener noreferrer\"><img decoding=\"async\" bb=\"image\" bb-id=\"14323\" class=\"round-button__image\" src=\"https:\/\/www.lugaris.com\/app\/uploads\/2020\/09\/cookie.svg\" alt=\"\" title=\"cookie\"\/><span bb=\"header\" class=\"round-button__content\">COOKIES<\/span><\/a>\n<\/div>\n\n\n\n<div class=\"wp-block-column is-layout-flow wp-block-column-is-layout-flow\">\n<a bb=\"link\" href=\"\/ca\/termes-i-condicions\/\" class=\"wp-block-lugaris-round-button aligncenter round-button bg-blue\" rel=\"noopener noreferrer\"><img decoding=\"async\" bb=\"image\" bb-id=\"14331\" class=\"round-button__image\" src=\"https:\/\/www.lugaris.com\/app\/uploads\/2020\/09\/terms-and-conditions-1.svg\" alt=\"\" title=\"terms-and-conditions (1)\"\/><span bb=\"header\" class=\"round-button__content\">T\u00c9RMINOS Y CONDICIONES<\/span><\/a>\n<\/div>\n<\/div>\n\n\n\n<p class=\"\"><\/p>\n","protected":false},"excerpt":{"rendered":"<p>POL\u00cdTICA DE PROTECCI\u00d3 DE DADES PERSONALS Us informem que LUGARIS APARTMENTS, S.L. \u00e9s responsable del tractament de la informaci\u00f3 personal de l\u2019Usuari i que aquesta informaci\u00f3 es tractar\u00e0 de conformitat amb la normativa vigent sobre &hellip;<\/p>\n","protected":false},"author":4,"featured_media":9356,"parent":0,"menu_order":0,"comment_status":"closed","ping_status":"closed","template":"","meta":{"_uag_custom_page_level_css":"","footnotes":""},"yoast_head":"<!-- This site is optimized with the Yoast SEO plugin v23.1 - https:\/\/yoast.com\/wordpress\/plugins\/seo\/ -->\n<title>Pol\u00edtica de protecci\u00f3 de dades personals | Lugaris<\/title>\n<meta name=\"robots\" content=\"index, follow, max-snippet:-1, max-image-preview:large, max-video-preview:-1\" \/>\n<link rel=\"canonical\" href=\"https:\/\/www.lugaris.com\/ca\/politica-de-proteccio-de-dades-personals\/\" \/>\n<meta property=\"og:locale\" content=\"ca_ES\" \/>\n<meta property=\"og:type\" content=\"article\" \/>\n<meta property=\"og:title\" content=\"Pol\u00edtica de protecci\u00f3 de dades personals | Lugaris\" \/>\n<meta property=\"og:description\" content=\"POL\u00cdTICA DE PROTECCI\u00d3 DE DADES PERSONALS Us informem que LUGARIS APARTMENTS, S.L. \u00e9s responsable del tractament de la informaci\u00f3 personal de l\u2019Usuari i que aquesta informaci\u00f3 es tractar\u00e0 de conformitat amb la normativa vigent sobre &hellip;\" \/>\n<meta property=\"og:url\" content=\"https:\/\/www.lugaris.com\/ca\/politica-de-proteccio-de-dades-personals\/\" \/>\n<meta property=\"og:site_name\" content=\"Lugaris\" \/>\n<meta property=\"article:modified_time\" content=\"2021-02-10T15:42:43+00:00\" \/>\n<meta property=\"og:image\" content=\"https:\/\/www.lugaris.com\/app\/uploads\/2020\/06\/spyware-2319403_1280.jpg\" \/>\n\t<meta property=\"og:image:width\" content=\"1280\" \/>\n\t<meta property=\"og:image:height\" content=\"853\" \/>\n\t<meta property=\"og:image:type\" content=\"image\/jpeg\" \/>\n<meta name=\"twitter:card\" content=\"summary_large_image\" \/>\n<meta name=\"twitter:label1\" content=\"Est. reading time\" \/>\n\t<meta name=\"twitter:data1\" content=\"1 minute\" \/>\n<script type=\"application\/ld+json\" class=\"yoast-schema-graph\">{\"@context\":\"https:\/\/schema.org\",\"@graph\":[{\"@type\":\"WebPage\",\"@id\":\"https:\/\/www.lugaris.com\/ca\/politica-de-proteccio-de-dades-personals\/\",\"url\":\"https:\/\/www.lugaris.com\/ca\/politica-de-proteccio-de-dades-personals\/\",\"name\":\"Pol\u00edtica de protecci\u00f3 de dades personals | Lugaris\",\"isPartOf\":{\"@id\":\"https:\/\/www.lugaris.com\/ca\/#website\"},\"primaryImageOfPage\":{\"@id\":\"https:\/\/www.lugaris.com\/ca\/politica-de-proteccio-de-dades-personals\/#primaryimage\"},\"image\":{\"@id\":\"https:\/\/www.lugaris.com\/ca\/politica-de-proteccio-de-dades-personals\/#primaryimage\"},\"thumbnailUrl\":\"https:\/\/www.lugaris.com\/app\/uploads\/2020\/06\/spyware-2319403_1280.jpg\",\"datePublished\":\"2020-04-21T11:45:30+00:00\",\"dateModified\":\"2021-02-10T15:42:43+00:00\",\"breadcrumb\":{\"@id\":\"https:\/\/www.lugaris.com\/ca\/politica-de-proteccio-de-dades-personals\/#breadcrumb\"},\"inLanguage\":\"ca\",\"potentialAction\":[{\"@type\":\"ReadAction\",\"target\":[\"https:\/\/www.lugaris.com\/ca\/politica-de-proteccio-de-dades-personals\/\"]}]},{\"@type\":\"ImageObject\",\"inLanguage\":\"ca\",\"@id\":\"https:\/\/www.lugaris.com\/ca\/politica-de-proteccio-de-dades-personals\/#primaryimage\",\"url\":\"https:\/\/www.lugaris.com\/app\/uploads\/2020\/06\/spyware-2319403_1280.jpg\",\"contentUrl\":\"https:\/\/www.lugaris.com\/app\/uploads\/2020\/06\/spyware-2319403_1280.jpg\",\"width\":1280,\"height\":853},{\"@type\":\"BreadcrumbList\",\"@id\":\"https:\/\/www.lugaris.com\/ca\/politica-de-proteccio-de-dades-personals\/#breadcrumb\",\"itemListElement\":[{\"@type\":\"ListItem\",\"position\":1,\"name\":\"Home\",\"item\":\"https:\/\/www.lugaris.com\/ca\/\"},{\"@type\":\"ListItem\",\"position\":2,\"name\":\"Pol\u00edtica de protecci\u00f3 de dades personals\"}]},{\"@type\":\"WebSite\",\"@id\":\"https:\/\/www.lugaris.com\/ca\/#website\",\"url\":\"https:\/\/www.lugaris.com\/ca\/\",\"name\":\"Lugaris\",\"description\":\"Apartamentos de vacaciones en Barcelona\",\"publisher\":{\"@id\":\"https:\/\/www.lugaris.com\/ca\/#organization\"},\"potentialAction\":[{\"@type\":\"SearchAction\",\"target\":{\"@type\":\"EntryPoint\",\"urlTemplate\":\"https:\/\/www.lugaris.com\/ca\/?s={search_term_string}\"},\"query-input\":\"required name=search_term_string\"}],\"inLanguage\":\"ca\"},{\"@type\":\"Organization\",\"@id\":\"https:\/\/www.lugaris.com\/ca\/#organization\",\"name\":\"Lugaris Apartments in Barcelona\",\"url\":\"https:\/\/www.lugaris.com\/ca\/\",\"logo\":{\"@type\":\"ImageObject\",\"inLanguage\":\"ca\",\"@id\":\"https:\/\/www.lugaris.com\/ca\/#\/schema\/logo\/image\/\",\"url\":\"https:\/\/www.lugaris.com\/app\/uploads\/2020\/03\/Logo_lugaris_v2.png\",\"contentUrl\":\"https:\/\/www.lugaris.com\/app\/uploads\/2020\/03\/Logo_lugaris_v2.png\",\"width\":285,\"height\":257,\"caption\":\"Lugaris Apartments in Barcelona\"},\"image\":{\"@id\":\"https:\/\/www.lugaris.com\/ca\/#\/schema\/logo\/image\/\"}}]}<\/script>\n<!-- \/ Yoast SEO plugin. -->","yoast_head_json":{"title":"Pol\u00edtica de protecci\u00f3 de dades personals | Lugaris","robots":{"index":"index","follow":"follow","max-snippet":"max-snippet:-1","max-image-preview":"max-image-preview:large","max-video-preview":"max-video-preview:-1"},"canonical":"https:\/\/www.lugaris.com\/ca\/politica-de-proteccio-de-dades-personals\/","og_locale":"ca_ES","og_type":"article","og_title":"Pol\u00edtica de protecci\u00f3 de dades personals | Lugaris","og_description":"POL\u00cdTICA DE PROTECCI\u00d3 DE DADES PERSONALS Us informem que LUGARIS APARTMENTS, S.L. \u00e9s responsable del tractament de la informaci\u00f3 personal de l\u2019Usuari i que aquesta informaci\u00f3 es tractar\u00e0 de conformitat amb la normativa vigent sobre &hellip;","og_url":"https:\/\/www.lugaris.com\/ca\/politica-de-proteccio-de-dades-personals\/","og_site_name":"Lugaris","article_modified_time":"2021-02-10T15:42:43+00:00","og_image":[{"width":1280,"height":853,"url":"https:\/\/www.lugaris.com\/app\/uploads\/2020\/06\/spyware-2319403_1280.jpg","type":"image\/jpeg"}],"twitter_card":"summary_large_image","twitter_misc":{"Est. reading time":"1 minute"},"schema":{"@context":"https:\/\/schema.org","@graph":[{"@type":"WebPage","@id":"https:\/\/www.lugaris.com\/ca\/politica-de-proteccio-de-dades-personals\/","url":"https:\/\/www.lugaris.com\/ca\/politica-de-proteccio-de-dades-personals\/","name":"Pol\u00edtica de protecci\u00f3 de dades personals | Lugaris","isPartOf":{"@id":"https:\/\/www.lugaris.com\/ca\/#website"},"primaryImageOfPage":{"@id":"https:\/\/www.lugaris.com\/ca\/politica-de-proteccio-de-dades-personals\/#primaryimage"},"image":{"@id":"https:\/\/www.lugaris.com\/ca\/politica-de-proteccio-de-dades-personals\/#primaryimage"},"thumbnailUrl":"https:\/\/www.lugaris.com\/app\/uploads\/2020\/06\/spyware-2319403_1280.jpg","datePublished":"2020-04-21T11:45:30+00:00","dateModified":"2021-02-10T15:42:43+00:00","breadcrumb":{"@id":"https:\/\/www.lugaris.com\/ca\/politica-de-proteccio-de-dades-personals\/#breadcrumb"},"inLanguage":"ca","potentialAction":[{"@type":"ReadAction","target":["https:\/\/www.lugaris.com\/ca\/politica-de-proteccio-de-dades-personals\/"]}]},{"@type":"ImageObject","inLanguage":"ca","@id":"https:\/\/www.lugaris.com\/ca\/politica-de-proteccio-de-dades-personals\/#primaryimage","url":"https:\/\/www.lugaris.com\/app\/uploads\/2020\/06\/spyware-2319403_1280.jpg","contentUrl":"https:\/\/www.lugaris.com\/app\/uploads\/2020\/06\/spyware-2319403_1280.jpg","width":1280,"height":853},{"@type":"BreadcrumbList","@id":"https:\/\/www.lugaris.com\/ca\/politica-de-proteccio-de-dades-personals\/#breadcrumb","itemListElement":[{"@type":"ListItem","position":1,"name":"Home","item":"https:\/\/www.lugaris.com\/ca\/"},{"@type":"ListItem","position":2,"name":"Pol\u00edtica de protecci\u00f3 de dades personals"}]},{"@type":"WebSite","@id":"https:\/\/www.lugaris.com\/ca\/#website","url":"https:\/\/www.lugaris.com\/ca\/","name":"Lugaris","description":"Apartamentos de vacaciones en Barcelona","publisher":{"@id":"https:\/\/www.lugaris.com\/ca\/#organization"},"potentialAction":[{"@type":"SearchAction","target":{"@type":"EntryPoint","urlTemplate":"https:\/\/www.lugaris.com\/ca\/?s={search_term_string}"},"query-input":"required name=search_term_string"}],"inLanguage":"ca"},{"@type":"Organization","@id":"https:\/\/www.lugaris.com\/ca\/#organization","name":"Lugaris Apartments in Barcelona","url":"https:\/\/www.lugaris.com\/ca\/","logo":{"@type":"ImageObject","inLanguage":"ca","@id":"https:\/\/www.lugaris.com\/ca\/#\/schema\/logo\/image\/","url":"https:\/\/www.lugaris.com\/app\/uploads\/2020\/03\/Logo_lugaris_v2.png","contentUrl":"https:\/\/www.lugaris.com\/app\/uploads\/2020\/03\/Logo_lugaris_v2.png","width":285,"height":257,"caption":"Lugaris Apartments in Barcelona"},"image":{"@id":"https:\/\/www.lugaris.com\/ca\/#\/schema\/logo\/image\/"}}]}},"uagb_featured_image_src":{"full":["https:\/\/www.lugaris.com\/app\/uploads\/2020\/06\/spyware-2319403_1280.jpg",1280,853,false],"thumbnail":["https:\/\/www.lugaris.com\/app\/uploads\/2020\/06\/spyware-2319403_1280-150x150.jpg",150,150,true],"medium":["https:\/\/www.lugaris.com\/app\/uploads\/2020\/06\/spyware-2319403_1280-300x200.jpg",300,200,true],"medium_large":["https:\/\/www.lugaris.com\/app\/uploads\/2020\/06\/spyware-2319403_1280-768x512.jpg",768,512,true],"large":["https:\/\/www.lugaris.com\/app\/uploads\/2020\/06\/spyware-2319403_1280-1024x682.jpg",1024,682,true],"1536x1536":["https:\/\/www.lugaris.com\/app\/uploads\/2020\/06\/spyware-2319403_1280.jpg",1280,853,false],"2048x2048":["https:\/\/www.lugaris.com\/app\/uploads\/2020\/06\/spyware-2319403_1280.jpg",1280,853,false]},"uagb_author_info":{"display_name":"Roberto Bordi","author_link":"https:\/\/www.lugaris.com\/ca\/author\/rbb2-performance-es\/"},"uagb_comment_info":0,"uagb_excerpt":"POL\u00cdTICA DE PROTECCI\u00d3 DE DADES PERSONALS Us informem que LUGARIS APARTMENTS, S.L. \u00e9s responsable del tractament de la informaci\u00f3 personal de l\u2019Usuari i que aquesta informaci\u00f3 es tractar\u00e0 de conformitat amb la normativa vigent sobre &hellip;","_links":{"self":[{"href":"https:\/\/www.lugaris.com\/ca\/wp-json\/wp\/v2\/pages\/11229"}],"collection":[{"href":"https:\/\/www.lugaris.com\/ca\/wp-json\/wp\/v2\/pages"}],"about":[{"href":"https:\/\/www.lugaris.com\/ca\/wp-json\/wp\/v2\/types\/page"}],"author":[{"embeddable":true,"href":"https:\/\/www.lugaris.com\/ca\/wp-json\/wp\/v2\/users\/4"}],"replies":[{"embeddable":true,"href":"https:\/\/www.lugaris.com\/ca\/wp-json\/wp\/v2\/comments?post=11229"}],"version-history":[{"count":4,"href":"https:\/\/www.lugaris.com\/ca\/wp-json\/wp\/v2\/pages\/11229\/revisions"}],"predecessor-version":[{"id":15677,"href":"https:\/\/www.lugaris.com\/ca\/wp-json\/wp\/v2\/pages\/11229\/revisions\/15677"}],"wp:featuredmedia":[{"embeddable":true,"href":"https:\/\/www.lugaris.com\/ca\/wp-json\/wp\/v2\/media\/9356"}],"wp:attachment":[{"href":"https:\/\/www.lugaris.com\/ca\/wp-json\/wp\/v2\/media?parent=11229"}],"curies":[{"name":"wp","href":"https:\/\/api.w.org\/{rel}","templated":true}]}}