{"id":11486,"date":"2020-04-16T14:16:03","date_gmt":"2020-04-16T14:16:03","guid":{"rendered":"https:\/\/www.lugaris.com\/vienes-barcelona-vacaciones\/"},"modified":"2020-08-31T09:54:34","modified_gmt":"2020-08-31T09:54:34","slug":"vens-barcelona-vacances","status":"publish","type":"page","link":"https:\/\/www.lugaris.com\/ca\/vens-barcelona-vacances\/","title":{"rendered":"Vens a Barcelona de vacances?"},"content":{"rendered":"\n<div class=\"wp-block-media-text alignwide\"><figure class=\"wp-block-media-text__media\"><img fetchpriority=\"high\" decoding=\"async\" width=\"781\" height=\"520\" src=\"https:\/\/www.lugaris.com\/app\/uploads\/2020\/06\/alana-harris-BV5S6U9FT3o-unsplash-2-1.jpg\" alt=\"\" class=\"wp-image-10001\" srcset=\"https:\/\/www.lugaris.com\/app\/uploads\/2020\/06\/alana-harris-BV5S6U9FT3o-unsplash-2-1.jpg 781w, https:\/\/www.lugaris.com\/app\/uploads\/2020\/06\/alana-harris-BV5S6U9FT3o-unsplash-2-1-300x200.jpg 300w, https:\/\/www.lugaris.com\/app\/uploads\/2020\/06\/alana-harris-BV5S6U9FT3o-unsplash-2-1-768x511.jpg 768w\" sizes=\"(max-width: 781px) 100vw, 781px\" \/><\/figure><div class=\"wp-block-media-text__content\">\n<p class=\"has-medium-font-size\">En els darrers anys, Barcelona s\u2019ha consolidat com una de les ciutats m\u00e9s visitades d\u2019Europa. Darrere d\u2019aquest \u00e8xit, del que s\u00f3n responsables els prop de 8,5 milions de viatgers que hi pernocten anualment, s\u2019hi amaguen un clima agradable durant tot l\u2019any, un empla\u00e7ament envejable al costat del Mediterrani, modernes platges urbanes, un extens patrimoni arquitect\u00f2nic i, per descomptat, una oferta cultural i de lleure tan generosa com variada, amb propostes per a totes les edats.<\/p>\n\n\n\n<p class=\"has-medium-font-size\"><br>Si vosaltres tamb\u00e9 us esteu plantejant con\u00e8ixer la Ciutat Comtal, aqu\u00ed trobareu algunes activitats a Barcelona i llocs de visita obligada dels que no podeu deixar de gaudir.<br>De deb\u00f2 us ho perdreu?<\/p>\n<\/div><\/div>\n\n\n\n<hr class=\"wp-block-separator\"\/>\n\n\n\n<h2 class=\"has-text-align-center wp-block-heading\"><strong>LLOCS D\u2019INTER\u00c8S A BARCELONA<\/strong><\/h2>\n\n\n\n<div class=\"wp-block-image\"><figure class=\"aligncenter size-full\"><img decoding=\"async\" width=\"1280\" height=\"520\" src=\"https:\/\/www.lugaris.com\/app\/uploads\/2020\/06\/battlo.jpg\" alt=\"\" class=\"wp-image-9978\" srcset=\"https:\/\/www.lugaris.com\/app\/uploads\/2020\/06\/battlo.jpg 1280w, https:\/\/www.lugaris.com\/app\/uploads\/2020\/06\/battlo-300x122.jpg 300w, https:\/\/www.lugaris.com\/app\/uploads\/2020\/06\/battlo-1024x416.jpg 1024w, https:\/\/www.lugaris.com\/app\/uploads\/2020\/06\/battlo-768x312.jpg 768w\" sizes=\"(max-width: 1280px) 100vw, 1280px\" \/><\/figure><\/div>\n\n\n\n<div class=\"wp-block-columns is-layout-flex wp-container-core-columns-layout-1 wp-block-columns-is-layout-flex\">\n<div class=\"wp-block-column is-layout-flow wp-block-column-is-layout-flow\">\n<p class=\"\">Poques ciutats poden presumir de conservar vestigis de tots els per\u00edodes de la seva hist\u00f2ria. En aquest cas, la de Barcelona arrenca cap a l\u2019any 14 aC., data en qu\u00e8 els romans van fundar una petita col\u00f2nia, Barcino. Els seus vestigis encara poden contemplar-se, entre d\u2019altres racons, al carrer del Parad\u00eds, on s\u2019eleven les columnes del&nbsp;<strong>temple d\u2019August<\/strong>, i a les entranyes de l\u2019emblem\u00e0tica&nbsp;<strong>pla\u00e7a del Rei<\/strong>, una de les m\u00e9s boniques de la ciutat pel seu aire medieval.<\/p>\n\n\n\n<p class=\"\">L\u2019Edat Mitjana tamb\u00e9 ha estat generosa amb Barcelona, ja que d\u2019aquesta \u00e8poca daten el&nbsp;<strong>barri jueu o Call<\/strong>, l\u2019esgl\u00e9sia del&nbsp;<strong>monestir de Sant Pau del Camp<\/strong>&nbsp;\u2014al barri del Raval, i la millor mostra d\u2019arquitectura rom\u00e0nica de la capital catalana\u2014 i tres imponents edificis que deixen el visitant sense paraules: la&nbsp;<strong>catedral<\/strong>,&nbsp;<strong>l\u2019esgl\u00e9sia del Pi<\/strong>, al barri G\u00f2tic, i, sobretot, la bas\u00edlica de Santa Maria del Mar. Del segle XIV, aquest majestu\u00f3s temple \u00e9s un dels principals exponents del g\u00f2tic catal\u00e0. I no nom\u00e9s aix\u00f2: tamb\u00e9 va inspirar Ildefonso Falcones per a escriure el seu best seller L\u2019esgl\u00e9sia del mar.<\/p>\n\n\n\n<p class=\"\">A una \u00e8poca m\u00e9s recent corresponen les&nbsp;<strong>ru\u00efnes del mercat del Born<\/strong>, un dels escass\u00edssims exemples de ciutats de principis del segle XVIII que es conserven a Europa, i, especialment, la joia de la corona de la ciutat: el&nbsp;<strong>modernisme<\/strong>.<\/p>\n<\/div>\n\n\n\n<div class=\"wp-block-column is-layout-flow wp-block-column-is-layout-flow\">\n<p class=\"\">I \u00e9s que, entre finals del segle XIX i comen\u00e7aments del XX, arquitectes de la talla de Josep Puig i Cadafalch, Llu\u00eds Dom\u00e8nech i Montaner i, per damunt de tot, l\u2019irrepetible Antoni Gaud\u00ed van cisellar edificis de formes impossibles que van fer de la ciutat un museu a l\u2019aire lliure \u00fanic al m\u00f3n. Aquest darrer signa construccions com ara la&nbsp;<strong>Sagrada Fam\u00edlia<\/strong>, la&nbsp;<strong>Casa Mil\u00e0<\/strong>&nbsp;\u2014tamb\u00e9 coneguda com la Pedrera\u2014, la&nbsp;<strong>Casa Batll\u00f3<\/strong>, el&nbsp;<strong>Park G\u00fcell<\/strong>, el&nbsp;<strong>Palau G\u00fcell<\/strong>&nbsp;i la&nbsp;<strong>Casa Vicens<\/strong>, obres mestres que han estat declarades Patrimoni de la Humanitat per la UNESCO.<\/p>\n\n\n\n<p class=\"\">Aix\u00ed mateix, tampoc s\u2019ha de deixar de descobrir la muntanya de&nbsp;<strong>Montju\u00efc<\/strong>, urbanitzada amb motiu de l\u2019Exposici\u00f3 Internacional de 1929. S\u2019hi poden trobar reclams tan suggeridors com el&nbsp;<strong>Poble Espanyol<\/strong>, que recrea edificis representatius i mostres d\u2019arquitectura popular de tota la geografia espanyola, o la&nbsp;<strong>Font M\u00e0gica<\/strong>, que impressiona pel seu inenarrable espectacle d\u2019imatge i so. Tot plegat sense obviar els seus interessants museus i el&nbsp;<strong>castell de Montju\u00efc<\/strong>, des d\u2019on es pot gaudir d\u2019una de les vistes sobre Barcelona m\u00e9s extraordin\u00e0ries.<\/p>\n\n\n\n<p class=\"\">I per a arrodonir qualsevol visita, \u00e9s obligat passejar per les sempre bullicioses&nbsp;<strong>Rambles<\/strong>, una de les art\u00e8ries m\u00e9s carism\u00e0tiques i pintoresques de la ciutat.<\/p>\n<\/div>\n<\/div>\n\n\n\n<h2 class=\"has-text-align-center wp-block-heading\"><strong>BARS I RESTAURANTS A BARCELONA<\/strong><\/h2>\n\n\n\n<div class=\"wp-block-image\"><figure class=\"aligncenter size-full\"><img decoding=\"async\" width=\"1280\" height=\"520\" src=\"https:\/\/www.lugaris.com\/app\/uploads\/2020\/06\/bar-2821594_1920-1.jpg\" alt=\"\" class=\"wp-image-9954\" srcset=\"https:\/\/www.lugaris.com\/app\/uploads\/2020\/06\/bar-2821594_1920-1.jpg 1280w, https:\/\/www.lugaris.com\/app\/uploads\/2020\/06\/bar-2821594_1920-1-300x122.jpg 300w, https:\/\/www.lugaris.com\/app\/uploads\/2020\/06\/bar-2821594_1920-1-1024x416.jpg 1024w, https:\/\/www.lugaris.com\/app\/uploads\/2020\/06\/bar-2821594_1920-1-768x312.jpg 768w\" sizes=\"(max-width: 1280px) 100vw, 1280px\" \/><\/figure><\/div>\n\n\n\n<div class=\"wp-block-columns is-layout-flex wp-container-core-columns-layout-2 wp-block-columns-is-layout-flex\">\n<div class=\"wp-block-column is-layout-flow wp-block-column-is-layout-flow\">\n<p class=\"\">Tothom sap que la cuina catalana, basada en la dieta mediterr\u00e0nia, est\u00e0 considerada com una de les m\u00e9s prestigioses del m\u00f3n. Per aix\u00f2, no hauria d\u2019estranyar que aquesta ciutat aplegui alguns dels xefs espanyols m\u00e9s famosos. Un d\u2019ells \u00e9s Mart\u00edn Berasategui, responsable del&nbsp;<strong>primer restaurant de Barcelona distingit amb tres estrelles Michelin<\/strong>: el Lasarte.<\/p>\n\n\n\n<p class=\"\">No obstant aix\u00f2, tamb\u00e9 s\u2019hi donen cita altres cuiners premiats per la prestigiosa guia de viatges, com ara Carme Ruscalleda, qui \u00e9s al capdavant de&nbsp;<strong>Moments<\/strong>, a l\u2019hotel Mandarin Oriental; Sergi Arola, qui dirigeix la cuina de l\u2019<strong>Hotel Arts<\/strong>, o Jordi Cruz, motor d\u2019\u00c0bac. A m\u00e9s, la ciutat ja compta les hores per a l\u2019arribada de Ferran Adri\u00e0 i el seu nou projecte culinari.<\/p>\n\n\n\n<p class=\"\">En qualsevol cas, aix\u00f2 \u00e9s nom\u00e9s una petit\u00edssima mostra de tot el que dona de si l\u2019\u00e0mplia oferta gastron\u00f2mica de la capital catalana. De fet,&nbsp;<strong>Barcelona comptabilitzava uns 7.400 bars i restaurants el 2016<\/strong>, la majoria dels quals es concentra al districte de l\u2019Eixample.<\/p>\n\n\n\n<p class=\"\">Ara b\u00e9: lluny dels seus estructurats carrers i avingudes, tamb\u00e9 hi ha grates sorpreses. Com a exemple, cal referir-se a&nbsp;<strong>Can Culleretes, el segon restaurant m\u00e9s antic de l\u2019Estat espanyol<\/strong>, segons el llibre Guiness dels R\u00e8cords (data de 1786);<\/p>\n\n\n\n<p class=\"\"><\/p>\n<\/div>\n\n\n\n<div class=\"wp-block-column is-layout-flow wp-block-column-is-layout-flow\">\n<p class=\"\">a les tradicionals xocolateries del carrer de Petritxol, en ple cor del barri G\u00f2tic \u2014i un dels punts de trobada preferits pels barcelonins en les llargues tardes d\u2019hivern\u2014, o a la&nbsp;<strong>nodrida oferta de restaurants, bars i pubs que esquitxen el passeig del Born<\/strong>, al costat de Santa Maria del Mar.<\/p>\n\n\n\n<p class=\"\">D\u2019altra banda, i malgrat que la cultura de les tapes continua sent gaireb\u00e9 una raresa entre els bars i restaurants de Barcelona, alguns establiments de la ciutat s\u2019han guanyat una ben merescuda fama per la seva per\u00edcia en aquest \u00e0mbit. Aquest \u00e9s el cas d\u2019<strong>El Tom\u00e0s de Sarri\u00e0<\/strong>, un bar situat a la zona alta on, segons diuen, se serveixen&nbsp;<strong>les millors patates braves de Barcelona<\/strong>.<\/p>\n\n\n\n<p class=\"\">Pel que fa als amants del peix i el marisc, res m\u00e9s adient que deixar-se temptar per algunes de les excel\u00b7lents marisqueries del&nbsp;<strong>passeig de Joan de Borb\u00f3<\/strong>, al barri mariner de la Barceloneta. Sens dubte, aquest \u00e9s el millor lloc per degustar una paella amb aut\u00e8ntic sabor mediterrani.<\/p>\n\n\n\n<p class=\"\">Per cert: pensant en aquells que cerquen alguna cosa realment diferent, conv\u00e9 recordar que&nbsp;<strong>la ciutat compta fins i tot amb un bar de gel: l\u2019Ice Barcelona<\/strong>, on \u00e9s possible prendre una copa a -5\u00b0C (amb roba t\u00e8rmica, aix\u00f2 s\u00ed).<\/p>\n<\/div>\n<\/div>\n\n\n\n<h2 class=\"has-text-align-center wp-block-heading\"><strong>ART I MUSEUS A BARCELONA<\/strong><\/h2>\n\n\n\n<div class=\"wp-block-image\"><figure class=\"aligncenter size-full\"><img loading=\"lazy\" decoding=\"async\" width=\"1280\" height=\"520\" src=\"https:\/\/www.lugaris.com\/app\/uploads\/2020\/06\/barcelona-1181858_1920-1.jpg\" alt=\"\" class=\"wp-image-9988\" srcset=\"https:\/\/www.lugaris.com\/app\/uploads\/2020\/06\/barcelona-1181858_1920-1.jpg 1280w, https:\/\/www.lugaris.com\/app\/uploads\/2020\/06\/barcelona-1181858_1920-1-300x122.jpg 300w, https:\/\/www.lugaris.com\/app\/uploads\/2020\/06\/barcelona-1181858_1920-1-1024x416.jpg 1024w, https:\/\/www.lugaris.com\/app\/uploads\/2020\/06\/barcelona-1181858_1920-1-768x312.jpg 768w\" sizes=\"(max-width: 1280px) 100vw, 1280px\" \/><\/figure><\/div>\n\n\n\n<div class=\"wp-block-columns is-layout-flex wp-container-core-columns-layout-3 wp-block-columns-is-layout-flex\">\n<div class=\"wp-block-column is-layout-flow wp-block-column-is-layout-flow\">\n<p class=\"\">Al marge dels seus espectaculars edificis de diverses \u00e8poques, Barcelona concentra una oferta cultural i muse\u00edstica de primer ordre. De fet, aqu\u00ed obren les seves portes cinc museus que cada any superen amb escreix el mili\u00f3 de visitants:&nbsp;<strong>El Born Centre de Cultura i Mem\u00f2ria<\/strong>, el&nbsp;<strong>Museu del FC Barcelona<\/strong>&nbsp;\u2014indispensable per als fans de Messi i del Bar\u00e7a\u2014, el&nbsp;<strong>Museu d\u2019Hist\u00f2ria de la Ciutat<\/strong>&nbsp;\u2014sumant-ne les diverses seus\u2014, la&nbsp;<strong>Fundaci\u00f3 Joan Mir\u00f3<\/strong>&nbsp;i, sobretot, la bas\u00edlica i el museu de la&nbsp;<strong>Sagrada Fam\u00edlia<\/strong>, que encap\u00e7ala el r\u00e0nquing amb m\u00e9s de 3 milions de visites anuals.<\/p>\n\n\n\n<p class=\"\">En qualsevol cas, el cat\u00e0leg de museus de Barcelona no acaba pas aqu\u00ed. I \u00e9s que a aquesta llista caldria sumar altres llocs que registren una gran aflu\u00e8ncia durant tot l\u2019any, com ara el&nbsp;<strong>Museu Picasso<\/strong>. Situat a la senyorial carrer de Montcada, aquesta instituci\u00f3 aplega treballs pict\u00f2rics de joventut del prol\u00edfic artista malagueny que li dona nom, aix\u00ed com la coneguda s\u00e8rie de teles de Las Meninas, entre moltes altres obres de valor incalculable.<\/p>\n\n\n\n<p class=\"\">Aix\u00ed mateix, tamb\u00e9 caldria fer esment del&nbsp;<strong>Museu d\u2019Art Nacional de Catalunya (MNAC)<\/strong>, dipositari de la col\u00b7lecci\u00f3 m\u00e9s important de pintura rom\u00e0nica del m\u00f3n.<\/p>\n\n\n\n<p class=\"\"><\/p>\n<\/div>\n\n\n\n<div class=\"wp-block-column is-layout-flow wp-block-column-is-layout-flow\">\n<p class=\"\">En forma part el superb Crist en majestat de l\u2019esgl\u00e9sia de Sant Climent de Ta\u00fcll, del segle XII, aix\u00ed com els frescos de l\u2019esgl\u00e9sia de Sant Joan de Bo\u00ed, del segle XI.<\/p>\n\n\n\n<p class=\"\">Tampoc no desmereix el&nbsp;<strong>Museu d\u2019Hist\u00f2ria de Catalunya<\/strong>, situat a un bonic palau al costat del mar, des de la terrassa del qual \u00e9s possible gaudir d\u2019espl\u00e8ndides vistes sobre el port de Barcelona.<\/p>\n\n\n\n<p class=\"\">Altres museus que val la pena descobrir s\u00f3n el&nbsp;<strong>Museu d\u2019Arqueologia de Catalunya<\/strong>, el&nbsp;<strong>Museu Etnol\u00f2gic<\/strong>&nbsp;i el&nbsp;<strong>CaixaF\u00f2rum<\/strong>, tots ells ubicats a la muntanya de Montju\u00efc; el&nbsp;<strong>Museu del Modernisme<\/strong>, el&nbsp;<strong>Museu Europeu d\u2019Art Modern<\/strong>, el&nbsp;<strong>Museu de les Cultures del M\u00f3n<\/strong>, el&nbsp;<strong>Museu Mar\u00edtim de Barcelona<\/strong>, el Museu de la M\u00fasica, el&nbsp;<strong>Museu de Cera<\/strong>, el&nbsp;<strong>Museu Ol\u00edmpic i de l\u2019Esport Joan Antoni Samaranch<\/strong>, la Fundaci\u00f3 Antoni T\u00e0pies, el Centre de Cultura Contempor\u00e0nia de Barcelona (CCCB), el Centre d\u2019Art Santa M\u00f2nica, l\u2019avantguardista Museu del Disseny, situat a la pla\u00e7a de les Gl\u00f2ries i posse\u00efdor d\u2019interessant\u00edssimes mostres de cer\u00e0mica i indument\u00e0ria antigues i de disseny industrial, o el centre d\u2019art contemporani Can Framis, ubicat al barri del Poblenou, on es localitzen els&nbsp;<strong>apartaments de luxe de Lugaris Beach i Lugaris Rambla<\/strong>.<\/p>\n\n\n\n<p class=\"\"><\/p>\n<\/div>\n<\/div>\n\n\n\n<h2 class=\"has-text-align-center wp-block-heading\"><strong>ACTIVITATS AMB NENS A BARCELONA<\/strong><\/h2>\n\n\n\n<div class=\"wp-block-image\"><figure class=\"aligncenter size-full\"><img loading=\"lazy\" decoding=\"async\" width=\"1280\" height=\"520\" src=\"https:\/\/www.lugaris.com\/app\/uploads\/2020\/06\/welovebarcelona-de-9sBrzoDGyrg-unsplash.jpg\" alt=\"\" class=\"wp-image-10015\" srcset=\"https:\/\/www.lugaris.com\/app\/uploads\/2020\/06\/welovebarcelona-de-9sBrzoDGyrg-unsplash.jpg 1280w, https:\/\/www.lugaris.com\/app\/uploads\/2020\/06\/welovebarcelona-de-9sBrzoDGyrg-unsplash-300x122.jpg 300w, https:\/\/www.lugaris.com\/app\/uploads\/2020\/06\/welovebarcelona-de-9sBrzoDGyrg-unsplash-1024x416.jpg 1024w, https:\/\/www.lugaris.com\/app\/uploads\/2020\/06\/welovebarcelona-de-9sBrzoDGyrg-unsplash-768x312.jpg 768w\" sizes=\"(max-width: 1280px) 100vw, 1280px\" \/><\/figure><\/div>\n\n\n\n<div class=\"wp-block-columns is-layout-flex wp-container-core-columns-layout-4 wp-block-columns-is-layout-flex\">\n<div class=\"wp-block-column is-layout-flow wp-block-column-is-layout-flow\">\n<p class=\"\">Viatjar amb nens a Barcelona \u00e9s, literalment, un joc de nens, ja que la capital catalana ofereix una oferta d\u2019oci totalment adaptada als gustos i les necessitats dels m\u00e9s petits.<\/p>\n\n\n\n<p class=\"\">L\u2019idil\u00b7li dels menuts amb la Ciutat Comtal comen\u00e7a als&nbsp;<strong>museus i sales d\u2019exposicions<\/strong>, ja que alguns \u2014com al CaixaF\u00f2rum o el CCCB\u2014 organitzen de manera gratu\u00efta activitats i manualitats pensades perqu\u00e8 els m\u00e9s joves s\u2019ho passin d\u2019all\u00f2 m\u00e9s b\u00e9 i aprenguin mentre els seus pares i mares visiten les sales del recinte.<\/p>\n\n\n\n<p class=\"\">Aix\u00ed mateix, Barcelona tamb\u00e9 t\u00e9 museus amb col\u00b7leccions que s\u00f3n perfectes per a la canalla, com succeeix amb el&nbsp;<strong>Museu de la M\u00fasica<\/strong>, el&nbsp;<strong>Museu Blau<\/strong>, nom pel que es coneix el Museu de Ci\u00e8ncies Naturals de Barcelona, o el&nbsp;<strong>CosmoCaixa<\/strong>, un centre d\u2019exposicions interactiu on no tocar est\u00e0 prohibit. De fet, ofereix nombrosos jocs educatius i experiments perqu\u00e8 els visitants comprovin algunes lleis de la f\u00edsica en primera persona. A m\u00e9s, tamb\u00e9 permet contemplar una recreaci\u00f3 d\u2019un bosc pluj\u00f3s de l\u2019Amazones, on viuen algunes esp\u00e8cies animals portades des d\u2019aquesta zona selv\u00e0tica.<\/p>\n\n\n\n<p class=\"\">Un altre cl\u00e0ssic per als que visiten Barcelona amb nens \u00e9s passar unes hores al&nbsp;<strong>Zoo de Barcelona<\/strong>, situat a un extrem del parc de la Ciutadella. I per descomptat, dedicar una jornada a rec\u00f3rrer tots els racons del&nbsp;<strong>parc d\u2019atraccions del Tibidabo<\/strong>, el tercer m\u00e9s antic d\u2019Europa. Constru\u00eft a principis del segle XX, tamb\u00e9 ofereix espectacles de carrer i permet accedir al singular&nbsp;<strong>Museu dels Aut\u00f2mats<\/strong>.<\/p>\n\n\n\n<p class=\"\">Tot aix\u00f2 sense oblidar que Barcelona compta amb teatres que solen incloure a la seva programaci\u00f3 obres adre\u00e7ades al p\u00fablic infantil i juvenil, com ara el&nbsp;<strong>Teatre Gaud\u00ed<\/strong>, ben proper a la Sagrada Fam\u00edlia, o el&nbsp;<strong>Jove Teatre Regina<\/strong>.<\/p>\n\n\n\n<p class=\"\"><\/p>\n<\/div>\n\n\n\n<div class=\"wp-block-column is-layout-flow wp-block-column-is-layout-flow\">\n<p class=\"\">Si l\u2019escapada a Barcelona coincideix amb els mesos m\u00e9s c\u00e0lids de l\u2019any, s\u2019aconsella visitar algunes de les&nbsp;<strong>10 platges<\/strong>&nbsp;que esquitxen la capital catalana. Al seu torn, fer un viatge a bord de Las Golondrinas \u2014unes tradicionals embarcacions que recorren part del port de Barcelona\u2014 \u00e9s tamb\u00e9 una opci\u00f3 immillorable per a aquelles persones que viatgen amb nens.<\/p>\n\n\n\n<p class=\"\">Esment a part mereixen els esdeveniments per a nens, com la&nbsp;<strong>cavalcada de Sant Medir<\/strong>, que se celebra al barri de Gr\u00e0cia la tarda del 3 de mar\u00e7, o el&nbsp;<strong>SonarKids<\/strong>, la reeixida versi\u00f3 familiar del popular festival de m\u00fasica electr\u00f2nica, que t\u00e9 lloc cap a mitjan juny.<\/p>\n\n\n\n<p class=\"\">En qualsevol cas, independentment de quin sigui el viatge que teniu en ment, disposem del millor allotjament possible perqu\u00e8 la vostra estada a la capital catalana sigui senzillament inoblidable:&nbsp;<strong>Lugaris Beach i Lugaris Rambla, els millors apartaments a prop de la platja a Barcelona.<\/strong><\/p>\n\n\n\n<p class=\"\">Dotats de totes les comoditats i amb una capacitat per a un m\u00e0xim de sis persones, aquests pisos estan completament equipats perqu\u00e8 us hi sentiu com a casa des del primer moment.<\/p>\n\n\n\n<p class=\"\">Com passa amb Barcelona, els nostres apartaments tamb\u00e9 mereixen ser descoberts. Contacteu amb nosaltres: estarem encantats que sigueu els nostres hostes.<\/p>\n\n\n\n<p class=\"\"><\/p>\n<\/div>\n<\/div>\n","protected":false},"excerpt":{"rendered":"<p>Detr\u00e1s de este \u00e9xito, del que son responsables los cerca de 8,5 millones de viajeros que pernoctan en ella anualmente, se esconden un clima agradable durante todo el a\u00f1o, un emplazamiento envidiable junto al mar Mediterr\u00e1neo, sus playas urbanas&#8230;<\/p>\n","protected":false},"author":4,"featured_media":1768,"parent":0,"menu_order":0,"comment_status":"closed","ping_status":"closed","template":"","meta":{"_uag_custom_page_level_css":"","footnotes":""},"yoast_head":"<!-- This site is optimized with the Yoast SEO plugin v23.1 - https:\/\/yoast.com\/wordpress\/plugins\/seo\/ -->\n<title>Veniu a Barcelona per vacances? | Lugaris<\/title>\n<meta name=\"description\" content=\"Si veniu a passar uns dies de descans a la Ciutat Comtal, descobriu a aquesta guia de viatge qu\u00e8 veure a Barcelona, on menjar i on anar amb nens.\" \/>\n<meta name=\"robots\" content=\"index, follow, max-snippet:-1, max-image-preview:large, max-video-preview:-1\" \/>\n<link rel=\"canonical\" href=\"https:\/\/www.lugaris.com\/ca\/vens-barcelona-vacances\/\" \/>\n<meta property=\"og:locale\" content=\"ca_ES\" \/>\n<meta property=\"og:type\" content=\"article\" \/>\n<meta property=\"og:title\" content=\"Veniu a Barcelona per vacances? | Lugaris\" \/>\n<meta property=\"og:description\" content=\"Si veniu a passar uns dies de descans a la Ciutat Comtal, descobriu a aquesta guia de viatge qu\u00e8 veure a Barcelona, on menjar i on anar amb nens.\" \/>\n<meta property=\"og:url\" content=\"https:\/\/www.lugaris.com\/ca\/vens-barcelona-vacances\/\" \/>\n<meta property=\"og:site_name\" content=\"Lugaris\" \/>\n<meta property=\"article:modified_time\" content=\"2020-08-31T09:54:34+00:00\" \/>\n<meta property=\"og:image\" content=\"https:\/\/www.lugaris.com\/app\/uploads\/2020\/04\/barcelona_0-1.jpg\" \/>\n\t<meta property=\"og:image:width\" content=\"1920\" \/>\n\t<meta property=\"og:image:height\" content=\"1080\" \/>\n\t<meta property=\"og:image:type\" content=\"image\/jpeg\" \/>\n<meta name=\"twitter:card\" content=\"summary_large_image\" \/>\n<meta name=\"twitter:label1\" content=\"Est. reading time\" \/>\n\t<meta name=\"twitter:data1\" content=\"10 minutes\" \/>\n<script type=\"application\/ld+json\" class=\"yoast-schema-graph\">{\"@context\":\"https:\/\/schema.org\",\"@graph\":[{\"@type\":\"WebPage\",\"@id\":\"https:\/\/www.lugaris.com\/ca\/vens-barcelona-vacances\/\",\"url\":\"https:\/\/www.lugaris.com\/ca\/vens-barcelona-vacances\/\",\"name\":\"Veniu a Barcelona per vacances? | Lugaris\",\"isPartOf\":{\"@id\":\"https:\/\/www.lugaris.com\/ca\/#website\"},\"primaryImageOfPage\":{\"@id\":\"https:\/\/www.lugaris.com\/ca\/vens-barcelona-vacances\/#primaryimage\"},\"image\":{\"@id\":\"https:\/\/www.lugaris.com\/ca\/vens-barcelona-vacances\/#primaryimage\"},\"thumbnailUrl\":\"https:\/\/www.lugaris.com\/app\/uploads\/2020\/04\/barcelona_0-1.jpg\",\"datePublished\":\"2020-04-16T14:16:03+00:00\",\"dateModified\":\"2020-08-31T09:54:34+00:00\",\"description\":\"Si veniu a passar uns dies de descans a la Ciutat Comtal, descobriu a aquesta guia de viatge qu\u00e8 veure a Barcelona, on menjar i on anar amb nens.\",\"breadcrumb\":{\"@id\":\"https:\/\/www.lugaris.com\/ca\/vens-barcelona-vacances\/#breadcrumb\"},\"inLanguage\":\"ca\",\"potentialAction\":[{\"@type\":\"ReadAction\",\"target\":[\"https:\/\/www.lugaris.com\/ca\/vens-barcelona-vacances\/\"]}]},{\"@type\":\"ImageObject\",\"inLanguage\":\"ca\",\"@id\":\"https:\/\/www.lugaris.com\/ca\/vens-barcelona-vacances\/#primaryimage\",\"url\":\"https:\/\/www.lugaris.com\/app\/uploads\/2020\/04\/barcelona_0-1.jpg\",\"contentUrl\":\"https:\/\/www.lugaris.com\/app\/uploads\/2020\/04\/barcelona_0-1.jpg\",\"width\":1920,\"height\":1080},{\"@type\":\"BreadcrumbList\",\"@id\":\"https:\/\/www.lugaris.com\/ca\/vens-barcelona-vacances\/#breadcrumb\",\"itemListElement\":[{\"@type\":\"ListItem\",\"position\":1,\"name\":\"Home\",\"item\":\"https:\/\/www.lugaris.com\/ca\/\"},{\"@type\":\"ListItem\",\"position\":2,\"name\":\"Vens a Barcelona de vacances?\"}]},{\"@type\":\"WebSite\",\"@id\":\"https:\/\/www.lugaris.com\/ca\/#website\",\"url\":\"https:\/\/www.lugaris.com\/ca\/\",\"name\":\"Lugaris\",\"description\":\"Apartamentos de vacaciones en Barcelona\",\"publisher\":{\"@id\":\"https:\/\/www.lugaris.com\/ca\/#organization\"},\"potentialAction\":[{\"@type\":\"SearchAction\",\"target\":{\"@type\":\"EntryPoint\",\"urlTemplate\":\"https:\/\/www.lugaris.com\/ca\/?s={search_term_string}\"},\"query-input\":\"required name=search_term_string\"}],\"inLanguage\":\"ca\"},{\"@type\":\"Organization\",\"@id\":\"https:\/\/www.lugaris.com\/ca\/#organization\",\"name\":\"Lugaris Apartments in Barcelona\",\"url\":\"https:\/\/www.lugaris.com\/ca\/\",\"logo\":{\"@type\":\"ImageObject\",\"inLanguage\":\"ca\",\"@id\":\"https:\/\/www.lugaris.com\/ca\/#\/schema\/logo\/image\/\",\"url\":\"https:\/\/www.lugaris.com\/app\/uploads\/2020\/03\/Logo_lugaris_v2.png\",\"contentUrl\":\"https:\/\/www.lugaris.com\/app\/uploads\/2020\/03\/Logo_lugaris_v2.png\",\"width\":285,\"height\":257,\"caption\":\"Lugaris Apartments in Barcelona\"},\"image\":{\"@id\":\"https:\/\/www.lugaris.com\/ca\/#\/schema\/logo\/image\/\"}}]}<\/script>\n<!-- \/ Yoast SEO plugin. -->","yoast_head_json":{"title":"Veniu a Barcelona per vacances? | Lugaris","description":"Si veniu a passar uns dies de descans a la Ciutat Comtal, descobriu a aquesta guia de viatge qu\u00e8 veure a Barcelona, on menjar i on anar amb nens.","robots":{"index":"index","follow":"follow","max-snippet":"max-snippet:-1","max-image-preview":"max-image-preview:large","max-video-preview":"max-video-preview:-1"},"canonical":"https:\/\/www.lugaris.com\/ca\/vens-barcelona-vacances\/","og_locale":"ca_ES","og_type":"article","og_title":"Veniu a Barcelona per vacances? | Lugaris","og_description":"Si veniu a passar uns dies de descans a la Ciutat Comtal, descobriu a aquesta guia de viatge qu\u00e8 veure a Barcelona, on menjar i on anar amb nens.","og_url":"https:\/\/www.lugaris.com\/ca\/vens-barcelona-vacances\/","og_site_name":"Lugaris","article_modified_time":"2020-08-31T09:54:34+00:00","og_image":[{"width":1920,"height":1080,"url":"https:\/\/www.lugaris.com\/app\/uploads\/2020\/04\/barcelona_0-1.jpg","type":"image\/jpeg"}],"twitter_card":"summary_large_image","twitter_misc":{"Est. reading time":"10 minutes"},"schema":{"@context":"https:\/\/schema.org","@graph":[{"@type":"WebPage","@id":"https:\/\/www.lugaris.com\/ca\/vens-barcelona-vacances\/","url":"https:\/\/www.lugaris.com\/ca\/vens-barcelona-vacances\/","name":"Veniu a Barcelona per vacances? | Lugaris","isPartOf":{"@id":"https:\/\/www.lugaris.com\/ca\/#website"},"primaryImageOfPage":{"@id":"https:\/\/www.lugaris.com\/ca\/vens-barcelona-vacances\/#primaryimage"},"image":{"@id":"https:\/\/www.lugaris.com\/ca\/vens-barcelona-vacances\/#primaryimage"},"thumbnailUrl":"https:\/\/www.lugaris.com\/app\/uploads\/2020\/04\/barcelona_0-1.jpg","datePublished":"2020-04-16T14:16:03+00:00","dateModified":"2020-08-31T09:54:34+00:00","description":"Si veniu a passar uns dies de descans a la Ciutat Comtal, descobriu a aquesta guia de viatge qu\u00e8 veure a Barcelona, on menjar i on anar amb nens.","breadcrumb":{"@id":"https:\/\/www.lugaris.com\/ca\/vens-barcelona-vacances\/#breadcrumb"},"inLanguage":"ca","potentialAction":[{"@type":"ReadAction","target":["https:\/\/www.lugaris.com\/ca\/vens-barcelona-vacances\/"]}]},{"@type":"ImageObject","inLanguage":"ca","@id":"https:\/\/www.lugaris.com\/ca\/vens-barcelona-vacances\/#primaryimage","url":"https:\/\/www.lugaris.com\/app\/uploads\/2020\/04\/barcelona_0-1.jpg","contentUrl":"https:\/\/www.lugaris.com\/app\/uploads\/2020\/04\/barcelona_0-1.jpg","width":1920,"height":1080},{"@type":"BreadcrumbList","@id":"https:\/\/www.lugaris.com\/ca\/vens-barcelona-vacances\/#breadcrumb","itemListElement":[{"@type":"ListItem","position":1,"name":"Home","item":"https:\/\/www.lugaris.com\/ca\/"},{"@type":"ListItem","position":2,"name":"Vens a Barcelona de vacances?"}]},{"@type":"WebSite","@id":"https:\/\/www.lugaris.com\/ca\/#website","url":"https:\/\/www.lugaris.com\/ca\/","name":"Lugaris","description":"Apartamentos de vacaciones en Barcelona","publisher":{"@id":"https:\/\/www.lugaris.com\/ca\/#organization"},"potentialAction":[{"@type":"SearchAction","target":{"@type":"EntryPoint","urlTemplate":"https:\/\/www.lugaris.com\/ca\/?s={search_term_string}"},"query-input":"required name=search_term_string"}],"inLanguage":"ca"},{"@type":"Organization","@id":"https:\/\/www.lugaris.com\/ca\/#organization","name":"Lugaris Apartments in Barcelona","url":"https:\/\/www.lugaris.com\/ca\/","logo":{"@type":"ImageObject","inLanguage":"ca","@id":"https:\/\/www.lugaris.com\/ca\/#\/schema\/logo\/image\/","url":"https:\/\/www.lugaris.com\/app\/uploads\/2020\/03\/Logo_lugaris_v2.png","contentUrl":"https:\/\/www.lugaris.com\/app\/uploads\/2020\/03\/Logo_lugaris_v2.png","width":285,"height":257,"caption":"Lugaris Apartments in Barcelona"},"image":{"@id":"https:\/\/www.lugaris.com\/ca\/#\/schema\/logo\/image\/"}}]}},"uagb_featured_image_src":{"full":["https:\/\/www.lugaris.com\/app\/uploads\/2020\/04\/barcelona_0-1.jpg",1920,1080,false],"thumbnail":["https:\/\/www.lugaris.com\/app\/uploads\/2020\/04\/barcelona_0-1-150x150.jpg",150,150,true],"medium":["https:\/\/www.lugaris.com\/app\/uploads\/2020\/04\/barcelona_0-1-300x169.jpg",300,169,true],"medium_large":["https:\/\/www.lugaris.com\/app\/uploads\/2020\/04\/barcelona_0-1-768x432.jpg",768,432,true],"large":["https:\/\/www.lugaris.com\/app\/uploads\/2020\/04\/barcelona_0-1-1024x576.jpg",1024,576,true],"1536x1536":["https:\/\/www.lugaris.com\/app\/uploads\/2020\/04\/barcelona_0-1-1536x864.jpg",1536,864,true],"2048x2048":["https:\/\/www.lugaris.com\/app\/uploads\/2020\/04\/barcelona_0-1.jpg",1920,1080,false]},"uagb_author_info":{"display_name":"Roberto Bordi","author_link":"https:\/\/www.lugaris.com\/ca\/author\/rbb2-performance-es\/"},"uagb_comment_info":0,"uagb_excerpt":"Detr\u00e1s de este \u00e9xito, del que son responsables los cerca de 8,5 millones de viajeros que pernoctan en ella anualmente, se esconden un clima agradable durante todo el a\u00f1o, un emplazamiento envidiable junto al mar Mediterr\u00e1neo, sus playas urbanas...","_links":{"self":[{"href":"https:\/\/www.lugaris.com\/ca\/wp-json\/wp\/v2\/pages\/11486"}],"collection":[{"href":"https:\/\/www.lugaris.com\/ca\/wp-json\/wp\/v2\/pages"}],"about":[{"href":"https:\/\/www.lugaris.com\/ca\/wp-json\/wp\/v2\/types\/page"}],"author":[{"embeddable":true,"href":"https:\/\/www.lugaris.com\/ca\/wp-json\/wp\/v2\/users\/4"}],"replies":[{"embeddable":true,"href":"https:\/\/www.lugaris.com\/ca\/wp-json\/wp\/v2\/comments?post=11486"}],"version-history":[{"count":2,"href":"https:\/\/www.lugaris.com\/ca\/wp-json\/wp\/v2\/pages\/11486\/revisions"}],"predecessor-version":[{"id":12202,"href":"https:\/\/www.lugaris.com\/ca\/wp-json\/wp\/v2\/pages\/11486\/revisions\/12202"}],"wp:featuredmedia":[{"embeddable":true,"href":"https:\/\/www.lugaris.com\/ca\/wp-json\/wp\/v2\/media\/1768"}],"wp:attachment":[{"href":"https:\/\/www.lugaris.com\/ca\/wp-json\/wp\/v2\/media?parent=11486"}],"curies":[{"name":"wp","href":"https:\/\/api.w.org\/{rel}","templated":true}]}}