{"id":11551,"date":"2020-04-16T16:04:13","date_gmt":"2020-04-16T16:04:13","guid":{"rendered":"https:\/\/www.lugaris.com\/guia-de-barcelona\/"},"modified":"2020-08-31T09:56:04","modified_gmt":"2020-08-31T09:56:04","slug":"guia-de-barcelona","status":"publish","type":"page","link":"https:\/\/www.lugaris.com\/ca\/guia-de-barcelona\/","title":{"rendered":"Guia de Barcelona"},"content":{"rendered":"\n<div class=\"wp-block-columns is-layout-flex wp-container-core-columns-layout-1 wp-block-columns-is-layout-flex\">\n<div class=\"wp-block-column is-layout-flow wp-block-column-is-layout-flow\">\n<p style=\"background-color:#ff0032;color:#ffffff\" class=\"has-text-color has-background has-text-align-center\"><br><br><br><br><strong>&#8212;&#8212;&#8212;&#8212;&#8211; The happy guide to &#8212;&#8212;&#8212;&#8212;<br><\/strong><br><strong><span style=\"font-size:38px\">BARCELONA<\/span><\/strong><br><br> <strong>b<\/strong><em><strong>y LUGARIS<\/strong><\/em>  <br><br><br><br><\/p>\n\n\n\n<div class=\"\"><div class=\"\"><div class=\"wp-block-cover\" style=\"background-image:url(https:\/\/www.lugaris.com\/app\/uploads\/2020\/04\/chica.jpg);max-height:430px\"><div class=\"wp-block-cover__inner-container\"><\/div><\/div><\/div><\/div>\n<\/div>\n\n\n\n<div class=\"wp-block-column is-layout-flow wp-block-column-is-layout-flow\">\n<div class=\"wp-block-cover aligncenter\" style=\"background-image:url(https:\/\/www.lugaris.com\/app\/uploads\/2020\/07\/barcelona-2673663_1920-1-1.jpg)\"><div class=\"wp-block-cover__inner-container is-layout-flow wp-block-cover-is-layout-flow\">\n<p class=\"has-text-align-center has-large-font-size\"> <\/p>\n<\/div><\/div>\n\n\n\n<p class=\"\"><\/p>\n<\/div>\n<\/div>\n\n\n\n<div class=\"wp-block-columns is-layout-flex wp-container-core-columns-layout-2 wp-block-columns-is-layout-flex\">\n<div class=\"wp-block-column is-layout-flow wp-block-column-is-layout-flow\">\n<div class=\"wp-block-image\"><figure class=\"aligncenter size-large is-resized\"><img decoding=\"async\" src=\"https:\/\/www.lugaris.com\/app\/uploads\/2020\/04\/informaci\u00f3n-400.jpg\" alt=\"\" class=\"wp-image-1594\" width=\"600\" srcset=\"https:\/\/www.lugaris.com\/app\/uploads\/2020\/04\/informaci\u00f3n-400.jpg 400w, https:\/\/www.lugaris.com\/app\/uploads\/2020\/04\/informaci\u00f3n-400-300x293.jpg 300w\" sizes=\"(max-width: 400px) 100vw, 400px\" \/><\/figure><\/div>\n\n\n\n<p class=\"has-text-align-center has-medium-font-size text-justify\">Tota la informaci\u00f3 que necesites per no deixar-te res per veure a la Ciutat Condal. Coneix la ciutat de Barcelona amb Lugaris.com i gaudeix de les maravelles de Barcelona.<\/p>\n<\/div>\n\n\n\n<div class=\"wp-block-column is-layout-flow wp-block-column-is-layout-flow\">\n<div class=\"wp-block-image\"><figure class=\"aligncenter size-large is-resized\"><img decoding=\"async\" src=\"https:\/\/www.lugaris.com\/app\/uploads\/2020\/04\/calendario-400.png\" alt=\"\" class=\"wp-image-1600\" width=\"600\" srcset=\"https:\/\/www.lugaris.com\/app\/uploads\/2020\/04\/calendario-400.png 400w, https:\/\/www.lugaris.com\/app\/uploads\/2020\/04\/calendario-400-300x293.png 300w\" sizes=\"(max-width: 400px) 100vw, 400px\" \/><\/figure><\/div>\n\n\n\n<p class=\"has-text-align-center has-medium-font-size text-justify\">Barcelona ofereix oci durant tot el any. Tant si vens per oci com per feina, en Lugaris.com volem que la teva est\u00e0ncia sigui m\u00e9s c\u00f3moda i posar-t\u2019ho f\u00e0cil per que gaudexis del teu viatge<\/p>\n<\/div>\n\n\n\n<div class=\"wp-block-column is-layout-flow wp-block-column-is-layout-flow\">\n<div class=\"wp-block-image\"><figure class=\"aligncenter size-large is-resized\"><img decoding=\"async\" src=\"https:\/\/www.lugaris.com\/app\/uploads\/2020\/04\/catedral-sagrada-familia-400.jpg\" alt=\"\" class=\"wp-image-1606\" width=\"600\" srcset=\"https:\/\/www.lugaris.com\/app\/uploads\/2020\/04\/catedral-sagrada-familia-400.jpg 400w, https:\/\/www.lugaris.com\/app\/uploads\/2020\/04\/catedral-sagrada-familia-400-300x293.jpg 300w\" sizes=\"(max-width: 400px) 100vw, 400px\" \/><\/figure><\/div>\n\n\n\n<p class=\"has-text-align-center has-medium-font-size text-justify\">Si es la teva primera vegada a Barcelona, descobreix tots els racons i accesos als principals llocs de inter\u00e8s. No et deixis res per veure i descobreix la nostra completa Gu\u00eda de Barcelona. <\/p>\n<\/div>\n<\/div>\n\n\n\n\n\n\n<div class=\"wp-block-group has-very-light-gray-background-color has-background\" id=\"porquebcn\"><div class=\"wp-block-group__inner-container is-layout-flow wp-block-group-is-layout-flow\">\n<div class=\"wp-block-group\"><div class=\"wp-block-group__inner-container is-layout-flow wp-block-group-is-layout-flow\">\n<h2 class=\"has-text-color p-3 wp-block-heading\" style=\"color:#000000\">PER QU\u00c8 VISITAR BARCELONA<\/h2>\n<\/div><\/div>\n<\/div><\/div>\n\n\n\n<div class=\"wp-block-image\"><figure class=\"aligncenter size-full is-resized\"><img decoding=\"async\" src=\"https:\/\/www.lugaris.com\/app\/uploads\/2020\/06\/miltiadis-fragkidis-FkUaZQl7XJI-unsplash-1.jpg\" alt=\"\" class=\"wp-image-10082\" width=\"1920\" srcset=\"https:\/\/www.lugaris.com\/app\/uploads\/2020\/06\/miltiadis-fragkidis-FkUaZQl7XJI-unsplash-1.jpg 1280w, https:\/\/www.lugaris.com\/app\/uploads\/2020\/06\/miltiadis-fragkidis-FkUaZQl7XJI-unsplash-1-300x122.jpg 300w, https:\/\/www.lugaris.com\/app\/uploads\/2020\/06\/miltiadis-fragkidis-FkUaZQl7XJI-unsplash-1-1024x416.jpg 1024w, https:\/\/www.lugaris.com\/app\/uploads\/2020\/06\/miltiadis-fragkidis-FkUaZQl7XJI-unsplash-1-768x312.jpg 768w\" sizes=\"(max-width: 1280px) 100vw, 1280px\" \/><\/figure><\/div>\n\n\n\n<div class=\"wp-block-group mb-5\"><div class=\"wp-block-group__inner-container is-layout-flow wp-block-group-is-layout-flow\">\n<div class=\"wp-block-group\"><div class=\"wp-block-group__inner-container is-layout-flow wp-block-group-is-layout-flow\">\n<div class=\"wp-block-columns is-layout-flex wp-container-core-columns-layout-3 wp-block-columns-is-layout-flex\">\n<div class=\"wp-block-column is-layout-flow wp-block-column-is-layout-flow\">\n<p class=\"\">\u201cArxiu de la cortesia, alberg dels estrangers, hospital dels pobres, p\u00e0tria dels valents, venjan\u00e7a dels ofesos i correspond\u00e8ncia grata de fermes amistats, i, en lloc i en bellesa, \u00fanica.\u201d En aquests termes es referia a&nbsp;<strong>Barcelona<\/strong>&nbsp;Miguel de Cervantes, un dels molts personatges il\u00b7lustres que han sucumbit al magnetisme de la Ciutat Comtal.<\/p>\n\n\n\n<p class=\"\">Un poder de seducci\u00f3 que avui, quatre segles despr\u00e9s d\u2019aquells mots, continua intacte. Aix\u00ed ho demostren els&nbsp;<strong>m\u00e9s de 8,3 milions de pernoctacions<\/strong>&nbsp;que registra anualment la capital catalana, i que li han servit per a consolidar-se com una de les destinacions m\u00e9s visitades d\u2019Europa. A m\u00e9s, el 2013, va esdevenir la primera localitat de l\u2019Estat a accedir al top-10 mundial.<\/p>\n\n\n\n<p class=\"\">S\u00f3n moltes les raons que expliquen l\u2019\u00e8xit de Barcelona: des de la seva combinaci\u00f3 \u00fanica de mar i muntanya \u2014la ciutat uneix la fotog\u00e8nia del&nbsp;<strong>Parc Natural de la Serra de Collserola<\/strong><\/p>\n\n\n\n<p class=\"\"><\/p>\n<\/div>\n\n\n\n<div class=\"wp-block-column is-layout-flow wp-block-column-is-layout-flow\">\n<p class=\"\">i&nbsp;<strong>4,2 km de costa banyades pel Mediterrani<\/strong>, dotats de 10 platges urbanes\u2014 fins al seu gener\u00f3s cat\u00e0leg d\u2019edificis modernistes, passant per la seva ingent oferta muse\u00edstica, gastron\u00f2mica i de lleure.<\/p>\n\n\n\n<p class=\"\">I tot aix\u00f2 sense oblidar que, el 2015, va ser considerada com la&nbsp;<strong>tercera ciutat del m\u00f3n en esdeveniments de negoci<\/strong>, sent superada \u00fanicament per Berl\u00edn i Par\u00eds.<\/p>\n\n\n\n<p class=\"\">A aix\u00f2 cal sumar una&nbsp;<strong>climatologia excepcional<\/strong>, amb hiverns suaus i estius en qu\u00e8 la temperatura mitjana no sol superar els 26\u00baC durant els mesos de juliol i agost. Aix\u00ed mateix, les pluges s\u00f3n escasses, amb registres al voltant dels 600 mm anuals.<\/p>\n\n\n\n<p class=\"\">Amb aquestes credencials: qui pot resistir-se a llogar apartaments a Barcelona per a passar-hi les properes vacances?<\/p>\n\n\n\n<p class=\"\"> <\/p>\n<\/div>\n<\/div>\n<\/div><\/div>\n<\/div><\/div>\n\n\n\n<div class=\"wp-block-group has-very-light-gray-background-color has-background\" id=\"comollegar\"><div class=\"wp-block-group__inner-container is-layout-flow wp-block-group-is-layout-flow\">\n<h2 class=\"has-text-align-left p-3 wp-block-heading\">COM ARRIBAR A BARCELONA<\/h2>\n<\/div><\/div>\n\n\n\n<div class=\"wp-block-image\"><figure class=\"aligncenter size-full is-resized\"><img decoding=\"async\" src=\"https:\/\/www.lugaris.com\/app\/uploads\/2020\/06\/trains-525321_1920-1.jpg\" alt=\"\" class=\"wp-image-10090\" width=\"1925\" srcset=\"https:\/\/www.lugaris.com\/app\/uploads\/2020\/06\/trains-525321_1920-1.jpg 1280w, https:\/\/www.lugaris.com\/app\/uploads\/2020\/06\/trains-525321_1920-1-300x122.jpg 300w, https:\/\/www.lugaris.com\/app\/uploads\/2020\/06\/trains-525321_1920-1-1024x416.jpg 1024w, https:\/\/www.lugaris.com\/app\/uploads\/2020\/06\/trains-525321_1920-1-768x312.jpg 768w\" sizes=\"(max-width: 1280px) 100vw, 1280px\" \/><\/figure><\/div>\n\n\n\n<div class=\"wp-block-columns is-layout-flex wp-container-core-columns-layout-4 wp-block-columns-is-layout-flex\">\n<div class=\"wp-block-column is-layout-flow wp-block-column-is-layout-flow\">\n<h2 class=\"wp-block-heading\">COM ARRIBAR A BARCELONA AMB AUTOB\u00daS<\/h2>\n\n\n\n<p class=\"\">Barcelona compta amb&nbsp;<strong>tres estacions d\u2019autobusos interurbans<\/strong>: la de&nbsp;<strong>Sants<\/strong>, situada al costat de l\u2019estaci\u00f3 de tren i la parada de metro hom\u00f2nimes;<strong>&nbsp;l\u2019estaci\u00f3 del Nord<\/strong>, al costat de l\u2019estaci\u00f3 de metro d\u2019Arc de Triomf i una de les estacons d\u2019autob\u00fas m\u00e9s properes als nostres&nbsp;<a href=\"https:\/\/www.lugaris.com\/ca\/\">apartaments tur\u00edstics a Barcelona<\/a>, i la de&nbsp;<strong>Fabra i Puig<\/strong>, al costat de la parada de metro del mateix nom i l\u2019estaci\u00f3 de tren de Sant Andreu Arenal.<\/p>\n\n\n\n<p class=\"\">Aquest s\u00f3n el punt de sortida i arribada d\u2019autocars que connecten Barcelona amb moltes altres localitats de la prov\u00edncia, de Catalunya, del territori espanyol i d\u2019altres pa\u00efsos d\u2019Europa, com ara Fran\u00e7a, It\u00e0lia o Romania.<br>Actualment, l\u2019autocar \u00e9s una de les maneres m\u00e9s econ\u00f2miques d\u2019arribar a la capital catalan<\/p>\n\n\n\n<p class=\"\"><\/p>\n<\/div>\n\n\n\n<div class=\"wp-block-column is-layout-flow wp-block-column-is-layout-flow\">\n<h2 class=\"wp-block-heading\">COM ARRIBAR A BARCELONA AMB TREN<\/h2>\n\n\n\n<p class=\"\"><strong>L\u2019estaci\u00f3 de Sants<\/strong>&nbsp;\u00e9s la segona estaci\u00f3 de ferrocarril m\u00e9s concorreguda de l\u2019Estat, nom\u00e9s superada en nombre de passatgers per l\u2019estaci\u00f3 d\u2019Atocha de Madrid.<\/p>\n\n\n\n<p class=\"\">S\u2019hi pot agafar l\u2019AVE, un tren d\u2019alta velocitat que permet viatjar de Madrid a Barcelona en tan sols 2,5 hores, i des de Saragossa, en 1,5 hores. No obstant aix\u00f2, tamb\u00e9 hi ha altres opcions m\u00e9s assequibles, com ara els trens Avant, de mitjana dist\u00e0ncia, regionals o de rodalies, si b\u00e9 no resulten tan r\u00e0pides.<\/p>\n\n\n\n<p class=\"\">Alguns dels trens que surten des de Sants arriben a importants ciutats europees, com Par\u00eds, Marsella, Ni\u00e7a, Ginebra, Brussel\u00b7les, Tor\u00ed o Mil\u00e0.<\/p>\n<\/div>\n\n\n\n<div class=\"wp-block-column is-layout-flow wp-block-column-is-layout-flow\">\n<h2 class=\"wp-block-heading\">COM ARRIBAR A BARCELONA AMB AVI\u00d3<\/h2>\n\n\n\n<p class=\"\"><strong>L\u2019aeroport de Barcelona-El Prat<\/strong>&nbsp;(BCN), situat a 15 km de la ciutat i amb prop de 40 milions de passatgers anuals, \u00e9s el segon amb m\u00e9s usuaris a nivell estatal, nom\u00e9s per darrere de l\u2019aeroport Adolfo Su\u00e1rez Madrid-Barajas.<\/p>\n\n\n\n<p class=\"\">Dotat de dues terminals \u2014la T1 i la T2, comunicades entre si per un autob\u00fas llan\u00e7adora gratu\u00eft\u2014, hi operen m\u00e9s de&nbsp;<strong>90 empreses nacionals i internacionals<\/strong>, incloent-hi companyies de baix cost com Vueling, Ryanair, EasyJet, Aer Lingus o Wizz Air. Conjuntament, aquestes operadores ofereixen&nbsp;<strong>vols directes a m\u00e9s de 150 destinacions des de Barcelona<\/strong>.<\/p>\n\n\n\n<p class=\"\">L\u2019aeroport est\u00e0 connectat amb el centre de la ciutat mitjan\u00e7ant un&nbsp;<strong>autob\u00fas urb\u00e0<\/strong>&nbsp;(46), un&nbsp;<strong>autocar directe<\/strong>&nbsp;(Aerob\u00fas A1 i A2, amb parada a pla\u00e7a de Catalunya),&nbsp;<strong>tren<\/strong>&nbsp;(parada Aeroport de Renfe),&nbsp;<strong>metro<\/strong>&nbsp;(L-9) i autobusos nocturns (N16 i N17). Les seves instal\u00b7lacions tamb\u00e9 disposen d\u2019una parada de&nbsp;<strong>taxis<\/strong>, per tal de comen\u00e7ar a gaudir de les teves&nbsp;<a href=\"https:\/\/www.lugaris.com\/ca\/vens-barcelona-vacances\/\">vacances a Barcelona<\/a>&nbsp;com m\u00e9s aviat millor.<\/p>\n\n\n\n<p class=\"\">Altres aeroports que es troben relativament a prop de Barcelona s\u00f3n els de&nbsp;<strong>Girona-Costa Brava, Reus i Lleida-Alguaire<\/strong>.<\/p>\n\n\n\n<p class=\"\"><\/p>\n<\/div>\n<\/div>\n\n\n\n<div class=\"wp-block-group has-very-light-gray-background-color has-background\" id=\"quevisitar\"><div class=\"wp-block-group__inner-container is-layout-flow wp-block-group-is-layout-flow\">\n<h2 class=\"has-text-align-left p-3 wp-block-heading\">QU\u00c8 VISITAR A BARCELONA<\/h2>\n<\/div><\/div>\n\n\n\n<div class=\"wp-block-image\"><figure class=\"aligncenter size-full is-resized\"><img decoding=\"async\" src=\"https:\/\/www.lugaris.com\/app\/uploads\/2020\/06\/sant-pau.jpg\" alt=\"\" class=\"wp-image-10097\" width=\"1920\" srcset=\"https:\/\/www.lugaris.com\/app\/uploads\/2020\/06\/sant-pau.jpg 1280w, https:\/\/www.lugaris.com\/app\/uploads\/2020\/06\/sant-pau-300x122.jpg 300w, https:\/\/www.lugaris.com\/app\/uploads\/2020\/06\/sant-pau-1024x416.jpg 1024w, https:\/\/www.lugaris.com\/app\/uploads\/2020\/06\/sant-pau-768x312.jpg 768w\" sizes=\"(max-width: 1280px) 100vw, 1280px\" \/><\/figure><\/div>\n\n\n\n<p class=\"\">Des de la seva fundaci\u00f3 com a col\u00f2nia romana cap a l\u2019any 15 aC., Barcelona ha anat atresorant un llegat arquitect\u00f2nic dif\u00edcil de superar. Aquest ingent patrimoni monumental abasta m\u00e9s de 6.000 anys d\u2019hist\u00f2ria, des del neol\u00edtic fins als nostres dies, i es distribueix per diversos punts de la ciutat.<\/p>\n\n\n\n<p class=\"\">Tot seguit, s\u2019hi resumeixen els&nbsp;<strong>10 indrets tur\u00edstics imprescindibles de Barcelona<\/strong>.<\/p>\n\n\n<section class=\"blocks__extra-info \" id=\"\">\n    <h3> <\/h3>\n\n    <div class=\"blocks__extra-info__list\">\n                    <div class=\"blocks__extra-info__item\" id=\"poblenou-la-barceloneta-i-el-port-olimpic\">\n        <a\n                    href=\"#\" \n            class=\"toggleable__extra-info \"\n            data-target=\"#extra-info-10780\"\n            data-scope=\".blocks__extra-info .toggleable__extra-info, .blocks__extra-info .blocks__extra-info__content\"\n        \n        \n    >\n            <article class=\"blocks__extra-info__item__container\">\n            <img decoding=\"async\" src=\"https:\/\/www.lugaris.com\/app\/uploads\/2020\/04\/puerto-1.jpg\" class=\"blocks__extra-info__item__thumbnail\"><\/img>\n            <div  class=\"blocks__extra-info__item__content\">\n                <header>\n                    <h4 class=\"blocks__extra-info__item__title\">\n                        POBLENOU, LA BARCELONETA I EL PORT OL\u00cdMPIC\n                    <\/h4>\n                <\/header>\n                <section>\n                    <p class=\"blocks__extra-info__item__excerpt\">\n                        El barri del Poblenou, un dels nuclis que configuraven l\u2019antic municipi independent de Sant Mart\u00ed de Proven\u00e7als, va aglutinar a les acaballes del segle XIX la principal concentraci\u00f3 industrial de Catalunya i una de les m\u00e9s importants de l\u2019Estat espanyol, circumst\u00e0ncia que li va valer el sobrenom del Manchester catal\u00e0\n                    <\/p>\n                    \n                                        <span class=\"blocks__extra-info__item__read-more\">Llegir m\u00e9s<\/span>\n                    <span class=\"blocks__extra-info__item__read-less\">Llegir menys<\/span>\n                                    <\/section>\n            <\/div>\n        <\/article>\n        <\/a>\n    <\/div>\n                                <div class=\"blocks__extra-info__item\" id=\"zona-alta\">\n        <a\n                    href=\"#\" \n            class=\"toggleable__extra-info \"\n            data-target=\"#extra-info-10784\"\n            data-scope=\".blocks__extra-info .toggleable__extra-info, .blocks__extra-info .blocks__extra-info__content\"\n        \n        \n    >\n            <article class=\"blocks__extra-info__item__container\">\n            <img decoding=\"async\" src=\"https:\/\/www.lugaris.com\/app\/uploads\/2020\/04\/sung-shin-gT5Aa9PBAtk-unsplash-1.jpg\" class=\"blocks__extra-info__item__thumbnail\"><\/img>\n            <div  class=\"blocks__extra-info__item__content\">\n                <header>\n                    <h4 class=\"blocks__extra-info__item__title\">\n                        ZONA ALTA\n                    <\/h4>\n                <\/header>\n                <section>\n                    <p class=\"blocks__extra-info__item__excerpt\">\n                        El tram de l\u2019avinguda Diagonal m\u00e9s allunyat del mar amaga llocs de notable inter\u00e8s, com ara el Palau Reial, el monestir de Santa Maria de Pedralbes, de factura g\u00f2tica, o els pavellons de la finca &hellip;\n                    <\/p>\n                    \n                                        <span class=\"blocks__extra-info__item__read-more\">Llegir m\u00e9s<\/span>\n                    <span class=\"blocks__extra-info__item__read-less\">Llegir menys<\/span>\n                                    <\/section>\n            <\/div>\n        <\/article>\n        <\/a>\n    <\/div>\n                                <div class=\"blocks__extra-info__item\" id=\"barri-gotic\">\n        <a\n                    href=\"#\" \n            class=\"toggleable__extra-info \"\n            data-target=\"#extra-info-10791\"\n            data-scope=\".blocks__extra-info .toggleable__extra-info, .blocks__extra-info .blocks__extra-info__content\"\n        \n        \n    >\n            <article class=\"blocks__extra-info__item__container\">\n            <img decoding=\"async\" src=\"https:\/\/www.lugaris.com\/app\/uploads\/2020\/04\/collins-lesulie-HWFCBG_-iTc-unsplash-1.jpg\" class=\"blocks__extra-info__item__thumbnail\"><\/img>\n            <div  class=\"blocks__extra-info__item__content\">\n                <header>\n                    <h4 class=\"blocks__extra-info__item__title\">\n                        BARRI G\u00d2TIC\n                    <\/h4>\n                <\/header>\n                <section>\n                    <p class=\"blocks__extra-info__item__excerpt\">\n                        El nucli originari de la ciutat conserva sorprenents vestigis romans \u2014com els de l\u2019antiga Barcino, que encara s\u2019estenen pel subsol de la pla\u00e7a del Rei\u2014 o les imponents columnes del temple d\u2019August, empla\u00e7ades al carrer &hellip;\n                    <\/p>\n                    \n                                        <span class=\"blocks__extra-info__item__read-more\">Llegir m\u00e9s<\/span>\n                    <span class=\"blocks__extra-info__item__read-less\">Llegir menys<\/span>\n                                    <\/section>\n            <\/div>\n        <\/article>\n        <\/a>\n    <\/div>\n                                <div class=\"blocks__extra-info__item\" id=\"el-born\">\n        <a\n                    href=\"#\" \n            class=\"toggleable__extra-info \"\n            data-target=\"#extra-info-10797\"\n            data-scope=\".blocks__extra-info .toggleable__extra-info, .blocks__extra-info .blocks__extra-info__content\"\n        \n        \n    >\n            <article class=\"blocks__extra-info__item__container\">\n            <img decoding=\"async\" src=\"https:\/\/www.lugaris.com\/app\/uploads\/2020\/04\/biel-morro-7kWEtC4TZlE-unsplash-1.jpg\" class=\"blocks__extra-info__item__thumbnail\"><\/img>\n            <div  class=\"blocks__extra-info__item__content\">\n                <header>\n                    <h4 class=\"blocks__extra-info__item__title\">\n                        EL BORN\n                    <\/h4>\n                <\/header>\n                <section>\n                    <p class=\"blocks__extra-info__item__excerpt\">\n                        Es tracta d\u2019un dels barris m\u00e9s bohemis i amb m\u00e9s encant de Barcelona. A banda d\u2019albergar la bas\u00edlica de Santa Maria del Mar, un dels grans exponents del g\u00f2tic catal\u00e0, el seu mercat dona cabuda &hellip;\n                    <\/p>\n                    \n                                        <span class=\"blocks__extra-info__item__read-more\">Llegir m\u00e9s<\/span>\n                    <span class=\"blocks__extra-info__item__read-less\">Llegir menys<\/span>\n                                    <\/section>\n            <\/div>\n        <\/article>\n        <\/a>\n    <\/div>\n                                <div class=\"blocks__extra-info__item\" id=\"les-rambles\">\n        <a\n                    href=\"#\" \n            class=\"toggleable__extra-info \"\n            data-target=\"#extra-info-10803\"\n            data-scope=\".blocks__extra-info .toggleable__extra-info, .blocks__extra-info .blocks__extra-info__content\"\n        \n        \n    >\n            <article class=\"blocks__extra-info__item__container\">\n            <img decoding=\"async\" src=\"https:\/\/www.lugaris.com\/app\/uploads\/2020\/06\/ronni-kurtz-sTd9M16OFNk-unsplash-1.jpg\" class=\"blocks__extra-info__item__thumbnail\"><\/img>\n            <div  class=\"blocks__extra-info__item__content\">\n                <header>\n                    <h4 class=\"blocks__extra-info__item__title\">\n                        LES RAMBLES\n                    <\/h4>\n                <\/header>\n                <section>\n                    <p class=\"blocks__extra-info__item__excerpt\">\n                        Si hi ha un carrer pintoresc a Barcelona, aquest \u00e9s sens dubte el de les Rambles. Situat sobre una antiga riera, aplega un gran nombre de museus \u2014com el Museu Mar\u00edtim de Barcelona, el Museu &hellip;\n                    <\/p>\n                    \n                                        <span class=\"blocks__extra-info__item__read-more\">Llegir m\u00e9s<\/span>\n                    <span class=\"blocks__extra-info__item__read-less\">Llegir menys<\/span>\n                                    <\/section>\n            <\/div>\n        <\/article>\n        <\/a>\n    <\/div>\n                        <\/div>\n\n        <div class=\"blocks__extra-info__content__container\">\n                                <div id=\"extra-info-10780\"\n                class=\"blocks__extra-info__content toggleable__target \">\n                \n<p class=\"\">El <strong>barri del Poblenou<\/strong>, un dels nuclis que configuraven l\u2019antic municipi independent de Sant Mart\u00ed de Proven\u00e7als, va aglutinar a les acaballes del segle XIX la principal concentraci\u00f3 industrial de Catalunya i una de les m\u00e9s importants de l\u2019Estat espanyol, circumst\u00e0ncia que li va valer el sobrenom del Manchester catal\u00e0. D\u2019aquest per\u00edode, hi resten en peu no poques xemeneies i f\u00e0briques que han estat curosament restaurades i que han esdevingut la seu d\u2019empreses, institucions i universitats. Aquesta zona tamb\u00e9 acull el <strong>Museu Can Framis<\/strong>, d\u2019art contemporani.<\/p>\n\n\n\n<p class=\"\"><br>En aquest entorn privilegiat, i a l\u2019animada <strong>rambla del Poblenou<\/strong>, s\u2019emmarquen els nostres apartaments <strong>Lugaris Rambla<\/strong>, situats a escassos 300 m de la platja de Barcelona i amb nombrosos restaurants al voltant, aix\u00ed com el <strong>Casino L\u2019Alian\u00e7a<\/strong>, un centre cultural i recreatiu que constitueix el punt neur\u00e0lgic de la vida quotidiana del Poblenou.<\/p>\n\n\n\n<p class=\"\"><br>Dintre d\u2019aquest barri, i a nom\u00e9s 200 m de les <strong>platges de Bogatell i la Mar Bella<\/strong>, tamb\u00e9 trobareu <strong>Lugaris Beach<\/strong>, els nostres confortables <a href=\"https:\/\/www.lugaris.com\/ca\/lugaris-beach\/\">apartaments vora la platja de Barcelona<\/a> i amb vistes al mar.<br>Al seu torn, la <\/p>\n\n\n\n<p class=\"\"><strong>Barceloneta<\/strong> \u00e9s un dels enclavaments m\u00e9s t\u00edpics i singulars de Barcelona. Iniciat a mitjan segle XVIII, es tracta d\u2019un antic barri mariner que encara conserva algunes de les seves construccions tradicionals i un gran nombre de restaurants de marisc. A m\u00e9s, compta amb una platja de 1,1 km de longitud i el <strong>Museu d\u2019Hist\u00f2ria de Catalunya<\/strong>, des de la terrassa del qual es gaudeix d\u2019una panor\u00e0mica incomparable sobre el port. No gaire lluny, hi ha el complex l\u00fadic i esportiu del Port Ol\u00edmpic, que inclou el Casino de Barcelona. Tamb\u00e9 \u00e9s a tocar el Marem\u00e0gnum, un centre comercial amb botigues de moda que obren fins i tot els diumenges, restaurants i sales de cinema.<\/p>\n\n\n\n<p class=\"\"><\/p>\n\n            <\/div>\n                                            <div id=\"extra-info-10784\"\n                class=\"blocks__extra-info__content toggleable__target \">\n                \n<p class=\"text-justify\">El tram de l\u2019avinguda Diagonal m\u00e9s allunyat del mar amaga llocs de notable inter\u00e8s, com ara el <strong>Palau Reial<\/strong>, el monestir de <strong>Santa Maria de Pedralbes<\/strong>, de factura g\u00f2tica, o els <strong>pavellons de la finca G\u00fcell<\/strong>, un seguit d\u2019edificacions constru\u00efdes per Antoni Gaud\u00ed a l\u2019exclusiu barri de Pedralbes entre 1883 i 1887.<br>La zona tamb\u00e9 dona cabuda a uns grans magatzems i dos centres comercials: Pedralbes Centre i L\u2019Illa Diagonal, amb botigues de roba, bars i restaurants.<\/p>\n\n\n\n<p class=\"text-justify\"><br>L\u2019atracci\u00f3 estrella del barri de les Corts \u00e9s l\u2019estadi del FC Barcelona: el <strong>Camp Nou<\/strong>, el m\u00e9s gran d\u2019Europa amb 99.354 localitats. Aix\u00ed mateix, el seu museu \u00e9s un dels m\u00e9s visitats de tot Catalunya.<br>Molt a prop, hi ha el tranquil i selecte barri de <strong>Sarri\u00e0<\/strong>, un antic municipi que va ser independent fins a 1921 i que ha esdevingut un lloc idoni per a anar de compres, passejar, gaudir d\u2019un bon sopar o prendre una copa a algun dels locals dels carrers de Mari\u00e0 Cub\u00ed o Santal\u00f3.<\/p>\n\n            <\/div>\n                                            <div id=\"extra-info-10791\"\n                class=\"blocks__extra-info__content toggleable__target \">\n                \n<p class=\"text-justify\">El nucli originari de la ciutat conserva sorprenents <strong>vestigis romans<\/strong> \u2014com els de l\u2019antiga Barcino, que encara s\u2019estenen pel subsol de la pla\u00e7a del Rei\u2014 o les imponents columnes del temple d\u2019August, empla\u00e7ades al carrer del Parad\u00eds\u2014 i espectaculars construccions medievals. Dintre d\u2019aquest compendi, hi destaquen la <strong>catedral i l\u2019esgl\u00e9sia del Pi<\/strong>, d\u2019estil g\u00f2tic, sense oblidar el barri jueu o Call, amb racons com ara l\u2019evocadora pla\u00e7a de Sant Felip Neri o la <strong>sinagoga m\u00e9s antiga d\u2019Europa<\/strong>, situada al carrer de Marlet, 5 .<\/p>\n\n            <\/div>\n                                            <div id=\"extra-info-10797\"\n                class=\"blocks__extra-info__content toggleable__target \">\n                \n<p class=\"text-justify\">Es tracta d\u2019un dels barris m\u00e9s bohemis i amb m\u00e9s encant de Barcelona. A banda d\u2019albergar la <strong>bas\u00edlica de Santa Maria del Mar<\/strong>, un dels grans exponents del g\u00f2tic catal\u00e0, el seu mercat dona cabuda a les ru\u00efnes de diversos edificis i carrers que van ser arrasats el 1714, com a tr\u00e0gic resultat de la guerra de Successi\u00f3. Es tracta d\u2019un c<strong>omplex arqueol\u00f2gic \u00fanic a Europa<\/strong>, que apropa el visitant a un dels episodis m\u00e9s crucials de la hist\u00f2ria de la ciutat.<br>Al costat d\u2019aquest centre cultural hi ha el <strong>parc de la Ciutadella<\/strong>, un parc urb\u00e0 constru\u00eft amb motiu de l\u2019Exposici\u00f3 Universal de 1888 i que s\u2019aixeca sobre una antiga ciutadella militar. S\u2019hi localitzen el <strong>Parlament de Catalunya<\/strong>, la seu de l\u2019antic <strong>Museu de Zoologia<\/strong> i el <strong>Zoo de Barcelona<\/strong>, entre d\u2019altres edificis.<br>Aix\u00ed mateix, al Born tamb\u00e9 obren les seves portes el <strong>Museu Picasso<\/strong>, un dels m\u00e9s visitats de Catalunya, el <strong>Museu Europeu d\u2019Art Modern<\/strong> i el <strong>Museu de les Cultures del M\u00f3n<\/strong>. Tot aix\u00f2 sense obviar la dilatada oferta de restaurants i pubs que jalonen el passeig del Born.<\/p>\n\n            <\/div>\n                                            <div id=\"extra-info-10803\"\n                class=\"blocks__extra-info__content toggleable__target \">\n                \n<p class=\"text-justify\">Si hi ha un carrer pintoresc a Barcelona, aquest \u00e9s sens dubte el de<strong> les Rambles<\/strong>. Situat sobre una antiga riera, aplega un gran nombre de museus \u2014com el <strong>Museu Mar\u00edtim de Barcelona<\/strong>, el <strong>Museu de Cera<\/strong>, el <strong>Centre d\u2019Art Santa M\u00f2nica<\/strong> o el <strong>Museu de l\u2019Er\u00f2tica<\/strong>\u2014, teatres \u2014com el <strong>Gran Teatre del Liceu<\/strong>, el <strong>Teatre Principal<\/strong> o el <strong>Poliorama<\/strong>\u2014, el superb mercat de la Boqueria, restaurants, floristeries i paradetes d\u2019artesania a l\u2019aire lliure, on conviuen est\u00e0tues humanes, pintors, caricaturistes, m\u00fasics de carrer i turistes de totes les nacionalitats.<br>El tram final est\u00e0 presidit pel monument a Colom, una de les grans icones de la ciutat. Tampoc no desmereix la singular <strong>pla\u00e7a Reial<\/strong>, porticada i amb nombrosos restaurants, pubs i discoteques.<\/p>\n\n            <\/div>\n                        <\/div>\n\n    <span class=\"blocks__extra-info__list__button__left prev\"><\/span>\n    <span class=\"blocks__extra-info__list__button__right next\"><\/span>\n    <\/section>\n\n\n<section class=\"blocks__extra-info \" id=\"\">\n    <h3> <\/h3>\n\n    <div class=\"blocks__extra-info__list\">\n                    <div class=\"blocks__extra-info__item\" id=\"el-raval-i-el-parallel\">\n        <a\n                    href=\"#\" \n            class=\"toggleable__extra-info toggleable--open\"\n            data-target=\"#extra-info-10809\"\n            data-scope=\".blocks__extra-info .toggleable__extra-info, .blocks__extra-info .blocks__extra-info__content\"\n        \n        \n    >\n            <article class=\"blocks__extra-info__item__container\">\n            <img decoding=\"async\" src=\"https:\/\/www.lugaris.com\/app\/uploads\/2020\/04\/barcelona-1137876_1920-1.jpg\" class=\"blocks__extra-info__item__thumbnail\"><\/img>\n            <div  class=\"blocks__extra-info__item__content\">\n                <header>\n                    <h4 class=\"blocks__extra-info__item__title\">\n                        EL RAVAL I EL PARAL\u00b7LEL\n                    <\/h4>\n                <\/header>\n                <section>\n                    <p class=\"blocks__extra-info__item__excerpt\">\n                        Al costat sud de les Rambles arrenca el singular barri del Raval, l\u2019antic barri Xino, que pot presumir de ser la primera zona que es va habitar dintre dels dominis que avui conformen Barcelona. A &hellip;\n                    <\/p>\n                    \n                                        <span class=\"blocks__extra-info__item__read-more\">Llegir m\u00e9s<\/span>\n                    <span class=\"blocks__extra-info__item__read-less\">Llegir menys<\/span>\n                                    <\/section>\n            <\/div>\n        <\/article>\n        <\/a>\n    <\/div>\n                                <div class=\"blocks__extra-info__item\" id=\"montjuic\">\n        <a\n                    href=\"#\" \n            class=\"toggleable__extra-info \"\n            data-target=\"#extra-info-10815\"\n            data-scope=\".blocks__extra-info .toggleable__extra-info, .blocks__extra-info .blocks__extra-info__content\"\n        \n        \n    >\n            <article class=\"blocks__extra-info__item__container\">\n            <img decoding=\"async\" src=\"https:\/\/www.lugaris.com\/app\/uploads\/2020\/04\/vitaliy-zamedyanskiy-FGJTlEM4gTU-unsplash-1.jpg\" class=\"blocks__extra-info__item__thumbnail\"><\/img>\n            <div  class=\"blocks__extra-info__item__content\">\n                <header>\n                    <h4 class=\"blocks__extra-info__item__title\">\n                        MONTJU\u00cfC\n                    <\/h4>\n                <\/header>\n                <section>\n                    <p class=\"blocks__extra-info__item__excerpt\">\n                        A m\u00e9s de ser el lloc on s\u2019han trobat els indicis de pres\u00e8ncia humana m\u00e9s antics de Barcelona \u2014hi va haver una pedrera de jaspi que es va explotar des del 10000 aC. i fins &hellip;\n                    <\/p>\n                    \n                                        <span class=\"blocks__extra-info__item__read-more\">Llegir m\u00e9s<\/span>\n                    <span class=\"blocks__extra-info__item__read-less\">Llegir menys<\/span>\n                                    <\/section>\n            <\/div>\n        <\/article>\n        <\/a>\n    <\/div>\n                                <div class=\"blocks__extra-info__item\" id=\"tibidabo\">\n        <a\n                    href=\"#\" \n            class=\"toggleable__extra-info \"\n            data-target=\"#extra-info-10821\"\n            data-scope=\".blocks__extra-info .toggleable__extra-info, .blocks__extra-info .blocks__extra-info__content\"\n        \n        \n    >\n            <article class=\"blocks__extra-info__item__container\">\n            <img decoding=\"async\" src=\"https:\/\/www.lugaris.com\/app\/uploads\/2020\/04\/biel-morro-d0xjEv-WJQk-unsplash-1.jpg\" class=\"blocks__extra-info__item__thumbnail\"><\/img>\n            <div  class=\"blocks__extra-info__item__content\">\n                <header>\n                    <h4 class=\"blocks__extra-info__item__title\">\n                        TIBIDABO\n                    <\/h4>\n                <\/header>\n                <section>\n                    <p class=\"blocks__extra-info__item__excerpt\">\n                        La urbanitzaci\u00f3 d\u2019aquesta muntanya \u2014el punt m\u00e9s alt de Barcelona, situat a 512 m d\u2019altitud\u2014 i els seus voltants es va dur a terme a finals del segle XIX sota l\u2019impuls del doctor Salvador Andreu. &hellip;\n                    <\/p>\n                    \n                                        <span class=\"blocks__extra-info__item__read-more\">Llegir m\u00e9s<\/span>\n                    <span class=\"blocks__extra-info__item__read-less\">Llegir menys<\/span>\n                                    <\/section>\n            <\/div>\n        <\/article>\n        <\/a>\n    <\/div>\n                                <div class=\"blocks__extra-info__item\" id=\"arquitectura-modernista\">\n        <a\n                    href=\"#\" \n            class=\"toggleable__extra-info \"\n            data-target=\"#extra-info-10827\"\n            data-scope=\".blocks__extra-info .toggleable__extra-info, .blocks__extra-info .blocks__extra-info__content\"\n        \n        \n    >\n            <article class=\"blocks__extra-info__item__container\">\n            <img decoding=\"async\" src=\"https:\/\/www.lugaris.com\/app\/uploads\/2020\/04\/spain-106463_1280-1.jpg\" class=\"blocks__extra-info__item__thumbnail\"><\/img>\n            <div  class=\"blocks__extra-info__item__content\">\n                <header>\n                    <h4 class=\"blocks__extra-info__item__title\">\n                        Arquitectura modernista\n                    <\/h4>\n                <\/header>\n                <section>\n                    <p class=\"blocks__extra-info__item__excerpt\">\n                        No hauria d\u2019estranyar que Barcelona sigui coneguda com la capital mundial del modernisme. I \u00e9s que pocs llocs poden fer ombra a l\u2019her\u00e8ncia d\u2019Antoni Gaud\u00ed. Alguna de les seves obres m\u00e9s famoses \u2014com ara la &hellip;\n                    <\/p>\n                    \n                                        <span class=\"blocks__extra-info__item__read-more\">Llegir m\u00e9s<\/span>\n                    <span class=\"blocks__extra-info__item__read-less\">Llegir menys<\/span>\n                                    <\/section>\n            <\/div>\n        <\/article>\n        <\/a>\n    <\/div>\n                                <div class=\"blocks__extra-info__item\" id=\"els-voltants-de-barcelona\">\n        <a\n                    href=\"#\" \n            class=\"toggleable__extra-info \"\n            data-target=\"#extra-info-10833\"\n            data-scope=\".blocks__extra-info .toggleable__extra-info, .blocks__extra-info .blocks__extra-info__content\"\n        \n        \n    >\n            <article class=\"blocks__extra-info__item__container\">\n            <img decoding=\"async\" src=\"https:\/\/www.lugaris.com\/app\/uploads\/2020\/04\/montserrat-1305368_1280-1.jpg\" class=\"blocks__extra-info__item__thumbnail\"><\/img>\n            <div  class=\"blocks__extra-info__item__content\">\n                <header>\n                    <h4 class=\"blocks__extra-info__item__title\">\n                        ELS VOLTANTS DE BARCELONA\n                    <\/h4>\n                <\/header>\n                <section>\n                    <p class=\"blocks__extra-info__item__excerpt\">\n                        A m\u00e9s dels incomptables reclams que aplega Barcelona, la prov\u00edncia tamb\u00e9 ofereix molts altres al\u00b7licients. Com a exemple, nom\u00e9s cal recordar Santa Coloma de Cervell\u00f3, municipi que acull la cripta de la Col\u00f2nia G\u00fcell, obra &hellip;\n                    <\/p>\n                    \n                                        <span class=\"blocks__extra-info__item__read-more\">Llegir m\u00e9s<\/span>\n                    <span class=\"blocks__extra-info__item__read-less\">Llegir menys<\/span>\n                                    <\/section>\n            <\/div>\n        <\/article>\n        <\/a>\n    <\/div>\n                        <\/div>\n\n        <div class=\"blocks__extra-info__content__container\">\n                                <div id=\"extra-info-10809\"\n                class=\"blocks__extra-info__content toggleable__target toggleable__target--open\">\n                \n<p class=\"\">Al costat sud de les Rambles arrenca el singular barri del Raval, l\u2019antic barri Xino, que pot presumir de ser la primera zona que es va habitar dintre dels dominis que avui conformen Barcelona. A m\u00e9s d\u2019alguns monuments de notable inter\u00e8s, com ara el monestir de <strong>Sant Pau del Camp<\/strong>, d\u2019estil rom\u00e0nic, l\u2019<strong>antic hospital de la Santa Creu<\/strong> o el ja esmentat <strong>Palau G\u00fcell<\/strong>, tamb\u00e9 destaca per la seva oferta de restauraci\u00f3 i oci nocturn, aix\u00ed com per la seva ambient cosmopolita: no debades, m\u00e9s de la meitat dels seus habitants s\u00f3n estrangers.<br>El seu l\u00edmit natural \u00e9s l\u2019<strong>avinguda del Paral\u00b7lel<\/strong>, que fins al primer ter\u00e7 del segle XX va albergar la major concentraci\u00f3 de teatres i sales de festes d\u2019Europa. Alguns, com ara els <strong>teatres Condal, Vict\u00f2ria i Apolo<\/strong>, encara s\u00f3n en funcionament.<\/p>\n\n            <\/div>\n                                            <div id=\"extra-info-10815\"\n                class=\"blocks__extra-info__content toggleable__target \">\n                \n<p class=\"text-justify\">A m\u00e9s de ser el lloc on s\u2019han trobat els indicis de pres\u00e8ncia humana m\u00e9s antics de Barcelona \u2014hi va haver una pedrera de jaspi que es va explotar des del 10000 aC. i fins a l\u2019\u00e8poca romana\u2014-, la muntanya de Montju\u00efc compta amb un dels ventalls de propostes de cultura i lleure m\u00e9s importants de Barcelona.<br>Urbanitzada amb motiu de l\u2019Exposici\u00f3 Internacional de 1929, la zona acull el <strong>Museu Nacional d\u2019Art de Catalunya<\/strong>, ubicat al costat de la captivadora <strong>Font M\u00e0gica<\/strong>, posse\u00efdor de la col\u00b7lecci\u00f3 de pintura rom\u00e0nica m\u00e9s important del m\u00f3n; el Museu Arqueol\u00f2gic, el Museu Etnol\u00f2gic, el CaixaF\u00f2rum, el Museu Ol\u00edmpic i de l\u2019Esport Joan Antoni Samaranch, el Teatre Lliure, el Teatre Grec, el Jard\u00ed Bot\u00e0nic i el <strong>Poble Espanyol<\/strong>, un recinte que recrea exemples d\u2019arquitectura popular de tot l\u2019Estat, i on tamb\u00e9 hi ha restaurants, botigues, tallers d\u2019artesania, sales d\u2019exposicions, discoteques i, fins i tot, un tablao flamenc.<br>S\u2019hi hauria d\u2019apuntar tamb\u00e9 l\u2019<strong>Anella Ol\u00edmpica<\/strong>, on s\u2019alcen l\u2019<strong>estadi Llu\u00eds Companys<\/strong>, la <strong>torre de Calatrava<\/strong> i el <strong>Palau Sant Jordi.<\/strong><br>D\u2019altra banda, el castell de Montju\u00efc permet gaudir d\u2019una de les panor\u00e0miques sobre Barcelona m\u00e9s colpidores.<\/p>\n\n            <\/div>\n                                            <div id=\"extra-info-10821\"\n                class=\"blocks__extra-info__content toggleable__target \">\n                \n<p class=\"text-justify\">La urbanitzaci\u00f3 d\u2019aquesta muntanya \u2014el punt m\u00e9s alt de Barcelona, situat a 512 m d\u2019altitud\u2014 i els seus voltants es va dur a terme a finals del segle XIX sota l\u2019impuls del doctor Salvador Andreu. Sens dubte, el seu principal al\u00b7licient \u00e9s el <strong>parc d\u2019atraccions del Tibidabo<\/strong>, de 70.000 m2 i el m\u00e9s antic en funcionament de l\u2019Estat i el tercer d\u2019Europa. Algunes de les seves atraccions, com <strong>La Talaia<\/strong> o <strong>L\u2019Avi\u00f3<\/strong>, s\u00f3n gaireb\u00e9 centen\u00e0ries. La seva antiguitat \u00e9s compartida amb una altra de les joies del complex: el curi\u00f3s <strong>Museu d\u2019Aut\u00f2mats<\/strong>, que obre les seves portes a un antic teatre de 1909.<br>Altres racons emblem\u00e0tics de la muntanya del Tibidabo s\u00f3n el temple <strong>Expiatori del Sagrat Cor<\/strong> (1902-1961) i la <strong>torre de Collserola<\/strong>, de 288 m i obra de l\u2019arquitecte brit\u00e0nic Norman Foster.<br>Molt a prop de l\u2019avinguda del Tibidabo, hi ha el CosmoCaixa, conegut fins fa uns anys com Museu de la Ci\u00e8ncia.<\/p>\n\n            <\/div>\n                                            <div id=\"extra-info-10827\"\n                class=\"blocks__extra-info__content toggleable__target \">\n                \n<p class=\"text-justify\">No hauria d\u2019estranyar que Barcelona sigui coneguda com la capital mundial del modernisme. I \u00e9s que pocs llocs poden fer ombra a l\u2019her\u00e8ncia d\u2019Antoni Gaud\u00ed. Alguna de les seves obres m\u00e9s famoses \u2014com ara la <strong>Sagrada Fam\u00edlia<\/strong>, la <strong>Casa Mil\u00e0<\/strong> (coneguda com La Pedrera), la <strong>Casa Batll\u00f3<\/strong>, el <strong>Parc G\u00fcell,<\/strong> el <strong>Palau G\u00fcell<\/strong> i la <strong>Casa Vicens<\/strong>\u2014 han estat declarades Patrimoni de la Humanitat per la UNESCO. Aquesta distinci\u00f3 tamb\u00e9 ha estat assolida per altres dos recintes modernistes de la ciutat: l\u2019<strong>Hospital de Sant Pau i el Palau de la M\u00fasica Catalana<\/strong>, dissenyats per Llu\u00eds Dom\u00e8nech i Montaner.<br>Altres construccions modernistes d\u2019inter\u00e8s s\u00f3n la<strong> Casa de les Punxes o Casa Terradas<\/strong>, a la conflu\u00e8ncia de l\u2019avinguda Diagonal amb el passeig de Gr\u00e0cia, la Casa Ametller i la Casa Lle\u00f3 Morera, totes dues situades a aquesta \u00faltima art\u00e8ria. Igualment impactants s\u00f3n el <strong>Col\u00b7legi de les Teresianes o la Torre Bellesguard<\/strong>, que tamb\u00e9 duen la r\u00fabrica de Gaud\u00ed.<\/p>\n\n            <\/div>\n                                            <div id=\"extra-info-10833\"\n                class=\"blocks__extra-info__content toggleable__target \">\n                \n<p class=\"text-justify\">A m\u00e9s dels incomptables reclams que aplega Barcelona, la prov\u00edncia tamb\u00e9 ofereix molts altres al\u00b7licients. Com a exemple, nom\u00e9s cal recordar Santa Coloma de Cervell\u00f3, municipi que acull la <strong>cripta de la Col\u00f2nia G\u00fcell<\/strong>, obra de Gaud\u00ed i inclosa en la llista del Patrimoni de la Humanitat de la UNESCO des de l\u2019any 2005.<br>No menys interessant s\u00f3n ciutats com <strong>Sitges<\/strong>, situada a tan sols 40 km de Barcelona i un dels laboratoris del modernisme catal\u00e0. Les seves extraordin\u00e0ries vistes al mar, les seves platges i la seva atape\u00efda agenda cultural, amb el Festival de Cinema Fant\u00e0stic o el carnaval com a punta de llan\u00e7a, expliquen per qu\u00e8 visitar aquesta localitat \u00e9s una assignatura pendent.<br>Aix\u00ed mateix, Barcelona tamb\u00e9 \u00e9s ben a prop del <strong>Circuit de Barcelona-Catalunya<\/strong>, a Montmel\u00f3 i de la inconfusible muntanya de <strong>Montserrat<\/strong>, una formaci\u00f3 geol\u00f2gica singular i dotada d\u2019una forta connotaci\u00f3 espiritual, cultural i fins i tot m\u00e0gica. Tamb\u00e9 \u00e9s a prop el <strong>Montseny<\/strong>, un Parc Natural declarat Reserva de la Biosfera per la UNESCO el 1978, i la zona industrial de <strong>Berga<\/strong>, famosa per La Patum, festa que \u00e9s Patrimoni Cultural Immaterial de la Humanitat des del 2005.<br>A l\u2019hora de fer compres, es recomana visitar <strong>La Roca Village<\/strong>, un complex d\u2019outlets al que es pot accedir amb bus des de diversos punts de la ciutat de Barcelona.<\/p>\n\n            <\/div>\n                        <\/div>\n\n    <span class=\"blocks__extra-info__list__button__left prev\"><\/span>\n    <span class=\"blocks__extra-info__list__button__right next\"><\/span>\n    <\/section>\n\n\n\n<div class=\"wp-block-group has-very-light-gray-background-color has-background\" id=\"gastro\"><div class=\"wp-block-group__inner-container is-layout-flow wp-block-group-is-layout-flow\">\n<h2 class=\"has-text-align-left p-3 wp-block-heading\">GASTRONOM\u00cdA CATALANA<\/h2>\n<\/div><\/div>\n\n\n\n<div class=\"wp-block-image\"><figure class=\"aligncenter size-full is-resized\"><img decoding=\"async\" src=\"https:\/\/www.lugaris.com\/app\/uploads\/2020\/06\/cream-4183410_1920-1.jpg\" alt=\"\" class=\"wp-image-10104\" width=\"1920\" srcset=\"https:\/\/www.lugaris.com\/app\/uploads\/2020\/06\/cream-4183410_1920-1.jpg 1280w, https:\/\/www.lugaris.com\/app\/uploads\/2020\/06\/cream-4183410_1920-1-300x122.jpg 300w, https:\/\/www.lugaris.com\/app\/uploads\/2020\/06\/cream-4183410_1920-1-1024x416.jpg 1024w, https:\/\/www.lugaris.com\/app\/uploads\/2020\/06\/cream-4183410_1920-1-768x312.jpg 768w\" sizes=\"(max-width: 1280px) 100vw, 1280px\" \/><\/figure><\/div>\n\n\n\n<p class=\"\">Amb una tradici\u00f3 culin\u00e0ria que s\u2019inscriu a la&nbsp;<strong>dieta mediterr\u00e0nia<\/strong>&nbsp;\u2014declarada Patrimoni Immaterial de la Humanitat per la UNESCO el 2010 i el 2013\u2014, Barcelona \u00e9s una de les destinacions favorites per als foodies d\u2019arreu del m\u00f3n.<\/p>\n\n\n\n<p class=\"\">Amb un cat\u00e0leg de&nbsp;<strong>m\u00e9s de 7.400 bars i restaurants<\/strong>, concentrats fonamentalment al districte de l\u2019Eixample, Barcelona \u00e9s un lloc ideal acostar-se a la millor versi\u00f3 de la cuina catalana i de mercat, aix\u00ed com a qualsevol especialitat de la cuina internacional.<\/p>\n\n\n\n<p class=\"\">De la mateixa manera, tampoc s\u2019hauria de passar per alt que la Ciutat Comtal aplega restaurants dirigits per xefs guardonats amb estrelles Michelin, com Carme Ruscalleda (al capdavant de&nbsp;<strong>Moments<\/strong>, a l\u2019hotel Mandarin Oriental), Mart\u00edn Berasategui (<strong>Lasarte<\/strong>, a l\u2019Hotel Comtes de Barcelona), Jordi Cruz (<strong>\u00c0bac<\/strong>) o Sergi Arola (<strong>Hotel Arts<\/strong>). Aix\u00ed mateix, Ferran Adri\u00e0 tamb\u00e9 ultima el seu aterratge a la capital catalana.<\/p>\n\n\n\n<p class=\"\">D\u2019altra banda, el nucli antic dona cabuda a&nbsp;<strong>Can Culleretes<\/strong>, un establiment fundat el 1786 i que, segons el llibre Guiness dels r\u00e8cords, \u00e9s el&nbsp;<strong>segon restaurant m\u00e9s antic de l\u2019Estat.<\/strong><\/p>\n\n\n\n<p class=\"\">Encara que la ciutat de Barcelona no \u00e9s productora de mat\u00e8ries primeres \u2014de fet, pr\u00e0cticament no disposa de superf\u00edcie agr\u00edcola o explotacions de granja\u2014 no es pot dir el mateix de la seva \u00e0rea metropolitana, famosa pel pollastre i la carxofa del Prat, o de la prov\u00edncia, amb articles tan preuats com la maduixa del Maresme o els embotits de la comarca d\u2019Osona, amb el fuet de Vic com a vaixell ins\u00edgnia.<\/p>\n\n\n\n<p class=\"\">Entre els plats m\u00e9s tradicionals de la gastronomia de Barcelona, cal referir-se als&nbsp;<strong>canelons Rossini<\/strong>, que van entrar al receptari catal\u00e0 a la fi del segle XIX; la&nbsp;<strong>sopa de galets<\/strong>,&nbsp;<strong>l\u2019escudella<\/strong>&nbsp;i la&nbsp;<strong>carn d\u2019olla<\/strong>, plats que no falten a taula al Nadal.<\/p>\n\n\n\n<p class=\"\">Tamb\u00e9 tenen un llarg recorregut&nbsp;<strong>l\u2019esqueixada<\/strong>&nbsp;i el&nbsp;<strong>bacall\u00e0 a la llauna<\/strong>&nbsp;(dues especialitats a base de bacall\u00e0),&nbsp;<strong>l\u2019escalivada<\/strong>&nbsp;i els espinacs a la catalana. I com no podia ser d\u2019una altra manera, l\u2019indefectible&nbsp;<strong>pa amb tom\u00e0quet.<\/strong><\/p>\n\n\n\n<p class=\"\">A l\u2019hora de les postres, val la pena tastar la&nbsp;<strong>crema de Sant Josep o crema catalana<\/strong>, el&nbsp;<strong>mat\u00f3 de Pedralbes<\/strong>&nbsp;(un tipus de formatge fresc), el&nbsp;<strong>bra\u00e7 cremat<\/strong>&nbsp;(o bra\u00e7 de gitano), els&nbsp;<strong>pets de monja<\/strong>, les&nbsp;<strong>coques de Montserrat<\/strong>&nbsp;, la irresistible&nbsp;<strong>llet de pantera<\/strong>&nbsp;(una beguda amb llet condensada i molt estesa al barri G\u00f2tic) i els&nbsp;<strong>panellets<\/strong>, t\u00edpics de Tots Sants.<\/p>\n\n\n\n<p class=\"\">Altres dol\u00e7os i productes de rebosteria lligats al calendari s\u00f3n el&nbsp;<strong>pa de Sant Jordi<\/strong>, el&nbsp;<strong>tortell de Reis<\/strong>, les&nbsp;<strong>mones de Pasqua<\/strong>&nbsp;o la&nbsp;<strong>coca de Sant Joan<\/strong>.<\/p>\n\n\n\n<p class=\"\">Us imagineu com ser\u00e0 la sensaci\u00f3 d\u2019assaborir aquestes i altres del\u00edcies al balc\u00f3 o la terrassa dels nostres&nbsp;<strong>apartaments a Barcelona<\/strong>?<\/p>\n\n\n\n<p class=\"\"><\/p>\n\n\n\n<div class=\"wp-block-group has-very-light-gray-background-color has-background\" id=\"ferias\"><div class=\"wp-block-group__inner-container is-layout-flow wp-block-group-is-layout-flow\">\n<h2 class=\"has-text-align-left p-3 wp-block-heading\">FIRES, FESTES I ESDEVENIMENTS A BARCELONA<\/h2>\n<\/div><\/div>\n\n\n\n<div class=\"wp-block-image\"><figure class=\"aligncenter size-full is-resized\"><img decoding=\"async\" src=\"https:\/\/www.lugaris.com\/app\/uploads\/2020\/06\/zach-rowlandson-Jnr4wigOj2A-unsplash-1.jpg\" alt=\"\" class=\"wp-image-10111\" width=\"1920\" srcset=\"https:\/\/www.lugaris.com\/app\/uploads\/2020\/06\/zach-rowlandson-Jnr4wigOj2A-unsplash-1.jpg 1280w, https:\/\/www.lugaris.com\/app\/uploads\/2020\/06\/zach-rowlandson-Jnr4wigOj2A-unsplash-1-300x122.jpg 300w, https:\/\/www.lugaris.com\/app\/uploads\/2020\/06\/zach-rowlandson-Jnr4wigOj2A-unsplash-1-1024x416.jpg 1024w, https:\/\/www.lugaris.com\/app\/uploads\/2020\/06\/zach-rowlandson-Jnr4wigOj2A-unsplash-1-768x312.jpg 768w\" sizes=\"(max-width: 1280px) 100vw, 1280px\" \/><\/figure><\/div>\n\n\n\n<p class=\"\">Al marge de la seva generosa oferta tur\u00edstica, Barcelona tamb\u00e9 destaca per la seva variada programaci\u00f3 esdeveniments i festivals. S\u2019hi inclouen des del&nbsp;<strong>Mobile World Congress<\/strong>, la principal cita mundial pel que fa a la telefonia m\u00f2bil, fins al&nbsp;<strong>Sal\u00f3 Internacional de l\u2019Autom\u00f2bil<\/strong>, biennal i celebrat tamb\u00e9 al recinte de Fira de Barcelona, a Montju\u00efc.<\/p>\n\n\n\n<p class=\"\">La programaci\u00f3 d\u2019arts esc\u00e8niques \u00e9s igualment remarcable, amb festivals com el&nbsp;<strong>Primavera Sound<\/strong>, que t\u00e9 lloc entre finals de maig i comen\u00e7aments de juny, o el&nbsp;<strong>Festival Internacional de M\u00fasica Avan\u00e7ada<\/strong>&nbsp;(<strong>S\u00f2nar<\/strong>), consagrat a la m\u00fasica electr\u00f2nica i que es porta a terme a mitjan juny.<\/p>\n\n\n\n<p class=\"\">Altres festivals de pes s\u00f3n el&nbsp;<strong>Grec<\/strong>, d\u2019arts esc\u00e8niques i que se celebra a l\u2019estiu, o les&nbsp;<strong>festes de la Merc\u00e8<\/strong>&nbsp;(el 24 de setembre i els dies precedents), dedicades a la patrona de Barcelona i amb concerts gratu\u00efts a c\u00e0rrec dels millors grups del panorama nacional i internacional.<\/p>\n\n\n\n<p class=\"\">A l\u2019agost, les f<strong>estes de Gr\u00e0cia i Sants<\/strong>, en qu\u00e8 els carrers decorats s\u00f3n els grans protagonistes, tamb\u00e9 s\u00f3n indispensables.<\/p>\n\n\n\n<p class=\"\">Aix\u00ed mateix, conv\u00e9 referir-se a&nbsp;<strong>Aliment\u00e0ria Barcelona<\/strong>, una fira multitudin\u00e0ria que es posa en marxa els darreres dies d\u2019abril; el&nbsp;<strong>Sal\u00f3 del C\u00f2mic<\/strong>, que s\u2019organitza a principis de maig, i el&nbsp;<strong>Sal\u00f3 del Manga<\/strong>, a finals d\u2019octubre.<br>Finalment, tamb\u00e9 s\u2019ha consolidat Corpus Christi, moment en qu\u00e8 diversos patis del centre de la ciutat s\u2019engalanen amb flors. A m\u00e9s, es col\u00b7loca sobre les fonts i brolladors un ou que mant\u00e9 l\u2019equilibri sobre l\u2019aigua, costum del segle XVII conegut com<strong>&nbsp;l\u2019Ou com Balla<\/strong>.<\/p>\n\n\n\n<p class=\"\">Sens dubte, llogar apartaments de luxe a Barcelona \u2014alguns dels quals s\u00f3n a l\u2019al\u00e7ada dels grans hotels\u2014 pot ser la manera m\u00e9s escaient de gaudir al m\u00e0xim de tot all\u00f2 que ofereix aquesta inenarrable ciutat mediterr\u00e0nia.<br>Animeu-vos a comprovar-ho!<\/p>\n\n\n\n<p class=\"\"><\/p>\n","protected":false},"excerpt":{"rendered":"<p>Tota la informaci\u00f3 que necesites per no deixar-te res per veure a la Ciutat Condal. Coneix la ciutat de Barcelona amb Lugaris.com i gaudeix de les maravelles de Barcelona.<\/p>\n","protected":false},"author":4,"featured_media":10240,"parent":0,"menu_order":0,"comment_status":"closed","ping_status":"closed","template":"","meta":{"_uag_custom_page_level_css":"","footnotes":""},"yoast_head":"<!-- This site is optimized with the Yoast SEO plugin v23.1 - https:\/\/yoast.com\/wordpress\/plugins\/seo\/ -->\n<title>Guia de Barcelona | Qu\u00e8 veure i qu\u00e8 visitar a Barcelona<\/title>\n<meta name=\"description\" content=\"Veniu a Barcelona i voleu gaudir-hi dels indrets m\u00e9s interessants? En aquest cas, us convidem a consultar la nostra guia de Barcelona.\" \/>\n<meta name=\"robots\" content=\"index, follow, max-snippet:-1, max-image-preview:large, max-video-preview:-1\" \/>\n<link rel=\"canonical\" href=\"https:\/\/www.lugaris.com\/ca\/guia-de-barcelona\/\" \/>\n<meta property=\"og:locale\" content=\"ca_ES\" \/>\n<meta property=\"og:type\" content=\"article\" \/>\n<meta property=\"og:title\" content=\"Guia de Barcelona | Qu\u00e8 veure i qu\u00e8 visitar a Barcelona\" \/>\n<meta property=\"og:description\" content=\"Veniu a Barcelona i voleu gaudir-hi dels indrets m\u00e9s interessants? En aquest cas, us convidem a consultar la nostra guia de Barcelona.\" \/>\n<meta property=\"og:url\" content=\"https:\/\/www.lugaris.com\/ca\/guia-de-barcelona\/\" \/>\n<meta property=\"og:site_name\" content=\"Lugaris\" \/>\n<meta property=\"article:modified_time\" content=\"2020-08-31T09:56:04+00:00\" \/>\n<meta property=\"og:image\" content=\"https:\/\/www.lugaris.com\/app\/uploads\/2020\/07\/barcelona-2673663_1920-1-1.jpg\" \/>\n\t<meta property=\"og:image:width\" content=\"815\" \/>\n\t<meta property=\"og:image:height\" content=\"816\" \/>\n\t<meta property=\"og:image:type\" content=\"image\/jpeg\" \/>\n<meta name=\"twitter:card\" content=\"summary_large_image\" \/>\n<meta name=\"twitter:label1\" content=\"Est. reading time\" \/>\n\t<meta name=\"twitter:data1\" content=\"9 minutes\" \/>\n<script type=\"application\/ld+json\" class=\"yoast-schema-graph\">{\"@context\":\"https:\/\/schema.org\",\"@graph\":[{\"@type\":\"WebPage\",\"@id\":\"https:\/\/www.lugaris.com\/ca\/guia-de-barcelona\/\",\"url\":\"https:\/\/www.lugaris.com\/ca\/guia-de-barcelona\/\",\"name\":\"Guia de Barcelona | Qu\u00e8 veure i qu\u00e8 visitar a Barcelona\",\"isPartOf\":{\"@id\":\"https:\/\/www.lugaris.com\/ca\/#website\"},\"primaryImageOfPage\":{\"@id\":\"https:\/\/www.lugaris.com\/ca\/guia-de-barcelona\/#primaryimage\"},\"image\":{\"@id\":\"https:\/\/www.lugaris.com\/ca\/guia-de-barcelona\/#primaryimage\"},\"thumbnailUrl\":\"https:\/\/www.lugaris.com\/app\/uploads\/2020\/07\/barcelona-2673663_1920-1-1.jpg\",\"datePublished\":\"2020-04-16T16:04:13+00:00\",\"dateModified\":\"2020-08-31T09:56:04+00:00\",\"description\":\"Veniu a Barcelona i voleu gaudir-hi dels indrets m\u00e9s interessants? En aquest cas, us convidem a consultar la nostra guia de Barcelona.\",\"breadcrumb\":{\"@id\":\"https:\/\/www.lugaris.com\/ca\/guia-de-barcelona\/#breadcrumb\"},\"inLanguage\":\"ca\",\"potentialAction\":[{\"@type\":\"ReadAction\",\"target\":[\"https:\/\/www.lugaris.com\/ca\/guia-de-barcelona\/\"]}]},{\"@type\":\"ImageObject\",\"inLanguage\":\"ca\",\"@id\":\"https:\/\/www.lugaris.com\/ca\/guia-de-barcelona\/#primaryimage\",\"url\":\"https:\/\/www.lugaris.com\/app\/uploads\/2020\/07\/barcelona-2673663_1920-1-1.jpg\",\"contentUrl\":\"https:\/\/www.lugaris.com\/app\/uploads\/2020\/07\/barcelona-2673663_1920-1-1.jpg\",\"width\":815,\"height\":816},{\"@type\":\"BreadcrumbList\",\"@id\":\"https:\/\/www.lugaris.com\/ca\/guia-de-barcelona\/#breadcrumb\",\"itemListElement\":[{\"@type\":\"ListItem\",\"position\":1,\"name\":\"Home\",\"item\":\"https:\/\/www.lugaris.com\/ca\/\"},{\"@type\":\"ListItem\",\"position\":2,\"name\":\"Guia de Barcelona\"}]},{\"@type\":\"WebSite\",\"@id\":\"https:\/\/www.lugaris.com\/ca\/#website\",\"url\":\"https:\/\/www.lugaris.com\/ca\/\",\"name\":\"Lugaris\",\"description\":\"Apartamentos de vacaciones en Barcelona\",\"publisher\":{\"@id\":\"https:\/\/www.lugaris.com\/ca\/#organization\"},\"potentialAction\":[{\"@type\":\"SearchAction\",\"target\":{\"@type\":\"EntryPoint\",\"urlTemplate\":\"https:\/\/www.lugaris.com\/ca\/?s={search_term_string}\"},\"query-input\":\"required name=search_term_string\"}],\"inLanguage\":\"ca\"},{\"@type\":\"Organization\",\"@id\":\"https:\/\/www.lugaris.com\/ca\/#organization\",\"name\":\"Lugaris Apartments in Barcelona\",\"url\":\"https:\/\/www.lugaris.com\/ca\/\",\"logo\":{\"@type\":\"ImageObject\",\"inLanguage\":\"ca\",\"@id\":\"https:\/\/www.lugaris.com\/ca\/#\/schema\/logo\/image\/\",\"url\":\"https:\/\/www.lugaris.com\/app\/uploads\/2020\/03\/Logo_lugaris_v2.png\",\"contentUrl\":\"https:\/\/www.lugaris.com\/app\/uploads\/2020\/03\/Logo_lugaris_v2.png\",\"width\":285,\"height\":257,\"caption\":\"Lugaris Apartments in Barcelona\"},\"image\":{\"@id\":\"https:\/\/www.lugaris.com\/ca\/#\/schema\/logo\/image\/\"}}]}<\/script>\n<!-- \/ Yoast SEO plugin. -->","yoast_head_json":{"title":"Guia de Barcelona | Qu\u00e8 veure i qu\u00e8 visitar a Barcelona","description":"Veniu a Barcelona i voleu gaudir-hi dels indrets m\u00e9s interessants? En aquest cas, us convidem a consultar la nostra guia de Barcelona.","robots":{"index":"index","follow":"follow","max-snippet":"max-snippet:-1","max-image-preview":"max-image-preview:large","max-video-preview":"max-video-preview:-1"},"canonical":"https:\/\/www.lugaris.com\/ca\/guia-de-barcelona\/","og_locale":"ca_ES","og_type":"article","og_title":"Guia de Barcelona | Qu\u00e8 veure i qu\u00e8 visitar a Barcelona","og_description":"Veniu a Barcelona i voleu gaudir-hi dels indrets m\u00e9s interessants? En aquest cas, us convidem a consultar la nostra guia de Barcelona.","og_url":"https:\/\/www.lugaris.com\/ca\/guia-de-barcelona\/","og_site_name":"Lugaris","article_modified_time":"2020-08-31T09:56:04+00:00","og_image":[{"width":815,"height":816,"url":"https:\/\/www.lugaris.com\/app\/uploads\/2020\/07\/barcelona-2673663_1920-1-1.jpg","type":"image\/jpeg"}],"twitter_card":"summary_large_image","twitter_misc":{"Est. reading time":"9 minutes"},"schema":{"@context":"https:\/\/schema.org","@graph":[{"@type":"WebPage","@id":"https:\/\/www.lugaris.com\/ca\/guia-de-barcelona\/","url":"https:\/\/www.lugaris.com\/ca\/guia-de-barcelona\/","name":"Guia de Barcelona | Qu\u00e8 veure i qu\u00e8 visitar a Barcelona","isPartOf":{"@id":"https:\/\/www.lugaris.com\/ca\/#website"},"primaryImageOfPage":{"@id":"https:\/\/www.lugaris.com\/ca\/guia-de-barcelona\/#primaryimage"},"image":{"@id":"https:\/\/www.lugaris.com\/ca\/guia-de-barcelona\/#primaryimage"},"thumbnailUrl":"https:\/\/www.lugaris.com\/app\/uploads\/2020\/07\/barcelona-2673663_1920-1-1.jpg","datePublished":"2020-04-16T16:04:13+00:00","dateModified":"2020-08-31T09:56:04+00:00","description":"Veniu a Barcelona i voleu gaudir-hi dels indrets m\u00e9s interessants? En aquest cas, us convidem a consultar la nostra guia de Barcelona.","breadcrumb":{"@id":"https:\/\/www.lugaris.com\/ca\/guia-de-barcelona\/#breadcrumb"},"inLanguage":"ca","potentialAction":[{"@type":"ReadAction","target":["https:\/\/www.lugaris.com\/ca\/guia-de-barcelona\/"]}]},{"@type":"ImageObject","inLanguage":"ca","@id":"https:\/\/www.lugaris.com\/ca\/guia-de-barcelona\/#primaryimage","url":"https:\/\/www.lugaris.com\/app\/uploads\/2020\/07\/barcelona-2673663_1920-1-1.jpg","contentUrl":"https:\/\/www.lugaris.com\/app\/uploads\/2020\/07\/barcelona-2673663_1920-1-1.jpg","width":815,"height":816},{"@type":"BreadcrumbList","@id":"https:\/\/www.lugaris.com\/ca\/guia-de-barcelona\/#breadcrumb","itemListElement":[{"@type":"ListItem","position":1,"name":"Home","item":"https:\/\/www.lugaris.com\/ca\/"},{"@type":"ListItem","position":2,"name":"Guia de Barcelona"}]},{"@type":"WebSite","@id":"https:\/\/www.lugaris.com\/ca\/#website","url":"https:\/\/www.lugaris.com\/ca\/","name":"Lugaris","description":"Apartamentos de vacaciones en Barcelona","publisher":{"@id":"https:\/\/www.lugaris.com\/ca\/#organization"},"potentialAction":[{"@type":"SearchAction","target":{"@type":"EntryPoint","urlTemplate":"https:\/\/www.lugaris.com\/ca\/?s={search_term_string}"},"query-input":"required name=search_term_string"}],"inLanguage":"ca"},{"@type":"Organization","@id":"https:\/\/www.lugaris.com\/ca\/#organization","name":"Lugaris Apartments in Barcelona","url":"https:\/\/www.lugaris.com\/ca\/","logo":{"@type":"ImageObject","inLanguage":"ca","@id":"https:\/\/www.lugaris.com\/ca\/#\/schema\/logo\/image\/","url":"https:\/\/www.lugaris.com\/app\/uploads\/2020\/03\/Logo_lugaris_v2.png","contentUrl":"https:\/\/www.lugaris.com\/app\/uploads\/2020\/03\/Logo_lugaris_v2.png","width":285,"height":257,"caption":"Lugaris Apartments in Barcelona"},"image":{"@id":"https:\/\/www.lugaris.com\/ca\/#\/schema\/logo\/image\/"}}]}},"uagb_featured_image_src":{"full":["https:\/\/www.lugaris.com\/app\/uploads\/2020\/07\/barcelona-2673663_1920-1-1.jpg",815,816,false],"thumbnail":["https:\/\/www.lugaris.com\/app\/uploads\/2020\/07\/barcelona-2673663_1920-1-1-150x150.jpg",150,150,true],"medium":["https:\/\/www.lugaris.com\/app\/uploads\/2020\/07\/barcelona-2673663_1920-1-1-300x300.jpg",300,300,true],"medium_large":["https:\/\/www.lugaris.com\/app\/uploads\/2020\/07\/barcelona-2673663_1920-1-1-768x769.jpg",768,769,true],"large":["https:\/\/www.lugaris.com\/app\/uploads\/2020\/07\/barcelona-2673663_1920-1-1.jpg",815,816,false],"1536x1536":["https:\/\/www.lugaris.com\/app\/uploads\/2020\/07\/barcelona-2673663_1920-1-1.jpg",815,816,false],"2048x2048":["https:\/\/www.lugaris.com\/app\/uploads\/2020\/07\/barcelona-2673663_1920-1-1.jpg",815,816,false]},"uagb_author_info":{"display_name":"Roberto Bordi","author_link":"https:\/\/www.lugaris.com\/ca\/author\/rbb2-performance-es\/"},"uagb_comment_info":0,"uagb_excerpt":"Tota la informaci\u00f3 que necesites per no deixar-te res per veure a la Ciutat Condal. Coneix la ciutat de Barcelona amb Lugaris.com i gaudeix de les maravelles de Barcelona.","_links":{"self":[{"href":"https:\/\/www.lugaris.com\/ca\/wp-json\/wp\/v2\/pages\/11551"}],"collection":[{"href":"https:\/\/www.lugaris.com\/ca\/wp-json\/wp\/v2\/pages"}],"about":[{"href":"https:\/\/www.lugaris.com\/ca\/wp-json\/wp\/v2\/types\/page"}],"author":[{"embeddable":true,"href":"https:\/\/www.lugaris.com\/ca\/wp-json\/wp\/v2\/users\/4"}],"replies":[{"embeddable":true,"href":"https:\/\/www.lugaris.com\/ca\/wp-json\/wp\/v2\/comments?post=11551"}],"version-history":[{"count":4,"href":"https:\/\/www.lugaris.com\/ca\/wp-json\/wp\/v2\/pages\/11551\/revisions"}],"predecessor-version":[{"id":12064,"href":"https:\/\/www.lugaris.com\/ca\/wp-json\/wp\/v2\/pages\/11551\/revisions\/12064"}],"wp:featuredmedia":[{"embeddable":true,"href":"https:\/\/www.lugaris.com\/ca\/wp-json\/wp\/v2\/media\/10240"}],"wp:attachment":[{"href":"https:\/\/www.lugaris.com\/ca\/wp-json\/wp\/v2\/media?parent=11551"}],"curies":[{"name":"wp","href":"https:\/\/api.w.org\/{rel}","templated":true}]}}