{"id":13367,"date":"2020-06-16T09:26:27","date_gmt":"2020-06-16T09:26:27","guid":{"rendered":"https:\/\/www.lugaris.com\/ubicacion\/"},"modified":"2020-09-02T08:28:30","modified_gmt":"2020-09-02T08:28:30","slug":"ubicacio","status":"publish","type":"page","link":"https:\/\/www.lugaris.com\/ca\/ubicacio\/","title":{"rendered":"Ubicaci\u00f3"},"content":{"rendered":"\n<p class=\"\">Sense \u00e0nim de fer ombra a la Sagrada Fam\u00edlia, el barri G\u00f2tic o la muntanya de Montju\u00efc,&nbsp;<strong>Poblenou&nbsp;<\/strong>\u00e9s un d\u2019aquells llocs de Barcelona que mereixen ser descoberts sense presses. I ho t\u00e9 totalment merescut, especialment si tenim en compte la innegable import\u00e0ncia hist\u00f2rica, arquitect\u00f2nica i econ\u00f2mica que ha tingut des del segle XIX. D\u2019aquella \u00e8poca, encara en queden alt\u00edssimes xemeneies de ma\u00f3 que s\u00f3n testimonis de les concentracions industrials m\u00e9s grans del sud d\u2019Europa, aix\u00ed com fabriques centen\u00e0ries que, en alguns casos, s\u2019han restaurat i convertit en equipaments, museus i universitats. Aquest \u00e9s l\u2019entorn en el qual s\u2019emmarquen els nostres <a href=\"https:\/\/www.lugaris.com\/ca\/apartaments-barcelona\/\">apartaments a Barcelona<\/a>: <a href=\"https:\/\/www.lugaris.com\/ca\/lugaris-beach\/\">Lugaris Beach<\/a> i <a href=\"https:\/\/www.lugaris.com\/ca\/lugaris-rambla-ca\/\">Lugaris Rambla<\/a>. &nbsp;<\/p>\n\n\n\n<p class=\"\">Allotjant-te amb nosaltres, tindr\u00e0s l\u2019excusa perfecta per poder capbussar-te en un dels episodis m\u00e9s rellevants de la Ciutat Comtal.<\/p>\n\n\n\n<h2 class=\"wp-block-heading\"><strong>\u00bfCONEIXES ELS NOSTRES APARTAMENTS A LA PLATJA DE BARCELONA?<\/strong><\/h2>\n\n\n\n<div class=\"wp-block-columns is-layout-flex wp-container-core-columns-layout-1 wp-block-columns-is-layout-flex\">\n<div class=\"wp-block-column is-layout-flow wp-block-column-is-layout-flow\">\n<div class=\"wp-block-group\"><div class=\"wp-block-group__inner-container is-layout-flow wp-block-group-is-layout-flow\">\n<div class=\"wp-block-cover has-yellow-background-color has-background-dim\"><div class=\"wp-block-cover__inner-container is-layout-flow wp-block-cover-is-layout-flow\">\n<p style=\"font-size:80px\" class=\"has-text-color has-text-align-center has-black-color\">LUGARIS BEACH<\/p>\n\n\n\n<p class=\"has-text-color has-black-color\">Els nostres apartaments a la platja de Barcelona s\u00f3n perfectes per a les teves vacances familiars. Descobreix totes les opcions que tenim preparades per a tu.<\/p>\n\n\n\n<div class=\"wp-block-buttons is-layout-flex wp-block-buttons-is-layout-flex\">\n<div class=\"wp-block-button\"><a class=\"wp-block-button__link\" href=\"https:\/\/www.lugaris.com\/ca\/lugaris-beach\/\">Anar a Lugaris Beach<\/a><\/div>\n<\/div>\n<\/div><\/div>\n\n\n\n<h3 class=\"wp-block-heading\">QU\u00c8 HI HA AL VOLTANT DELS NOSTRES APARTAMENTS?<\/h3>\n\n\n\n<p class=\"\">Tenint en compte tot all\u00f2 exposat anteriorment, no \u00e9s d\u2019estranyar que gran part dels llocs m\u00e9s interessants de Poblenou estiguin relacionats amb el seu passat fabril. A continuaci\u00f3, et resumim alguns dels llocs que no et pots perdre durant el teu pr\u00f2xim viatge a Barcelona.<\/p>\n\n\n\n<p class=\"\">\u2022&nbsp;<strong><strong>Museu Can Framis<\/strong><\/strong>. Situat en una antiga f\u00e0brica t\u00e8xtil de finals del segle XVIII, va ser inaugurat al 2009 com a museu de pintura contempor\u00e0nia. Les seves sales exhibeixen al voltant de 300 obres creades des de la d\u00e8cada de 1960 per artistes catalans o establerts a Catalunya.<\/p>\n\n\n\n<p class=\"\">\u2022&nbsp;<strong>Can Felipa<\/strong>. Aquesta antiga f\u00e0brica, en funcionament fins al 1974, constitueix un dels millors exemples d\u2019arquitectura industrial de Barcelona. Avui en dia, acull un centre c\u00edvic i el Centre Esportiu Municipal Can Felipa.<\/p>\n\n\n\n<p class=\"\">\u2022&nbsp;<strong>Rambla del Poblenou<\/strong>. Aquesta art\u00e8ria comercial, batejada als seus inicis com a passeig del Triomf i en la que es troben els apartaments Lugaris Rambla, pot presumir d\u2019elegants edificis i magn\u00edfics restaurants i terrasses on poder degustar el millor de la cuina catalana. Un dels seus reclams m\u00e9s ic\u00f2nics \u00e9s el <strong>Casino L\u2019Alian\u00e7a del Poblenou<\/strong>, en el qual es representen obres de teatre. Tanmateix, aquest carrer tamb\u00e9 compta amb una horchater\u00eda centen\u00e0ria: el <strong>T\u00edo Che<\/strong>.<\/p>\n<\/div><\/div>\n<\/div>\n\n\n\n<div class=\"wp-block-column is-layout-flow wp-block-column-is-layout-flow\">\n<div class=\"wp-block-group\"><div class=\"wp-block-group__inner-container is-layout-flow wp-block-group-is-layout-flow\">\n<div class=\"wp-block-cover has-cyan-background-color has-background-dim\"><div class=\"wp-block-cover__inner-container is-layout-flow wp-block-cover-is-layout-flow\">\n<p style=\"font-size:80px\" class=\"has-text-color has-text-align-center has-black-color\">LUGARIS RAMBLA<\/p>\n\n\n\n<p class=\"has-text-color has-black-color\">Al cor del Poblenou podr\u00e0s trobar els fant\u00e0stics apartaments adaptats a totes les teves necessitats. Troba el teu allotjament ideal.&nbsp;<\/p>\n\n\n\n<div class=\"wp-block-buttons is-layout-flex wp-block-buttons-is-layout-flex\">\n<div class=\"wp-block-button\"><a class=\"wp-block-button__link\" href=\"https:\/\/www.lugaris.com\/ca\/lugaris-rambla-ca\/\">Anar a Lugaris Rambla<\/a><\/div>\n<\/div>\n<\/div><\/div>\n\n\n\n<p class=\"\"><\/p>\n\n\n\n<p class=\"\">\u2022&nbsp;<strong>Torre Agbar<\/strong>. Aquest original gratacels de 145 m d\u2019al\u00e7ada, el nom oficial del qual \u00e9s Torre Gl\u00f2ries, va ser erigit entre 1999 i 2005. Dissenyat per l\u2019arquitecte franc\u00e8s Jean Nouvel, est\u00e0 considerat com un dels grans exponents de l\u2019anomenada arquitectura high-tech i \u00e9s <strong>el tercer edifici m\u00e9s alt de Barcelona<\/strong>, nom\u00e9s superat la Torre Mapfre i l\u2019Hotel Arts, les dues torres bessones empla\u00e7ades al costat del Port Ol\u00edmpic. Tot i que havia d\u2019acollir un dels hotels de Barcelona m\u00e9s exclusius, el projecte no va arribar a bon port.<\/p>\n\n\n\n<p class=\"\">\u2022&nbsp;<strong><strong>Les platges<\/strong><\/strong>.&nbsp;En aquesta llista no podrien faltar les dos platges urbanes que banyen el litoral de Poblenou: la de&nbsp;Bogatell, freq\u00fcentada sobre tot per ve\u00efns del barri de mitjana edat, i la&nbsp;Mar Bella, una platja nudista amb un tram <em>gay friendly<\/em>. A difer\u00e8ncia del que passa a la Barceloneta i la Vila Ol\u00edmpica, els banyistes solen ser poblaci\u00f3 local. Per cert: sabies que es troben a nom\u00e9s 200 m dels apartaments Lugaris Beach?<\/p>\n\n\n\n<p class=\"\">\u2022&nbsp;<strong><strong>Els parcs<\/strong><\/strong>. Si vols sortir a c\u00f3rrer o realitzar un relaxant passeig durant les teves vacances a Barcelona, \u200b\u200bt&#8217;agradar\u00e0 saber que aquest barri compta amb dos magn\u00edfics pulmons verds. Un \u00e9s el parc de Poblenou, situat al costat del litoral, i l&#8217;altre, el Parc Central del Poblenou. Creat el 2008 per Nouvel i de forma triangular, es troba entre l&#8217;avinguda de la Diagonal i els carrers de Bac de Roda i Marroc. Entre les seves escultures m\u00e9s remarcables, destaquen els anomenats <em><strong>Pous del Cel<\/strong><\/em>.<\/p>\n<\/div><\/div>\n<\/div>\n<\/div>\n\n\n<section class=\"blocks__extra-info \" id=\"mes-sobre-la-zona\">\n    <h3> M\u00c9S SOBRE LA ZONA<\/h3>\n\n    <div class=\"blocks__extra-info__list\">\n                    <div class=\"blocks__extra-info__item\" id=\"mes-sobre-la-zona-las-mejores-terrazas-de-poblenou\">\n        <a\n                    href=\"https:\/\/www.lugaris.com\/las-mejores-terrazas-de-poblenou\/\" \n        \n        \n    >\n            <article class=\"blocks__extra-info__item__container\">\n            <img decoding=\"async\" src=\"https:\/\/www.lugaris.com\/app\/uploads\/2020\/06\/poblenou1.jpg\" class=\"blocks__extra-info__item__thumbnail\"><\/img>\n            <div  class=\"blocks__extra-info__item__content\">\n                <header>\n                    <h4 class=\"blocks__extra-info__item__title\">\n                        Las mejores terrazas de Poblenou\n                    <\/h4>\n                <\/header>\n                <section>\n                    <p class=\"blocks__extra-info__item__excerpt\">\n                        El barrio de Poblenou es uno de los menos conocidos, pero tambi\u00e9n de los m\u00e1s atractivos. Su cercan\u00eda al mar y su incontestable ambiente moderno hace que sea uno de los mejores lugares para pasar unas vacaciones en primavera o verano en Barcelona. \n                    <\/p>\n                    \n                                        <span class=\"blocks__extra-info__item__read-more\">Llegir m\u00e9s<\/span>\n                    <span class=\"blocks__extra-info__item__read-less\">Llegir menys<\/span>\n                                    <\/section>\n            <\/div>\n        <\/article>\n        <\/a>\n    <\/div>\n                                <div class=\"blocks__extra-info__item\" id=\"mes-sobre-la-zona-10-planes-para-una-semana-santa-en-barcelona\">\n        <a\n                    href=\"https:\/\/www.lugaris.com\/10-planes-para-una-semana-santa-en-barcelona\/\" \n        \n        \n    >\n            <article class=\"blocks__extra-info__item__container\">\n            <img decoding=\"async\" src=\"https:\/\/www.lugaris.com\/app\/uploads\/2020\/06\/Poble_Espanyol_-_Pla\u00e7a_Major.jpg\" class=\"blocks__extra-info__item__thumbnail\"><\/img>\n            <div  class=\"blocks__extra-info__item__content\">\n                <header>\n                    <h4 class=\"blocks__extra-info__item__title\">\n                        10 planes para una Semana Santa en Barcelona\n                    <\/h4>\n                <\/header>\n                <section>\n                    <p class=\"blocks__extra-info__item__excerpt\">\n                        Hist\u00f3ricamente, la Semana Santa se ha celebrado durante siglos en gran parte de los pa\u00edses cat\u00f3licos del mundo. A pesar de esto, otros pa\u00edses donde otras confesiones son mayoritarias tambi\u00e9n han a\u00f1adido estos d\u00edas como festivos en su calendario. Como ya debes saber, la Semana Santa cae cada a\u00f1o en una fecha distinta\n                    <\/p>\n                    \n                                        <span class=\"blocks__extra-info__item__read-more\">Llegir m\u00e9s<\/span>\n                    <span class=\"blocks__extra-info__item__read-less\">Llegir menys<\/span>\n                                    <\/section>\n            <\/div>\n        <\/article>\n        <\/a>\n    <\/div>\n                                <div class=\"blocks__extra-info__item\" id=\"mes-sobre-la-zona-10-aplicaciones-utiles-para-viajar-a-barcelona\">\n        <a\n                    href=\"https:\/\/www.lugaris.com\/10-aplicaciones-utiles-para-viajar-a-barcelona\/\" \n        \n        \n    >\n            <article class=\"blocks__extra-info__item__container\">\n            <img decoding=\"async\" src=\"https:\/\/www.lugaris.com\/app\/uploads\/2020\/05\/smartphone-381237_640.jpg\" class=\"blocks__extra-info__item__thumbnail\"><\/img>\n            <div  class=\"blocks__extra-info__item__content\">\n                <header>\n                    <h4 class=\"blocks__extra-info__item__title\">\n                        10 aplicaciones \u00fatiles para viajar a Barcelona\n                    <\/h4>\n                <\/header>\n                <section>\n                    <p class=\"blocks__extra-info__item__excerpt\">\n                        M\u00e1s all\u00e1 de reservar el transporte, los traslados y el alojamiento en un hotel o apartamento de vacaciones en Barcelona, pasar unos d\u00edas en la capital catalana requiere otros preparativos para que la experiencia sea redonda. Por suerte, las nuevas tecnolog\u00edas nos lo ponen un poco m\u00e1s f\u00e1cil a la hora de organizar cualquier escapada\n                    <\/p>\n                    \n                                        <span class=\"blocks__extra-info__item__read-more\">Llegir m\u00e9s<\/span>\n                    <span class=\"blocks__extra-info__item__read-less\">Llegir menys<\/span>\n                                    <\/section>\n            <\/div>\n        <\/article>\n        <\/a>\n    <\/div>\n                        <\/div>\n\n        <div class=\"blocks__extra-info__content__container\">\n                                                                        <\/div>\n\n    <span class=\"blocks__extra-info__list__button__left prev\"><\/span>\n    <span class=\"blocks__extra-info__list__button__right next\"><\/span>\n    <\/section>\n\n\n\n<h2 class=\"wp-block-heading\"><strong>Qu\u00e8 hi ha al voltant dels apartaments de Lugaris?<\/strong><\/h2>\n\n\n\n<div class=\"\"><div class=\"\"><div class=\"\"><iframe src=\"https:\/\/www.google.com\/maps\/d\/u\/3\/embed?mid=1vj6qgP3KZjSWngkEvRk-ufmXN1Nsugce\" width=\"100%\" height=\"480\"><\/iframe><\/div><\/div><\/div>\n\n\n\n<div class=\"wp-block-columns is-layout-flex wp-container-core-columns-layout-2 wp-block-columns-is-layout-flex\">\n<div class=\"wp-block-column is-layout-flow wp-block-column-is-layout-flow\">\n<div class=\"wp-block-group\"><div class=\"wp-block-group__inner-container is-layout-flow wp-block-group-is-layout-flow\">\n<div class=\"wp-block-group\"><div class=\"wp-block-group__inner-container is-layout-flow wp-block-group-is-layout-flow\">\n<h2 class=\"wp-block-heading\"><a href=\"https:\/\/www.lugaris.com\/los-mejores-lugares-para-hacer-el-brunch-en-poblenou\/\">ELS MILLORS BRUNCH EN POBLENOU<\/a><\/h2>\n<\/div><\/div>\n<\/div><\/div>\n\n\n\n<p class=\"\">Et despertes un cap de setmana en un dels apartaments de luxe a Barcelona de Lugaris i tens molta gana. No hi ha res a la nevera, mires el rellotge i no et pots creure que ja sigui tan tard, qu\u00e8 fas? Surts a la recerca d&#8217;un lloc per fer un brunch. El barri del Poblenou, a Barcelona, \u200b\u200b\u00e9s un dels m\u00e9s cosmopolites de la ciutat i, com a tal, ha sabut adaptar-se a les noves tend\u00e8ncies gastron\u00f2miques dels \u00faltims temps, inclosa aquesta moda dels Estats Units que fa diversos anys que s&#8217;estila a la ciutat. Si el t\u00edpic vermut de cap de setmana no va amb tu i el que vols \u00e9s trobar un lloc on menjar de forma contundent a mig mat\u00ed, descobreix aquesta llista dels millors llocs per fer el brunch al Poblenou i encara el teu dia a Barcelona amb la panxa plena.<\/p>\n\n\n\n<div class=\"wp-block-buttons is-layout-flex wp-block-buttons-is-layout-flex\">\n<div class=\"wp-block-button\"><a class=\"wp-block-button__link\" href=\"\/los-mejores-lugares-para-hacer-el-brunch-en-poblenou\">M\u00e9s<\/a><\/div>\n<\/div>\n<\/div>\n\n\n\n<div class=\"wp-block-column is-vertically-aligned-top is-layout-flow wp-block-column-is-layout-flow\">\n<figure class=\"wp-block-gallery columns-3 is-cropped wp-block-gallery-1 is-layout-flex wp-block-gallery-is-layout-flex\"><ul class=\"blocks-gallery-grid\"><li class=\"blocks-gallery-item\"><figure><img fetchpriority=\"high\" decoding=\"async\" width=\"1000\" height=\"600\" src=\"https:\/\/www.lugaris.com\/app\/uploads\/2020\/04\/DSC5063.jpg\" alt=\"\" data-id=\"8550\" data-full-url=\"https:\/\/www.lugaris.com\/app\/uploads\/2020\/04\/DSC5063.jpg\" class=\"wp-image-8550\" srcset=\"https:\/\/www.lugaris.com\/app\/uploads\/2020\/04\/DSC5063.jpg 1000w, https:\/\/www.lugaris.com\/app\/uploads\/2020\/04\/DSC5063-300x180.jpg 300w, https:\/\/www.lugaris.com\/app\/uploads\/2020\/04\/DSC5063-768x461.jpg 768w\" sizes=\"(max-width: 1000px) 100vw, 1000px\" \/><\/figure><\/li><li class=\"blocks-gallery-item\"><figure><img decoding=\"async\" width=\"1000\" height=\"600\" src=\"https:\/\/www.lugaris.com\/app\/uploads\/2020\/04\/DSC5457.jpg\" alt=\"\" data-id=\"8470\" data-full-url=\"https:\/\/www.lugaris.com\/app\/uploads\/2020\/04\/DSC5457.jpg\" class=\"wp-image-8470\" srcset=\"https:\/\/www.lugaris.com\/app\/uploads\/2020\/04\/DSC5457.jpg 1000w, https:\/\/www.lugaris.com\/app\/uploads\/2020\/04\/DSC5457-300x180.jpg 300w, https:\/\/www.lugaris.com\/app\/uploads\/2020\/04\/DSC5457-768x461.jpg 768w\" sizes=\"(max-width: 1000px) 100vw, 1000px\" \/><\/figure><\/li><li class=\"blocks-gallery-item\"><figure><img decoding=\"async\" width=\"1000\" height=\"600\" src=\"https:\/\/www.lugaris.com\/app\/uploads\/2020\/05\/DSC4718.jpg\" alt=\"\" data-id=\"8401\" data-full-url=\"https:\/\/www.lugaris.com\/app\/uploads\/2020\/05\/DSC4718.jpg\" class=\"wp-image-8401\" srcset=\"https:\/\/www.lugaris.com\/app\/uploads\/2020\/05\/DSC4718.jpg 1000w, https:\/\/www.lugaris.com\/app\/uploads\/2020\/05\/DSC4718-300x180.jpg 300w, https:\/\/www.lugaris.com\/app\/uploads\/2020\/05\/DSC4718-768x461.jpg 768w\" sizes=\"(max-width: 1000px) 100vw, 1000px\" \/><\/figure><\/li><\/ul><\/figure>\n\n\n\n<p class=\"\"><\/p>\n<\/div>\n<\/div>\n\n\n\n<div class=\"wp-block-columns is-layout-flex wp-container-core-columns-layout-3 wp-block-columns-is-layout-flex\">\n<div class=\"wp-block-column is-layout-flow wp-block-column-is-layout-flow\">\n<figure class=\"wp-block-gallery columns-2 is-cropped wp-block-gallery-2 is-layout-flex wp-block-gallery-is-layout-flex\"><ul class=\"blocks-gallery-grid\"><li class=\"blocks-gallery-item\"><figure><img loading=\"lazy\" decoding=\"async\" width=\"1000\" height=\"600\" src=\"https:\/\/www.lugaris.com\/app\/uploads\/2020\/04\/DSC6095-1.jpg\" alt=\"\" data-id=\"8058\" data-full-url=\"https:\/\/www.lugaris.com\/app\/uploads\/2020\/04\/DSC6095-1.jpg\" class=\"wp-image-8058\" srcset=\"https:\/\/www.lugaris.com\/app\/uploads\/2020\/04\/DSC6095-1.jpg 1000w, https:\/\/www.lugaris.com\/app\/uploads\/2020\/04\/DSC6095-1-300x180.jpg 300w, https:\/\/www.lugaris.com\/app\/uploads\/2020\/04\/DSC6095-1-768x461.jpg 768w\" sizes=\"(max-width: 1000px) 100vw, 1000px\" \/><\/figure><\/li><li class=\"blocks-gallery-item\"><figure><img loading=\"lazy\" decoding=\"async\" width=\"800\" height=\"600\" src=\"https:\/\/www.lugaris.com\/app\/uploads\/2020\/06\/Pla\u00e7a_de_la_Revoluci\u00f3_P1140982.jpg\" alt=\"\" data-id=\"7361\" data-full-url=\"https:\/\/www.lugaris.com\/app\/uploads\/2020\/06\/Pla\u00e7a_de_la_Revoluci\u00f3_P1140982.jpg\" class=\"wp-image-7361\" srcset=\"https:\/\/www.lugaris.com\/app\/uploads\/2020\/06\/Pla\u00e7a_de_la_Revoluci\u00f3_P1140982.jpg 800w, https:\/\/www.lugaris.com\/app\/uploads\/2020\/06\/Pla\u00e7a_de_la_Revoluci\u00f3_P1140982-300x225.jpg 300w, https:\/\/www.lugaris.com\/app\/uploads\/2020\/06\/Pla\u00e7a_de_la_Revoluci\u00f3_P1140982-768x576.jpg 768w\" sizes=\"(max-width: 800px) 100vw, 800px\" \/><\/figure><\/li><\/ul><\/figure>\n<\/div>\n\n\n\n<div class=\"wp-block-column is-layout-flow wp-block-column-is-layout-flow\">\n<h2 class=\"wp-block-heading\"><a href=\"\/las-mejores-terrazas-de-poblenou\/\">LES MILLORS TERRASSES DE POBLENOU<\/a><\/h2>\n\n\n\n<p class=\"\">El barri del Poblenou \u00e9s un dels menys coneguts, per\u00f2 tamb\u00e9 dels m\u00e9s atractius. La seva proximitat al mar i el seu incontestable ambient modern fa que sigui un dels millors llocs per passar unes vacances a la primavera o l\u2019estiu a Barcelona. <\/p>\n\n\n\n<p class=\"\">I quina millor manera de gaudir d&#8217;aquesta zona quan arriba el bon temps que amb un bon refresc fred mentre gaudeixes dels c\u00e0lids raigs de llum de la Mediterr\u00e0nia? \u00c9s per aquesta ra\u00f3 que Lugaris et convida a prendre una canya a les millors terrasses del Poblenou, n\u2019hi trobar\u00e0s una per a cada gust i paladar. <\/p>\n\n\n\n<div class=\"wp-block-buttons is-layout-flex wp-block-buttons-is-layout-flex\">\n<div class=\"wp-block-button\"><a class=\"wp-block-button__link\" href=\"\/las-mejores-terrazas-de-poblenou\/\">M\u00e9s<\/a><\/div>\n<\/div>\n<\/div>\n<\/div>\n\n\n\n<p class=\"\"><\/p>\n","protected":false},"excerpt":{"rendered":"<p>Poblenou es uno de esos lugares de Barcelona que merecen ser descubiertos sin prisas. Y con total merecimiento, si tenemos en cuenta la innegable importancia hist\u00f3rica, arquitect\u00f3nica y econ\u00f3mica que ha tenido desde el siglo XIX<\/p>\n","protected":false},"author":7,"featured_media":10367,"parent":0,"menu_order":0,"comment_status":"closed","ping_status":"closed","template":"","meta":{"_uag_custom_page_level_css":"","footnotes":""},"yoast_head":"<!-- This site is optimized with the Yoast SEO plugin v23.1 - https:\/\/yoast.com\/wordpress\/plugins\/seo\/ -->\n<title>On s\u00f3n Lugaris Beach i Lugaris Rambla?<\/title>\n<meta name=\"description\" content=\"Consulteu la ubicaci\u00f3 dels nostres apartaments a la platja de Barcelona, situats a pocs metres del mar i a un dels barris m\u00e9s tradicionals de la ciutat.\" \/>\n<meta name=\"robots\" content=\"index, follow, max-snippet:-1, max-image-preview:large, max-video-preview:-1\" \/>\n<link rel=\"canonical\" href=\"https:\/\/www.lugaris.com\/ca\/ubicacio\/\" \/>\n<meta property=\"og:locale\" content=\"ca_ES\" \/>\n<meta property=\"og:type\" content=\"article\" \/>\n<meta property=\"og:title\" content=\"On s\u00f3n Lugaris Beach i Lugaris Rambla?\" \/>\n<meta property=\"og:description\" content=\"Consulteu la ubicaci\u00f3 dels nostres apartaments a la platja de Barcelona, situats a pocs metres del mar i a un dels barris m\u00e9s tradicionals de la ciutat.\" \/>\n<meta property=\"og:url\" content=\"https:\/\/www.lugaris.com\/ca\/ubicacio\/\" \/>\n<meta property=\"og:site_name\" content=\"Lugaris\" \/>\n<meta property=\"article:modified_time\" content=\"2020-09-02T08:28:30+00:00\" \/>\n<meta property=\"og:image\" content=\"https:\/\/www.lugaris.com\/app\/uploads\/2020\/07\/denchik-rhFwH_iG81g-unsplash-2-1.jpg\" \/>\n\t<meta property=\"og:image:width\" content=\"600\" \/>\n\t<meta property=\"og:image:height\" content=\"600\" \/>\n\t<meta property=\"og:image:type\" content=\"image\/jpeg\" \/>\n<meta name=\"twitter:card\" content=\"summary_large_image\" \/>\n<meta name=\"twitter:label1\" content=\"Est. reading time\" \/>\n\t<meta name=\"twitter:data1\" content=\"5 minutes\" \/>\n<script type=\"application\/ld+json\" class=\"yoast-schema-graph\">{\"@context\":\"https:\/\/schema.org\",\"@graph\":[{\"@type\":\"WebPage\",\"@id\":\"https:\/\/www.lugaris.com\/ca\/ubicacio\/\",\"url\":\"https:\/\/www.lugaris.com\/ca\/ubicacio\/\",\"name\":\"On s\u00f3n Lugaris Beach i Lugaris Rambla?\",\"isPartOf\":{\"@id\":\"https:\/\/www.lugaris.com\/ca\/#website\"},\"primaryImageOfPage\":{\"@id\":\"https:\/\/www.lugaris.com\/ca\/ubicacio\/#primaryimage\"},\"image\":{\"@id\":\"https:\/\/www.lugaris.com\/ca\/ubicacio\/#primaryimage\"},\"thumbnailUrl\":\"https:\/\/www.lugaris.com\/app\/uploads\/2020\/07\/denchik-rhFwH_iG81g-unsplash-2-1.jpg\",\"datePublished\":\"2020-06-16T09:26:27+00:00\",\"dateModified\":\"2020-09-02T08:28:30+00:00\",\"description\":\"Consulteu la ubicaci\u00f3 dels nostres apartaments a la platja de Barcelona, situats a pocs metres del mar i a un dels barris m\u00e9s tradicionals de la ciutat.\",\"breadcrumb\":{\"@id\":\"https:\/\/www.lugaris.com\/ca\/ubicacio\/#breadcrumb\"},\"inLanguage\":\"ca\",\"potentialAction\":[{\"@type\":\"ReadAction\",\"target\":[\"https:\/\/www.lugaris.com\/ca\/ubicacio\/\"]}]},{\"@type\":\"ImageObject\",\"inLanguage\":\"ca\",\"@id\":\"https:\/\/www.lugaris.com\/ca\/ubicacio\/#primaryimage\",\"url\":\"https:\/\/www.lugaris.com\/app\/uploads\/2020\/07\/denchik-rhFwH_iG81g-unsplash-2-1.jpg\",\"contentUrl\":\"https:\/\/www.lugaris.com\/app\/uploads\/2020\/07\/denchik-rhFwH_iG81g-unsplash-2-1.jpg\",\"width\":600,\"height\":600},{\"@type\":\"BreadcrumbList\",\"@id\":\"https:\/\/www.lugaris.com\/ca\/ubicacio\/#breadcrumb\",\"itemListElement\":[{\"@type\":\"ListItem\",\"position\":1,\"name\":\"Home\",\"item\":\"https:\/\/www.lugaris.com\/ca\/\"},{\"@type\":\"ListItem\",\"position\":2,\"name\":\"Ubicaci\u00f3\"}]},{\"@type\":\"WebSite\",\"@id\":\"https:\/\/www.lugaris.com\/ca\/#website\",\"url\":\"https:\/\/www.lugaris.com\/ca\/\",\"name\":\"Lugaris\",\"description\":\"Apartamentos de vacaciones en Barcelona\",\"publisher\":{\"@id\":\"https:\/\/www.lugaris.com\/ca\/#organization\"},\"potentialAction\":[{\"@type\":\"SearchAction\",\"target\":{\"@type\":\"EntryPoint\",\"urlTemplate\":\"https:\/\/www.lugaris.com\/ca\/?s={search_term_string}\"},\"query-input\":\"required name=search_term_string\"}],\"inLanguage\":\"ca\"},{\"@type\":\"Organization\",\"@id\":\"https:\/\/www.lugaris.com\/ca\/#organization\",\"name\":\"Lugaris Apartments in Barcelona\",\"url\":\"https:\/\/www.lugaris.com\/ca\/\",\"logo\":{\"@type\":\"ImageObject\",\"inLanguage\":\"ca\",\"@id\":\"https:\/\/www.lugaris.com\/ca\/#\/schema\/logo\/image\/\",\"url\":\"https:\/\/www.lugaris.com\/app\/uploads\/2020\/03\/Logo_lugaris_v2.png\",\"contentUrl\":\"https:\/\/www.lugaris.com\/app\/uploads\/2020\/03\/Logo_lugaris_v2.png\",\"width\":285,\"height\":257,\"caption\":\"Lugaris Apartments in Barcelona\"},\"image\":{\"@id\":\"https:\/\/www.lugaris.com\/ca\/#\/schema\/logo\/image\/\"}}]}<\/script>\n<!-- \/ Yoast SEO plugin. -->","yoast_head_json":{"title":"On s\u00f3n Lugaris Beach i Lugaris Rambla?","description":"Consulteu la ubicaci\u00f3 dels nostres apartaments a la platja de Barcelona, situats a pocs metres del mar i a un dels barris m\u00e9s tradicionals de la ciutat.","robots":{"index":"index","follow":"follow","max-snippet":"max-snippet:-1","max-image-preview":"max-image-preview:large","max-video-preview":"max-video-preview:-1"},"canonical":"https:\/\/www.lugaris.com\/ca\/ubicacio\/","og_locale":"ca_ES","og_type":"article","og_title":"On s\u00f3n Lugaris Beach i Lugaris Rambla?","og_description":"Consulteu la ubicaci\u00f3 dels nostres apartaments a la platja de Barcelona, situats a pocs metres del mar i a un dels barris m\u00e9s tradicionals de la ciutat.","og_url":"https:\/\/www.lugaris.com\/ca\/ubicacio\/","og_site_name":"Lugaris","article_modified_time":"2020-09-02T08:28:30+00:00","og_image":[{"width":600,"height":600,"url":"https:\/\/www.lugaris.com\/app\/uploads\/2020\/07\/denchik-rhFwH_iG81g-unsplash-2-1.jpg","type":"image\/jpeg"}],"twitter_card":"summary_large_image","twitter_misc":{"Est. reading time":"5 minutes"},"schema":{"@context":"https:\/\/schema.org","@graph":[{"@type":"WebPage","@id":"https:\/\/www.lugaris.com\/ca\/ubicacio\/","url":"https:\/\/www.lugaris.com\/ca\/ubicacio\/","name":"On s\u00f3n Lugaris Beach i Lugaris Rambla?","isPartOf":{"@id":"https:\/\/www.lugaris.com\/ca\/#website"},"primaryImageOfPage":{"@id":"https:\/\/www.lugaris.com\/ca\/ubicacio\/#primaryimage"},"image":{"@id":"https:\/\/www.lugaris.com\/ca\/ubicacio\/#primaryimage"},"thumbnailUrl":"https:\/\/www.lugaris.com\/app\/uploads\/2020\/07\/denchik-rhFwH_iG81g-unsplash-2-1.jpg","datePublished":"2020-06-16T09:26:27+00:00","dateModified":"2020-09-02T08:28:30+00:00","description":"Consulteu la ubicaci\u00f3 dels nostres apartaments a la platja de Barcelona, situats a pocs metres del mar i a un dels barris m\u00e9s tradicionals de la ciutat.","breadcrumb":{"@id":"https:\/\/www.lugaris.com\/ca\/ubicacio\/#breadcrumb"},"inLanguage":"ca","potentialAction":[{"@type":"ReadAction","target":["https:\/\/www.lugaris.com\/ca\/ubicacio\/"]}]},{"@type":"ImageObject","inLanguage":"ca","@id":"https:\/\/www.lugaris.com\/ca\/ubicacio\/#primaryimage","url":"https:\/\/www.lugaris.com\/app\/uploads\/2020\/07\/denchik-rhFwH_iG81g-unsplash-2-1.jpg","contentUrl":"https:\/\/www.lugaris.com\/app\/uploads\/2020\/07\/denchik-rhFwH_iG81g-unsplash-2-1.jpg","width":600,"height":600},{"@type":"BreadcrumbList","@id":"https:\/\/www.lugaris.com\/ca\/ubicacio\/#breadcrumb","itemListElement":[{"@type":"ListItem","position":1,"name":"Home","item":"https:\/\/www.lugaris.com\/ca\/"},{"@type":"ListItem","position":2,"name":"Ubicaci\u00f3"}]},{"@type":"WebSite","@id":"https:\/\/www.lugaris.com\/ca\/#website","url":"https:\/\/www.lugaris.com\/ca\/","name":"Lugaris","description":"Apartamentos de vacaciones en Barcelona","publisher":{"@id":"https:\/\/www.lugaris.com\/ca\/#organization"},"potentialAction":[{"@type":"SearchAction","target":{"@type":"EntryPoint","urlTemplate":"https:\/\/www.lugaris.com\/ca\/?s={search_term_string}"},"query-input":"required name=search_term_string"}],"inLanguage":"ca"},{"@type":"Organization","@id":"https:\/\/www.lugaris.com\/ca\/#organization","name":"Lugaris Apartments in Barcelona","url":"https:\/\/www.lugaris.com\/ca\/","logo":{"@type":"ImageObject","inLanguage":"ca","@id":"https:\/\/www.lugaris.com\/ca\/#\/schema\/logo\/image\/","url":"https:\/\/www.lugaris.com\/app\/uploads\/2020\/03\/Logo_lugaris_v2.png","contentUrl":"https:\/\/www.lugaris.com\/app\/uploads\/2020\/03\/Logo_lugaris_v2.png","width":285,"height":257,"caption":"Lugaris Apartments in Barcelona"},"image":{"@id":"https:\/\/www.lugaris.com\/ca\/#\/schema\/logo\/image\/"}}]}},"uagb_featured_image_src":{"full":["https:\/\/www.lugaris.com\/app\/uploads\/2020\/07\/denchik-rhFwH_iG81g-unsplash-2-1.jpg",600,600,false],"thumbnail":["https:\/\/www.lugaris.com\/app\/uploads\/2020\/07\/denchik-rhFwH_iG81g-unsplash-2-1-150x150.jpg",150,150,true],"medium":["https:\/\/www.lugaris.com\/app\/uploads\/2020\/07\/denchik-rhFwH_iG81g-unsplash-2-1-300x300.jpg",300,300,true],"medium_large":["https:\/\/www.lugaris.com\/app\/uploads\/2020\/07\/denchik-rhFwH_iG81g-unsplash-2-1.jpg",600,600,false],"large":["https:\/\/www.lugaris.com\/app\/uploads\/2020\/07\/denchik-rhFwH_iG81g-unsplash-2-1.jpg",600,600,false],"1536x1536":["https:\/\/www.lugaris.com\/app\/uploads\/2020\/07\/denchik-rhFwH_iG81g-unsplash-2-1.jpg",600,600,false],"2048x2048":["https:\/\/www.lugaris.com\/app\/uploads\/2020\/07\/denchik-rhFwH_iG81g-unsplash-2-1.jpg",600,600,false]},"uagb_author_info":{"display_name":"Carol","author_link":"https:\/\/www.lugaris.com\/ca\/author\/cvb2-performance-es\/"},"uagb_comment_info":0,"uagb_excerpt":"Poblenou es uno de esos lugares de Barcelona que merecen ser descubiertos sin prisas. Y con total merecimiento, si tenemos en cuenta la innegable importancia hist\u00f3rica, arquitect\u00f3nica y econ\u00f3mica que ha tenido desde el siglo XIX","_links":{"self":[{"href":"https:\/\/www.lugaris.com\/ca\/wp-json\/wp\/v2\/pages\/13367"}],"collection":[{"href":"https:\/\/www.lugaris.com\/ca\/wp-json\/wp\/v2\/pages"}],"about":[{"href":"https:\/\/www.lugaris.com\/ca\/wp-json\/wp\/v2\/types\/page"}],"author":[{"embeddable":true,"href":"https:\/\/www.lugaris.com\/ca\/wp-json\/wp\/v2\/users\/7"}],"replies":[{"embeddable":true,"href":"https:\/\/www.lugaris.com\/ca\/wp-json\/wp\/v2\/comments?post=13367"}],"version-history":[{"count":2,"href":"https:\/\/www.lugaris.com\/ca\/wp-json\/wp\/v2\/pages\/13367\/revisions"}],"predecessor-version":[{"id":13379,"href":"https:\/\/www.lugaris.com\/ca\/wp-json\/wp\/v2\/pages\/13367\/revisions\/13379"}],"wp:featuredmedia":[{"embeddable":true,"href":"https:\/\/www.lugaris.com\/ca\/wp-json\/wp\/v2\/media\/10367"}],"wp:attachment":[{"href":"https:\/\/www.lugaris.com\/ca\/wp-json\/wp\/v2\/media?parent=13367"}],"curies":[{"name":"wp","href":"https:\/\/api.w.org\/{rel}","templated":true}]}}