{"id":15295,"date":"2020-11-03T12:16:39","date_gmt":"2020-11-03T12:16:39","guid":{"rendered":"https:\/\/www.lugaris.com\/appartements-pour-sejours-moyens-et-longs\/"},"modified":"2024-01-18T13:45:30","modified_gmt":"2024-01-18T13:45:30","slug":"apartaments-per-a-estades-mitjanes-i-llargues","status":"publish","type":"page","link":"https:\/\/www.lugaris.com\/ca\/apartaments-per-a-estades-mitjanes-i-llargues\/","title":{"rendered":"Apartaments per a estades mitjanes i llargues"},"content":{"rendered":"\n<div class=\"wp-block-columns is-layout-flex wp-container-core-columns-layout-1 wp-block-columns-is-layout-flex\">\n<div class=\"wp-block-column pt-5 is-layout-flow wp-block-column-is-layout-flow\">\n<p class=\"\">Plena aquest formulari per acordar una data de visita per veure els nostres apartaments per a estades mitjanes. Ens posarem en contacte amb tu el m\u00e9s aviat possible. <\/p>\n\n\n\n<div class=\"wp-block-uagb-forms uagb-forms__outer-wrap uagb-block-2bb92e93 uagb-forms__medium-btn\"><form class=\"uagb-forms-main-form\" method=\"post\" autocomplete=\"on\" name=\"uagb-form-2bb92e93\">\n<div class=\"wp-block-uagb-forms-name uagb-forms-name-wrap uagb-forms-field-set uagb-block-3cff2466\"><div class=\"uagb-forms-name-label required uagb-forms-input-label\" id=\"3cff2466\">Nom<\/div><input type=\"text\" placeholder=\"John\" required class=\"uagb-forms-name-input uagb-forms-input\" name=\"3cff2466\" autocomplete=\"given-name\"\/><\/div>\n\n\n\n<div class=\"wp-block-uagb-forms-name uagb-forms-name-wrap uagb-forms-field-set uagb-block-30a1d2a9\"><div class=\"uagb-forms-name-label required uagb-forms-input-label\" id=\"30a1d2a9\">Cognoms<\/div><input type=\"text\" placeholder=\"Doe\" required class=\"uagb-forms-name-input uagb-forms-input\" name=\"30a1d2a9\" autocomplete=\"family-name\"\/><\/div>\n\n\n\n<div class=\"wp-block-uagb-forms-email uagb-forms-email-wrap uagb-forms-field-set uagb-block-173a4866\"><div class=\"uagb-forms-email-label  uagb-forms-input-label\" id=\"173a4866\">Email<\/div><input type=\"email\" class=\"uagb-forms-email-input uagb-forms-input\" placeholder=\"example@mail.com\" name=\"173a4866\" autocomplete=\"email\"\/><\/div>\n\n\n\n<div class=\"wp-block-uagb-forms-textarea uagb-forms-textarea-wrap uagb-forms-field-set uagb-block-a0582ab9\"><div class=\"uagb-forms-textarea-label required uagb-forms-input-label\" id=\"a0582ab9\">Missatge<\/div><textarea required class=\"uagb-forms-textarea-input uagb-forms-input\" rows=\"4\" placeholder=\"Enter your message\" name=\"a0582ab9\" autocomplete=\"off\"><\/textarea><\/div>\n\n\n\n<div class=\"wp-block-uagb-forms-select uagb-forms-select-wrap uagb-forms-field-set uagb-block-10e9fa38\"><div class=\"uagb-forms-select-label required uagb-forms-input-label\" id=\"10e9fa38\">N\u00famero de mesos<\/div><select class=\"uagb-forms-select-box uagb-forms-input\" required name=\"10e9fa38\"><option value=\"\" disabled selected>Select your option<\/option><option value=\"1-4 mesos\">1-4 mesos<\/option><option value=\"5-7 mesos\">5-7 mesos<\/option><option value=\"8-11 mesos\">8-11 mesos<\/option><\/select><\/div>\n\n\n\n<div class=\"wp-block-uagb-forms-select uagb-forms-select-wrap uagb-forms-field-set uagb-block-7be5ccfe\"><div class=\"uagb-forms-select-label required uagb-forms-input-label\" id=\"7be5ccfe\">N\u00famero d&#8217;habitacions<\/div><select class=\"uagb-forms-select-box uagb-forms-input\" required name=\"7be5ccfe\"><option value=\"\" disabled selected>Select your option<\/option><option value=\"1 habitaci\u00f3\">1 habitaci\u00f3<\/option><option value=\"2 habitacions\">2 habitacions<\/option><option value=\"3 habitacions\">3 habitacions<\/option><option value=\"4 habitacions\">4 habitacions<\/option><\/select><\/div>\n<div class=\"uagb-forms-form-hidden-data\"><input type=\"hidden\" id=\"g-recaptcha-response\" class=\"uagb-forms-recaptcha\"\/><input type=\"hidden\" class=\"uagb_forms_form_label\" value=\"Spectra Form\"\/><input type=\"hidden\" class=\"uagb_forms_form_id\" value=\"uagb-form-2bb92e93\"\/><\/div><div class=\"uagb-form-reacaptcha-error-2bb92e93\"><\/div><div class=\"uagb-forms-main-submit-button-wrap wp-block-button\"><button class=\"uagb-forms-main-submit-button wp-block-button__link\"><div class=\"uagb-forms-main-submit-button-text\">Enviar<\/div><\/button><\/div><\/form><div class=\"uagb-forms-success-message-2bb92e93 uagb-forms-submit-message-hide\"><span>La petici\u00f3 s&#8217;ha enviat de manera satisfact\u00f2ria. <\/span><\/div><div class=\"uagb-forms-failed-message-2bb92e93 uagb-forms-submit-message-hide\"><span>Hi ha hagut un error a l&#8217;hora d&#8217;enviar el teu formulari. Siusplau, intenta-ho de nou. <\/span><\/div><\/div>\n<\/div>\n\n\n\n<div class=\"wp-block-column pt-5 is-layout-flow wp-block-column-is-layout-flow\">\n<p class=\"\">En un m\u00f3n en canvi constant, \u00e9s normal que sorgeixin imprevistos que ens facin canviar d\u2019habitatge. Sia per una nova feina, per l\u2019inici d\u2019uns estudis de doctorat, per a fer reformes a casa o per la necessitat de desconnectar durant un temps, hi ha molts motius que poden emp\u00e8nyer a triar un lloguer per setmanes a Barcelona per a estades mitjanes i llargues (en aquest cas, d\u2019un <strong>m\u00e0xim d&#8217;onze mesos<\/strong>).<\/p>\n\n\n\n<p class=\"\">Sens dubte, el <em>coliving <\/em>a Barcelona est\u00e0 en auge, at\u00e8s que \u00e9s una bona alternativa al lloguer tradicional per diverses raons. De fet, \u00e9s una opci\u00f3 m\u00e9s econ\u00f2mica per a viure a un apartament sense haver de compartir pis amb persones desconegudes, tenir la despesa de llum, aigua i internet inclosa al preu de l\u2019allotjament, disposar d\u2019espais comuns per a con\u00e8ixer gent af\u00ed i fer <em>networking,<\/em> sense haver d\u2019estar lligats a contractes de llarga durada i a un munt de cl\u00e0usules inacabables. Hav\u00edeu sentit mai a parlar del <em>coliving <\/em>a Barcelona?<\/p>\n\n\n\n<p class=\"\">Per tot plegat, a Lugaris Apartments posem els nostres apartaments al vostre abast, perqu\u00e8 us hi allotgeu c\u00f2modament durant els mesos que vulgueu. Entre els avantatges que hi oferim, s\u2019hi inclouen la neteja setmanal, l\u2019acc\u00e9s a la piscina, cuines completament equipades i, fins i tot, un servei de compres, per si no teniu temps d&#8217;encarregar-vos-en.<\/p>\n\n\n\n<p class=\"\">Lugaris Apartments, situat a pocs minuts a peu de la platja del Bogatell i al barri del Poblenou, us ofereix apartaments de luxe a Barcelona per a estades mitjanes i llargues de fins a sis mesos, amb una selecci\u00f3 de pisos amb totes les comoditats que us calen per a sentir-vos-hi com a casa.<\/p>\n\n\n\n<p class=\"\">Si voleu trobar un allotjament de mitjana i llarga estada, empleneu el nostre formulari perqu\u00e8 ens puguem posar en contacte amb vosaltres i donar-vos m\u00e9s detalls sobre les nostres ofertes. Si, d&#8217;altra banda, voleu saber m\u00e9s sobre aquesta possibilitat, us convidem a continuar llegint. &nbsp;&nbsp;<\/p>\n\n\n\n<p class=\"has-medium-font-size\">\u201cA Lugaris, ens agrada la felicitat. El nostre comprom\u00eds \u00e9s treballar perqu\u00e8 us hi sentiu com a casa. Veniu a Lugaris. Casa vostra, all\u00e0 on sigueu.\u201d<\/p>\n\n\n\n<p class=\"has-gray-700-color has-text-color\">CEO de Lugaris Apartments<\/p>\n<\/div>\n<\/div>\n\n\n\n<h2 class=\"wp-block-heading has-text-align-center\">LLOGUER PER MESOS I SETMANES A BARCELONA<\/h2>\n\n\n\n<figure class=\"wp-block-image aligncenter size-large is-resized\"><img loading=\"lazy\" decoding=\"async\" src=\"https:\/\/www.lugaris.com\/app\/uploads\/2020\/11\/poblenou-1280x737.jpg\" alt=\"\" class=\"wp-image-15054\" width=\"1280\" height=\"662\"\/><\/figure>\n\n\n\n<div class=\"wp-block-columns is-layout-flex wp-container-core-columns-layout-2 wp-block-columns-is-layout-flex\">\n<div class=\"wp-block-column is-layout-flow wp-block-column-is-layout-flow\">\n<p class=\"\">Els apartaments de Lugaris Apartments es troben al barri del Poblenou, al bell mig del districte tecnol\u00f2gic 22@. Coneguda per ser un<em> hub<\/em> d&#8217;empreses i <em>start-ups<\/em> tecnol\u00f2giques, aquesta \u00e9s la ubicaci\u00f3 ideal per allotjar-vos al centre neur\u00e0lgic de la innovaci\u00f3 i a tocar de la Mediterr\u00e0nia. Barcelona est\u00e0 esdevenint la capital tecnol\u00f2gica del sud d&#8217;Europa, i aix\u00f2 fa que molts estudiants vinguin a cursar-hi m\u00e0sters i doctorats especialitzats en tota mena de disciplines. A m\u00e9s, des de fa m\u00e9s d&#8217;una d\u00e8cada, \u00e9s la meca per a un gran nombre d&#8217;ag\u00e8ncies publicit\u00e0ries i companyies de refer\u00e8ncia que operen internacionalment. D&#8217;altra banda, la ciutat tamb\u00e9 s&#8217;est\u00e0 consolidant com a plat\u00f3 per a grans produccions cinematogr\u00e0fiques i publicit\u00e0ries. Aix\u00f2 animat moltes productores a cercar-hi allotjament per als seus treballadors. Tot plegat fa que hi hagi moltes persones que vulguin allotjar-se a Barcelona de manera temporal (en el nostre cas, des de 32 dies fins a onze mesos com a m\u00e0xim), amb totes les comoditats d&#8217;un hotel i tots els serveis d&#8217;un apartament.<\/p>\n\n\n\n<p class=\"\">Lugaris Apartments s\u2019ajusta a all\u00f2 que esteu cercant, ja que ofereix una extensa gamma d&#8217;apartaments de lloguer per setmanes a Barcelona a pocs minuts a peu de la platja del Bogatell. A m\u00e9s, hi podreu trobar pisos de lloguer per mesos fins a un l\u00edmit de sis mesos.<\/p>\n\n\n\n<p class=\"\">Voleu con\u00e8ixer tots els avantatges de confiar en nosaltres? Us els expliquem tot seguit.<\/p>\n<\/div>\n\n\n\n<div class=\"wp-block-column is-layout-flow wp-block-column-is-layout-flow\">\n<ul class=\"\">\n<li class=\"\"><strong>Servei de neteja setmanal.<\/strong> Per tal que no hi h\u00e0giu d\u2019invertir-hi el vostre temps, el nostre servei de neteja s\u2019encarregar\u00e0 de deixar el vostre pis impecable. Si us interessa gaudir d\u2019un servei de neteja setmanal, nom\u00e9s haureu de contactar amb nosaltres per a reservar-lo.<\/li>\n\n\n\n<li class=\"\"><strong>Wifi d&#8217;alta velocitat<\/strong>. Voleu teletreballar des del vostre apartament a Barcelona? A Lugaris Apartments, disposareu d\u2019una connexi\u00f3 a Internet d\u2019alta velocitat.<\/li>\n\n\n\n<li class=\"\"><strong>P\u00e0rquing propi.<\/strong> Si veniu als nostres apartaments amb el vostre cotxe, no haureu de preocupar-vos de trobar un lloc per a aparcar-lo. A Lugaris Apartaments, us oferim places d&#8217;aparcament a l\u2019edifici de Lugaris Beach.<\/li>\n\n\n\n<li class=\"\"><strong>Cuina equipada.<\/strong> Un dels punts que m\u00e9s ens diferencia dels hotels \u00e9s, precisament, l\u2019espai m\u00e9s important de la casa: la cuina. Les nostres cuines estan equipades amb el parament i tot els estris que us calen per a elaborar-hi els plats m\u00e9s gustosos. Hi trobareu tots els electrodom\u00e8stics per a conservar els aliments i cuinar-los: nevera, congelador, forn i microones.<\/li>\n\n\n\n<li class=\"\"><strong>Espai de teletreball.<\/strong> Si heu optat per una<em> workation<\/em> \u2014treballar fora del vostre lloc de resid\u00e8ncia habitual\u2014, a Lugaris Apartments us proporcionem apartaments amb prou espai perqu\u00e8 hi disposeu d\u2019una oficina amb vistes al mar.<\/li>\n\n\n\n<li class=\"\"><strong>Apartaments d\u20191, 2 o 3 habitacions.<\/strong> Independentment de si us hi allotgeu sols o amb la fam\u00edlia, a Lugaris Apartments tenim un habitatge amb la mida perfecta per a vosaltres.<\/li>\n\n\n\n<li class=\"\"><strong>Piscina a la terrassa.<\/strong> Si us decidiu per un lloguer de setmanes o mesos a Lugaris Beach, a m\u00e9s de tots els serveis esmentats, podreu gaudir de la piscina que hi ha al terrat de l&#8217;edifici.<\/li>\n\n\n\n<li class=\"\">I molt m\u00e9s.<\/li>\n<\/ul>\n<\/div>\n<\/div>\n\n\n\n<div class=\"wp-block-columns is-layout-flex wp-container-core-columns-layout-3 wp-block-columns-is-layout-flex\">\n<div class=\"wp-block-column is-layout-flow wp-block-column-is-layout-flow\"><\/div>\n\n\n\n<div class=\"wp-block-column is-layout-flow wp-block-column-is-layout-flow\"><\/div>\n<\/div>\n\n\n<section class=\"blocks__extra-info \" id=\"opinions-de-clients-destades-mitjanes-i-llargues\">\n    <h3>OPINIONS DE CLIENTS D\u2019ESTADES MITJANES I LLARGUES<\/h3>\n\n    <div class=\"blocks__extra-info__list\">\n                    <div class=\"blocks__extra-info__item\" id=\"opinions-de-clients-destades-mitjanes-i-llargues-maria-garcia\">\n        <a\n                    href=\"#\" \n            class=\"toggleable__extra-info \"\n            data-target=\"#extra-info-15298\"\n            data-scope=\".blocks__extra-info .toggleable__extra-info, .blocks__extra-info .blocks__extra-info__content\"\n        \n        \n    >\n            <article class=\"blocks__extra-info__item__container\">\n            <img decoding=\"async\" src=\"https:\/\/www.lugaris.com\/app\/uploads\/2020\/11\/mateus-campos-felipe-mWnxwN34NaA-unsplash.jpg\" class=\"blocks__extra-info__item__thumbnail\"><\/img>\n            <div  class=\"blocks__extra-info__item__content\">\n                <header>\n                    <h4 class=\"blocks__extra-info__item__title\">\n                        Maria Garc\u00eda\n                    <\/h4>\n                <\/header>\n                <section>\n                    <p class=\"blocks__extra-info__item__excerpt\">\n                        M&#8217;he mudat durant 3 mesos a Barcelona per a estudiar un m\u00e0ster a la UPF. Mai no havia visitat Barcelona i penso que \u00e9s una bona oportunitat per a con\u00e8ixer una mica m\u00e9s la cultura d&#8217;aquesta part de pa\u00eds. El meu campus es troba a 10 minuts a peu del meu apartament Lugaris Beach, encara que molts cops prefereixo anar a la universitat amb bici per a rec\u00f3rrer els parcs m\u00e9s bonics de la ciutat i passejar per la platja. En aquest apartament he trobat el lloc perfecte, no nom\u00e9s per a relaxar-m\u2019hi, sin\u00f3 tamb\u00e9 per a estudiar i treballar en la meva tesina.\n                    <\/p>\n                    \n                                        <span class=\"blocks__extra-info__item__read-more\">Llegir m\u00e9s<\/span>\n                    <span class=\"blocks__extra-info__item__read-less\">Llegir menys<\/span>\n                                    <\/section>\n            <\/div>\n        <\/article>\n        <\/a>\n    <\/div>\n                                <div class=\"blocks__extra-info__item\" id=\"opinions-de-clients-destades-mitjanes-i-llargues-matt-sloane\">\n        <a\n                    href=\"#\" \n            class=\"toggleable__extra-info \"\n            data-target=\"#extra-info-15299\"\n            data-scope=\".blocks__extra-info .toggleable__extra-info, .blocks__extra-info .blocks__extra-info__content\"\n        \n        \n    >\n            <article class=\"blocks__extra-info__item__container\">\n            <img decoding=\"async\" src=\"https:\/\/www.lugaris.com\/app\/uploads\/2020\/11\/angelo-pantazis-_bmROQSJJG0-unsplash-1.jpg\" class=\"blocks__extra-info__item__thumbnail\"><\/img>\n            <div  class=\"blocks__extra-info__item__content\">\n                <header>\n                    <h4 class=\"blocks__extra-info__item__title\">\n                        Matt Sloane\n                    <\/h4>\n                <\/header>\n                <section>\n                    <p class=\"blocks__extra-info__item__excerpt\">\n                        Un reclutador va contractar-me per a treballar a una coneguda empresa amb seu a Barcelona. Vull prendre\u2019m un temps per a trobar-hi un pis definitiu i adaptar-me a aquesta nova ciutat. Per aix\u00f2, he decidit llogar un pis per setmanes a Lugaris, amb prou espai perqu\u00e8 la meva fam\u00edlia tamb\u00e9 vingu\u00e9s a viure a Barcelona. Fins ara, estic molt satisfet amb la meva estada a Lugaris. El servei de neteja m&#8217;ajuda a poder concentrar-me en la feina i tenir m\u00e9s temps lliure per a adaptar-me a la meva nova ciutat. A m\u00e9s, els petits s&#8217;ho passen d&#8217;all\u00f2 m\u00e9s b\u00e9 jugant a la platja, a la piscina de Lugaris i el passeig mar\u00edtim. \u00c9s un somni fet realitat.\n                    <\/p>\n                    \n                                        <span class=\"blocks__extra-info__item__read-more\">Llegir m\u00e9s<\/span>\n                    <span class=\"blocks__extra-info__item__read-less\">Llegir menys<\/span>\n                                    <\/section>\n            <\/div>\n        <\/article>\n        <\/a>\n    <\/div>\n                                <div class=\"blocks__extra-info__item\" id=\"opinions-de-clients-destades-mitjanes-i-llargues-zhang-jiang\">\n        <a\n                    href=\"#\" \n            class=\"toggleable__extra-info \"\n            data-target=\"#extra-info-15300\"\n            data-scope=\".blocks__extra-info .toggleable__extra-info, .blocks__extra-info .blocks__extra-info__content\"\n        \n        \n    >\n            <article class=\"blocks__extra-info__item__container\">\n            <img decoding=\"async\" src=\"https:\/\/www.lugaris.com\/app\/uploads\/2020\/11\/pexels-mentatdgt-937481.jpg\" class=\"blocks__extra-info__item__thumbnail\"><\/img>\n            <div  class=\"blocks__extra-info__item__content\">\n                <header>\n                    <h4 class=\"blocks__extra-info__item__title\">\n                        Zh\u0101ng Jiang\n                    <\/h4>\n                <\/header>\n                <section>\n                    <p class=\"blocks__extra-info__item__excerpt\">\n                        Soc en Jiang. La meva fam\u00edlia i jo vivim a Barcelona des de fa 8 anys. Ara ens hem comprat una casa nova i l&#8217;estem reformant completament. Per aix\u00f2, ens cal un lloc c\u00f2mode on quedar-nos mentre durin les obres. Cerc\u00e0vem un indret que fos a prop de l&#8217;escola dels meus fills i que tingu\u00e9s totes les comoditats que tenim a casa nostra. Tamb\u00e9 en destaco les facilitats del lloguer per setmanes, ja que \u00e9s molt m\u00e9s flexible que un lloguer tradicional, surt m\u00e9s rendible i n\u2019obtens molts m\u00e9s serveis. Estic molt content amb Lugaris Apartments i no dubtaria a recomanar els seus apartaments.\n                    <\/p>\n                    \n                                        <span class=\"blocks__extra-info__item__read-more\">Llegir m\u00e9s<\/span>\n                    <span class=\"blocks__extra-info__item__read-less\">Llegir menys<\/span>\n                                    <\/section>\n            <\/div>\n        <\/article>\n        <\/a>\n    <\/div>\n                                <div class=\"blocks__extra-info__item\" id=\"opinions-de-clients-destades-mitjanes-i-llargues-careen-muller\">\n        <a\n                    href=\"#\" \n            class=\"toggleable__extra-info \"\n            data-target=\"#extra-info-15301\"\n            data-scope=\".blocks__extra-info .toggleable__extra-info, .blocks__extra-info .blocks__extra-info__content\"\n        \n        \n    >\n            <article class=\"blocks__extra-info__item__container\">\n            <img decoding=\"async\" src=\"https:\/\/www.lugaris.com\/app\/uploads\/2020\/11\/ivanna-mykhailiuk-ODeu2Sk2IBI-unsplash.jpg\" class=\"blocks__extra-info__item__thumbnail\"><\/img>\n            <div  class=\"blocks__extra-info__item__content\">\n                <header>\n                    <h4 class=\"blocks__extra-info__item__title\">\n                        Careen M\u00fcller\n                    <\/h4>\n                <\/header>\n                <section>\n                    <p class=\"blocks__extra-info__item__excerpt\">\n                        Em dic Careen i vinc d&#8217;Alemanya. La meva empresa ha implantat el teletreball i he decidit mudar-me temporalment a Barcelona per a treballar a un altre lloc. Des que soc aqu\u00ed, all\u00f2 que m\u2019ha agradat m\u00e9s de Lugaris Apartments \u00e9s que \u00e9s el lloc ideal per a teletreballar. Per qu\u00e8? Per la seva proximitat al mar, que m&#8217;ajuda a desconnectar, la privadesa que dona tenir un allotjament propi i el confort del meu apartament. Sempre havia volgut mudar-me durant una temporada a l&#8217;estranger, i l&#8217;oportunitat que m&#8217;ha donat la meva empresa m&#8217;ha perm\u00e8s con\u00e8ixer una ciutat nova sense necessitat de demanar una exced\u00e8ncia. Estic il\u00b7lusionada amb la meva nova vida aqu\u00ed. Encara no tinc clar quant de temps hi restar\u00e9, per\u00f2 s\u00e9 que hi passar\u00e9 un hivern m\u00e9s c\u00e0lid que no pas a la meva ciutat natal, Munic.\n                    <\/p>\n                    \n                                        <span class=\"blocks__extra-info__item__read-more\">Llegir m\u00e9s<\/span>\n                    <span class=\"blocks__extra-info__item__read-less\">Llegir menys<\/span>\n                                    <\/section>\n            <\/div>\n        <\/article>\n        <\/a>\n    <\/div>\n                                <div class=\"blocks__extra-info__item\" id=\"opinions-de-clients-destades-mitjanes-i-llargues-mario-cabreira\">\n        <a\n                    href=\"#\" \n            class=\"toggleable__extra-info \"\n            data-target=\"#extra-info-15302\"\n            data-scope=\".blocks__extra-info .toggleable__extra-info, .blocks__extra-info .blocks__extra-info__content\"\n        \n        \n    >\n            <article class=\"blocks__extra-info__item__container\">\n            <img decoding=\"async\" src=\"https:\/\/www.lugaris.com\/app\/uploads\/2020\/11\/christian-buehner-DItYlc26zVI-unsplash.jpg\" class=\"blocks__extra-info__item__thumbnail\"><\/img>\n            <div  class=\"blocks__extra-info__item__content\">\n                <header>\n                    <h4 class=\"blocks__extra-info__item__title\">\n                        Mario Cabreira\n                    <\/h4>\n                <\/header>\n                <section>\n                    <p class=\"blocks__extra-info__item__excerpt\">\n                        Soc en Mario i m\u2019he separat de la meva dona fa un parell de setmanes. Per a poder gaudir d\u2019un ambient m\u00e9s tranquil, he decidit mudar-me a un dels apartaments de Lugaris, on tinc temps per a cercar un nou empla\u00e7ament definitiu on sentir-me m\u00e9s c\u00f2mode. El vaig triar perqu\u00e8 m\u2019hi van donar totes les garanties de flexibilitat que necessito ara mateix, ja que puc estendre o escur\u00e7ar la meva estada mentre cerco la meva nova llar. Tamb\u00e9 m&#8217;agradaria destacar la neteja dels apartaments, que \u00e9s impecable.\n                    <\/p>\n                    \n                                        <span class=\"blocks__extra-info__item__read-more\">Llegir m\u00e9s<\/span>\n                    <span class=\"blocks__extra-info__item__read-less\">Llegir menys<\/span>\n                                    <\/section>\n            <\/div>\n        <\/article>\n        <\/a>\n    <\/div>\n                                <div class=\"blocks__extra-info__item\" id=\"opinions-de-clients-destades-mitjanes-i-llargues-rosa-valverde\">\n        <a\n                    href=\"#\" \n            class=\"toggleable__extra-info \"\n            data-target=\"#extra-info-15303\"\n            data-scope=\".blocks__extra-info .toggleable__extra-info, .blocks__extra-info .blocks__extra-info__content\"\n        \n        \n    >\n            <article class=\"blocks__extra-info__item__container\">\n            <img decoding=\"async\" src=\"https:\/\/www.lugaris.com\/app\/uploads\/2020\/11\/edward-cisneros-_H6wpor9mjs-unsplash.jpg\" class=\"blocks__extra-info__item__thumbnail\"><\/img>\n            <div  class=\"blocks__extra-info__item__content\">\n                <header>\n                    <h4 class=\"blocks__extra-info__item__title\">\n                        Rosa Valverde\n                    <\/h4>\n                <\/header>\n                <section>\n                    <p class=\"blocks__extra-info__item__excerpt\">\n                        Em dic Rosa i treballo a l&#8217;Hospital de la Mar com a refor\u00e7 per a l\u2019atenci\u00f3 de pacients amb COVID-19. Per a viure en un entorn segur i per a evitar contagis a la meva fam\u00edlia, he decidit llogar un apartament durant els mesos que duri el meu contracte. Dels apartaments de Lugaris, en destaco la proximitat al lloc de feina, l&#8217;amabilitat del personal i l&#8217;oportunitat d\u2019allotjar-me en un lloc c\u00f2mode, amb tots els electrodom\u00e8stics i el parament que necessito di\u00e0riament. Estic molt contenta amb la meva estada i recomanaria aquests apartaments sense dubtar-ho.\n                    <\/p>\n                    \n                                        <span class=\"blocks__extra-info__item__read-more\">Llegir m\u00e9s<\/span>\n                    <span class=\"blocks__extra-info__item__read-less\">Llegir menys<\/span>\n                                    <\/section>\n            <\/div>\n        <\/article>\n        <\/a>\n    <\/div>\n                        <\/div>\n\n        <div class=\"blocks__extra-info__content__container\">\n                                <div id=\"extra-info-15298\"\n                class=\"blocks__extra-info__content toggleable__target \">\n                \n<div class=\"wp-block-columns is-layout-flex wp-container-core-columns-layout-4 wp-block-columns-is-layout-flex\">\n<div class=\"wp-block-column is-layout-flow wp-block-column-is-layout-flow\" style=\"flex-basis:66.66%\">\n<p class=\"\">M&#8217;he mudat durant 3 mesos a Barcelona per a estudiar un m\u00e0ster a la UPF. Mai no havia visitat Barcelona i penso que \u00e9s una bona oportunitat per a con\u00e8ixer una mica m\u00e9s la cultura d&#8217;aquesta part de pa\u00eds. El meu campus es troba a 10 minuts a peu del meu apartament Lugaris Beach, encara que molts cops prefereixo anar a la universitat amb bici per a rec\u00f3rrer els parcs m\u00e9s bonics de la ciutat i passejar per la platja. En aquest apartament he trobat el lloc perfecte, no nom\u00e9s per a relaxar-m\u2019hi, sin\u00f3 tamb\u00e9 per a estudiar i treballar en la meva tesina. <\/p>\n<\/div>\n\n\n\n<div class=\"wp-block-column is-layout-flow wp-block-column-is-layout-flow\" style=\"flex-basis:33.33%\">\n<figure class=\"wp-block-image size-large\"><img fetchpriority=\"high\" fetchpriority=\"high\" decoding=\"async\" width=\"1280\" height=\"784\" src=\"https:\/\/www.lugaris.com\/app\/uploads\/2020\/11\/mateus-campos-felipe-Fsgzm8N0hIY-unsplash-1280x784.jpg\" alt=\"\" class=\"wp-image-14586\" srcset=\"https:\/\/www.lugaris.com\/app\/uploads\/2020\/11\/mateus-campos-felipe-Fsgzm8N0hIY-unsplash-1280x784.jpg 1280w, https:\/\/www.lugaris.com\/app\/uploads\/2020\/11\/mateus-campos-felipe-Fsgzm8N0hIY-unsplash-1024x627.jpg 1024w, https:\/\/www.lugaris.com\/app\/uploads\/2020\/11\/mateus-campos-felipe-Fsgzm8N0hIY-unsplash-640x392.jpg 640w, https:\/\/www.lugaris.com\/app\/uploads\/2020\/11\/mateus-campos-felipe-Fsgzm8N0hIY-unsplash-768x470.jpg 768w, https:\/\/www.lugaris.com\/app\/uploads\/2020\/11\/mateus-campos-felipe-Fsgzm8N0hIY-unsplash-1536x941.jpg 1536w, https:\/\/www.lugaris.com\/app\/uploads\/2020\/11\/mateus-campos-felipe-Fsgzm8N0hIY-unsplash-2048x1254.jpg 2048w\" sizes=\"(max-width: 1280px) 100vw, 1280px\" \/><\/figure>\n<\/div>\n<\/div>\n\n            <\/div>\n                                            <div id=\"extra-info-15299\"\n                class=\"blocks__extra-info__content toggleable__target \">\n                \n<div class=\"wp-block-columns is-layout-flex wp-container-core-columns-layout-5 wp-block-columns-is-layout-flex\">\n<div class=\"wp-block-column is-layout-flow wp-block-column-is-layout-flow\" style=\"flex-basis:66.66%\">\n<p class=\"\">Un reclutador va contractar-me per a treballar a una coneguda empresa amb seu a Barcelona. Vull prendre\u2019m un temps per a trobar-hi un pis definitiu i adaptar-me a aquesta nova ciutat. Per aix\u00f2, he decidit llogar un pis per setmanes a Lugaris, amb prou espai perqu\u00e8 la meva fam\u00edlia tamb\u00e9 vingu\u00e9s a viure a Barcelona. Fins ara, estic molt satisfet amb la meva estada a Lugaris. El servei de neteja m&#8217;ajuda a poder concentrar-me en la feina i tenir m\u00e9s temps lliure per a adaptar-me a la meva nova ciutat. A m\u00e9s, els petits s&#8217;ho passen d&#8217;all\u00f2 m\u00e9s b\u00e9 jugant a la platja, a la piscina de Lugaris i el passeig mar\u00edtim. \u00c9s un somni fet realitat.<\/p>\n<\/div>\n\n\n\n<div class=\"wp-block-column is-layout-flow wp-block-column-is-layout-flow\" style=\"flex-basis:33.33%\">\n<figure class=\"wp-block-image size-large\"><img decoding=\"async\" width=\"1280\" height=\"853\" src=\"https:\/\/www.lugaris.com\/app\/uploads\/2020\/11\/kelli-mcclintock-2M4B_nFZUs-unsplash-1280x853.jpg\" alt=\"\" class=\"wp-image-14601\" srcset=\"https:\/\/www.lugaris.com\/app\/uploads\/2020\/11\/kelli-mcclintock-2M4B_nFZUs-unsplash-1280x853.jpg 1280w, https:\/\/www.lugaris.com\/app\/uploads\/2020\/11\/kelli-mcclintock-2M4B_nFZUs-unsplash-1024x683.jpg 1024w, https:\/\/www.lugaris.com\/app\/uploads\/2020\/11\/kelli-mcclintock-2M4B_nFZUs-unsplash-640x427.jpg 640w, https:\/\/www.lugaris.com\/app\/uploads\/2020\/11\/kelli-mcclintock-2M4B_nFZUs-unsplash-768x512.jpg 768w, https:\/\/www.lugaris.com\/app\/uploads\/2020\/11\/kelli-mcclintock-2M4B_nFZUs-unsplash-1536x1024.jpg 1536w, https:\/\/www.lugaris.com\/app\/uploads\/2020\/11\/kelli-mcclintock-2M4B_nFZUs-unsplash-2048x1365.jpg 2048w\" sizes=\"(max-width: 1280px) 100vw, 1280px\" \/><\/figure>\n<\/div>\n<\/div>\n\n            <\/div>\n                                            <div id=\"extra-info-15300\"\n                class=\"blocks__extra-info__content toggleable__target \">\n                \n<div class=\"wp-block-columns is-layout-flex wp-container-core-columns-layout-6 wp-block-columns-is-layout-flex\">\n<div class=\"wp-block-column is-layout-flow wp-block-column-is-layout-flow\" style=\"flex-basis:66.66%\">\n<p class=\"\">Soc en Jiang. La meva fam\u00edlia i jo vivim a Barcelona des de fa 8 anys. Ara ens hem comprat una casa nova i l&#8217;estem reformant completament. Per aix\u00f2, ens cal un lloc c\u00f2mode on quedar-nos mentre durin les obres. Cerc\u00e0vem un indret que fos a prop de l&#8217;escola dels meus fills i que tingu\u00e9s totes les comoditats que tenim a casa nostra. Tamb\u00e9 en destaco les facilitats del lloguer per setmanes, ja que \u00e9s molt m\u00e9s flexible que un lloguer tradicional, surt m\u00e9s rendible i n\u2019obtens molts m\u00e9s serveis. Estic molt content amb Lugaris Apartments i no dubtaria a recomanar els seus apartaments.<\/p>\n<\/div>\n\n\n\n<div class=\"wp-block-column is-layout-flow wp-block-column-is-layout-flow\" style=\"flex-basis:33.33%\">\n<div class=\"wp-block-image\"><figure class=\"aligncenter size-large\"><img decoding=\"async\" width=\"1280\" height=\"1280\" src=\"https:\/\/www.lugaris.com\/app\/uploads\/2020\/11\/pexels-mentatdgt-1220757-1280x1280.jpg\" alt=\"\" class=\"wp-image-15191\" srcset=\"https:\/\/www.lugaris.com\/app\/uploads\/2020\/11\/pexels-mentatdgt-1220757.jpg 1280w, https:\/\/www.lugaris.com\/app\/uploads\/2020\/11\/pexels-mentatdgt-1220757-1024x1024.jpg 1024w, https:\/\/www.lugaris.com\/app\/uploads\/2020\/11\/pexels-mentatdgt-1220757-640x640.jpg 640w, https:\/\/www.lugaris.com\/app\/uploads\/2020\/11\/pexels-mentatdgt-1220757-768x768.jpg 768w\" sizes=\"(max-width: 1280px) 100vw, 1280px\" \/><\/figure><\/div>\n<\/div>\n<\/div>\n\n            <\/div>\n                                            <div id=\"extra-info-15301\"\n                class=\"blocks__extra-info__content toggleable__target \">\n                \n<div class=\"wp-block-columns is-layout-flex wp-container-core-columns-layout-7 wp-block-columns-is-layout-flex\">\n<div class=\"wp-block-column is-layout-flow wp-block-column-is-layout-flow\" style=\"flex-basis:66.66%\">\n<p class=\"\">Em dic Careen i vinc d&#8217;Alemanya. La meva empresa ha implantat el teletreball i he decidit mudar-me temporalment a Barcelona per a treballar a un altre lloc. Des que soc aqu\u00ed, all\u00f2 que m\u2019ha agradat m\u00e9s de Lugaris Apartments \u00e9s que \u00e9s el lloc ideal per a teletreballar. Per qu\u00e8? Per la seva proximitat al mar, que m&#8217;ajuda a desconnectar, la privadesa que dona tenir un allotjament propi i el confort del meu apartament. Sempre havia volgut mudar-me durant una temporada a l&#8217;estranger, i l&#8217;oportunitat que m&#8217;ha donat la meva empresa m&#8217;ha perm\u00e8s con\u00e8ixer una ciutat nova sense necessitat de demanar una exced\u00e8ncia. Estic il\u00b7lusionada amb la meva nova vida aqu\u00ed. Encara no tinc clar quant de temps hi restar\u00e9, per\u00f2 s\u00e9 que hi passar\u00e9 un hivern m\u00e9s c\u00e0lid que no pas a la meva ciutat natal, Munic.<\/p>\n<\/div>\n\n\n\n<div class=\"wp-block-column is-layout-flow wp-block-column-is-layout-flow\" style=\"flex-basis:33.33%\">\n<div class=\"wp-block-image\"><figure class=\"aligncenter size-large\"><img loading=\"lazy\" loading=\"lazy\" decoding=\"async\" width=\"1280\" height=\"853\" src=\"https:\/\/www.lugaris.com\/app\/uploads\/2020\/11\/ivanna-mykhailiuk-c5moRUKgb48-unsplash-1280x853.jpg\" alt=\"\" class=\"wp-image-14634\" srcset=\"https:\/\/www.lugaris.com\/app\/uploads\/2020\/11\/ivanna-mykhailiuk-c5moRUKgb48-unsplash-1280x853.jpg 1280w, https:\/\/www.lugaris.com\/app\/uploads\/2020\/11\/ivanna-mykhailiuk-c5moRUKgb48-unsplash-1024x683.jpg 1024w, https:\/\/www.lugaris.com\/app\/uploads\/2020\/11\/ivanna-mykhailiuk-c5moRUKgb48-unsplash-640x427.jpg 640w, https:\/\/www.lugaris.com\/app\/uploads\/2020\/11\/ivanna-mykhailiuk-c5moRUKgb48-unsplash-768x512.jpg 768w, https:\/\/www.lugaris.com\/app\/uploads\/2020\/11\/ivanna-mykhailiuk-c5moRUKgb48-unsplash-1536x1024.jpg 1536w, https:\/\/www.lugaris.com\/app\/uploads\/2020\/11\/ivanna-mykhailiuk-c5moRUKgb48-unsplash-2048x1365.jpg 2048w\" sizes=\"(max-width: 1280px) 100vw, 1280px\" \/><\/figure><\/div>\n<\/div>\n<\/div>\n\n            <\/div>\n                                            <div id=\"extra-info-15302\"\n                class=\"blocks__extra-info__content toggleable__target \">\n                \n<div class=\"wp-block-columns is-layout-flex wp-container-core-columns-layout-8 wp-block-columns-is-layout-flex\">\n<div class=\"wp-block-column is-layout-flow wp-block-column-is-layout-flow\" style=\"flex-basis:66.66%\">\n<p class=\"\">Soc en Mario i m\u2019he separat de la meva dona fa un parell de setmanes. Per a poder gaudir d\u2019un ambient m\u00e9s tranquil, he decidit mudar-me a un dels apartaments de Lugaris, on tinc temps per a cercar un nou empla\u00e7ament definitiu on sentir-me m\u00e9s c\u00f2mode. El vaig triar perqu\u00e8 m\u2019hi van donar totes les garanties de flexibilitat que necessito ara mateix, ja que puc estendre o escur\u00e7ar la meva estada mentre cerco la meva nova llar. Tamb\u00e9 m&#8217;agradaria destacar la neteja dels apartaments, que \u00e9s impecable.<\/p>\n<\/div>\n\n\n\n<div class=\"wp-block-column is-layout-flow wp-block-column-is-layout-flow\" style=\"flex-basis:33.33%\">\n<div class=\"wp-block-image\"><figure class=\"aligncenter size-large\"><img loading=\"lazy\" loading=\"lazy\" decoding=\"async\" width=\"1280\" height=\"854\" src=\"https:\/\/www.lugaris.com\/app\/uploads\/2020\/11\/christian-buehner-mBVlFd3U2ZI-unsplash-1280x854.jpg\" alt=\"\" class=\"wp-image-15009\" srcset=\"https:\/\/www.lugaris.com\/app\/uploads\/2020\/11\/christian-buehner-mBVlFd3U2ZI-unsplash-1280x854.jpg 1280w, https:\/\/www.lugaris.com\/app\/uploads\/2020\/11\/christian-buehner-mBVlFd3U2ZI-unsplash-1024x683.jpg 1024w, https:\/\/www.lugaris.com\/app\/uploads\/2020\/11\/christian-buehner-mBVlFd3U2ZI-unsplash-640x427.jpg 640w, https:\/\/www.lugaris.com\/app\/uploads\/2020\/11\/christian-buehner-mBVlFd3U2ZI-unsplash-768x512.jpg 768w, https:\/\/www.lugaris.com\/app\/uploads\/2020\/11\/christian-buehner-mBVlFd3U2ZI-unsplash-1536x1025.jpg 1536w\" sizes=\"(max-width: 1280px) 100vw, 1280px\" \/><\/figure><\/div>\n<\/div>\n<\/div>\n\n            <\/div>\n                                            <div id=\"extra-info-15303\"\n                class=\"blocks__extra-info__content toggleable__target \">\n                \n<div class=\"wp-block-columns is-layout-flex wp-container-core-columns-layout-9 wp-block-columns-is-layout-flex\">\n<div class=\"wp-block-column is-layout-flow wp-block-column-is-layout-flow\" style=\"flex-basis:66.66%\">\n<p class=\"\">Em dic Rosa i treballo a l&#8217;Hospital de la Mar com a refor\u00e7 per a l\u2019atenci\u00f3 de pacients amb COVID-19. Per a viure en un entorn segur i per a evitar contagis a la meva fam\u00edlia, he decidit llogar un apartament durant els mesos que duri el meu contracte. Dels apartaments de Lugaris, en destaco la proximitat al lloc de feina, l&#8217;amabilitat del personal i l&#8217;oportunitat d\u2019allotjar-me en un lloc c\u00f2mode, amb tots els electrodom\u00e8stics i el parament que necessito di\u00e0riament. Estic molt contenta amb la meva estada i recomanaria aquests apartaments sense dubtar-ho.<\/p>\n<\/div>\n\n\n\n<div class=\"wp-block-column is-layout-flow wp-block-column-is-layout-flow\" style=\"flex-basis:33.33%\">\n<div class=\"wp-block-image\"><figure class=\"aligncenter size-large\"><img loading=\"lazy\" loading=\"lazy\" decoding=\"async\" width=\"1280\" height=\"853\" src=\"https:\/\/www.lugaris.com\/app\/uploads\/2020\/11\/edward-cisneros-4iV_py9bj4M-unsplash-1280x853.jpg\" alt=\"\" class=\"wp-image-15026\" srcset=\"https:\/\/www.lugaris.com\/app\/uploads\/2020\/11\/edward-cisneros-4iV_py9bj4M-unsplash-1280x853.jpg 1280w, https:\/\/www.lugaris.com\/app\/uploads\/2020\/11\/edward-cisneros-4iV_py9bj4M-unsplash-1024x683.jpg 1024w, https:\/\/www.lugaris.com\/app\/uploads\/2020\/11\/edward-cisneros-4iV_py9bj4M-unsplash-640x427.jpg 640w, https:\/\/www.lugaris.com\/app\/uploads\/2020\/11\/edward-cisneros-4iV_py9bj4M-unsplash-768x512.jpg 768w, https:\/\/www.lugaris.com\/app\/uploads\/2020\/11\/edward-cisneros-4iV_py9bj4M-unsplash-1536x1024.jpg 1536w, https:\/\/www.lugaris.com\/app\/uploads\/2020\/11\/edward-cisneros-4iV_py9bj4M-unsplash-2048x1365.jpg 2048w\" sizes=\"(max-width: 1280px) 100vw, 1280px\" \/><\/figure><\/div>\n<\/div>\n<\/div>\n\n            <\/div>\n                        <\/div>\n\n    <span class=\"blocks__extra-info__list__button__left prev\"><\/span>\n    <span class=\"blocks__extra-info__list__button__right next\"><\/span>\n    <\/section>\n\n\n\n<div class=\"wp-block-columns is-layout-flex wp-container-core-columns-layout-10 wp-block-columns-is-layout-flex\">\n<div class=\"wp-block-column is-layout-flow wp-block-column-is-layout-flow\"><\/div>\n\n\n\n<div class=\"wp-block-column is-layout-flow wp-block-column-is-layout-flow\"><\/div>\n<\/div>\n\n\n\n<h2 class=\"wp-block-heading has-text-align-center\">RESERVEU UNA VISITA CONCERTADA<\/h2>\n\n\n\n<div class=\"wp-block-columns is-layout-flex wp-container-core-columns-layout-11 wp-block-columns-is-layout-flex\">\n<div class=\"wp-block-column is-layout-flow wp-block-column-is-layout-flow\">\n<figure class=\"wp-block-image size-large\"><img loading=\"lazy\" decoding=\"async\" width=\"1000\" height=\"600\" src=\"https:\/\/www.lugaris.com\/app\/uploads\/2020\/05\/FA-COMEDOR-V.jpg\" alt=\"\" class=\"wp-image-17761\" srcset=\"https:\/\/www.lugaris.com\/app\/uploads\/2020\/05\/FA-COMEDOR-V.jpg 1000w, https:\/\/www.lugaris.com\/app\/uploads\/2020\/05\/FA-COMEDOR-V-640x384.jpg 640w, https:\/\/www.lugaris.com\/app\/uploads\/2020\/05\/FA-COMEDOR-V-768x461.jpg 768w\" sizes=\"(max-width: 1000px) 100vw, 1000px\" \/><\/figure>\n<\/div>\n\n\n\n<div class=\"wp-block-column is-layout-flow wp-block-column-is-layout-flow\">\n<p class=\"\">Segons l\u2019<em>Expat City Ranking,<\/em> elaborat per l&#8217;associaci\u00f3 InterNations, Barcelona \u00e9s una de les 10 millors ciutats del m\u00f3n per a instal\u00b7lar-s\u2019hi. Com a punts forts, les persones entrevistades en destaquen el clima, el sistema de salut p\u00fablic, l\u2019extensa oferta d&#8217;oci i la facilitat d&#8217;adaptar-se a la cultura local i de fer-hi noves amistats.<\/p>\n\n\n\n<p class=\"\">A aix\u00f2 cal sumar les oportunitats que brinda la capital catalana a empreses i emprenedors. D&#8217;acord amb un estudi recent de la consultora PriceWaterHouseCoopers, Barcelona \u00e9s una de les ciutats m\u00e9s preparades del planeta per a posar-hi en marxa negocis tecnol\u00f2gics. Una realitat que es reflecteix sobretot al 22@, un barri industrial convertit en un districte d&#8217;innovaci\u00f3, i on tamb\u00e9 es troben els nostres apartaments a Barcelona de lloguer per mesos i setmanes.<\/p>\n\n\n\n<p class=\"\">Si us esteu plantejant mudar-vos a la capital catalana, Lugaris Apartments us ofereix tot un ventall d&#8217;apartaments de luxe a preus assequibles, perfectament equipats i amb tots els serveis que us calen: vigil\u00e0ncia privada les 24 hores, neteja de l&#8217;habitatge, premsa di\u00e0ria, compres al supermercat, reserva d&#8217;entrades per a espectacles i als restaurants, places d&#8217;aparcament, lloguer de vehicles o de bicicletes, servei de cangur per hores &#8230; Nom\u00e9s ens heu de dir qu\u00e8 necessiteu, i el nostre equip s&#8217;encarregar\u00e0 de fer totes les gestions.<\/p>\n\n\n\n<p class=\"\">Gr\u00e0cies a l&#8217;excel\u00b7lent ubicaci\u00f3 dels nostres apartaments, molt a prop de dues estacions de metro de la L4 i de parades d&#8217;autobusos urbans, podreu despla\u00e7ar-vos al centre de la ciutat amb transport p\u00fablic en nom\u00e9s 15 minuts. A m\u00e9s, les platges de Bogatell i Mar Bella s\u00f3n a pocs metres, de manera que podreu gaudir del sol i del mar sempre que us vingui de gust. D&#8217;altra banda, la rambla de Poblenou posa al vostre abast botigues, bars i restaurants que faran molt m\u00e9s c\u00f2moda la vostra estada a Barcelona.<\/p>\n\n\n\n<p class=\"\">Ara b\u00e9, com amb qualsevol altre tipus d&#8217;habitatge, tant se val si \u00e9s de lloguer o de compra, \u00e9s normal que vulgueu veure el pis abans de prendre una decisi\u00f3.<\/p>\n\n\n\n<p class=\"\">Per aix\u00f2, si no voleu reservar el vostre apartament sense haver-lo vist in situ, a Lugaris Apartments us oferim la possibilitat de concertar una visita per a ensenyar-vos els apartaments disponibles i que en pugueu triar el que millor s\u2019adapta a vosaltres. Recordeu que tenim pisos d&#8217;una, dues i tres habitacions, amb vistes al mar, amb balc\u00f3 o terrassa, a peu de carrer o amb acc\u00e9s a la nostra piscina. Escolliu el que respongui m\u00e9s b\u00e9 a les vostres necessitats: si us cal espai per a teletreballar, si us hi instal\u00b7leu tota la fam\u00edlia o en parella, si voleu un pis per a una persona sola, si cerqueu un espai que sigui accessible per a persones amb diversitat funcional, etc.<\/p>\n\n\n\n<p class=\"\">L&#8217;\u00fanic que heu de fer per a concertar una visita \u00e9s omplir el nostre formulari i nosaltres ens posarem en contacte amb tu el m\u00e9s aviat possible. Us demanarem que ens indiqueu quina franja hor\u00e0ria us va m\u00e9s b\u00e9 per a visitar els apartaments (a primera hora del mat\u00ed, al migdia o a la tarda), perqu\u00e8 puguem donar-vos una cita. Totes les visites es concertaran en horari de recepci\u00f3, \u00e9s a dir, entre les 09:00 h i les 20:00 h de dilluns a divendres. Si no podeu visitar-nos dintre d\u2019aquesta franja, feu-nos-ho saber perqu\u00e8 hi puguem trobar una hora adient per a vosaltres.<\/p>\n\n\n\n<p class=\"\">A Lugaris Apartments, estarem encantats d&#8217;atendre-us i d\u2019assessorar-vos.<\/p>\n<\/div>\n<\/div>\n\n\n\n<h2 class=\"wp-block-heading has-text-align-center\">NORMATIVA PER A ESTADES DE DURADES MITJANES I LLARGUES<\/h2>\n\n\n\n<div class=\"wp-block-columns is-layout-flex wp-container-core-columns-layout-12 wp-block-columns-is-layout-flex\">\n<div class=\"wp-block-column is-layout-flow wp-block-column-is-layout-flow\">\n<p class=\"\">A Lugaris Apartments, treballem perqu\u00e8 la vostra experi\u00e8ncia amb nosaltres sigui c\u00f2moda i plenament satisfact\u00f2ria. Per aix\u00f2, hem establert diverses normes per a les estades de llarga durada als nostres apartaments a Barcelona. Us convidem a con\u00e8ixer-les i a aplicar-les en tot moment mentre duri el contracte de lloguer. Nom\u00e9s aix\u00ed podrem garantir el vostre benestar i el dels altres llogaters. A m\u00e9s, seguir aquestes pautes afavorir\u00e0 el descans i la conviv\u00e8ncia entre els hostes.<\/p>\n\n\n\n<h3 class=\"wp-block-heading\">DURADA DE LES ESTADES I POL\u00cdTICA DE CANCEL\u00b7LACI\u00d3 DEL CONTRACTE<\/h3>\n\n\n\n<ul class=\"\">\n<li class=\"\">Les pr\u00f2rrogues en la durada del contracte d&#8217;arrendament estaran subjectes a disponibilitat.<br><\/li>\n\n\n\n<li class=\"\">Si es cancel\u00b7la o es modifica la reserva 7 dies abans de la data del <em>check-in<\/em>, es tornar\u00e0 al client l&#8217;import que hagi pagat, segons la tarifa seleccionada.<\/li>\n<\/ul>\n\n\n\n<ul class=\"\">\n<li class=\"\">Les reserves que es cancel\u00b7lin o que es modifiquin despr\u00e9s d\u2019haver fet el <em>check-in<\/em> no s\u00f3n reemborsables.<\/li>\n<\/ul>\n\n\n\n<ul class=\"\">\n<li class=\"\">Es prohibeixen el sotsarrendament i l&#8217;empadronament a qualsevol apartament gestionat per Lugaris Apartments, S.L.<\/li>\n<\/ul>\n\n\n\n<h3 class=\"wp-block-heading\">NORMES DE CONVIV\u00c8NCIA<\/h3>\n\n\n\n<ul class=\"\">\n<li class=\"\">En cas de produir l&#8217;assist\u00e8ncia nocturna per la p\u00e8rdua de la clau o per sorolls molestos a l&#8217;apartament, es cobrar\u00e0 una penalitzaci\u00f3 de 50 \u20ac.<\/li>\n<\/ul>\n\n\n\n<ul class=\"\">\n<li class=\"\">No est\u00e0 perm\u00e8s organitzar festes ni fer un soroll excessiu a partir de les 21:00 h.<\/li>\n<\/ul>\n\n\n\n<p class=\"\"><\/p>\n<\/div>\n\n\n\n<div class=\"wp-block-column is-layout-flow wp-block-column-is-layout-flow\">\n<h3 class=\"wp-block-heading\">SERVEIS DE NETEJA I DE MANTENIMENT<\/h3>\n\n\n\n<ul class=\"\">\n<li class=\"\">Per a la neteja setmanal, l&#8217;apartament haur\u00e0 de presentar un grau de neteja mitj\u00e0 (tret de la cuina). Tamb\u00e9 ha d&#8217;estar endre\u00e7at quan arribi el personal de neteja. En cas de sol\u00b7licitar una neteja addicional, el preu del servei ser\u00e0 de 30 \u20ac cada hora.<\/li>\n\n\n\n<li class=\"\"><\/li>\n\n\n\n<li class=\"\">Tots els objectes de valor hauran de desar-se a la caixa forta (inclosa en el preu del lloguer).<\/li>\n<\/ul>\n\n\n\n<ul class=\"\">\n<li class=\"\">En compliment dels protocols de seguretat contra la COVID-19, l&#8217;hoste NO haur\u00e0 de ser a l&#8217;apartament quan hi accedeixi el personal de neteja o de manteniment.<\/li>\n<\/ul>\n\n\n\n<h3 class=\"wp-block-heading\">POL\u00cdTICA DE SUBMINISTRAMENTS<\/h3>\n\n\n\n<p class=\"\">El preu mensual del lloguer inclou el consum d&#8217;aigua i energia de manera racional i respectant el medi ambient. Si hi ha un nivell de consum extraordinari, es comunicar\u00e0 la penalitzaci\u00f3 corresponent al llogater, qui haur\u00e0 d&#8217;abonar un dels imports seg\u00fcents (el preu variar\u00e0 en funci\u00f3 de l&#8217;apartament llogat).<\/p>\n\n\n\n<ul class=\"\">\n<li class=\"\">Premium Family i Family Beach: 250 \u20ac<\/li>\n<\/ul>\n\n\n\n<ul class=\"\">\n<li class=\"\">Business Rambla, Business Beach, Business Superior Beach i Business Sea View: 150 \u20ac<\/li>\n<\/ul>\n\n\n\n<ul class=\"\">\n<li class=\"\">Premium Rambla, Family Rambla, Premium Beach i Premium Superior: 200 \u20ac<\/li>\n<\/ul>\n<\/div>\n<\/div>\n\n\n\n<p class=\"has-text-align-center has-background\" style=\"background-color:#fff5bf;font-size:24px\"><strong>PEOPLE LOVE US<\/strong><\/p>\n\n\n\n<div class=\"\"><div class=\"\"><div class=\"\"><div><style>#wprev-slider-3 .wprevpro_star_imgs{color: #000000;}#wprev-slider-3 .wprsp-star{color: #000000;}#wprev-slider-3 .wprevpro_star_imgs span.svgicons {background: #000000;}#wprev-slider-3 .wprev_preview_bradius_T2 {border-radius: 0px;}#wprev-slider-3 .wprev_preview_bg1_T2 {background:#fdfdfd;}#wprev-slider-3 .wprev_preview_bg2_T2 {background:#eeeeee;}#wprev-slider-3 .wprev_preview_tcolor1_T2 {color:#555555;}#wprev-slider-3 .wprev_preview_tcolor2_T2 {color:#555555;}#wprev-slider-3 .wprev_preview_bg1_T2 {border-bottom:3px solid #eeeeee}#wprev-slider-3 .wprs_rd_more,.wprs_rd_less,.wprevpro_btn_show_rdpop{color:#0000ee;}#wprev-slider-3 .wprevpro_star_imgs span.svgicons {width: 18px; height: 18px;}#wprev-slider-3 .wprevsiteicon {height: 32px;}<\/style><\/div><div class=\"wprevpro wprev-no-slider revnotsameheight\" id=\"wprev-slider-3\"><div class=\"wprevpro_t2_outer_div w3_wprs-row wprevprodiv\">\r\n<div class=\" wprevpro_t2_DIV_1 w3_wprs-col l6 outerrevdiv\">\r\n<div class=\"wpproslider_t2_DIV_1a\">\r\n\t<div class=\"wpproslider_t2_DIV_2 wprev_preview_bg1_T2 wprev_preview_bradius_T2\">\r\n\t<div class=\"wpproslider_t2_avatar\"><img decoding=\"async\" loading=\"lazy\" src=\"https:\/\/lh3.googleusercontent.com\/a\/ACg8ocLcQf4G5KB_-7ZZcZkQJGDDMXJd1q5HgfXn0tYCxVCH6jM9RQ=s240-c-rp-mo-br100\" alt=\"E\u2013Wo Avatar\" class=\"wpproslider_t2_IMG_2 wprevpro_avatarimg\" \/><\/div>\r\n\t<div class=\"indrevdiv wpproslider_t2_DIV_3\">\r\n\t\t<div class=\"indrevtxt wpproslider_t2_P_4 wprev_preview_tcolor1_T2\">\t\t\t<span class=\"wprevpro_star_imgs_T2\"><span class=\"starloc1 wprevpro_star_imgs wprevpro_star_imgsloc1\"><span class=\"svgicons svg-wprsp-star\"><\/span><span class=\"svgicons svg-wprsp-star\"><\/span><span class=\"svgicons svg-wprsp-star\"><\/span><span class=\"svgicons svg-wprsp-star-o\"><\/span><span class=\"svgicons svg-wprsp-star-o\"><\/span><\/span><\/span>\t\t\tVery professional communication. Location practical (close to beach and bus and little traffic. View nothing special. Areas is practical and safe but nothing special. One annoying thing. We asked for an extension of one day. They asked 3x times the price. It might be the standard nowadays - some call it supply and demand - but when everybody is blackmailing families still it becomes not ok. Think about the supermarket would triple the price of bread in the morning because then demand is high?\t\t\t\t\t<\/div>\r\n\t\t<strong class=\"wpproslider_t2_STRONG_5 wprev_preview_tcolor2_T2\">E\u2013Wo<\/strong>\r\n\t\t<span class=\"wpproslider_t2_SPAN_6 wprev_preview_tcolor2_T2\">\t\t<span class=\"wprev_showdate_T2\">05\/06\/25<\/span><\/span>\r\n\t\t\t\t<img decoding=\"async\" width=32 height=32 src=\"https:\/\/www.lugaris.com\/app\/plugins\/wp-review-slider-pro\/public\/partials\/imgs\/google_small_icon.svg\" alt=\"Google Logo\" class=\"wprevpro_t2_site_logo wprevsiteicon \">\t\t\t\t\t\t\r\n\t<\/div>\r\n\r\n\t\r\n\t<\/div>\r\n<\/div>\r\n<\/div>\r\n<div class=\" wprevpro_t2_DIV_1 w3_wprs-col l6 outerrevdiv\">\r\n<div class=\"wpproslider_t2_DIV_1a\">\r\n\t<div class=\"wpproslider_t2_DIV_2 wprev_preview_bg1_T2 wprev_preview_bradius_T2\">\r\n\t<div class=\"wpproslider_t2_avatar\"><img decoding=\"async\" loading=\"lazy\" src=\"https:\/\/lh3.googleusercontent.com\/a-\/ALV-UjVx-GaC6ZHPMbxCB7CjRbC0KhG7RUtYrRW1lagIQyzLFBEsCr1k=s240-c-rp-mo-ba2-br100\" alt=\"Rajkovic Sasa Avatar\" class=\"wpproslider_t2_IMG_2 wprevpro_avatarimg\" \/><\/div>\r\n\t<div class=\"indrevdiv wpproslider_t2_DIV_3\">\r\n\t\t<div class=\"indrevtxt wpproslider_t2_P_4 wprev_preview_tcolor1_T2\">\t\t\t<span class=\"wprevpro_star_imgs_T2\"><span class=\"starloc1 wprevpro_star_imgs wprevpro_star_imgsloc1\"><span class=\"svgicons svg-wprsp-star\"><\/span><span class=\"svgicons svg-wprsp-star\"><\/span><span class=\"svgicons svg-wprsp-star\"><\/span><span class=\"svgicons svg-wprsp-star\"><\/span><span class=\"svgicons svg-wprsp-star\"><\/span><\/span><\/span>\t\t\tWir hatten einen wundervollen Aufenthalt in diesem Hotel. Schon beim Check-in wurden wir herzlich empfangen und f\u00fchlten uns sofort wohl. Das Zimmer war sauber, geschmackvoll eingerichtet und sehr komfortabel \u2013 genau wie auf den Bildern.Die Lage ist perfekt \u2013 ruhig, aber dennoch zentral, mit guten Anbindungen und vielen sch\u00f6nen Restaurants in der N\u00e4he.Vielen Dank f\u00fcr den tollen Service \u2013 wir kommen definitiv wieder!\t\t\t\t\t<\/div>\r\n\t\t<strong class=\"wpproslider_t2_STRONG_5 wprev_preview_tcolor2_T2\">Rajkovic S.<\/strong>\r\n\t\t<span class=\"wpproslider_t2_SPAN_6 wprev_preview_tcolor2_T2\">\t\t<span class=\"wprev_showdate_T2\">02\/06\/25<\/span><\/span>\r\n\t\t\t\t<img decoding=\"async\" width=32 height=32 src=\"https:\/\/www.lugaris.com\/app\/plugins\/wp-review-slider-pro\/public\/partials\/imgs\/google_small_icon.svg\" alt=\"Google Logo\" class=\"wprevpro_t2_site_logo wprevsiteicon \">\t\t<div class=\"wprev_media_div 3\"><a data-fslightbox=\"wprevprogallery218\" class=\"wprev_media_img_a notyoutu\" href=\"https:\/\/lh3.googleusercontent.com\/geougc-cs\/AB3l90Apdq_iLpNnaK6d2Dr70hCfctvnkYnXn8gYvPlNmg90AvTHY6lG-pI7tZxe5eGZS09XaV1ocZpcmN2eaYk0-gybaPnf8TIE0qREgXN4hAQBwIQV8svdqG-PoLA33USbtdJC4pOM\" ><img decoding=\"async\" loading=\"lazy\" src=\"https:\/\/lh3.googleusercontent.com\/geougc-cs\/AB3l90Apdq_iLpNnaK6d2Dr70hCfctvnkYnXn8gYvPlNmg90AvTHY6lG-pI7tZxe5eGZS09XaV1ocZpcmN2eaYk0-gybaPnf8TIE0qREgXN4hAQBwIQV8svdqG-PoLA33USbtdJC4pOM\" class=\"wprev_media_img\"  alt=\"media thumbnail 0\" ><\/a><a data-fslightbox=\"wprevprogallery218\" class=\"wprev_media_img_a notyoutu\" href=\"https:\/\/lh3.googleusercontent.com\/geougc-cs\/AB3l90BdRIPe2ZIuzrjolOreM8va1DQUh592jCKBSq9Vo09E943T926cgJPWZlcDbJ7s_VB2doAciCsh6_dMfLOH8O5RxoxVvr-WheVozzKE0JuYxHRAVwl_8jIlEFh5_4yboNQBsjrI\" ><img decoding=\"async\" loading=\"lazy\" src=\"https:\/\/lh3.googleusercontent.com\/geougc-cs\/AB3l90BdRIPe2ZIuzrjolOreM8va1DQUh592jCKBSq9Vo09E943T926cgJPWZlcDbJ7s_VB2doAciCsh6_dMfLOH8O5RxoxVvr-WheVozzKE0JuYxHRAVwl_8jIlEFh5_4yboNQBsjrI\" class=\"wprev_media_img\"  alt=\"media thumbnail 1\" ><\/a><a data-fslightbox=\"wprevprogallery218\" class=\"wprev_media_img_a notyoutu\" href=\"https:\/\/lh3.googleusercontent.com\/geougc-cs\/AB3l90AmU_KYjwsBIx2qStHkWbFrQCIBwInTLVXEfXcvRj9VHN78N4Ys8myHkVM49U7IrjwH8X-sD_4QY2DQ12GE9hLxLvdff1r_ykg6WRVN0tE1rvp7N22KWzLqT6oalJ7B_vXCZaDM\" ><img decoding=\"async\" loading=\"lazy\" src=\"https:\/\/lh3.googleusercontent.com\/geougc-cs\/AB3l90AmU_KYjwsBIx2qStHkWbFrQCIBwInTLVXEfXcvRj9VHN78N4Ys8myHkVM49U7IrjwH8X-sD_4QY2DQ12GE9hLxLvdff1r_ykg6WRVN0tE1rvp7N22KWzLqT6oalJ7B_vXCZaDM\" class=\"wprev_media_img\"  alt=\"media thumbnail 2\" ><\/a><\/div>\t\t\t\t\r\n\t<\/div>\r\n\r\n\t\r\n\t<\/div>\r\n<\/div>\r\n<\/div>\r\n<\/div>\r\n<div class=\"wprevpro_t2_outer_div w3_wprs-row wprevprodiv\">\r\n<div class=\" wprevpro_t2_DIV_1 w3_wprs-col l6 outerrevdiv\">\r\n<div class=\"wpproslider_t2_DIV_1a\">\r\n\t<div class=\"wpproslider_t2_DIV_2 wprev_preview_bg1_T2 wprev_preview_bradius_T2\">\r\n\t<div class=\"wpproslider_t2_avatar\"><img decoding=\"async\" loading=\"lazy\" src=\"https:\/\/lh3.googleusercontent.com\/a\/ACg8ocJx6EgmfKqI5-tk9mkXl88d-yJcfwpPg1HzjAOyYx9NOD1XiA=s240-c-rp-mo-ba2-br100\" alt=\"Mannu Singh Avatar\" class=\"wpproslider_t2_IMG_2 wprevpro_avatarimg\" \/><\/div>\r\n\t<div class=\"indrevdiv wpproslider_t2_DIV_3\">\r\n\t\t<div class=\"indrevtxt wpproslider_t2_P_4 wprev_preview_tcolor1_T2\">\t\t\t<span class=\"wprevpro_star_imgs_T2\"><span class=\"starloc1 wprevpro_star_imgs wprevpro_star_imgsloc1\"><span class=\"svgicons svg-wprsp-star\"><\/span><span class=\"svgicons svg-wprsp-star\"><\/span><span class=\"svgicons svg-wprsp-star\"><\/span><span class=\"svgicons svg-wprsp-star-o\"><\/span><span class=\"svgicons svg-wprsp-star-o\"><\/span><\/span><\/span>\t\t\tThe apartment smells of intense cigarettes. They put a lot of perfumes to mask it but it makes it worse. Some mold in bathroom and vent not cleaned. Service is great and location is very nice if you want beachfront but it's far from the main attractions\t\t\t\t\t<\/div>\r\n\t\t<strong class=\"wpproslider_t2_STRONG_5 wprev_preview_tcolor2_T2\">Mannu S.<\/strong>\r\n\t\t<span class=\"wpproslider_t2_SPAN_6 wprev_preview_tcolor2_T2\">\t\t<span class=\"wprev_showdate_T2\">01\/06\/25<\/span><\/span>\r\n\t\t\t\t<img decoding=\"async\" width=32 height=32 src=\"https:\/\/www.lugaris.com\/app\/plugins\/wp-review-slider-pro\/public\/partials\/imgs\/google_small_icon.svg\" alt=\"Google Logo\" class=\"wprevpro_t2_site_logo wprevsiteicon \">\t\t\t\t\t\t\r\n\t<\/div>\r\n\r\n\t\r\n\t<\/div>\r\n<\/div>\r\n<\/div>\r\n<div class=\" wprevpro_t2_DIV_1 w3_wprs-col l6 outerrevdiv\">\r\n<div class=\"wpproslider_t2_DIV_1a\">\r\n\t<div class=\"wpproslider_t2_DIV_2 wprev_preview_bg1_T2 wprev_preview_bradius_T2\">\r\n\t<div class=\"wpproslider_t2_avatar\"><img decoding=\"async\" loading=\"lazy\" src=\"https:\/\/lh3.googleusercontent.com\/a\/ACg8ocKvX0fKoieCNcFE4eDbkd0SHgJ1LxQKK_EhIZrg_8p_z1KJ8Q=s240-c-rp-mo-br100\" alt=\"Yevheniia Babina Avatar\" class=\"wpproslider_t2_IMG_2 wprevpro_avatarimg\" \/><\/div>\r\n\t<div class=\"indrevdiv wpproslider_t2_DIV_3\">\r\n\t\t<div class=\"indrevtxt wpproslider_t2_P_4 wprev_preview_tcolor1_T2\">\t\t\t<span class=\"wprevpro_star_imgs_T2\"><span class=\"starloc1 wprevpro_star_imgs wprevpro_star_imgsloc1\"><span class=\"svgicons svg-wprsp-star\"><\/span><span class=\"svgicons svg-wprsp-star\"><\/span><span class=\"svgicons svg-wprsp-star\"><\/span><span class=\"svgicons svg-wprsp-star\"><\/span><span class=\"svgicons svg-wprsp-star\"><\/span><\/span><\/span>\t\t\tI had a wonderful stay at Lugaris Apartments during my trip to Barcelona. The apartment was spacious, modern, and very clean \u2014 everything I needed for a comfortable stay. The location was perfect, just a short walk from the beach, shops, and great restaurants.The staff were incredibly friendly and always ready to help \u2014 you could really feel they care about their guests. Special thanks for the quick communication and attention to detail.I\u2019ll definitely come back next time and would gladly recommend Lugaris to anyone looking for a cozy and stylish place to stay in Barcelona!\t\t\t\t\t<\/div>\r\n\t\t<strong class=\"wpproslider_t2_STRONG_5 wprev_preview_tcolor2_T2\">Yevheniia B.<\/strong>\r\n\t\t<span class=\"wpproslider_t2_SPAN_6 wprev_preview_tcolor2_T2\">\t\t<span class=\"wprev_showdate_T2\">30\/05\/25<\/span><\/span>\r\n\t\t\t\t<img decoding=\"async\" width=32 height=32 src=\"https:\/\/www.lugaris.com\/app\/plugins\/wp-review-slider-pro\/public\/partials\/imgs\/google_small_icon.svg\" alt=\"Google Logo\" class=\"wprevpro_t2_site_logo wprevsiteicon \">\t\t\t\t\t\t\r\n\t<\/div>\r\n\r\n\t\r\n\t<\/div>\r\n<\/div>\r\n<\/div>\r\n<\/div>\r\n<div class=\"wprevpro_t2_outer_div w3_wprs-row wprevprodiv\">\r\n<div class=\" wprevpro_t2_DIV_1 w3_wprs-col l6 outerrevdiv\">\r\n<div class=\"wpproslider_t2_DIV_1a\">\r\n\t<div class=\"wpproslider_t2_DIV_2 wprev_preview_bg1_T2 wprev_preview_bradius_T2\">\r\n\t<div class=\"wpproslider_t2_avatar\"><img decoding=\"async\" loading=\"lazy\" src=\"https:\/\/lh3.googleusercontent.com\/a\/ACg8ocLvY-TWwuIQ2ROKoUcLUy5Zr37K6a6QBvHdIzMNCk5xOtDnXCC6=s240-c-rp-mo-ba3-br100\" alt=\"Bautista Santill\u00e1n Avatar\" class=\"wpproslider_t2_IMG_2 wprevpro_avatarimg\" \/><\/div>\r\n\t<div class=\"indrevdiv wpproslider_t2_DIV_3\">\r\n\t\t<div class=\"indrevtxt wpproslider_t2_P_4 wprev_preview_tcolor1_T2\">\t\t\t<span class=\"wprevpro_star_imgs_T2\"><span class=\"starloc1 wprevpro_star_imgs wprevpro_star_imgsloc1\"><span class=\"svgicons svg-wprsp-star\"><\/span><span class=\"svgicons svg-wprsp-star\"><\/span><span class=\"svgicons svg-wprsp-star\"><\/span><span class=\"svgicons svg-wprsp-star\"><\/span><span class=\"svgicons svg-wprsp-star\"><\/span><\/span><\/span>\t\t\tMe encantaron los aparts. Fui al frente de la playa. Muy amplios, comodos, instalaciones en buenas condiciones. Ba\u00f1os privados, nada para quejarme.No incluye estacionamiento, hay que pagar un extra.\t\t\t\t\t<\/div>\r\n\t\t<strong class=\"wpproslider_t2_STRONG_5 wprev_preview_tcolor2_T2\">Bautista S.<\/strong>\r\n\t\t<span class=\"wpproslider_t2_SPAN_6 wprev_preview_tcolor2_T2\">\t\t<span class=\"wprev_showdate_T2\">30\/05\/25<\/span><\/span>\r\n\t\t\t\t<img decoding=\"async\" width=32 height=32 src=\"https:\/\/www.lugaris.com\/app\/plugins\/wp-review-slider-pro\/public\/partials\/imgs\/google_small_icon.svg\" alt=\"Google Logo\" class=\"wprevpro_t2_site_logo wprevsiteicon \">\t\t<div class=\"wprev_media_div 2\"><a data-fslightbox=\"wprevprogallery222\" class=\"wprev_media_img_a notyoutu\" href=\"https:\/\/lh3.googleusercontent.com\/geougc-cs\/AB3l90DQyHaifiPUbQSaB4_JtZ_1Eaf3AkNoeXB4sl8f8zXEchzpHHwJWvoC-1S40RoChIQhFnUryfGzRkQpmgBwOw9OGJ8-xRPp-PTgnmdLnOAe4-yDUbTL8pnZpXch9NuqExFDQOpOow\" ><img decoding=\"async\" loading=\"lazy\" src=\"https:\/\/lh3.googleusercontent.com\/geougc-cs\/AB3l90DQyHaifiPUbQSaB4_JtZ_1Eaf3AkNoeXB4sl8f8zXEchzpHHwJWvoC-1S40RoChIQhFnUryfGzRkQpmgBwOw9OGJ8-xRPp-PTgnmdLnOAe4-yDUbTL8pnZpXch9NuqExFDQOpOow\" class=\"wprev_media_img\"  alt=\"media thumbnail 0\" ><\/a><a data-fslightbox=\"wprevprogallery222\" class=\"wprev_media_img_a notyoutu\" href=\"https:\/\/lh3.googleusercontent.com\/geougc-cs\/AB3l90CCQW-AYE8LRBeG6bWWWnu7TWAN6MkrgmiTCAKSpBkSEbw5GkSaHoGFluyjfb094vx-3Zv5CuJPWO0B7jAMrfXmx5svl3faqshIs_Ig5fVkl_lLNCZyuLHpKCBivRnI2avHqMg\" ><img decoding=\"async\" loading=\"lazy\" src=\"https:\/\/lh3.googleusercontent.com\/geougc-cs\/AB3l90CCQW-AYE8LRBeG6bWWWnu7TWAN6MkrgmiTCAKSpBkSEbw5GkSaHoGFluyjfb094vx-3Zv5CuJPWO0B7jAMrfXmx5svl3faqshIs_Ig5fVkl_lLNCZyuLHpKCBivRnI2avHqMg\" class=\"wprev_media_img\"  alt=\"media thumbnail 1\" ><\/a><\/div>\t\t\t\t\r\n\t<\/div>\r\n\r\n\t\r\n\t<\/div>\r\n<\/div>\r\n<\/div>\r\n<div class=\" wprevpro_t2_DIV_1 w3_wprs-col l6 outerrevdiv\">\r\n<div class=\"wpproslider_t2_DIV_1a\">\r\n\t<div class=\"wpproslider_t2_DIV_2 wprev_preview_bg1_T2 wprev_preview_bradius_T2\">\r\n\t<div class=\"wpproslider_t2_avatar\"><img decoding=\"async\" loading=\"lazy\" src=\"https:\/\/lh3.googleusercontent.com\/a\/ACg8ocLj2E4PNEqOePdHKjZJjsVHZ4Vcbm4m0IX0uF_BbmTf4eQwEA=s240-c-rp-mo-br100\" alt=\"Lorraine Avatar\" class=\"wpproslider_t2_IMG_2 wprevpro_avatarimg\" \/><\/div>\r\n\t<div class=\"indrevdiv wpproslider_t2_DIV_3\">\r\n\t\t<div class=\"indrevtxt wpproslider_t2_P_4 wprev_preview_tcolor1_T2\">\t\t\t<span class=\"wprevpro_star_imgs_T2\"><span class=\"starloc1 wprevpro_star_imgs wprevpro_star_imgsloc1\"><span class=\"svgicons svg-wprsp-star\"><\/span><span class=\"svgicons svg-wprsp-star\"><\/span><span class=\"svgicons svg-wprsp-star\"><\/span><span class=\"svgicons svg-wprsp-star\"><\/span><span class=\"svgicons svg-wprsp-star\"><\/span><\/span><\/span>\t\t\tThe staff were friendly and accommodating. I requested a late checkout due to my child feeling poorly, and this was facilitated.The location was ideal for a family getaway, close to the beach, playground, shops, supermarkets, restaurants and a short walk to the metro.\t\t\t\t\t<\/div>\r\n\t\t<strong class=\"wpproslider_t2_STRONG_5 wprev_preview_tcolor2_T2\">Lorraine<\/strong>\r\n\t\t<span class=\"wpproslider_t2_SPAN_6 wprev_preview_tcolor2_T2\">\t\t<span class=\"wprev_showdate_T2\">30\/05\/25<\/span><\/span>\r\n\t\t\t\t<img decoding=\"async\" width=32 height=32 src=\"https:\/\/www.lugaris.com\/app\/plugins\/wp-review-slider-pro\/public\/partials\/imgs\/google_small_icon.svg\" alt=\"Google Logo\" class=\"wprevpro_t2_site_logo wprevsiteicon \">\t\t\t\t\t\t\r\n\t<\/div>\r\n\r\n\t\r\n\t<\/div>\r\n<\/div>\r\n<\/div>\r\n<\/div>\r\n<div class=\"wprevpro_t2_outer_div w3_wprs-row wprevprodiv\">\r\n<div class=\" wprevpro_t2_DIV_1 w3_wprs-col l6 outerrevdiv\">\r\n<div class=\"wpproslider_t2_DIV_1a\">\r\n\t<div class=\"wpproslider_t2_DIV_2 wprev_preview_bg1_T2 wprev_preview_bradius_T2\">\r\n\t<div class=\"wpproslider_t2_avatar\"><img decoding=\"async\" loading=\"lazy\" src=\"https:\/\/lh3.googleusercontent.com\/a\/ACg8ocLBnTEZ5ykJo2qJiXk_4aXB_cbLmamMLSsNlgSHpvm26Nx6Gg=s240-c-rp-mo-ba2-br100\" alt=\"Ali Hassan Avatar\" class=\"wpproslider_t2_IMG_2 wprevpro_avatarimg\" \/><\/div>\r\n\t<div class=\"indrevdiv wpproslider_t2_DIV_3\">\r\n\t\t<div class=\"indrevtxt wpproslider_t2_P_4 wprev_preview_tcolor1_T2\">\t\t\t<span class=\"wprevpro_star_imgs_T2\"><span class=\"starloc1 wprevpro_star_imgs wprevpro_star_imgsloc1\"><span class=\"svgicons svg-wprsp-star\"><\/span><span class=\"svgicons svg-wprsp-star\"><\/span><span class=\"svgicons svg-wprsp-star\"><\/span><span class=\"svgicons svg-wprsp-star\"><\/span><span class=\"svgicons svg-wprsp-star\"><\/span><\/span><\/span>\t\t\tVery clean flat in a quiet peaceful area away from the crowds and right across from the beach. Fridge wasn\u2019t working when we arrived and we lost hot water on day 2 but these issues were quickly resolved with simply sending a text.\t\t\t\t\t<\/div>\r\n\t\t<strong class=\"wpproslider_t2_STRONG_5 wprev_preview_tcolor2_T2\">Ali H.<\/strong>\r\n\t\t<span class=\"wpproslider_t2_SPAN_6 wprev_preview_tcolor2_T2\">\t\t<span class=\"wprev_showdate_T2\">30\/05\/25<\/span><\/span>\r\n\t\t\t\t<img decoding=\"async\" width=32 height=32 src=\"https:\/\/www.lugaris.com\/app\/plugins\/wp-review-slider-pro\/public\/partials\/imgs\/google_small_icon.svg\" alt=\"Google Logo\" class=\"wprevpro_t2_site_logo wprevsiteicon \">\t\t\t\t\t\t\r\n\t<\/div>\r\n\r\n\t\r\n\t<\/div>\r\n<\/div>\r\n<\/div>\r\n<div class=\" wprevpro_t2_DIV_1 w3_wprs-col l6 outerrevdiv\">\r\n<div class=\"wpproslider_t2_DIV_1a\">\r\n\t<div class=\"wpproslider_t2_DIV_2 wprev_preview_bg1_T2 wprev_preview_bradius_T2\">\r\n\t<div class=\"wpproslider_t2_avatar\"><img decoding=\"async\" loading=\"lazy\" src=\"https:\/\/lh3.googleusercontent.com\/a-\/ALV-UjUxyP5jKzx8d8u9MkedtE_8ZDa2UWFBnvZh49ZIQ5Ax3qc_hMFd=s240-c-rp-mo-br100\" alt=\"Ana Herruzo Herrero Avatar\" class=\"wpproslider_t2_IMG_2 wprevpro_avatarimg\" \/><\/div>\r\n\t<div class=\"indrevdiv wpproslider_t2_DIV_3\">\r\n\t\t<div class=\"indrevtxt wpproslider_t2_P_4 wprev_preview_tcolor1_T2\">\t\t\t<span class=\"wprevpro_star_imgs_T2\"><span class=\"starloc1 wprevpro_star_imgs wprevpro_star_imgsloc1\"><span class=\"svgicons svg-wprsp-star\"><\/span><span class=\"svgicons svg-wprsp-star\"><\/span><span class=\"svgicons svg-wprsp-star\"><\/span><span class=\"svgicons svg-wprsp-star\"><\/span><span class=\"svgicons svg-wprsp-star\"><\/span><\/span><\/span>\t\t\tRepetir\u00eda, sin duda. La habitaci\u00f3n era b\u00e1sica, pero muy confortable. El colch\u00f3n y almohadas comod\u00edsimas. Todo limpisimo, y muy nuevo. La ubicaci\u00f3n excelente. Bastante silencioso. Mucha amabilidad por parte del personal.\t\t\t\t\t<\/div>\r\n\t\t<strong class=\"wpproslider_t2_STRONG_5 wprev_preview_tcolor2_T2\">Ana H.<\/strong>\r\n\t\t<span class=\"wpproslider_t2_SPAN_6 wprev_preview_tcolor2_T2\">\t\t<span class=\"wprev_showdate_T2\">09\/04\/25<\/span><\/span>\r\n\t\t\t\t<img decoding=\"async\" width=32 height=32 src=\"https:\/\/www.lugaris.com\/app\/plugins\/wp-review-slider-pro\/public\/partials\/imgs\/google_small_icon.svg\" alt=\"Google Logo\" class=\"wprevpro_t2_site_logo wprevsiteicon \">\t\t\t\t\t\t\r\n\t<\/div>\r\n\r\n\t\r\n\t<\/div>\r\n<\/div>\r\n<\/div>\r\n<\/div>\r\n<\/div>\r\n<\/div><\/div><\/div>\n\n\n\n<p class=\"\"><\/p>\n","protected":false},"excerpt":{"rendered":"<p>En un mundo en constante cambio, es normal que surjan algunos imprevistos que hagan que debamos cambiar de vivienda. Desde un nuevo trabajo, el inicio de un doctorado en una ciudad desconocida, hasta reformas en tu nueva casa o la necesidad de cambiar de aires durante un tiempo; son muchos los motivos por los que buscar un alquiler por semanas en Barcelona para media o larga estancia. <\/p>\n","protected":false},"author":5,"featured_media":14215,"parent":0,"menu_order":0,"comment_status":"closed","ping_status":"closed","template":"","meta":{"_uag_custom_page_level_css":"","footnotes":""},"yoast_head":"<!-- This site is optimized with the Yoast SEO plugin v23.1 - https:\/\/yoast.com\/wordpress\/plugins\/seo\/ -->\n<title>Apartaments per a estades mitjanes i llargues | Lugaris<\/title>\n<meta name=\"description\" content=\"Sia per una nova feina, per l\u2019inici d\u2019uns estudis de doctorat, per a fer reformes a casa o per la necessitat de desconnectar durant un temps, hi ha molts motius que poden emp\u00e8nyer a triar un lloguer per setmanes a Barcelona per a estades mitjanes i llargues\" \/>\n<meta name=\"robots\" content=\"index, follow, max-snippet:-1, max-image-preview:large, max-video-preview:-1\" \/>\n<link rel=\"canonical\" href=\"https:\/\/www.lugaris.com\/ca\/apartaments-per-a-estades-mitjanes-i-llargues\/\" \/>\n<meta property=\"og:locale\" content=\"ca_ES\" \/>\n<meta property=\"og:type\" content=\"article\" \/>\n<meta property=\"og:title\" content=\"Apartaments per a estades mitjanes i llargues | Lugaris\" \/>\n<meta property=\"og:description\" content=\"Sia per una nova feina, per l\u2019inici d\u2019uns estudis de doctorat, per a fer reformes a casa o per la necessitat de desconnectar durant un temps, hi ha molts motius que poden emp\u00e8nyer a triar un lloguer per setmanes a Barcelona per a estades mitjanes i llargues\" \/>\n<meta property=\"og:url\" content=\"https:\/\/www.lugaris.com\/ca\/apartaments-per-a-estades-mitjanes-i-llargues\/\" \/>\n<meta property=\"og:site_name\" content=\"Lugaris\" \/>\n<meta property=\"article:modified_time\" content=\"2024-01-18T13:45:30+00:00\" \/>\n<meta property=\"og:image\" content=\"https:\/\/www.lugaris.com\/app\/uploads\/2020\/09\/DSC5844.jpg\" \/>\n\t<meta property=\"og:image:width\" content=\"1510\" \/>\n\t<meta property=\"og:image:height\" content=\"750\" \/>\n\t<meta property=\"og:image:type\" content=\"image\/jpeg\" \/>\n<meta name=\"twitter:card\" content=\"summary_large_image\" \/>\n<meta name=\"twitter:label1\" content=\"Est. reading time\" \/>\n\t<meta name=\"twitter:data1\" content=\"10 minutes\" \/>\n<script type=\"application\/ld+json\" class=\"yoast-schema-graph\">{\"@context\":\"https:\/\/schema.org\",\"@graph\":[{\"@type\":\"WebPage\",\"@id\":\"https:\/\/www.lugaris.com\/ca\/apartaments-per-a-estades-mitjanes-i-llargues\/\",\"url\":\"https:\/\/www.lugaris.com\/ca\/apartaments-per-a-estades-mitjanes-i-llargues\/\",\"name\":\"Apartaments per a estades mitjanes i llargues | Lugaris\",\"isPartOf\":{\"@id\":\"https:\/\/www.lugaris.com\/ca\/#website\"},\"primaryImageOfPage\":{\"@id\":\"https:\/\/www.lugaris.com\/ca\/apartaments-per-a-estades-mitjanes-i-llargues\/#primaryimage\"},\"image\":{\"@id\":\"https:\/\/www.lugaris.com\/ca\/apartaments-per-a-estades-mitjanes-i-llargues\/#primaryimage\"},\"thumbnailUrl\":\"https:\/\/www.lugaris.com\/app\/uploads\/2020\/09\/DSC5844.jpg\",\"datePublished\":\"2020-11-03T12:16:39+00:00\",\"dateModified\":\"2024-01-18T13:45:30+00:00\",\"description\":\"Sia per una nova feina, per l\u2019inici d\u2019uns estudis de doctorat, per a fer reformes a casa o per la necessitat de desconnectar durant un temps, hi ha molts motius que poden emp\u00e8nyer a triar un lloguer per setmanes a Barcelona per a estades mitjanes i llargues\",\"breadcrumb\":{\"@id\":\"https:\/\/www.lugaris.com\/ca\/apartaments-per-a-estades-mitjanes-i-llargues\/#breadcrumb\"},\"inLanguage\":\"ca\",\"potentialAction\":[{\"@type\":\"ReadAction\",\"target\":[\"https:\/\/www.lugaris.com\/ca\/apartaments-per-a-estades-mitjanes-i-llargues\/\"]}]},{\"@type\":\"ImageObject\",\"inLanguage\":\"ca\",\"@id\":\"https:\/\/www.lugaris.com\/ca\/apartaments-per-a-estades-mitjanes-i-llargues\/#primaryimage\",\"url\":\"https:\/\/www.lugaris.com\/app\/uploads\/2020\/09\/DSC5844.jpg\",\"contentUrl\":\"https:\/\/www.lugaris.com\/app\/uploads\/2020\/09\/DSC5844.jpg\",\"width\":1510,\"height\":750},{\"@type\":\"BreadcrumbList\",\"@id\":\"https:\/\/www.lugaris.com\/ca\/apartaments-per-a-estades-mitjanes-i-llargues\/#breadcrumb\",\"itemListElement\":[{\"@type\":\"ListItem\",\"position\":1,\"name\":\"Home\",\"item\":\"https:\/\/www.lugaris.com\/ca\/\"},{\"@type\":\"ListItem\",\"position\":2,\"name\":\"Apartaments per a estades mitjanes i llargues\"}]},{\"@type\":\"WebSite\",\"@id\":\"https:\/\/www.lugaris.com\/ca\/#website\",\"url\":\"https:\/\/www.lugaris.com\/ca\/\",\"name\":\"Lugaris\",\"description\":\"Apartamentos de vacaciones en Barcelona\",\"publisher\":{\"@id\":\"https:\/\/www.lugaris.com\/ca\/#organization\"},\"potentialAction\":[{\"@type\":\"SearchAction\",\"target\":{\"@type\":\"EntryPoint\",\"urlTemplate\":\"https:\/\/www.lugaris.com\/ca\/?s={search_term_string}\"},\"query-input\":\"required name=search_term_string\"}],\"inLanguage\":\"ca\"},{\"@type\":\"Organization\",\"@id\":\"https:\/\/www.lugaris.com\/ca\/#organization\",\"name\":\"Lugaris Apartments in Barcelona\",\"url\":\"https:\/\/www.lugaris.com\/ca\/\",\"logo\":{\"@type\":\"ImageObject\",\"inLanguage\":\"ca\",\"@id\":\"https:\/\/www.lugaris.com\/ca\/#\/schema\/logo\/image\/\",\"url\":\"https:\/\/www.lugaris.com\/app\/uploads\/2020\/03\/Logo_lugaris_v2.png\",\"contentUrl\":\"https:\/\/www.lugaris.com\/app\/uploads\/2020\/03\/Logo_lugaris_v2.png\",\"width\":285,\"height\":257,\"caption\":\"Lugaris Apartments in Barcelona\"},\"image\":{\"@id\":\"https:\/\/www.lugaris.com\/ca\/#\/schema\/logo\/image\/\"}}]}<\/script>\n<!-- \/ Yoast SEO plugin. -->","yoast_head_json":{"title":"Apartaments per a estades mitjanes i llargues | Lugaris","description":"Sia per una nova feina, per l\u2019inici d\u2019uns estudis de doctorat, per a fer reformes a casa o per la necessitat de desconnectar durant un temps, hi ha molts motius que poden emp\u00e8nyer a triar un lloguer per setmanes a Barcelona per a estades mitjanes i llargues","robots":{"index":"index","follow":"follow","max-snippet":"max-snippet:-1","max-image-preview":"max-image-preview:large","max-video-preview":"max-video-preview:-1"},"canonical":"https:\/\/www.lugaris.com\/ca\/apartaments-per-a-estades-mitjanes-i-llargues\/","og_locale":"ca_ES","og_type":"article","og_title":"Apartaments per a estades mitjanes i llargues | Lugaris","og_description":"Sia per una nova feina, per l\u2019inici d\u2019uns estudis de doctorat, per a fer reformes a casa o per la necessitat de desconnectar durant un temps, hi ha molts motius que poden emp\u00e8nyer a triar un lloguer per setmanes a Barcelona per a estades mitjanes i llargues","og_url":"https:\/\/www.lugaris.com\/ca\/apartaments-per-a-estades-mitjanes-i-llargues\/","og_site_name":"Lugaris","article_modified_time":"2024-01-18T13:45:30+00:00","og_image":[{"width":1510,"height":750,"url":"https:\/\/www.lugaris.com\/app\/uploads\/2020\/09\/DSC5844.jpg","type":"image\/jpeg"}],"twitter_card":"summary_large_image","twitter_misc":{"Est. reading time":"10 minutes"},"schema":{"@context":"https:\/\/schema.org","@graph":[{"@type":"WebPage","@id":"https:\/\/www.lugaris.com\/ca\/apartaments-per-a-estades-mitjanes-i-llargues\/","url":"https:\/\/www.lugaris.com\/ca\/apartaments-per-a-estades-mitjanes-i-llargues\/","name":"Apartaments per a estades mitjanes i llargues | Lugaris","isPartOf":{"@id":"https:\/\/www.lugaris.com\/ca\/#website"},"primaryImageOfPage":{"@id":"https:\/\/www.lugaris.com\/ca\/apartaments-per-a-estades-mitjanes-i-llargues\/#primaryimage"},"image":{"@id":"https:\/\/www.lugaris.com\/ca\/apartaments-per-a-estades-mitjanes-i-llargues\/#primaryimage"},"thumbnailUrl":"https:\/\/www.lugaris.com\/app\/uploads\/2020\/09\/DSC5844.jpg","datePublished":"2020-11-03T12:16:39+00:00","dateModified":"2024-01-18T13:45:30+00:00","description":"Sia per una nova feina, per l\u2019inici d\u2019uns estudis de doctorat, per a fer reformes a casa o per la necessitat de desconnectar durant un temps, hi ha molts motius que poden emp\u00e8nyer a triar un lloguer per setmanes a Barcelona per a estades mitjanes i llargues","breadcrumb":{"@id":"https:\/\/www.lugaris.com\/ca\/apartaments-per-a-estades-mitjanes-i-llargues\/#breadcrumb"},"inLanguage":"ca","potentialAction":[{"@type":"ReadAction","target":["https:\/\/www.lugaris.com\/ca\/apartaments-per-a-estades-mitjanes-i-llargues\/"]}]},{"@type":"ImageObject","inLanguage":"ca","@id":"https:\/\/www.lugaris.com\/ca\/apartaments-per-a-estades-mitjanes-i-llargues\/#primaryimage","url":"https:\/\/www.lugaris.com\/app\/uploads\/2020\/09\/DSC5844.jpg","contentUrl":"https:\/\/www.lugaris.com\/app\/uploads\/2020\/09\/DSC5844.jpg","width":1510,"height":750},{"@type":"BreadcrumbList","@id":"https:\/\/www.lugaris.com\/ca\/apartaments-per-a-estades-mitjanes-i-llargues\/#breadcrumb","itemListElement":[{"@type":"ListItem","position":1,"name":"Home","item":"https:\/\/www.lugaris.com\/ca\/"},{"@type":"ListItem","position":2,"name":"Apartaments per a estades mitjanes i llargues"}]},{"@type":"WebSite","@id":"https:\/\/www.lugaris.com\/ca\/#website","url":"https:\/\/www.lugaris.com\/ca\/","name":"Lugaris","description":"Apartamentos de vacaciones en Barcelona","publisher":{"@id":"https:\/\/www.lugaris.com\/ca\/#organization"},"potentialAction":[{"@type":"SearchAction","target":{"@type":"EntryPoint","urlTemplate":"https:\/\/www.lugaris.com\/ca\/?s={search_term_string}"},"query-input":"required name=search_term_string"}],"inLanguage":"ca"},{"@type":"Organization","@id":"https:\/\/www.lugaris.com\/ca\/#organization","name":"Lugaris Apartments in Barcelona","url":"https:\/\/www.lugaris.com\/ca\/","logo":{"@type":"ImageObject","inLanguage":"ca","@id":"https:\/\/www.lugaris.com\/ca\/#\/schema\/logo\/image\/","url":"https:\/\/www.lugaris.com\/app\/uploads\/2020\/03\/Logo_lugaris_v2.png","contentUrl":"https:\/\/www.lugaris.com\/app\/uploads\/2020\/03\/Logo_lugaris_v2.png","width":285,"height":257,"caption":"Lugaris Apartments in Barcelona"},"image":{"@id":"https:\/\/www.lugaris.com\/ca\/#\/schema\/logo\/image\/"}}]}},"uagb_featured_image_src":{"full":["https:\/\/www.lugaris.com\/app\/uploads\/2020\/09\/DSC5844.jpg",1510,750,false],"thumbnail":["https:\/\/www.lugaris.com\/app\/uploads\/2020\/09\/DSC5844-640x318.jpg",640,318,true],"medium":["https:\/\/www.lugaris.com\/app\/uploads\/2020\/09\/DSC5844-1024x509.jpg",1024,509,true],"medium_large":["https:\/\/www.lugaris.com\/app\/uploads\/2020\/09\/DSC5844-768x381.jpg",768,381,true],"large":["https:\/\/www.lugaris.com\/app\/uploads\/2020\/09\/DSC5844-1280x636.jpg",1280,636,true],"1536x1536":["https:\/\/www.lugaris.com\/app\/uploads\/2020\/09\/DSC5844.jpg",1510,750,false],"2048x2048":["https:\/\/www.lugaris.com\/app\/uploads\/2020\/09\/DSC5844.jpg",1510,750,false]},"uagb_author_info":{"display_name":"Alice Tapiol","author_link":"https:\/\/www.lugaris.com\/ca\/author\/alice\/"},"uagb_comment_info":0,"uagb_excerpt":"En un mundo en constante cambio, es normal que surjan algunos imprevistos que hagan que debamos cambiar de vivienda. Desde un nuevo trabajo, el inicio de un doctorado en una ciudad desconocida, hasta reformas en tu nueva casa o la necesidad de cambiar de aires durante un tiempo; son muchos los motivos por los que&hellip;","_links":{"self":[{"href":"https:\/\/www.lugaris.com\/ca\/wp-json\/wp\/v2\/pages\/15295"}],"collection":[{"href":"https:\/\/www.lugaris.com\/ca\/wp-json\/wp\/v2\/pages"}],"about":[{"href":"https:\/\/www.lugaris.com\/ca\/wp-json\/wp\/v2\/types\/page"}],"author":[{"embeddable":true,"href":"https:\/\/www.lugaris.com\/ca\/wp-json\/wp\/v2\/users\/5"}],"replies":[{"embeddable":true,"href":"https:\/\/www.lugaris.com\/ca\/wp-json\/wp\/v2\/comments?post=15295"}],"version-history":[{"count":9,"href":"https:\/\/www.lugaris.com\/ca\/wp-json\/wp\/v2\/pages\/15295\/revisions"}],"predecessor-version":[{"id":20392,"href":"https:\/\/www.lugaris.com\/ca\/wp-json\/wp\/v2\/pages\/15295\/revisions\/20392"}],"wp:featuredmedia":[{"embeddable":true,"href":"https:\/\/www.lugaris.com\/ca\/wp-json\/wp\/v2\/media\/14215"}],"wp:attachment":[{"href":"https:\/\/www.lugaris.com\/ca\/wp-json\/wp\/v2\/media?parent=15295"}],"curies":[{"name":"wp","href":"https:\/\/api.w.org\/{rel}","templated":true}]}}