{"id":11595,"date":"2020-04-28T07:11:52","date_gmt":"2020-04-28T07:11:52","guid":{"rendered":"https:\/\/www.lugaris.com\/lugaris-rambla-para-2-5-personas-premium-con-terraza\/"},"modified":"2025-01-13T11:39:53","modified_gmt":"2025-01-13T11:39:53","slug":"lugaris-rambla-fuer-2-5-personen-premium-mit-terrasse","status":"publish","type":"apartments","link":"https:\/\/www.lugaris.com\/de\/lugaris-rambla-fuer-2-5-personen-premium-mit-terrasse\/","title":{"rendered":"PREMIUM MIT TERRASSE"},"content":{"rendered":"<section class=\"blocks__extra-info \" id=\"mehr-interessantes\">\n    <h3>Mehr Interessantes<\/h3>\n\n    <div class=\"blocks__extra-info__list\">\n                    <div class=\"blocks__extra-info__item\" id=\"mehr-interessantes-apartments-mit-terrasse\">\n        <a\n                    href=\"#\" \n            class=\"toggleable__extra-info toggleable--open\"\n            data-target=\"#extra-info-10862\"\n            data-scope=\".blocks__extra-info .toggleable__extra-info, .blocks__extra-info .blocks__extra-info__content\"\n        \n        \n    >\n            <article class=\"blocks__extra-info__item__container\">\n            <img decoding=\"async\" src=\"https:\/\/www.lugaris.com\/app\/uploads\/2020\/04\/DSC6139.jpg\" class=\"blocks__extra-info__item__thumbnail\"><\/img>\n            <div  class=\"blocks__extra-info__item__content\">\n                <header>\n                    <h4 class=\"blocks__extra-info__item__title\">\n                        APARTMENTS MIT TERRASSE\n                    <\/h4>\n                <\/header>\n                <section>\n                    <p class=\"blocks__extra-info__item__excerpt\">\n                        Premium Apartments in Barcelona mit Terrasse und Balkon f\u00fcr 2 bis 5 Personen Barcelona erleben mit all seinen Aspekten zu erleben kann sehr anstrengend sein! Damit Sie jeden Tag erholt und mit voller Motivation in &hellip;\n                    <\/p>\n                    \n                                        <span class=\"blocks__extra-info__item__read-more\">Mehr lesen<\/span>\n                    <span class=\"blocks__extra-info__item__read-less\">Weniger lesen<\/span>\n                                    <\/section>\n            <\/div>\n        <\/article>\n        <\/a>\n    <\/div>\n                                <div class=\"blocks__extra-info__item\" id=\"mehr-interessantes-vollstandig-ausgerustet\">\n        <a\n                    href=\"#\" \n            class=\"toggleable__extra-info \"\n            data-target=\"#extra-info-10868\"\n            data-scope=\".blocks__extra-info .toggleable__extra-info, .blocks__extra-info .blocks__extra-info__content\"\n        \n        \n    >\n            <article class=\"blocks__extra-info__item__container\">\n            <img decoding=\"async\" src=\"https:\/\/www.lugaris.com\/app\/uploads\/2020\/04\/DSC6157.jpg\" class=\"blocks__extra-info__item__thumbnail\"><\/img>\n            <div  class=\"blocks__extra-info__item__content\">\n                <header>\n                    <h4 class=\"blocks__extra-info__item__title\">\n                        VOLLST\u00c4NDIG AUSGER\u00dcSTET\n                    <\/h4>\n                <\/header>\n                <section>\n                    <p class=\"blocks__extra-info__item__excerpt\">\n                        IHRE VOLLST\u00c4NDIG EINGERICHTETEN APARTMENTS IN BARCELONA MIT BALKON Unsere&nbsp;Apartments in Barcelona f\u00fcr 2 bis 5 Personen Premium&nbsp;bieten alles was Sie f\u00fcr einen gelungen Aufenthalt in Kataloniens Hauptstadt ben\u00f6tigen:&nbsp;optionalen Parkplatz, Aufzug, zwischen 50 und 55&nbsp;m\u00b2 Wohnfl\u00e4che, &hellip;\n                    <\/p>\n                    \n                                        <span class=\"blocks__extra-info__item__read-more\">Mehr lesen<\/span>\n                    <span class=\"blocks__extra-info__item__read-less\">Weniger lesen<\/span>\n                                    <\/section>\n            <\/div>\n        <\/article>\n        <\/a>\n    <\/div>\n                                <div class=\"blocks__extra-info__item\" id=\"mehr-interessantes-vienes-a-barcelona-por-trabajo\">\n        <a\n                    href=\"https:\/\/www.lugaris.com\/vienes-barcelona-trabajo\/\" \n        \n        \n    >\n            <article class=\"blocks__extra-info__item__container\">\n            <img decoding=\"async\" src=\"https:\/\/www.lugaris.com\/app\/uploads\/2020\/06\/barcelona-nocturna-1.jpg\" class=\"blocks__extra-info__item__thumbnail\"><\/img>\n            <div  class=\"blocks__extra-info__item__content\">\n                <header>\n                    <h4 class=\"blocks__extra-info__item__title\">\n                        \u00bfVienes a Barcelona por trabajo?\n                    <\/h4>\n                <\/header>\n                <section>\n                    <p class=\"blocks__extra-info__item__excerpt\">\n                        Barcelona es la sexta ciudad preferida para los negocios, la s\u00e9ptima para el e-business, la s\u00e9ptima urbe m\u00e1s emprendedora de Europa y, seg\u00fan un estudio reciente de la organizaci\u00f3n brit\u00e1nica Nesta, la cuarta ciudad m\u00e1s innovadora del mundo. \n                    <\/p>\n                    \n                                        <span class=\"blocks__extra-info__item__read-more\">Mehr lesen<\/span>\n                    <span class=\"blocks__extra-info__item__read-less\">Weniger lesen<\/span>\n                                    <\/section>\n            <\/div>\n        <\/article>\n        <\/a>\n    <\/div>\n                                <div class=\"blocks__extra-info__item\" id=\"mehr-interessantes-vienes-a-barcelona-de-vacaciones\">\n        <a\n                    href=\"https:\/\/www.lugaris.com\/vienes-barcelona-vacaciones\/\" \n        \n        \n    >\n            <article class=\"blocks__extra-info__item__container\">\n            <img decoding=\"async\" src=\"https:\/\/www.lugaris.com\/app\/uploads\/2020\/04\/barcelona_0-1.jpg\" class=\"blocks__extra-info__item__thumbnail\"><\/img>\n            <div  class=\"blocks__extra-info__item__content\">\n                <header>\n                    <h4 class=\"blocks__extra-info__item__title\">\n                        \u00bfVienes a Barcelona de Vacaciones?\n                    <\/h4>\n                <\/header>\n                <section>\n                    <p class=\"blocks__extra-info__item__excerpt\">\n                        Detr\u00e1s de este \u00e9xito, del que son responsables los cerca de 8,5 millones de viajeros que pernoctan en ella anualmente, se esconden un clima agradable durante todo el a\u00f1o, un emplazamiento envidiable junto al mar Mediterr\u00e1neo, sus playas urbanas&#8230;\n                    <\/p>\n                    \n                                        <span class=\"blocks__extra-info__item__read-more\">Mehr lesen<\/span>\n                    <span class=\"blocks__extra-info__item__read-less\">Weniger lesen<\/span>\n                                    <\/section>\n            <\/div>\n        <\/article>\n        <\/a>\n    <\/div>\n                        <\/div>\n\n        <div class=\"blocks__extra-info__content__container\">\n                                <div id=\"extra-info-10862\"\n                class=\"blocks__extra-info__content toggleable__target toggleable__target--open\">\n                \n<div class=\"wp-block-columns is-layout-flex wp-container-core-columns-layout-1 wp-block-columns-is-layout-flex\">\n<div class=\"wp-block-column is-layout-flow wp-block-column-is-layout-flow\">\n<h1 class=\"wp-block-heading\">Premium Apartments in Barcelona mit Terrasse und Balkon f\u00fcr 2 bis 5 Personen<\/h1>\n\n\n\n<p class=\"\">Barcelona erleben mit all seinen Aspekten zu erleben kann sehr anstrengend sein! Damit Sie jeden Tag erholt und mit voller Motivation in die Stadt starten k\u00f6nnen bieten wir Ihnen die luxori\u00f6sesten Apartments von Lugaris Rambla: unsere&nbsp;<strong>Apartments in Barcelona f\u00fcr 2 bis 5 Personen Premium mit Terrasse oder Balkon.<\/strong><\/p>\n\n\n\n<p class=\"\">Dieser exklusive Apartmentkomplex befindet sich in idealer Lage: in der&nbsp;<strong>Rambla von Poblenou, 16-20<\/strong>, eine nette Stra\u00dfe verziert mit Restaurants, Bars und netten L\u00e4den. Ohne Zweifel ist die Rambla von Poblenou kennzeichnend f\u00fcr das komplette Viertel und bildet ein restauriertes Zentrum mit vielen historischen Spuren der industriellen Revolution, welche sich heute in Start-Ups und modernen Technologieunternehmen ausdr\u00fcckt.<\/p>\n\n\n\n<p class=\"\">Unsere&nbsp;<strong>luxori\u00f6sen Apartments<\/strong>&nbsp;sind auch nur&nbsp;<strong>300m von den Str\u00e4nden Bogatell und Mar Bella<\/strong>&nbsp;entfernt. Genie\u00dfen Sie Barcelona, seine Str\u00e4nde und Ihre Aussicht von Ihrer zuk\u00fcnftigen Terrasse!<\/p>\n<\/div>\n\n\n\n<div class=\"wp-block-column is-layout-flow wp-block-column-is-layout-flow\">\n<figure class=\"wp-block-image size-large\"><img fetchpriority=\"high\" fetchpriority=\"high\" decoding=\"async\" width=\"650\" height=\"1000\" src=\"https:\/\/www.lugaris.com\/app\/uploads\/2020\/04\/DSC6162.jpg\" alt=\"\" class=\"wp-image-8002\" srcset=\"https:\/\/www.lugaris.com\/app\/uploads\/2020\/04\/DSC6162.jpg 650w, https:\/\/www.lugaris.com\/app\/uploads\/2020\/04\/DSC6162-195x300.jpg 195w\" sizes=\"(max-width: 650px) 100vw, 650px\" \/><\/figure>\n<\/div>\n\n\n\n<div class=\"wp-block-column is-vertically-aligned-top is-layout-flow wp-block-column-is-layout-flow\">\n<div class=\"wp-block-image\"><figure class=\"aligncenter size-large\"><img decoding=\"async\" width=\"1000\" height=\"750\" src=\"https:\/\/www.lugaris.com\/app\/uploads\/2020\/04\/Untitled-10.jpg\" alt=\"\" class=\"wp-image-10379\" srcset=\"https:\/\/www.lugaris.com\/app\/uploads\/2020\/04\/Untitled-10.jpg 1000w, https:\/\/www.lugaris.com\/app\/uploads\/2020\/04\/Untitled-10-300x225.jpg 300w, https:\/\/www.lugaris.com\/app\/uploads\/2020\/04\/Untitled-10-768x576.jpg 768w\" sizes=\"(max-width: 1000px) 100vw, 1000px\" \/><\/figure><\/div>\n\n\n\n<figure class=\"wp-block-image size-full mb-0\"><img decoding=\"async\" width=\"1000\" height=\"750\" src=\"https:\/\/www.lugaris.com\/app\/uploads\/2020\/04\/extra-pr-terr.jpg\" alt=\"\" class=\"wp-image-10385\" srcset=\"https:\/\/www.lugaris.com\/app\/uploads\/2020\/04\/extra-pr-terr.jpg 1000w, https:\/\/www.lugaris.com\/app\/uploads\/2020\/04\/extra-pr-terr-300x225.jpg 300w, https:\/\/www.lugaris.com\/app\/uploads\/2020\/04\/extra-pr-terr-768x576.jpg 768w\" sizes=\"(max-width: 1000px) 100vw, 1000px\" \/><\/figure>\n<\/div>\n<\/div>\n\n            <\/div>\n                                            <div id=\"extra-info-10868\"\n                class=\"blocks__extra-info__content toggleable__target \">\n                \n<div class=\"wp-block-columns is-layout-flex wp-container-core-columns-layout-2 wp-block-columns-is-layout-flex\">\n<div class=\"wp-block-column is-layout-flow wp-block-column-is-layout-flow\" style=\"flex-basis:33.33%\">\n<h2 class=\"wp-block-heading\">IHRE VOLLST\u00c4NDIG EINGERICHTETEN APARTMENTS IN BARCELONA MIT BALKON<\/h2>\n\n\n\n<p class=\"\">Unsere&nbsp;<strong>Apartments in Barcelona f\u00fcr 2 bis 5 Personen Premium&nbsp;<\/strong>bieten alles was Sie f\u00fcr einen gelungen Aufenthalt in Kataloniens Hauptstadt ben\u00f6tigen:&nbsp;<strong>optionalen Parkplatz<\/strong>, Aufzug, zwischen 50 und 55&nbsp;m\u00b2 Wohnfl\u00e4che, K\u00fcche, Ess-Wohnzimmer, 1 Zimmer mit 1 Ehebett und 1 Sofabett (einzel) und 1 Bad mit Dusche oder Badewanne. Einige unser Apartments haben auch Zugang zu einem&nbsp;<strong>Balkon oder einer Terrasse<\/strong>, auf den Sie die frische Luft genie\u00dfen k\u00f6nnen.<\/p>\n\n\n\n<p class=\"\">Zus\u00e4tzlich sind unsere Apartments vollst\u00e4ndig eingerichtet, sodass Sie sich ab dem Eintreffen wohlf\u00fchlen k\u00f6nnen. Unsere Ausstattung enth\u00e4lt:&nbsp;<strong>schnelles&nbsp;<\/strong><strong>Wi-Fi, internationales Fernsehen, Tresor, hochwertige M\u00f6bel,\u2014Sofa, Kleiderschr\u00e4nke, Tische und St\u00fchle\u2014, Klimaanlage (auch warm), Haarf\u00f6hn, B\u00fcgeleisen mit -brett,<\/strong>&nbsp;<strong>Nespressomaschine,&nbsp;<\/strong>K\u00fcchenutensilien, Besteck, Geschirr, K\u00fchlschrank mit Gefrierfach, Ofen, Mikrowelle, Sp\u00fclmaschine, Waschmaschine, Trockner, Wasserkocher, Bademantel und Duschzeug.<\/p>\n\n\n\n<p class=\"\">Wir bieten Ihnen auch einen kostenfreien Reinigungsservice und unsere Apartments werden&nbsp;<strong>24 Stunden am Tag<\/strong>, von einer privaten Sicherheitsfirma \u00fcberwacht.<\/p>\n<\/div>\n\n\n\n<div class=\"wp-block-column is-layout-flow wp-block-column-is-layout-flow\" style=\"flex-basis:66.66%\">\n<figure class=\"wp-block-image size-large\"><img loading=\"lazy\" loading=\"lazy\" decoding=\"async\" width=\"1000\" height=\"600\" src=\"https:\/\/www.lugaris.com\/app\/uploads\/2020\/04\/DSC6095-1.jpg\" alt=\"\" class=\"wp-image-8058\" srcset=\"https:\/\/www.lugaris.com\/app\/uploads\/2020\/04\/DSC6095-1.jpg 1000w, https:\/\/www.lugaris.com\/app\/uploads\/2020\/04\/DSC6095-1-300x180.jpg 300w, https:\/\/www.lugaris.com\/app\/uploads\/2020\/04\/DSC6095-1-768x461.jpg 768w\" sizes=\"(max-width: 1000px) 100vw, 1000px\" \/><\/figure>\n<\/div>\n<\/div>\n\n            <\/div>\n                                                                <\/div>\n\n    <span class=\"blocks__extra-info__list__button__left prev\"><\/span>\n    <span class=\"blocks__extra-info__list__button__right next\"><\/span>\n    <\/section>\n\n\n\n<div class=\"wp-block-group has-very-light-gray-background-color has-background\"><div class=\"wp-block-group__inner-container is-layout-flow wp-block-group-is-layout-flow\">\n<h3 class=\"has-text-align-center wp-block-heading\">FINDE DEIN TRAUM-APARTMENT<\/h3>\n\n\n<style>\ntd.dayway, td.dayway a {\n    background-color: rgb(221, 249, 255)!important;\n    color: rgb(3, 199, 241)!important;\n}\ntd.daySelected, td.daySelected a, table.ui-datepicker-calendar td:not(.ui-datepicker-unselectable):hover, table.ui-datepicker-calendar td:not(.ui-datepicker-unselectable):hover a  {\n    background-color: rgb(3, 199, 241)!important;\n    color: white!important;\n}\ntd.ui-datepicker-current-day, td.ui-datepicker-current-day a {\n    background-color: transparent!important;\n    color: #454545!important;\n}\n<\/style>\n<div class=\"blocks__booking-form\">\n  \n  <form class=\"blocks__booking-form__form\" action=\"https:\/\/reservations.lugaris.com\/lugaris\/de\/availability\" method=\"get\" target=\"_blank\">\n      <div class=\"blocks__booking-form__field\">\n        <select class=\"ubication\" name=\"hotel\">\n\t\t<option value=\"\">Alle Ferienwohnungen<\/option>\n          <option value=\"lugaris_beach\">Lugaris Beach<\/option>\n          <option value=\"lugaris_rambla\">Lugaris Rambla<\/option>\n        <\/select>\n      <\/div>\n      <div class=\"blocks__booking-form__field blocks__booking-form__field--datepicker dashline-right\">\n        <input type=\"text\" name=\"datein\" autocomplete=\"off\" placeholder=\"Von\" \/>\n      <\/div>\n      <div class=\"blocks__booking-form__field blocks__booking-form__field--datepicker md:dashline-right\">\n        <input type=\"text\" name=\"dateout\" autocomplete=\"off\" placeholder=\"Zu\" \/>\n      <\/div>\n      <div\n        class=\"blocks__booking-form__field blocks__booking-form__field--roompicker roompicker  md:dashline-right\">\n        <input type=\"hidden\" name=\"adultos\" value=\"2\" data-min=\"1\" data-max=\"6\"\n          data-label=\"Adults\" \/>\n        <input type=\"hidden\" name=\"ninos\" value=\"0\" data-min=\"0\" data-max=\"5\"\n          data-label=\"Children\" \/>\n      <\/div>\n            <div class=\"blocks__booking-form__field\">\n        <input type=\"text\" name=\"promotionalcode\" autocomplete=\"off\" placeholder=\"Gutscheincode\"\n                \/>\n      <\/div>\n            <input type=\"submit\" name=\"submit\" value=\"Jetzt buchen\" \/>\n    <\/form>\n<\/div>\n<script>\nwindow.LUGARIS_LANG = \"de\";\ndocument.addEventListener('change', function(e) {\n  if(e.target && e.target.matches('.ubication')) {\n    const lang =\n          (typeof window.LUGARIS_LANG !== \"undefined\" && window.LUGARIS_LANG) ? window.LUGARIS_LANG : \"en\";\n    const bookingUrls = {\n      '': `https:\/\/reservations.lugaris.com\/lugaris\/${lang}\/availability`,\n      'lugaris_beach': `https:\/\/reservations.lugaris.com\/${lang}\/hotel\/lugaris_beach`,\n      'lugaris_rambla': `https:\/\/reservations.lugaris.com\/${lang}\/hotel\/lugaris_rambla`\n    };\n    var form = e.target.closest('form');\n    var url = bookingUrls[e.target.value] || bookingUrls[''];\n    form.setAttribute('action', url);\n  }\n});\n\n\/\/ Optionally, set action on load as well:\ndocument.addEventListener('DOMContentLoaded', function() {\n  var select = document.querySelector('.ubication');\n  if(select){\n    const lang =\n          (typeof window.LUGARIS_LANG !== \"undefined\" && window.LUGARIS_LANG) ? window.LUGARIS_LANG : \"en\";\n    const bookingUrls = {\n      '': `https:\/\/reservations.lugaris.com\/lugaris\/${lang}\/availability`,\n      'lugaris_beach': `https:\/\/reservations.lugaris.com\/${lang}\/hotel\/lugaris_beach`,\n      'lugaris_rambla': `https:\/\/reservations.lugaris.com\/${lang}\/hotel\/lugaris_rambla`\n    };\n    var form = select.closest('form');\n    var url = bookingUrls[select.value] || bookingUrls[''];\n    form.setAttribute('action', url);\n    form.addEventListener('submit', function(e){\n      e.preventDefault(); \/\/ We'll handle the navigation ourselves\n\n      const adults    = form.querySelector('[name=\"adultos\"]').value || '2';\n      const children  = form.querySelector('[name=\"ninos\"]').value || '0';\n      const datein    = form.querySelector('[name=\"datein\"]').value;\n      const dateout   = form.querySelector('[name=\"dateout\"]').value;\n      const promoEl   = form.querySelector('[name=\"promotionalcode\"]');\n      const promo     = promoEl ? promoEl.value : '';\n\n      \/\/ Compose the parameters, adjust names as needed\n      const params = new URLSearchParams();\n      params.set('adults', adults);\n      params.set('children', children);\n      if (datein)  params.set('datein', datein);\n      if (dateout) params.set('dateout', dateout);\n      params.set('prom', promo);\n\n      \/\/ Determine actual booking URL (again)\n      var baseUrl = bookingUrls[select.value] || bookingUrls[''];\n\n      \/\/ Full URL\n      var fullUrl = baseUrl + '?' + params.toString();\n      console.log('Redirecting to: ', fullUrl);\n\n      \/\/ Open in new tab as per form target\n      if(form.target === \"_blank\"){\n        window.open(fullUrl, '_blank');\n      } else {\n        window.location.href = fullUrl;\n      }\n    });\n  }\n});\n<\/script>\n<\/div><\/div>\n","protected":false},"excerpt":{"rendered":"<p>50-55 m\u00b2 Wohnfl\u00e4che im 1. Stock mit Zugang \u00fcber eine Treppe, Wohn-\/Esszimmer mit 1 Einzelschlafcouch, K\u00fcche, 1 Schlafzimmer mit Doppelbett, 1 Schlafzimmer mit 2 Einzelbetten, 1 Bad mit Dusche und Terrasse von 22 m\u00b2. <\/p>\n","protected":false},"featured_media":8062,"template":"","apartments_services":[713,706,493,491,477,405,406,422,438,407,423,408,424,409,425,410,426,411,412,428,413,429,414,415,431,416,432,417,433,402,418,403,419],"yoast_head":"<!-- This site is optimized with the Yoast SEO plugin v23.1 - https:\/\/yoast.com\/wordpress\/plugins\/seo\/ -->\n<title>Apartments in Barcelona mit Terrasse und Balkon | Lugaris Rambla<\/title>\n<meta name=\"description\" content=\"Suchen Sie nach einer Ferienwohnung in Barcelona mit Balkon oder Terrasse? Wir haben genau das Richtige f\u00fcr Sie. Mehr zu unseren Angeboten!\" \/>\n<meta name=\"robots\" content=\"index, follow, max-snippet:-1, max-image-preview:large, max-video-preview:-1\" \/>\n<link rel=\"canonical\" href=\"https:\/\/www.lugaris.com\/de\/lugaris-rambla-fuer-2-5-personen-premium-mit-terrasse\/\" \/>\n<meta property=\"og:locale\" content=\"de_DE\" \/>\n<meta property=\"og:type\" content=\"article\" \/>\n<meta property=\"og:title\" content=\"Apartments in Barcelona mit Terrasse und Balkon | Lugaris Rambla\" \/>\n<meta property=\"og:description\" content=\"Suchen Sie nach einer Ferienwohnung in Barcelona mit Balkon oder Terrasse? Wir haben genau das Richtige f\u00fcr Sie. Mehr zu unseren Angeboten!\" \/>\n<meta property=\"og:url\" content=\"https:\/\/www.lugaris.com\/de\/lugaris-rambla-fuer-2-5-personen-premium-mit-terrasse\/\" \/>\n<meta property=\"og:site_name\" content=\"Lugaris\" \/>\n<meta property=\"article:modified_time\" content=\"2025-01-13T11:39:53+00:00\" \/>\n<meta property=\"og:image\" content=\"https:\/\/www.lugaris.com\/app\/uploads\/2020\/04\/DSC6095-1.jpg\" \/>\n\t<meta property=\"og:image:width\" content=\"1000\" \/>\n\t<meta property=\"og:image:height\" content=\"600\" \/>\n\t<meta property=\"og:image:type\" content=\"image\/jpeg\" \/>\n<meta name=\"twitter:card\" content=\"summary_large_image\" \/>\n<meta name=\"twitter:label1\" content=\"Est. reading time\" \/>\n\t<meta name=\"twitter:data1\" content=\"1 minute\" \/>\n<script type=\"application\/ld+json\" class=\"yoast-schema-graph\">{\"@context\":\"https:\/\/schema.org\",\"@graph\":[{\"@type\":\"WebPage\",\"@id\":\"https:\/\/www.lugaris.com\/de\/lugaris-rambla-fuer-2-5-personen-premium-mit-terrasse\/\",\"url\":\"https:\/\/www.lugaris.com\/de\/lugaris-rambla-fuer-2-5-personen-premium-mit-terrasse\/\",\"name\":\"Apartments in Barcelona mit Terrasse und Balkon | Lugaris Rambla\",\"isPartOf\":{\"@id\":\"https:\/\/www.lugaris.com\/de\/#website\"},\"primaryImageOfPage\":{\"@id\":\"https:\/\/www.lugaris.com\/de\/lugaris-rambla-fuer-2-5-personen-premium-mit-terrasse\/#primaryimage\"},\"image\":{\"@id\":\"https:\/\/www.lugaris.com\/de\/lugaris-rambla-fuer-2-5-personen-premium-mit-terrasse\/#primaryimage\"},\"thumbnailUrl\":\"https:\/\/www.lugaris.com\/app\/uploads\/2020\/04\/DSC6095-1.jpg\",\"datePublished\":\"2020-04-28T07:11:52+00:00\",\"dateModified\":\"2025-01-13T11:39:53+00:00\",\"description\":\"Suchen Sie nach einer Ferienwohnung in Barcelona mit Balkon oder Terrasse? Wir haben genau das Richtige f\u00fcr Sie. Mehr zu unseren Angeboten!\",\"breadcrumb\":{\"@id\":\"https:\/\/www.lugaris.com\/de\/lugaris-rambla-fuer-2-5-personen-premium-mit-terrasse\/#breadcrumb\"},\"inLanguage\":\"de-DE\",\"potentialAction\":[{\"@type\":\"ReadAction\",\"target\":[\"https:\/\/www.lugaris.com\/de\/lugaris-rambla-fuer-2-5-personen-premium-mit-terrasse\/\"]}]},{\"@type\":\"ImageObject\",\"inLanguage\":\"de-DE\",\"@id\":\"https:\/\/www.lugaris.com\/de\/lugaris-rambla-fuer-2-5-personen-premium-mit-terrasse\/#primaryimage\",\"url\":\"https:\/\/www.lugaris.com\/app\/uploads\/2020\/04\/DSC6095-1.jpg\",\"contentUrl\":\"https:\/\/www.lugaris.com\/app\/uploads\/2020\/04\/DSC6095-1.jpg\",\"width\":1000,\"height\":600},{\"@type\":\"BreadcrumbList\",\"@id\":\"https:\/\/www.lugaris.com\/de\/lugaris-rambla-fuer-2-5-personen-premium-mit-terrasse\/#breadcrumb\",\"itemListElement\":[{\"@type\":\"ListItem\",\"position\":1,\"name\":\"Home\",\"item\":\"https:\/\/www.lugaris.com\/de\/\"},{\"@type\":\"ListItem\",\"position\":2,\"name\":\"PREMIUM MIT TERRASSE\"}]},{\"@type\":\"WebSite\",\"@id\":\"https:\/\/www.lugaris.com\/de\/#website\",\"url\":\"https:\/\/www.lugaris.com\/de\/\",\"name\":\"Lugaris\",\"description\":\"Apartamentos de vacaciones en Barcelona\",\"publisher\":{\"@id\":\"https:\/\/www.lugaris.com\/de\/#organization\"},\"potentialAction\":[{\"@type\":\"SearchAction\",\"target\":{\"@type\":\"EntryPoint\",\"urlTemplate\":\"https:\/\/www.lugaris.com\/de\/?s={search_term_string}\"},\"query-input\":\"required name=search_term_string\"}],\"inLanguage\":\"de-DE\"},{\"@type\":\"Organization\",\"@id\":\"https:\/\/www.lugaris.com\/de\/#organization\",\"name\":\"Lugaris Apartments in Barcelona\",\"url\":\"https:\/\/www.lugaris.com\/de\/\",\"logo\":{\"@type\":\"ImageObject\",\"inLanguage\":\"de-DE\",\"@id\":\"https:\/\/www.lugaris.com\/de\/#\/schema\/logo\/image\/\",\"url\":\"https:\/\/www.lugaris.com\/app\/uploads\/2020\/03\/Logo_lugaris_v2.png\",\"contentUrl\":\"https:\/\/www.lugaris.com\/app\/uploads\/2020\/03\/Logo_lugaris_v2.png\",\"width\":285,\"height\":257,\"caption\":\"Lugaris Apartments in Barcelona\"},\"image\":{\"@id\":\"https:\/\/www.lugaris.com\/de\/#\/schema\/logo\/image\/\"}}]}<\/script>\n<!-- \/ Yoast SEO plugin. -->","yoast_head_json":{"title":"Apartments in Barcelona mit Terrasse und Balkon | Lugaris Rambla","description":"Suchen Sie nach einer Ferienwohnung in Barcelona mit Balkon oder Terrasse? Wir haben genau das Richtige f\u00fcr Sie. Mehr zu unseren Angeboten!","robots":{"index":"index","follow":"follow","max-snippet":"max-snippet:-1","max-image-preview":"max-image-preview:large","max-video-preview":"max-video-preview:-1"},"canonical":"https:\/\/www.lugaris.com\/de\/lugaris-rambla-fuer-2-5-personen-premium-mit-terrasse\/","og_locale":"de_DE","og_type":"article","og_title":"Apartments in Barcelona mit Terrasse und Balkon | Lugaris Rambla","og_description":"Suchen Sie nach einer Ferienwohnung in Barcelona mit Balkon oder Terrasse? Wir haben genau das Richtige f\u00fcr Sie. Mehr zu unseren Angeboten!","og_url":"https:\/\/www.lugaris.com\/de\/lugaris-rambla-fuer-2-5-personen-premium-mit-terrasse\/","og_site_name":"Lugaris","article_modified_time":"2025-01-13T11:39:53+00:00","og_image":[{"width":1000,"height":600,"url":"https:\/\/www.lugaris.com\/app\/uploads\/2020\/04\/DSC6095-1.jpg","type":"image\/jpeg"}],"twitter_card":"summary_large_image","twitter_misc":{"Est. reading time":"1 minute"},"schema":{"@context":"https:\/\/schema.org","@graph":[{"@type":"WebPage","@id":"https:\/\/www.lugaris.com\/de\/lugaris-rambla-fuer-2-5-personen-premium-mit-terrasse\/","url":"https:\/\/www.lugaris.com\/de\/lugaris-rambla-fuer-2-5-personen-premium-mit-terrasse\/","name":"Apartments in Barcelona mit Terrasse und Balkon | Lugaris Rambla","isPartOf":{"@id":"https:\/\/www.lugaris.com\/de\/#website"},"primaryImageOfPage":{"@id":"https:\/\/www.lugaris.com\/de\/lugaris-rambla-fuer-2-5-personen-premium-mit-terrasse\/#primaryimage"},"image":{"@id":"https:\/\/www.lugaris.com\/de\/lugaris-rambla-fuer-2-5-personen-premium-mit-terrasse\/#primaryimage"},"thumbnailUrl":"https:\/\/www.lugaris.com\/app\/uploads\/2020\/04\/DSC6095-1.jpg","datePublished":"2020-04-28T07:11:52+00:00","dateModified":"2025-01-13T11:39:53+00:00","description":"Suchen Sie nach einer Ferienwohnung in Barcelona mit Balkon oder Terrasse? Wir haben genau das Richtige f\u00fcr Sie. Mehr zu unseren Angeboten!","breadcrumb":{"@id":"https:\/\/www.lugaris.com\/de\/lugaris-rambla-fuer-2-5-personen-premium-mit-terrasse\/#breadcrumb"},"inLanguage":"de-DE","potentialAction":[{"@type":"ReadAction","target":["https:\/\/www.lugaris.com\/de\/lugaris-rambla-fuer-2-5-personen-premium-mit-terrasse\/"]}]},{"@type":"ImageObject","inLanguage":"de-DE","@id":"https:\/\/www.lugaris.com\/de\/lugaris-rambla-fuer-2-5-personen-premium-mit-terrasse\/#primaryimage","url":"https:\/\/www.lugaris.com\/app\/uploads\/2020\/04\/DSC6095-1.jpg","contentUrl":"https:\/\/www.lugaris.com\/app\/uploads\/2020\/04\/DSC6095-1.jpg","width":1000,"height":600},{"@type":"BreadcrumbList","@id":"https:\/\/www.lugaris.com\/de\/lugaris-rambla-fuer-2-5-personen-premium-mit-terrasse\/#breadcrumb","itemListElement":[{"@type":"ListItem","position":1,"name":"Home","item":"https:\/\/www.lugaris.com\/de\/"},{"@type":"ListItem","position":2,"name":"PREMIUM MIT TERRASSE"}]},{"@type":"WebSite","@id":"https:\/\/www.lugaris.com\/de\/#website","url":"https:\/\/www.lugaris.com\/de\/","name":"Lugaris","description":"Apartamentos de vacaciones en Barcelona","publisher":{"@id":"https:\/\/www.lugaris.com\/de\/#organization"},"potentialAction":[{"@type":"SearchAction","target":{"@type":"EntryPoint","urlTemplate":"https:\/\/www.lugaris.com\/de\/?s={search_term_string}"},"query-input":"required name=search_term_string"}],"inLanguage":"de-DE"},{"@type":"Organization","@id":"https:\/\/www.lugaris.com\/de\/#organization","name":"Lugaris Apartments in Barcelona","url":"https:\/\/www.lugaris.com\/de\/","logo":{"@type":"ImageObject","inLanguage":"de-DE","@id":"https:\/\/www.lugaris.com\/de\/#\/schema\/logo\/image\/","url":"https:\/\/www.lugaris.com\/app\/uploads\/2020\/03\/Logo_lugaris_v2.png","contentUrl":"https:\/\/www.lugaris.com\/app\/uploads\/2020\/03\/Logo_lugaris_v2.png","width":285,"height":257,"caption":"Lugaris Apartments in Barcelona"},"image":{"@id":"https:\/\/www.lugaris.com\/de\/#\/schema\/logo\/image\/"}}]}},"uagb_featured_image_src":{"full":["https:\/\/www.lugaris.com\/app\/uploads\/2020\/04\/DSC6095-1.jpg",1000,600,false],"thumbnail":["https:\/\/www.lugaris.com\/app\/uploads\/2020\/04\/DSC6095-1-150x150.jpg",150,150,true],"medium":["https:\/\/www.lugaris.com\/app\/uploads\/2020\/04\/DSC6095-1-300x180.jpg",300,180,true],"medium_large":["https:\/\/www.lugaris.com\/app\/uploads\/2020\/04\/DSC6095-1-768x461.jpg",768,461,true],"large":["https:\/\/www.lugaris.com\/app\/uploads\/2020\/04\/DSC6095-1.jpg",1000,600,false],"1536x1536":["https:\/\/www.lugaris.com\/app\/uploads\/2020\/04\/DSC6095-1.jpg",1000,600,false],"2048x2048":["https:\/\/www.lugaris.com\/app\/uploads\/2020\/04\/DSC6095-1.jpg",1000,600,false]},"uagb_author_info":{"display_name":"Roberto Bordi","author_link":"https:\/\/www.lugaris.com\/de\/author\/"},"uagb_comment_info":0,"uagb_excerpt":"50-55 m\u00b2 Wohnfl\u00e4che im 1. Stock mit Zugang \u00fcber eine Treppe, Wohn-\/Esszimmer mit 1 Einzelschlafcouch, K\u00fcche, 1 Schlafzimmer mit Doppelbett, 1 Schlafzimmer mit 2 Einzelbetten, 1 Bad mit Dusche und Terrasse von 22 m\u00b2.","_links":{"self":[{"href":"https:\/\/www.lugaris.com\/de\/wp-json\/wp\/v2\/apartments\/11595"}],"collection":[{"href":"https:\/\/www.lugaris.com\/de\/wp-json\/wp\/v2\/apartments"}],"about":[{"href":"https:\/\/www.lugaris.com\/de\/wp-json\/wp\/v2\/types\/apartments"}],"version-history":[{"count":1,"href":"https:\/\/www.lugaris.com\/de\/wp-json\/wp\/v2\/apartments\/11595\/revisions"}],"predecessor-version":[{"id":28497,"href":"https:\/\/www.lugaris.com\/de\/wp-json\/wp\/v2\/apartments\/11595\/revisions\/28497"}],"wp:featuredmedia":[{"embeddable":true,"href":"https:\/\/www.lugaris.com\/de\/wp-json\/wp\/v2\/media\/8062"}],"wp:attachment":[{"href":"https:\/\/www.lugaris.com\/de\/wp-json\/wp\/v2\/media?parent=11595"}],"wp:term":[{"taxonomy":"apartments_services","embeddable":true,"href":"https:\/\/www.lugaris.com\/de\/wp-json\/wp\/v2\/apartments_services?post=11595"}],"curies":[{"name":"wp","href":"https:\/\/api.w.org\/{rel}","templated":true}]}}