{"id":18002,"date":"2022-03-14T12:04:48","date_gmt":"2022-03-14T12:04:48","guid":{"rendered":"https:\/\/www.lugaris.com\/hoteles-cerca-forum-barcelona\/"},"modified":"2024-03-20T08:27:24","modified_gmt":"2024-03-20T08:27:24","slug":"hotels-in-der-naehe-vom-forum-barcelona","status":"publish","type":"page","link":"https:\/\/www.lugaris.com\/de\/hotels-in-der-naehe-vom-forum-barcelona\/","title":{"rendered":"Hotels in der N\u00e4he des Forum in Barcelona"},"content":{"rendered":"\n<div class=\"wp-block-media-text alignwide\"><figure class=\"wp-block-media-text__media\"><img fetchpriority=\"high\" decoding=\"async\" width=\"1280\" height=\"960\" src=\"https:\/\/www.lugaris.com\/app\/uploads\/2022\/03\/055_Placa_fotovoltaica_del_F\u00f2rum_Barcelona-1280x960.jpg\" alt=\"\" class=\"wp-image-17915 size-full\" srcset=\"https:\/\/www.lugaris.com\/app\/uploads\/2022\/03\/055_Placa_fotovoltaica_del_F\u00f2rum_Barcelona-1280x960.jpg 1280w, https:\/\/www.lugaris.com\/app\/uploads\/2022\/03\/055_Placa_fotovoltaica_del_F\u00f2rum_Barcelona-1024x768.jpg 1024w, https:\/\/www.lugaris.com\/app\/uploads\/2022\/03\/055_Placa_fotovoltaica_del_F\u00f2rum_Barcelona-640x480.jpg 640w, https:\/\/www.lugaris.com\/app\/uploads\/2022\/03\/055_Placa_fotovoltaica_del_F\u00f2rum_Barcelona-768x576.jpg 768w, https:\/\/www.lugaris.com\/app\/uploads\/2022\/03\/055_Placa_fotovoltaica_del_F\u00f2rum_Barcelona-1536x1152.jpg 1536w, https:\/\/www.lugaris.com\/app\/uploads\/2022\/03\/055_Placa_fotovoltaica_del_F\u00f2rum_Barcelona-2048x1536.jpg 2048w\" sizes=\"(max-width: 1280px) 100vw, 1280px\" \/><\/figure><div class=\"wp-block-media-text__content\">\n<p class=\"has-medium-font-size\">Barcelona ist eine Stadt voller Kontraste und bietet daher eine gro\u00dfe Auswahl unterschiedlichster Aktivit\u00e4ten an. Unabh\u00e4ngig davon, ob Sie gesch\u00e4ftlich oder privat die Stadt besuchen, ist es sinnvoll, dass sich Ihre Unterkunft in der N\u00e4he der wichtigsten Sehensw\u00fcrdigkeiten befindet, die Sie besuchen m\u00f6chten. Die Apartments Lugaris Beach und Lugaris Rambla befinden sich im Stadtteil namens Poblenou, in einer sehr guten strategischen Lage, die es Ihnen erm\u00f6glicht, die Str\u00e4nde der Stadt und eine gro\u00dfe Anzahl von sehenswerten Pl\u00e4tzen leicht zu erreichen. Aus diesem Grund ist es eines der empfehlenswertesten Hotels in der N\u00e4he des Forum von Barcelona: <a href=\"https:\/\/www.lugaris.com\/lugaris-beach\/\">Lugaris Beach<\/a> und <a href=\"https:\/\/www.lugaris.com\/lugaris-rambla\/\">Lugaris Rambla<\/a>, zwei Unterk\u00fcnfte vom Typ Apart-Hotel, die sich nur 20 Minuten zu Fu\u00df vom Forum in Barcelona befinden. (2 km).<\/p>\n<\/div><\/div>\n\n\n\n<hr class=\"wp-block-separator has-css-opacity\"\/>\n\n\n<article>\n  <header class=\"blocks__location__header \"\n     >\n    <a href=\"https:\/\/www.lugaris.com\/lugaris-rambla\/\">\n      <h3>Lugaris Rambla<\/h3>\n              <h4>RAMBLA DEL POBLE NOU 16-20\n08005 BARCELONA<\/h4>\n          <\/a>\n  <\/header>\n\n  <section class=\"blocks__apartment__list\">\n            <div class=\"blocks__apartment__item\">\n    <a href=\"https:\/\/www.lugaris.com\/de\/lugaris-rambla-fuer-2-3-personen-business\/\">\n        <article>\n            <img decoding=\"async\" src=\"https:\/\/www.lugaris.com\/app\/uploads\/2020\/04\/Principal-BR-scaled.webp\" class=\"blocks__apartment__item__thumbnail\"\/>\n            <header class=\"blocks__apartment__item__title\">\n                <h4>BUSINESS<\/h4>\n            <\/header>\n                        <section class=\"blocks__apartment__item__people\">\n                                            <span class=\"blocks__apartment__item__people__icon\"><svg xmlns=\"http:\/\/www.w3.org\/2000\/svg\" width=\"6.401\" height=\"17.07\" viewBox=\"0 0 6.401 17.07\" class=\"\"><path d=\"M3.2,0A2.134,2.134,0,1,1,1.067,2.134,2.134,2.134,0,0,1,3.2,0M4.8,4.8H4.422a2.93,2.93,0,0,1-2.443,0H1.6A1.6,1.6,0,0,0,0,6.4v4.534a.8.8,0,0,0,.8.8h.533V16.27a.8.8,0,0,0,.8.8H4.268a.8.8,0,0,0,.8-.8V11.736H5.6a.8.8,0,0,0,.8-.8V6.4A1.6,1.6,0,0,0,4.8,4.8Z\"\/><\/svg><\/span>\n                                            <span class=\"blocks__apartment__item__people__icon\"><svg xmlns=\"http:\/\/www.w3.org\/2000\/svg\" width=\"6.401\" height=\"17.07\" viewBox=\"0 0 6.401 17.07\" class=\"\"><path d=\"M3.2,0A2.134,2.134,0,1,1,1.067,2.134,2.134,2.134,0,0,1,3.2,0M4.8,4.8H4.422a2.93,2.93,0,0,1-2.443,0H1.6A1.6,1.6,0,0,0,0,6.4v4.534a.8.8,0,0,0,.8.8h.533V16.27a.8.8,0,0,0,.8.8H4.268a.8.8,0,0,0,.8-.8V11.736H5.6a.8.8,0,0,0,.8-.8V6.4A1.6,1.6,0,0,0,4.8,4.8Z\"\/><\/svg><\/span>\n                                    <span>2 -3 people<\/span>\n            <\/section>\n                        <section class=\"blocks__apartment__item__excerpt\"> \n                <p>\n                    38-52 m\u00b2 Wohnfl\u00e4che, Wohn-\/Esszimmer mit 1 Einzelschlafcouch, K\u00fcche, 1 Schlafzimmer mit Doppelbett, 1 Bad mit Badewanne oder Dusche, Balkon oder Terrasse von 22 m\u00b2 je nach Verf\u00fcgbarkeit. \n                <\/p>\n            <\/section>\n            <div class=\"blocks__apartment__item__info\">\n                                <span class=\"blocks__apartment__item__info__readmore\">Mehr Informationen<\/span>\n            <\/div>\n        <\/article>\n    <\/a>\n<\/div>            <div class=\"blocks__apartment__item\">\n    <a href=\"https:\/\/www.lugaris.com\/de\/lugaris-rambla-fuer-2-4-personen-premium\/\">\n        <article>\n            <img decoding=\"async\" src=\"https:\/\/www.lugaris.com\/app\/uploads\/2020\/05\/Principal-PR.webp\" class=\"blocks__apartment__item__thumbnail\"\/>\n            <header class=\"blocks__apartment__item__title\">\n                <h4>PREMIUM<\/h4>\n            <\/header>\n                        <section class=\"blocks__apartment__item__people\">\n                                            <span class=\"blocks__apartment__item__people__icon\"><svg xmlns=\"http:\/\/www.w3.org\/2000\/svg\" width=\"6.401\" height=\"17.07\" viewBox=\"0 0 6.401 17.07\" class=\"\"><path d=\"M3.2,0A2.134,2.134,0,1,1,1.067,2.134,2.134,2.134,0,0,1,3.2,0M4.8,4.8H4.422a2.93,2.93,0,0,1-2.443,0H1.6A1.6,1.6,0,0,0,0,6.4v4.534a.8.8,0,0,0,.8.8h.533V16.27a.8.8,0,0,0,.8.8H4.268a.8.8,0,0,0,.8-.8V11.736H5.6a.8.8,0,0,0,.8-.8V6.4A1.6,1.6,0,0,0,4.8,4.8Z\"\/><\/svg><\/span>\n                                            <span class=\"blocks__apartment__item__people__icon\"><svg xmlns=\"http:\/\/www.w3.org\/2000\/svg\" width=\"6.401\" height=\"17.07\" viewBox=\"0 0 6.401 17.07\" class=\"\"><path d=\"M3.2,0A2.134,2.134,0,1,1,1.067,2.134,2.134,2.134,0,0,1,3.2,0M4.8,4.8H4.422a2.93,2.93,0,0,1-2.443,0H1.6A1.6,1.6,0,0,0,0,6.4v4.534a.8.8,0,0,0,.8.8h.533V16.27a.8.8,0,0,0,.8.8H4.268a.8.8,0,0,0,.8-.8V11.736H5.6a.8.8,0,0,0,.8-.8V6.4A1.6,1.6,0,0,0,4.8,4.8Z\"\/><\/svg><\/span>\n                                    <span>2-3 people<\/span>\n            <\/section>\n                        <section class=\"blocks__apartment__item__excerpt\"> \n                <p>\n                    49-52 m\u00b2 Wohnfl\u00e4che, Wohn-\/Esszimmer mit 1 Sofa, K\u00fcche, 1 Schlafzimmer mit Doppelbett, 1 Schlafzimmer mit Einzelbett, 1 Badezimmer zwischen den Zimmern mit Badewanne oder Dusche und Au\u00dfenbalkon je nach Verf\u00fcgbarkeit. \n                <\/p>\n            <\/section>\n            <div class=\"blocks__apartment__item__info\">\n                                <span class=\"blocks__apartment__item__info__readmore\">Mehr Informationen<\/span>\n            <\/div>\n        <\/article>\n    <\/a>\n<\/div>            <div class=\"blocks__apartment__item\">\n    <a href=\"https:\/\/www.lugaris.com\/de\/family-mit-terrasse\/\">\n        <article>\n            <img decoding=\"async\" src=\"https:\/\/www.lugaris.com\/app\/uploads\/2023\/12\/2G8A0161.jpg\" class=\"blocks__apartment__item__thumbnail\"\/>\n            <header class=\"blocks__apartment__item__title\">\n                <h4>Family MIT TERRASSE<\/h4>\n            <\/header>\n                        <section class=\"blocks__apartment__item__people\">\n                                            <span class=\"blocks__apartment__item__people__icon\"><svg xmlns=\"http:\/\/www.w3.org\/2000\/svg\" width=\"6.401\" height=\"17.07\" viewBox=\"0 0 6.401 17.07\" class=\"\"><path d=\"M3.2,0A2.134,2.134,0,1,1,1.067,2.134,2.134,2.134,0,0,1,3.2,0M4.8,4.8H4.422a2.93,2.93,0,0,1-2.443,0H1.6A1.6,1.6,0,0,0,0,6.4v4.534a.8.8,0,0,0,.8.8h.533V16.27a.8.8,0,0,0,.8.8H4.268a.8.8,0,0,0,.8-.8V11.736H5.6a.8.8,0,0,0,.8-.8V6.4A1.6,1.6,0,0,0,4.8,4.8Z\"\/><\/svg><\/span>\n                                            <span class=\"blocks__apartment__item__people__icon\"><svg xmlns=\"http:\/\/www.w3.org\/2000\/svg\" width=\"6.401\" height=\"17.07\" viewBox=\"0 0 6.401 17.07\" class=\"\"><path d=\"M3.2,0A2.134,2.134,0,1,1,1.067,2.134,2.134,2.134,0,0,1,3.2,0M4.8,4.8H4.422a2.93,2.93,0,0,1-2.443,0H1.6A1.6,1.6,0,0,0,0,6.4v4.534a.8.8,0,0,0,.8.8h.533V16.27a.8.8,0,0,0,.8.8H4.268a.8.8,0,0,0,.8-.8V11.736H5.6a.8.8,0,0,0,.8-.8V6.4A1.6,1.6,0,0,0,4.8,4.8Z\"\/><\/svg><\/span>\n                                    <span>2-5 people<\/span>\n            <\/section>\n                        <section class=\"blocks__apartment__item__excerpt\"> \n                <p>\n                    63m\u00b2 Nutzfl\u00e4che im Erdgeschoss, Wohn-Esszimmer mit 1 Einzel-Schlafsofa, K\u00fcche, 1 Schlafzimmer mit Doppelbett, 1 Schlafzimmer mit 2 Einzelbetten, 1 Badezimmer mit Dusche und eine 65m\u00b2 gro\u00dfe Terrasse.\n                <\/p>\n            <\/section>\n            <div class=\"blocks__apartment__item__info\">\n                                <span class=\"blocks__apartment__item__info__readmore\">Mehr Informationen<\/span>\n            <\/div>\n        <\/article>\n    <\/a>\n<\/div>            <div class=\"blocks__apartment__item\">\n    <a href=\"https:\/\/www.lugaris.com\/de\/lugaris-rambla-fuer-2-5-personen-family\/\">\n        <article>\n            <img decoding=\"async\" src=\"https:\/\/www.lugaris.com\/app\/uploads\/2020\/05\/Principal-FR.webp\" class=\"blocks__apartment__item__thumbnail\"\/>\n            <header class=\"blocks__apartment__item__title\">\n                <h4>FAMILY<\/h4>\n            <\/header>\n                        <section class=\"blocks__apartment__item__people\">\n                                            <span class=\"blocks__apartment__item__people__icon\"><svg xmlns=\"http:\/\/www.w3.org\/2000\/svg\" width=\"6.401\" height=\"17.07\" viewBox=\"0 0 6.401 17.07\" class=\"\"><path d=\"M3.2,0A2.134,2.134,0,1,1,1.067,2.134,2.134,2.134,0,0,1,3.2,0M4.8,4.8H4.422a2.93,2.93,0,0,1-2.443,0H1.6A1.6,1.6,0,0,0,0,6.4v4.534a.8.8,0,0,0,.8.8h.533V16.27a.8.8,0,0,0,.8.8H4.268a.8.8,0,0,0,.8-.8V11.736H5.6a.8.8,0,0,0,.8-.8V6.4A1.6,1.6,0,0,0,4.8,4.8Z\"\/><\/svg><\/span>\n                                            <span class=\"blocks__apartment__item__people__icon\"><svg xmlns=\"http:\/\/www.w3.org\/2000\/svg\" width=\"6.401\" height=\"17.07\" viewBox=\"0 0 6.401 17.07\" class=\"\"><path d=\"M3.2,0A2.134,2.134,0,1,1,1.067,2.134,2.134,2.134,0,0,1,3.2,0M4.8,4.8H4.422a2.93,2.93,0,0,1-2.443,0H1.6A1.6,1.6,0,0,0,0,6.4v4.534a.8.8,0,0,0,.8.8h.533V16.27a.8.8,0,0,0,.8.8H4.268a.8.8,0,0,0,.8-.8V11.736H5.6a.8.8,0,0,0,.8-.8V6.4A1.6,1.6,0,0,0,4.8,4.8Z\"\/><\/svg><\/span>\n                                    <span>2-4 people<\/span>\n            <\/section>\n                        <section class=\"blocks__apartment__item__excerpt\"> \n                <p>\n                    53-57 m\u00b2 Wohnfl\u00e4che, Wohn-\/Esszimmer mit 1 Einzelschlafcouch, K\u00fcche, 1 Schlafzimmer mit Doppelbett, 1 Schlafzimmer mit Einzelbetten oder Etagenbetten (je nach Verf\u00fcgbarkeit), 1 Badezimmer mit Badewanne, 1 Badezimmer mit Dusche, Balkon oder Terrasse je nach Verf\u00fcgbarkeit. \n                <\/p>\n            <\/section>\n            <div class=\"blocks__apartment__item__info\">\n                                <span class=\"blocks__apartment__item__info__readmore\">Mehr Informationen<\/span>\n            <\/div>\n        <\/article>\n    <\/a>\n<\/div>            <div class=\"blocks__apartment__item\">\n    <a href=\"https:\/\/www.lugaris.com\/de\/premium-superior\/\">\n        <article>\n            <img decoding=\"async\" src=\"https:\/\/www.lugaris.com\/app\/uploads\/2025\/05\/menjador.webp\" class=\"blocks__apartment__item__thumbnail\"\/>\n            <header class=\"blocks__apartment__item__title\">\n                <h4>Premium Superior<\/h4>\n            <\/header>\n                        <section class=\"blocks__apartment__item__people\">\n                                            <span class=\"blocks__apartment__item__people__icon\"><svg xmlns=\"http:\/\/www.w3.org\/2000\/svg\" width=\"6.401\" height=\"17.07\" viewBox=\"0 0 6.401 17.07\" class=\"\"><path d=\"M3.2,0A2.134,2.134,0,1,1,1.067,2.134,2.134,2.134,0,0,1,3.2,0M4.8,4.8H4.422a2.93,2.93,0,0,1-2.443,0H1.6A1.6,1.6,0,0,0,0,6.4v4.534a.8.8,0,0,0,.8.8h.533V16.27a.8.8,0,0,0,.8.8H4.268a.8.8,0,0,0,.8-.8V11.736H5.6a.8.8,0,0,0,.8-.8V6.4A1.6,1.6,0,0,0,4.8,4.8Z\"\/><\/svg><\/span>\n                                            <span class=\"blocks__apartment__item__people__icon\"><svg xmlns=\"http:\/\/www.w3.org\/2000\/svg\" width=\"6.401\" height=\"17.07\" viewBox=\"0 0 6.401 17.07\" class=\"\"><path d=\"M3.2,0A2.134,2.134,0,1,1,1.067,2.134,2.134,2.134,0,0,1,3.2,0M4.8,4.8H4.422a2.93,2.93,0,0,1-2.443,0H1.6A1.6,1.6,0,0,0,0,6.4v4.534a.8.8,0,0,0,.8.8h.533V16.27a.8.8,0,0,0,.8.8H4.268a.8.8,0,0,0,.8-.8V11.736H5.6a.8.8,0,0,0,.8-.8V6.4A1.6,1.6,0,0,0,4.8,4.8Z\"\/><\/svg><\/span>\n                                    <span>2-3 people<\/span>\n            <\/section>\n                        <section class=\"blocks__apartment__item__excerpt\"> \n                <p>\n                    49\u201352 m\u00b2, Wohn- und Essbereich mit Sofa, K\u00fcche, 1 Schlafzimmer mit Doppelbett, 1 Schlafzimmer mit Einzelbett, 2 dazwischenliegende B\u00e4der mit Badewanne oder Dusche und Au\u00dfenbalkon.\n                <\/p>\n            <\/section>\n            <div class=\"blocks__apartment__item__info\">\n                                <span class=\"blocks__apartment__item__info__readmore\">Mehr Informationen<\/span>\n            <\/div>\n        <\/article>\n    <\/a>\n<\/div>            <div class=\"blocks__apartment__item\">\n    <a href=\"https:\/\/www.lugaris.com\/de\/lugaris-rambla-fuer-2-5-personen-premium-mit-terrasse\/\">\n        <article>\n            <img decoding=\"async\" src=\"https:\/\/www.lugaris.com\/app\/uploads\/2020\/04\/DSC6095-1.jpg\" class=\"blocks__apartment__item__thumbnail\"\/>\n            <header class=\"blocks__apartment__item__title\">\n                <h4>PREMIUM MIT TERRASSE<\/h4>\n            <\/header>\n                        <section class=\"blocks__apartment__item__people\">\n                                            <span class=\"blocks__apartment__item__people__icon\"><svg xmlns=\"http:\/\/www.w3.org\/2000\/svg\" width=\"6.401\" height=\"17.07\" viewBox=\"0 0 6.401 17.07\" class=\"\"><path d=\"M3.2,0A2.134,2.134,0,1,1,1.067,2.134,2.134,2.134,0,0,1,3.2,0M4.8,4.8H4.422a2.93,2.93,0,0,1-2.443,0H1.6A1.6,1.6,0,0,0,0,6.4v4.534a.8.8,0,0,0,.8.8h.533V16.27a.8.8,0,0,0,.8.8H4.268a.8.8,0,0,0,.8-.8V11.736H5.6a.8.8,0,0,0,.8-.8V6.4A1.6,1.6,0,0,0,4.8,4.8Z\"\/><\/svg><\/span>\n                                            <span class=\"blocks__apartment__item__people__icon\"><svg xmlns=\"http:\/\/www.w3.org\/2000\/svg\" width=\"6.401\" height=\"17.07\" viewBox=\"0 0 6.401 17.07\" class=\"\"><path d=\"M3.2,0A2.134,2.134,0,1,1,1.067,2.134,2.134,2.134,0,0,1,3.2,0M4.8,4.8H4.422a2.93,2.93,0,0,1-2.443,0H1.6A1.6,1.6,0,0,0,0,6.4v4.534a.8.8,0,0,0,.8.8h.533V16.27a.8.8,0,0,0,.8.8H4.268a.8.8,0,0,0,.8-.8V11.736H5.6a.8.8,0,0,0,.8-.8V6.4A1.6,1.6,0,0,0,4.8,4.8Z\"\/><\/svg><\/span>\n                                    <span>2-5 people<\/span>\n            <\/section>\n                        <section class=\"blocks__apartment__item__excerpt\"> \n                <p>\n                    50-55 m\u00b2 Wohnfl\u00e4che im 1. Stock mit Zugang \u00fcber eine Treppe, Wohn-\/Esszimmer mit 1 Einzelschlafcouch, K\u00fcche, 1 Schlafzimmer mit Doppelbett, 1 Schlafzimmer mit 2 Einzelbetten, 1 Bad mit Dusche und Terrasse von 22 m\u00b2. \n                <\/p>\n            <\/section>\n            <div class=\"blocks__apartment__item__info\">\n                                <span class=\"blocks__apartment__item__info__readmore\">Mehr Informationen<\/span>\n            <\/div>\n        <\/article>\n    <\/a>\n<\/div>    <\/section><\/article>\n<div style=\"display:none\">\nNULL\n<\/div>\n\n<article>\n  <header class=\"blocks__location__header \"\n     >\n    <a href=\"https:\/\/www.lugaris.com\/lugaris-beach\/\">\n      <h3>Lugaris Beach<\/h3>\n              <h4>Passeig de Calvell 45 08005 Barcelona<\/h4>\n          <\/a>\n  <\/header>\n\n  <section class=\"blocks__apartment__list\">\n            <div class=\"blocks__apartment__item\">\n    <a href=\"https:\/\/www.lugaris.com\/de\/lugaris-beach-fuer-2-3-personen-business\/\">\n        <article>\n            <img decoding=\"async\" src=\"https:\/\/www.lugaris.com\/app\/uploads\/2020\/05\/Principal-BA-scaled.webp\" class=\"blocks__apartment__item__thumbnail\"\/>\n            <header class=\"blocks__apartment__item__title\">\n                <h4>Business<\/h4>\n            <\/header>\n                        <section class=\"blocks__apartment__item__people\">\n                                            <span class=\"blocks__apartment__item__people__icon\"><svg xmlns=\"http:\/\/www.w3.org\/2000\/svg\" width=\"6.401\" height=\"17.07\" viewBox=\"0 0 6.401 17.07\" class=\"\"><path d=\"M3.2,0A2.134,2.134,0,1,1,1.067,2.134,2.134,2.134,0,0,1,3.2,0M4.8,4.8H4.422a2.93,2.93,0,0,1-2.443,0H1.6A1.6,1.6,0,0,0,0,6.4v4.534a.8.8,0,0,0,.8.8h.533V16.27a.8.8,0,0,0,.8.8H4.268a.8.8,0,0,0,.8-.8V11.736H5.6a.8.8,0,0,0,.8-.8V6.4A1.6,1.6,0,0,0,4.8,4.8Z\"\/><\/svg><\/span>\n                                            <span class=\"blocks__apartment__item__people__icon\"><svg xmlns=\"http:\/\/www.w3.org\/2000\/svg\" width=\"6.401\" height=\"17.07\" viewBox=\"0 0 6.401 17.07\" class=\"\"><path d=\"M3.2,0A2.134,2.134,0,1,1,1.067,2.134,2.134,2.134,0,0,1,3.2,0M4.8,4.8H4.422a2.93,2.93,0,0,1-2.443,0H1.6A1.6,1.6,0,0,0,0,6.4v4.534a.8.8,0,0,0,.8.8h.533V16.27a.8.8,0,0,0,.8.8H4.268a.8.8,0,0,0,.8-.8V11.736H5.6a.8.8,0,0,0,.8-.8V6.4A1.6,1.6,0,0,0,4.8,4.8Z\"\/><\/svg><\/span>\n                                    <span>2-3 people<\/span>\n            <\/section>\n                        <section class=\"blocks__apartment__item__excerpt\"> \n                <p>\n                    Fl\u00e4che 47-62 m\u00b2, zwischen 1. und 4. Stock, 1 offene K\u00fcche, 1 Wohn-\/Esszimmer mit 1 Schlafsofa, 1 Zimmer mit 1 Doppelbett oder Einzelbetten, 1 Badezimmer mit Badewanne oder Dusche \n                <\/p>\n            <\/section>\n            <div class=\"blocks__apartment__item__info\">\n                                <span class=\"blocks__apartment__item__info__readmore\">Mehr Informationen<\/span>\n            <\/div>\n        <\/article>\n    <\/a>\n<\/div>            <div class=\"blocks__apartment__item\">\n    <a href=\"https:\/\/www.lugaris.com\/de\/lugaris-beach-fuer-2-4-personen-superior\/\">\n        <article>\n            <img decoding=\"async\" src=\"https:\/\/www.lugaris.com\/app\/uploads\/2020\/04\/Principal-BS-scaled.webp\" class=\"blocks__apartment__item__thumbnail\"\/>\n            <header class=\"blocks__apartment__item__title\">\n                <h4>Business Superior<\/h4>\n            <\/header>\n                        <section class=\"blocks__apartment__item__people\">\n                                            <span class=\"blocks__apartment__item__people__icon\"><svg xmlns=\"http:\/\/www.w3.org\/2000\/svg\" width=\"6.401\" height=\"17.07\" viewBox=\"0 0 6.401 17.07\" class=\"\"><path d=\"M3.2,0A2.134,2.134,0,1,1,1.067,2.134,2.134,2.134,0,0,1,3.2,0M4.8,4.8H4.422a2.93,2.93,0,0,1-2.443,0H1.6A1.6,1.6,0,0,0,0,6.4v4.534a.8.8,0,0,0,.8.8h.533V16.27a.8.8,0,0,0,.8.8H4.268a.8.8,0,0,0,.8-.8V11.736H5.6a.8.8,0,0,0,.8-.8V6.4A1.6,1.6,0,0,0,4.8,4.8Z\"\/><\/svg><\/span>\n                                            <span class=\"blocks__apartment__item__people__icon\"><svg xmlns=\"http:\/\/www.w3.org\/2000\/svg\" width=\"6.401\" height=\"17.07\" viewBox=\"0 0 6.401 17.07\" class=\"\"><path d=\"M3.2,0A2.134,2.134,0,1,1,1.067,2.134,2.134,2.134,0,0,1,3.2,0M4.8,4.8H4.422a2.93,2.93,0,0,1-2.443,0H1.6A1.6,1.6,0,0,0,0,6.4v4.534a.8.8,0,0,0,.8.8h.533V16.27a.8.8,0,0,0,.8.8H4.268a.8.8,0,0,0,.8-.8V11.736H5.6a.8.8,0,0,0,.8-.8V6.4A1.6,1.6,0,0,0,4.8,4.8Z\"\/><\/svg><\/span>\n                                    <span>2-3 people<\/span>\n            <\/section>\n                        <section class=\"blocks__apartment__item__excerpt\"> \n                <p>\n                    Fl\u00e4che 47-62 m\u00b2, zwischen der 4. und 7. Etage gelegen, mit Blick auf die Stadt, Wohn-\/Esszimmer mit 1 Einzelchlafsofa, offener K\u00fcche, 1 Schlafzimmer mit Doppelbett oder 2 Einzelbetten und 1 Badezimmer mit Badewanne. \n                <\/p>\n            <\/section>\n            <div class=\"blocks__apartment__item__info\">\n                                <span class=\"blocks__apartment__item__info__readmore\">Mehr Informationen<\/span>\n            <\/div>\n        <\/article>\n    <\/a>\n<\/div>            <div class=\"blocks__apartment__item\">\n    <a href=\"https:\/\/www.lugaris.com\/de\/lugaris-beach-business-sea-view\/\">\n        <article>\n            <img decoding=\"async\" src=\"https:\/\/www.lugaris.com\/app\/uploads\/2020\/04\/Principal-BSV.webp\" class=\"blocks__apartment__item__thumbnail\"\/>\n            <header class=\"blocks__apartment__item__title\">\n                <h4>Business Sea View<\/h4>\n            <\/header>\n                        <section class=\"blocks__apartment__item__people\">\n                                            <span class=\"blocks__apartment__item__people__icon\"><svg xmlns=\"http:\/\/www.w3.org\/2000\/svg\" width=\"6.401\" height=\"17.07\" viewBox=\"0 0 6.401 17.07\" class=\"\"><path d=\"M3.2,0A2.134,2.134,0,1,1,1.067,2.134,2.134,2.134,0,0,1,3.2,0M4.8,4.8H4.422a2.93,2.93,0,0,1-2.443,0H1.6A1.6,1.6,0,0,0,0,6.4v4.534a.8.8,0,0,0,.8.8h.533V16.27a.8.8,0,0,0,.8.8H4.268a.8.8,0,0,0,.8-.8V11.736H5.6a.8.8,0,0,0,.8-.8V6.4A1.6,1.6,0,0,0,4.8,4.8Z\"\/><\/svg><\/span>\n                                            <span class=\"blocks__apartment__item__people__icon\"><svg xmlns=\"http:\/\/www.w3.org\/2000\/svg\" width=\"6.401\" height=\"17.07\" viewBox=\"0 0 6.401 17.07\" class=\"\"><path d=\"M3.2,0A2.134,2.134,0,1,1,1.067,2.134,2.134,2.134,0,0,1,3.2,0M4.8,4.8H4.422a2.93,2.93,0,0,1-2.443,0H1.6A1.6,1.6,0,0,0,0,6.4v4.534a.8.8,0,0,0,.8.8h.533V16.27a.8.8,0,0,0,.8.8H4.268a.8.8,0,0,0,.8-.8V11.736H5.6a.8.8,0,0,0,.8-.8V6.4A1.6,1.6,0,0,0,4.8,4.8Z\"\/><\/svg><\/span>\n                                    <span>2-3 people<\/span>\n            <\/section>\n                        <section class=\"blocks__apartment__item__excerpt\"> \n                <p>\n                    47-57 m\u00b2 Wohnfl\u00e4che mit Meerblick je nach Verf\u00fcgbarkeit, Wohn-Esszimmer mit 1 Einzel-schlafsofa, offener K\u00fcche, 1 Schlafzimmer mit Doppelbett und 1 Badezimmer mit Badewanne. \n                <\/p>\n            <\/section>\n            <div class=\"blocks__apartment__item__info\">\n                                <span class=\"blocks__apartment__item__info__readmore\">Mehr Informationen<\/span>\n            <\/div>\n        <\/article>\n    <\/a>\n<\/div>            <div class=\"blocks__apartment__item\">\n    <a href=\"https:\/\/www.lugaris.com\/de\/lugaris-beach-fuer-2-4-personen-premium\/\">\n        <article>\n            <img decoding=\"async\" src=\"https:\/\/www.lugaris.com\/app\/uploads\/2020\/04\/Principal-PA-scaled.webp\" class=\"blocks__apartment__item__thumbnail\"\/>\n            <header class=\"blocks__apartment__item__title\">\n                <h4>Premium<\/h4>\n            <\/header>\n                        <section class=\"blocks__apartment__item__people\">\n                                            <span class=\"blocks__apartment__item__people__icon\"><svg xmlns=\"http:\/\/www.w3.org\/2000\/svg\" width=\"6.401\" height=\"17.07\" viewBox=\"0 0 6.401 17.07\" class=\"\"><path d=\"M3.2,0A2.134,2.134,0,1,1,1.067,2.134,2.134,2.134,0,0,1,3.2,0M4.8,4.8H4.422a2.93,2.93,0,0,1-2.443,0H1.6A1.6,1.6,0,0,0,0,6.4v4.534a.8.8,0,0,0,.8.8h.533V16.27a.8.8,0,0,0,.8.8H4.268a.8.8,0,0,0,.8-.8V11.736H5.6a.8.8,0,0,0,.8-.8V6.4A1.6,1.6,0,0,0,4.8,4.8Z\"\/><\/svg><\/span>\n                                            <span class=\"blocks__apartment__item__people__icon\"><svg xmlns=\"http:\/\/www.w3.org\/2000\/svg\" width=\"6.401\" height=\"17.07\" viewBox=\"0 0 6.401 17.07\" class=\"\"><path d=\"M3.2,0A2.134,2.134,0,1,1,1.067,2.134,2.134,2.134,0,0,1,3.2,0M4.8,4.8H4.422a2.93,2.93,0,0,1-2.443,0H1.6A1.6,1.6,0,0,0,0,6.4v4.534a.8.8,0,0,0,.8.8h.533V16.27a.8.8,0,0,0,.8.8H4.268a.8.8,0,0,0,.8-.8V11.736H5.6a.8.8,0,0,0,.8-.8V6.4A1.6,1.6,0,0,0,4.8,4.8Z\"\/><\/svg><\/span>\n                                    <span>2-3 people<\/span>\n            <\/section>\n                        <section class=\"blocks__apartment__item__excerpt\"> \n                <p>\n                    53-63 m\u00b2 Wohnfl\u00e4che, Wohn-Esszimmer mit 1 Couch, Kochnische, 1 Schlafzimmer mit Doppelbett, 1 Einzelbett im Wohnzimmer und 1 Bad mit Badewanne.\n                <\/p>\n            <\/section>\n            <div class=\"blocks__apartment__item__info\">\n                                <span class=\"blocks__apartment__item__info__readmore\">Mehr Informationen<\/span>\n            <\/div>\n        <\/article>\n    <\/a>\n<\/div>            <div class=\"blocks__apartment__item\">\n    <a href=\"https:\/\/www.lugaris.com\/de\/lugaris-beach-2-5-personen-premium-zwei-schlafzimmer\/\">\n        <article>\n            <img decoding=\"async\" src=\"https:\/\/www.lugaris.com\/app\/uploads\/2020\/04\/Principal-PSA.webp\" class=\"blocks__apartment__item__thumbnail\"\/>\n            <header class=\"blocks__apartment__item__title\">\n                <h4>Premium Superior<\/h4>\n            <\/header>\n                        <section class=\"blocks__apartment__item__people\">\n                                            <span class=\"blocks__apartment__item__people__icon\"><svg xmlns=\"http:\/\/www.w3.org\/2000\/svg\" width=\"6.401\" height=\"17.07\" viewBox=\"0 0 6.401 17.07\" class=\"\"><path d=\"M3.2,0A2.134,2.134,0,1,1,1.067,2.134,2.134,2.134,0,0,1,3.2,0M4.8,4.8H4.422a2.93,2.93,0,0,1-2.443,0H1.6A1.6,1.6,0,0,0,0,6.4v4.534a.8.8,0,0,0,.8.8h.533V16.27a.8.8,0,0,0,.8.8H4.268a.8.8,0,0,0,.8-.8V11.736H5.6a.8.8,0,0,0,.8-.8V6.4A1.6,1.6,0,0,0,4.8,4.8Z\"\/><\/svg><\/span>\n                                            <span class=\"blocks__apartment__item__people__icon\"><svg xmlns=\"http:\/\/www.w3.org\/2000\/svg\" width=\"6.401\" height=\"17.07\" viewBox=\"0 0 6.401 17.07\" class=\"\"><path d=\"M3.2,0A2.134,2.134,0,1,1,1.067,2.134,2.134,2.134,0,0,1,3.2,0M4.8,4.8H4.422a2.93,2.93,0,0,1-2.443,0H1.6A1.6,1.6,0,0,0,0,6.4v4.534a.8.8,0,0,0,.8.8h.533V16.27a.8.8,0,0,0,.8.8H4.268a.8.8,0,0,0,.8-.8V11.736H5.6a.8.8,0,0,0,.8-.8V6.4A1.6,1.6,0,0,0,4.8,4.8Z\"\/><\/svg><\/span>\n                                    <span>2-5 people<\/span>\n            <\/section>\n                        <section class=\"blocks__apartment__item__excerpt\"> \n                <p>\n                    53-63 m\u00b2 Wohnfl\u00e4che, Wohn-\/Esszimmer mit 1 Einzel- oder Doppelschlafcouch, Kochnische, 1 Schlafzimmer mit Doppelbett, 1 Schlafzimmer mit 2 Einzelbetten, 1 Badezimmer mit Badewanne und 1 Badezimmer mit Dusche. \n                <\/p>\n            <\/section>\n            <div class=\"blocks__apartment__item__info\">\n                                <span class=\"blocks__apartment__item__info__readmore\">Mehr Informationen<\/span>\n            <\/div>\n        <\/article>\n    <\/a>\n<\/div>            <div class=\"blocks__apartment__item\">\n    <a href=\"https:\/\/www.lugaris.com\/de\/lugaris-beach-fuer-4-6-personen-family\/\">\n        <article>\n            <img decoding=\"async\" src=\"https:\/\/www.lugaris.com\/app\/uploads\/2020\/05\/Principal-FA-scaled.webp\" class=\"blocks__apartment__item__thumbnail\"\/>\n            <header class=\"blocks__apartment__item__title\">\n                <h4>Family<\/h4>\n            <\/header>\n                        <section class=\"blocks__apartment__item__people\">\n                                            <span class=\"blocks__apartment__item__people__icon\"><svg xmlns=\"http:\/\/www.w3.org\/2000\/svg\" width=\"6.401\" height=\"17.07\" viewBox=\"0 0 6.401 17.07\" class=\"\"><path d=\"M3.2,0A2.134,2.134,0,1,1,1.067,2.134,2.134,2.134,0,0,1,3.2,0M4.8,4.8H4.422a2.93,2.93,0,0,1-2.443,0H1.6A1.6,1.6,0,0,0,0,6.4v4.534a.8.8,0,0,0,.8.8h.533V16.27a.8.8,0,0,0,.8.8H4.268a.8.8,0,0,0,.8-.8V11.736H5.6a.8.8,0,0,0,.8-.8V6.4A1.6,1.6,0,0,0,4.8,4.8Z\"\/><\/svg><\/span>\n                                            <span class=\"blocks__apartment__item__people__icon\"><svg xmlns=\"http:\/\/www.w3.org\/2000\/svg\" width=\"6.401\" height=\"17.07\" viewBox=\"0 0 6.401 17.07\" class=\"\"><path d=\"M3.2,0A2.134,2.134,0,1,1,1.067,2.134,2.134,2.134,0,0,1,3.2,0M4.8,4.8H4.422a2.93,2.93,0,0,1-2.443,0H1.6A1.6,1.6,0,0,0,0,6.4v4.534a.8.8,0,0,0,.8.8h.533V16.27a.8.8,0,0,0,.8.8H4.268a.8.8,0,0,0,.8-.8V11.736H5.6a.8.8,0,0,0,.8-.8V6.4A1.6,1.6,0,0,0,4.8,4.8Z\"\/><\/svg><\/span>\n                                            <span class=\"blocks__apartment__item__people__icon\"><svg xmlns=\"http:\/\/www.w3.org\/2000\/svg\" width=\"6.401\" height=\"17.07\" viewBox=\"0 0 6.401 17.07\" class=\"\"><path d=\"M3.2,0A2.134,2.134,0,1,1,1.067,2.134,2.134,2.134,0,0,1,3.2,0M4.8,4.8H4.422a2.93,2.93,0,0,1-2.443,0H1.6A1.6,1.6,0,0,0,0,6.4v4.534a.8.8,0,0,0,.8.8h.533V16.27a.8.8,0,0,0,.8.8H4.268a.8.8,0,0,0,.8-.8V11.736H5.6a.8.8,0,0,0,.8-.8V6.4A1.6,1.6,0,0,0,4.8,4.8Z\"\/><\/svg><\/span>\n                                            <span class=\"blocks__apartment__item__people__icon\"><svg xmlns=\"http:\/\/www.w3.org\/2000\/svg\" width=\"6.401\" height=\"17.07\" viewBox=\"0 0 6.401 17.07\" class=\"\"><path d=\"M3.2,0A2.134,2.134,0,1,1,1.067,2.134,2.134,2.134,0,0,1,3.2,0M4.8,4.8H4.422a2.93,2.93,0,0,1-2.443,0H1.6A1.6,1.6,0,0,0,0,6.4v4.534a.8.8,0,0,0,.8.8h.533V16.27a.8.8,0,0,0,.8.8H4.268a.8.8,0,0,0,.8-.8V11.736H5.6a.8.8,0,0,0,.8-.8V6.4A1.6,1.6,0,0,0,4.8,4.8Z\"\/><\/svg><\/span>\n                                    <span>4-6 people<\/span>\n            <\/section>\n                        <section class=\"blocks__apartment__item__excerpt\"> \n                <p>\n                    80-102 m\u00b2 Wohnfl\u00e4che, Wohn-\/Esszimmer mit 2 Einzelschlafsofas, Kochnische, 1 Schlafzimmer mit Doppelbett und eigenem Bad mit Badewanne, 1 Schlafzimmer mit 2 Einzelbetten und eigenem Bad mit Dusche. \n                <\/p>\n            <\/section>\n            <div class=\"blocks__apartment__item__info\">\n                                <span class=\"blocks__apartment__item__info__readmore\">Mehr Informationen<\/span>\n            <\/div>\n        <\/article>\n    <\/a>\n<\/div>    <\/section><\/article>\n<div style=\"display:none\">\nNULL\n<\/div>\n\n\n<h2 class=\"wp-block-heading has-text-align-center\"><strong>Hotels, die sich in der N\u00e4he vom Primavera Sound Festival und anderen Festivals befinden<\/strong><\/h2>\n\n\n\n<figure class=\"wp-block-image aligncenter size-large\"><img decoding=\"async\" width=\"640\" height=\"426\" src=\"https:\/\/www.lugaris.com\/app\/uploads\/2020\/05\/Primavera-Sound.jpg\" alt=\"\" class=\"wp-image-7798\" srcset=\"https:\/\/www.lugaris.com\/app\/uploads\/2020\/05\/Primavera-Sound.jpg 640w, https:\/\/www.lugaris.com\/app\/uploads\/2020\/05\/Primavera-Sound-300x200.jpg 300w\" sizes=\"(max-width: 640px) 100vw, 640px\" \/><\/figure>\n\n\n\n<div class=\"wp-block-columns is-layout-flex wp-container-core-columns-layout-1 wp-block-columns-is-layout-flex\">\n<div class=\"wp-block-column is-layout-flow wp-block-column-is-layout-flow\">\n<p class=\"\">Das angenehm warme Klima macht Barcelona zum idealen Ort f\u00fcr Musikfestivals. Der Parc del Forum ist dank seiner gro\u00dffl\u00e4chigen Pl\u00e4tze, die den Bau gro\u00dfer B\u00fchnen erm\u00f6glichen, der passende Rahmen f\u00fcr diese Art von Veranstaltungen. Aus diesem Grund finden viele der Musikfestivals in Barcelona hier statt. Eines der beliebtesten ist das <strong>Primavera Sound<\/strong>, ein Musikfestival mit einer langj\u00e4hrigen Geschichte, das sich zu einem der wichtigsten und eindrucksvollsten Musikveranstaltungen der Stadt entwickelt hat.&nbsp;<\/p>\n\n\n\n<p class=\"\">Das Festival findet in der Regel zwischen Mai und Juni statt und bietet hochkar\u00e4tige musikalische Darbietungen f\u00fcr jeden Geschmack, von Pop \u00fcber Rock bis hin zu elektronischer Musik und anderen Musikgenres. Viele der Festivalbesucher suchen ein Hotel in der N\u00e4he des Forums von Barcelona, in dem sie sich nach einer Nacht voller Musik und Emotionen ausruhen und entspannen k\u00f6nnen. Das Lugaris Beach ist die ideale Unterkunft f\u00fcr Sie, da Sie Zugang zu <strong>unserem Pool <\/strong>haben, in dem Sie tags\u00fcber eintauchen k\u00f6nnen. Die Apartments in der N\u00e4he des Primavera Sound Festival verf\u00fcgen \u00fcber eine K\u00fcche, in der Sie kochen k\u00f6nnen, um sich f\u00fcr den n\u00e4chsten Tag (oder die n\u00e4chste Nacht) zu st\u00e4rken, an dem es wieder voller Live-Musik und einzigartigen Eindr\u00fccken weitergeht. &nbsp;<\/p>\n\n\n\n<p class=\"\"><\/p>\n<\/div>\n\n\n\n<div class=\"wp-block-column is-layout-flow wp-block-column-is-layout-flow\">\n<p class=\"\">Primavera Sound ist aber nicht das einzige Festival, das im Parc del Forum von Barcelona stattfindet. Zahlreiche andere Musikfestivals finden hier ebenso statt. Neben dem Primavera Sound, ist ein anderes der wichtigsten Veranstaltungen das Cru\u00eflla-Festival. Dieses Musikevent findet in der Regel im Juli statt und bietet eine Mischung von Musikstilen, die fast jeden anspricht: von den bekanntesten nationalen Popbands bis hin zu Indiebands, Rap, Folk und Musik-DJs, die elektronische Musik auflegen.<\/p>\n\n\n\n<p class=\"\">Zu den weiteren Festivals, die im Parc del Forum in Barcelona stattgefunden haben, geh\u00f6ren das Matin\u00e9e-Festival, das Barcelona Beach Festival, das Telecogresca und sogar das <strong>BAM (Barcelona Acci\u00f3 Musical), das kostenlose Musikfestival, das jedes Jahr im Rahmen des Merce-Stra\u00dfenfestes Ende September veranstaltet wird.<\/strong><\/p>\n\n\n\n<p class=\"\">Welches ist Ihr Lieblingsfestival? Bei Lugaris finden Sie Ihr Hotel in der unmittelbaren Umgebung des Forum von Barcelona, damit<\/p>\n<\/div>\n<\/div>\n\n\n\n<h2 class=\"wp-block-heading has-text-align-center\"><strong><strong>Unterk\u00fcnfte in der N\u00e4he des CCIB<\/strong><\/strong><\/h2>\n\n\n\n<figure class=\"wp-block-image aligncenter size-large\"><img decoding=\"async\" width=\"1024\" height=\"768\" src=\"https:\/\/www.lugaris.com\/app\/uploads\/2022\/03\/ccib_lugaris.jpg\" alt=\"\" class=\"wp-image-17896\" srcset=\"https:\/\/www.lugaris.com\/app\/uploads\/2022\/03\/ccib_lugaris.jpg 1024w, https:\/\/www.lugaris.com\/app\/uploads\/2022\/03\/ccib_lugaris-640x480.jpg 640w, https:\/\/www.lugaris.com\/app\/uploads\/2022\/03\/ccib_lugaris-768x576.jpg 768w\" sizes=\"(max-width: 1024px) 100vw, 1024px\" \/><\/figure>\n\n\n\n<div class=\"wp-block-columns is-layout-flex wp-container-core-columns-layout-2 wp-block-columns-is-layout-flex\">\n<div class=\"wp-block-column is-layout-flow wp-block-column-is-layout-flow\">\n<p class=\"\">Zus\u00e4tzlich zur Fira de Barcelona (Messehalle) verf\u00fcgt Barcelona \u00fcber weitere gro\u00dfe Veranstaltungsorte, an denen nationale und internationale Events, Kongresse und Messen stattfinden. Dies ist zum Beispiel das <strong>CCIB, das Internationale Kongresszentrum von Barcelona.<\/strong><\/p>\n\n\n\n<p class=\"\">Die R\u00e4umlichkeiten dieses Veranstaltungsortes umfassen 100.000m2, die sich auf das <strong>Kongresszentrum mit drei Stockwerken<\/strong>, acht verschiedenen R\u00e4umen und das Auditorium verteilen. Hier werden Konzerte und auch Konferenzen mit einer gro\u00dfen Zuschauerkapazit\u00e4t veranstaltet, da das Kongresszentrum \u00fcber 3000 Sitzpl\u00e4tze verf\u00fcgt. Das Foyergeb\u00e4ude, das als Eingang zum jeweiligen Veranstaltungsort und als multifunktionaler Raum dient, empf\u00e4ngt und heisst hier alle Teilnehmer willkommen. Wenn Sie ein Hotel in der N\u00e4he des Forum in Barcelona suchen, um an einer Veranstaltung des CCIB teilzunehmen, ist das Lugaris Rambla der ideale Ort f\u00fcr Sie. Die Business Apartments, sind ideal f\u00fcr alle, die gesch\u00e4ftlich nach Barcelona kommen und w\u00e4hrend Messen und Ausstellungen eine ruhige und angenehme Unterkunft suchen. Nach einem langen Arbeitstag bieten die Business-Apartments alles, was Sie brauchen: Eine komplett ausgestattete K\u00fcche mit Kaffeemaschine und Kapseln, W-LAN Internetverbindung und vieles mehr.<\/p>\n<\/div>\n\n\n\n<div class=\"wp-block-column is-layout-flow wp-block-column-is-layout-flow\">\n<p class=\"\">M\u00f6chten Sie einige der <strong>wichtigsten Veranstaltungen, die im CCIB stattfinden kennenlernen?<\/strong> Hier sind einige aufgef\u00fchrt:<\/p>\n\n\n\n<ul class=\"\">\n<li class=\"\">\u2013 Global Food and Safety Conference<\/li>\n\n\n\n<li class=\"\">\u2013 Redefining Health Care Summit<\/li>\n\n\n\n<li class=\"\">\u2013 MedTech Forum<\/li>\n\n\n\n<li class=\"\">\u2013 INS World Congress<\/li>\n\n\n\n<li class=\"\">\u2013 Internationaler Kongress der Physiotherapie<\/li>\n\n\n\n<li class=\"\">\u2013 Nutraceuticals<\/li>\n\n\n\n<li class=\"\">\u2013 European Breast Cancer Conference<\/li>\n<\/ul>\n\n\n\n<p class=\"\">Im CCIB finden noch viele weitere Veranstaltungen statt. Daher \u00f6ffnet Ihnen Lugaris selbstverst\u00e4ndlich auch seine T\u00fcren, wenn Sie ein Hotel in der N\u00e4he des Forum in Barcelona suchen und an einer anderen Konferenz teilnehmen, die oben nicht aufgelistet ist.<\/p>\n<\/div>\n<\/div>\n\n\n\n<h2 class=\"wp-block-heading has-text-align-center\"><strong><strong>\u00dcber den Parc del Forum in Barcelona<\/strong><\/strong><\/h2>\n\n\n\n<figure class=\"wp-block-image aligncenter size-large\"><img loading=\"lazy\" decoding=\"async\" width=\"1024\" height=\"760\" src=\"https:\/\/www.lugaris.com\/app\/uploads\/2022\/03\/forum_lugaris1.jpg\" alt=\"\" class=\"wp-image-17903\" srcset=\"https:\/\/www.lugaris.com\/app\/uploads\/2022\/03\/forum_lugaris1.jpg 1024w, https:\/\/www.lugaris.com\/app\/uploads\/2022\/03\/forum_lugaris1-640x475.jpg 640w, https:\/\/www.lugaris.com\/app\/uploads\/2022\/03\/forum_lugaris1-768x570.jpg 768w\" sizes=\"(max-width: 1024px) 100vw, 1024px\" \/><\/figure>\n\n\n\n<div class=\"wp-block-columns is-layout-flex wp-container-core-columns-layout-3 wp-block-columns-is-layout-flex\">\n<div class=\"wp-block-column is-layout-flow wp-block-column-is-layout-flow\">\n<p class=\"\">Der Parc del Forum in Barcelona war ein Gro\u00dfprojekt, das die Architektur der Stadt v\u00f6llig neu definiert hat. 2004 wurde es f\u00fcr das Internationale Forum der Kulturen eingerichtet und wurde im Laufe der Zeit immer wieder f\u00fcr verschiedene Zwecke genutzt. Der Parc del Forum verf\u00fcgt \u00fcber drei gro\u00dfe Pl\u00e4tze und zwei Freiluft-Auditorien, sowie \u00fcber Festzelte f\u00fcr Au\u00dfenveranstaltungen und mehrere gro\u00dffl\u00e4chige Pl\u00e4tze. Au\u00dferdem befindet sich dort das gro\u00dfe Kongresszentrum mit seinem Auditorium, in dem mehr als&nbsp;3.000 Sitzpl\u00e4tze zur Verf\u00fcgung stehen.&nbsp;<\/p>\n\n\n\n<p class=\"\"><strong>Restaurants in der N\u00e4he des Parc del Forum:<\/strong> Wenn Sie nicht in den Food Trucks oder auf anderen Pl\u00e4tzen auf dem Gel\u00e4nde essen m\u00f6chten, k\u00f6nnen Sie auch in einige Restaurants besuchen, wie z. B. \u201cCantina Marina Seca\u201d, wo Sie typische mediterrane Gerichte beim Mittagsmen\u00fc probieren k\u00f6nnen oder Sie besuchen das \u201cLahore Restaurant\u201d, das Ihnen das beste aus der pakistanischen K\u00fcche bietet. Wer Lust auf Sushi oder generell ein Liebhaber der japanischen K\u00fcche ist, f\u00fcr den ist der Besuch des Restaurants Nomo Barcelona ein Muss.<\/p>\n<\/div>\n\n\n\n<div class=\"wp-block-column is-layout-flow wp-block-column-is-layout-flow\">\n<p class=\"\"><strong>Sehensw\u00fcrdigkeiten in der N\u00e4he des Forums in Barcelona:&nbsp;<\/strong><\/p>\n\n\n\n<p class=\"\">In der N\u00e4he des Forum-Parks k\u00f6nnen Sie die nahegelegenen Str\u00e4nde Mar Bella oder Bogatell erkunden und dort spazieren gehen. Wenn Sie eher Lust haben, durch Gesch\u00e4fte zu st\u00f6bern und einkaufen zu gehen, besuchen Sie das Einkaufszentrum Diagonal Mar, das Ihnen zahlreiche L\u00e4den er\u00f6ffnet. Genie\u00dfen Sie einen Spaziergang durch den zentralen Park von Poblenou oder Sie setzten sich auf eine der vielen Terrassen auf die Rambla de Poblenou, um ein Erfrischungsgetr\u00e4nk zu genie\u00dfen. In der N\u00e4he des Forum befinden sich unsere Apartments Lugaris Rambla.<\/p>\n\n\n\n<p class=\"\"><strong>Unterk\u00fcnfte in der N\u00e4he des Forum in Barcelona: <\/strong>Es gibt zahlreiche Unterkunftsm\u00f6glichkeiten in der N\u00e4he des Forum in Barcelona. Lugaris Beach und Lugaris Rambla sind jedoch eine der besten Adressen, wenn Sie ein Apartment mit der besten Ausstattung und exzellentem Service in der N\u00e4he des Parc del Forum suchen, egal ob Sie zum Primavera Sound Festival oder an einem Kongress im CCIB teilnehmen.<\/p>\n<\/div>\n<\/div>\n\n\n<section class=\"blocks__extra-info \" id=\"mehr-interessantes\">\n    <h3>Mehr Interessantes<\/h3>\n\n    <div class=\"blocks__extra-info__list\">\n                    <div class=\"blocks__extra-info__item\" id=\"mehr-interessantes-qualitat-038-service-lugaris\">\n        <a\n                    href=\"#\" \n            class=\"toggleable__extra-info \"\n            data-target=\"#extra-info-11078\"\n            data-scope=\".blocks__extra-info .toggleable__extra-info, .blocks__extra-info .blocks__extra-info__content\"\n        \n        \n    >\n            <article class=\"blocks__extra-info__item__container\">\n            <img decoding=\"async\" src=\"https:\/\/www.lugaris.com\/app\/uploads\/2020\/06\/laptop-3317007_640.jpg\" class=\"blocks__extra-info__item__thumbnail\"><\/img>\n            <div  class=\"blocks__extra-info__item__content\">\n                <header>\n                    <h4 class=\"blocks__extra-info__item__title\">\n                        QUALIT\u00c4T &#038; SERVICE LUGARIS\n                    <\/h4>\n                <\/header>\n                <section>\n                    <p class=\"blocks__extra-info__item__excerpt\">\n                        Es ist ganz verst\u00e4ndlich, dass man Zeitmangel hat wenn man weit vom Zuhause ist. \n                    <\/p>\n                    \n                                        <span class=\"blocks__extra-info__item__read-more\">Mehr lesen<\/span>\n                    <span class=\"blocks__extra-info__item__read-less\">Weniger lesen<\/span>\n                                    <\/section>\n            <\/div>\n        <\/article>\n        <\/a>\n    <\/div>\n                                <div class=\"blocks__extra-info__item\" id=\"mehr-interessantes-wie-man-zu-lugaris-beach-und-lugaris-rambla-kommt\">\n        <a\n                    href=\"https:\/\/www.lugaris.com\/de\/wie-man-zu-lugaris-kommt\/\" \n        \n        \n    >\n            <article class=\"blocks__extra-info__item__container\">\n            <img decoding=\"async\" src=\"https:\/\/www.lugaris.com\/app\/uploads\/2020\/07\/ross-sneddon-Kf7hX64kLw0-unsplash-1.jpg\" class=\"blocks__extra-info__item__thumbnail\"><\/img>\n            <div  class=\"blocks__extra-info__item__content\">\n                <header>\n                    <h4 class=\"blocks__extra-info__item__title\">\n                        WIE MAN ZU LUGARIS BEACH UND LUGARIS RAMBLA KOMMT\n                    <\/h4>\n                <\/header>\n                <section>\n                    <p class=\"blocks__extra-info__item__excerpt\">\n                        Unsere Apartments in Lugaris Beach (Passeig de Calvell, 45) und Lugaris Rambla (Rambla del Poblenou, 16-20) sind sowohl mit \u00f6ffentlichen als auch mit privaten Verkehrsmitteln perfekt mit dem Flughafen Barcelona und dem Stadtzentrum verbunden. Entdecken Sie, wie Sie auf einfachste und schnellste Weise zu Ihrer Ferienwohnung gelangen. \n                    <\/p>\n                    \n                                        <span class=\"blocks__extra-info__item__read-more\">Mehr lesen<\/span>\n                    <span class=\"blocks__extra-info__item__read-less\">Weniger lesen<\/span>\n                                    <\/section>\n            <\/div>\n        <\/article>\n        <\/a>\n    <\/div>\n                                <div class=\"blocks__extra-info__item\" id=\"mehr-interessantes-bewertungen-zu-lugaris\">\n        <a\n                    href=\"https:\/\/www.lugaris.com\/de\/lugaris-bewertungen\/\" \n        \n        \n    >\n            <article class=\"blocks__extra-info__item__container\">\n            <img decoding=\"async\" src=\"https:\/\/www.lugaris.com\/app\/uploads\/2020\/06\/thumbs-up-3685420_640-1-1.jpg\" class=\"blocks__extra-info__item__thumbnail\"><\/img>\n            <div  class=\"blocks__extra-info__item__content\">\n                <header>\n                    <h4 class=\"blocks__extra-info__item__title\">\n                        Bewertungen zu Lugaris\n                    <\/h4>\n                <\/header>\n                <section>\n                    <p class=\"blocks__extra-info__item__excerpt\">\n                        Diejenigen, die sich f\u00fcr unsere Apartments entscheiden, haben die M\u00f6glichkeit, im sch\u00f6nen und angesagten Viertel Poblenou neben dem Strand von Barcelona zu \u00fcbernachten. \n                    <\/p>\n                    \n                                        <span class=\"blocks__extra-info__item__read-more\">Mehr lesen<\/span>\n                    <span class=\"blocks__extra-info__item__read-less\">Weniger lesen<\/span>\n                                    <\/section>\n            <\/div>\n        <\/article>\n        <\/a>\n    <\/div>\n                        <\/div>\n\n        <div class=\"blocks__extra-info__content__container\">\n                                <div id=\"extra-info-11078\"\n                class=\"blocks__extra-info__content toggleable__target \">\n                \n<h2 class=\"wp-block-heading\">ZUS\u00c4TZLICHE LEISTUNGEN VON LUGARIS<\/h2>\n\n\n\n<p class=\"\">Es ist ganz verst\u00e4ndlich, dass man Zeitmangel hat wenn man weit vom Zuhause ist. Immerhin werden Sie mit Lugaris kein Problem damit haben, wir bieten Ihnen eine ganze Menge zus\u00e4tzlicher Dinstleistungen an, die Ihren Aufenthalt in Barcelona viel leichter machen, wenn Sie bei uns eine Ferienwohnung buchen:<\/p>\n\n\n\n<ul class=\"\"><li>Eink\u00e4ufe im Supermarket<\/li><li>Eink\u00e4ufe der Geschenke und Souveniers<\/li><li>Buchung der Tickets f\u00fcr Sportveranstaltungen und Vorstellungen<\/li><li>Vermietung der Fahrr\u00e4der<\/li><li>Vermietung der Limousine<\/li><li>Dienstleistungen eines Babysitters<\/li><li>Kinderbetten<\/li><li>Zus\u00e4tzliche Reinigung<\/li><li>Hauptreinigung<\/li><li>Getr\u00e4nke<\/li><li>Kaffeekapsel Nespresso an der Rezeption im Haus<\/li><li>Parkplatz<\/li><li>Internationales TV<\/li><li>Internationale Presse<\/li><li>Informationsservice an der Rezeption<\/li><\/ul>\n\n\n\n<p class=\"\">M\u00f6chten Sie noch irgendwelche Serviceleistung in die Liste hinzuf\u00fcgen? Sagen Sie uns \u00fcber Ihre W\u00fcnsche Bescheid, wir w\u00fcrden uns freuen, Ihnen zu helfen und die beste L\u00f6sung zu finden.<\/p>\n\n\n\n<p class=\"\">Das sind nur wenige Gr\u00fcnde, die Lugaris als eine perfekte L\u00f6sung f\u00fcr das Mieten der Ferienwohnungen in exklusiven Stadtteilen Barcelonas pr\u00e4sentieren. Wir garantieren Ihnen Sicherheit, fachliche Kompetenz permanente Unterst\u00fctzung.<\/p>\n\n\n\n<p class=\"\">Nach einem Aufenthalt in unseren Ferienwohnungen in Barcelona werden Sie garantiert zur\u00fcckkehren wollen. Und wir werden auf Sie warten!<\/p>\n\n            <\/div>\n                                                                <\/div>\n\n    <span class=\"blocks__extra-info__list__button__left prev\"><\/span>\n    <span class=\"blocks__extra-info__list__button__right next\"><\/span>\n    <\/section>\n\n\n\n<div class=\"wp-block-columns is-layout-flex wp-container-core-columns-layout-4 wp-block-columns-is-layout-flex\">\n<div class=\"wp-block-column is-layout-flow wp-block-column-is-layout-flow\"><\/div>\n\n\n\n<div class=\"wp-block-column is-layout-flow wp-block-column-is-layout-flow\"><\/div>\n<\/div>\n\n\n\n<p class=\"\"><\/p>\n","protected":false},"excerpt":{"rendered":"<p>Detr\u00e1s de este \u00e9xito, del que son responsables los cerca de 8,5 millones de viajeros que pernoctan en ella anualmente, se esconden un clima agradable durante todo el a\u00f1o, un emplazamiento envidiable junto al mar Mediterr\u00e1neo, sus playas urbanas&#8230;<\/p>\n","protected":false},"author":5,"featured_media":17907,"parent":0,"menu_order":0,"comment_status":"closed","ping_status":"closed","template":"","meta":{"_uag_custom_page_level_css":"","footnotes":""},"yoast_head":"<!-- This site is optimized with the Yoast SEO plugin v23.1 - https:\/\/yoast.com\/wordpress\/plugins\/seo\/ -->\n<title>Hotels in der N\u00e4he des Forum in Barcelona | Lugaris<\/title>\n<meta name=\"description\" content=\"Finde Hotels in der N\u00e4he des Forum in Barcelona und buche eine Unterkunft f\u00fcr deine n\u00e4chste Reise! \ud83c\udfe8\ud83d\udccd Jetzt buchen!\" \/>\n<meta name=\"robots\" content=\"index, follow, max-snippet:-1, max-image-preview:large, max-video-preview:-1\" \/>\n<link rel=\"canonical\" href=\"https:\/\/www.lugaris.com\/de\/hotels-in-der-naehe-vom-forum-barcelona\/\" \/>\n<meta property=\"og:locale\" content=\"de_DE\" \/>\n<meta property=\"og:type\" content=\"article\" \/>\n<meta property=\"og:title\" content=\"Hotels in der N\u00e4he des Forum in Barcelona | Lugaris\" \/>\n<meta property=\"og:description\" content=\"Finde Hotels in der N\u00e4he des Forum in Barcelona und buche eine Unterkunft f\u00fcr deine n\u00e4chste Reise! \ud83c\udfe8\ud83d\udccd Jetzt buchen!\" \/>\n<meta property=\"og:url\" content=\"https:\/\/www.lugaris.com\/de\/hotels-in-der-naehe-vom-forum-barcelona\/\" \/>\n<meta property=\"og:site_name\" content=\"Lugaris\" \/>\n<meta property=\"article:modified_time\" content=\"2024-03-20T08:27:24+00:00\" \/>\n<meta property=\"og:image\" content=\"https:\/\/www.lugaris.com\/app\/uploads\/2022\/03\/forum_lugaris1.jpg\" \/>\n\t<meta property=\"og:image:width\" content=\"1024\" \/>\n\t<meta property=\"og:image:height\" content=\"760\" \/>\n\t<meta property=\"og:image:type\" content=\"image\/jpeg\" \/>\n<meta name=\"twitter:card\" content=\"summary_large_image\" \/>\n<meta name=\"twitter:label1\" content=\"Est. reading time\" \/>\n\t<meta name=\"twitter:data1\" content=\"6 minutes\" \/>\n<script type=\"application\/ld+json\" class=\"yoast-schema-graph\">{\"@context\":\"https:\/\/schema.org\",\"@graph\":[{\"@type\":\"WebPage\",\"@id\":\"https:\/\/www.lugaris.com\/de\/hotels-in-der-naehe-vom-forum-barcelona\/\",\"url\":\"https:\/\/www.lugaris.com\/de\/hotels-in-der-naehe-vom-forum-barcelona\/\",\"name\":\"Hotels in der N\u00e4he des Forum in Barcelona | Lugaris\",\"isPartOf\":{\"@id\":\"https:\/\/www.lugaris.com\/de\/#website\"},\"primaryImageOfPage\":{\"@id\":\"https:\/\/www.lugaris.com\/de\/hotels-in-der-naehe-vom-forum-barcelona\/#primaryimage\"},\"image\":{\"@id\":\"https:\/\/www.lugaris.com\/de\/hotels-in-der-naehe-vom-forum-barcelona\/#primaryimage\"},\"thumbnailUrl\":\"https:\/\/www.lugaris.com\/app\/uploads\/2022\/03\/forum_lugaris1.jpg\",\"datePublished\":\"2022-03-14T12:04:48+00:00\",\"dateModified\":\"2024-03-20T08:27:24+00:00\",\"description\":\"Finde Hotels in der N\u00e4he des Forum in Barcelona und buche eine Unterkunft f\u00fcr deine n\u00e4chste Reise! \ud83c\udfe8\ud83d\udccd Jetzt buchen!\",\"breadcrumb\":{\"@id\":\"https:\/\/www.lugaris.com\/de\/hotels-in-der-naehe-vom-forum-barcelona\/#breadcrumb\"},\"inLanguage\":\"de-DE\",\"potentialAction\":[{\"@type\":\"ReadAction\",\"target\":[\"https:\/\/www.lugaris.com\/de\/hotels-in-der-naehe-vom-forum-barcelona\/\"]}]},{\"@type\":\"ImageObject\",\"inLanguage\":\"de-DE\",\"@id\":\"https:\/\/www.lugaris.com\/de\/hotels-in-der-naehe-vom-forum-barcelona\/#primaryimage\",\"url\":\"https:\/\/www.lugaris.com\/app\/uploads\/2022\/03\/forum_lugaris1.jpg\",\"contentUrl\":\"https:\/\/www.lugaris.com\/app\/uploads\/2022\/03\/forum_lugaris1.jpg\",\"width\":1024,\"height\":760},{\"@type\":\"BreadcrumbList\",\"@id\":\"https:\/\/www.lugaris.com\/de\/hotels-in-der-naehe-vom-forum-barcelona\/#breadcrumb\",\"itemListElement\":[{\"@type\":\"ListItem\",\"position\":1,\"name\":\"Home\",\"item\":\"https:\/\/www.lugaris.com\/de\/\"},{\"@type\":\"ListItem\",\"position\":2,\"name\":\"Hotels in der N\u00e4he des Forum in Barcelona\"}]},{\"@type\":\"WebSite\",\"@id\":\"https:\/\/www.lugaris.com\/de\/#website\",\"url\":\"https:\/\/www.lugaris.com\/de\/\",\"name\":\"Lugaris\",\"description\":\"Apartamentos de vacaciones en Barcelona\",\"publisher\":{\"@id\":\"https:\/\/www.lugaris.com\/de\/#organization\"},\"potentialAction\":[{\"@type\":\"SearchAction\",\"target\":{\"@type\":\"EntryPoint\",\"urlTemplate\":\"https:\/\/www.lugaris.com\/de\/?s={search_term_string}\"},\"query-input\":\"required name=search_term_string\"}],\"inLanguage\":\"de-DE\"},{\"@type\":\"Organization\",\"@id\":\"https:\/\/www.lugaris.com\/de\/#organization\",\"name\":\"Lugaris Apartments in Barcelona\",\"url\":\"https:\/\/www.lugaris.com\/de\/\",\"logo\":{\"@type\":\"ImageObject\",\"inLanguage\":\"de-DE\",\"@id\":\"https:\/\/www.lugaris.com\/de\/#\/schema\/logo\/image\/\",\"url\":\"https:\/\/www.lugaris.com\/app\/uploads\/2020\/03\/Logo_lugaris_v2.png\",\"contentUrl\":\"https:\/\/www.lugaris.com\/app\/uploads\/2020\/03\/Logo_lugaris_v2.png\",\"width\":285,\"height\":257,\"caption\":\"Lugaris Apartments in Barcelona\"},\"image\":{\"@id\":\"https:\/\/www.lugaris.com\/de\/#\/schema\/logo\/image\/\"}}]}<\/script>\n<!-- \/ Yoast SEO plugin. -->","yoast_head_json":{"title":"Hotels in der N\u00e4he des Forum in Barcelona | Lugaris","description":"Finde Hotels in der N\u00e4he des Forum in Barcelona und buche eine Unterkunft f\u00fcr deine n\u00e4chste Reise! \ud83c\udfe8\ud83d\udccd Jetzt buchen!","robots":{"index":"index","follow":"follow","max-snippet":"max-snippet:-1","max-image-preview":"max-image-preview:large","max-video-preview":"max-video-preview:-1"},"canonical":"https:\/\/www.lugaris.com\/de\/hotels-in-der-naehe-vom-forum-barcelona\/","og_locale":"de_DE","og_type":"article","og_title":"Hotels in der N\u00e4he des Forum in Barcelona | Lugaris","og_description":"Finde Hotels in der N\u00e4he des Forum in Barcelona und buche eine Unterkunft f\u00fcr deine n\u00e4chste Reise! \ud83c\udfe8\ud83d\udccd Jetzt buchen!","og_url":"https:\/\/www.lugaris.com\/de\/hotels-in-der-naehe-vom-forum-barcelona\/","og_site_name":"Lugaris","article_modified_time":"2024-03-20T08:27:24+00:00","og_image":[{"width":1024,"height":760,"url":"https:\/\/www.lugaris.com\/app\/uploads\/2022\/03\/forum_lugaris1.jpg","type":"image\/jpeg"}],"twitter_card":"summary_large_image","twitter_misc":{"Est. reading time":"6 minutes"},"schema":{"@context":"https:\/\/schema.org","@graph":[{"@type":"WebPage","@id":"https:\/\/www.lugaris.com\/de\/hotels-in-der-naehe-vom-forum-barcelona\/","url":"https:\/\/www.lugaris.com\/de\/hotels-in-der-naehe-vom-forum-barcelona\/","name":"Hotels in der N\u00e4he des Forum in Barcelona | Lugaris","isPartOf":{"@id":"https:\/\/www.lugaris.com\/de\/#website"},"primaryImageOfPage":{"@id":"https:\/\/www.lugaris.com\/de\/hotels-in-der-naehe-vom-forum-barcelona\/#primaryimage"},"image":{"@id":"https:\/\/www.lugaris.com\/de\/hotels-in-der-naehe-vom-forum-barcelona\/#primaryimage"},"thumbnailUrl":"https:\/\/www.lugaris.com\/app\/uploads\/2022\/03\/forum_lugaris1.jpg","datePublished":"2022-03-14T12:04:48+00:00","dateModified":"2024-03-20T08:27:24+00:00","description":"Finde Hotels in der N\u00e4he des Forum in Barcelona und buche eine Unterkunft f\u00fcr deine n\u00e4chste Reise! \ud83c\udfe8\ud83d\udccd Jetzt buchen!","breadcrumb":{"@id":"https:\/\/www.lugaris.com\/de\/hotels-in-der-naehe-vom-forum-barcelona\/#breadcrumb"},"inLanguage":"de-DE","potentialAction":[{"@type":"ReadAction","target":["https:\/\/www.lugaris.com\/de\/hotels-in-der-naehe-vom-forum-barcelona\/"]}]},{"@type":"ImageObject","inLanguage":"de-DE","@id":"https:\/\/www.lugaris.com\/de\/hotels-in-der-naehe-vom-forum-barcelona\/#primaryimage","url":"https:\/\/www.lugaris.com\/app\/uploads\/2022\/03\/forum_lugaris1.jpg","contentUrl":"https:\/\/www.lugaris.com\/app\/uploads\/2022\/03\/forum_lugaris1.jpg","width":1024,"height":760},{"@type":"BreadcrumbList","@id":"https:\/\/www.lugaris.com\/de\/hotels-in-der-naehe-vom-forum-barcelona\/#breadcrumb","itemListElement":[{"@type":"ListItem","position":1,"name":"Home","item":"https:\/\/www.lugaris.com\/de\/"},{"@type":"ListItem","position":2,"name":"Hotels in der N\u00e4he des Forum in Barcelona"}]},{"@type":"WebSite","@id":"https:\/\/www.lugaris.com\/de\/#website","url":"https:\/\/www.lugaris.com\/de\/","name":"Lugaris","description":"Apartamentos de vacaciones en Barcelona","publisher":{"@id":"https:\/\/www.lugaris.com\/de\/#organization"},"potentialAction":[{"@type":"SearchAction","target":{"@type":"EntryPoint","urlTemplate":"https:\/\/www.lugaris.com\/de\/?s={search_term_string}"},"query-input":"required name=search_term_string"}],"inLanguage":"de-DE"},{"@type":"Organization","@id":"https:\/\/www.lugaris.com\/de\/#organization","name":"Lugaris Apartments in Barcelona","url":"https:\/\/www.lugaris.com\/de\/","logo":{"@type":"ImageObject","inLanguage":"de-DE","@id":"https:\/\/www.lugaris.com\/de\/#\/schema\/logo\/image\/","url":"https:\/\/www.lugaris.com\/app\/uploads\/2020\/03\/Logo_lugaris_v2.png","contentUrl":"https:\/\/www.lugaris.com\/app\/uploads\/2020\/03\/Logo_lugaris_v2.png","width":285,"height":257,"caption":"Lugaris Apartments in Barcelona"},"image":{"@id":"https:\/\/www.lugaris.com\/de\/#\/schema\/logo\/image\/"}}]}},"uagb_featured_image_src":{"full":["https:\/\/www.lugaris.com\/app\/uploads\/2022\/03\/forum_lugaris1.jpg",1024,760,false],"thumbnail":["https:\/\/www.lugaris.com\/app\/uploads\/2022\/03\/forum_lugaris1-640x475.jpg",640,475,true],"medium":["https:\/\/www.lugaris.com\/app\/uploads\/2022\/03\/forum_lugaris1.jpg",1024,760,false],"medium_large":["https:\/\/www.lugaris.com\/app\/uploads\/2022\/03\/forum_lugaris1-768x570.jpg",768,570,true],"large":["https:\/\/www.lugaris.com\/app\/uploads\/2022\/03\/forum_lugaris1.jpg",1024,760,false],"1536x1536":["https:\/\/www.lugaris.com\/app\/uploads\/2022\/03\/forum_lugaris1.jpg",1024,760,false],"2048x2048":["https:\/\/www.lugaris.com\/app\/uploads\/2022\/03\/forum_lugaris1.jpg",1024,760,false]},"uagb_author_info":{"display_name":"Alice Tapiol","author_link":"https:\/\/www.lugaris.com\/de\/author\/alice\/"},"uagb_comment_info":0,"uagb_excerpt":"Detr\u00e1s de este \u00e9xito, del que son responsables los cerca de 8,5 millones de viajeros que pernoctan en ella anualmente, se esconden un clima agradable durante todo el a\u00f1o, un emplazamiento envidiable junto al mar Mediterr\u00e1neo, sus playas urbanas...","_links":{"self":[{"href":"https:\/\/www.lugaris.com\/de\/wp-json\/wp\/v2\/pages\/18002"}],"collection":[{"href":"https:\/\/www.lugaris.com\/de\/wp-json\/wp\/v2\/pages"}],"about":[{"href":"https:\/\/www.lugaris.com\/de\/wp-json\/wp\/v2\/types\/page"}],"author":[{"embeddable":true,"href":"https:\/\/www.lugaris.com\/de\/wp-json\/wp\/v2\/users\/5"}],"replies":[{"embeddable":true,"href":"https:\/\/www.lugaris.com\/de\/wp-json\/wp\/v2\/comments?post=18002"}],"version-history":[{"count":2,"href":"https:\/\/www.lugaris.com\/de\/wp-json\/wp\/v2\/pages\/18002\/revisions"}],"predecessor-version":[{"id":22802,"href":"https:\/\/www.lugaris.com\/de\/wp-json\/wp\/v2\/pages\/18002\/revisions\/22802"}],"wp:featuredmedia":[{"embeddable":true,"href":"https:\/\/www.lugaris.com\/de\/wp-json\/wp\/v2\/media\/17907"}],"wp:attachment":[{"href":"https:\/\/www.lugaris.com\/de\/wp-json\/wp\/v2\/media?parent=18002"}],"curies":[{"name":"wp","href":"https:\/\/api.w.org\/{rel}","templated":true}]}}