{"id":11495,"date":"2020-04-16T14:16:03","date_gmt":"2020-04-16T14:16:03","guid":{"rendered":"https:\/\/www.lugaris.com\/vienes-barcelona-vacaciones\/"},"modified":"2024-04-24T11:58:36","modified_gmt":"2024-04-24T11:58:36","slug":"partez-vous-barcelone-vacances","status":"publish","type":"page","link":"https:\/\/www.lugaris.com\/fr\/partez-vous-barcelone-vacances\/","title":{"rendered":"Partez-vous \u00e0 Barcelona pour vacances ?"},"content":{"rendered":"<p><\/p>\n<figure><img decoding=\"async\" src=\"https:\/\/www.lugaris.com\/app\/uploads\/2020\/06\/alana-harris-BV5S6U9FT3o-unsplash-2-1.jpg\" alt=\"\"><\/figure>\n<p><\/p>\n<p>Cettes derni\u00e8res ann\u00e9es, Barcelone est devenue l\u2019une des villes les plus visit\u00e9es en Europe. Derri\u00e8re ce succ\u00e8s, on trouve pr\u00e8s de 8,5 millions de nuit\u00e9es enregistr\u00e9es par an, motiv\u00e9es par un climat agr\u00e9able tout au long de l\u2019ann\u00e9e, un emplacement privil\u00e9gi\u00e9 sur la mer M\u00e9diterran\u00e9e, des plages urbaines modernes, un grand patrimoine architectural et, bien s\u00fbr, une offre culturelle et de loisirs incroyables, avec des propositions pour tous les \u00e2ges.<\/p>\n<p><\/p>\n<p><\/p>\n<p>Si vous pensez venir \u00e0 Barcelone prochainement, vous trouverez les lignes suivantes des activit\u00e9s et des coins \u00e0 ne pas manquer.<\/p>\n<p><\/p>\n<p><\/p>\n<p>Ne les ratez pas !<\/p>\n<p><\/p>\n<p><\/p>\n<p><\/p>\n<hr>\n<p><\/p>\n<p><\/p>\n<h2 class=\"wp-block-heading\"><strong>LIEUX D\u2019INT\u00c9R\u00caT \u00c0 VISITER \u00c0 BARCELONE<\/strong><\/h2>\n<p><\/p>\n<p><\/p>\n<figure><img decoding=\"async\" src=\"https:\/\/www.lugaris.com\/app\/uploads\/2020\/06\/battlo.jpg\" alt=\"\"><\/figure>\n<p><\/p>\n<p><\/p>\n<p class=\"is-layout-flex wp-container-core-columns-layout-1 wp-block-columns-is-layout-flex\"><\/p>\n<p class=\"is-layout-flow wp-block-column-is-layout-flow\"><\/p>\n<p>Peu de villes peuvent se vanter de conserver des traces de toutes les p\u00e9riodes de son histoire. Dans ce cas, la chronique de Barcelone commence vers l\u2019an 15 avant notre \u00e8re, quand les Romains ont \u00e9tabli la petite colonie d\u2019Augusta Faventia Paterna Barcino. Ses restes sont encore visibles, entre autres endroits, dans la rue Parad\u00eds, o\u00f9 subsistent quatre colonnes du&nbsp;<strong>temple d\u2019Auguste<\/strong>, et le sous-sol de l\u2019embl\u00e9matique place du Roi, l\u2019une des plus belles de la ville gr\u00e2ce \u00e0 son air m\u00e9di\u00e9val.<\/p>\n<p><\/p>\n<p><\/p>\n<p>Le Moyen \u00c2ge a \u00e9galement \u00e9t\u00e9 g\u00e9n\u00e9reux envers Barcelone. Comme h\u00e9ritage de cette \u00e9poque, il faut souligner le quartier juif ou Call, l\u2019\u00e9glise du&nbsp;<strong>monast\u00e8re de Sant Pau del Camp<\/strong>, situ\u00e9e dans le quartier du Raval et consid\u00e9r\u00e9e comme le meilleur exemple de l\u2019architecture romane \u00e0 Barcelone, et trois b\u00e2timents imposants qui laissent les visiteurs sans voix : la&nbsp;<strong>cath\u00e9drale, l\u2019\u00e9glise de Santa Maria del Pi<\/strong>, tous les deux appartenant au quartier Gothique, et surtout, la basilique&nbsp;<strong>Sainte-Marie-de-la-Mer<\/strong>. D\u00e8s le XIVe si\u00e8cle, ce temple majestueux est l\u2019un des exemples les plus c\u00e9l\u00e8bres du catalan&nbsp;gothique. En outre, il a inspir\u00e9 l\u2019\u00e9crivain espagnol Ildefonso Falcones \u00e0 \u00e9crire son best-seller \u00ab La Cath\u00e9drale de la mer \u00bb.<\/p>\n<p><\/p>\n<p><\/p>\n<p>Plus r\u00e9cemment, la ville a vu la construction du quartier&nbsp;<strong>d\u2019El Born<\/strong>. Ses ruines sont l\u2019un de rares exemples de villes du d\u00e9but du XVIIIe si\u00e8cle qui sont encore conserv\u00e9es en Europe. Et bien s\u00fbr, nous ne pouvons pas oublier le&nbsp;<strong>modernisme<\/strong>, l\u2019attrait principal de Barcelone.<\/p>\n<p><\/p>\n<p><\/p>\n<p><\/p>\n<p class=\"is-layout-flow wp-block-column-is-layout-flow\"><\/p>\n<p>\u00c0 la fin du XIXe si\u00e8cle et au d\u00e9but du XXe si\u00e8cle, des architectes comme Josep Puig i Cadafalch, Llu\u00eds Dom\u00e8nech i Montaner et surtout Antoni Gaud\u00ed ont cr\u00e9\u00e9 plusieurs des b\u00e2timents avec des formes impossibles qui ont transform\u00e9 la ville en un mus\u00e9e en plein air unique dans le monde.<\/p>\n<p><\/p>\n<p><\/p>\n<p>En ce qui concerne Gaud\u00ed, il a sign\u00e9 des chefs-d\u2019\u0153uvre comme la&nbsp;<strong>Sagrada Fam\u00edlia<\/strong>, la&nbsp;<strong>Casa Mil\u00e0<\/strong>, plus connue comme La Pedrera, la&nbsp;<strong>Casa Batll\u00f3<\/strong>, le<strong>&nbsp;Park G\u00fcell<\/strong>, le Palais G\u00fcell et la Casa Vicens, qui ont \u00e9t\u00e9 d\u00e9clar\u00e9s patrimoine mondial par l\u2019UNESCO.<\/p>\n<p><\/p>\n<p><\/p>\n<p>De la m\u00eame mani\u00e8re, il faut d\u00e9couvrir aussi la montagne de&nbsp;<strong>Montju\u00efc<\/strong>, urbanis\u00e9e \u00e0 l\u2019occasion de l\u2019Exposition Internationale de 1929. Vous y trouverez des attractions comme le suggestif&nbsp;<strong>Poble Espanyol<\/strong>, qui montre les reproductions de b\u00e2timents historiques et les expositions d\u2019architecture populaire de tous les coins d\u2019Espagne, et la&nbsp;<strong>Fontaine Magique<\/strong>, qui impressionne par son spectacle de musique et de lumi\u00e8res. Tout cela sans oublier des mus\u00e9es int\u00e9ressants et le&nbsp;<strong>ch\u00e2teau de Montju\u00efc<\/strong>, o\u00f9 vous pourrez profiter de l\u2019une de meilleures vues sur Barcelone.<\/p>\n<p><\/p>\n<p><\/p>\n<p>Et pour terminer votre visite, faites une promenade le long de las&nbsp;<strong>Ramblas<\/strong>, l\u2019une des art\u00e8res les plus pittoresques de la ville.<\/p>\n<p><\/p>\n<p><\/p>\n<p><\/p>\n<p><\/p>\n<h2 class=\"wp-block-heading\"><strong>BARS ET RESTAURANTS A BARCELONE<\/strong><\/h2>\n<p><\/p>\n<p><\/p>\n<figure><img decoding=\"async\" src=\"https:\/\/www.lugaris.com\/app\/uploads\/2020\/06\/bar-2821594_1920-1.jpg\" alt=\"\"><\/figure>\n<p><\/p>\n<p><\/p>\n<p class=\"is-layout-flex wp-container-core-columns-layout-2 wp-block-columns-is-layout-flex\"><\/p>\n<p class=\"is-layout-flow wp-block-column-is-layout-flow\"><\/p>\n<p>Tout le monde sait que la cuisine catalane, bas\u00e9e sur le r\u00e9gime m\u00e9diterran\u00e9en, est consid\u00e9r\u00e9e comme l\u2019une des plus prestigieuses dans le monde. Pour cette raison, personne ne sera surpris que la ville r\u00e9unit quelques-uns des plus c\u00e9l\u00e8bres chefs espagnols. L\u2019un d\u2019eux est Mart\u00edn Berasategui, chef&nbsp;<strong>du Lasarte, le premier restaurant trois \u00e9toiles Michelin de Barcelone<\/strong>.<\/p>\n<p><\/p>\n<p><\/p>\n<p>Cependant, il y a \u00e9galement d\u2019autres chefs distingu\u00e9s par le prestigieux guide de voyage, tels que Carme Ruscalleda, directrice du restaurant&nbsp;<strong>Moments<\/strong>, dans l\u2019H\u00f4tel Mandarin Oriental ; Sergi Arola, qui dirige la cuisine de&nbsp;<strong>l\u2019h\u00f4tel Arts<\/strong>, et Jordi Cruz, le chef d\u2019<strong>ABaC<\/strong>. En outre, la ville attend l\u2019arriv\u00e9e de Ferran Adri\u00e0 et son nouveau projet culinaire.<\/p>\n<p><\/p>\n<p><\/p>\n<p>Dans tous les cas, c\u2019est juste un petit \u00e9chantillon des options de la grande offre gastronomique de la capitale catalane. En effet,&nbsp;<strong>Barcelone avait 7.400 bars et restaurants en 2016<\/strong>, dont la plupart est concentr\u00e9e dans l\u2019Eixample.<\/p>\n<p><\/p>\n<p><\/p>\n<p>D\u2019un autre c\u00f4t\u00e9, loin des rues et avenues r\u00e9ticul\u00e9es de ce quartier, il y a encore des surprises agr\u00e9ables. \u00c0 titre d\u2019exemple, il faut se r\u00e9f\u00e9rer \u00e0&nbsp;<strong>Can Culleretes<\/strong>, le deuxi\u00e8me restaurant le plus ancien d\u2019Espagne, selon le Livre Guinness des Records (il a \u00e9t\u00e9 fond\u00e9 en 1786) ;<\/p>\n<p><\/p>\n<p><\/p>\n<p><\/p>\n<p><\/p>\n<p><\/p>\n<p><\/p>\n<p class=\"is-layout-flow wp-block-column-is-layout-flow\"><\/p>\n<p><strong>Les chocolateries traditionnelles de la rue Petritxol<\/strong>&nbsp;\u2212 au c\u0153ur du quartier Gothique, et une r\u00e9f\u00e9rence pour les habitants de Barcelone pendant les longues soir\u00e9es d\u2019hiver \u2212 ou les nombreux restaurants,&nbsp;<strong>bars et pubs qui pars\u00e8ment le Passeig del Born<\/strong>, \u00e0 c\u00f4t\u00e9 de la basilique Sainte-Marie-de-la-Mer.<\/p>\n<p><\/p>\n<p><\/p>\n<p>Par ailleurs, en d\u00e9pit de la culture des \u00ab tapas \u00bb c\u2019est encore une raret\u00e9 parmi les bars et restaurants \u00e0 Barcelone, certains \u00e9tablissements de la ville ont acquis une r\u00e9putation bien m\u00e9rit\u00e9e pour son expertise dans ce domaine. Tel est le cas d\u2019<strong>El Tom\u00e0s de Sarri\u00e0<\/strong>, un bar situ\u00e9 dans la zone haute de la ville, o\u00f9 vous trouverez&nbsp;<strong>les meilleures \u00ab patatas bravas \u00bb (chips aux \u00e9pices) de Barcelone<\/strong>.<\/p>\n<p><\/p>\n<p><\/p>\n<p>Quant aux amateurs de poissons et fruits de mer, rien de plus appropri\u00e9 que visiter quelques-uns des excellents restaurants du&nbsp;<strong>Passeig Joan de Borb\u00f3<\/strong>, \u00e0 la Barceloneta, l\u2019ancien quartier des p\u00eacheurs. Sans aucun doute, c\u2019est le meilleur endroit pour profiter d\u2019une paella d\u2019authentique go\u00fbt m\u00e9diterran\u00e9en.<\/p>\n<p><\/p>\n<p><\/p>\n<p>De toute fa\u00e7on, si vous cherchez quelque chose de vraiment diff\u00e9rent, n\u2019oubliez pas que la&nbsp;<strong>ville dispose d\u2019un bar de glace<\/strong>&nbsp;: l\u2019Ice Barcelona, o\u00f9 vous pourrez prendre un verre \u00e0 \u22125 \u00b0 C (avec des v\u00eatements thermiques, naturellement).<\/p>\n<p><\/p>\n<p><\/p>\n<p><\/p>\n<p><\/p>\n<h2 class=\"wp-block-heading\"><strong>ART ET MUSEES A BARCELONE<\/strong><\/h2>\n<p><\/p>\n<p><\/p>\n<figure><img decoding=\"async\" src=\"https:\/\/www.lugaris.com\/app\/uploads\/2020\/06\/barcelona-1181858_1920-1.jpg\" alt=\"\"><\/figure>\n<p><\/p>\n<p><\/p>\n<p class=\"is-layout-flex wp-container-core-columns-layout-3 wp-block-columns-is-layout-flex\"><\/p>\n<p class=\"is-layout-flow wp-block-column-is-layout-flow\"><\/p>\n<p>En outre des b\u00e2timents spectaculaires de diff\u00e9rentes \u00e9poques, Barcelone est un centre culturel d\u2019une grande importance. En fait, cinq de ses mus\u00e9es d\u00e9passent en douceur le million de visiteurs chaque ann\u00e9e :&nbsp;<strong>El Born Centre culturel et de la m\u00e9moire<\/strong>, le&nbsp;<strong>Mus\u00e9e du FC Barcelona<\/strong>&nbsp;\u2212 indispensable pour les fans de Messi \u2212, le&nbsp;<strong>Mus\u00e9e d\u2019histoire de Barcelone<\/strong>&nbsp;\u2212 y compris tous ses sites \u2212, la&nbsp;<strong>Fondation Joan Mir\u00f3<\/strong>&nbsp;et surtout la basilique et le&nbsp;<strong>mus\u00e9e de la Sagrada Fam\u00edlia<\/strong>, qui est en premi\u00e8re position avec plus de 3 millions de visiteurs par an.<\/p>\n<p><\/p>\n<p><\/p>\n<p>Dans tous les cas, l\u2019offre des mus\u00e9es \u00e0 Barcelone ne se termine pas ici. Il faut y ajouter d\u2019autres sites qui enregistrent une grande affluence tout au long de l\u2019ann\u00e9e, comme le Mus\u00e9e Picasso. Situ\u00e9 dans la majestueuse rue Moncada, cette institution comprend des \u0153uvres picturales de jeunesse du artiste prolifique de Malaga qui donne lui son nom, ainsi que les peintures c\u00e9l\u00e8bres Les M\u00e9nines, parmi beaucoup d\u2019autres \u0153uvres d\u2019une valeur inestimable.<\/p>\n<p><\/p>\n<p><\/p>\n<p>De m\u00eame, il convient de mentionner le&nbsp;<strong>Mus\u00e9e national d\u2019art de Catalogne<\/strong>&nbsp;(en catalan, Museu Nacional d\u2019Art de Catalunya ou MNAC), o\u00f9 on peut admirer la collection de peintures romanes la plus connu dans le monde.<\/p>\n<p><\/p>\n<p><\/p>\n<p><\/p>\n<p><\/p>\n<p><\/p>\n<p><\/p>\n<p class=\"is-layout-flow wp-block-column-is-layout-flow\"><\/p>\n<p>Parmi ses \u0153uvres d\u2019art, il y a le magnifique Christ de l\u2019\u00e9glise de Sant Climent, du XIIe si\u00e8cle, ainsi que les fresques de l\u2019\u00e9glise de San Juan de Bo\u00ed, du XIe si\u00e8cle.<\/p>\n<p><\/p>\n<p><\/p>\n<p>Il est \u00e9galement tr\u00e8s int\u00e9ressant de visiter le&nbsp;<strong>Mus\u00e9e de l\u2019Histoire de la Catalogne<\/strong>, situ\u00e9 dans un beau palais avec une terrasse, o\u00f9 vous pourrez profiter d\u2019une vue splendide sur le port.<\/p>\n<p><\/p>\n<p><\/p>\n<p>D\u2019autres mus\u00e9es \u00e0 d\u00e9couvrir sont le&nbsp;<strong>Mus\u00e9e d\u2019Arch\u00e9ologie de Catalogne<\/strong>, le&nbsp;<strong>Mus\u00e9e ethnologique et CaixaF\u00f2rum<\/strong>, tous situ\u00e9s \u00e0 la montagne de&nbsp;<strong>Montju\u00efc<\/strong>&nbsp;; le&nbsp;<strong>Mus\u00e9e de l\u2019art moderne<\/strong>, le&nbsp;<strong>Mus\u00e9e europ\u00e9en d\u2019art moderne<\/strong>, le&nbsp;<strong>Mus\u00e9e des cultures du monde<\/strong>, le&nbsp;<strong>Mus\u00e9e maritime<\/strong>, le&nbsp;<strong>Mus\u00e9e de la musique<\/strong>, le&nbsp;<strong>Mus\u00e9e de cire<\/strong>, le&nbsp;<strong>Mus\u00e9e olympique et sportif Joan Antoni Samaranch<\/strong>, la Fondation Antoni T\u00e0pies, le Centre de culture contemporaine de Barcelone (CCCB), le Centre d\u2019Art Santa M\u00f2nica, le Mus\u00e9e du Design, situ\u00e9 au c\u00f4t\u00e9 de la place des Gl\u00f2ries, avec de nombreux exemples int\u00e9ressants de la c\u00e9ramique, de l\u2019habillement et du ancien design industriel, ou Can Framis, un centre d\u2019art contemporain dans le quartier du Poblenou, o\u00f9 vous trouverez des appartements de luxe&nbsp;<strong>Lugaris Beach et Lugaris Ramblas<\/strong>.<\/p>\n<p><\/p>\n<p><\/p>\n<p><\/p>\n<p><\/p>\n<p><\/p>\n<p><\/p>\n<p><\/p>\n<h2 class=\"wp-block-heading\"><strong>VOYAGER AVEC DES ENFANTS A BARCELONE<\/strong><\/h2>\n<p><\/p>\n<p><\/p>\n<figure><img decoding=\"async\" src=\"https:\/\/www.lugaris.com\/app\/uploads\/2020\/06\/welovebarcelona-de-9sBrzoDGyrg-unsplash.jpg\" alt=\"\"><\/figure>\n<p><\/p>\n<p><\/p>\n<p class=\"is-layout-flex wp-container-core-columns-layout-4 wp-block-columns-is-layout-flex\"><\/p>\n<p class=\"is-layout-flow wp-block-column-is-layout-flow\"><\/p>\n<p>Voyager avec des enfants \u00e0 Barcelone est, litt\u00e9ralement, un jeu d\u2019enfant, \u00e9tant donn\u00e9 que la capitale catalane offre un large \u00e9ventail de possibilit\u00e9s de loisirs enti\u00e8rement adapt\u00e9s aux go\u00fbts et aux besoins de vos enfants.<\/p>\n<p><\/p>\n<p><\/p>\n<p>L\u2019idylle des enfants avec Barcelone commence par des&nbsp;<strong>mus\u00e9es et galeries<\/strong>, car certaines institutions \u2013 comme le CCCB ou CaixaF\u00f2rum \u2013 organisent des activit\u00e9s gratuites et des travaux manuels pour que les jeunes puissent passer du bon temps en apprenant de mani\u00e8re ludique, tandis que leurs parents visitent les salles d\u2019exposition.<\/p>\n<p><\/p>\n<p><\/p>\n<p>En outre, \u00e0 Barcelone il y a beaucoup des mus\u00e9es avec des collections qui sont parfaits pour les enfants. Par exemple, on vous conseiller le&nbsp;<strong>Mus\u00e9e de la Musique<\/strong>, le&nbsp;<strong>Mus\u00e9e Blau<\/strong>&nbsp;\u2013 \u00e9galement connu comme le Mus\u00e9e des sciences naturelles de Barcelone \u2013, ou&nbsp;<strong>CosmoCaixa<\/strong>, un centre d\u2019exposition interactive o\u00f9 il est totalement interdit de ne pas jouer. En fait, cette institution dispose de nombreux jeux \u00e9ducatifs et des exp\u00e9riences, afin que les visiteurs peuvent \u00e9prouver certaines lois de la physique en premi\u00e8re personne. On peut \u00e9galement voir une recr\u00e9ation de la for\u00eat amazonienne, qui abrite des esp\u00e8ces d\u2019animales d\u2019origine de zones foresti\u00e8res.<\/p>\n<p><\/p>\n<p><\/p>\n<p>Une autre attraction classique \u00e0 visiter avec vos enfants \u00e0 Barcelone est le&nbsp;<strong>zoo de Barcelone<\/strong>, situ\u00e9 \u00e0 une extr\u00e9mit\u00e9 du parc de la&nbsp;<strong>Ciutadella<\/strong>. Et bien s\u00fbr, vous pouvez consacrer une journ\u00e9e \u00e0 profiter du&nbsp;<strong>parc d\u2019attractions du Tibidabo<\/strong>, le parc le plus ancien d\u2019Espagne et le troisi\u00e8me en Europe. Construit au d\u00e9but du XXe si\u00e8cle, ce coin magique est le cadre de plusieurs spectacles en plein air et du&nbsp;<strong>Mus\u00e9e d\u2019Automates.<\/strong><\/p>\n<p><\/p>\n<p><\/p>\n<p><\/p>\n<p><\/p>\n<p><\/p>\n<p><\/p>\n<p class=\"is-layout-flow wp-block-column-is-layout-flow\"><\/p>\n<p>En autre, n\u2019oubliez pas que les th\u00e9\u00e2tres de Barcelone incluent dans leur programmation des \u0153uvres destin\u00e9es aux enfants et aux jeunes, comme le<strong>&nbsp;Teatre Gaud\u00ed<\/strong>, \u00e0 c\u00f4t\u00e9 de la Sagrada Fam\u00edlia, et le&nbsp;<strong>Jove Teatre Regina.<\/strong><\/p>\n<p><\/p>\n<p><\/p>\n<p>Si votre voyage \u00e0 Barcelone co\u00efncide avec les mois les plus chauds de l\u2019ann\u00e9e, il est conseill\u00e9 de visiter quelques-unes des&nbsp;<strong>10 plages<\/strong>&nbsp;qui pars\u00e8ment la capitale catalane. \u00c0 son tour, un voyage \u00e0 bord de \u00ab Las Golondrinas \u00bb \u2013 des bateaux traditionnels qui parcourent un tron\u00e7on du port de Barcelone \u2013 est une excellente option pour ceux qui voyagent avec les enfants et en famille.<\/p>\n<p><\/p>\n<p><\/p>\n<p>Les \u00e9v\u00e9nements pour les enfants m\u00e9ritent une mention sp\u00e9ciale. En ce cas, il faut souligner la&nbsp;<strong>parade de Sant Medir<\/strong>, qui a lieu le 3 mars dans l\u2019apr\u00e8s-midi au quartier de Gr\u00e0cia, ou le&nbsp;<strong>S\u00f2narKids<\/strong>, un festival de musique \u00e9lectronique pour les moins de 14 ans \u00e0 la mi-juin.<\/p>\n<p><\/p>\n<p><\/p>\n<p>Dans tous les cas, quel que soit le voyage que vous avez \u00e0 l\u2019esprit, nous avons le meilleur h\u00e9bergement possible pour faire votre s\u00e9jour dans la capitale catalane simplement inoubliable :&nbsp;<strong>Lugaris Beach et Lugaris Rambla, les meilleurs appartements pr\u00e8s de la plage \u00e0 Barcelone.<\/strong><\/p>\n<p><\/p>\n<p><\/p>\n<p>Equip\u00e9s de tout le confort et commodit\u00e9s pour accueillir d\u2019une \u00e0 six personnes, vous vous y sentirez \u00e0 l\u2019aise d\u00e8s le premier jour.<\/p>\n<p><\/p>\n<p><\/p>\n<p>Comme Barcelone, nos appartements m\u00e9ritent \u00e9galement d\u2019\u00eatre d\u00e9couvert. Contactez-nous : nous sommes heureux que vous soyez nos h\u00f4tes.<\/p>\n<p><\/p>\n<p><\/p>\n<p><\/p>\n<p><\/p>\n<p><\/p>\n<p><\/p>","protected":false},"excerpt":{"rendered":"<p>Detr\u00e1s de este \u00e9xito, del que son responsables los cerca de 8,5 millones de viajeros que pernoctan en ella anualmente, se esconden un clima agradable durante todo el a\u00f1o, un emplazamiento envidiable junto al mar Mediterr\u00e1neo, sus playas urbanas&#8230;<\/p>\n","protected":false},"author":4,"featured_media":1770,"parent":0,"menu_order":0,"comment_status":"closed","ping_status":"closed","template":"","meta":{"_uag_custom_page_level_css":"","footnotes":""},"yoast_head":"<!-- This site is optimized with the Yoast SEO plugin v23.1 - https:\/\/yoast.com\/wordpress\/plugins\/seo\/ -->\n<title>Partez-vous \u00e0 Barcelone per vacances ? | Lugaris<\/title>\n<meta name=\"description\" content=\"Si passez quelques jours de d\u00e9tente \u00e0 la ville, d\u00e9couvrez ici les lieux \u00e0 visiter \u00e0 Barcelone, ses restaurants et o\u00f9 aller avec les enfants.\" \/>\n<meta name=\"robots\" content=\"index, follow, max-snippet:-1, max-image-preview:large, max-video-preview:-1\" \/>\n<link rel=\"canonical\" href=\"https:\/\/www.lugaris.com\/fr\/partez-vous-barcelone-vacances\/\" \/>\n<meta property=\"og:locale\" content=\"fr_FR\" \/>\n<meta property=\"og:type\" content=\"article\" \/>\n<meta property=\"og:title\" content=\"Partez-vous \u00e0 Barcelone per vacances ? | Lugaris\" \/>\n<meta property=\"og:description\" content=\"Si passez quelques jours de d\u00e9tente \u00e0 la ville, d\u00e9couvrez ici les lieux \u00e0 visiter \u00e0 Barcelone, ses restaurants et o\u00f9 aller avec les enfants.\" \/>\n<meta property=\"og:url\" content=\"https:\/\/www.lugaris.com\/fr\/partez-vous-barcelone-vacances\/\" \/>\n<meta property=\"og:site_name\" content=\"Lugaris\" \/>\n<meta property=\"article:modified_time\" content=\"2024-04-24T11:58:36+00:00\" \/>\n<meta property=\"og:image\" content=\"https:\/\/www.lugaris.com\/app\/uploads\/2020\/04\/barcelona_0-1.jpg\" \/>\n\t<meta property=\"og:image:width\" content=\"1920\" \/>\n\t<meta property=\"og:image:height\" content=\"1080\" \/>\n\t<meta property=\"og:image:type\" content=\"image\/jpeg\" \/>\n<meta name=\"twitter:card\" content=\"summary_large_image\" \/>\n<meta name=\"twitter:label1\" content=\"Est. reading time\" \/>\n\t<meta name=\"twitter:data1\" content=\"11 minutes\" \/>\n<script type=\"application\/ld+json\" class=\"yoast-schema-graph\">{\"@context\":\"https:\/\/schema.org\",\"@graph\":[{\"@type\":\"WebPage\",\"@id\":\"https:\/\/www.lugaris.com\/fr\/partez-vous-barcelone-vacances\/\",\"url\":\"https:\/\/www.lugaris.com\/fr\/partez-vous-barcelone-vacances\/\",\"name\":\"Partez-vous \u00e0 Barcelone per vacances ? | Lugaris\",\"isPartOf\":{\"@id\":\"https:\/\/www.lugaris.com\/fr\/#website\"},\"primaryImageOfPage\":{\"@id\":\"https:\/\/www.lugaris.com\/fr\/partez-vous-barcelone-vacances\/#primaryimage\"},\"image\":{\"@id\":\"https:\/\/www.lugaris.com\/fr\/partez-vous-barcelone-vacances\/#primaryimage\"},\"thumbnailUrl\":\"https:\/\/www.lugaris.com\/app\/uploads\/2020\/04\/barcelona_0-1.jpg\",\"datePublished\":\"2020-04-16T14:16:03+00:00\",\"dateModified\":\"2024-04-24T11:58:36+00:00\",\"description\":\"Si passez quelques jours de d\u00e9tente \u00e0 la ville, d\u00e9couvrez ici les lieux \u00e0 visiter \u00e0 Barcelone, ses restaurants et o\u00f9 aller avec les enfants.\",\"breadcrumb\":{\"@id\":\"https:\/\/www.lugaris.com\/fr\/partez-vous-barcelone-vacances\/#breadcrumb\"},\"inLanguage\":\"fr-FR\",\"potentialAction\":[{\"@type\":\"ReadAction\",\"target\":[\"https:\/\/www.lugaris.com\/fr\/partez-vous-barcelone-vacances\/\"]}]},{\"@type\":\"ImageObject\",\"inLanguage\":\"fr-FR\",\"@id\":\"https:\/\/www.lugaris.com\/fr\/partez-vous-barcelone-vacances\/#primaryimage\",\"url\":\"https:\/\/www.lugaris.com\/app\/uploads\/2020\/04\/barcelona_0-1.jpg\",\"contentUrl\":\"https:\/\/www.lugaris.com\/app\/uploads\/2020\/04\/barcelona_0-1.jpg\",\"width\":1920,\"height\":1080},{\"@type\":\"BreadcrumbList\",\"@id\":\"https:\/\/www.lugaris.com\/fr\/partez-vous-barcelone-vacances\/#breadcrumb\",\"itemListElement\":[{\"@type\":\"ListItem\",\"position\":1,\"name\":\"Home\",\"item\":\"https:\/\/www.lugaris.com\/fr\/\"},{\"@type\":\"ListItem\",\"position\":2,\"name\":\"Partez-vous \u00e0 Barcelona pour vacances ?\"}]},{\"@type\":\"WebSite\",\"@id\":\"https:\/\/www.lugaris.com\/fr\/#website\",\"url\":\"https:\/\/www.lugaris.com\/fr\/\",\"name\":\"Lugaris\",\"description\":\"Apartamentos de vacaciones en Barcelona\",\"publisher\":{\"@id\":\"https:\/\/www.lugaris.com\/fr\/#organization\"},\"potentialAction\":[{\"@type\":\"SearchAction\",\"target\":{\"@type\":\"EntryPoint\",\"urlTemplate\":\"https:\/\/www.lugaris.com\/fr\/?s={search_term_string}\"},\"query-input\":\"required name=search_term_string\"}],\"inLanguage\":\"fr-FR\"},{\"@type\":\"Organization\",\"@id\":\"https:\/\/www.lugaris.com\/fr\/#organization\",\"name\":\"Lugaris Apartments in Barcelona\",\"url\":\"https:\/\/www.lugaris.com\/fr\/\",\"logo\":{\"@type\":\"ImageObject\",\"inLanguage\":\"fr-FR\",\"@id\":\"https:\/\/www.lugaris.com\/fr\/#\/schema\/logo\/image\/\",\"url\":\"https:\/\/www.lugaris.com\/app\/uploads\/2020\/03\/Logo_lugaris_v2.png\",\"contentUrl\":\"https:\/\/www.lugaris.com\/app\/uploads\/2020\/03\/Logo_lugaris_v2.png\",\"width\":285,\"height\":257,\"caption\":\"Lugaris Apartments in Barcelona\"},\"image\":{\"@id\":\"https:\/\/www.lugaris.com\/fr\/#\/schema\/logo\/image\/\"}}]}<\/script>\n<!-- \/ Yoast SEO plugin. -->","yoast_head_json":{"title":"Partez-vous \u00e0 Barcelone per vacances ? | Lugaris","description":"Si passez quelques jours de d\u00e9tente \u00e0 la ville, d\u00e9couvrez ici les lieux \u00e0 visiter \u00e0 Barcelone, ses restaurants et o\u00f9 aller avec les enfants.","robots":{"index":"index","follow":"follow","max-snippet":"max-snippet:-1","max-image-preview":"max-image-preview:large","max-video-preview":"max-video-preview:-1"},"canonical":"https:\/\/www.lugaris.com\/fr\/partez-vous-barcelone-vacances\/","og_locale":"fr_FR","og_type":"article","og_title":"Partez-vous \u00e0 Barcelone per vacances ? | Lugaris","og_description":"Si passez quelques jours de d\u00e9tente \u00e0 la ville, d\u00e9couvrez ici les lieux \u00e0 visiter \u00e0 Barcelone, ses restaurants et o\u00f9 aller avec les enfants.","og_url":"https:\/\/www.lugaris.com\/fr\/partez-vous-barcelone-vacances\/","og_site_name":"Lugaris","article_modified_time":"2024-04-24T11:58:36+00:00","og_image":[{"width":1920,"height":1080,"url":"https:\/\/www.lugaris.com\/app\/uploads\/2020\/04\/barcelona_0-1.jpg","type":"image\/jpeg"}],"twitter_card":"summary_large_image","twitter_misc":{"Est. reading time":"11 minutes"},"schema":{"@context":"https:\/\/schema.org","@graph":[{"@type":"WebPage","@id":"https:\/\/www.lugaris.com\/fr\/partez-vous-barcelone-vacances\/","url":"https:\/\/www.lugaris.com\/fr\/partez-vous-barcelone-vacances\/","name":"Partez-vous \u00e0 Barcelone per vacances ? | Lugaris","isPartOf":{"@id":"https:\/\/www.lugaris.com\/fr\/#website"},"primaryImageOfPage":{"@id":"https:\/\/www.lugaris.com\/fr\/partez-vous-barcelone-vacances\/#primaryimage"},"image":{"@id":"https:\/\/www.lugaris.com\/fr\/partez-vous-barcelone-vacances\/#primaryimage"},"thumbnailUrl":"https:\/\/www.lugaris.com\/app\/uploads\/2020\/04\/barcelona_0-1.jpg","datePublished":"2020-04-16T14:16:03+00:00","dateModified":"2024-04-24T11:58:36+00:00","description":"Si passez quelques jours de d\u00e9tente \u00e0 la ville, d\u00e9couvrez ici les lieux \u00e0 visiter \u00e0 Barcelone, ses restaurants et o\u00f9 aller avec les enfants.","breadcrumb":{"@id":"https:\/\/www.lugaris.com\/fr\/partez-vous-barcelone-vacances\/#breadcrumb"},"inLanguage":"fr-FR","potentialAction":[{"@type":"ReadAction","target":["https:\/\/www.lugaris.com\/fr\/partez-vous-barcelone-vacances\/"]}]},{"@type":"ImageObject","inLanguage":"fr-FR","@id":"https:\/\/www.lugaris.com\/fr\/partez-vous-barcelone-vacances\/#primaryimage","url":"https:\/\/www.lugaris.com\/app\/uploads\/2020\/04\/barcelona_0-1.jpg","contentUrl":"https:\/\/www.lugaris.com\/app\/uploads\/2020\/04\/barcelona_0-1.jpg","width":1920,"height":1080},{"@type":"BreadcrumbList","@id":"https:\/\/www.lugaris.com\/fr\/partez-vous-barcelone-vacances\/#breadcrumb","itemListElement":[{"@type":"ListItem","position":1,"name":"Home","item":"https:\/\/www.lugaris.com\/fr\/"},{"@type":"ListItem","position":2,"name":"Partez-vous \u00e0 Barcelona pour vacances ?"}]},{"@type":"WebSite","@id":"https:\/\/www.lugaris.com\/fr\/#website","url":"https:\/\/www.lugaris.com\/fr\/","name":"Lugaris","description":"Apartamentos de vacaciones en Barcelona","publisher":{"@id":"https:\/\/www.lugaris.com\/fr\/#organization"},"potentialAction":[{"@type":"SearchAction","target":{"@type":"EntryPoint","urlTemplate":"https:\/\/www.lugaris.com\/fr\/?s={search_term_string}"},"query-input":"required name=search_term_string"}],"inLanguage":"fr-FR"},{"@type":"Organization","@id":"https:\/\/www.lugaris.com\/fr\/#organization","name":"Lugaris Apartments in Barcelona","url":"https:\/\/www.lugaris.com\/fr\/","logo":{"@type":"ImageObject","inLanguage":"fr-FR","@id":"https:\/\/www.lugaris.com\/fr\/#\/schema\/logo\/image\/","url":"https:\/\/www.lugaris.com\/app\/uploads\/2020\/03\/Logo_lugaris_v2.png","contentUrl":"https:\/\/www.lugaris.com\/app\/uploads\/2020\/03\/Logo_lugaris_v2.png","width":285,"height":257,"caption":"Lugaris Apartments in Barcelona"},"image":{"@id":"https:\/\/www.lugaris.com\/fr\/#\/schema\/logo\/image\/"}}]}},"uagb_featured_image_src":{"full":["https:\/\/www.lugaris.com\/app\/uploads\/2020\/04\/barcelona_0-1.jpg",1920,1080,false],"thumbnail":["https:\/\/www.lugaris.com\/app\/uploads\/2020\/04\/barcelona_0-1-150x150.jpg",150,150,true],"medium":["https:\/\/www.lugaris.com\/app\/uploads\/2020\/04\/barcelona_0-1-300x169.jpg",300,169,true],"medium_large":["https:\/\/www.lugaris.com\/app\/uploads\/2020\/04\/barcelona_0-1-768x432.jpg",768,432,true],"large":["https:\/\/www.lugaris.com\/app\/uploads\/2020\/04\/barcelona_0-1-1024x576.jpg",1024,576,true],"1536x1536":["https:\/\/www.lugaris.com\/app\/uploads\/2020\/04\/barcelona_0-1-1536x864.jpg",1536,864,true],"2048x2048":["https:\/\/www.lugaris.com\/app\/uploads\/2020\/04\/barcelona_0-1.jpg",1920,1080,false]},"uagb_author_info":{"display_name":"Roberto Bordi","author_link":"https:\/\/www.lugaris.com\/fr\/author\/rbb2-performance-es\/"},"uagb_comment_info":0,"uagb_excerpt":"Detr\u00e1s de este \u00e9xito, del que son responsables los cerca de 8,5 millones de viajeros que pernoctan en ella anualmente, se esconden un clima agradable durante todo el a\u00f1o, un emplazamiento envidiable junto al mar Mediterr\u00e1neo, sus playas urbanas...","_links":{"self":[{"href":"https:\/\/www.lugaris.com\/fr\/wp-json\/wp\/v2\/pages\/11495"}],"collection":[{"href":"https:\/\/www.lugaris.com\/fr\/wp-json\/wp\/v2\/pages"}],"about":[{"href":"https:\/\/www.lugaris.com\/fr\/wp-json\/wp\/v2\/types\/page"}],"author":[{"embeddable":true,"href":"https:\/\/www.lugaris.com\/fr\/wp-json\/wp\/v2\/users\/4"}],"replies":[{"embeddable":true,"href":"https:\/\/www.lugaris.com\/fr\/wp-json\/wp\/v2\/comments?post=11495"}],"version-history":[{"count":4,"href":"https:\/\/www.lugaris.com\/fr\/wp-json\/wp\/v2\/pages\/11495\/revisions"}],"predecessor-version":[{"id":23099,"href":"https:\/\/www.lugaris.com\/fr\/wp-json\/wp\/v2\/pages\/11495\/revisions\/23099"}],"wp:featuredmedia":[{"embeddable":true,"href":"https:\/\/www.lugaris.com\/fr\/wp-json\/wp\/v2\/media\/1770"}],"wp:attachment":[{"href":"https:\/\/www.lugaris.com\/fr\/wp-json\/wp\/v2\/media?parent=11495"}],"curies":[{"name":"wp","href":"https:\/\/api.w.org\/{rel}","templated":true}]}}