{"id":11560,"date":"2020-04-16T16:04:13","date_gmt":"2020-04-16T16:04:13","guid":{"rendered":"https:\/\/www.lugaris.com\/guia-de-barcelona\/"},"modified":"2024-04-24T10:25:04","modified_gmt":"2024-04-24T10:25:04","slug":"guide-de-barcelone","status":"publish","type":"page","link":"https:\/\/www.lugaris.com\/fr\/guide-de-barcelone\/","title":{"rendered":"Guide de Barcelone"},"content":{"rendered":"<p><\/p>\n<p class=\"is-layout-flex wp-container-core-columns-layout-1 wp-block-columns-is-layout-flex\"><\/p>\n<p class=\"is-layout-flow wp-block-column-is-layout-flow\"><\/p>\n<p style=\"background-color:#ff0032;color:#ffffff\"><br><br><br><br><strong>&#8212;&#8212;&#8212;&#8212;&#8211; The happy guide to &#8212;&#8212;&#8212;&#8212;<br><\/strong><br><strong>BARCELONA<\/strong><br><br> <strong>b<\/strong><em><strong>y LUGARIS<\/strong><\/em>  <br><br><br><br><\/p>\n<p><\/p>\n<p><\/p>\n<p><\/p>\n<p><\/p>\n<p><\/p>\n<p class=\"is-layout-flow wp-block-column-is-layout-flow\"><\/p>\n<p class=\"is-layout-flow wp-block-cover-is-layout-flow\"><\/p>\n<p>\n<\/p><p><\/p>\n<p><\/p>\n<p><\/p>\n<p>\n<\/p><p><\/p>\n<p><\/p>\n<p><\/p>\n<p><\/p>\n<p class=\"is-layout-flex wp-container-core-columns-layout-2 wp-block-columns-is-layout-flex\"><\/p>\n<p class=\"is-layout-flow wp-block-column-is-layout-flow\"><\/p>\n<figure><img decoding=\"async\" src=\"https:\/\/www.lugaris.com\/app\/uploads\/2020\/04\/informaci\u00f3n-400.jpg\" alt=\"\" width=\"600\"><\/figure>\n<p><\/p>\n<p><\/p>\n<p>Toutes les informations dont vous avez besoin pour connaitre les sites \u00e0 ne pas manquer \u00e0 la Cit\u00e9 des comtes. D\u00e9couvrez la ville de Barcelone avec Lugaris.com et profitez de ses merveilles.<\/p>\n<p><\/p>\n<p><\/p>\n<p><\/p>\n<p class=\"is-layout-flow wp-block-column-is-layout-flow\"><\/p>\n<figure><img decoding=\"async\" src=\"https:\/\/www.lugaris.com\/app\/uploads\/2020\/04\/calendario-400.png\" alt=\"\" width=\"600\"><\/figure>\n<p><\/p>\n<p><\/p>\n<p>Barcelone propose des animations tout au long de l\u2019ann\u00e9e. Si vous venez en voyage de loisirs ou d\u2019affaires, Lugaris.com veut rendre votre s\u00e9jour plus agr\u00e9able pour vous aider \u00e0 en profiter au mieux.<\/p>\n<p><\/p>\n<p><\/p>\n<p><\/p>\n<p class=\"is-layout-flow wp-block-column-is-layout-flow\"><\/p>\n<figure><img decoding=\"async\" src=\"https:\/\/www.lugaris.com\/app\/uploads\/2020\/04\/catedral-sagrada-familia-400.jpg\" alt=\"\" width=\"600\"><\/figure>\n<p><\/p>\n<p><\/p>\n<p>Si c\u2019est votre premi\u00e8re fois \u00e0 Barcelone, d\u00e9couvrez tous les endroits et l\u2019acc\u00e8s aux principales attractions. Ne les ratez pas et jetez un coup d\u2019\u0153il \u00e0 notre guide de Barcelone.<\/p>\n<p><\/p>\n<p><\/p>\n<p><\/p>\n<p>\n<\/p>\n<p><\/p>\n<p class=\"is-layout-flow wp-block-group-is-layout-flow\"><\/p>\n<p class=\"is-layout-flow wp-block-group-is-layout-flow\"><\/p>\n<h2 class=\"wp-block-heading\" style=\"color:#000000\">POURQUOI VISITER BARCELONE?<\/h2>\n<p><\/p>\n<p><\/p>\n<p><\/p>\n<p><\/p>\n<figure><img decoding=\"async\" src=\"https:\/\/www.lugaris.com\/app\/uploads\/2020\/06\/miltiadis-fragkidis-FkUaZQl7XJI-unsplash-1.jpg\" alt=\"\" width=\"1920\"><\/figure>\n<p><\/p>\n<p><\/p>\n<p class=\"is-layout-flow wp-block-group-is-layout-flow\"><\/p>\n<p class=\"is-layout-flow wp-block-group-is-layout-flow\"><\/p>\n<p class=\"is-layout-flex wp-container-core-columns-layout-3 wp-block-columns-is-layout-flex\"><\/p>\n<p class=\"is-layout-flow wp-block-column-is-layout-flow\"><\/p>\n<p>\u00ab Archive de la courtoisie, auberge des \u00e9trangers, h\u00f4pital des pauvres, patrie des braves, vengeance des offens\u00e9s et agr\u00e9able correspondance de fortes amiti\u00e9s, avec un emplacement et beaut\u00e9 uniques \u00bb. En ces termes parlait de &nbsp;<strong>Barcelone Miguel de Cervantes<\/strong>, l\u2019un des nombreux personnages c\u00e9l\u00e8bres touch\u00e9es par le magn\u00e9tisme de la Ville des Comtes.<\/p>\n<p><\/p>\n<p><\/p>\n<p>Un pouvoir de s\u00e9duction qui quatre si\u00e8cles plus tard reste intacte. Pour preuve les plus de 8,3 millions de nuit\u00e9es enregistr\u00e9es dans la capitale catalane. Elle compte Parmi les destinations les plus visit\u00e9es en Europe. En 2013, elle devient la premi\u00e8re ville espagnole \u00e0 entrer dans le top -10 mondial.<\/p>\n<p><\/p>\n<p><\/p>\n<p>Plusieurs raisons expliquent que Barcelone soit aussi attractive : sa combinaison unique de mer et montagne \u2014 la ville joint la photog\u00e9nie du&nbsp;<strong>Parc Naturel de Collserola<\/strong><\/p>\n<p><\/p>\n<p><\/p>\n<p>\n<\/p><p><\/p>\n<p><\/p>\n<p><\/p>\n<p class=\"is-layout-flow wp-block-column-is-layout-flow\"><\/p>\n<p>et&nbsp;<strong>4,2 km de c\u00f4tes sur la M\u00e9diterran\u00e9e<\/strong>, avec 10 plages urbaines\u2014, son g\u00e9n\u00e9reux catalogue de b\u00e2timents modernistes et mus\u00e9es, sa riche gastronomie et l\u2019offre de loisirs.<\/p>\n<p><\/p>\n<p><\/p>\n<p>Et tout cela sans oublier que depuis 2015, Barcelone est d\u00e9sormais la troisi\u00e8me ville du monde la plus attractive pour les affaires, juste derri\u00e8re Berlin et Paris.<\/p>\n<p><\/p>\n<p><\/p>\n<p>Il faut ajouter \u00e0 cette description un&nbsp;<strong>climat exceptionnel<\/strong>, avec des hivers doux et des \u00e9t\u00e9s avec une temp\u00e9rature moyenne que ne d\u00e9passe pas 26 \u00b0 C pendant les mois de Juillet et Ao\u00fbt. En outre, les pluies sont rares, d\u2019environ 600 mm par an.<\/p>\n<p><\/p>\n<p><\/p>\n<p>En sachant tout \u00e7a, pourquoi ne pas louer un appartement \u00e0 Barcelone pour les prochaines vacances ?<\/p>\n<p><\/p>\n<p><\/p>\n<p>\n<\/p><p><\/p>\n<p><\/p>\n<p><\/p>\n<p><\/p>\n<p><\/p>\n<p><\/p>\n<p class=\"is-layout-flow wp-block-group-is-layout-flow\"><\/p>\n<h2 class=\"wp-block-heading\">COMMENT SE RENDRE A BARCELONE?<\/h2>\n<p><\/p>\n<p><\/p>\n<p><\/p>\n<figure><img decoding=\"async\" src=\"https:\/\/www.lugaris.com\/app\/uploads\/2020\/06\/trains-525321_1920-1.jpg\" alt=\"\" width=\"1925\"><\/figure>\n<p><\/p>\n<p><\/p>\n<p class=\"is-layout-flex wp-container-core-columns-layout-4 wp-block-columns-is-layout-flex\"><\/p>\n<p class=\"is-layout-flow wp-block-column-is-layout-flow\"><\/p>\n<h2 class=\"wp-block-heading\">COMMENT SE RENDRE \u00c0 BARCELONA PAR BUS<\/h2>\n<p><\/p>\n<p><\/p>\n<p>Barcelone dispose de trois stations de bus interurbaines :&nbsp;<strong>Sants<\/strong>, situ\u00e9e \u00e0 c\u00f4t\u00e9 de la gare et du m\u00e9tro du m\u00eame nom ; la&nbsp;<strong>station du Nord<\/strong>, \u00e0 c\u00f4t\u00e9 de la station de m\u00e9tro Arc de Triomf, et Fabra i Puig, \u00e0 c\u00f4t\u00e9 de la station de m\u00e9tro du m\u00eame nom et de la gare de Sant Andreu Arenal.<\/p>\n<p><\/p>\n<p><\/p>\n<p>Elles sont le point de d\u00e9part et d\u2019arriv\u00e9e des bus qui relient Barcelone avec beaucoup d\u2019autres villes de province en Espagne comme d\u2019autres pays europ\u00e9ens comme la France, l\u2019Italie ou la Roumanie.<br>Aujourd\u2019hui, le bus est l\u2019un des moyens le plus&nbsp;<strong>\u00e9conomique<\/strong>&nbsp;pour se rendre dans la capitale catalane<\/p>\n<p><\/p>\n<p><\/p>\n<p>\n<\/p><p><\/p>\n<p><\/p>\n<p><\/p>\n<p class=\"is-layout-flow wp-block-column-is-layout-flow\"><\/p>\n<h2 class=\"wp-block-heading\">COMMENT SE RENDRE \u00c0 BARCELONA PAR TRAIN<\/h2>\n<p><\/p>\n<p><\/p>\n<p><strong>Sants<\/strong>&nbsp;est la deuxi\u00e8me gare la plus fr\u00e9quent\u00e9e en Espagne, en terme de passagers juste derri\u00e8re la gare d\u2019Atocha \u00e0 Madrid.<\/p>\n<p><\/p>\n<p><\/p>\n<p><strong>On peut y prendre l\u2019AVE<\/strong>&nbsp;\u2013 le train \u00e0 grande vitesse espagnol \u2013 qui peut voyager de Madrid \u00e0 Barcelone en seulement 2h30 et \u00e0 Saragosse en 1h30. Toutefois, il y a d\u2019autres options plus abordables comme les trains Avant, r\u00e9gionaux et suburbains, sachant qu\u2019ils ne sont pas aussi rapides que l\u2019AVE.<\/p>\n<p><\/p>\n<p><\/p>\n<p>En outre, certains des trains de Sants permettent d\u2019atteindre les grandes villes europ\u00e9ennes comme&nbsp;<strong>Paris, Marseille, Nice, Gen\u00e8ve, Bruxelles, Turin ou Milan<\/strong>.<\/p>\n<p><\/p>\n<p><\/p>\n<p><\/p>\n<p class=\"is-layout-flow wp-block-column-is-layout-flow\"><\/p>\n<h2 class=\"wp-block-heading\">COMMENT SE RENDRE \u00c0 BARCELONA PAR AVION<\/h2>\n<p><\/p>\n<p><\/p>\n<p><strong>L\u2019a\u00e9roport Barcelona-El Prat (BCN)<\/strong>, situ\u00e9 \u00e0 15 km de la ville et avec une capacit\u00e9 d\u2019environ 40 millions de passagers par an. Cela en fait le second a\u00e9roport du pays apr\u00e8s l\u2019a\u00e9roport Adolfo Su\u00e1rez Madrid-Barajas.<\/p>\n<p><\/p>\n<p><\/p>\n<p>Il poss\u00e8de deux terminaux \u2013 T1 et T2, reli\u00e9s par une navette gratuite \u2013, ils abritent 90 compagnies&nbsp;<strong>a\u00e9riennes nationales et internationales<\/strong>, y compris des compagnies low-cost tels que Vueling, Ryanair, EasyJet, Aer Lingus ou Wizz Air. Au total, ces compagnies offrent des vols directs pour plus de 150 destinations au d\u00e9part de Barcelone. L\u2019a\u00e9roport est reli\u00e9 au centre-ville par un bus de ville (46), bus direct (Aerob\u00fas A1 et A2, \u00e0 l\u2019arr\u00eat Plaza de Catalunya), train (\u00e0 l\u2019arr\u00eat A\u00e9roport de RENFE), m\u00e9tro (L9) et bus de nuit (N16 et N17). De plus, il y a aussi un service de taxi.<\/p>\n<p><\/p>\n<p><\/p>\n<p>L\u2019a\u00e9roport Barcelona-El Prat est \u00e9galement \u00e0 proximit\u00e9 des a\u00e9roports Girona-Costa Brava, Reus et Lleida-Alguaire.<\/p>\n<p><\/p>\n<p><\/p>\n<p>\n<\/p><p><\/p>\n<p><\/p>\n<p><\/p>\n<p><\/p>\n<p class=\"is-layout-flow wp-block-group-is-layout-flow\"><\/p>\n<h2 class=\"wp-block-heading\">QUE VISITER A BARCELONE?<\/h2>\n<p><\/p>\n<p><\/p>\n<p><\/p>\n<figure><img decoding=\"async\" src=\"https:\/\/www.lugaris.com\/app\/uploads\/2020\/06\/sant-pau.jpg\" alt=\"\" width=\"1920\"><\/figure>\n<p><\/p>\n<p><\/p>\n<p>Depuis sa fondation en tant que colonie romaine en l\u2019an 15 avant J\u00e9sus-Christ, Barcelone a accumul\u00e9 de nombreux tr\u00e9sors architecturaux. Riche d\u2019un vaste patrimoine, la ville comprend 6.000 ans d\u2019histoire depuis le N\u00e9olithique \u00e0 nos jours, et de&nbsp;<strong>fabuleux monuments<\/strong>&nbsp;dispers\u00e9s \u00e0 travers tous ses quartiers.<\/p>\n<p><\/p>\n<p><\/p>\n<p>Ci-dessous, d\u00e9couvrez les&nbsp;<strong>10 lieux incontournables de Barcelone:<\/strong><\/p>\n<p><\/p>\n<p><section class=\"blocks__extra-info \" id=\"\">\n    <h3> <\/h3>\n\n    <div class=\"blocks__extra-info__list\">\n                    <div class=\"blocks__extra-info__item\" id=\"poblenou-la-barceloneta-et-le-port-olimpic\">\n        <a\n                    href=\"#\" \n            class=\"toggleable__extra-info \"\n            data-target=\"#extra-info-10781\"\n            data-scope=\".blocks__extra-info .toggleable__extra-info, .blocks__extra-info .blocks__extra-info__content\"\n        \n        \n    >\n            <article class=\"blocks__extra-info__item__container\">\n            <img decoding=\"async\" src=\"https:\/\/www.lugaris.com\/app\/uploads\/2020\/04\/puerto-1.jpg\" class=\"blocks__extra-info__item__thumbnail\"><\/img>\n            <div  class=\"blocks__extra-info__item__content\">\n                <header>\n                    <h4 class=\"blocks__extra-info__item__title\">\n                        POBLENOU, LA BARCELONETA ET LE PORT OLIMPIC\n                    <\/h4>\n                <\/header>\n                <section>\n                    <p class=\"blocks__extra-info__item__excerpt\">\n                        Le quartier du Poblenou, l&#8217;un des centres qui composaient l&#8217;ancienne municipalit\u00e9 ind\u00e9pendante de Sant Mart\u00ed de Proven\u00e7als, accueillait \u00e0 la fin du XIXe si\u00e8cle la plus grande concentration industrielle de la Catalogne et l&#8217;une des plus importants en Espagne, ce qui lui a valu le surnom du \u00ab Manchester Catalan \u00bb. \n                    <\/p>\n                    \n                                        <span class=\"blocks__extra-info__item__read-more\">Lisez plus<\/span>\n                    <span class=\"blocks__extra-info__item__read-less\">Lisez moins<\/span>\n                                    <\/section>\n            <\/div>\n        <\/article>\n        <\/a>\n    <\/div>\n                                <div class=\"blocks__extra-info__item\" id=\"zone-haute-de-barcelone\">\n        <a\n                    href=\"#\" \n            class=\"toggleable__extra-info \"\n            data-target=\"#extra-info-10788\"\n            data-scope=\".blocks__extra-info .toggleable__extra-info, .blocks__extra-info .blocks__extra-info__content\"\n        \n        \n    >\n            <article class=\"blocks__extra-info__item__container\">\n            <img decoding=\"async\" src=\"https:\/\/www.lugaris.com\/app\/uploads\/2020\/04\/sung-shin-gT5Aa9PBAtk-unsplash-1.jpg\" class=\"blocks__extra-info__item__thumbnail\"><\/img>\n            <div  class=\"blocks__extra-info__item__content\">\n                <header>\n                    <h4 class=\"blocks__extra-info__item__title\">\n                        ZONE HAUTE DE BARCELONE\n                    <\/h4>\n                <\/header>\n                <section>\n                    <p class=\"blocks__extra-info__item__excerpt\">\n                        Dans la section de l&#8217;avenue Diagonal la plus \u00e9loign\u00e9e de la mer, vous pourrez y profiter des attractions notables tels que le Palais Royal, le monast\u00e8re de Santa Maria de Pedralbes de style gothique ou &hellip;\n                    <\/p>\n                    \n                                        <span class=\"blocks__extra-info__item__read-more\">Lisez plus<\/span>\n                    <span class=\"blocks__extra-info__item__read-less\">Lisez moins<\/span>\n                                    <\/section>\n            <\/div>\n        <\/article>\n        <\/a>\n    <\/div>\n                                <div class=\"blocks__extra-info__item\" id=\"quartier-gothique\">\n        <a\n                    href=\"#\" \n            class=\"toggleable__extra-info \"\n            data-target=\"#extra-info-10794\"\n            data-scope=\".blocks__extra-info .toggleable__extra-info, .blocks__extra-info .blocks__extra-info__content\"\n        \n        \n    >\n            <article class=\"blocks__extra-info__item__container\">\n            <img decoding=\"async\" src=\"https:\/\/www.lugaris.com\/app\/uploads\/2020\/04\/collins-lesulie-HWFCBG_-iTc-unsplash-1.jpg\" class=\"blocks__extra-info__item__thumbnail\"><\/img>\n            <div  class=\"blocks__extra-info__item__content\">\n                <header>\n                    <h4 class=\"blocks__extra-info__item__title\">\n                        QUARTIER GOTHIQUE\n                    <\/h4>\n                <\/header>\n                <section>\n                    <p class=\"blocks__extra-info__item__excerpt\">\n                        Le noyau originel de la ville conserve d&#8217;\u00e9tonnantes ruines romaines \u2013 comme celles de l&#8217;ancien Barcino, encore visible au sous-sol de la place du Rei, ou les imposantes colonnes du temple d&#8217;Auguste, situ\u00e9es sur la &hellip;\n                    <\/p>\n                    \n                                        <span class=\"blocks__extra-info__item__read-more\">Lisez plus<\/span>\n                    <span class=\"blocks__extra-info__item__read-less\">Lisez moins<\/span>\n                                    <\/section>\n            <\/div>\n        <\/article>\n        <\/a>\n    <\/div>\n                                <div class=\"blocks__extra-info__item\" id=\"el-born\">\n        <a\n                    href=\"#\" \n            class=\"toggleable__extra-info \"\n            data-target=\"#extra-info-10800\"\n            data-scope=\".blocks__extra-info .toggleable__extra-info, .blocks__extra-info .blocks__extra-info__content\"\n        \n        \n    >\n            <article class=\"blocks__extra-info__item__container\">\n            <img decoding=\"async\" src=\"https:\/\/www.lugaris.com\/app\/uploads\/2020\/04\/biel-morro-7kWEtC4TZlE-unsplash-1.jpg\" class=\"blocks__extra-info__item__thumbnail\"><\/img>\n            <div  class=\"blocks__extra-info__item__content\">\n                <header>\n                    <h4 class=\"blocks__extra-info__item__title\">\n                        EL BORN\n                    <\/h4>\n                <\/header>\n                <section>\n                    <p class=\"blocks__extra-info__item__excerpt\">\n                        C\u2019est l&#8217;un des quartiers les plus boh\u00e8me et charmants de Barcelone. En plus d&#8217;accueillir la basilique Sainte-Marie-de-la-Mer, l&#8217;un des grands exposants du gothique catalan, son march\u00e9 montre les ruines de nombreux b\u00e2timents et des rues &hellip;\n                    <\/p>\n                    \n                                        <span class=\"blocks__extra-info__item__read-more\">Lisez plus<\/span>\n                    <span class=\"blocks__extra-info__item__read-less\">Lisez moins<\/span>\n                                    <\/section>\n            <\/div>\n        <\/article>\n        <\/a>\n    <\/div>\n                                <div class=\"blocks__extra-info__item\" id=\"las-ramblas\">\n        <a\n                    href=\"#\" \n            class=\"toggleable__extra-info \"\n            data-target=\"#extra-info-10806\"\n            data-scope=\".blocks__extra-info .toggleable__extra-info, .blocks__extra-info .blocks__extra-info__content\"\n        \n        \n    >\n            <article class=\"blocks__extra-info__item__container\">\n            <img decoding=\"async\" src=\"https:\/\/www.lugaris.com\/app\/uploads\/2020\/06\/ronni-kurtz-sTd9M16OFNk-unsplash-1.jpg\" class=\"blocks__extra-info__item__thumbnail\"><\/img>\n            <div  class=\"blocks__extra-info__item__content\">\n                <header>\n                    <h4 class=\"blocks__extra-info__item__title\">\n                        LAS RAMBLAS\n                    <\/h4>\n                <\/header>\n                <section>\n                    <p class=\"blocks__extra-info__item__excerpt\">\n                        La Rambla est une avenue embl\u00e9matique de Barcelone qui relie la place de la catalogne, centre n\u00e9vralgique de la ville au vieux port o\u00f9 se dresse la colonne de Christophe Colomb, l&#8217;une des grandes ic\u00f4nes &hellip;\n                    <\/p>\n                    \n                                        <span class=\"blocks__extra-info__item__read-more\">Lisez plus<\/span>\n                    <span class=\"blocks__extra-info__item__read-less\">Lisez moins<\/span>\n                                    <\/section>\n            <\/div>\n        <\/article>\n        <\/a>\n    <\/div>\n                        <\/div>\n\n        <div class=\"blocks__extra-info__content__container\">\n                                <div id=\"extra-info-10781\"\n                class=\"blocks__extra-info__content toggleable__target \">\n                \n<p class=\"\">Le quartier du Poblenou, l&#8217;un des centres qui composaient l&#8217;ancienne municipalit\u00e9 ind\u00e9pendante de <strong>Sant Mart\u00ed de Proven\u00e7als<\/strong>, accueillait \u00e0 la fin du XIXe si\u00e8cle la plus grande concentration industrielle de la Catalogne et l&#8217;une des plus importants en Espagne, ce qui lui a valu le surnom du \u00ab Manchester Catalan \u00bb. De cette p\u00e9riode, il y a quelques chemin\u00e9es et des usines qui ont \u00e9t\u00e9 restaur\u00e9es pour \u00eatre le si\u00e8ge d\u2019entreprises, institutions et universit\u00e9s. En outre, vous y pouvez \u00e9galement visiter le <strong>mus\u00e9e d\u2019art contemporain Can Framis<\/strong>.<\/p>\n\n\n\n<p class=\"\">Dans cet environnement privil\u00e9gi\u00e9 et sur l\u2019anim\u00e9e <strong>Rambla del Poblenou<\/strong>, on peut y trouver les appartements <strong>Lugaris Rambla<\/strong>, situ\u00e9s \u00e0 seulement <strong>300 m\u00e8tres de la plage de Barcelone<\/strong> et au milieu de nombreux restaurants et du Casino de L&#8217;Alian\u00e7a, un centre culturel et de loisirs qui est devenu une r\u00e9f\u00e9rence de la vie quotidienne du Poblenou.<\/p>\n\n\n\n<p class=\"\">Dans ce m\u00eame quartier, <strong>\u00e0 seulement 200 m\u00e8tres des plages de Bogatell et Mar Bella<\/strong>, vous pouvez y profiter de <strong>Lugaris Beach<\/strong>, nos confortables appartements avec vue sur la mer.<\/p>\n\n\n\n<p class=\"\">Nous ne pouvons pas oublier la Barceloneta, l&#8217;une des enclaves les plus typiques et uniques de Barcelone. Construit au milieu du XVIIIe si\u00e8cle, c&#8217;est un ancien quartier de p\u00eacheurs qui a conserv\u00e9 encore certaines de ses maisons traditionnelles et un grand nombre de restaurants de poisson. Il dispose \u00e9galement d&#8217;une plage de 1,1 km de long et le <strong>Mus\u00e9e d&#8217;histoire de la Catalogne<\/strong>, dont sa terrasse offre une vue incroyable sur le port. Non loin se trouve le complexe sportif et de loisirs du <strong>Port Ol\u00edmpic<\/strong>, y compris le <strong>Casino de Barcelone<\/strong>. Il n\u2019est pas loin du Marem\u00e0gnum, un centre commercial avec ses boutiques ouvertes le dimanche, des restaurants et des cin\u00e9mas.<\/p>\n\n\n\n<p class=\"\"><\/p>\n\n            <\/div>\n                                            <div id=\"extra-info-10788\"\n                class=\"blocks__extra-info__content toggleable__target \">\n                \n<p class=\"\">Dans la section de l&#8217;avenue Diagonal la plus \u00e9loign\u00e9e de la mer, vous pourrez y profiter des attractions notables tels que le <strong>Palais Royal<\/strong>, le <strong>monast\u00e8re de Santa Maria de Pedralbes<\/strong> de style gothique ou des Pavillons de la Finca G\u00fcell, des b\u00e2timents construits par Antoni Gaud\u00ed dans le quartier de Pedralbes entre 1883 et 1887.<\/p>\n\n\n\n<p class=\"\">La zone abrite \u00e9galement un grand magasin et deux centres commerciaux :<strong> Pedralbes Centre et L&#8217;Illa Diagonal<\/strong>, avec des boutiques, bars et restaurants.<\/p>\n\n\n\n<p class=\"\">Dans le quartier de les Corts, on remarque le <strong>stade du FC Barcelone, le Camp Nou<\/strong>, le plus grand d&#8217;Europe gr\u00e2ce \u00e0 ses 99.354 si\u00e8ges et surement l&#8217;un des plus prestigieux, D&#8217;ailleurs son mus\u00e9e est l&#8217;un des plus fr\u00e9quent\u00e9s de Catalogne. Vous pourrez y assister aux matchs du Fc Barcelone, l&#8217;un des plus grand clubs de football au monde.<\/p>\n\n\n\n<p class=\"\">Non loin de l\u00e0, il y a le paisible et exclusif <strong>quartier de Sarri\u00e0<\/strong>, une ville ancienne qui \u00e9tait ind\u00e9pendante jusqu&#8217;en 1921. Elle est devenu un endroit id\u00e9al pour faire du shopping ou de longues promenades, prendre un verre ou manger une tapas dans les terrasses de l&#8217;axe marqu\u00e9 par les rues<strong> Mari\u00e0 Cub\u00ed et Santal\u00f3<\/strong>.<\/p>\n\n            <\/div>\n                                            <div id=\"extra-info-10794\"\n                class=\"blocks__extra-info__content toggleable__target \">\n                \n<p class=\"text-justify\">Le noyau originel de la ville conserve d&#8217;\u00e9tonnantes <strong>ruines romaines<\/strong> \u2013 comme celles de l&#8217;ancien Barcino, encore visible au sous-sol de la place du Rei, ou les imposantes colonnes du temple d&#8217;Auguste, situ\u00e9es sur la rue Parad\u00eds \u2212 et des b\u00e2timents m\u00e9di\u00e9vaux spectaculaires. Entre ces emplacements, il y a la cath\u00e9drale et <strong>l&#8217;\u00e9glise gothique du Pi<\/strong>, sans oublier le quartier juif, avec des endroits comme le suggestif Pla\u00e7a de Sant Felip Neri ou la synagogue la plus ancienne d&#8217;Europe, situ\u00e9 au 5 rue Marlet.<\/p>\n\n            <\/div>\n                                            <div id=\"extra-info-10800\"\n                class=\"blocks__extra-info__content toggleable__target \">\n                \n<p class=\"\">C\u2019est l&#8217;un des quartiers les plus boh\u00e8me et charmants de Barcelone. En plus d&#8217;accueillir la basilique <strong>Sainte-Marie-de-la-Mer<\/strong>, l&#8217;un des grands exposants du gothique catalan, son march\u00e9 montre les ruines de nombreux b\u00e2timents et des rues qui ont \u00e9t\u00e9 ras\u00e9s en 1714, pendant la guerre de Succession d\u2019Espagne (1701-1714). Ce complexe arch\u00e9ologique unique en Europe permet de d\u00e9couvrir l&#8217;un des \u00e9pisodes les plus importants de l&#8217;histoire de la ville.<\/p>\n\n\n\n<p class=\"\">Avec ce centre culturel, il y a le <strong>Parc de la Ciutadella<\/strong>, un parc urbain construit \u00e0 l&#8217;occasion de l&#8217;Exposition Universelle de 1888 qui se dresse sur une ancienne forteresse militaire. Dans le parc, vous y trouverez le <strong>Parlement de la Catalogne<\/strong>, l\u2019ancien si\u00e8ge du Mus\u00e9e de zoologie et le zoo.<\/p>\n\n\n\n<p class=\"\">En outre, le Born accueille le <strong>Mus\u00e9e Picasso<\/strong>, l&#8217;un des mus\u00e9es les plus visit\u00e9s de Barcelone, le <strong>Mus\u00e9e Europ\u00e9en d&#8217;Art Moderne<\/strong> et le <strong>Mus\u00e9e des Cultures du Monde<\/strong>. Tout cela sans oublier les restaurants et nombreux pubs qui longent le Passeig del Born.<\/p>\n\n\n\n<p class=\"\"><\/p>\n\n            <\/div>\n                                            <div id=\"extra-info-10806\"\n                class=\"blocks__extra-info__content toggleable__target \">\n                \n<p class=\"\">La Rambla est une avenue embl\u00e9matique de Barcelone qui relie la place de la catalogne, centre n\u00e9vralgique de la ville au vieux port o\u00f9 se dresse la colonne de <strong>Christophe Colomb<\/strong>, l&#8217;une des grandes ic\u00f4nes de la ville. Elle accueille un grand nombre de mus\u00e9es tels que le <strong>Mus\u00e9e maritime de Barcelone<\/strong>, le <strong>Mus\u00e9e de cire<\/strong>, le <strong>Centre d&#8217;art Santa M\u00f2nica<\/strong> et le <strong>Mus\u00e9e de l&#8217;\u00e9rotisme<\/strong>, des th\u00e9\u00e2tres \u2013 comme le Grand th\u00e9\u00e2tre du Liceu, le Th\u00e9\u00e2tre principal ou le Poliorama \u2013, le superbe march\u00e9 de la <strong>Boqueria<\/strong>, des restaurants, fleuristes et march\u00e9s d&#8217;artisanat en plein air. On peut y trouver aussi des statues humaines, peintres, caricaturistes, musiciens de rue et touristes venus de partout. Bien s\u00fbr, ne manquer pas non plus la place Reial avec de nombreuses arcades, restaurants, pubs et bo\u00eetes de nuit.<\/p>\n\n\n\n<p class=\"\"><\/p>\n\n            <\/div>\n                        <\/div>\n\n    <span class=\"blocks__extra-info__list__button__left prev\"><\/span>\n    <span class=\"blocks__extra-info__list__button__right next\"><\/span>\n    <\/section>\n<\/p>\n<p><section class=\"blocks__extra-info \" id=\"\">\n    <h3> <\/h3>\n\n    <div class=\"blocks__extra-info__list\">\n                    <div class=\"blocks__extra-info__item\" id=\"el-raval-et-le-parallel\">\n        <a\n                    href=\"#\" \n            class=\"toggleable__extra-info toggleable--open\"\n            data-target=\"#extra-info-10812\"\n            data-scope=\".blocks__extra-info .toggleable__extra-info, .blocks__extra-info .blocks__extra-info__content\"\n        \n        \n    >\n            <article class=\"blocks__extra-info__item__container\">\n            <img decoding=\"async\" src=\"https:\/\/www.lugaris.com\/app\/uploads\/2020\/04\/barcelona-1137876_1920-1.jpg\" class=\"blocks__extra-info__item__thumbnail\"><\/img>\n            <div  class=\"blocks__extra-info__item__content\">\n                <header>\n                    <h4 class=\"blocks__extra-info__item__title\">\n                        EL RAVAL ET LE PARAL\u00b7LEL\n                    <\/h4>\n                <\/header>\n                <section>\n                    <p class=\"blocks__extra-info__item__excerpt\">\n                        \u00c0 c\u00f4t\u00e9 de Las Ramblas, se situele Raval, l\u2019ancien quartier Chinois, qui peut se vanter d&#8217;\u00eatre la premi\u00e8re zone habit\u00e9e dans l&#8217;histoire de Barcelone. En plus de nombreux b\u00e2timents d&#8217;int\u00e9r\u00eat \u2212 comme le monast\u00e8re de &hellip;\n                    <\/p>\n                    \n                                        <span class=\"blocks__extra-info__item__read-more\">Lisez plus<\/span>\n                    <span class=\"blocks__extra-info__item__read-less\">Lisez moins<\/span>\n                                    <\/section>\n            <\/div>\n        <\/article>\n        <\/a>\n    <\/div>\n                                <div class=\"blocks__extra-info__item\" id=\"montjuic\">\n        <a\n                    href=\"#\" \n            class=\"toggleable__extra-info \"\n            data-target=\"#extra-info-10818\"\n            data-scope=\".blocks__extra-info .toggleable__extra-info, .blocks__extra-info .blocks__extra-info__content\"\n        \n        \n    >\n            <article class=\"blocks__extra-info__item__container\">\n            <img decoding=\"async\" src=\"https:\/\/www.lugaris.com\/app\/uploads\/2020\/04\/vitaliy-zamedyanskiy-FGJTlEM4gTU-unsplash-1.jpg\" class=\"blocks__extra-info__item__thumbnail\"><\/img>\n            <div  class=\"blocks__extra-info__item__content\">\n                <header>\n                    <h4 class=\"blocks__extra-info__item__title\">\n                        MONTJU\u00cfC\n                    <\/h4>\n                <\/header>\n                <section>\n                    <p class=\"blocks__extra-info__item__excerpt\">\n                        En plus d&#8217;\u00eatre l&#8217;endroit o\u00f9 l&#8217;on a d\u00e9couvert les plus anciens signes de pr\u00e9sence humaine de Barcelone \u2013 il y avait une carri\u00e8re de jaspe qui a \u00e9t\u00e9 utilis\u00e9 entre le 10.000 avant J\u00e9sus-Christ et &hellip;\n                    <\/p>\n                    \n                                        <span class=\"blocks__extra-info__item__read-more\">Lisez plus<\/span>\n                    <span class=\"blocks__extra-info__item__read-less\">Lisez moins<\/span>\n                                    <\/section>\n            <\/div>\n        <\/article>\n        <\/a>\n    <\/div>\n                                <div class=\"blocks__extra-info__item\" id=\"tibidabo\">\n        <a\n                    href=\"#\" \n            class=\"toggleable__extra-info \"\n            data-target=\"#extra-info-10824\"\n            data-scope=\".blocks__extra-info .toggleable__extra-info, .blocks__extra-info .blocks__extra-info__content\"\n        \n        \n    >\n            <article class=\"blocks__extra-info__item__container\">\n            <img decoding=\"async\" src=\"https:\/\/www.lugaris.com\/app\/uploads\/2020\/04\/biel-morro-d0xjEv-WJQk-unsplash-1.jpg\" class=\"blocks__extra-info__item__thumbnail\"><\/img>\n            <div  class=\"blocks__extra-info__item__content\">\n                <header>\n                    <h4 class=\"blocks__extra-info__item__title\">\n                        TIBIDABO\n                    <\/h4>\n                <\/header>\n                <section>\n                    <p class=\"blocks__extra-info__item__excerpt\">\n                        L\u2019urbanisation de cette montagne, l\u2019endroit le plus haut de Barcelone \u2013 elle est situ\u00e9e \u00e0 une hauteur de 512 m\u00e8tres au-dessus du niveau de la mer \u2013 a eu lieu \u00e0 la fin du XIXe &hellip;\n                    <\/p>\n                    \n                                        <span class=\"blocks__extra-info__item__read-more\">Lisez plus<\/span>\n                    <span class=\"blocks__extra-info__item__read-less\">Lisez moins<\/span>\n                                    <\/section>\n            <\/div>\n        <\/article>\n        <\/a>\n    <\/div>\n                                <div class=\"blocks__extra-info__item\" id=\"larchitecture-moderniste\">\n        <a\n                    href=\"#\" \n            class=\"toggleable__extra-info \"\n            data-target=\"#extra-info-10830\"\n            data-scope=\".blocks__extra-info .toggleable__extra-info, .blocks__extra-info .blocks__extra-info__content\"\n        \n        \n    >\n            <article class=\"blocks__extra-info__item__container\">\n            <img decoding=\"async\" src=\"https:\/\/www.lugaris.com\/app\/uploads\/2020\/04\/spain-106463_1280-1.jpg\" class=\"blocks__extra-info__item__thumbnail\"><\/img>\n            <div  class=\"blocks__extra-info__item__content\">\n                <header>\n                    <h4 class=\"blocks__extra-info__item__title\">\n                        L\u2019ARCHITECTURE MODERNISTE\n                    <\/h4>\n                <\/header>\n                <section>\n                    <p class=\"blocks__extra-info__item__excerpt\">\n                        Barcelone est connue et reconnue comme la capitale mondiale du modernisme. Cela gr\u00e2ce \u00e0 l&#8217;h\u00e9ritage d&#8217;Antoni Gaud\u00ed, dont vous pourrez y admirer les \u0153uvres les plus c\u00e9l\u00e8bres \u2013 la Sagrada Fam\u00edlia, la Casa Mil\u00e0 (plus &hellip;\n                    <\/p>\n                    \n                                        <span class=\"blocks__extra-info__item__read-more\">Lisez plus<\/span>\n                    <span class=\"blocks__extra-info__item__read-less\">Lisez moins<\/span>\n                                    <\/section>\n            <\/div>\n        <\/article>\n        <\/a>\n    <\/div>\n                                <div class=\"blocks__extra-info__item\" id=\"lieux-a-voir-autour-de-barcelone\">\n        <a\n                    href=\"#\" \n            class=\"toggleable__extra-info \"\n            data-target=\"#extra-info-10836\"\n            data-scope=\".blocks__extra-info .toggleable__extra-info, .blocks__extra-info .blocks__extra-info__content\"\n        \n        \n    >\n            <article class=\"blocks__extra-info__item__container\">\n            <img decoding=\"async\" src=\"https:\/\/www.lugaris.com\/app\/uploads\/2020\/04\/montserrat-1305368_1280-1.jpg\" class=\"blocks__extra-info__item__thumbnail\"><\/img>\n            <div  class=\"blocks__extra-info__item__content\">\n                <header>\n                    <h4 class=\"blocks__extra-info__item__title\">\n                        LIEUX A VOIR AUTOUR DE BARCELONE\n                    <\/h4>\n                <\/header>\n                <section>\n                    <p class=\"blocks__extra-info__item__excerpt\">\n                        Outre les nombreuses attractions de la ville, la province de Barcelone offre \u00e9galement d\u2019autres points d&#8217;int\u00e9r\u00eat. Il faut parler sur Santa Coloma de Cervell\u00f3, une ville qui h\u00e9berge la crypte de la Col\u00f2nia G\u00fcell d\u2019Antoni &hellip;\n                    <\/p>\n                    \n                                        <span class=\"blocks__extra-info__item__read-more\">Lisez plus<\/span>\n                    <span class=\"blocks__extra-info__item__read-less\">Lisez moins<\/span>\n                                    <\/section>\n            <\/div>\n        <\/article>\n        <\/a>\n    <\/div>\n                        <\/div>\n\n        <div class=\"blocks__extra-info__content__container\">\n                                <div id=\"extra-info-10812\"\n                class=\"blocks__extra-info__content toggleable__target toggleable__target--open\">\n                \n<p class=\"\">\u00c0 c\u00f4t\u00e9 de Las Ramblas, se situele <strong>Raval<\/strong>, l\u2019ancien quartier Chinois, qui peut se vanter d&#8217;\u00eatre la premi\u00e8re zone habit\u00e9e dans l&#8217;histoire de Barcelone. En plus de nombreux b\u00e2timents d&#8217;int\u00e9r\u00eat \u2212 comme le <strong>monast\u00e8re de Sant Pau del Camp<\/strong>, de style roman, <strong>l&#8217;ancien h\u00f4pital de la Santa Creu<\/strong> ou le <strong>Palais G\u00fcell<\/strong> \u2212, le Raval est \u00e9galement connu pour ses restaurants, sa vie nocturne et son atmosph\u00e8re cosmopolite. En effet, environ 50 % de sa population est \u00e9trang\u00e8re.<\/p>\n\n\n\n<p class=\"\">Sa limite naturelle est l&#8217;avenue du Paral\u00b7lel. Au premier tiers du XXe si\u00e8cle, cette rue abritait la plus grande concentration de th\u00e9\u00e2tres et salles de bal en Europe. Certains d&#8217;entre eux sont encore op\u00e9rationnels.<\/p>\n\n\n\n<p class=\"\">N&#8217;h\u00e9sitez pas \u00e0 venir les d\u00e9couvrir!<\/p>\n\n            <\/div>\n                                            <div id=\"extra-info-10818\"\n                class=\"blocks__extra-info__content toggleable__target \">\n                \n<p class=\"\">En plus d&#8217;\u00eatre l&#8217;endroit o\u00f9 l&#8217;on a d\u00e9couvert les plus anciens signes de pr\u00e9sence humaine de Barcelone \u2013 il y avait une carri\u00e8re de jaspe qui a \u00e9t\u00e9 utilis\u00e9 entre le 10.000 avant <strong>J\u00e9sus-Christ et l&#8217;\u00e9poque romaine<\/strong>.<\/p>\n\n\n\n<p class=\"\">Urbanis\u00e9 \u00e0 l&#8217;occasion de l&#8217;Exposition internationale de 1929, Montju\u00efc offre le <strong>Mus\u00e9e national d&#8217;art de Catalogne<\/strong> (en catalan,Museu Nacional d&#8217;Art de Catalunya ou MNAC), \u00e0 c\u00f4t\u00e9 de la belle <strong>Fontaine Magique<\/strong>, avec la collection de peinture romane la plus importante dans le monde; le Mus\u00e9e arch\u00e9ologique, le Mus\u00e9e ethnologique, le <strong>CaixaForum<\/strong>, le Mus\u00e9e olympique, le TeatreLliure, le Teatre Grec, le Jardin botanique et le <strong>Pyoble Espanyol<\/strong>, un lieu qui reconstitue des exemples d&#8217;architecture populaire en Espagne. On y peut d\u00e9couvrir des restaurants, des magasins, des ateliers d&#8217;artisanat, des salles d&#8217;exposition, des bo\u00eetes de nuit et un tablao flamenco. Le parc de Montju\u00efc a abrit\u00e9 le circuit automobile de Montju\u00efc o\u00f9 ont eu lieu de nombreuses courses notamment le GP d&#8217;Espagne de 1969 \u00e0 1975 en alternance avec Jarama.<\/p>\n\n\n\n<p class=\"\"><strong>L&#8217;escalade de Montju\u00efc<\/strong> est une course cycliste qui se d\u00e9roule au mois d&#8217;octobre. A ne pas manquer l&#8217;Anneau olympique, o\u00f9 vous y trouverez le stade olympique Llu\u00eds Companys, la tour de Calatrava et le <strong>Palais Sant Jordi<\/strong>.<\/p>\n\n\n\n<p class=\"\">En outre, depuis le ch\u00e2teau de Montju\u00efc qui a \u00e9t\u00e9 construit en haut de la colline, abrite un mus\u00e9e militaire. Il servit de forteresse et \u00e9galement de prison, on peut <strong>profiter des meilleures vues de Barcelone<\/strong>.<\/p>\n\n            <\/div>\n                                            <div id=\"extra-info-10824\"\n                class=\"blocks__extra-info__content toggleable__target \">\n                \n<p class=\"\">L\u2019urbanisation de cette montagne, l\u2019endroit le plus haut de Barcelone \u2013 elle est situ\u00e9e \u00e0 une hauteur de 512 m\u00e8tres au-dessus du niveau de la mer \u2013 a eu lieu \u00e0 la fin du XIXe si\u00e8cle, sous la direction du Dr Salvador Andreu. Vous pourrez y faire la visite de son incontournable parc d&#8217;attractions du <strong>Tibidabo<\/strong> de 70.000 m2, le parc le plus ancien d\u2019Espagne et le troisi\u00e8me en Europe. Certaines de ses attractions, comme<strong> La Talaia ou L&#8217;Avi\u00f3<\/strong>, sont presque centenaires. Et ce n&#8217;est pas tout, dans un th\u00e9\u00e2tre datant de 1908, vous y trouverez le <strong>Mus\u00e9e d&#8217;Automates<\/strong>.<\/p>\n\n\n\n<p class=\"\">D&#8217;autres coins embl\u00e9matiques du mont Tibidabo sont le <strong>Temple Expiatoire du Sacr\u00e9-C\u0153ur de J\u00e9sus-Christ<\/strong> (1902-1961) et la tour de Collserola, d\u2019une hauteur de 288 m et con\u00e7ue parl&#8217;architecte britannique Norman Foster.<\/p>\n\n\n\n<p class=\"\">Avant de monter vers le sommet de la montagne, \u00e0 proximit\u00e9 de l&#8217;avenue du Tibidabo, se situe le CosmoCaixa, l\u2019ancien <strong>Mus\u00e9e des Sciences<\/strong>.<\/p>\n\n            <\/div>\n                                            <div id=\"extra-info-10830\"\n                class=\"blocks__extra-info__content toggleable__target \">\n                \n<p class=\"\">Barcelone est connue et reconnue comme la <strong>capitale mondiale du modernisme<\/strong>. Cela gr\u00e2ce \u00e0 l&#8217;h\u00e9ritage d&#8217;Antoni Gaud\u00ed, dont vous pourrez y admirer les \u0153uvres les plus c\u00e9l\u00e8bres \u2013 la <strong>Sagrada Fam\u00edlia<\/strong>, la <strong>Casa Mil\u00e0<\/strong> (plus connue sous le nom de La Pedrera), la <strong>Casa Batll\u00f3<\/strong>, le <strong>Palais et le Parc G\u00fcell et la Casa Vicens<\/strong> \u2013 ont \u00e9t\u00e9 d\u00e9clar\u00e9es patrimoine mondial par l&#8217;UNESCO, distinction \u00e9galement d\u00e9cern\u00e9 \u00e0 deux autres monuments modernistes de la ville : l&#8217;H\u00f4pital de Sant Pau et le Palais de la musique catalane, con\u00e7us par Llu\u00eds Dom\u00e8nech i Montaner.<\/p>\n\n\n\n<p class=\"\">D&#8217;autres b\u00e2timents modernistes comme la Casa de les Punxes ou Casa Terrades, situ\u00e9e entre l&#8217;avenue Diagonal et le Passeig de Gr\u00e0cia, et la <strong>Casa Ametller<\/strong> et la Casa Lle\u00f3 Morera, susciterons aussi votre int\u00e9r\u00eat. Enfin, a ne pas manquer la <strong>Tour Bellesguard ou le Col\u00b7legi de les Teresianes<\/strong>, elles aussi des \u0153uvres de Gaud\u00ed.<\/p>\n\n            <\/div>\n                                            <div id=\"extra-info-10836\"\n                class=\"blocks__extra-info__content toggleable__target \">\n                \n<p class=\"\">Outre les nombreuses attractions de la ville, la province de Barcelone offre \u00e9galement d\u2019autres points d&#8217;int\u00e9r\u00eat. Il faut parler sur <strong>Santa Coloma de Cervell\u00f3<\/strong>, une ville qui h\u00e9berge la <strong>crypte de la Col\u00f2nia G\u00fcell d\u2019Antoni Gaud\u00ed<\/strong>, inscrite sur la Liste du patrimoine mondial en 2005.<\/p>\n\n\n\n<p class=\"\">Ou encore des villes comme <strong>Sitges<\/strong>, l&#8217;un des laboratoires du modernisme catalan, situ\u00e9e \u00e0 seulement 40 km de Barcelone. Ses vues extraordinaires sur la mer, ses plages et son agenda culturel, sans y oublier le <strong>Festival du Film Fantastique<\/strong> ou le <strong>Carnaval<\/strong> sont quelques-unes des nombreuses raisons de l&#8217;int\u00e9r\u00eat de la visiter.<\/p>\n\n\n\n<p class=\"\">Barcelone est \u00e9galement tr\u00e8s proche du <strong>Circuit de Barcelona-Catalunya \u00e0 Montmel\u00f3<\/strong> et la montagne de Montserrat, une formation g\u00e9ologique unique et dot\u00e9 d&#8217;une forte connotation spirituelle, culturelle et m\u00eame magique ; Montseny, d\u00e9clar\u00e9 parc naturel en 1978, puis r\u00e9serve de la biosph\u00e8re en 1987, et la ville industrielle de <strong>Berga<\/strong>. Sa f\u00eate traditionnelle la plus connue, la Patum, a \u00e9t\u00e9 inscrite en 2008 sur la liste repr\u00e9sentative du patrimoine culturel immat\u00e9riel de l&#8217;humanit\u00e9 par l\u2019UNESCO.<\/p>\n\n\n\n<p class=\"\">Pour faire vos achats, nous vous recommandons de visiter <strong>La Roca Village<\/strong>, un complexe d\u2019outlets qui sont accessibles en bus au d\u00e9part de diff\u00e9rents points de Barcelone.<\/p>\n\n            <\/div>\n                        <\/div>\n\n    <span class=\"blocks__extra-info__list__button__left prev\"><\/span>\n    <span class=\"blocks__extra-info__list__button__right next\"><\/span>\n    <\/section>\n<\/p>\n<p><\/p>\n<p class=\"is-layout-flow wp-block-group-is-layout-flow\"><\/p>\n<h2 class=\"wp-block-heading\">GASTRONOMIE A BARCELONE<\/h2>\n<p><\/p>\n<p><\/p>\n<p><\/p>\n<figure><img decoding=\"async\" src=\"https:\/\/www.lugaris.com\/app\/uploads\/2020\/06\/cream-4183410_1920-1.jpg\" alt=\"\" width=\"1920\"><\/figure>\n<p><\/p>\n<p><\/p>\n<p>Avec une tradition culinaire qui fait partie du&nbsp;<strong>r\u00e9gime m\u00e9diterran\u00e9en<\/strong>&nbsp;\u2013 inscrite sur la liste du patrimoine culturel immat\u00e9riel de l\u2019humanit\u00e9 en 2010 et 2013 \u2013, Barcelone est l\u2019une des destinations favorites pour les gourmets du monde entier.<\/p>\n<p><\/p>\n<p><\/p>\n<p>Avec un catalogue de plus de 7.400 bars et restaurants en 2016, situ\u00e9s principalement dans le&nbsp;<strong>quartier de l\u2019Eixample<\/strong>, Barcelone est un endroit id\u00e9al pour profiter du meilleure de la cuisine catalane et du march\u00e9, ainsi que la cuisine internationale.<\/p>\n<p><\/p>\n<p><\/p>\n<p>Barcelone est une ville qui attire des chefs \u00e9toil\u00e9s au guide Michelin, comme Carme Ruscalleda, directrice du restaurant&nbsp;<strong>Moments dans l\u2019h\u00f4tel Mandarin Oriental<\/strong>&nbsp;et seule femme au monde \u00e0 avoir re\u00e7u 5 \u00e9toiles au Michelin; Mart\u00edn Berasategui, responsable du restaurant&nbsp;<strong>Lasarte dans l\u2019H\u00f4tel Condes de Barcelona<\/strong>; Jordi Cruz (ABaC) ou Sergi Arola (H\u00f4tel Arts).<\/p>\n<p><\/p>\n<p><\/p>\n<p>Dans le quartier Gothique vous aurez l\u2019occasion de manger au&nbsp;<strong>Can Culleretes<\/strong>, fond\u00e9 en 1786 et selon le Livre Guinness des Records, le deuxi\u00e8me restaurant le plus ancien d\u2019Espagne.<\/p>\n<p><\/p>\n<p><\/p>\n<p>Bien que Barcelone ne produise pas de mati\u00e8res premi\u00e8res \u2013 il n\u2019y a pas beaucoup des terres ou des exploitations agricoles \u2013, la situation est tr\u00e8s diff\u00e9rente dans sa r\u00e9gion m\u00e9tropolitaine, c\u00e9l\u00e8bre pour le poulet et l\u2019artichaut d\u2019El Prat de Llobregat. Le reste de la province de Barcelone propose des produits locaux comme la fraise du Maresme ou le&nbsp;<strong>fuet de Vic<\/strong>&nbsp;dans la r\u00e9gion d\u2019Osona.<\/p>\n<p><\/p>\n<p><\/p>\n<p>Parmi les plats les plus traditionnels de Barcelone, on y trouve les&nbsp;<strong>cannelloni Rossini<\/strong>, pr\u00e9sents dans la cuisine catalane depuis la fin du XIXe si\u00e8cle ; la soupe de galets et l\u2019\u00ab escudellaet carn d\u2019olla \u00bb, des recettes de No\u00ebl \u00e0 ne pas manquer.<\/p>\n<p><\/p>\n<p><\/p>\n<p>Vous aimerez aussi la c\u00e9l\u00e8bre \u00abesqueixada\u00bb y le \u00abbacall\u00e0 a la llauna\u00bb (deux sp\u00e9cialit\u00e9s \u00e0 base de morue), l\u2019\u00abescalibada\u00bb et les \u00e9pinards \u00e0 la catalane. Envie de quelque chose de tr\u00e8s authentique? Dans ce cas, essayez le&nbsp;<strong>pa amb tom\u00e0quet<\/strong>.<\/p>\n<p><\/p>\n<p><\/p>\n<p>Au moment du dessert, d\u00e9gustez de la cr\u00e8me brul\u00e9e locale \u2013 la&nbsp;<strong>cr\u00e8me de Sant Josep ou cr\u00e8me catalane<\/strong>&nbsp;\u2013 le \u00ab mat\u00f3 \u00bb de Pedralbes, un d\u00e9licieux fromage frais ; le \u00ab bra\u00e7cremat \u00bb, un g\u00e2teau roul\u00e9 \u00e0 la cr\u00e8me ; les \u00abpets de monja\u00bb, un petit biscuit invent\u00e9 \u00e0 Barcelone par un p\u00e2tissier italien ; les \u00abcoques\u00bb de Montserrat, l\u2019irr\u00e9sistible lait de panth\u00e8re, un cocktail du quartier gothique ou encore les \u00abpanellets\u00bb, un petit g\u00e2teauaux amandes typique de la f\u00eate de Tous les Saints.<\/p>\n<p><\/p>\n<p><\/p>\n<p>Il y a aussi d\u2019autres sucreries et p\u00e2tisseries li\u00e9s au calendrier. Par exemple, le&nbsp;<strong>pain Sant Jordi<\/strong>, le&nbsp;<strong>Tortell de Reis<\/strong>&nbsp;(ou g\u00e2teau des Rois), le g\u00e2teau de P\u00e2ques ou de la \u00ab coca \u00bb de Saint-Jean.<\/p>\n<p><\/p>\n<p><\/p>\n<p>Alors imaginez vous le plaisir que vous aurez a d\u00e9guster l\u2019une de ces sp\u00e9cialit\u00e9s sur le balcon ou la terrasse d\u2019un de nos&nbsp;<strong>appartements \u00e0 Barcelone<\/strong>?<\/p>\n<p><\/p>\n<p><\/p>\n<p>\n<\/p><p><\/p>\n<p><\/p>\n<p class=\"is-layout-flow wp-block-group-is-layout-flow\"><\/p>\n<h2 class=\"wp-block-heading\">FOIRES, FESTIVALS ET EVENEMENTS A BARCELONE<\/h2>\n<p><\/p>\n<p><\/p>\n<p><\/p>\n<figure><img decoding=\"async\" src=\"https:\/\/www.lugaris.com\/app\/uploads\/2020\/06\/zach-rowlandson-Jnr4wigOj2A-unsplash-1.jpg\" alt=\"\" width=\"1920\"><\/figure>\n<p><\/p>\n<p><\/p>\n<p>En plus de ses attractions touristiques, Barcelone est \u00e9galement connue pour ses \u00e9v\u00e9nements et festivals. Tr\u00e8s dynamique, la capitale catalane ouvre ses portes notamment au&nbsp;<strong>Mobile World Congress<\/strong>, le plus grand salon de l\u2019industrie de la t\u00e9l\u00e9phonie mobile mais aussi le Salon international de l\u2019automobile, tous les deux au&nbsp;<strong>Fira de Barcelone<\/strong>, \u00e0 la montagne de&nbsp;<strong>Montju\u00efc<\/strong>.<\/p>\n<p><\/p>\n<p><\/p>\n<p>Son agenda culturel et ses spectacles sont aussi tr\u00e8s populaires, tels que le&nbsp;<strong>Primavera Sound<\/strong>, qui a lieu entre fin mai et d\u00e9but juin, le&nbsp;<strong>S\u00f3nar<\/strong>&nbsp;(Festival international de musique avanc\u00e9e et New Media Art de Barcelone) ou la f\u00eate de la musique \u00e9lectronique (en mi-juin). D\u2019autres festivals tr\u00e8s c\u00e9l\u00e8bres comme le&nbsp;<strong>GREC<\/strong>, un cycle de th\u00e9\u00e2tre d\u2019\u00e9t\u00e9, ou les c\u00e9l\u00e9brations de la Merc\u00e8 (le 24 septembre) d\u00e9di\u00e9es \u00e0 la sainte patronne de Barcelone ou encore des concerts gratuits offerts par les meilleurs groupes des sc\u00e8nes nationales et internationales .<\/p>\n<p><\/p>\n<p><\/p>\n<p>En ao\u00fbt, d\u00e9couvrez les f\u00eates des quartiers de&nbsp;<strong>Gr\u00e0cia et Sants<\/strong>, o\u00f9 les rues d\u00e9cor\u00e9es sont les protagonistes.<\/p>\n<p><\/p>\n<p><\/p>\n<p>Fin avril, d\u00e9bute la foire alimentaire :&nbsp;<strong>Aliment\u00e0ria de Barcelone<\/strong>, d\u00e9but avril ou mai le&nbsp;<strong>Salon International du Comic de Barcelone<\/strong>&nbsp;et fin octobre le&nbsp;<strong>Salon du Manga<\/strong>.<\/p>\n<p><\/p>\n<p><\/p>\n<p>Enfin, nous vous recommandons de ne pas manquer la F\u00eate-Dieu (Corpus Christi). Il s\u2019agit de faire danser une coquille d\u2019\u0153uf vide en haut d\u2019un jet d\u2019eau qui jaillit de fontaines dans les jardins et clo\u00eetres, d\u00e9cor\u00e9es \u00e0 l\u2019occasion de cette f\u00eate avec des fleurs et des fruits. En catalan, cette tradition s\u2019appelle&nbsp;<strong>L\u2019Ou com Balla<\/strong>&nbsp;(litt\u00e9ralement \u00abl\u2019\u0153uf qui danse\u00bb).<\/p>\n<p><\/p>\n<p><\/p>\n<p>Sans aucun doute, louer des appartements de luxe \u00e0 Barcelone qui n\u2019ont rien \u00e0 envier au confort des grands h\u00f4tels, peut-\u00eatre \u00eatre la meilleure fa\u00e7on de profiter de tout ce que Barcelone a \u00e0 vous offrir.<br>N\u2019h\u00e9sitez plus<\/p>\n<p><\/p>\n<p><\/p>\n<ul>\n<li><\/li>\n<\/ul>\n<p><\/p>\n<p><\/p>\n<p>\n<\/p><p><\/p>","protected":false},"excerpt":{"rendered":"<p>Toutes les informations dont vous avez besoin pour connaitre les sites \u00e0 ne pas manquer \u00e0 la Cit\u00e9 des comtes. D\u00e9couvrez la ville de Barcelone avec Lugaris.com et profitez de ses merveilles.<\/p>\n","protected":false},"author":4,"featured_media":10242,"parent":0,"menu_order":0,"comment_status":"closed","ping_status":"closed","template":"","meta":{"_uag_custom_page_level_css":"","footnotes":""},"yoast_head":"<!-- This site is optimized with the Yoast SEO plugin v23.1 - https:\/\/yoast.com\/wordpress\/plugins\/seo\/ -->\n<title>Guide de Barcelone | Les lieux \u00e0 voir et visiter \u00e0 Barcelone<\/title>\n<meta name=\"description\" content=\"Venez-vous \u00e0 Barcelone et voulez profiter de leurs lieux d&#039;int\u00e9r\u00eat ? Si oui, nous vous invitons \u00e0 consulter notre guide \u00e0 Barcelone.\" \/>\n<meta name=\"robots\" content=\"index, follow, max-snippet:-1, max-image-preview:large, max-video-preview:-1\" \/>\n<link rel=\"canonical\" href=\"https:\/\/www.lugaris.com\/fr\/guide-de-barcelone\/\" \/>\n<meta property=\"og:locale\" content=\"fr_FR\" \/>\n<meta property=\"og:type\" content=\"article\" \/>\n<meta property=\"og:title\" content=\"Guide de Barcelone | Les lieux \u00e0 voir et visiter \u00e0 Barcelone\" \/>\n<meta property=\"og:description\" content=\"Venez-vous \u00e0 Barcelone et voulez profiter de leurs lieux d&#039;int\u00e9r\u00eat ? Si oui, nous vous invitons \u00e0 consulter notre guide \u00e0 Barcelone.\" \/>\n<meta property=\"og:url\" content=\"https:\/\/www.lugaris.com\/fr\/guide-de-barcelone\/\" \/>\n<meta property=\"og:site_name\" content=\"Lugaris\" \/>\n<meta property=\"article:modified_time\" content=\"2024-04-24T10:25:04+00:00\" \/>\n<meta property=\"og:image\" content=\"https:\/\/www.lugaris.com\/app\/uploads\/2020\/07\/barcelona-2673663_1920-1-1.jpg\" \/>\n\t<meta property=\"og:image:width\" content=\"815\" \/>\n\t<meta property=\"og:image:height\" content=\"816\" \/>\n\t<meta property=\"og:image:type\" content=\"image\/jpeg\" \/>\n<meta name=\"twitter:card\" content=\"summary_large_image\" \/>\n<meta name=\"twitter:label1\" content=\"Est. reading time\" \/>\n\t<meta name=\"twitter:data1\" content=\"10 minutes\" \/>\n<script type=\"application\/ld+json\" class=\"yoast-schema-graph\">{\"@context\":\"https:\/\/schema.org\",\"@graph\":[{\"@type\":\"WebPage\",\"@id\":\"https:\/\/www.lugaris.com\/fr\/guide-de-barcelone\/\",\"url\":\"https:\/\/www.lugaris.com\/fr\/guide-de-barcelone\/\",\"name\":\"Guide de Barcelone | Les lieux \u00e0 voir et visiter \u00e0 Barcelone\",\"isPartOf\":{\"@id\":\"https:\/\/www.lugaris.com\/fr\/#website\"},\"primaryImageOfPage\":{\"@id\":\"https:\/\/www.lugaris.com\/fr\/guide-de-barcelone\/#primaryimage\"},\"image\":{\"@id\":\"https:\/\/www.lugaris.com\/fr\/guide-de-barcelone\/#primaryimage\"},\"thumbnailUrl\":\"https:\/\/www.lugaris.com\/app\/uploads\/2020\/07\/barcelona-2673663_1920-1-1.jpg\",\"datePublished\":\"2020-04-16T16:04:13+00:00\",\"dateModified\":\"2024-04-24T10:25:04+00:00\",\"description\":\"Venez-vous \u00e0 Barcelone et voulez profiter de leurs lieux d'int\u00e9r\u00eat ? Si oui, nous vous invitons \u00e0 consulter notre guide \u00e0 Barcelone.\",\"breadcrumb\":{\"@id\":\"https:\/\/www.lugaris.com\/fr\/guide-de-barcelone\/#breadcrumb\"},\"inLanguage\":\"fr-FR\",\"potentialAction\":[{\"@type\":\"ReadAction\",\"target\":[\"https:\/\/www.lugaris.com\/fr\/guide-de-barcelone\/\"]}]},{\"@type\":\"ImageObject\",\"inLanguage\":\"fr-FR\",\"@id\":\"https:\/\/www.lugaris.com\/fr\/guide-de-barcelone\/#primaryimage\",\"url\":\"https:\/\/www.lugaris.com\/app\/uploads\/2020\/07\/barcelona-2673663_1920-1-1.jpg\",\"contentUrl\":\"https:\/\/www.lugaris.com\/app\/uploads\/2020\/07\/barcelona-2673663_1920-1-1.jpg\",\"width\":815,\"height\":816},{\"@type\":\"BreadcrumbList\",\"@id\":\"https:\/\/www.lugaris.com\/fr\/guide-de-barcelone\/#breadcrumb\",\"itemListElement\":[{\"@type\":\"ListItem\",\"position\":1,\"name\":\"Home\",\"item\":\"https:\/\/www.lugaris.com\/fr\/\"},{\"@type\":\"ListItem\",\"position\":2,\"name\":\"Guide de Barcelone\"}]},{\"@type\":\"WebSite\",\"@id\":\"https:\/\/www.lugaris.com\/fr\/#website\",\"url\":\"https:\/\/www.lugaris.com\/fr\/\",\"name\":\"Lugaris\",\"description\":\"Apartamentos de vacaciones en Barcelona\",\"publisher\":{\"@id\":\"https:\/\/www.lugaris.com\/fr\/#organization\"},\"potentialAction\":[{\"@type\":\"SearchAction\",\"target\":{\"@type\":\"EntryPoint\",\"urlTemplate\":\"https:\/\/www.lugaris.com\/fr\/?s={search_term_string}\"},\"query-input\":\"required name=search_term_string\"}],\"inLanguage\":\"fr-FR\"},{\"@type\":\"Organization\",\"@id\":\"https:\/\/www.lugaris.com\/fr\/#organization\",\"name\":\"Lugaris Apartments in Barcelona\",\"url\":\"https:\/\/www.lugaris.com\/fr\/\",\"logo\":{\"@type\":\"ImageObject\",\"inLanguage\":\"fr-FR\",\"@id\":\"https:\/\/www.lugaris.com\/fr\/#\/schema\/logo\/image\/\",\"url\":\"https:\/\/www.lugaris.com\/app\/uploads\/2020\/03\/Logo_lugaris_v2.png\",\"contentUrl\":\"https:\/\/www.lugaris.com\/app\/uploads\/2020\/03\/Logo_lugaris_v2.png\",\"width\":285,\"height\":257,\"caption\":\"Lugaris Apartments in Barcelona\"},\"image\":{\"@id\":\"https:\/\/www.lugaris.com\/fr\/#\/schema\/logo\/image\/\"}}]}<\/script>\n<!-- \/ Yoast SEO plugin. -->","yoast_head_json":{"title":"Guide de Barcelone | Les lieux \u00e0 voir et visiter \u00e0 Barcelone","description":"Venez-vous \u00e0 Barcelone et voulez profiter de leurs lieux d'int\u00e9r\u00eat ? Si oui, nous vous invitons \u00e0 consulter notre guide \u00e0 Barcelone.","robots":{"index":"index","follow":"follow","max-snippet":"max-snippet:-1","max-image-preview":"max-image-preview:large","max-video-preview":"max-video-preview:-1"},"canonical":"https:\/\/www.lugaris.com\/fr\/guide-de-barcelone\/","og_locale":"fr_FR","og_type":"article","og_title":"Guide de Barcelone | Les lieux \u00e0 voir et visiter \u00e0 Barcelone","og_description":"Venez-vous \u00e0 Barcelone et voulez profiter de leurs lieux d'int\u00e9r\u00eat ? Si oui, nous vous invitons \u00e0 consulter notre guide \u00e0 Barcelone.","og_url":"https:\/\/www.lugaris.com\/fr\/guide-de-barcelone\/","og_site_name":"Lugaris","article_modified_time":"2024-04-24T10:25:04+00:00","og_image":[{"width":815,"height":816,"url":"https:\/\/www.lugaris.com\/app\/uploads\/2020\/07\/barcelona-2673663_1920-1-1.jpg","type":"image\/jpeg"}],"twitter_card":"summary_large_image","twitter_misc":{"Est. reading time":"10 minutes"},"schema":{"@context":"https:\/\/schema.org","@graph":[{"@type":"WebPage","@id":"https:\/\/www.lugaris.com\/fr\/guide-de-barcelone\/","url":"https:\/\/www.lugaris.com\/fr\/guide-de-barcelone\/","name":"Guide de Barcelone | Les lieux \u00e0 voir et visiter \u00e0 Barcelone","isPartOf":{"@id":"https:\/\/www.lugaris.com\/fr\/#website"},"primaryImageOfPage":{"@id":"https:\/\/www.lugaris.com\/fr\/guide-de-barcelone\/#primaryimage"},"image":{"@id":"https:\/\/www.lugaris.com\/fr\/guide-de-barcelone\/#primaryimage"},"thumbnailUrl":"https:\/\/www.lugaris.com\/app\/uploads\/2020\/07\/barcelona-2673663_1920-1-1.jpg","datePublished":"2020-04-16T16:04:13+00:00","dateModified":"2024-04-24T10:25:04+00:00","description":"Venez-vous \u00e0 Barcelone et voulez profiter de leurs lieux d'int\u00e9r\u00eat ? Si oui, nous vous invitons \u00e0 consulter notre guide \u00e0 Barcelone.","breadcrumb":{"@id":"https:\/\/www.lugaris.com\/fr\/guide-de-barcelone\/#breadcrumb"},"inLanguage":"fr-FR","potentialAction":[{"@type":"ReadAction","target":["https:\/\/www.lugaris.com\/fr\/guide-de-barcelone\/"]}]},{"@type":"ImageObject","inLanguage":"fr-FR","@id":"https:\/\/www.lugaris.com\/fr\/guide-de-barcelone\/#primaryimage","url":"https:\/\/www.lugaris.com\/app\/uploads\/2020\/07\/barcelona-2673663_1920-1-1.jpg","contentUrl":"https:\/\/www.lugaris.com\/app\/uploads\/2020\/07\/barcelona-2673663_1920-1-1.jpg","width":815,"height":816},{"@type":"BreadcrumbList","@id":"https:\/\/www.lugaris.com\/fr\/guide-de-barcelone\/#breadcrumb","itemListElement":[{"@type":"ListItem","position":1,"name":"Home","item":"https:\/\/www.lugaris.com\/fr\/"},{"@type":"ListItem","position":2,"name":"Guide de Barcelone"}]},{"@type":"WebSite","@id":"https:\/\/www.lugaris.com\/fr\/#website","url":"https:\/\/www.lugaris.com\/fr\/","name":"Lugaris","description":"Apartamentos de vacaciones en Barcelona","publisher":{"@id":"https:\/\/www.lugaris.com\/fr\/#organization"},"potentialAction":[{"@type":"SearchAction","target":{"@type":"EntryPoint","urlTemplate":"https:\/\/www.lugaris.com\/fr\/?s={search_term_string}"},"query-input":"required name=search_term_string"}],"inLanguage":"fr-FR"},{"@type":"Organization","@id":"https:\/\/www.lugaris.com\/fr\/#organization","name":"Lugaris Apartments in Barcelona","url":"https:\/\/www.lugaris.com\/fr\/","logo":{"@type":"ImageObject","inLanguage":"fr-FR","@id":"https:\/\/www.lugaris.com\/fr\/#\/schema\/logo\/image\/","url":"https:\/\/www.lugaris.com\/app\/uploads\/2020\/03\/Logo_lugaris_v2.png","contentUrl":"https:\/\/www.lugaris.com\/app\/uploads\/2020\/03\/Logo_lugaris_v2.png","width":285,"height":257,"caption":"Lugaris Apartments in Barcelona"},"image":{"@id":"https:\/\/www.lugaris.com\/fr\/#\/schema\/logo\/image\/"}}]}},"uagb_featured_image_src":{"full":["https:\/\/www.lugaris.com\/app\/uploads\/2020\/07\/barcelona-2673663_1920-1-1.jpg",815,816,false],"thumbnail":["https:\/\/www.lugaris.com\/app\/uploads\/2020\/07\/barcelona-2673663_1920-1-1-150x150.jpg",150,150,true],"medium":["https:\/\/www.lugaris.com\/app\/uploads\/2020\/07\/barcelona-2673663_1920-1-1-300x300.jpg",300,300,true],"medium_large":["https:\/\/www.lugaris.com\/app\/uploads\/2020\/07\/barcelona-2673663_1920-1-1-768x769.jpg",768,769,true],"large":["https:\/\/www.lugaris.com\/app\/uploads\/2020\/07\/barcelona-2673663_1920-1-1.jpg",815,816,false],"1536x1536":["https:\/\/www.lugaris.com\/app\/uploads\/2020\/07\/barcelona-2673663_1920-1-1.jpg",815,816,false],"2048x2048":["https:\/\/www.lugaris.com\/app\/uploads\/2020\/07\/barcelona-2673663_1920-1-1.jpg",815,816,false]},"uagb_author_info":{"display_name":"Roberto Bordi","author_link":"https:\/\/www.lugaris.com\/fr\/author\/rbb2-performance-es\/"},"uagb_comment_info":0,"uagb_excerpt":"Toutes les informations dont vous avez besoin pour connaitre les sites \u00e0 ne pas manquer \u00e0 la Cit\u00e9 des comtes. D\u00e9couvrez la ville de Barcelone avec Lugaris.com et profitez de ses merveilles.","_links":{"self":[{"href":"https:\/\/www.lugaris.com\/fr\/wp-json\/wp\/v2\/pages\/11560"}],"collection":[{"href":"https:\/\/www.lugaris.com\/fr\/wp-json\/wp\/v2\/pages"}],"about":[{"href":"https:\/\/www.lugaris.com\/fr\/wp-json\/wp\/v2\/types\/page"}],"author":[{"embeddable":true,"href":"https:\/\/www.lugaris.com\/fr\/wp-json\/wp\/v2\/users\/4"}],"replies":[{"embeddable":true,"href":"https:\/\/www.lugaris.com\/fr\/wp-json\/wp\/v2\/comments?post=11560"}],"version-history":[{"count":5,"href":"https:\/\/www.lugaris.com\/fr\/wp-json\/wp\/v2\/pages\/11560\/revisions"}],"predecessor-version":[{"id":23081,"href":"https:\/\/www.lugaris.com\/fr\/wp-json\/wp\/v2\/pages\/11560\/revisions\/23081"}],"wp:featuredmedia":[{"embeddable":true,"href":"https:\/\/www.lugaris.com\/fr\/wp-json\/wp\/v2\/media\/10242"}],"wp:attachment":[{"href":"https:\/\/www.lugaris.com\/fr\/wp-json\/wp\/v2\/media?parent=11560"}],"curies":[{"name":"wp","href":"https:\/\/api.w.org\/{rel}","templated":true}]}}