{"id":17997,"date":"2022-03-14T12:04:48","date_gmt":"2022-03-14T12:04:48","guid":{"rendered":"https:\/\/www.lugaris.com\/hotel-forum-barcellona\/"},"modified":"2024-04-24T11:04:09","modified_gmt":"2024-04-24T11:04:09","slug":"hotels-proches-forum-barcelone","status":"publish","type":"page","link":"https:\/\/www.lugaris.com\/fr\/hotels-proches-forum-barcelone\/","title":{"rendered":"Les H\u00f4tels Proches Du Forum De Barcelone"},"content":{"rendered":"<p><\/p>\n<figure><img decoding=\"async\" src=\"https:\/\/www.lugaris.com\/app\/uploads\/2022\/03\/055_Placa_fotovoltaica_del_F\u00f2rum_Barcelona-1280x960.jpg\" alt=\"\"><\/figure>\n<p><\/p>\n<p>Barcelone est une ville pleine de contrastes, offrant une multitude d&#8217;activit\u00e9s \u00e0 faire. Que vous soyez en ville pour affaires ou pour le plaisir, il est crucial de loger pr\u00e8s des points d&#8217;int\u00e9r\u00eat que vous souhaitez visiter. Les appartements Lugaris Beach et Lugaris Rambla sont situ\u00e9s dans le quartier de Poblenou, un emplacement strat\u00e9gique qui permet un acc\u00e8s facile aux plages de la ville et \u00e0 de nombreux sites d&#8217;int\u00e9r\u00eat. C&#8217;est pourquoi ils sont parmi <strong>les h\u00f4tels pr\u00e8s du Forum de Barcelone<\/strong> les plus recommand\u00e9s. Lugaris Beach et Lugaris Rambla, deux types d&#8217;h\u00e9bergements en appart-h\u00f4tel, sont \u00e0 seulement 20 minutes \u00e0 pied du Forum de Barcelone (2 kilom\u00e8tres). Que vous cherchiez un lieu de s\u00e9jour pr\u00e8s du festival Primavera Sound ou un appartement pour quelques jours pr\u00e8s du centre de conventions CCIB, vous trouverez ici l&#8217;endroit id\u00e9al.<\/p>\n<p><\/p>\n<p><\/p>\n<hr>\n<p><article>\n  <header class=\"blocks__location__header \"\n     >\n    <a href=\"https:\/\/www.lugaris.com\/lugaris-rambla\/\">\n      <h3>Lugaris Rambla<\/h3>\n              <h4>RAMBLA DEL POBLE NOU 16-20\n08005 BARCELONA<\/h4>\n          <\/a>\n  <\/header>\n\n  <section class=\"blocks__apartment__list\">\n            <div class=\"blocks__apartment__item\">\n    <a href=\"https:\/\/www.lugaris.com\/fr\/lugaris-rambla-2-3-personnes-business\/\">\n        <article>\n            <img decoding=\"async\" src=\"https:\/\/www.lugaris.com\/app\/uploads\/2020\/04\/Principal-BR-scaled.webp\" class=\"blocks__apartment__item__thumbnail\"\/>\n            <header class=\"blocks__apartment__item__title\">\n                <h4>BUSINESS<\/h4>\n            <\/header>\n                        <section class=\"blocks__apartment__item__people\">\n                                            <span class=\"blocks__apartment__item__people__icon\"><svg xmlns=\"http:\/\/www.w3.org\/2000\/svg\" width=\"6.401\" height=\"17.07\" viewBox=\"0 0 6.401 17.07\" class=\"\"><path d=\"M3.2,0A2.134,2.134,0,1,1,1.067,2.134,2.134,2.134,0,0,1,3.2,0M4.8,4.8H4.422a2.93,2.93,0,0,1-2.443,0H1.6A1.6,1.6,0,0,0,0,6.4v4.534a.8.8,0,0,0,.8.8h.533V16.27a.8.8,0,0,0,.8.8H4.268a.8.8,0,0,0,.8-.8V11.736H5.6a.8.8,0,0,0,.8-.8V6.4A1.6,1.6,0,0,0,4.8,4.8Z\"\/><\/svg><\/span>\n                                            <span class=\"blocks__apartment__item__people__icon\"><svg xmlns=\"http:\/\/www.w3.org\/2000\/svg\" width=\"6.401\" height=\"17.07\" viewBox=\"0 0 6.401 17.07\" class=\"\"><path d=\"M3.2,0A2.134,2.134,0,1,1,1.067,2.134,2.134,2.134,0,0,1,3.2,0M4.8,4.8H4.422a2.93,2.93,0,0,1-2.443,0H1.6A1.6,1.6,0,0,0,0,6.4v4.534a.8.8,0,0,0,.8.8h.533V16.27a.8.8,0,0,0,.8.8H4.268a.8.8,0,0,0,.8-.8V11.736H5.6a.8.8,0,0,0,.8-.8V6.4A1.6,1.6,0,0,0,4.8,4.8Z\"\/><\/svg><\/span>\n                                    <span>2 -3 people<\/span>\n            <\/section>\n                        <section class=\"blocks__apartment__item__excerpt\"> \n                <p>\n                    38-52 m\u00b2 de surface habitable, salon\/salle \u00e0 manger avec 1 canap\u00e9-lit simple, cuisine, 1 chambre \u00e0 coucher avec lit double, 1 salle de bain avec baignoire ou douche, balcon ou terrasse de 22 m\u00b2 selon la disponibilit\u00e9. \n                <\/p>\n            <\/section>\n            <div class=\"blocks__apartment__item__info\">\n                                <span class=\"blocks__apartment__item__info__readmore\">Plus d\u2019informations<\/span>\n            <\/div>\n        <\/article>\n    <\/a>\n<\/div>            <div class=\"blocks__apartment__item\">\n    <a href=\"https:\/\/www.lugaris.com\/fr\/lugaris-rambla-2-4-personnes-premium\/\">\n        <article>\n            <img decoding=\"async\" src=\"https:\/\/www.lugaris.com\/app\/uploads\/2020\/05\/Principal-PR.webp\" class=\"blocks__apartment__item__thumbnail\"\/>\n            <header class=\"blocks__apartment__item__title\">\n                <h4>PREMIUM<\/h4>\n            <\/header>\n                        <section class=\"blocks__apartment__item__people\">\n                                            <span class=\"blocks__apartment__item__people__icon\"><svg xmlns=\"http:\/\/www.w3.org\/2000\/svg\" width=\"6.401\" height=\"17.07\" viewBox=\"0 0 6.401 17.07\" class=\"\"><path d=\"M3.2,0A2.134,2.134,0,1,1,1.067,2.134,2.134,2.134,0,0,1,3.2,0M4.8,4.8H4.422a2.93,2.93,0,0,1-2.443,0H1.6A1.6,1.6,0,0,0,0,6.4v4.534a.8.8,0,0,0,.8.8h.533V16.27a.8.8,0,0,0,.8.8H4.268a.8.8,0,0,0,.8-.8V11.736H5.6a.8.8,0,0,0,.8-.8V6.4A1.6,1.6,0,0,0,4.8,4.8Z\"\/><\/svg><\/span>\n                                            <span class=\"blocks__apartment__item__people__icon\"><svg xmlns=\"http:\/\/www.w3.org\/2000\/svg\" width=\"6.401\" height=\"17.07\" viewBox=\"0 0 6.401 17.07\" class=\"\"><path d=\"M3.2,0A2.134,2.134,0,1,1,1.067,2.134,2.134,2.134,0,0,1,3.2,0M4.8,4.8H4.422a2.93,2.93,0,0,1-2.443,0H1.6A1.6,1.6,0,0,0,0,6.4v4.534a.8.8,0,0,0,.8.8h.533V16.27a.8.8,0,0,0,.8.8H4.268a.8.8,0,0,0,.8-.8V11.736H5.6a.8.8,0,0,0,.8-.8V6.4A1.6,1.6,0,0,0,4.8,4.8Z\"\/><\/svg><\/span>\n                                    <span>2-3 people<\/span>\n            <\/section>\n                        <section class=\"blocks__apartment__item__excerpt\"> \n                <p>\n                    49-52 m\u00b2 de surface habitable, salon\/salle \u00e0 manger avec 1 canap\u00e9, cuisine, 1 chambre \u00e0 coucher avec un lit double, 1 chambre simple, 1 salle de bain entre les chambres avec baignoire ou douche et balcon ext\u00e9rieur selon la disponibilit\u00e9. \n                <\/p>\n            <\/section>\n            <div class=\"blocks__apartment__item__info\">\n                                <span class=\"blocks__apartment__item__info__readmore\">Plus d\u2019informations<\/span>\n            <\/div>\n        <\/article>\n    <\/a>\n<\/div>            <div class=\"blocks__apartment__item\">\n    <a href=\"https:\/\/www.lugaris.com\/fr\/family-avec-terrasse\/\">\n        <article>\n            <img decoding=\"async\" src=\"https:\/\/www.lugaris.com\/app\/uploads\/2023\/12\/2G8A0161.jpg\" class=\"blocks__apartment__item__thumbnail\"\/>\n            <header class=\"blocks__apartment__item__title\">\n                <h4>Family AVEC terraSSE<\/h4>\n            <\/header>\n                        <section class=\"blocks__apartment__item__people\">\n                                            <span class=\"blocks__apartment__item__people__icon\"><svg xmlns=\"http:\/\/www.w3.org\/2000\/svg\" width=\"6.401\" height=\"17.07\" viewBox=\"0 0 6.401 17.07\" class=\"\"><path d=\"M3.2,0A2.134,2.134,0,1,1,1.067,2.134,2.134,2.134,0,0,1,3.2,0M4.8,4.8H4.422a2.93,2.93,0,0,1-2.443,0H1.6A1.6,1.6,0,0,0,0,6.4v4.534a.8.8,0,0,0,.8.8h.533V16.27a.8.8,0,0,0,.8.8H4.268a.8.8,0,0,0,.8-.8V11.736H5.6a.8.8,0,0,0,.8-.8V6.4A1.6,1.6,0,0,0,4.8,4.8Z\"\/><\/svg><\/span>\n                                            <span class=\"blocks__apartment__item__people__icon\"><svg xmlns=\"http:\/\/www.w3.org\/2000\/svg\" width=\"6.401\" height=\"17.07\" viewBox=\"0 0 6.401 17.07\" class=\"\"><path d=\"M3.2,0A2.134,2.134,0,1,1,1.067,2.134,2.134,2.134,0,0,1,3.2,0M4.8,4.8H4.422a2.93,2.93,0,0,1-2.443,0H1.6A1.6,1.6,0,0,0,0,6.4v4.534a.8.8,0,0,0,.8.8h.533V16.27a.8.8,0,0,0,.8.8H4.268a.8.8,0,0,0,.8-.8V11.736H5.6a.8.8,0,0,0,.8-.8V6.4A1.6,1.6,0,0,0,4.8,4.8Z\"\/><\/svg><\/span>\n                                    <span>2-5 people<\/span>\n            <\/section>\n                        <section class=\"blocks__apartment__item__excerpt\"> \n                <p>\n                    63m\u00b2 de surface utile au rez-de-chauss\u00e9e, salon-salle \u00e0 manger avec 1 canap\u00e9-lit simple, cuisine, 1 chambre avec un lit double, 1 chambre avec 2 lits simples, 1 salle de bain avec douche et une terrasse de 65m\u00b2.\n                <\/p>\n            <\/section>\n            <div class=\"blocks__apartment__item__info\">\n                                <span class=\"blocks__apartment__item__info__readmore\">Plus d\u2019informations<\/span>\n            <\/div>\n        <\/article>\n    <\/a>\n<\/div>            <div class=\"blocks__apartment__item\">\n    <a href=\"https:\/\/www.lugaris.com\/fr\/lugaris-rambla-2-5-personnes-family\/\">\n        <article>\n            <img decoding=\"async\" src=\"https:\/\/www.lugaris.com\/app\/uploads\/2020\/05\/Principal-FR.webp\" class=\"blocks__apartment__item__thumbnail\"\/>\n            <header class=\"blocks__apartment__item__title\">\n                <h4>FAMILY<\/h4>\n            <\/header>\n                        <section class=\"blocks__apartment__item__people\">\n                                            <span class=\"blocks__apartment__item__people__icon\"><svg xmlns=\"http:\/\/www.w3.org\/2000\/svg\" width=\"6.401\" height=\"17.07\" viewBox=\"0 0 6.401 17.07\" class=\"\"><path d=\"M3.2,0A2.134,2.134,0,1,1,1.067,2.134,2.134,2.134,0,0,1,3.2,0M4.8,4.8H4.422a2.93,2.93,0,0,1-2.443,0H1.6A1.6,1.6,0,0,0,0,6.4v4.534a.8.8,0,0,0,.8.8h.533V16.27a.8.8,0,0,0,.8.8H4.268a.8.8,0,0,0,.8-.8V11.736H5.6a.8.8,0,0,0,.8-.8V6.4A1.6,1.6,0,0,0,4.8,4.8Z\"\/><\/svg><\/span>\n                                            <span class=\"blocks__apartment__item__people__icon\"><svg xmlns=\"http:\/\/www.w3.org\/2000\/svg\" width=\"6.401\" height=\"17.07\" viewBox=\"0 0 6.401 17.07\" class=\"\"><path d=\"M3.2,0A2.134,2.134,0,1,1,1.067,2.134,2.134,2.134,0,0,1,3.2,0M4.8,4.8H4.422a2.93,2.93,0,0,1-2.443,0H1.6A1.6,1.6,0,0,0,0,6.4v4.534a.8.8,0,0,0,.8.8h.533V16.27a.8.8,0,0,0,.8.8H4.268a.8.8,0,0,0,.8-.8V11.736H5.6a.8.8,0,0,0,.8-.8V6.4A1.6,1.6,0,0,0,4.8,4.8Z\"\/><\/svg><\/span>\n                                    <span>2-4 people<\/span>\n            <\/section>\n                        <section class=\"blocks__apartment__item__excerpt\"> \n                <p>\n                    53-57 m\u00b2 de surface habitable, salon\/salle \u00e0 manger avec 1 canap\u00e9-lit simple, cuisine, 1 chambre \u00e0 coucher avec lit double, 1 chambre avec un lit double, 1 chambre avec des lits simples ou des lits superpos\u00e9s selon la disponibilit\u00e9, 1 salle de bain avec baignoire, 1 salle de bain avec douche, balcon ou terrasse selon la disponibilit\u00e9. \n                <\/p>\n            <\/section>\n            <div class=\"blocks__apartment__item__info\">\n                                <span class=\"blocks__apartment__item__info__readmore\">Plus d\u2019informations<\/span>\n            <\/div>\n        <\/article>\n    <\/a>\n<\/div>            <div class=\"blocks__apartment__item\">\n    <a href=\"https:\/\/www.lugaris.com\/fr\/premium-superieur\/\">\n        <article>\n            <img decoding=\"async\" src=\"https:\/\/www.lugaris.com\/app\/uploads\/2025\/05\/menjador.webp\" class=\"blocks__apartment__item__thumbnail\"\/>\n            <header class=\"blocks__apartment__item__title\">\n                <h4>Premium sup\u00e9rieur<\/h4>\n            <\/header>\n                        <section class=\"blocks__apartment__item__people\">\n                                            <span class=\"blocks__apartment__item__people__icon\"><svg xmlns=\"http:\/\/www.w3.org\/2000\/svg\" width=\"6.401\" height=\"17.07\" viewBox=\"0 0 6.401 17.07\" class=\"\"><path d=\"M3.2,0A2.134,2.134,0,1,1,1.067,2.134,2.134,2.134,0,0,1,3.2,0M4.8,4.8H4.422a2.93,2.93,0,0,1-2.443,0H1.6A1.6,1.6,0,0,0,0,6.4v4.534a.8.8,0,0,0,.8.8h.533V16.27a.8.8,0,0,0,.8.8H4.268a.8.8,0,0,0,.8-.8V11.736H5.6a.8.8,0,0,0,.8-.8V6.4A1.6,1.6,0,0,0,4.8,4.8Z\"\/><\/svg><\/span>\n                                            <span class=\"blocks__apartment__item__people__icon\"><svg xmlns=\"http:\/\/www.w3.org\/2000\/svg\" width=\"6.401\" height=\"17.07\" viewBox=\"0 0 6.401 17.07\" class=\"\"><path d=\"M3.2,0A2.134,2.134,0,1,1,1.067,2.134,2.134,2.134,0,0,1,3.2,0M4.8,4.8H4.422a2.93,2.93,0,0,1-2.443,0H1.6A1.6,1.6,0,0,0,0,6.4v4.534a.8.8,0,0,0,.8.8h.533V16.27a.8.8,0,0,0,.8.8H4.268a.8.8,0,0,0,.8-.8V11.736H5.6a.8.8,0,0,0,.8-.8V6.4A1.6,1.6,0,0,0,4.8,4.8Z\"\/><\/svg><\/span>\n                                    <span>2-3 people<\/span>\n            <\/section>\n                        <section class=\"blocks__apartment__item__excerpt\"> \n                <p>\n                    49\u201352 m\u00b2, s\u00e9jour-salle \u00e0 manger avec canap\u00e9, cuisine, 1 chambre avec lit double, 1 chambre avec lit simple, 2 salles de bains attenantes aux chambres avec baignoire ou douche, et balcon ext\u00e9rieur.\n                <\/p>\n            <\/section>\n            <div class=\"blocks__apartment__item__info\">\n                                <span class=\"blocks__apartment__item__info__readmore\">Plus d\u2019informations<\/span>\n            <\/div>\n        <\/article>\n    <\/a>\n<\/div>            <div class=\"blocks__apartment__item\">\n    <a href=\"https:\/\/www.lugaris.com\/fr\/lugaris-rambla-2-5-personnes-premium\/\">\n        <article>\n            <img decoding=\"async\" src=\"https:\/\/www.lugaris.com\/app\/uploads\/2020\/04\/DSC6095-1.jpg\" class=\"blocks__apartment__item__thumbnail\"\/>\n            <header class=\"blocks__apartment__item__title\">\n                <h4>PREMIUM AVEC TERRASSE<\/h4>\n            <\/header>\n                        <section class=\"blocks__apartment__item__people\">\n                                            <span class=\"blocks__apartment__item__people__icon\"><svg xmlns=\"http:\/\/www.w3.org\/2000\/svg\" width=\"6.401\" height=\"17.07\" viewBox=\"0 0 6.401 17.07\" class=\"\"><path d=\"M3.2,0A2.134,2.134,0,1,1,1.067,2.134,2.134,2.134,0,0,1,3.2,0M4.8,4.8H4.422a2.93,2.93,0,0,1-2.443,0H1.6A1.6,1.6,0,0,0,0,6.4v4.534a.8.8,0,0,0,.8.8h.533V16.27a.8.8,0,0,0,.8.8H4.268a.8.8,0,0,0,.8-.8V11.736H5.6a.8.8,0,0,0,.8-.8V6.4A1.6,1.6,0,0,0,4.8,4.8Z\"\/><\/svg><\/span>\n                                            <span class=\"blocks__apartment__item__people__icon\"><svg xmlns=\"http:\/\/www.w3.org\/2000\/svg\" width=\"6.401\" height=\"17.07\" viewBox=\"0 0 6.401 17.07\" class=\"\"><path d=\"M3.2,0A2.134,2.134,0,1,1,1.067,2.134,2.134,2.134,0,0,1,3.2,0M4.8,4.8H4.422a2.93,2.93,0,0,1-2.443,0H1.6A1.6,1.6,0,0,0,0,6.4v4.534a.8.8,0,0,0,.8.8h.533V16.27a.8.8,0,0,0,.8.8H4.268a.8.8,0,0,0,.8-.8V11.736H5.6a.8.8,0,0,0,.8-.8V6.4A1.6,1.6,0,0,0,4.8,4.8Z\"\/><\/svg><\/span>\n                                    <span>2-5 people<\/span>\n            <\/section>\n                        <section class=\"blocks__apartment__item__excerpt\"> \n                <p>\n                    50-55 m\u00b2 de surface habitable au 1er \u00e9tage avec acc\u00e8s par escalier, salon\/salle \u00e0 manger avec 1 canap\u00e9-lit simple, cuisine, 1 chambre avec lit double, 1 chambre avec 2 lits simples, 1 salle de bain avec douche et terrasse de 22 m\u00b2. \n                <\/p>\n            <\/section>\n            <div class=\"blocks__apartment__item__info\">\n                                <span class=\"blocks__apartment__item__info__readmore\">Plus d\u2019informations<\/span>\n            <\/div>\n        <\/article>\n    <\/a>\n<\/div>    <\/section><\/article>\n<div style=\"display:none\">\nNULL\n<\/div><article>\n  <header class=\"blocks__location__header \"\n     >\n    <a href=\"https:\/\/www.lugaris.com\/lugaris-beach\/\">\n      <h3>Lugaris Beach<\/h3>\n              <h4>Passeig de Calvell 45 08005 Barcelona<\/h4>\n          <\/a>\n  <\/header>\n\n  <section class=\"blocks__apartment__list\">\n            <div class=\"blocks__apartment__item\">\n    <a href=\"https:\/\/www.lugaris.com\/fr\/lugaris-beach-2-3-personnes-business\/\">\n        <article>\n            <img decoding=\"async\" src=\"https:\/\/www.lugaris.com\/app\/uploads\/2020\/05\/Principal-BA-scaled.webp\" class=\"blocks__apartment__item__thumbnail\"\/>\n            <header class=\"blocks__apartment__item__title\">\n                <h4>Business<\/h4>\n            <\/header>\n                        <section class=\"blocks__apartment__item__people\">\n                                            <span class=\"blocks__apartment__item__people__icon\"><svg xmlns=\"http:\/\/www.w3.org\/2000\/svg\" width=\"6.401\" height=\"17.07\" viewBox=\"0 0 6.401 17.07\" class=\"\"><path d=\"M3.2,0A2.134,2.134,0,1,1,1.067,2.134,2.134,2.134,0,0,1,3.2,0M4.8,4.8H4.422a2.93,2.93,0,0,1-2.443,0H1.6A1.6,1.6,0,0,0,0,6.4v4.534a.8.8,0,0,0,.8.8h.533V16.27a.8.8,0,0,0,.8.8H4.268a.8.8,0,0,0,.8-.8V11.736H5.6a.8.8,0,0,0,.8-.8V6.4A1.6,1.6,0,0,0,4.8,4.8Z\"\/><\/svg><\/span>\n                                            <span class=\"blocks__apartment__item__people__icon\"><svg xmlns=\"http:\/\/www.w3.org\/2000\/svg\" width=\"6.401\" height=\"17.07\" viewBox=\"0 0 6.401 17.07\" class=\"\"><path d=\"M3.2,0A2.134,2.134,0,1,1,1.067,2.134,2.134,2.134,0,0,1,3.2,0M4.8,4.8H4.422a2.93,2.93,0,0,1-2.443,0H1.6A1.6,1.6,0,0,0,0,6.4v4.534a.8.8,0,0,0,.8.8h.533V16.27a.8.8,0,0,0,.8.8H4.268a.8.8,0,0,0,.8-.8V11.736H5.6a.8.8,0,0,0,.8-.8V6.4A1.6,1.6,0,0,0,4.8,4.8Z\"\/><\/svg><\/span>\n                                    <span>2-3 people<\/span>\n            <\/section>\n                        <section class=\"blocks__apartment__item__excerpt\"> \n                <p>\n                    Surface 47-62 m\u00b2, situ\u00e9 entre le 1er et le 4\u00e8me \u00e9tage, 1 cuisine ouverte, 1 salon\/salle \u00e0 manger avec 1 canap\u00e9-lit, 1 chambre avec 1 lit double ou lits simples, 1 salle de bain avec baignoire ou douche.\n                <\/p>\n            <\/section>\n            <div class=\"blocks__apartment__item__info\">\n                                <span class=\"blocks__apartment__item__info__readmore\">Plus d\u2019informations<\/span>\n            <\/div>\n        <\/article>\n    <\/a>\n<\/div>            <div class=\"blocks__apartment__item\">\n    <a href=\"https:\/\/www.lugaris.com\/fr\/lugaris-beach-2-4-personnes-superior\/\">\n        <article>\n            <img decoding=\"async\" src=\"https:\/\/www.lugaris.com\/app\/uploads\/2020\/04\/Principal-BS-scaled.webp\" class=\"blocks__apartment__item__thumbnail\"\/>\n            <header class=\"blocks__apartment__item__title\">\n                <h4>Business Superior<\/h4>\n            <\/header>\n                        <section class=\"blocks__apartment__item__people\">\n                                            <span class=\"blocks__apartment__item__people__icon\"><svg xmlns=\"http:\/\/www.w3.org\/2000\/svg\" width=\"6.401\" height=\"17.07\" viewBox=\"0 0 6.401 17.07\" class=\"\"><path d=\"M3.2,0A2.134,2.134,0,1,1,1.067,2.134,2.134,2.134,0,0,1,3.2,0M4.8,4.8H4.422a2.93,2.93,0,0,1-2.443,0H1.6A1.6,1.6,0,0,0,0,6.4v4.534a.8.8,0,0,0,.8.8h.533V16.27a.8.8,0,0,0,.8.8H4.268a.8.8,0,0,0,.8-.8V11.736H5.6a.8.8,0,0,0,.8-.8V6.4A1.6,1.6,0,0,0,4.8,4.8Z\"\/><\/svg><\/span>\n                                            <span class=\"blocks__apartment__item__people__icon\"><svg xmlns=\"http:\/\/www.w3.org\/2000\/svg\" width=\"6.401\" height=\"17.07\" viewBox=\"0 0 6.401 17.07\" class=\"\"><path d=\"M3.2,0A2.134,2.134,0,1,1,1.067,2.134,2.134,2.134,0,0,1,3.2,0M4.8,4.8H4.422a2.93,2.93,0,0,1-2.443,0H1.6A1.6,1.6,0,0,0,0,6.4v4.534a.8.8,0,0,0,.8.8h.533V16.27a.8.8,0,0,0,.8.8H4.268a.8.8,0,0,0,.8-.8V11.736H5.6a.8.8,0,0,0,.8-.8V6.4A1.6,1.6,0,0,0,4.8,4.8Z\"\/><\/svg><\/span>\n                                    <span>2-3 people<\/span>\n            <\/section>\n                        <section class=\"blocks__apartment__item__excerpt\"> \n                <p>\n                    Surface 47-62 m\u00b2, situ\u00e9 entre le 4\u00e8 et le 7\u00e8me \u00e9tage avec vue sur la ville, salon\/salle \u00e0 manger avec 1 canap\u00e9-lit simple, cuisine am\u00e9ricaine, 1 chambre avec lit double ou 2 lits simples et 1 salle de bain avec baignoire. \n                <\/p>\n            <\/section>\n            <div class=\"blocks__apartment__item__info\">\n                                <span class=\"blocks__apartment__item__info__readmore\">Plus d\u2019informations<\/span>\n            <\/div>\n        <\/article>\n    <\/a>\n<\/div>            <div class=\"blocks__apartment__item\">\n    <a href=\"https:\/\/www.lugaris.com\/fr\/lugaris-beach-business-sea-view\/\">\n        <article>\n            <img decoding=\"async\" src=\"https:\/\/www.lugaris.com\/app\/uploads\/2020\/04\/Principal-BSV.webp\" class=\"blocks__apartment__item__thumbnail\"\/>\n            <header class=\"blocks__apartment__item__title\">\n                <h4>Business Sea View<\/h4>\n            <\/header>\n                        <section class=\"blocks__apartment__item__people\">\n                                            <span class=\"blocks__apartment__item__people__icon\"><svg xmlns=\"http:\/\/www.w3.org\/2000\/svg\" width=\"6.401\" height=\"17.07\" viewBox=\"0 0 6.401 17.07\" class=\"\"><path d=\"M3.2,0A2.134,2.134,0,1,1,1.067,2.134,2.134,2.134,0,0,1,3.2,0M4.8,4.8H4.422a2.93,2.93,0,0,1-2.443,0H1.6A1.6,1.6,0,0,0,0,6.4v4.534a.8.8,0,0,0,.8.8h.533V16.27a.8.8,0,0,0,.8.8H4.268a.8.8,0,0,0,.8-.8V11.736H5.6a.8.8,0,0,0,.8-.8V6.4A1.6,1.6,0,0,0,4.8,4.8Z\"\/><\/svg><\/span>\n                                            <span class=\"blocks__apartment__item__people__icon\"><svg xmlns=\"http:\/\/www.w3.org\/2000\/svg\" width=\"6.401\" height=\"17.07\" viewBox=\"0 0 6.401 17.07\" class=\"\"><path d=\"M3.2,0A2.134,2.134,0,1,1,1.067,2.134,2.134,2.134,0,0,1,3.2,0M4.8,4.8H4.422a2.93,2.93,0,0,1-2.443,0H1.6A1.6,1.6,0,0,0,0,6.4v4.534a.8.8,0,0,0,.8.8h.533V16.27a.8.8,0,0,0,.8.8H4.268a.8.8,0,0,0,.8-.8V11.736H5.6a.8.8,0,0,0,.8-.8V6.4A1.6,1.6,0,0,0,4.8,4.8Z\"\/><\/svg><\/span>\n                                    <span>2-3 people<\/span>\n            <\/section>\n                        <section class=\"blocks__apartment__item__excerpt\"> \n                <p>\n                    47-57 m\u00b2 de surface habitable avec vue sur la mer de face ou de c\u00f4t\u00e9 selon la disponibilit\u00e9, salon-salle \u00e0 manger avec 1 canap\u00e9-lit simple, cuisine ouverte, 1 chambre avec lit double et 1 salle de bain avec baignoire. \n                <\/p>\n            <\/section>\n            <div class=\"blocks__apartment__item__info\">\n                                <span class=\"blocks__apartment__item__info__readmore\">Plus d\u2019informations<\/span>\n            <\/div>\n        <\/article>\n    <\/a>\n<\/div>            <div class=\"blocks__apartment__item\">\n    <a href=\"https:\/\/www.lugaris.com\/fr\/lugaris-beach-2-4-personnes-premium\/\">\n        <article>\n            <img decoding=\"async\" src=\"https:\/\/www.lugaris.com\/app\/uploads\/2020\/04\/Principal-PA-scaled.webp\" class=\"blocks__apartment__item__thumbnail\"\/>\n            <header class=\"blocks__apartment__item__title\">\n                <h4>Premium<\/h4>\n            <\/header>\n                        <section class=\"blocks__apartment__item__people\">\n                                            <span class=\"blocks__apartment__item__people__icon\"><svg xmlns=\"http:\/\/www.w3.org\/2000\/svg\" width=\"6.401\" height=\"17.07\" viewBox=\"0 0 6.401 17.07\" class=\"\"><path d=\"M3.2,0A2.134,2.134,0,1,1,1.067,2.134,2.134,2.134,0,0,1,3.2,0M4.8,4.8H4.422a2.93,2.93,0,0,1-2.443,0H1.6A1.6,1.6,0,0,0,0,6.4v4.534a.8.8,0,0,0,.8.8h.533V16.27a.8.8,0,0,0,.8.8H4.268a.8.8,0,0,0,.8-.8V11.736H5.6a.8.8,0,0,0,.8-.8V6.4A1.6,1.6,0,0,0,4.8,4.8Z\"\/><\/svg><\/span>\n                                            <span class=\"blocks__apartment__item__people__icon\"><svg xmlns=\"http:\/\/www.w3.org\/2000\/svg\" width=\"6.401\" height=\"17.07\" viewBox=\"0 0 6.401 17.07\" class=\"\"><path d=\"M3.2,0A2.134,2.134,0,1,1,1.067,2.134,2.134,2.134,0,0,1,3.2,0M4.8,4.8H4.422a2.93,2.93,0,0,1-2.443,0H1.6A1.6,1.6,0,0,0,0,6.4v4.534a.8.8,0,0,0,.8.8h.533V16.27a.8.8,0,0,0,.8.8H4.268a.8.8,0,0,0,.8-.8V11.736H5.6a.8.8,0,0,0,.8-.8V6.4A1.6,1.6,0,0,0,4.8,4.8Z\"\/><\/svg><\/span>\n                                    <span>2-3 people<\/span>\n            <\/section>\n                        <section class=\"blocks__apartment__item__excerpt\"> \n                <p>\n                    53-63 m\u00b2 de surface habitable, salon-salle \u00e0 manger avec 1 canap\u00e9, kitchenette, 1 chambre avec un lit double, 1 lit simple dans le salon et 1 salle de bains avec baignoire.\n                <\/p>\n            <\/section>\n            <div class=\"blocks__apartment__item__info\">\n                                <span class=\"blocks__apartment__item__info__readmore\">Plus d\u2019informations<\/span>\n            <\/div>\n        <\/article>\n    <\/a>\n<\/div>            <div class=\"blocks__apartment__item\">\n    <a href=\"https:\/\/www.lugaris.com\/fr\/lugaris-beach-para-2-a-5-personnes-premium-avec-2-chambres\/\">\n        <article>\n            <img decoding=\"async\" src=\"https:\/\/www.lugaris.com\/app\/uploads\/2020\/04\/Principal-PSA.webp\" class=\"blocks__apartment__item__thumbnail\"\/>\n            <header class=\"blocks__apartment__item__title\">\n                <h4>Premium Superior<\/h4>\n            <\/header>\n                        <section class=\"blocks__apartment__item__people\">\n                                            <span class=\"blocks__apartment__item__people__icon\"><svg xmlns=\"http:\/\/www.w3.org\/2000\/svg\" width=\"6.401\" height=\"17.07\" viewBox=\"0 0 6.401 17.07\" class=\"\"><path d=\"M3.2,0A2.134,2.134,0,1,1,1.067,2.134,2.134,2.134,0,0,1,3.2,0M4.8,4.8H4.422a2.93,2.93,0,0,1-2.443,0H1.6A1.6,1.6,0,0,0,0,6.4v4.534a.8.8,0,0,0,.8.8h.533V16.27a.8.8,0,0,0,.8.8H4.268a.8.8,0,0,0,.8-.8V11.736H5.6a.8.8,0,0,0,.8-.8V6.4A1.6,1.6,0,0,0,4.8,4.8Z\"\/><\/svg><\/span>\n                                            <span class=\"blocks__apartment__item__people__icon\"><svg xmlns=\"http:\/\/www.w3.org\/2000\/svg\" width=\"6.401\" height=\"17.07\" viewBox=\"0 0 6.401 17.07\" class=\"\"><path d=\"M3.2,0A2.134,2.134,0,1,1,1.067,2.134,2.134,2.134,0,0,1,3.2,0M4.8,4.8H4.422a2.93,2.93,0,0,1-2.443,0H1.6A1.6,1.6,0,0,0,0,6.4v4.534a.8.8,0,0,0,.8.8h.533V16.27a.8.8,0,0,0,.8.8H4.268a.8.8,0,0,0,.8-.8V11.736H5.6a.8.8,0,0,0,.8-.8V6.4A1.6,1.6,0,0,0,4.8,4.8Z\"\/><\/svg><\/span>\n                                    <span>2-5 people<\/span>\n            <\/section>\n                        <section class=\"blocks__apartment__item__excerpt\"> \n                <p>\n                    53-63 m\u00b2 de surface habitable, salon\/salle \u00e0 manger avec 1 canap\u00e9-lit simple ou double, kitchenette, 1 chambre \u00e0 coucher avec un lit double, 1 chambre \u00e0 coucher avec 2 lits simples, 1 salle de bain avec baignoire et 1 salle de bain avec douche. \n                <\/p>\n            <\/section>\n            <div class=\"blocks__apartment__item__info\">\n                                <span class=\"blocks__apartment__item__info__readmore\">Plus d\u2019informations<\/span>\n            <\/div>\n        <\/article>\n    <\/a>\n<\/div>            <div class=\"blocks__apartment__item\">\n    <a href=\"https:\/\/www.lugaris.com\/fr\/lugaris-beach-4-6-personnes-family\/\">\n        <article>\n            <img decoding=\"async\" src=\"https:\/\/www.lugaris.com\/app\/uploads\/2020\/05\/Principal-FA-scaled.webp\" class=\"blocks__apartment__item__thumbnail\"\/>\n            <header class=\"blocks__apartment__item__title\">\n                <h4>Family<\/h4>\n            <\/header>\n                        <section class=\"blocks__apartment__item__people\">\n                                            <span class=\"blocks__apartment__item__people__icon\"><svg xmlns=\"http:\/\/www.w3.org\/2000\/svg\" width=\"6.401\" height=\"17.07\" viewBox=\"0 0 6.401 17.07\" class=\"\"><path d=\"M3.2,0A2.134,2.134,0,1,1,1.067,2.134,2.134,2.134,0,0,1,3.2,0M4.8,4.8H4.422a2.93,2.93,0,0,1-2.443,0H1.6A1.6,1.6,0,0,0,0,6.4v4.534a.8.8,0,0,0,.8.8h.533V16.27a.8.8,0,0,0,.8.8H4.268a.8.8,0,0,0,.8-.8V11.736H5.6a.8.8,0,0,0,.8-.8V6.4A1.6,1.6,0,0,0,4.8,4.8Z\"\/><\/svg><\/span>\n                                            <span class=\"blocks__apartment__item__people__icon\"><svg xmlns=\"http:\/\/www.w3.org\/2000\/svg\" width=\"6.401\" height=\"17.07\" viewBox=\"0 0 6.401 17.07\" class=\"\"><path d=\"M3.2,0A2.134,2.134,0,1,1,1.067,2.134,2.134,2.134,0,0,1,3.2,0M4.8,4.8H4.422a2.93,2.93,0,0,1-2.443,0H1.6A1.6,1.6,0,0,0,0,6.4v4.534a.8.8,0,0,0,.8.8h.533V16.27a.8.8,0,0,0,.8.8H4.268a.8.8,0,0,0,.8-.8V11.736H5.6a.8.8,0,0,0,.8-.8V6.4A1.6,1.6,0,0,0,4.8,4.8Z\"\/><\/svg><\/span>\n                                            <span class=\"blocks__apartment__item__people__icon\"><svg xmlns=\"http:\/\/www.w3.org\/2000\/svg\" width=\"6.401\" height=\"17.07\" viewBox=\"0 0 6.401 17.07\" class=\"\"><path d=\"M3.2,0A2.134,2.134,0,1,1,1.067,2.134,2.134,2.134,0,0,1,3.2,0M4.8,4.8H4.422a2.93,2.93,0,0,1-2.443,0H1.6A1.6,1.6,0,0,0,0,6.4v4.534a.8.8,0,0,0,.8.8h.533V16.27a.8.8,0,0,0,.8.8H4.268a.8.8,0,0,0,.8-.8V11.736H5.6a.8.8,0,0,0,.8-.8V6.4A1.6,1.6,0,0,0,4.8,4.8Z\"\/><\/svg><\/span>\n                                            <span class=\"blocks__apartment__item__people__icon\"><svg xmlns=\"http:\/\/www.w3.org\/2000\/svg\" width=\"6.401\" height=\"17.07\" viewBox=\"0 0 6.401 17.07\" class=\"\"><path d=\"M3.2,0A2.134,2.134,0,1,1,1.067,2.134,2.134,2.134,0,0,1,3.2,0M4.8,4.8H4.422a2.93,2.93,0,0,1-2.443,0H1.6A1.6,1.6,0,0,0,0,6.4v4.534a.8.8,0,0,0,.8.8h.533V16.27a.8.8,0,0,0,.8.8H4.268a.8.8,0,0,0,.8-.8V11.736H5.6a.8.8,0,0,0,.8-.8V6.4A1.6,1.6,0,0,0,4.8,4.8Z\"\/><\/svg><\/span>\n                                    <span>4-6 people<\/span>\n            <\/section>\n                        <section class=\"blocks__apartment__item__excerpt\"> \n                <p>\n                    80-102 m\u00b2 de surface habitable, salon\/salle \u00e0 manger avec 2 canap\u00e9s-lits simples, kitchenette, 1 chambre double avec salle de bain privative avec baignoire, 1 chambre avec 2 lits simples avec salle de bain privative avec douche. \n                <\/p>\n            <\/section>\n            <div class=\"blocks__apartment__item__info\">\n                                <span class=\"blocks__apartment__item__info__readmore\">Plus d\u2019informations<\/span>\n            <\/div>\n        <\/article>\n    <\/a>\n<\/div>    <\/section><\/article>\n<div style=\"display:none\">\nNULL\n<\/div><\/p>\n<h2 class=\"wp-block-heading\"><b>H\u00f4tels<\/b><strong>&nbsp;proches de Primavera Sound et des autres festivals<\/strong><\/h2>\n<p><\/p>\n<figure><img decoding=\"async\" src=\"https:\/\/www.lugaris.com\/app\/uploads\/2020\/05\/Primavera-Sound.jpg\" alt=\"\"><\/figure>\n<p><\/p>\n<p class=\"is-layout-flex wp-container-core-columns-layout-1 wp-block-columns-is-layout-flex\"><\/p>\n<p class=\"is-layout-flow wp-block-column-is-layout-flow\"><\/p>\n<p>Le climat chaud de Barcelone fait de cette ville l&#8217;endroit id\u00e9al pour organiser des festivals de musique, et le Parc du F\u00f3rum est le cadre parfait pour ces \u00e9v\u00e9nements gr\u00e2ce \u00e0 ses vastes espaces permettant de construire de grandes sc\u00e8nes. C&#8217;est pourquoi de nombreux festivals de musique de Barcelone se tiennent dans ce lieu. L&#8217;un des plus c\u00e9l\u00e8bres est le Primavera Sound, un festival avec une longue trajectoire qui est devenu l&#8217;un des \u00e9v\u00e9nements musicaux embl\u00e9matiques de la ville. Il se d\u00e9roule habituellement entre mai et juin, offrant des performances musicales avant-gardistes pour tous les go\u00fbts, du pop au rock, en passant par l&#8217;\u00e9lectronique et d&#8217;autres genres musicaux. Beaucoup de participants \u00e0 ce festival cherchent un h\u00f4tel pr\u00e8s du Primavera Sound o\u00f9 ils peuvent se reposer et se d\u00e9tendre apr\u00e8s une nuit pleine de musique et d&#8217;\u00e9motions. \u00c0 cet \u00e9gard, Lugaris Beach est l&#8217;h\u00e9bergement id\u00e9al pour eux, offrant un acc\u00e8s \u00e0 notre piscine pour se rafra\u00eechir pendant la journ\u00e9e, et des appartements proches du Primavera Sound pour cuisiner \u00e0 leur guise avant de continuer une nouvelle journ\u00e9e de chansons et de danse.<\/p>\n<p>Le <strong>Primavera Sound<\/strong> n&#8217;est pas le seul festival c\u00e9l\u00e9br\u00e9 au Parc du F\u00f3rum de Barcelone. On y trouve \u00e9galement un grand nombre d&#8217;autres festivals musicaux, dont le festival Cru\u00eflla est l&#8217;un des plus importants. Ce festival a g\u00e9n\u00e9ralement lieu en juillet et pr\u00e9sente un m\u00e9lange de styles musicaux qui plaira presque \u00e0 tout le monde : du pop national bien connu aux groupes indie, en passant par le rap, les DJs de musique \u00e9lectronique et m\u00eame la musique folk.<\/p>\n<p>D&#8217;autres festivals qui ont eu lieu au F\u00f3rum de Barcelone incluent le Matin\u00e9e Festival, le Barcelona Beach Festival, la Telecogresca, et m\u00eame le BAM, le festival de musique gratuit qui se tient lors de la grande f\u00eate de la Merc\u00e9 \u00e0 la fin septembre.<\/p>\n<p>Quel est votre festival pr\u00e9f\u00e9r\u00e9? Chez Lugaris, vous trouverez votre h\u00f4tel pr\u00e8s du Forum de Barcelone, vous pla\u00e7ant toujours \u00e0 <strong>proximit\u00e9 des meilleurs festivals<\/strong> de musique de la ville<\/p>\n\n<p><\/p>\n<p><\/p>\n<h2 class=\"wp-block-heading\"><strong>Logements pr\u00e8s du CCIB <\/strong><\/h2>\n<p><\/p>\n<figure><img decoding=\"async\" src=\"https:\/\/www.lugaris.com\/app\/uploads\/2022\/03\/ccib_lugaris.jpg\" alt=\"\"><\/figure>\n<p><\/p>\n<p class=\"is-layout-flex wp-container-core-columns-layout-2 wp-block-columns-is-layout-flex\"><\/p>\n<p class=\"is-layout-flow wp-block-column-is-layout-flow\"><\/p>\n<p>En plus de la Fira de Barcelona, la ville de Barcelone dispose d&#8217;autres grands sites o\u00f9 se d\u00e9roulent des \u00e9v\u00e9nements, des conventions et des foires de port\u00e9e nationale et internationale. C&#8217;est le cas du CCIB, le Centre de Conventions International de Barcelone. Les espaces de ce lieu comprennent 100 000 m\u00e8tres carr\u00e9s r\u00e9partis entre le centre de conventions, qui compte 3 \u00e9tages et 8 espaces distincts, l&#8217;auditorium du Forum, o\u00f9, en plus des concerts, des conf\u00e9rences peuvent \u00eatre organis\u00e9es avec une grande capacit\u00e9 d&#8217;accueil, puisqu&#8217;il dispose de plus de 3000 si\u00e8ges, et le b\u00e2timent du lobby qui sert d&#8217;entr\u00e9e au site et d&#8217;espace multifonctionnel pour accueillir les participants de tous les \u00e9v\u00e9nements qui y ont lieu. Si vous recherchez un h\u00f4tel pr\u00e8s du Forum de Barcelone pour assister \u00e0 un \u00e9v\u00e9nement au <strong>CCIB<\/strong>, Lugaris Rambla est l&#8217;endroit id\u00e9al pour vous. Avec les appartements Business, parfaits pour les travailleurs ayant besoin d&#8217;un h\u00e9bergement pendant les foires et expositions, vous trouverez l&#8217;oasis de tranquillit\u00e9 que vous recherchez apr\u00e8s une longue journ\u00e9e de travail, avec tout l&#8217;\u00e9quipement dont vous avez besoin : depuis la machine \u00e0 caf\u00e9 avec capsules de caf\u00e9, une cuisine bien \u00e9quip\u00e9e, une connexion Wi-Fi \u00e0 haute vitesse, et bien plus encore.<\/p>\n<p>Vous voulez conna\u00eetre certains des \u00e9v\u00e9nements les plus importants qui se tiennent au <strong>CCIB<\/strong> ? Voici quelques-uns d&#8217;entre eux :<\/p>\n<ul>\n<li>Conf\u00e9rence mondiale sur la s\u00e9curit\u00e9 alimentaire<\/li>\n<li>Sommet sur la red\u00e9finition des soins de sant\u00e9<\/li>\n<li>Forum MedTech<\/li>\n<li>Congr\u00e8s mondial de l&#8217;INS<\/li>\n<li>Congr\u00e8s international de physioth\u00e9rapie<\/li>\n<li>Nutraceuticals<\/li>\n<li>Conf\u00e9rence europ\u00e9enne sur le cancer du sein<\/li>\n<li>&nbsp;<\/li>\n<\/ul>\n<p>Il y a bien d&#8217;autres \u00e9v\u00e9nements qui ont lieu au <strong>CCIB<\/strong>, donc Lugaris vous ouvre \u00e9galement ses portes si vous cherchez un h\u00f4tel pr\u00e8s du Forum de Barcelone et que vous assistez \u00e0 une conf\u00e9rence que nous n&#8217;avons pas mentionn\u00e9e plus haut.<\/p>\n\n<p><\/p>\n<p><\/p>\n<h2 class=\"wp-block-heading\"><strong>A propos du Parc del Forum \u00e0 Barcelone<\/strong><\/h2>\n<p><\/p>\n<figure><img decoding=\"async\" src=\"https:\/\/www.lugaris.com\/app\/uploads\/2022\/03\/forum_lugaris1.jpg\" alt=\"\"><\/figure>\n<p><\/p>\n<p class=\"is-layout-flex wp-container-core-columns-layout-3 wp-block-columns-is-layout-flex\"><\/p>\n<p class=\"is-layout-flow wp-block-column-is-layout-flow\"><\/p>\n<p>Le Parc du F\u00f3rum de Barcelone a \u00e9t\u00e9 un grand projet qui a compl\u00e8tement red\u00e9fini l&#8217;architecture de la ville. Cr\u00e9\u00e9 en 2004 \u00e0 l&#8217;occasion du Forum International des Cultures, l&#8217;espace a \u00e9t\u00e9 r\u00e9utilis\u00e9 depuis pour diverses fonctions. Le Parc du F\u00f3rum dispose de trois grandes esplanades et de deux auditoriums en plein air de grande capacit\u00e9, ainsi que de chapiteaux pour organiser des \u00e9v\u00e9nements en int\u00e9rieur et de diff\u00e9rentes grandes places. De plus, il poss\u00e8de un grand auditorium avec des places pour plus de 3000 spectateurs et un vaste centre de conventions.<\/p>\n<p><strong>O\u00f9 manger pr\u00e8s du F\u00f3rum de Barcelone<\/strong> : Si vous ne souhaitez pas manger dans les food trucks ou autres espaces am\u00e9nag\u00e9s du site, vous pouvez \u00e9galement vous rendre dans des restaurants comme la Cantina Marina Seca, o\u00f9 vous pourrez d\u00e9guster des plats typiques de la ville avec des menus de midi ; le Lahore Restaurant, o\u00f9 savourer le meilleur de la cuisine pakistanaise ; ou le Nomomoto Barcelona, surtout si vous avez envie de sushi pendant votre s\u00e9jour.<\/p>\n<p><strong>Que voir pr\u00e8s du F\u00f3rum de Barcelone<\/strong> : Pr\u00e8s du parc du F\u00f3rum, vous pouvez vous promener sur diff\u00e9rentes plages proches comme la Mar Bella ou le Bogatell. Si vous le souhaitez, vous pouvez \u00e9galement faire du shopping dans le centre commercial Diagonal Mar. De plus, vous pouvez aussi profiter d&#8217;une agr\u00e9able promenade dans le parc central de Poblenou ou profiter de quelques bi\u00e8res sur la Rambla del Poblenou, o\u00f9 se trouvent nos appartements pr\u00e8s du F\u00f3rum Lugaris Rambla.<\/p>\n<p><strong>Transport public au F\u00f3rum de Barcelone<\/strong> : Pour vous rendre au F\u00f3rum de Barcelone en transport public, vous avez plusieurs options : Depuis la ligne T4 du tramway, les lignes 7, B20, H16 et V33 de bus et le m\u00e9tro ligne 4, arr\u00eat Parc du F\u00f3rum.<\/p>\n<p><strong>O\u00f9 dormir pr\u00e8s du F\u00f3rum de Barcelone<\/strong> : Il existe de nombreuses options d&#8217;h\u00e9bergement pr\u00e8s du F\u00f3rum de Barcelone. N\u00e9anmoins, Lugaris Beach et Lugaris Rambla offrent l&#8217;une des meilleures alternatives si vous recherchez un appartement avec les meilleur services \u00e0 proximit\u00e9 de ce site, que vous veniez pour assister au Primavera Sound ou \u00e0 une convention au CCIB.<\/p>\n<p><\/p>\n&nbsp;\n<p class=\"is-layout-flow wp-block-column-is-layout-flow\"><\/p>\n<p><\/p>\n<p><\/p>\n<p><\/p>","protected":false},"excerpt":{"rendered":"<p>Barcelone est une ville pleine de contrastes, et de fait, avec un grand panel d&#8217;activit\u00e9s \u00e0 r\u00e9aliser. Que vous y alliez pour les affaires ou pour le plaisir, il est essentiel &#8230;<\/p>\n","protected":false},"author":5,"featured_media":17906,"parent":0,"menu_order":0,"comment_status":"closed","ping_status":"closed","template":"","meta":{"_uag_custom_page_level_css":"","footnotes":""},"yoast_head":"<!-- This site is optimized with the Yoast SEO plugin v23.1 - https:\/\/yoast.com\/wordpress\/plugins\/seo\/ -->\n<title>H\u00f4tels proches du Forum de Barcelone | Lugaris<\/title>\n<meta name=\"description\" content=\"D\u00e9couvrez le logement de Lugaris \u00e0 proximit\u00e9 du Forum de Barcelone, l&#039;un des sites o\u00f9 sont organis\u00e9s la majorit\u00e9 des \u00e9v\u00e9nements de la ville.\" \/>\n<meta name=\"robots\" content=\"index, follow, max-snippet:-1, max-image-preview:large, max-video-preview:-1\" \/>\n<link rel=\"canonical\" href=\"https:\/\/www.lugaris.com\/fr\/hotels-proches-forum-barcelone\/\" \/>\n<meta property=\"og:locale\" content=\"fr_FR\" \/>\n<meta property=\"og:type\" content=\"article\" \/>\n<meta property=\"og:title\" content=\"H\u00f4tels proches du Forum de Barcelone | Lugaris\" \/>\n<meta property=\"og:description\" content=\"D\u00e9couvrez le logement de Lugaris \u00e0 proximit\u00e9 du Forum de Barcelone, l&#039;un des sites o\u00f9 sont organis\u00e9s la majorit\u00e9 des \u00e9v\u00e9nements de la ville.\" \/>\n<meta property=\"og:url\" content=\"https:\/\/www.lugaris.com\/fr\/hotels-proches-forum-barcelone\/\" \/>\n<meta property=\"og:site_name\" content=\"Lugaris\" \/>\n<meta property=\"article:modified_time\" content=\"2024-04-24T11:04:09+00:00\" \/>\n<meta property=\"og:image\" content=\"https:\/\/www.lugaris.com\/app\/uploads\/2022\/03\/forum_lugaris1.jpg\" \/>\n\t<meta property=\"og:image:width\" content=\"1024\" \/>\n\t<meta property=\"og:image:height\" content=\"760\" \/>\n\t<meta property=\"og:image:type\" content=\"image\/jpeg\" \/>\n<meta name=\"twitter:card\" content=\"summary_large_image\" \/>\n<meta name=\"twitter:label1\" content=\"Est. reading time\" \/>\n\t<meta name=\"twitter:data1\" content=\"7 minutes\" \/>\n<script type=\"application\/ld+json\" class=\"yoast-schema-graph\">{\"@context\":\"https:\/\/schema.org\",\"@graph\":[{\"@type\":\"WebPage\",\"@id\":\"https:\/\/www.lugaris.com\/fr\/hotels-proches-forum-barcelone\/\",\"url\":\"https:\/\/www.lugaris.com\/fr\/hotels-proches-forum-barcelone\/\",\"name\":\"H\u00f4tels proches du Forum de Barcelone | Lugaris\",\"isPartOf\":{\"@id\":\"https:\/\/www.lugaris.com\/fr\/#website\"},\"primaryImageOfPage\":{\"@id\":\"https:\/\/www.lugaris.com\/fr\/hotels-proches-forum-barcelone\/#primaryimage\"},\"image\":{\"@id\":\"https:\/\/www.lugaris.com\/fr\/hotels-proches-forum-barcelone\/#primaryimage\"},\"thumbnailUrl\":\"https:\/\/www.lugaris.com\/app\/uploads\/2022\/03\/forum_lugaris1.jpg\",\"datePublished\":\"2022-03-14T12:04:48+00:00\",\"dateModified\":\"2024-04-24T11:04:09+00:00\",\"description\":\"D\u00e9couvrez le logement de Lugaris \u00e0 proximit\u00e9 du Forum de Barcelone, l'un des sites o\u00f9 sont organis\u00e9s la majorit\u00e9 des \u00e9v\u00e9nements de la ville.\",\"breadcrumb\":{\"@id\":\"https:\/\/www.lugaris.com\/fr\/hotels-proches-forum-barcelone\/#breadcrumb\"},\"inLanguage\":\"fr-FR\",\"potentialAction\":[{\"@type\":\"ReadAction\",\"target\":[\"https:\/\/www.lugaris.com\/fr\/hotels-proches-forum-barcelone\/\"]}]},{\"@type\":\"ImageObject\",\"inLanguage\":\"fr-FR\",\"@id\":\"https:\/\/www.lugaris.com\/fr\/hotels-proches-forum-barcelone\/#primaryimage\",\"url\":\"https:\/\/www.lugaris.com\/app\/uploads\/2022\/03\/forum_lugaris1.jpg\",\"contentUrl\":\"https:\/\/www.lugaris.com\/app\/uploads\/2022\/03\/forum_lugaris1.jpg\",\"width\":1024,\"height\":760},{\"@type\":\"BreadcrumbList\",\"@id\":\"https:\/\/www.lugaris.com\/fr\/hotels-proches-forum-barcelone\/#breadcrumb\",\"itemListElement\":[{\"@type\":\"ListItem\",\"position\":1,\"name\":\"Home\",\"item\":\"https:\/\/www.lugaris.com\/fr\/\"},{\"@type\":\"ListItem\",\"position\":2,\"name\":\"Les H\u00f4tels Proches Du Forum De Barcelone\"}]},{\"@type\":\"WebSite\",\"@id\":\"https:\/\/www.lugaris.com\/fr\/#website\",\"url\":\"https:\/\/www.lugaris.com\/fr\/\",\"name\":\"Lugaris\",\"description\":\"Apartamentos de vacaciones en Barcelona\",\"publisher\":{\"@id\":\"https:\/\/www.lugaris.com\/fr\/#organization\"},\"potentialAction\":[{\"@type\":\"SearchAction\",\"target\":{\"@type\":\"EntryPoint\",\"urlTemplate\":\"https:\/\/www.lugaris.com\/fr\/?s={search_term_string}\"},\"query-input\":\"required name=search_term_string\"}],\"inLanguage\":\"fr-FR\"},{\"@type\":\"Organization\",\"@id\":\"https:\/\/www.lugaris.com\/fr\/#organization\",\"name\":\"Lugaris Apartments in Barcelona\",\"url\":\"https:\/\/www.lugaris.com\/fr\/\",\"logo\":{\"@type\":\"ImageObject\",\"inLanguage\":\"fr-FR\",\"@id\":\"https:\/\/www.lugaris.com\/fr\/#\/schema\/logo\/image\/\",\"url\":\"https:\/\/www.lugaris.com\/app\/uploads\/2020\/03\/Logo_lugaris_v2.png\",\"contentUrl\":\"https:\/\/www.lugaris.com\/app\/uploads\/2020\/03\/Logo_lugaris_v2.png\",\"width\":285,\"height\":257,\"caption\":\"Lugaris Apartments in Barcelona\"},\"image\":{\"@id\":\"https:\/\/www.lugaris.com\/fr\/#\/schema\/logo\/image\/\"}}]}<\/script>\n<!-- \/ Yoast SEO plugin. -->","yoast_head_json":{"title":"H\u00f4tels proches du Forum de Barcelone | Lugaris","description":"D\u00e9couvrez le logement de Lugaris \u00e0 proximit\u00e9 du Forum de Barcelone, l'un des sites o\u00f9 sont organis\u00e9s la majorit\u00e9 des \u00e9v\u00e9nements de la ville.","robots":{"index":"index","follow":"follow","max-snippet":"max-snippet:-1","max-image-preview":"max-image-preview:large","max-video-preview":"max-video-preview:-1"},"canonical":"https:\/\/www.lugaris.com\/fr\/hotels-proches-forum-barcelone\/","og_locale":"fr_FR","og_type":"article","og_title":"H\u00f4tels proches du Forum de Barcelone | Lugaris","og_description":"D\u00e9couvrez le logement de Lugaris \u00e0 proximit\u00e9 du Forum de Barcelone, l'un des sites o\u00f9 sont organis\u00e9s la majorit\u00e9 des \u00e9v\u00e9nements de la ville.","og_url":"https:\/\/www.lugaris.com\/fr\/hotels-proches-forum-barcelone\/","og_site_name":"Lugaris","article_modified_time":"2024-04-24T11:04:09+00:00","og_image":[{"width":1024,"height":760,"url":"https:\/\/www.lugaris.com\/app\/uploads\/2022\/03\/forum_lugaris1.jpg","type":"image\/jpeg"}],"twitter_card":"summary_large_image","twitter_misc":{"Est. reading time":"7 minutes"},"schema":{"@context":"https:\/\/schema.org","@graph":[{"@type":"WebPage","@id":"https:\/\/www.lugaris.com\/fr\/hotels-proches-forum-barcelone\/","url":"https:\/\/www.lugaris.com\/fr\/hotels-proches-forum-barcelone\/","name":"H\u00f4tels proches du Forum de Barcelone | Lugaris","isPartOf":{"@id":"https:\/\/www.lugaris.com\/fr\/#website"},"primaryImageOfPage":{"@id":"https:\/\/www.lugaris.com\/fr\/hotels-proches-forum-barcelone\/#primaryimage"},"image":{"@id":"https:\/\/www.lugaris.com\/fr\/hotels-proches-forum-barcelone\/#primaryimage"},"thumbnailUrl":"https:\/\/www.lugaris.com\/app\/uploads\/2022\/03\/forum_lugaris1.jpg","datePublished":"2022-03-14T12:04:48+00:00","dateModified":"2024-04-24T11:04:09+00:00","description":"D\u00e9couvrez le logement de Lugaris \u00e0 proximit\u00e9 du Forum de Barcelone, l'un des sites o\u00f9 sont organis\u00e9s la majorit\u00e9 des \u00e9v\u00e9nements de la ville.","breadcrumb":{"@id":"https:\/\/www.lugaris.com\/fr\/hotels-proches-forum-barcelone\/#breadcrumb"},"inLanguage":"fr-FR","potentialAction":[{"@type":"ReadAction","target":["https:\/\/www.lugaris.com\/fr\/hotels-proches-forum-barcelone\/"]}]},{"@type":"ImageObject","inLanguage":"fr-FR","@id":"https:\/\/www.lugaris.com\/fr\/hotels-proches-forum-barcelone\/#primaryimage","url":"https:\/\/www.lugaris.com\/app\/uploads\/2022\/03\/forum_lugaris1.jpg","contentUrl":"https:\/\/www.lugaris.com\/app\/uploads\/2022\/03\/forum_lugaris1.jpg","width":1024,"height":760},{"@type":"BreadcrumbList","@id":"https:\/\/www.lugaris.com\/fr\/hotels-proches-forum-barcelone\/#breadcrumb","itemListElement":[{"@type":"ListItem","position":1,"name":"Home","item":"https:\/\/www.lugaris.com\/fr\/"},{"@type":"ListItem","position":2,"name":"Les H\u00f4tels Proches Du Forum De Barcelone"}]},{"@type":"WebSite","@id":"https:\/\/www.lugaris.com\/fr\/#website","url":"https:\/\/www.lugaris.com\/fr\/","name":"Lugaris","description":"Apartamentos de vacaciones en Barcelona","publisher":{"@id":"https:\/\/www.lugaris.com\/fr\/#organization"},"potentialAction":[{"@type":"SearchAction","target":{"@type":"EntryPoint","urlTemplate":"https:\/\/www.lugaris.com\/fr\/?s={search_term_string}"},"query-input":"required name=search_term_string"}],"inLanguage":"fr-FR"},{"@type":"Organization","@id":"https:\/\/www.lugaris.com\/fr\/#organization","name":"Lugaris Apartments in Barcelona","url":"https:\/\/www.lugaris.com\/fr\/","logo":{"@type":"ImageObject","inLanguage":"fr-FR","@id":"https:\/\/www.lugaris.com\/fr\/#\/schema\/logo\/image\/","url":"https:\/\/www.lugaris.com\/app\/uploads\/2020\/03\/Logo_lugaris_v2.png","contentUrl":"https:\/\/www.lugaris.com\/app\/uploads\/2020\/03\/Logo_lugaris_v2.png","width":285,"height":257,"caption":"Lugaris Apartments in Barcelona"},"image":{"@id":"https:\/\/www.lugaris.com\/fr\/#\/schema\/logo\/image\/"}}]}},"uagb_featured_image_src":{"full":["https:\/\/www.lugaris.com\/app\/uploads\/2022\/03\/forum_lugaris1.jpg",1024,760,false],"thumbnail":["https:\/\/www.lugaris.com\/app\/uploads\/2022\/03\/forum_lugaris1-640x475.jpg",640,475,true],"medium":["https:\/\/www.lugaris.com\/app\/uploads\/2022\/03\/forum_lugaris1.jpg",1024,760,false],"medium_large":["https:\/\/www.lugaris.com\/app\/uploads\/2022\/03\/forum_lugaris1-768x570.jpg",768,570,true],"large":["https:\/\/www.lugaris.com\/app\/uploads\/2022\/03\/forum_lugaris1.jpg",1024,760,false],"1536x1536":["https:\/\/www.lugaris.com\/app\/uploads\/2022\/03\/forum_lugaris1.jpg",1024,760,false],"2048x2048":["https:\/\/www.lugaris.com\/app\/uploads\/2022\/03\/forum_lugaris1.jpg",1024,760,false]},"uagb_author_info":{"display_name":"Alice Tapiol","author_link":"https:\/\/www.lugaris.com\/fr\/author\/alice\/"},"uagb_comment_info":0,"uagb_excerpt":"Barcelone est une ville pleine de contrastes, et de fait, avec un grand panel d'activit\u00e9s \u00e0 r\u00e9aliser. Que vous y alliez pour les affaires ou pour le plaisir, il est essentiel ...","_links":{"self":[{"href":"https:\/\/www.lugaris.com\/fr\/wp-json\/wp\/v2\/pages\/17997"}],"collection":[{"href":"https:\/\/www.lugaris.com\/fr\/wp-json\/wp\/v2\/pages"}],"about":[{"href":"https:\/\/www.lugaris.com\/fr\/wp-json\/wp\/v2\/types\/page"}],"author":[{"embeddable":true,"href":"https:\/\/www.lugaris.com\/fr\/wp-json\/wp\/v2\/users\/5"}],"replies":[{"embeddable":true,"href":"https:\/\/www.lugaris.com\/fr\/wp-json\/wp\/v2\/comments?post=17997"}],"version-history":[{"count":6,"href":"https:\/\/www.lugaris.com\/fr\/wp-json\/wp\/v2\/pages\/17997\/revisions"}],"predecessor-version":[{"id":23088,"href":"https:\/\/www.lugaris.com\/fr\/wp-json\/wp\/v2\/pages\/17997\/revisions\/23088"}],"wp:featuredmedia":[{"embeddable":true,"href":"https:\/\/www.lugaris.com\/fr\/wp-json\/wp\/v2\/media\/17906"}],"wp:attachment":[{"href":"https:\/\/www.lugaris.com\/fr\/wp-json\/wp\/v2\/media?parent=17997"}],"curies":[{"name":"wp","href":"https:\/\/api.w.org\/{rel}","templated":true}]}}