{"id":12683,"date":"2020-04-28T07:11:52","date_gmt":"2020-04-28T07:11:52","guid":{"rendered":"https:\/\/www.lugaris.com\/lugaris-rambla-para-2-5-personas-premium-con-terraza\/"},"modified":"2025-01-13T11:41:08","modified_gmt":"2025-01-13T11:41:08","slug":"lugaris-rambla-premium-con-terraza","status":"publish","type":"apartments","link":"https:\/\/www.lugaris.com\/it\/lugaris-rambla-premium-con-terraza\/","title":{"rendered":"PREMIUM CON TERRAZA"},"content":{"rendered":"<section class=\"blocks__extra-info \" id=\"altre-notizie-interessanti\">\n    <h3>ALTRE NOTIZIE INTERESSANTI<\/h3>\n\n    <div class=\"blocks__extra-info__list\">\n                    <div class=\"blocks__extra-info__item\" id=\"altre-notizie-interessanti-appartamenti-con-terrazza\">\n        <a\n                    href=\"#\" \n            class=\"toggleable__extra-info toggleable--open\"\n            data-target=\"#extra-info-11350\"\n            data-scope=\".blocks__extra-info .toggleable__extra-info, .blocks__extra-info .blocks__extra-info__content\"\n        \n        \n    >\n            <article class=\"blocks__extra-info__item__container\">\n            <img decoding=\"async\" src=\"https:\/\/www.lugaris.com\/app\/uploads\/2020\/04\/DSC6139.jpg\" class=\"blocks__extra-info__item__thumbnail\"><\/img>\n            <div  class=\"blocks__extra-info__item__content\">\n                <header>\n                    <h4 class=\"blocks__extra-info__item__title\">\n                        APPARTAMENTI CON TERRAZZA\n                    <\/h4>\n                <\/header>\n                <section>\n                    <p class=\"blocks__extra-info__item__excerpt\">\n                        APPARTAMENTI A BARCELLONA DA 2 A 5 PERSONE &#8211; PREMIUM CON TERRAZZA Andare alla scoperta di Barcellona va ben oltre la visita ai suoi monumenti o la degustazione di alcuni dei suoi piatti pi\u00f9 tradizionali. &hellip;\n                    <\/p>\n                    \n                                        <span class=\"blocks__extra-info__item__read-more\">Leggi di pi\u00f9<\/span>\n                    <span class=\"blocks__extra-info__item__read-less\">Read less<\/span>\n                                    <\/section>\n            <\/div>\n        <\/article>\n        <\/a>\n    <\/div>\n                                <div class=\"blocks__extra-info__item\" id=\"altre-notizie-interessanti-completamente-arredati\">\n        <a\n                    href=\"#\" \n            class=\"toggleable__extra-info \"\n            data-target=\"#extra-info-11352\"\n            data-scope=\".blocks__extra-info .toggleable__extra-info, .blocks__extra-info .blocks__extra-info__content\"\n        \n        \n    >\n            <article class=\"blocks__extra-info__item__container\">\n            <img decoding=\"async\" src=\"https:\/\/www.lugaris.com\/app\/uploads\/2020\/04\/DSC6157.jpg\" class=\"blocks__extra-info__item__thumbnail\"><\/img>\n            <div  class=\"blocks__extra-info__item__content\">\n                <header>\n                    <h4 class=\"blocks__extra-info__item__title\">\n                        COMPLETAMENTE ARREDATI\n                    <\/h4>\n                <\/header>\n                <section>\n                    <p class=\"blocks__extra-info__item__excerpt\">\n                        APPARTAMENTI PREMIUM IN AFFITTO A BARCELLONA COMPLETAMENTE ARREDATI Tuttavia, il fascino dei nostri appartamenti in affitto a Barcellona va ben oltre la loro ubicazione unica. Infatti, si trovano in un complesso con parcheggio, ascensore e &hellip;\n                    <\/p>\n                    \n                                        <span class=\"blocks__extra-info__item__read-more\">Leggi di pi\u00f9<\/span>\n                    <span class=\"blocks__extra-info__item__read-less\">Read less<\/span>\n                                    <\/section>\n            <\/div>\n        <\/article>\n        <\/a>\n    <\/div>\n                                <div class=\"blocks__extra-info__item\" id=\"altre-notizie-interessanti-vienes-a-barcelona-por-trabajo\">\n        <a\n                    href=\"https:\/\/www.lugaris.com\/vienes-barcelona-trabajo\/\" \n        \n        \n    >\n            <article class=\"blocks__extra-info__item__container\">\n            <img decoding=\"async\" src=\"https:\/\/www.lugaris.com\/app\/uploads\/2020\/06\/barcelona-nocturna-1.jpg\" class=\"blocks__extra-info__item__thumbnail\"><\/img>\n            <div  class=\"blocks__extra-info__item__content\">\n                <header>\n                    <h4 class=\"blocks__extra-info__item__title\">\n                        \u00bfVienes a Barcelona por trabajo?\n                    <\/h4>\n                <\/header>\n                <section>\n                    <p class=\"blocks__extra-info__item__excerpt\">\n                        Barcelona es la sexta ciudad preferida para los negocios, la s\u00e9ptima para el e-business, la s\u00e9ptima urbe m\u00e1s emprendedora de Europa y, seg\u00fan un estudio reciente de la organizaci\u00f3n brit\u00e1nica Nesta, la cuarta ciudad m\u00e1s innovadora del mundo. \n                    <\/p>\n                    \n                                        <span class=\"blocks__extra-info__item__read-more\">Leggi di pi\u00f9<\/span>\n                    <span class=\"blocks__extra-info__item__read-less\">Read less<\/span>\n                                    <\/section>\n            <\/div>\n        <\/article>\n        <\/a>\n    <\/div>\n                                <div class=\"blocks__extra-info__item\" id=\"altre-notizie-interessanti-vienes-a-barcelona-de-vacaciones\">\n        <a\n                    href=\"https:\/\/www.lugaris.com\/vienes-barcelona-vacaciones\/\" \n        \n        \n    >\n            <article class=\"blocks__extra-info__item__container\">\n            <img decoding=\"async\" src=\"https:\/\/www.lugaris.com\/app\/uploads\/2020\/04\/barcelona_0-1.jpg\" class=\"blocks__extra-info__item__thumbnail\"><\/img>\n            <div  class=\"blocks__extra-info__item__content\">\n                <header>\n                    <h4 class=\"blocks__extra-info__item__title\">\n                        \u00bfVienes a Barcelona de Vacaciones?\n                    <\/h4>\n                <\/header>\n                <section>\n                    <p class=\"blocks__extra-info__item__excerpt\">\n                        Detr\u00e1s de este \u00e9xito, del que son responsables los cerca de 8,5 millones de viajeros que pernoctan en ella anualmente, se esconden un clima agradable durante todo el a\u00f1o, un emplazamiento envidiable junto al mar Mediterr\u00e1neo, sus playas urbanas&#8230;\n                    <\/p>\n                    \n                                        <span class=\"blocks__extra-info__item__read-more\">Leggi di pi\u00f9<\/span>\n                    <span class=\"blocks__extra-info__item__read-less\">Read less<\/span>\n                                    <\/section>\n            <\/div>\n        <\/article>\n        <\/a>\n    <\/div>\n                        <\/div>\n\n        <div class=\"blocks__extra-info__content__container\">\n                                <div id=\"extra-info-11350\"\n                class=\"blocks__extra-info__content toggleable__target toggleable__target--open\">\n                \n<div class=\"wp-block-columns is-layout-flex wp-container-core-columns-layout-1 wp-block-columns-is-layout-flex\">\n<div class=\"wp-block-column is-layout-flow wp-block-column-is-layout-flow\">\n<h1 class=\"wp-block-heading\">APPARTAMENTI A BARCELLONA DA 2 A 5 PERSONE &#8211; PREMIUM CON TERRAZZA<\/h1>\n\n\n\n<p class=\"\">Andare alla scoperta di Barcellona va ben oltre la visita ai suoi monumenti o la degustazione di alcuni dei suoi piatti pi\u00f9 tradizionali. Questa esperienza, infatti, \u00e8 formata anche da un&#8217;infinit\u00e0 di piccole sfumature e sensazioni, come i momenti di relax e di riposo dopo un&#8217;intensa giornata in giro per la citt\u00e0. Affinch\u00e9 tu e la tua famiglia possiate vivere al meglio tutte queste esperienze, vogliamo presentarvi il prodotto pi\u00f9 esclusivo di Lugaris Rambla: i nostri appartamenti a Barcellona Premium con terrazza, pensati per gruppi da 2 a 5 persone.<\/p>\n\n\n\n<p class=\"\">Le caratteristiche che rendono unico questo appartamento iniziano dalla sua posizione privilegiata, sulla Rambla del Poblenou, 16-20. Questa emblematica arteria, molto popolare tra gli abitanti del quartiere di San Mart\u00ed, i quali vengono a godersi i suoi bar, ristoranti e autentici centri culturali (come L&#8217;Alian\u00e7a), ti permetter\u00e0 di scoprire l&#8217;essenza della Barcellona pi\u00f9 autentica. Inoltre, il tradizionale quartiere di pescatori della Barceloneta \u00e8 poco distante.<\/p>\n\n\n\n<p class=\"\">Il quartiere del Poblenou, oltre ad essere la sede del polo tecnologico 22@, ospita anche interessanti esempi di patrimonio industriale e musei, come il Can Framis. Tutto questo senza dimenticare i vantaggi di alloggiare in appartamenti situati vicino alla spiaggia di Barcellona. Difatti, si trovano a soli 300 m dalle spiagge della Mar Bella e Bogatell, costruite in occasione dei Giochi Olimpici del 1992 e dotate di impianti sportivi e di un centro nautico per fare sport.<\/p>\n<\/div>\n\n\n\n<div class=\"wp-block-column is-layout-flow wp-block-column-is-layout-flow\">\n<figure class=\"wp-block-image size-large\"><img fetchpriority=\"high\" fetchpriority=\"high\" decoding=\"async\" width=\"650\" height=\"1000\" src=\"https:\/\/www.lugaris.com\/app\/uploads\/2020\/04\/DSC6162.jpg\" alt=\"\" class=\"wp-image-8002\" srcset=\"https:\/\/www.lugaris.com\/app\/uploads\/2020\/04\/DSC6162.jpg 650w, https:\/\/www.lugaris.com\/app\/uploads\/2020\/04\/DSC6162-195x300.jpg 195w\" sizes=\"(max-width: 650px) 100vw, 650px\" \/><\/figure>\n<\/div>\n\n\n\n<div class=\"wp-block-column is-vertically-aligned-top is-layout-flow wp-block-column-is-layout-flow\">\n<div class=\"wp-block-image\"><figure class=\"aligncenter size-large\"><img decoding=\"async\" width=\"1000\" height=\"750\" src=\"https:\/\/www.lugaris.com\/app\/uploads\/2020\/04\/Untitled-10.jpg\" alt=\"\" class=\"wp-image-10379\" srcset=\"https:\/\/www.lugaris.com\/app\/uploads\/2020\/04\/Untitled-10.jpg 1000w, https:\/\/www.lugaris.com\/app\/uploads\/2020\/04\/Untitled-10-300x225.jpg 300w, https:\/\/www.lugaris.com\/app\/uploads\/2020\/04\/Untitled-10-768x576.jpg 768w\" sizes=\"(max-width: 1000px) 100vw, 1000px\" \/><\/figure><\/div>\n\n\n\n<figure class=\"wp-block-image size-full mb-0\"><img decoding=\"async\" width=\"1000\" height=\"750\" src=\"https:\/\/www.lugaris.com\/app\/uploads\/2020\/04\/extra-pr-terr.jpg\" alt=\"\" class=\"wp-image-10385\" srcset=\"https:\/\/www.lugaris.com\/app\/uploads\/2020\/04\/extra-pr-terr.jpg 1000w, https:\/\/www.lugaris.com\/app\/uploads\/2020\/04\/extra-pr-terr-300x225.jpg 300w, https:\/\/www.lugaris.com\/app\/uploads\/2020\/04\/extra-pr-terr-768x576.jpg 768w\" sizes=\"(max-width: 1000px) 100vw, 1000px\" \/><\/figure>\n<\/div>\n<\/div>\n\n            <\/div>\n                                            <div id=\"extra-info-11352\"\n                class=\"blocks__extra-info__content toggleable__target \">\n                \n<div class=\"wp-block-columns is-layout-flex wp-container-core-columns-layout-2 wp-block-columns-is-layout-flex\">\n<div class=\"wp-block-column is-layout-flow wp-block-column-is-layout-flow\" style=\"flex-basis:33.33%\">\n<h2 class=\"wp-block-heading\">APPARTAMENTI PREMIUM IN AFFITTO A BARCELLONA COMPLETAMENTE ARREDATI<\/h2>\n\n\n\n<p class=\"\">Tuttavia, il fascino dei nostri appartamenti in affitto a Barcellona va ben oltre la loro ubicazione unica. Infatti, si trovano in un complesso con parcheggio, ascensore e servizio di sicurezza privata 24h. Ognuno di questi alloggi ha una superficie utile compresa tra 50 e 55 m\u00b2, una cucina, un accogliente soggiorno, 1 camera da letto con letto matrimoniale, 1 camera con letto a castello, 1 divano letto, 1 bagno con doccia e, per finire, una terrazza di 22 m\u00b2. Incredibile, vero?<\/p>\n\n\n\n<p class=\"\">Affinch\u00e9 tu non debba preoccuparti di nulla, il nostro appartamento sar\u00e0 completamente arreadato. Al suo interno troverai: connessione Wi-Fi ad alta velocit\u00e0, TV satellitare, aria condizionata caldo \/ freddo, cassaforte, mobili (con tavolo da pranzo, sedie, armadi, ecc&#8230;) TV satellitare, asciugacapelli, ferro e asse da stiro, macchina da caff\u00e8 Nespresso, utensili da cucina, piatti e posate, frigorifero con congelatore, forno, microonde, lavastoviglie, lavasciuga, bollitore, biancheria per la casa &#8211; lenzuola e asciugamani &#8211; e amenit\u00e0. Inoltre, offriamo un servizio di pulizia settimanale senza costi aggiuntivi, per mantenere il tuo alloggio sempre pulito, come il primo giorno. <\/p>\n<\/div>\n\n\n\n<div class=\"wp-block-column is-layout-flow wp-block-column-is-layout-flow\" style=\"flex-basis:66.66%\">\n<figure class=\"wp-block-image size-large\"><img loading=\"lazy\" loading=\"lazy\" decoding=\"async\" width=\"1000\" height=\"600\" src=\"https:\/\/www.lugaris.com\/app\/uploads\/2020\/04\/DSC6095-1.jpg\" alt=\"\" class=\"wp-image-8058\" srcset=\"https:\/\/www.lugaris.com\/app\/uploads\/2020\/04\/DSC6095-1.jpg 1000w, https:\/\/www.lugaris.com\/app\/uploads\/2020\/04\/DSC6095-1-300x180.jpg 300w, https:\/\/www.lugaris.com\/app\/uploads\/2020\/04\/DSC6095-1-768x461.jpg 768w\" sizes=\"(max-width: 1000px) 100vw, 1000px\" \/><\/figure>\n<\/div>\n<\/div>\n\n            <\/div>\n                                                                <\/div>\n\n    <span class=\"blocks__extra-info__list__button__left prev\"><\/span>\n    <span class=\"blocks__extra-info__list__button__right next\"><\/span>\n    <\/section>\n\n<div class=\"wp-block-group has-very-light-gray-background-color has-background is-layout-flow wp-block-group-is-layout-flow\">\n<h3 class=\"wp-block-heading has-text-align-center\">Encuentra aqu\u00ed el apartamento de tus sue\u00f1os<\/h3>\n\n\n<style>\ntd.dayway, td.dayway a {\n    background-color: rgb(221, 249, 255)!important;\n    color: rgb(3, 199, 241)!important;\n}\ntd.daySelected, td.daySelected a, table.ui-datepicker-calendar td:not(.ui-datepicker-unselectable):hover, table.ui-datepicker-calendar td:not(.ui-datepicker-unselectable):hover a  {\n    background-color: rgb(3, 199, 241)!important;\n    color: white!important;\n}\ntd.ui-datepicker-current-day, td.ui-datepicker-current-day a {\n    background-color: transparent!important;\n    color: #454545!important;\n}\n<\/style>\n<div class=\"blocks__booking-form\">\n  \n  <form class=\"blocks__booking-form__form\" action=\"https:\/\/reservations.lugaris.com\/lugaris\/en\/availability\" method=\"get\" target=\"_blank\">\n      <div class=\"blocks__booking-form__field\">\n        <select class=\"ubication\" name=\"hotel\">\n\t\t<option value=\"\">Tutti gli appartamenti<\/option>\n          <option value=\"lugaris_beach\">Lugaris Beach<\/option>\n          <option value=\"lugaris_rambla\">Lugaris Rambla<\/option>\n        <\/select>\n      <\/div>\n      <div class=\"blocks__booking-form__field blocks__booking-form__field--datepicker dashline-right\">\n        <input type=\"text\" name=\"datein\" autocomplete=\"off\" placeholder=\"Da\" \/>\n      <\/div>\n      <div class=\"blocks__booking-form__field blocks__booking-form__field--datepicker md:dashline-right\">\n        <input type=\"text\" name=\"dateout\" autocomplete=\"off\" placeholder=\"A\" \/>\n      <\/div>\n      <div\n        class=\"blocks__booking-form__field blocks__booking-form__field--roompicker roompicker  md:dashline-right\">\n        <input type=\"hidden\" name=\"adultos\" value=\"2\" data-min=\"1\" data-max=\"6\"\n          data-label=\"Adults\" \/>\n        <input type=\"hidden\" name=\"ninos\" value=\"0\" data-min=\"0\" data-max=\"5\"\n          data-label=\"Children\" \/>\n      <\/div>\n            <div class=\"blocks__booking-form__field\">\n        <input type=\"text\" name=\"promotionalcode\" autocomplete=\"off\" placeholder=\"Codice Offerta\"\n                \/>\n      <\/div>\n            <input type=\"submit\" name=\"submit\" value=\"Prenota ora\" \/>\n    <\/form>\n<\/div>\n<script>\nwindow.LUGARIS_LANG = \"it\";\ndocument.addEventListener('change', function(e) {\n  if(e.target && e.target.matches('.ubication')) {\n    const lang =\n          (typeof window.LUGARIS_LANG !== \"undefined\" && window.LUGARIS_LANG) ? window.LUGARIS_LANG : \"en\";\n    const bookingUrls = {\n      '': `https:\/\/reservations.lugaris.com\/lugaris\/${lang}\/availability`,\n      'lugaris_beach': `https:\/\/reservations.lugaris.com\/${lang}\/hotel\/lugaris_beach`,\n      'lugaris_rambla': `https:\/\/reservations.lugaris.com\/${lang}\/hotel\/lugaris_rambla`\n    };\n    var form = e.target.closest('form');\n    var url = bookingUrls[e.target.value] || bookingUrls[''];\n    form.setAttribute('action', url);\n  }\n});\n\n\/\/ Optionally, set action on load as well:\ndocument.addEventListener('DOMContentLoaded', function() {\n  var select = document.querySelector('.ubication');\n  if(select){\n    const lang =\n          (typeof window.LUGARIS_LANG !== \"undefined\" && window.LUGARIS_LANG) ? window.LUGARIS_LANG : \"en\";\n    const bookingUrls = {\n      '': `https:\/\/reservations.lugaris.com\/lugaris\/${lang}\/availability`,\n      'lugaris_beach': `https:\/\/reservations.lugaris.com\/${lang}\/hotel\/lugaris_beach`,\n      'lugaris_rambla': `https:\/\/reservations.lugaris.com\/${lang}\/hotel\/lugaris_rambla`\n    };\n    var form = select.closest('form');\n    var url = bookingUrls[select.value] || bookingUrls[''];\n    form.setAttribute('action', url);\n    form.addEventListener('submit', function(e){\n      e.preventDefault(); \/\/ We'll handle the navigation ourselves\n\n      const adults    = form.querySelector('[name=\"adultos\"]').value || '2';\n      const children  = form.querySelector('[name=\"ninos\"]').value || '0';\n      const datein    = form.querySelector('[name=\"datein\"]').value;\n      const dateout   = form.querySelector('[name=\"dateout\"]').value;\n      const promoEl   = form.querySelector('[name=\"promotionalcode\"]');\n      const promo     = promoEl ? promoEl.value : '';\n\n      \/\/ Compose the parameters, adjust names as needed\n      const params = new URLSearchParams();\n      params.set('adults', adults);\n      params.set('children', children);\n      if (datein)  params.set('datein', datein);\n      if (dateout) params.set('dateout', dateout);\n      params.set('prom', promo);\n\n      \/\/ Determine actual booking URL (again)\n      var baseUrl = bookingUrls[select.value] || bookingUrls[''];\n\n      \/\/ Full URL\n      var fullUrl = baseUrl + '?' + params.toString();\n      console.log('Redirecting to: ', fullUrl);\n\n      \/\/ Open in new tab as per form target\n      if(form.target === \"_blank\"){\n        window.open(fullUrl, '_blank');\n      } else {\n        window.location.href = fullUrl;\n      }\n    });\n  }\n});\n<\/script>\n<\/div>\n","protected":false},"excerpt":{"rendered":"<p>50-55 m\u00b2 di superficie utile, situato al 1\u00b0 piano con accesso dalle scale, soggiorno\/sala da pranzo con 1 divano letto singolo, cucina, 1 camera con letto matrimoniale, 1 camera con 2 letti singoli, 1 bagno con doccia e terrazza di 22 m\u00b2.<\/p>\n","protected":false},"featured_media":12684,"template":"","apartments_services":[714,707,517,533,534,519,535,520,536,521,537,506,522,538,507,523,539,540,541,510,526,542,527,543,512,528,513,529,514,530,531,516,532],"yoast_head":"<!-- This site is optimized with the Yoast SEO plugin v23.1 - https:\/\/yoast.com\/wordpress\/plugins\/seo\/ -->\n<title>PREMIUM CON TERRAZA | Lugaris<\/title>\n<meta name=\"robots\" content=\"index, follow, max-snippet:-1, max-image-preview:large, max-video-preview:-1\" \/>\n<link rel=\"canonical\" href=\"https:\/\/www.lugaris.com\/it\/lugaris-rambla-premium-con-terraza\/\" \/>\n<meta property=\"og:locale\" content=\"it_IT\" \/>\n<meta property=\"og:type\" content=\"article\" \/>\n<meta property=\"og:title\" content=\"PREMIUM CON TERRAZA | Lugaris\" \/>\n<meta property=\"og:description\" content=\"50-55 m\u00b2 di superficie utile, situato al 1\u00b0 piano con accesso dalle scale, soggiorno\/sala da pranzo con 1 divano letto singolo, cucina, 1 camera con letto matrimoniale, 1 camera con 2 letti singoli, 1 bagno con doccia e terrazza di 22 m\u00b2.\" \/>\n<meta property=\"og:url\" content=\"https:\/\/www.lugaris.com\/it\/lugaris-rambla-premium-con-terraza\/\" \/>\n<meta property=\"og:site_name\" content=\"Lugaris\" \/>\n<meta property=\"article:modified_time\" content=\"2025-01-13T11:41:08+00:00\" \/>\n<meta property=\"og:image\" content=\"https:\/\/www.lugaris.com\/app\/uploads\/2020\/04\/DSC6095-1.jpg\" \/>\n\t<meta property=\"og:image:width\" content=\"1000\" \/>\n\t<meta property=\"og:image:height\" content=\"600\" \/>\n\t<meta property=\"og:image:type\" content=\"image\/jpeg\" \/>\n<meta name=\"twitter:card\" content=\"summary_large_image\" \/>\n<meta name=\"twitter:label1\" content=\"Est. reading time\" \/>\n\t<meta name=\"twitter:data1\" content=\"1 minute\" \/>\n<script type=\"application\/ld+json\" class=\"yoast-schema-graph\">{\"@context\":\"https:\/\/schema.org\",\"@graph\":[{\"@type\":\"WebPage\",\"@id\":\"https:\/\/www.lugaris.com\/it\/lugaris-rambla-premium-con-terraza\/\",\"url\":\"https:\/\/www.lugaris.com\/it\/lugaris-rambla-premium-con-terraza\/\",\"name\":\"PREMIUM CON TERRAZA | Lugaris\",\"isPartOf\":{\"@id\":\"https:\/\/www.lugaris.com\/it\/#website\"},\"primaryImageOfPage\":{\"@id\":\"https:\/\/www.lugaris.com\/it\/lugaris-rambla-premium-con-terraza\/#primaryimage\"},\"image\":{\"@id\":\"https:\/\/www.lugaris.com\/it\/lugaris-rambla-premium-con-terraza\/#primaryimage\"},\"thumbnailUrl\":\"https:\/\/www.lugaris.com\/app\/uploads\/2020\/04\/DSC6095-1.jpg\",\"datePublished\":\"2020-04-28T07:11:52+00:00\",\"dateModified\":\"2025-01-13T11:41:08+00:00\",\"breadcrumb\":{\"@id\":\"https:\/\/www.lugaris.com\/it\/lugaris-rambla-premium-con-terraza\/#breadcrumb\"},\"inLanguage\":\"it-IT\",\"potentialAction\":[{\"@type\":\"ReadAction\",\"target\":[\"https:\/\/www.lugaris.com\/it\/lugaris-rambla-premium-con-terraza\/\"]}]},{\"@type\":\"ImageObject\",\"inLanguage\":\"it-IT\",\"@id\":\"https:\/\/www.lugaris.com\/it\/lugaris-rambla-premium-con-terraza\/#primaryimage\",\"url\":\"https:\/\/www.lugaris.com\/app\/uploads\/2020\/04\/DSC6095-1.jpg\",\"contentUrl\":\"https:\/\/www.lugaris.com\/app\/uploads\/2020\/04\/DSC6095-1.jpg\",\"width\":1000,\"height\":600},{\"@type\":\"BreadcrumbList\",\"@id\":\"https:\/\/www.lugaris.com\/it\/lugaris-rambla-premium-con-terraza\/#breadcrumb\",\"itemListElement\":[{\"@type\":\"ListItem\",\"position\":1,\"name\":\"Home\",\"item\":\"https:\/\/www.lugaris.com\/it\/\"},{\"@type\":\"ListItem\",\"position\":2,\"name\":\"PREMIUM CON TERRAZA\"}]},{\"@type\":\"WebSite\",\"@id\":\"https:\/\/www.lugaris.com\/it\/#website\",\"url\":\"https:\/\/www.lugaris.com\/it\/\",\"name\":\"Lugaris\",\"description\":\"Apartamentos de vacaciones en Barcelona\",\"publisher\":{\"@id\":\"https:\/\/www.lugaris.com\/it\/#organization\"},\"potentialAction\":[{\"@type\":\"SearchAction\",\"target\":{\"@type\":\"EntryPoint\",\"urlTemplate\":\"https:\/\/www.lugaris.com\/it\/?s={search_term_string}\"},\"query-input\":\"required name=search_term_string\"}],\"inLanguage\":\"it-IT\"},{\"@type\":\"Organization\",\"@id\":\"https:\/\/www.lugaris.com\/it\/#organization\",\"name\":\"Lugaris Apartments in Barcelona\",\"url\":\"https:\/\/www.lugaris.com\/it\/\",\"logo\":{\"@type\":\"ImageObject\",\"inLanguage\":\"it-IT\",\"@id\":\"https:\/\/www.lugaris.com\/it\/#\/schema\/logo\/image\/\",\"url\":\"https:\/\/www.lugaris.com\/app\/uploads\/2020\/03\/Logo_lugaris_v2.png\",\"contentUrl\":\"https:\/\/www.lugaris.com\/app\/uploads\/2020\/03\/Logo_lugaris_v2.png\",\"width\":285,\"height\":257,\"caption\":\"Lugaris Apartments in Barcelona\"},\"image\":{\"@id\":\"https:\/\/www.lugaris.com\/it\/#\/schema\/logo\/image\/\"}}]}<\/script>\n<!-- \/ Yoast SEO plugin. -->","yoast_head_json":{"title":"PREMIUM CON TERRAZA | Lugaris","robots":{"index":"index","follow":"follow","max-snippet":"max-snippet:-1","max-image-preview":"max-image-preview:large","max-video-preview":"max-video-preview:-1"},"canonical":"https:\/\/www.lugaris.com\/it\/lugaris-rambla-premium-con-terraza\/","og_locale":"it_IT","og_type":"article","og_title":"PREMIUM CON TERRAZA | Lugaris","og_description":"50-55 m\u00b2 di superficie utile, situato al 1\u00b0 piano con accesso dalle scale, soggiorno\/sala da pranzo con 1 divano letto singolo, cucina, 1 camera con letto matrimoniale, 1 camera con 2 letti singoli, 1 bagno con doccia e terrazza di 22 m\u00b2.","og_url":"https:\/\/www.lugaris.com\/it\/lugaris-rambla-premium-con-terraza\/","og_site_name":"Lugaris","article_modified_time":"2025-01-13T11:41:08+00:00","og_image":[{"width":1000,"height":600,"url":"https:\/\/www.lugaris.com\/app\/uploads\/2020\/04\/DSC6095-1.jpg","type":"image\/jpeg"}],"twitter_card":"summary_large_image","twitter_misc":{"Est. reading time":"1 minute"},"schema":{"@context":"https:\/\/schema.org","@graph":[{"@type":"WebPage","@id":"https:\/\/www.lugaris.com\/it\/lugaris-rambla-premium-con-terraza\/","url":"https:\/\/www.lugaris.com\/it\/lugaris-rambla-premium-con-terraza\/","name":"PREMIUM CON TERRAZA | Lugaris","isPartOf":{"@id":"https:\/\/www.lugaris.com\/it\/#website"},"primaryImageOfPage":{"@id":"https:\/\/www.lugaris.com\/it\/lugaris-rambla-premium-con-terraza\/#primaryimage"},"image":{"@id":"https:\/\/www.lugaris.com\/it\/lugaris-rambla-premium-con-terraza\/#primaryimage"},"thumbnailUrl":"https:\/\/www.lugaris.com\/app\/uploads\/2020\/04\/DSC6095-1.jpg","datePublished":"2020-04-28T07:11:52+00:00","dateModified":"2025-01-13T11:41:08+00:00","breadcrumb":{"@id":"https:\/\/www.lugaris.com\/it\/lugaris-rambla-premium-con-terraza\/#breadcrumb"},"inLanguage":"it-IT","potentialAction":[{"@type":"ReadAction","target":["https:\/\/www.lugaris.com\/it\/lugaris-rambla-premium-con-terraza\/"]}]},{"@type":"ImageObject","inLanguage":"it-IT","@id":"https:\/\/www.lugaris.com\/it\/lugaris-rambla-premium-con-terraza\/#primaryimage","url":"https:\/\/www.lugaris.com\/app\/uploads\/2020\/04\/DSC6095-1.jpg","contentUrl":"https:\/\/www.lugaris.com\/app\/uploads\/2020\/04\/DSC6095-1.jpg","width":1000,"height":600},{"@type":"BreadcrumbList","@id":"https:\/\/www.lugaris.com\/it\/lugaris-rambla-premium-con-terraza\/#breadcrumb","itemListElement":[{"@type":"ListItem","position":1,"name":"Home","item":"https:\/\/www.lugaris.com\/it\/"},{"@type":"ListItem","position":2,"name":"PREMIUM CON TERRAZA"}]},{"@type":"WebSite","@id":"https:\/\/www.lugaris.com\/it\/#website","url":"https:\/\/www.lugaris.com\/it\/","name":"Lugaris","description":"Apartamentos de vacaciones en Barcelona","publisher":{"@id":"https:\/\/www.lugaris.com\/it\/#organization"},"potentialAction":[{"@type":"SearchAction","target":{"@type":"EntryPoint","urlTemplate":"https:\/\/www.lugaris.com\/it\/?s={search_term_string}"},"query-input":"required name=search_term_string"}],"inLanguage":"it-IT"},{"@type":"Organization","@id":"https:\/\/www.lugaris.com\/it\/#organization","name":"Lugaris Apartments in Barcelona","url":"https:\/\/www.lugaris.com\/it\/","logo":{"@type":"ImageObject","inLanguage":"it-IT","@id":"https:\/\/www.lugaris.com\/it\/#\/schema\/logo\/image\/","url":"https:\/\/www.lugaris.com\/app\/uploads\/2020\/03\/Logo_lugaris_v2.png","contentUrl":"https:\/\/www.lugaris.com\/app\/uploads\/2020\/03\/Logo_lugaris_v2.png","width":285,"height":257,"caption":"Lugaris Apartments in Barcelona"},"image":{"@id":"https:\/\/www.lugaris.com\/it\/#\/schema\/logo\/image\/"}}]}},"uagb_featured_image_src":{"full":["https:\/\/www.lugaris.com\/app\/uploads\/2020\/04\/DSC6095-1.jpg",1000,600,false],"thumbnail":["https:\/\/www.lugaris.com\/app\/uploads\/2020\/04\/DSC6095-1-150x150.jpg",150,150,true],"medium":["https:\/\/www.lugaris.com\/app\/uploads\/2020\/04\/DSC6095-1-300x180.jpg",300,180,true],"medium_large":["https:\/\/www.lugaris.com\/app\/uploads\/2020\/04\/DSC6095-1-768x461.jpg",768,461,true],"large":["https:\/\/www.lugaris.com\/app\/uploads\/2020\/04\/DSC6095-1.jpg",1000,600,false],"1536x1536":["https:\/\/www.lugaris.com\/app\/uploads\/2020\/04\/DSC6095-1.jpg",1000,600,false],"2048x2048":["https:\/\/www.lugaris.com\/app\/uploads\/2020\/04\/DSC6095-1.jpg",1000,600,false]},"uagb_author_info":{"display_name":"Roberto Bordi","author_link":"https:\/\/www.lugaris.com\/it\/author\/"},"uagb_comment_info":0,"uagb_excerpt":"50-55 m\u00b2 di superficie utile, situato al 1\u00b0 piano con accesso dalle scale, soggiorno\/sala da pranzo con 1 divano letto singolo, cucina, 1 camera con letto matrimoniale, 1 camera con 2 letti singoli, 1 bagno con doccia e terrazza di 22 m\u00b2.","_links":{"self":[{"href":"https:\/\/www.lugaris.com\/it\/wp-json\/wp\/v2\/apartments\/12683"}],"collection":[{"href":"https:\/\/www.lugaris.com\/it\/wp-json\/wp\/v2\/apartments"}],"about":[{"href":"https:\/\/www.lugaris.com\/it\/wp-json\/wp\/v2\/types\/apartments"}],"version-history":[{"count":1,"href":"https:\/\/www.lugaris.com\/it\/wp-json\/wp\/v2\/apartments\/12683\/revisions"}],"predecessor-version":[{"id":28493,"href":"https:\/\/www.lugaris.com\/it\/wp-json\/wp\/v2\/apartments\/12683\/revisions\/28493"}],"wp:featuredmedia":[{"embeddable":true,"href":"https:\/\/www.lugaris.com\/it\/wp-json\/wp\/v2\/media\/12684"}],"wp:attachment":[{"href":"https:\/\/www.lugaris.com\/it\/wp-json\/wp\/v2\/media?parent=12683"}],"wp:term":[{"taxonomy":"apartments_services","embeddable":true,"href":"https:\/\/www.lugaris.com\/it\/wp-json\/wp\/v2\/apartments_services?post=12683"}],"curies":[{"name":"wp","href":"https:\/\/api.w.org\/{rel}","templated":true}]}}