{"id":13419,"date":"2020-04-22T14:43:39","date_gmt":"2020-04-22T14:43:39","guid":{"rendered":"https:\/\/www.lugaris.com\/lugaris-beach-business-sea-view\/"},"modified":"2025-09-05T13:26:30","modified_gmt":"2025-09-05T13:26:30","slug":"lugaris-beach-business-sea-view","status":"publish","type":"apartments","link":"https:\/\/www.lugaris.com\/it\/lugaris-beach-business-sea-view\/","title":{"rendered":"Business Sea View"},"content":{"rendered":"<section class=\"blocks__extra-info \" id=\"altre-notizie-interessanti\">\n    <h3>ALTRE NOTIZIE INTERESSANTI<\/h3>\n\n    <div class=\"blocks__extra-info__list\">\n                    <div class=\"blocks__extra-info__item\" id=\"altre-notizie-interessanti-appartamenti-con-vista-mare\">\n        <a\n                    href=\"#\" \n            class=\"toggleable__extra-info toggleable--open\"\n            data-target=\"#extra-info-11511\"\n            data-scope=\".blocks__extra-info .toggleable__extra-info, .blocks__extra-info .blocks__extra-info__content\"\n        \n        \n    >\n            <article class=\"blocks__extra-info__item__container\">\n            <img decoding=\"async\" src=\"https:\/\/www.lugaris.com\/app\/uploads\/2020\/04\/Principal-BSV.webp\" class=\"blocks__extra-info__item__thumbnail\"><\/img>\n            <div  class=\"blocks__extra-info__item__content\">\n                <header>\n                    <h4 class=\"blocks__extra-info__item__title\">\n                        APPARTAMENTI CON VISTA MARE\n                    <\/h4>\n                <\/header>\n                <section>\n                    <p class=\"blocks__extra-info__item__excerpt\">\n                        APPARTAMENTI A BARCELLONA DA 2 A 3 PERSONE &#8211; BUSINESS SEA VIEW Fare un viaggio di lavoro \u00e8 un&#8217;opportunit\u00e0 unica sia a livello professionale che personale, poich\u00e9 offre la possibilit\u00e0 di conoscere altri luoghi e &hellip;\n                    <\/p>\n                    \n                                        <span class=\"blocks__extra-info__item__read-more\">Leggi di pi\u00f9<\/span>\n                    <span class=\"blocks__extra-info__item__read-less\">Read less<\/span>\n                                    <\/section>\n            <\/div>\n        <\/article>\n        <\/a>\n    <\/div>\n                                <div class=\"blocks__extra-info__item\" id=\"altre-notizie-interessanti-completamente-arredati\">\n        <a\n                    href=\"#\" \n            class=\"toggleable__extra-info \"\n            data-target=\"#extra-info-11524\"\n            data-scope=\".blocks__extra-info .toggleable__extra-info, .blocks__extra-info .blocks__extra-info__content\"\n        \n        \n    >\n            <article class=\"blocks__extra-info__item__container\">\n            <img decoding=\"async\" src=\"https:\/\/www.lugaris.com\/app\/uploads\/2020\/04\/DSC5544-1.jpg\" class=\"blocks__extra-info__item__thumbnail\"><\/img>\n            <div  class=\"blocks__extra-info__item__content\">\n                <header>\n                    <h4 class=\"blocks__extra-info__item__title\">\n                        COMPLETAMENTE ARREDATI\n                    <\/h4>\n                <\/header>\n                <section>\n                    <p class=\"blocks__extra-info__item__excerpt\">\n                        I TUOI APPARTAMENTI ARREDATI A BARCELLONA E CON VISTA MARE Oltre ad avere un&#8217;ubicazione privilegiata, questi appartamenti dispongono di tutto il necessario per rendere il tuo soggiorno a Barcellona un&#8217;esperienza davvero unica. Quindi, al loro &hellip;\n                    <\/p>\n                    \n                                        <span class=\"blocks__extra-info__item__read-more\">Leggi di pi\u00f9<\/span>\n                    <span class=\"blocks__extra-info__item__read-less\">Read less<\/span>\n                                    <\/section>\n            <\/div>\n        <\/article>\n        <\/a>\n    <\/div>\n                                <div class=\"blocks__extra-info__item\" id=\"altre-notizie-interessanti-di-cosa-hai-bisogno\">\n        <a\n                    href=\"#\" \n            class=\"toggleable__extra-info \"\n            data-target=\"#extra-info-11527\"\n            data-scope=\".blocks__extra-info .toggleable__extra-info, .blocks__extra-info .blocks__extra-info__content\"\n        \n        \n    >\n            <article class=\"blocks__extra-info__item__container\">\n            <img decoding=\"async\" src=\"https:\/\/www.lugaris.com\/app\/uploads\/2020\/05\/barcelona-3960566_640-1.jpg\" class=\"blocks__extra-info__item__thumbnail\"><\/img>\n            <div  class=\"blocks__extra-info__item__content\">\n                <header>\n                    <h4 class=\"blocks__extra-info__item__title\">\n                        DI COSA HAI BISOGNO?\n                    <\/h4>\n                <\/header>\n                <section>\n                    <p class=\"blocks__extra-info__item__excerpt\">\n                        SERVIZI EXTRA Ma le novit\u00e0 non sono finite: dal tuo appartamento potrai godere di una vista incomparabile sul mare. Riesci ad immaginare la sensazione di poter contemplare il Mediterraneo in qualsiasi momento? Alloggiando presso gli &hellip;\n                    <\/p>\n                    \n                                        <span class=\"blocks__extra-info__item__read-more\">Leggi di pi\u00f9<\/span>\n                    <span class=\"blocks__extra-info__item__read-less\">Read less<\/span>\n                                    <\/section>\n            <\/div>\n        <\/article>\n        <\/a>\n    <\/div>\n                                <div class=\"blocks__extra-info__item\" id=\"altre-notizie-interessanti-vienes-a-barcelona-por-trabajo\">\n        <a\n                    href=\"https:\/\/www.lugaris.com\/vienes-barcelona-trabajo\/\" \n        \n        \n    >\n            <article class=\"blocks__extra-info__item__container\">\n            <img decoding=\"async\" src=\"https:\/\/www.lugaris.com\/app\/uploads\/2020\/06\/barcelona-nocturna-1.jpg\" class=\"blocks__extra-info__item__thumbnail\"><\/img>\n            <div  class=\"blocks__extra-info__item__content\">\n                <header>\n                    <h4 class=\"blocks__extra-info__item__title\">\n                        \u00bfVienes a Barcelona por trabajo?\n                    <\/h4>\n                <\/header>\n                <section>\n                    <p class=\"blocks__extra-info__item__excerpt\">\n                        Barcelona es la sexta ciudad preferida para los negocios, la s\u00e9ptima para el e-business, la s\u00e9ptima urbe m\u00e1s emprendedora de Europa y, seg\u00fan un estudio reciente de la organizaci\u00f3n brit\u00e1nica Nesta, la cuarta ciudad m\u00e1s innovadora del mundo. \n                    <\/p>\n                    \n                                        <span class=\"blocks__extra-info__item__read-more\">Leggi di pi\u00f9<\/span>\n                    <span class=\"blocks__extra-info__item__read-less\">Read less<\/span>\n                                    <\/section>\n            <\/div>\n        <\/article>\n        <\/a>\n    <\/div>\n                                <div class=\"blocks__extra-info__item\" id=\"altre-notizie-interessanti-vienes-a-barcelona-de-vacaciones\">\n        <a\n                    href=\"https:\/\/www.lugaris.com\/vienes-barcelona-vacaciones\/\" \n        \n        \n    >\n            <article class=\"blocks__extra-info__item__container\">\n            <img decoding=\"async\" src=\"https:\/\/www.lugaris.com\/app\/uploads\/2020\/04\/barcelona_0-1.jpg\" class=\"blocks__extra-info__item__thumbnail\"><\/img>\n            <div  class=\"blocks__extra-info__item__content\">\n                <header>\n                    <h4 class=\"blocks__extra-info__item__title\">\n                        \u00bfVienes a Barcelona de Vacaciones?\n                    <\/h4>\n                <\/header>\n                <section>\n                    <p class=\"blocks__extra-info__item__excerpt\">\n                        Detr\u00e1s de este \u00e9xito, del que son responsables los cerca de 8,5 millones de viajeros que pernoctan en ella anualmente, se esconden un clima agradable durante todo el a\u00f1o, un emplazamiento envidiable junto al mar Mediterr\u00e1neo, sus playas urbanas&#8230;\n                    <\/p>\n                    \n                                        <span class=\"blocks__extra-info__item__read-more\">Leggi di pi\u00f9<\/span>\n                    <span class=\"blocks__extra-info__item__read-less\">Read less<\/span>\n                                    <\/section>\n            <\/div>\n        <\/article>\n        <\/a>\n    <\/div>\n                        <\/div>\n\n        <div class=\"blocks__extra-info__content__container\">\n                                <div id=\"extra-info-11511\"\n                class=\"blocks__extra-info__content toggleable__target toggleable__target--open\">\n                \n<div class=\"wp-block-columns is-layout-flex wp-container-core-columns-layout-1 wp-block-columns-is-layout-flex\">\n<div class=\"wp-block-column is-layout-flow wp-block-column-is-layout-flow\">\n<h1 class=\"wp-block-heading\">APPARTAMENTI A BARCELLONA DA 2 A 3 PERSONE &#8211; BUSINESS SEA VIEW<\/h1>\n\n\n\n<p class=\"\">Fare un viaggio di lavoro \u00e8 un&#8217;opportunit\u00e0 unica sia a livello professionale che personale, poich\u00e9 offre la possibilit\u00e0 di conoscere altri luoghi e culture. A tal proposito, Barcellona pu\u00f2 rappresentare un&#8217;ottima scelta. Affidati all&#8217;esperienza e alla qualit\u00e0 di Lugaris e vieni a scoprire i suoi appartamenti di lusso, per 2 o 3 persone, del complesso Lugaris Beach.<\/p>\n\n\n\n<p class=\"\">Grazie al suo clima, al suo ampio patrimonio artistico, alla sua vasta offerta culturale e ricreativa, alle sue piacevoli spiagge e alla sua squisita cucina, Barcellona si \u00e8 affermata come una delle citt\u00e0 pi\u00f9 visitate d&#8217;Europa e del mondo. Un elenco di attrazioni a cui bisogna aggiungere l&#8217;eccellente qualit\u00e0 della vita che \u00e8 in grado di offrire, supportata da vari studi come quelli pubblicati dalla rivista di tendenze Monocle o della societ\u00e0 di consulenza Mercer, in cui la capitale catalana figura tra le migliori citt\u00e0 del pianeta.<\/p>\n\n\n\n<p class=\"\">Questo dato ci spinge a migliorarci ogni giorno affinch\u00e9 i nostri appartamenti da 2 a 3 persone &#8220;Business Sea View&#8221;  siano al livello di questo luogo da sogno. Per raggiungere questo obiettivo, abbiamo curato ogni minimo dettaglio, a partire dalla sua posizione strategica, nel quartiere storico del Poblenou (gli appartamenti Lugaris Beach si trovano sul Paseo de Calvell, 45) e a soli 200 metri dalle spiagge di Bogatell e della Mar Bella. L&#8217;edificio \u00e8 sorvegliato 24 ore su 24 e dispone di piscina, solarium, parcheggio opzionale e ascensore.<\/p>\n<\/div>\n\n\n\n<div class=\"wp-block-column is-layout-flow wp-block-column-is-layout-flow\">\n<figure class=\"wp-block-image size-large\"><img fetchpriority=\"high\" fetchpriority=\"high\" decoding=\"async\" width=\"1280\" height=\"853\" src=\"https:\/\/www.lugaris.com\/app\/uploads\/2020\/04\/2G8A7796-copia-1280x853.webp\" alt=\"\" class=\"wp-image-25031\" srcset=\"https:\/\/www.lugaris.com\/app\/uploads\/2020\/04\/2G8A7796-copia-1280x853.webp 1280w, https:\/\/www.lugaris.com\/app\/uploads\/2020\/04\/2G8A7796-copia-1024x683.webp 1024w, https:\/\/www.lugaris.com\/app\/uploads\/2020\/04\/2G8A7796-copia-640x427.webp 640w, https:\/\/www.lugaris.com\/app\/uploads\/2020\/04\/2G8A7796-copia-768x512.webp 768w, https:\/\/www.lugaris.com\/app\/uploads\/2020\/04\/2G8A7796-copia-1536x1024.webp 1536w, https:\/\/www.lugaris.com\/app\/uploads\/2020\/04\/2G8A7796-copia-2048x1365.webp 2048w\" sizes=\"(max-width: 1280px) 100vw, 1280px\" \/><\/figure>\n<\/div>\n<\/div>\n\n            <\/div>\n                                            <div id=\"extra-info-11524\"\n                class=\"blocks__extra-info__content toggleable__target \">\n                \n<div class=\"wp-block-columns is-layout-flex wp-container-core-columns-layout-2 wp-block-columns-is-layout-flex\">\n<div class=\"wp-block-column is-layout-flow wp-block-column-is-layout-flow\" style=\"flex-basis:33.33%\">\n<h2 class=\"wp-block-heading\">I TUOI APPARTAMENTI ARREDATI A BARCELLONA E CON VISTA MARE <\/h2>\n\n\n\n<p class=\"\">Oltre ad avere un&#8217;ubicazione privilegiata, questi appartamenti dispongono di tutto il necessario per rendere il tuo soggiorno a Barcellona un&#8217;esperienza davvero unica. Quindi, al loro interno potrai godere di una superficie utile compresa tra 45 e 57 m\u00b2, cucina <em>open space<\/em>, soggiorno, 1 camera con 2 letti singoli o 1 letto matrimoniale, 1 bagno con doccia o vasca.<\/p>\n\n\n\n<p class=\"\">Affinch\u00e9 tu possa spendere il tuo tempo libero per fare solo ci\u00f2 che desideri, abbiamo dotato i nostri alloggi dei migliori comfort: Wi-Fi ad alta velocit\u00e0, TV satellitare, aria condizionata caldo \/ freddo, cassaforte, mobili, asciugacapelli, ferro e asse da stiro, una caffettiera Nespresso, utensili da cucina, stoviglie, frigorifero con congelatore, forno, microonde, lavastoviglie, lavasciuga, bollitore, biancheria per la casa e altri servizi di cortesia. Inoltre, grazie al nostro servizio di pulizia settimanale, il tuo appartamento sar\u00e0 sempre impeccabile.<\/p>\n<\/div>\n\n\n\n<div class=\"wp-block-column is-layout-flow wp-block-column-is-layout-flow\" style=\"flex-basis:66.66%\">\n<figure class=\"wp-block-image size-large\"><img decoding=\"async\" width=\"1000\" height=\"600\" src=\"https:\/\/www.lugaris.com\/app\/uploads\/2020\/04\/DSC5544-1.jpg\" alt=\"\" class=\"wp-image-8713\" srcset=\"https:\/\/www.lugaris.com\/app\/uploads\/2020\/04\/DSC5544-1.jpg 1000w, https:\/\/www.lugaris.com\/app\/uploads\/2020\/04\/DSC5544-1-300x180.jpg 300w, https:\/\/www.lugaris.com\/app\/uploads\/2020\/04\/DSC5544-1-768x461.jpg 768w\" sizes=\"(max-width: 1000px) 100vw, 1000px\" \/><\/figure>\n<\/div>\n<\/div>\n\n            <\/div>\n                                            <div id=\"extra-info-11527\"\n                class=\"blocks__extra-info__content toggleable__target \">\n                \n<div class=\"wp-block-columns is-layout-flex wp-container-core-columns-layout-3 wp-block-columns-is-layout-flex\">\n<div class=\"wp-block-column is-layout-flow wp-block-column-is-layout-flow\">\n<h2 class=\"wp-block-heading\">SERVIZI EXTRA<\/h2>\n\n\n\n<p class=\"\">Ma le novit\u00e0 non sono finite: dal tuo appartamento potrai godere di una vista incomparabile sul mare. Riesci ad immaginare la sensazione di poter contemplare il Mediterraneo in qualsiasi momento? Alloggiando presso gli appartamenti del complesso Lugaris Beach, tutto ci\u00f2 sar\u00e0 possibile. <\/p>\n\n\n\n<p class=\"\">Desideri che il tuo soggiorno a Barcellona sia ancora pi\u00f9 confortevole? In tal caso, ti offriamo una vasta gamma di servizi aggiuntivi, affinch\u00e9 la tua unica preoccupazone sia quella di divertirti. Lascia a noi il compito di: fare la spesa al supermercato, acqusitare regali per i tuoi cari, prenotare i  biglietti per concerti o spettacoli, noleggiare delle biciclette o  una limousine, contattare una baby-sitter per i tuoi bambini, trovare una culla, portarti a casa le tue bevande preferite o il meglio della stampa nazionale e internazionale\u2026<\/p>\n\n\n\n<p class=\"\">Con i nostri appartamenti vicino alla spiaggia, ti assicuriamo che ti sentirai come a casa. Goditi la vita durante il tuo soggiorno a Barcellona!<\/p>\n<\/div>\n\n\n\n<div class=\"wp-block-column is-layout-flow wp-block-column-is-layout-flow\">\n<figure class=\"wp-block-image size-large\"><img decoding=\"async\" width=\"500\" height=\"334\" src=\"https:\/\/www.lugaris.com\/app\/uploads\/2020\/05\/metro-1530664_640.jpg\" alt=\"\" class=\"wp-image-9069\" srcset=\"https:\/\/www.lugaris.com\/app\/uploads\/2020\/05\/metro-1530664_640.jpg 500w, https:\/\/www.lugaris.com\/app\/uploads\/2020\/05\/metro-1530664_640-300x200.jpg 300w\" sizes=\"(max-width: 500px) 100vw, 500px\" \/><\/figure>\n\n\n\n<figure class=\"wp-block-image size-large\"><img loading=\"lazy\" loading=\"lazy\" decoding=\"async\" width=\"500\" height=\"334\" src=\"https:\/\/www.lugaris.com\/app\/uploads\/2020\/05\/beach-extrainfo.jpg\" alt=\"\" class=\"wp-image-9057\" srcset=\"https:\/\/www.lugaris.com\/app\/uploads\/2020\/05\/beach-extrainfo.jpg 500w, https:\/\/www.lugaris.com\/app\/uploads\/2020\/05\/beach-extrainfo-300x200.jpg 300w\" sizes=\"(max-width: 500px) 100vw, 500px\" \/><\/figure>\n<\/div>\n\n\n\n<div class=\"wp-block-column is-layout-flow wp-block-column-is-layout-flow\">\n<figure class=\"wp-block-image size-large\"><img loading=\"lazy\" loading=\"lazy\" decoding=\"async\" width=\"500\" height=\"334\" src=\"https:\/\/www.lugaris.com\/app\/uploads\/2020\/05\/photo-1562883676-8c7feb83f09b-1.jpg\" alt=\"\" class=\"wp-image-9120\" srcset=\"https:\/\/www.lugaris.com\/app\/uploads\/2020\/05\/photo-1562883676-8c7feb83f09b-1.jpg 500w, https:\/\/www.lugaris.com\/app\/uploads\/2020\/05\/photo-1562883676-8c7feb83f09b-1-300x200.jpg 300w\" sizes=\"(max-width: 500px) 100vw, 500px\" \/><\/figure>\n\n\n\n<figure class=\"wp-block-image size-large\"><img loading=\"lazy\" loading=\"lazy\" decoding=\"async\" width=\"500\" height=\"334\" src=\"https:\/\/www.lugaris.com\/app\/uploads\/2020\/05\/photo-1504080310877-27ecf74e758d.jpg\" alt=\"\" class=\"wp-image-9108\" srcset=\"https:\/\/www.lugaris.com\/app\/uploads\/2020\/05\/photo-1504080310877-27ecf74e758d.jpg 500w, https:\/\/www.lugaris.com\/app\/uploads\/2020\/05\/photo-1504080310877-27ecf74e758d-300x200.jpg 300w\" sizes=\"(max-width: 500px) 100vw, 500px\" \/><\/figure>\n<\/div>\n<\/div>\n\n            <\/div>\n                                                                <\/div>\n\n    <span class=\"blocks__extra-info__list__button__left prev\"><\/span>\n    <span class=\"blocks__extra-info__list__button__right next\"><\/span>\n    <\/section>\n\n<div class=\"wp-block-group has-very-light-gray-background-color has-background\"><div class=\"wp-block-group__inner-container is-layout-flow wp-block-group-is-layout-flow\">\n<h3 class=\"has-text-align-center wp-block-heading\">Encuentra aqu\u00ed el apartamento de tus sue\u00f1os<\/h3>\n\n\n<style>\ntd.dayway, td.dayway a {\n    background-color: rgb(221, 249, 255)!important;\n    color: rgb(3, 199, 241)!important;\n}\ntd.daySelected, td.daySelected a, table.ui-datepicker-calendar td:not(.ui-datepicker-unselectable):hover, table.ui-datepicker-calendar td:not(.ui-datepicker-unselectable):hover a  {\n    background-color: rgb(3, 199, 241)!important;\n    color: white!important;\n}\ntd.ui-datepicker-current-day, td.ui-datepicker-current-day a {\n    background-color: transparent!important;\n    color: #454545!important;\n}\n<\/style>\n<div class=\"blocks__booking-form\">\n  \n  <form class=\"blocks__booking-form__form\" action=\"https:\/\/reservations.lugaris.com\/lugaris\/en\/availability\" method=\"get\" target=\"_blank\">\n      <div class=\"blocks__booking-form__field\">\n        <select class=\"ubication\" name=\"hotel\">\n\t\t<option value=\"\">Tutti gli appartamenti<\/option>\n          <option value=\"lugaris_beach\">Lugaris Beach<\/option>\n          <option value=\"lugaris_rambla\">Lugaris Rambla<\/option>\n        <\/select>\n      <\/div>\n      <div class=\"blocks__booking-form__field blocks__booking-form__field--datepicker dashline-right\">\n        <input type=\"text\" name=\"datein\" autocomplete=\"off\" placeholder=\"Da\" \/>\n      <\/div>\n      <div class=\"blocks__booking-form__field blocks__booking-form__field--datepicker md:dashline-right\">\n        <input type=\"text\" name=\"dateout\" autocomplete=\"off\" placeholder=\"A\" \/>\n      <\/div>\n      <div\n        class=\"blocks__booking-form__field blocks__booking-form__field--roompicker roompicker  md:dashline-right\">\n        <input type=\"hidden\" name=\"adultos\" value=\"2\" data-min=\"1\" data-max=\"6\"\n          data-label=\"Adults\" \/>\n        <input type=\"hidden\" name=\"ninos\" value=\"0\" data-min=\"0\" data-max=\"5\"\n          data-label=\"Children\" \/>\n      <\/div>\n            <div class=\"blocks__booking-form__field\">\n        <input type=\"text\" name=\"promotionalcode\" autocomplete=\"off\" placeholder=\"Codice Offerta\"\n                \/>\n      <\/div>\n            <input type=\"submit\" name=\"submit\" value=\"Prenota ora\" \/>\n    <\/form>\n<\/div>\n<script>\nwindow.LUGARIS_LANG = \"it\";\ndocument.addEventListener('change', function(e) {\n  if(e.target && e.target.matches('.ubication')) {\n    const lang =\n          (typeof window.LUGARIS_LANG !== \"undefined\" && window.LUGARIS_LANG) ? window.LUGARIS_LANG : \"en\";\n    const bookingUrls = {\n      '': `https:\/\/reservations.lugaris.com\/lugaris\/${lang}\/availability`,\n      'lugaris_beach': `https:\/\/reservations.lugaris.com\/${lang}\/hotel\/lugaris_beach`,\n      'lugaris_rambla': `https:\/\/reservations.lugaris.com\/${lang}\/hotel\/lugaris_rambla`\n    };\n    var form = e.target.closest('form');\n    var url = bookingUrls[e.target.value] || bookingUrls[''];\n    form.setAttribute('action', url);\n  }\n});\n\n\/\/ Optionally, set action on load as well:\ndocument.addEventListener('DOMContentLoaded', function() {\n  var select = document.querySelector('.ubication');\n  if(select){\n    const lang =\n          (typeof window.LUGARIS_LANG !== \"undefined\" && window.LUGARIS_LANG) ? window.LUGARIS_LANG : \"en\";\n    const bookingUrls = {\n      '': `https:\/\/reservations.lugaris.com\/lugaris\/${lang}\/availability`,\n      'lugaris_beach': `https:\/\/reservations.lugaris.com\/${lang}\/hotel\/lugaris_beach`,\n      'lugaris_rambla': `https:\/\/reservations.lugaris.com\/${lang}\/hotel\/lugaris_rambla`\n    };\n    var form = select.closest('form');\n    var url = bookingUrls[select.value] || bookingUrls[''];\n    form.setAttribute('action', url);\n    form.addEventListener('submit', function(e){\n      e.preventDefault(); \/\/ We'll handle the navigation ourselves\n\n      const adults    = form.querySelector('[name=\"adultos\"]').value || '2';\n      const children  = form.querySelector('[name=\"ninos\"]').value || '0';\n      const datein    = form.querySelector('[name=\"datein\"]').value;\n      const dateout   = form.querySelector('[name=\"dateout\"]').value;\n      const promoEl   = form.querySelector('[name=\"promotionalcode\"]');\n      const promo     = promoEl ? promoEl.value : '';\n\n      \/\/ Compose the parameters, adjust names as needed\n      const params = new URLSearchParams();\n      params.set('adults', adults);\n      params.set('children', children);\n      if (datein)  params.set('datein', datein);\n      if (dateout) params.set('dateout', dateout);\n      params.set('prom', promo);\n\n      \/\/ Determine actual booking URL (again)\n      var baseUrl = bookingUrls[select.value] || bookingUrls[''];\n\n      \/\/ Full URL\n      var fullUrl = baseUrl + '?' + params.toString();\n      console.log('Redirecting to: ', fullUrl);\n\n      \/\/ Open in new tab as per form target\n      if(form.target === \"_blank\"){\n        window.open(fullUrl, '_blank');\n      } else {\n        window.location.href = fullUrl;\n      }\n    });\n  }\n});\n<\/script>\n<\/div><\/div>\n","protected":false},"excerpt":{"rendered":"<p>47-57 m\u00b2 di zona giorno con vista mare frontale o laterale a seconda della disponibilit\u00e0, soggiorno-sala da pranzo con 1 divano letto singolo, cucina all&#8217;americana, 1 camera con letto matrimoniale e 1 bagno con vasca. <\/p>\n","protected":false},"featured_media":24960,"template":"","apartments_services":[714,707,617,609,545,517,534,519,520,536,521,537,506,522,538,523,541,510,526,542,527,543,512,528,513,529,514,530,516,532],"yoast_head":"<!-- This site is optimized with the Yoast SEO plugin v23.1 - https:\/\/yoast.com\/wordpress\/plugins\/seo\/ -->\n<title>Business Sea View | Lugaris<\/title>\n<meta name=\"robots\" content=\"index, follow, max-snippet:-1, max-image-preview:large, max-video-preview:-1\" \/>\n<link rel=\"canonical\" href=\"https:\/\/www.lugaris.com\/it\/lugaris-beach-business-sea-view\/\" \/>\n<meta property=\"og:locale\" content=\"it_IT\" \/>\n<meta property=\"og:type\" content=\"article\" \/>\n<meta property=\"og:title\" content=\"Business Sea View | Lugaris\" \/>\n<meta property=\"og:description\" content=\"47-57 m\u00b2 di zona giorno con vista mare frontale o laterale a seconda della disponibilit\u00e0, soggiorno-sala da pranzo con 1 divano letto singolo, cucina all&#039;americana, 1 camera con letto matrimoniale e 1 bagno con vasca.\" \/>\n<meta property=\"og:url\" content=\"https:\/\/www.lugaris.com\/it\/lugaris-beach-business-sea-view\/\" \/>\n<meta property=\"og:site_name\" content=\"Lugaris\" \/>\n<meta property=\"article:modified_time\" content=\"2025-09-05T13:26:30+00:00\" \/>\n<meta property=\"og:image\" content=\"https:\/\/www.lugaris.com\/app\/uploads\/2020\/04\/Principal-BSV.webp\" \/>\n\t<meta property=\"og:image:width\" content=\"2500\" \/>\n\t<meta property=\"og:image:height\" content=\"1667\" \/>\n\t<meta property=\"og:image:type\" content=\"image\/webp\" \/>\n<meta name=\"twitter:card\" content=\"summary_large_image\" \/>\n<meta name=\"twitter:label1\" content=\"Est. reading time\" \/>\n\t<meta name=\"twitter:data1\" content=\"1 minute\" \/>\n<script type=\"application\/ld+json\" class=\"yoast-schema-graph\">{\"@context\":\"https:\/\/schema.org\",\"@graph\":[{\"@type\":\"WebPage\",\"@id\":\"https:\/\/www.lugaris.com\/it\/lugaris-beach-business-sea-view\/\",\"url\":\"https:\/\/www.lugaris.com\/it\/lugaris-beach-business-sea-view\/\",\"name\":\"Business Sea View | Lugaris\",\"isPartOf\":{\"@id\":\"https:\/\/www.lugaris.com\/it\/#website\"},\"primaryImageOfPage\":{\"@id\":\"https:\/\/www.lugaris.com\/it\/lugaris-beach-business-sea-view\/#primaryimage\"},\"image\":{\"@id\":\"https:\/\/www.lugaris.com\/it\/lugaris-beach-business-sea-view\/#primaryimage\"},\"thumbnailUrl\":\"https:\/\/www.lugaris.com\/app\/uploads\/2020\/04\/Principal-BSV.webp\",\"datePublished\":\"2020-04-22T14:43:39+00:00\",\"dateModified\":\"2025-09-05T13:26:30+00:00\",\"breadcrumb\":{\"@id\":\"https:\/\/www.lugaris.com\/it\/lugaris-beach-business-sea-view\/#breadcrumb\"},\"inLanguage\":\"it-IT\",\"potentialAction\":[{\"@type\":\"ReadAction\",\"target\":[\"https:\/\/www.lugaris.com\/it\/lugaris-beach-business-sea-view\/\"]}]},{\"@type\":\"ImageObject\",\"inLanguage\":\"it-IT\",\"@id\":\"https:\/\/www.lugaris.com\/it\/lugaris-beach-business-sea-view\/#primaryimage\",\"url\":\"https:\/\/www.lugaris.com\/app\/uploads\/2020\/04\/Principal-BSV.webp\",\"contentUrl\":\"https:\/\/www.lugaris.com\/app\/uploads\/2020\/04\/Principal-BSV.webp\",\"width\":2500,\"height\":1667},{\"@type\":\"BreadcrumbList\",\"@id\":\"https:\/\/www.lugaris.com\/it\/lugaris-beach-business-sea-view\/#breadcrumb\",\"itemListElement\":[{\"@type\":\"ListItem\",\"position\":1,\"name\":\"Home\",\"item\":\"https:\/\/www.lugaris.com\/it\/\"},{\"@type\":\"ListItem\",\"position\":2,\"name\":\"Business Sea View\"}]},{\"@type\":\"WebSite\",\"@id\":\"https:\/\/www.lugaris.com\/it\/#website\",\"url\":\"https:\/\/www.lugaris.com\/it\/\",\"name\":\"Lugaris\",\"description\":\"Apartamentos de vacaciones en Barcelona\",\"publisher\":{\"@id\":\"https:\/\/www.lugaris.com\/it\/#organization\"},\"potentialAction\":[{\"@type\":\"SearchAction\",\"target\":{\"@type\":\"EntryPoint\",\"urlTemplate\":\"https:\/\/www.lugaris.com\/it\/?s={search_term_string}\"},\"query-input\":\"required name=search_term_string\"}],\"inLanguage\":\"it-IT\"},{\"@type\":\"Organization\",\"@id\":\"https:\/\/www.lugaris.com\/it\/#organization\",\"name\":\"Lugaris Apartments in Barcelona\",\"url\":\"https:\/\/www.lugaris.com\/it\/\",\"logo\":{\"@type\":\"ImageObject\",\"inLanguage\":\"it-IT\",\"@id\":\"https:\/\/www.lugaris.com\/it\/#\/schema\/logo\/image\/\",\"url\":\"https:\/\/www.lugaris.com\/app\/uploads\/2020\/03\/Logo_lugaris_v2.png\",\"contentUrl\":\"https:\/\/www.lugaris.com\/app\/uploads\/2020\/03\/Logo_lugaris_v2.png\",\"width\":285,\"height\":257,\"caption\":\"Lugaris Apartments in Barcelona\"},\"image\":{\"@id\":\"https:\/\/www.lugaris.com\/it\/#\/schema\/logo\/image\/\"}}]}<\/script>\n<!-- \/ Yoast SEO plugin. -->","yoast_head_json":{"title":"Business Sea View | Lugaris","robots":{"index":"index","follow":"follow","max-snippet":"max-snippet:-1","max-image-preview":"max-image-preview:large","max-video-preview":"max-video-preview:-1"},"canonical":"https:\/\/www.lugaris.com\/it\/lugaris-beach-business-sea-view\/","og_locale":"it_IT","og_type":"article","og_title":"Business Sea View | Lugaris","og_description":"47-57 m\u00b2 di zona giorno con vista mare frontale o laterale a seconda della disponibilit\u00e0, soggiorno-sala da pranzo con 1 divano letto singolo, cucina all'americana, 1 camera con letto matrimoniale e 1 bagno con vasca.","og_url":"https:\/\/www.lugaris.com\/it\/lugaris-beach-business-sea-view\/","og_site_name":"Lugaris","article_modified_time":"2025-09-05T13:26:30+00:00","og_image":[{"width":2500,"height":1667,"url":"https:\/\/www.lugaris.com\/app\/uploads\/2020\/04\/Principal-BSV.webp","type":"image\/webp"}],"twitter_card":"summary_large_image","twitter_misc":{"Est. reading time":"1 minute"},"schema":{"@context":"https:\/\/schema.org","@graph":[{"@type":"WebPage","@id":"https:\/\/www.lugaris.com\/it\/lugaris-beach-business-sea-view\/","url":"https:\/\/www.lugaris.com\/it\/lugaris-beach-business-sea-view\/","name":"Business Sea View | Lugaris","isPartOf":{"@id":"https:\/\/www.lugaris.com\/it\/#website"},"primaryImageOfPage":{"@id":"https:\/\/www.lugaris.com\/it\/lugaris-beach-business-sea-view\/#primaryimage"},"image":{"@id":"https:\/\/www.lugaris.com\/it\/lugaris-beach-business-sea-view\/#primaryimage"},"thumbnailUrl":"https:\/\/www.lugaris.com\/app\/uploads\/2020\/04\/Principal-BSV.webp","datePublished":"2020-04-22T14:43:39+00:00","dateModified":"2025-09-05T13:26:30+00:00","breadcrumb":{"@id":"https:\/\/www.lugaris.com\/it\/lugaris-beach-business-sea-view\/#breadcrumb"},"inLanguage":"it-IT","potentialAction":[{"@type":"ReadAction","target":["https:\/\/www.lugaris.com\/it\/lugaris-beach-business-sea-view\/"]}]},{"@type":"ImageObject","inLanguage":"it-IT","@id":"https:\/\/www.lugaris.com\/it\/lugaris-beach-business-sea-view\/#primaryimage","url":"https:\/\/www.lugaris.com\/app\/uploads\/2020\/04\/Principal-BSV.webp","contentUrl":"https:\/\/www.lugaris.com\/app\/uploads\/2020\/04\/Principal-BSV.webp","width":2500,"height":1667},{"@type":"BreadcrumbList","@id":"https:\/\/www.lugaris.com\/it\/lugaris-beach-business-sea-view\/#breadcrumb","itemListElement":[{"@type":"ListItem","position":1,"name":"Home","item":"https:\/\/www.lugaris.com\/it\/"},{"@type":"ListItem","position":2,"name":"Business Sea View"}]},{"@type":"WebSite","@id":"https:\/\/www.lugaris.com\/it\/#website","url":"https:\/\/www.lugaris.com\/it\/","name":"Lugaris","description":"Apartamentos de vacaciones en Barcelona","publisher":{"@id":"https:\/\/www.lugaris.com\/it\/#organization"},"potentialAction":[{"@type":"SearchAction","target":{"@type":"EntryPoint","urlTemplate":"https:\/\/www.lugaris.com\/it\/?s={search_term_string}"},"query-input":"required name=search_term_string"}],"inLanguage":"it-IT"},{"@type":"Organization","@id":"https:\/\/www.lugaris.com\/it\/#organization","name":"Lugaris Apartments in Barcelona","url":"https:\/\/www.lugaris.com\/it\/","logo":{"@type":"ImageObject","inLanguage":"it-IT","@id":"https:\/\/www.lugaris.com\/it\/#\/schema\/logo\/image\/","url":"https:\/\/www.lugaris.com\/app\/uploads\/2020\/03\/Logo_lugaris_v2.png","contentUrl":"https:\/\/www.lugaris.com\/app\/uploads\/2020\/03\/Logo_lugaris_v2.png","width":285,"height":257,"caption":"Lugaris Apartments in Barcelona"},"image":{"@id":"https:\/\/www.lugaris.com\/it\/#\/schema\/logo\/image\/"}}]}},"uagb_featured_image_src":{"full":["https:\/\/www.lugaris.com\/app\/uploads\/2020\/04\/Principal-BSV.webp",2500,1667,false],"thumbnail":["https:\/\/www.lugaris.com\/app\/uploads\/2020\/04\/Principal-BSV-640x427.webp",640,427,true],"medium":["https:\/\/www.lugaris.com\/app\/uploads\/2020\/04\/Principal-BSV-1024x683.webp",1024,683,true],"medium_large":["https:\/\/www.lugaris.com\/app\/uploads\/2020\/04\/Principal-BSV-768x512.webp",768,512,true],"large":["https:\/\/www.lugaris.com\/app\/uploads\/2020\/04\/Principal-BSV-1280x854.webp",1280,854,true],"1536x1536":["https:\/\/www.lugaris.com\/app\/uploads\/2020\/04\/Principal-BSV-1536x1024.webp",1536,1024,true],"2048x2048":["https:\/\/www.lugaris.com\/app\/uploads\/2020\/04\/Principal-BSV-2048x1366.webp",2048,1366,true]},"uagb_author_info":{"display_name":"Roberto Bordi","author_link":"https:\/\/www.lugaris.com\/it\/author\/"},"uagb_comment_info":0,"uagb_excerpt":"47-57 m\u00b2 di zona giorno con vista mare frontale o laterale a seconda della disponibilit\u00e0, soggiorno-sala da pranzo con 1 divano letto singolo, cucina all'americana, 1 camera con letto matrimoniale e 1 bagno con vasca.","_links":{"self":[{"href":"https:\/\/www.lugaris.com\/it\/wp-json\/wp\/v2\/apartments\/13419"}],"collection":[{"href":"https:\/\/www.lugaris.com\/it\/wp-json\/wp\/v2\/apartments"}],"about":[{"href":"https:\/\/www.lugaris.com\/it\/wp-json\/wp\/v2\/types\/apartments"}],"version-history":[{"count":2,"href":"https:\/\/www.lugaris.com\/it\/wp-json\/wp\/v2\/apartments\/13419\/revisions"}],"predecessor-version":[{"id":29497,"href":"https:\/\/www.lugaris.com\/it\/wp-json\/wp\/v2\/apartments\/13419\/revisions\/29497"}],"wp:featuredmedia":[{"embeddable":true,"href":"https:\/\/www.lugaris.com\/it\/wp-json\/wp\/v2\/media\/24960"}],"wp:attachment":[{"href":"https:\/\/www.lugaris.com\/it\/wp-json\/wp\/v2\/media?parent=13419"}],"wp:term":[{"taxonomy":"apartments_services","embeddable":true,"href":"https:\/\/www.lugaris.com\/it\/wp-json\/wp\/v2\/apartments_services?post=13419"}],"curies":[{"name":"wp","href":"https:\/\/api.w.org\/{rel}","templated":true}]}}