{"id":11808,"date":"2020-07-30T11:16:25","date_gmt":"2020-07-30T11:16:25","guid":{"rendered":"https:\/\/www.lugaris.com\/?page_id=11808"},"modified":"2020-09-03T09:30:28","modified_gmt":"2020-09-03T09:30:28","slug":"guida-di-barcelona","status":"publish","type":"page","link":"https:\/\/www.lugaris.com\/it\/guida-di-barcelona\/","title":{"rendered":"Guida di Barcelona"},"content":{"rendered":"\n<div class=\"wp-block-columns is-layout-flex wp-container-core-columns-layout-1 wp-block-columns-is-layout-flex\">\n<div class=\"wp-block-column is-layout-flow wp-block-column-is-layout-flow\">\n<p style=\"background-color:#ff0032;color:#ffffff\" class=\"has-text-color has-background has-text-align-center\"><br><br><br><br><strong>&#8212;&#8212;&#8212;&#8212;&#8211; The happy guide to &#8212;&#8212;&#8212;&#8212;<br><\/strong><br><strong><span style=\"font-size:38px\">BARCELONA<\/span><\/strong><br><br> <strong>b<\/strong><em><strong>y LUGARIS<\/strong><\/em>  <br><br><br><br><\/p>\n\n\n\n<div class=\"\"><div class=\"\"><div class=\"wp-block-cover\" style=\"background-image:url(https:\/\/www.lugaris.com\/app\/uploads\/2020\/04\/chica.jpg);max-height:430px\"><div class=\"wp-block-cover__inner-container\"><\/div><\/div><\/div><\/div>\n<\/div>\n\n\n\n<div class=\"wp-block-column is-layout-flow wp-block-column-is-layout-flow\">\n<div class=\"wp-block-cover aligncenter\" style=\"background-image:url(https:\/\/www.lugaris.com\/app\/uploads\/2020\/07\/barcelona-2673663_1920-1-1.jpg)\"><div class=\"wp-block-cover__inner-container is-layout-flow wp-block-cover-is-layout-flow\">\n<p class=\"has-text-align-center has-large-font-size\"> <\/p>\n<\/div><\/div>\n\n\n\n<p class=\"\"><\/p>\n<\/div>\n<\/div>\n\n\n\n<div class=\"wp-block-columns is-layout-flex wp-container-core-columns-layout-2 wp-block-columns-is-layout-flex\">\n<div class=\"wp-block-column is-layout-flow wp-block-column-is-layout-flow\">\n<div class=\"wp-block-image\"><figure class=\"aligncenter size-large is-resized\"><img decoding=\"async\" src=\"https:\/\/www.lugaris.com\/app\/uploads\/2020\/04\/informaci\u00f3n-400.jpg\" alt=\"\" class=\"wp-image-1594\" width=\"600\" srcset=\"https:\/\/www.lugaris.com\/app\/uploads\/2020\/04\/informaci\u00f3n-400.jpg 400w, https:\/\/www.lugaris.com\/app\/uploads\/2020\/04\/informaci\u00f3n-400-300x293.jpg 300w\" sizes=\"(max-width: 400px) 100vw, 400px\" \/><\/figure><\/div>\n\n\n\n<p class=\"has-text-align-center has-medium-font-size text-justify\">Tutte le informazioni di cui hai bisogno per conoscere tutti i luoghi da non perdere di Barcellona. Scopri la capitale catalana con Lugaris.com e goditi le sue meraviglie.<\/p>\n<\/div>\n\n\n\n<div class=\"wp-block-column is-layout-flow wp-block-column-is-layout-flow\">\n<div class=\"wp-block-image\"><figure class=\"aligncenter size-large is-resized\"><img decoding=\"async\" src=\"https:\/\/www.lugaris.com\/app\/uploads\/2020\/04\/calendario-400.png\" alt=\"\" class=\"wp-image-1600\" width=\"600\" srcset=\"https:\/\/www.lugaris.com\/app\/uploads\/2020\/04\/calendario-400.png 400w, https:\/\/www.lugaris.com\/app\/uploads\/2020\/04\/calendario-400-300x293.png 300w\" sizes=\"(max-width: 400px) 100vw, 400px\" \/><\/figure><\/div>\n\n\n\n<p class=\"has-text-align-center has-medium-font-size text-justify\">Barcellona offre attivit\u00e0 d&#8217;intrattenimento durante tutto l&#8217;anno. Sia che venga per una vacanza o per lavoro, Lugaris.com vuole rendere il tuo soggiorno pi\u00f9 piacevole e semplice possibile.<\/p>\n<\/div>\n\n\n\n<div class=\"wp-block-column is-layout-flow wp-block-column-is-layout-flow\">\n<div class=\"wp-block-image\"><figure class=\"aligncenter size-large is-resized\"><img decoding=\"async\" src=\"https:\/\/www.lugaris.com\/app\/uploads\/2020\/04\/catedral-sagrada-familia-400.jpg\" alt=\"\" class=\"wp-image-1606\" width=\"600\" srcset=\"https:\/\/www.lugaris.com\/app\/uploads\/2020\/04\/catedral-sagrada-familia-400.jpg 400w, https:\/\/www.lugaris.com\/app\/uploads\/2020\/04\/catedral-sagrada-familia-400-300x293.jpg 300w\" sizes=\"(max-width: 400px) 100vw, 400px\" \/><\/figure><\/div>\n\n\n\n<p class=\"has-text-align-center has-medium-font-size text-justify\">Se vieni a Barcellona per la prima volta, scopri tutti gli angoli pi\u00f9 nascosti e i principali luoghi di interesse. Non tralasciare nulla e utilizza la nostra Guida completa di Barcellona.<\/p>\n<\/div>\n<\/div>\n\n\n\n\n\n\n<div class=\"wp-block-group has-very-light-gray-background-color has-background\" id=\"porquebcn\"><div class=\"wp-block-group__inner-container is-layout-flow wp-block-group-is-layout-flow\">\n<div class=\"wp-block-group\"><div class=\"wp-block-group__inner-container is-layout-flow wp-block-group-is-layout-flow\">\n<h2 class=\"has-text-color p-3 wp-block-heading\" style=\"color:#000000\">QUALI SONO LE RAGIONI PER VISITARE BARCELLONA?<\/h2>\n<\/div><\/div>\n<\/div><\/div>\n\n\n\n<div class=\"wp-block-image\"><figure class=\"aligncenter size-full is-resized\"><img decoding=\"async\" src=\"https:\/\/www.lugaris.com\/app\/uploads\/2020\/06\/miltiadis-fragkidis-FkUaZQl7XJI-unsplash-1.jpg\" alt=\"\" class=\"wp-image-10082\" width=\"1920\" srcset=\"https:\/\/www.lugaris.com\/app\/uploads\/2020\/06\/miltiadis-fragkidis-FkUaZQl7XJI-unsplash-1.jpg 1280w, https:\/\/www.lugaris.com\/app\/uploads\/2020\/06\/miltiadis-fragkidis-FkUaZQl7XJI-unsplash-1-300x122.jpg 300w, https:\/\/www.lugaris.com\/app\/uploads\/2020\/06\/miltiadis-fragkidis-FkUaZQl7XJI-unsplash-1-1024x416.jpg 1024w, https:\/\/www.lugaris.com\/app\/uploads\/2020\/06\/miltiadis-fragkidis-FkUaZQl7XJI-unsplash-1-768x312.jpg 768w\" sizes=\"(max-width: 1280px) 100vw, 1280px\" \/><\/figure><\/div>\n\n\n\n<div class=\"wp-block-group mb-5\"><div class=\"wp-block-group__inner-container is-layout-flow wp-block-group-is-layout-flow\">\n<div class=\"wp-block-group\"><div class=\"wp-block-group__inner-container is-layout-flow wp-block-group-is-layout-flow\">\n<div class=\"wp-block-columns is-layout-flex wp-container-core-columns-layout-3 wp-block-columns-is-layout-flex\">\n<div class=\"wp-block-column is-layout-flow wp-block-column-is-layout-flow\">\n<p class=\"\">\u201cArchivio della cortesia, rifugio degli stranieri, ospedale dei poveri, casa dei coraggiosi, vendetta degli offesi e solide amicizie piacevolmente corrisposte e in un posto di una bellezza unica\u201d. In questi termini si riferiva a <strong>Barcellona<\/strong> Miguel de Cervantes in persona, uno dei molti personaggi illustri che si sono lasciati attrarre dal magnetismo della capitale catalana.<br>Un potere di seduzione che oggi, quattro secoli dopo quelle parole, rimane intatto. Cos\u00ec come lo dimostrano <strong>gli 8,3 milioni di pernottamenti<\/strong> che si registrano annualmente nella citt\u00e0, riuscendo a consolidarsi come una delle destinazioni pi\u00f9 visitate d\u2019Europa. Inoltre, nel 2013 \u00e8 diventata la prima localit\u00e0 spagnola ad entrare nella top-10 a livello mondiale.<br>Son molte le ragioni che spiegano il suo successo: dalla combinazione unica di mare e montagna, dove la citt\u00e0 unisce la bellezza fotogenica del <strong><em>Parque Natural de la Sierra de <\/em><\/strong><\/p>\n<\/div>\n\n\n\n<div class=\"wp-block-column is-layout-flow wp-block-column-is-layout-flow\">\n<p class=\"\"><strong><em>Collserola<\/em><\/strong> e <strong>4,2 kilometri di costa bagnata dal Mediterraneo<\/strong>, dotata di 10 spiagge urbane, fino alla sua ampia offerta di edifici in stile modernista, oltre alla sua ingente offerta di musei, gastronomia e intrattenimento.<br>Tutto ci\u00f2 senza dimenticare che nel 2015 si \u00e8 posizionata come la <strong>terza citt\u00e0 del mondo per eventi d&#8217;affari<\/strong>, superata solo da Berlino e Parigi.<br>A quanto gi\u00e0 detto bisogna aggiungere un <strong>clima eccezionale<\/strong>, con inverni non troppo rigidi ed estati in cui la temperatura media, nei mesi di luglio e agosto, di solito non supera i 26 \u00baC. Allo stesso modo, le piogge sono scarse, con quantit\u00e0 registrate intorno ai 600 mm annuali.<br>Con queste credenziali, chi non avrebbe voglia di affittare degli appartamenti a Barcellona per le sue prossime vacanze?<\/p>\n<\/div>\n<\/div>\n<\/div><\/div>\n<\/div><\/div>\n\n\n\n<div class=\"wp-block-group has-very-light-gray-background-color has-background\" id=\"comollegar\"><div class=\"wp-block-group__inner-container is-layout-flow wp-block-group-is-layout-flow\">\n<h2 class=\"has-text-align-left p-3 wp-block-heading\">COME ARRIVARE A BARCELLONA?<\/h2>\n<\/div><\/div>\n\n\n\n<div class=\"wp-block-image\"><figure class=\"aligncenter size-full is-resized\"><img decoding=\"async\" src=\"https:\/\/www.lugaris.com\/app\/uploads\/2020\/06\/trains-525321_1920-1.jpg\" alt=\"\" class=\"wp-image-10090\" width=\"1925\" srcset=\"https:\/\/www.lugaris.com\/app\/uploads\/2020\/06\/trains-525321_1920-1.jpg 1280w, https:\/\/www.lugaris.com\/app\/uploads\/2020\/06\/trains-525321_1920-1-300x122.jpg 300w, https:\/\/www.lugaris.com\/app\/uploads\/2020\/06\/trains-525321_1920-1-1024x416.jpg 1024w, https:\/\/www.lugaris.com\/app\/uploads\/2020\/06\/trains-525321_1920-1-768x312.jpg 768w\" sizes=\"(max-width: 1280px) 100vw, 1280px\" \/><\/figure><\/div>\n\n\n\n<div class=\"wp-block-columns is-layout-flex wp-container-core-columns-layout-4 wp-block-columns-is-layout-flex\">\n<div class=\"wp-block-column is-layout-flow wp-block-column-is-layout-flow\">\n<h2 class=\"wp-block-heading\">COME ARRIVARE A BARCELLONA IN AUTOBUS<\/h2>\n\n\n\n<p class=\"\">Barcellona dispone di <strong>tre stazioni di autobus interurbani<\/strong>: quella di <strong>Sants<\/strong>, situata giusto a lato della omonima stazione del treno e della metro; la <strong>stazione del Nord<\/strong>, vicino alla fermata della metro di Arc de Triomf e quella di <strong>Fabra i Puig<\/strong>, in prossimit\u00e0 della omonima fermata della metro e della stazione di treni Sant Andreu Arenal.<br>Essi rappresentano i punti di partenza e arrivo degli autobus che connettono Barcellona con molte altre localit\u00e0 della provincia, della Spagna e di altri paesi europei, come Francia, Italia o Romania.<br>Oggi come oggi l&#8217;autobus \u00e8 uno dei mezzi pi\u00f9 economici per raggiungere la capitale catalana, anche se uno dei pi\u00f9 lunghi in termini di tempo, per molti turisti europei. Il vantaggio che l&#8217;autobus e il treno hanno rispetto all&#8217;aereo \u00e8 la possibilit\u00e0 di creare dei percorsi, sia attraverso l&#8217;Europa che attraverso la Spagna, e quindi di sfruttare maggiormente il lungo viaggio che si ha in mente di fare.<br>Potrai trovare tutte le informazioni a proposito dei diversi itinerari sui siti ufficiali delle compagnie di autobus.<\/p>\n<\/div>\n\n\n\n<div class=\"wp-block-column is-layout-flow wp-block-column-is-layout-flow\">\n<h2 class=\"wp-block-heading\">COME ARRIVARE A BARCELLONA IN TRENO<\/h2>\n\n\n\n<p class=\"\">La stazione di Sants \u00e8 la seconda stazione ferroviaria pi\u00f9 trafficata di Spagna, superata per numero passeggeri solo dalla stazione Puerta de Atocha a Madrid. <br>In essa \u00e8 possibile prendere <strong>l\u2019AVE<\/strong>, il treno ad alta velocit\u00e0 che permette di viaggiare da Madrid a Barcellona in solo due ore e mezza, e da Saragozza in solo un&#8217;ora e mezza. Tuttavia, esistono anche altre opzioni pi\u00f9 accessibili, come i treni Avant, di media distanza, regionali o locali, sebbene risultino un po\u2019 pi\u00f9 lenti.&nbsp; Alcuni dei treni che partono da Sants raggiungono importanti citt\u00e0 europee come Parigi, Marsiglia, Nizza, Ginevra, Bruxelles, Torino o Milano.<br>Se vieni solo per qualche giorno, ti consigliamo di prendere l&#8217;AVE. anche se risulta un po&#8217; pi\u00f9 costoso. Questo treno consente di viaggiare in molte citt\u00e0 francesi e in molte destinazioni nazionali, ed \u00e8 perfetto per i suoi brevi viaggi. Ma, se si viaggia avendo pi\u00f9 tempo a disposizione e maggiore calma, i treni notte che partono da Barcellona sono molto comodi ed \u00e8 possible, ad esempio, riposare tranquillamente in una cuccetta tutta la notte e arrivare la mattina dopo a Parigi freschi e riposati.<\/p>\n<\/div>\n\n\n\n<div class=\"wp-block-column is-layout-flow wp-block-column-is-layout-flow\">\n<h2 class=\"wp-block-heading\">COME ARRIVARE A BARCELLONA IN AEREO<\/h2>\n\n\n\n<p class=\"\"><strong>L\u2019areoporto di Barcellona-El Prat (BCN)<\/strong>, situato a 15 km dalla citt\u00e0 e con 40 milioni di passeggeri annuali circa, \u00e8 il secondo pi\u00f9 trafficato di Spagna, superato unicamente dall\u2019areoporto Adolfo Su\u00e1rez Madrid-Barajas.<br>Formato da due terminal, T1 e T2, e comunicati tra di loro con un servizio navetta gratuito, in esso operano pi\u00f9 di <strong>90 compagnie aeree nazionali ed internazionali<\/strong>, tra le quali ci sono quelle <em>low cost<\/em> come Vueling, Ryanair, EasyJet, Aer Lingus o Wizz Air. In totale, questi operatori offrono <strong>voli diretti da Barcellona verso oltre 150 destinazioni<\/strong> <strong>differenti.<\/strong><br>L\u2019aeroporto \u00e8 connesso con il centro citt\u00e0 con un <strong>autobus urbano<\/strong> (46), <strong>un autobus diretto<\/strong> (Aerob\u00fas A1 e A2 che fermano a Plaza de Catalunya), <strong>treno<\/strong> (fermata Aeroport de Renfe), <strong>metro<\/strong> (L-9) e <strong>due autobus notturni<\/strong> (N16 e N17). Inoltre esiste anche una fermata dei <strong>taxi<\/strong>.<br>Altri aeroporti relativamente vicini a Barcellona sono quello di<strong> Girona-Costa Brava, Reus e Lleida-Alguaire.<\/strong><\/p>\n<\/div>\n<\/div>\n\n\n\n<div class=\"wp-block-group has-very-light-gray-background-color has-background\" id=\"quevisitar\"><div class=\"wp-block-group__inner-container is-layout-flow wp-block-group-is-layout-flow\">\n<h2 class=\"has-text-align-left p-3 wp-block-heading\">COSA VISITARE A BARCELLONA?<\/h2>\n<\/div><\/div>\n\n\n\n<div class=\"wp-block-image\"><figure class=\"aligncenter size-full is-resized\"><img decoding=\"async\" src=\"https:\/\/www.lugaris.com\/app\/uploads\/2020\/06\/sant-pau.jpg\" alt=\"\" class=\"wp-image-10097\" width=\"1920\" srcset=\"https:\/\/www.lugaris.com\/app\/uploads\/2020\/06\/sant-pau.jpg 1280w, https:\/\/www.lugaris.com\/app\/uploads\/2020\/06\/sant-pau-300x122.jpg 300w, https:\/\/www.lugaris.com\/app\/uploads\/2020\/06\/sant-pau-1024x416.jpg 1024w, https:\/\/www.lugaris.com\/app\/uploads\/2020\/06\/sant-pau-768x312.jpg 768w\" sizes=\"(max-width: 1280px) 100vw, 1280px\" \/><\/figure><\/div>\n\n\n\n<p class=\"\">Fin dalla sua fondazione come colonia romana intorno al 15 a.C. Barcellona ha accumulato un&#8217;eredit\u00e0 architettonica difficile da superare. Questo enorme patrimonio monumentale copre pi\u00f9 di 6.000 anni di storia, dal Neolitico fino ai giorni nostri, e si distribuisce in varie parti della citt\u00e0.<br><br>Di seguito riassumiamo i <strong>10 luoghi essenziali di Barcellona<\/strong>.<\/p>\n\n\n<section class=\"blocks__extra-info \" id=\"\">\n    <h3> <\/h3>\n\n    <div class=\"blocks__extra-info__list\">\n                    <div class=\"blocks__extra-info__item\" id=\"poblenou-barceloneta-e-port-olimpic\">\n        <a\n                    href=\"#\" \n            class=\"toggleable__extra-info \"\n            data-target=\"#extra-info-11649\"\n            data-scope=\".blocks__extra-info .toggleable__extra-info, .blocks__extra-info .blocks__extra-info__content\"\n        \n        \n    >\n            <article class=\"blocks__extra-info__item__container\">\n            <img decoding=\"async\" src=\"https:\/\/www.lugaris.com\/app\/uploads\/2020\/04\/puerto-1.jpg\" class=\"blocks__extra-info__item__thumbnail\"><\/img>\n            <div  class=\"blocks__extra-info__item__content\">\n                <header>\n                    <h4 class=\"blocks__extra-info__item__title\">\n                        POBLENOU, BARCELONETA E PORT OL\u00cdMPIC\n                    <\/h4>\n                <\/header>\n                <section>\n                    <p class=\"blocks__extra-info__item__excerpt\">\n                        Il quartiere del Poblenou, uno dei nuclei che costituivano l&#8217;ex comune indipendente di Sant Mart\u00ed de Proven\u00e7als, ospit\u00e0 alla fine del XIX secolo la pi\u00f9 grande concentrazione industriale della Catalogna e una delle pi\u00f9 importanti &hellip;\n                    <\/p>\n                    \n                                        <span class=\"blocks__extra-info__item__read-more\">Leggi di pi\u00f9<\/span>\n                    <span class=\"blocks__extra-info__item__read-less\">Read less<\/span>\n                                    <\/section>\n            <\/div>\n        <\/article>\n        <\/a>\n    <\/div>\n                                <div class=\"blocks__extra-info__item\" id=\"la-zona-alta-della-citta\">\n        <a\n                    href=\"#\" \n            class=\"toggleable__extra-info \"\n            data-target=\"#extra-info-11778\"\n            data-scope=\".blocks__extra-info .toggleable__extra-info, .blocks__extra-info .blocks__extra-info__content\"\n        \n        \n    >\n            <article class=\"blocks__extra-info__item__container\">\n            <img decoding=\"async\" src=\"https:\/\/www.lugaris.com\/app\/uploads\/2020\/04\/sung-shin-gT5Aa9PBAtk-unsplash-1.jpg\" class=\"blocks__extra-info__item__thumbnail\"><\/img>\n            <div  class=\"blocks__extra-info__item__content\">\n                <header>\n                    <h4 class=\"blocks__extra-info__item__title\">\n                        LA ZONA ALTA DELLA CITT\u00c0\n                    <\/h4>\n                <\/header>\n                <section>\n                    <p class=\"blocks__extra-info__item__excerpt\">\n                        Nel tratto dell&#8217;Avenida Diagonal pi\u00f9 distante dal Mediterraneo \u00e8 possibile trovare alcuni luoghi di notevole interesse, come: il Palazzo Reale, il monastero gotico di Santa Mar\u00eda de Pedrables, o i padiglioni della tenuta G\u00fcell, una &hellip;\n                    <\/p>\n                    \n                                        <span class=\"blocks__extra-info__item__read-more\">Leggi di pi\u00f9<\/span>\n                    <span class=\"blocks__extra-info__item__read-less\">Read less<\/span>\n                                    <\/section>\n            <\/div>\n        <\/article>\n        <\/a>\n    <\/div>\n                                <div class=\"blocks__extra-info__item\" id=\"quartiere-gotico\">\n        <a\n                    href=\"#\" \n            class=\"toggleable__extra-info \"\n            data-target=\"#extra-info-11781\"\n            data-scope=\".blocks__extra-info .toggleable__extra-info, .blocks__extra-info .blocks__extra-info__content\"\n        \n        \n    >\n            <article class=\"blocks__extra-info__item__container\">\n            <img decoding=\"async\" src=\"https:\/\/www.lugaris.com\/app\/uploads\/2020\/04\/collins-lesulie-HWFCBG_-iTc-unsplash-1.jpg\" class=\"blocks__extra-info__item__thumbnail\"><\/img>\n            <div  class=\"blocks__extra-info__item__content\">\n                <header>\n                    <h4 class=\"blocks__extra-info__item__title\">\n                        QUARTIERE GOTICO\n                    <\/h4>\n                <\/header>\n                <section>\n                    <p class=\"blocks__extra-info__item__excerpt\">\n                        Il nucleo originario della citt\u00e0 conserva sorprendenti vestigia romane, come l\u2019antica Barcino, la quale pu\u00f2 essere ancora ammirata visitando il sottosuolo della Plaza del Rei, o le imponenti colonne del tempio di Augusto, situate in &hellip;\n                    <\/p>\n                    \n                                        <span class=\"blocks__extra-info__item__read-more\">Leggi di pi\u00f9<\/span>\n                    <span class=\"blocks__extra-info__item__read-less\">Read less<\/span>\n                                    <\/section>\n            <\/div>\n        <\/article>\n        <\/a>\n    <\/div>\n                                <div class=\"blocks__extra-info__item\" id=\"il-born\">\n        <a\n                    href=\"#\" \n            class=\"toggleable__extra-info \"\n            data-target=\"#extra-info-11782\"\n            data-scope=\".blocks__extra-info .toggleable__extra-info, .blocks__extra-info .blocks__extra-info__content\"\n        \n        \n    >\n            <article class=\"blocks__extra-info__item__container\">\n            <img decoding=\"async\" src=\"https:\/\/www.lugaris.com\/app\/uploads\/2020\/04\/biel-morro-7kWEtC4TZlE-unsplash-1.jpg\" class=\"blocks__extra-info__item__thumbnail\"><\/img>\n            <div  class=\"blocks__extra-info__item__content\">\n                <header>\n                    <h4 class=\"blocks__extra-info__item__title\">\n                        IL BORN\n                    <\/h4>\n                <\/header>\n                <section>\n                    <p class=\"blocks__extra-info__item__excerpt\">\n                        Questo \u00e8 uno dei quartieri pi\u00f9 boh\u00e9mien e affascinanti di Barcellona. Oltre ad essere il luogo dov&#8217;\u00e8 situata la basilica di Santa Maria del Mar, una delle grandi testimonianze del gotico catalano, il suo mercato &hellip;\n                    <\/p>\n                    \n                                        <span class=\"blocks__extra-info__item__read-more\">Leggi di pi\u00f9<\/span>\n                    <span class=\"blocks__extra-info__item__read-less\">Read less<\/span>\n                                    <\/section>\n            <\/div>\n        <\/article>\n        <\/a>\n    <\/div>\n                                <div class=\"blocks__extra-info__item\" id=\"la-rambla\">\n        <a\n                    href=\"#\" \n            class=\"toggleable__extra-info \"\n            data-target=\"#extra-info-11784\"\n            data-scope=\".blocks__extra-info .toggleable__extra-info, .blocks__extra-info .blocks__extra-info__content\"\n        \n        \n    >\n            <article class=\"blocks__extra-info__item__container\">\n            <img decoding=\"async\" src=\"https:\/\/www.lugaris.com\/app\/uploads\/2020\/06\/ronni-kurtz-sTd9M16OFNk-unsplash-1.jpg\" class=\"blocks__extra-info__item__thumbnail\"><\/img>\n            <div  class=\"blocks__extra-info__item__content\">\n                <header>\n                    <h4 class=\"blocks__extra-info__item__title\">\n                        LA RAMBLA\n                    <\/h4>\n                <\/header>\n                <section>\n                    <p class=\"blocks__extra-info__item__excerpt\">\n                        Se c&#8217;\u00e8 una strada pittoresca a Barcellona, questa \u00e8 senza dubbio La Rambla. Situata su quello che anticamente era il corso di un fiume, \u00e8 la sede di un gran numero di musei (come il &hellip;\n                    <\/p>\n                    \n                                        <span class=\"blocks__extra-info__item__read-more\">Leggi di pi\u00f9<\/span>\n                    <span class=\"blocks__extra-info__item__read-less\">Read less<\/span>\n                                    <\/section>\n            <\/div>\n        <\/article>\n        <\/a>\n    <\/div>\n                        <\/div>\n\n        <div class=\"blocks__extra-info__content__container\">\n                                <div id=\"extra-info-11649\"\n                class=\"blocks__extra-info__content toggleable__target \">\n                \n<p class=\"\">Il <strong>quartiere del Poblenou<\/strong>, uno dei nuclei che costituivano l&#8217;ex comune indipendente di Sant Mart\u00ed de Proven\u00e7als, ospit\u00e0 alla fine del XIX secolo <strong>la pi\u00f9 grande concentrazione industriale della Catalogna e una delle pi\u00f9 importanti della Spagna<\/strong>, che gli valse il soprannome di Manchester catalana. Di questo periodo ne sono testimonianza le molte ciminiere e fabbriche che sono state accuratamente restaurate e che oggi sono diventate la sede di aziende, istituzioni e universit\u00e0. Nella zona \u00e8 possibile visitare anche il <strong>Museo d&#8217;arte contemporanea Can Framis<\/strong>.<br>I nostri appartamenti <strong>Lugaris Rambla<\/strong> si trovano in questa ubicazione privilegiata, sulla vivace <strong>Rambla del Poblenou<\/strong>, a soli 300 m dalla spiaggia di Barcellona e con numerosi ristoranti nei dintorni, cos\u00ec come il <strong>casin\u00f2 L&#8217;Alian\u00e7a<\/strong>, un centro culturale e ricreativo che si \u00e8 trasformato nel punto focale della vita quotidiana a Poblenou.<br><br>Nel medesimo quartiere, a soli 200 m dalle <strong>spiagge di Bogatell e della Mar Bella<\/strong>, si trova il complesso di <strong>Lugaris Beach<\/strong>, i nostri confortevoli <a href=\"https:\/\/www.lugaris.com\/it\/lugaris-beach\/\"><strong>appartamenti a Barcellona con vista mare<\/strong><\/a>.<br>Infine, la <strong>Barceloneta<\/strong> \u00e8 una delle enclavi pi\u00f9 tipiche e uniche di Barcellona. Fondato a met\u00e0 del XVIII secolo, si tratta di un antico quartiere di pescatori che conserva ancora oggi alcune delle sue tradizionali case e un gran numero di ristoranti di pesce. Dispone anche di una spiaggia lunga 1,1 km e ospita il <strong>Museo di Storia della Catalogna<\/strong>, dalla cui terrazza si pu\u00f2 godere di una vista incomparabile sul porto. Non lontano da qui si trova il distretto sportivo e ricreativo del <strong>Port Ol\u00edmpic<\/strong>, che comprende il <strong>Casin\u00f2 di Barcellona<\/strong>. Non molto lontano si trova anche il <strong>Marem\u00e0gnum<\/strong>, un centro commerciale con negozi alla moda aperti la domenica, oltre a ristoranti e cinema.<\/p>\n\n            <\/div>\n                                            <div id=\"extra-info-11778\"\n                class=\"blocks__extra-info__content toggleable__target \">\n                \n<p class=\"\">Nel tratto dell&#8217;Avenida Diagonal pi\u00f9 distante dal Mediterraneo \u00e8 possibile trovare alcuni luoghi di notevole interesse, come: il <strong>Palazzo Reale<\/strong>, il <strong>monastero gotico di Santa Mar\u00eda de Pedrables<\/strong>, o i <strong>padiglioni della tenuta G\u00fcell<\/strong>, una serie di edifici costruiti da Antoni Gaud\u00ed nell&#8217;esclusivo quartiere di Pedralbes tra il 1883 e il 1887.<br>La zona ospita anche un grande magazzino e due centri commerciali: Pedralbes Centre e L&#8217;Illa Diagonal, con negozi di abbigliamento, bar e ristoranti.<br>Nel quartiere di Les Corts si trova lo stadio del FC Barcelona: il <strong>Camp Nou<\/strong>, lo stadio pi\u00f9 grande d&#8217;Europa grazie ai suoi 99.354 posti a sedere. Il museo al suo interno \u00e8 anche uno dei pi\u00f9 visitati della Catalogna.<br>Non lontano da qui si trova il tranquillo e rinomato quartiere di <strong>Sarri\u00e0<\/strong>, un antico municipio rimasto indipendente fino al 1921, mentre al giorno d&#8217;oggi \u00e8 diventato un luogo ideale per fare shopping, passeggiate, cenare in un ristorante o uscire a bere un drink in uno dei bar delle strade di Mari\u00e0 Cub\u00ed o Santal\u00f3.<\/p>\n\n\n\n<p class=\"\"><\/p>\n\n            <\/div>\n                                            <div id=\"extra-info-11781\"\n                class=\"blocks__extra-info__content toggleable__target \">\n                \n<p class=\"text-justify\">Il nucleo originario della citt\u00e0 conserva sorprendenti <strong>vestigia romane<\/strong>, come l\u2019antica Barcino, la quale pu\u00f2 essere ancora ammirata visitando il sottosuolo della Plaza del Rei, o le imponenti colonne del tempio di Augusto, situate in Calle del Parad\u00eds. Inoltre sono presenti spettacolari costruzioni medievali, tra le quali vale la pena menzionare <strong>la Cattedrale e la Chiesa del Pi<\/strong>, di stile gotico, senza dimenticare <strong>il quartiere ebraico o Call<\/strong>, con la suggestiva piazza di Sant Felip Neri o la <strong>sinagoga pi\u00f9 antica d\u2019Europa<\/strong>, situata in Calle de Marlet N 5.<\/p>\n\n            <\/div>\n                                            <div id=\"extra-info-11782\"\n                class=\"blocks__extra-info__content toggleable__target \">\n                \n<p class=\"\">Questo \u00e8 uno dei quartieri pi\u00f9 boh\u00e9mien e affascinanti di Barcellona. Oltre ad essere il luogo dov&#8217;\u00e8 situata la <strong>basilica di Santa Maria del Mar<\/strong>, una delle grandi testimonianze del gotico catalano, il suo <strong>mercato<\/strong> ospita le rovine di vari edifici e strade che furono rase al suolo nel 1714, a seguito della Guerra di Successione. Si tratta di un <strong>complesso archeologico unico in Europa<\/strong>, che avvicina il visitatore ad uno degli episodi pi\u00f9 cruciali della storia della citt\u00e0.<br>Accanto a questo centro culturale si trova il <strong>Parco della Ciutadella<\/strong>, un&#8217;area verde urbana costruita in occasione dell&#8217;Esposizione Universale del 1888, la quale sorge sulla cima di una vecchia cittadella militare. In esso si trovano: il <strong>Parlamento della Catalogna<\/strong>, la sede dell&#8217;ex <strong>Museo di Zoologia<\/strong> e lo zoo.<br>Il Born ospita anche il <strong>Museo Picasso<\/strong>, uno dei musei pi\u00f9 visitati di Barcellona, il <strong>Museo Europeo d&#8217;Arte Moderna<\/strong> e il <strong>Museo delle Culture del Mondo<\/strong>. Tutto questo senza dimenticare la vasta gamma di ristoranti e pub che si trovano lungo il Paseo del Born.<\/p>\n\n\n\n<p class=\"\"><\/p>\n\n            <\/div>\n                                            <div id=\"extra-info-11784\"\n                class=\"blocks__extra-info__content toggleable__target \">\n                \n<p class=\"\">Se c&#8217;\u00e8 una strada pittoresca a Barcellona, questa \u00e8 senza dubbio <strong>La Rambla<\/strong>. Situata su quello che anticamente era il corso di un fiume, \u00e8 la sede di un gran numero di <strong>musei<\/strong> (come il Museo Marittimo di Barcellona, il Museo delle Cere, il Centro d&#8217;Arte Santa M\u00f2nica e il Museo dell&#8217;Erotica), <strong>teatri<\/strong> (il Gran Teatre del Liceu, il Teatre Principal e il Poliorama), il magnifico <strong>mercato de La Boqueria<\/strong>, ristoranti, negozi di fiori e mercati artigianali all&#8217;aperto, nei quali convivono insieme statue umane, pittori, caricaturisti, musicisti di strada e turisti di tutte le nazionalit\u00e0.<br>Nella parte finale si trova un <strong>monumento dedicato a Colombo<\/strong>, una delle grandi icone della citt\u00e0. Merita di essere menzionata anche la singolare <strong>Plaza Reial<\/strong>, con i suoi portici e i numerosi ristoranti, pub e discoteche.<\/p>\n\n\n\n<p class=\"\"><\/p>\n\n            <\/div>\n                        <\/div>\n\n    <span class=\"blocks__extra-info__list__button__left prev\"><\/span>\n    <span class=\"blocks__extra-info__list__button__right next\"><\/span>\n    <\/section>\n\n\n<section class=\"blocks__extra-info \" id=\"\">\n    <h3> <\/h3>\n\n    <div class=\"blocks__extra-info__list\">\n                    <div class=\"blocks__extra-info__item\" id=\"raval-e-il-parallel\">\n        <a\n                    href=\"#\" \n            class=\"toggleable__extra-info toggleable--open\"\n            data-target=\"#extra-info-11786\"\n            data-scope=\".blocks__extra-info .toggleable__extra-info, .blocks__extra-info .blocks__extra-info__content\"\n        \n        \n    >\n            <article class=\"blocks__extra-info__item__container\">\n            <img decoding=\"async\" src=\"https:\/\/www.lugaris.com\/app\/uploads\/2020\/04\/barcelona-1137876_1920-1.jpg\" class=\"blocks__extra-info__item__thumbnail\"><\/img>\n            <div  class=\"blocks__extra-info__item__content\">\n                <header>\n                    <h4 class=\"blocks__extra-info__item__title\">\n                        RAVAL E IL PARAL\u00b7LEL\n                    <\/h4>\n                <\/header>\n                <section>\n                    <p class=\"blocks__extra-info__item__excerpt\">\n                        Poco distante dalla Rambla si trova il singolare quartiere del Raval, l&#8217;antico quartiere cinese, il quale possiede il primato di essere la prima zona abitata nella storia di Barcellona. Oltre ad alcuni monumenti interessanti, come &hellip;\n                    <\/p>\n                    \n                                        <span class=\"blocks__extra-info__item__read-more\">Leggi di pi\u00f9<\/span>\n                    <span class=\"blocks__extra-info__item__read-less\">Read less<\/span>\n                                    <\/section>\n            <\/div>\n        <\/article>\n        <\/a>\n    <\/div>\n                                <div class=\"blocks__extra-info__item\" id=\"montjuic\">\n        <a\n                    href=\"#\" \n            class=\"toggleable__extra-info \"\n            data-target=\"#extra-info-11788\"\n            data-scope=\".blocks__extra-info .toggleable__extra-info, .blocks__extra-info .blocks__extra-info__content\"\n        \n        \n    >\n            <article class=\"blocks__extra-info__item__container\">\n            <img decoding=\"async\" src=\"https:\/\/www.lugaris.com\/app\/uploads\/2020\/04\/vitaliy-zamedyanskiy-FGJTlEM4gTU-unsplash-1.jpg\" class=\"blocks__extra-info__item__thumbnail\"><\/img>\n            <div  class=\"blocks__extra-info__item__content\">\n                <header>\n                    <h4 class=\"blocks__extra-info__item__title\">\n                        MONTJU\u00cfC\n                    <\/h4>\n                <\/header>\n                <section>\n                    <p class=\"blocks__extra-info__item__excerpt\">\n                        Oltre ad essere il luogo dove sono stati fatti i ritrovamenti pi\u00f9 antichi della presenza dell&#8217;uomo nell&#8217;area di Barcellona (all&#8217;interno di una cava di diaspro che \u00e8 stata in funzione dal 10.000 a.C. fino all&#8217;epoca &hellip;\n                    <\/p>\n                    \n                                        <span class=\"blocks__extra-info__item__read-more\">Leggi di pi\u00f9<\/span>\n                    <span class=\"blocks__extra-info__item__read-less\">Read less<\/span>\n                                    <\/section>\n            <\/div>\n        <\/article>\n        <\/a>\n    <\/div>\n                                <div class=\"blocks__extra-info__item\" id=\"tibidabo\">\n        <a\n                    href=\"#\" \n            class=\"toggleable__extra-info \"\n            data-target=\"#extra-info-11791\"\n            data-scope=\".blocks__extra-info .toggleable__extra-info, .blocks__extra-info .blocks__extra-info__content\"\n        \n        \n    >\n            <article class=\"blocks__extra-info__item__container\">\n            <img decoding=\"async\" src=\"https:\/\/www.lugaris.com\/app\/uploads\/2020\/04\/biel-morro-d0xjEv-WJQk-unsplash-1.jpg\" class=\"blocks__extra-info__item__thumbnail\"><\/img>\n            <div  class=\"blocks__extra-info__item__content\">\n                <header>\n                    <h4 class=\"blocks__extra-info__item__title\">\n                        TIBIDABO\n                    <\/h4>\n                <\/header>\n                <section>\n                    <p class=\"blocks__extra-info__item__excerpt\">\n                        L&#8217;urbanizzazione di questa montagna (il punto pi\u00f9 alto di Barcellona, situato a 512 m sul livello del mare) e dei suoi dintorni avvenne verso la fine del XIX secolo sotto l&#8217;impulso del Dr. Salvador Andreu. &hellip;\n                    <\/p>\n                    \n                                        <span class=\"blocks__extra-info__item__read-more\">Leggi di pi\u00f9<\/span>\n                    <span class=\"blocks__extra-info__item__read-less\">Read less<\/span>\n                                    <\/section>\n            <\/div>\n        <\/article>\n        <\/a>\n    <\/div>\n                                <div class=\"blocks__extra-info__item\" id=\"architettura-modernista\">\n        <a\n                    href=\"#\" \n            class=\"toggleable__extra-info \"\n            data-target=\"#extra-info-11792\"\n            data-scope=\".blocks__extra-info .toggleable__extra-info, .blocks__extra-info .blocks__extra-info__content\"\n        \n        \n    >\n            <article class=\"blocks__extra-info__item__container\">\n            <img decoding=\"async\" src=\"https:\/\/www.lugaris.com\/app\/uploads\/2020\/04\/spain-106463_1280-1.jpg\" class=\"blocks__extra-info__item__thumbnail\"><\/img>\n            <div  class=\"blocks__extra-info__item__content\">\n                <header>\n                    <h4 class=\"blocks__extra-info__item__title\">\n                        Architettura Modernista\n                    <\/h4>\n                <\/header>\n                <section>\n                    <p class=\"blocks__extra-info__item__excerpt\">\n                        Non \u00e8 certo una novit\u00e0 che Barcellona sia conosciuta come la capitale mondiale del modernismo. Il fatto \u00e8 che pochi luoghi possono vantare il patrimonio artistico di Antoni Gaud\u00ed, le cui opere pi\u00f9 famose come &hellip;\n                    <\/p>\n                    \n                                        <span class=\"blocks__extra-info__item__read-more\">Leggi di pi\u00f9<\/span>\n                    <span class=\"blocks__extra-info__item__read-less\">Read less<\/span>\n                                    <\/section>\n            <\/div>\n        <\/article>\n        <\/a>\n    <\/div>\n                                <div class=\"blocks__extra-info__item\" id=\"nei-dintorni-di-barcelona\">\n        <a\n                    href=\"#\" \n            class=\"toggleable__extra-info \"\n            data-target=\"#extra-info-11794\"\n            data-scope=\".blocks__extra-info .toggleable__extra-info, .blocks__extra-info .blocks__extra-info__content\"\n        \n        \n    >\n            <article class=\"blocks__extra-info__item__container\">\n            <img decoding=\"async\" src=\"https:\/\/www.lugaris.com\/app\/uploads\/2020\/04\/montserrat-1305368_1280-1.jpg\" class=\"blocks__extra-info__item__thumbnail\"><\/img>\n            <div  class=\"blocks__extra-info__item__content\">\n                <header>\n                    <h4 class=\"blocks__extra-info__item__title\">\n                        Nei dintorni di Barcelona\n                    <\/h4>\n                <\/header>\n                <section>\n                    <p class=\"blocks__extra-info__item__excerpt\">\n                        Oltre alle innumerevoli attrazioni che ospita la citt\u00e0 di Barcellona, anche in provincia si trovano molti luoghi d&#8217;interesse. Ad esempio, Santa Coloma de Cervell\u00f3, la citt\u00e0 che ospita la cripta della Colonia G\u00fcell, progettata da &hellip;\n                    <\/p>\n                    \n                                        <span class=\"blocks__extra-info__item__read-more\">Leggi di pi\u00f9<\/span>\n                    <span class=\"blocks__extra-info__item__read-less\">Read less<\/span>\n                                    <\/section>\n            <\/div>\n        <\/article>\n        <\/a>\n    <\/div>\n                        <\/div>\n\n        <div class=\"blocks__extra-info__content__container\">\n                                <div id=\"extra-info-11786\"\n                class=\"blocks__extra-info__content toggleable__target toggleable__target--open\">\n                \n<p class=\"\">Poco distante dalla Rambla si trova il singolare quartiere del Raval, l&#8217;antico quartiere cinese, il quale possiede il primato di essere la prima zona abitata nella storia di Barcellona. Oltre ad alcuni monumenti interessanti, come il monastero romanico di <strong>Sant Pau del Camp<\/strong>, l&#8217;antico <strong>ospedale di Santa Creu<\/strong> o il gi\u00e0 citato Palau G\u00fcell, si distingue anche per i suoi ristoranti e la sua vita notturna, oltre che per l&#8217;atmosfera cosmopolita: non c&#8217;\u00e8 da stupirsi che pi\u00f9 della met\u00e0 dei suoi abitanti siano stranieri.<br>Il suo confine naturale \u00e8 l&#8217;<strong>Avenida del Paral-lel<\/strong>, che fino agli anni &#8217;30 del XX secolo ospitava la pi\u00f9 grande concentrazione di teatri e locali notturni d&#8217;Europa. Alcuni di loro sono ancora in funzione.<\/p>\n\n\n\n<p class=\"\"><\/p>\n\n            <\/div>\n                                            <div id=\"extra-info-11788\"\n                class=\"blocks__extra-info__content toggleable__target \">\n                \n<p class=\"\">Oltre ad essere il luogo dove sono stati fatti i ritrovamenti pi\u00f9 antichi della presenza dell&#8217;uomo nell&#8217;area di Barcellona (all&#8217;interno di una cava di diaspro che \u00e8 stata in funzione dal 10.000 a.C. fino all&#8217;epoca romana) la montagna del Montju\u00efc ospita una delle pi\u00f9 vaste offerte di attivit\u00e0 culturali e ricreative di Barcellona.<br>Costruito in occasione dell&#8217;Esposizione Internazionale del 1929, questo spazio ospita il <strong>Museo Nazionale d&#8217;Arte della Catalogna<\/strong> e l&#8217;affascinante <strong>Font M\u00e0gica<\/strong>, il quale \u00e8 la sede della pi\u00f9 importante collezione di pittura romanica del mondo; il Museo Archeologico, il Museo Etnologico, il CaixaF\u00f2rum, il Museo Olimpico, il Teatre Lliure, il Teatre Grec, l&#8217;Orto Botanico e il <strong>Pueblo Espa\u00f1ol<\/strong>, un luogo dove sono stati ricreati degli esempi di architettura popolare di tutta la Spagna, oltre ad avere anche ristoranti, negozi, laboratori artigianali, sale espositive, discoteche e un Tablao (locale) di flamenco.<br>Da non perdere anche l&#8217;Anilla Ol\u00edmpica, che comprende lo <strong>stadio Llu\u00eds Companys<\/strong>, la <strong>torre Calatrava<\/strong> e il <strong>Palau Sant Jordi<\/strong>.<br>Dal <strong>Castello di Montju\u00efc<\/strong> potrai godere di una delle migliori viste di tutta la citt\u00e0 di Barcellona.<\/p>\n\n\n\n<p class=\"\"><\/p>\n\n            <\/div>\n                                            <div id=\"extra-info-11791\"\n                class=\"blocks__extra-info__content toggleable__target \">\n                \n<p class=\"\">L&#8217;urbanizzazione di questa montagna (il punto pi\u00f9 alto di Barcellona, situato a 512 m sul livello del mare) e dei suoi dintorni avvenne verso la fine del XIX secolo sotto l&#8217;impulso del Dr. Salvador Andreu. Senza dubbio, la sua principale attrazione \u00e8 il <strong>parco di divertimenti del Tibidado<\/strong>, che si estende su 70.000 m2, ed \u00e8 il pi\u00f9 antico in funzione in Spagna e il terzo pi\u00f9 grande d&#8217;Europa. Alcune delle sue attrazioni, come <strong>La Talaia<\/strong> o <strong>L&#8217;Avi\u00f3<\/strong>, hanno quasi cent&#8217;anni, mentre il curioso <strong>Museo degli Automi<\/strong> \u00e8 ambientato in un vecchio teatro del 1908.<br>Altri luoghi emblematici del Tibidabo sono il <strong>Tempio Espiatorio del Sacro Cuore<\/strong> (1902-1961) e la <strong>Torre Collserola<\/strong>, di 288 metri, progettata dall&#8217;architetto britannico Norman Foster.<\/p>\n\n\n\n<p class=\"\"><\/p>\n\n            <\/div>\n                                            <div id=\"extra-info-11792\"\n                class=\"blocks__extra-info__content toggleable__target \">\n                \n<p class=\"\">Non \u00e8 certo una novit\u00e0 che Barcellona sia conosciuta come la capitale mondiale del modernismo. Il fatto \u00e8 che pochi luoghi possono vantare il patrimonio artistico di Antoni Gaud\u00ed, le cui opere pi\u00f9 famose come la <strong>Sagrada Familia<\/strong>, <strong>Casa Mil\u00e0<\/strong> (conosciuta come La Pedrera), <strong>Casa Batll\u00f3<\/strong>, il <strong>Parco e Palau G\u00fcell<\/strong> e <strong>Casa Vicens<\/strong>, sono state dichiarate patrimonio dell&#8217;umanit\u00e0 dall&#8217;UNESCO. Lo stesso si pu\u00f2 affermare per altri due siti modernisti davvero rappresentativi della citt\u00e0: l&#8217;<strong>Hospital de Sant Pau<\/strong> e il <strong>Palau de la M\u00fasica Catalana<\/strong>, progettato da Llu\u00eds Dom\u00e8nech i Montaner.<br>Altri edifici modernisti di interesse sono: la <strong>Casa de les Punxes<\/strong> o <strong>Casa Terradas<\/strong>, all&#8217;incrocio tra Avinguda Diagonal e Passeig de Gr\u00e0cia; <strong>Casa Ametller<\/strong> e <strong>Casa Lle\u00f3 Morera<\/strong>, entrambe situate su quest&#8217;ultima arteria principale. Inoltre, non perderti la <strong>Torre Bellesguard<\/strong> o la <strong>Scuola delle Teresiane<\/strong>, anch&#8217;esse firmate da Gaud\u00ed.<\/p>\n\n\n\n<p class=\"\"><\/p>\n\n            <\/div>\n                                            <div id=\"extra-info-11794\"\n                class=\"blocks__extra-info__content toggleable__target \">\n                \n<p class=\"\">Oltre alle innumerevoli attrazioni che ospita la citt\u00e0 di Barcellona, anche in provincia si trovano molti luoghi d&#8217;interesse. Ad esempio, Santa Coloma de Cervell\u00f3, la citt\u00e0 che ospita la <strong>cripta della Colonia G\u00fcell<\/strong>, progettata da Gaud\u00ed e inserita nella lista del Patrimonio Mondiale dell&#8217;Umanit\u00e0 dell&#8217;UNESCO nel 2005.<br>Non meno interessanti sono citt\u00e0 come <strong>Sitges<\/strong>, situata a soli 40 km da Barcellona e uno dei laboratori del modernismo catalano. La sua straordinaria vista sul mare, le sue spiagge e il suo programma culturale, con il Fantastic Film Festival o il carnevale come fiore all&#8217;occhiello, sono solo alcune delle ragioni per non perdersi questa magnifica citt\u00e0.<br>Allo stesso modo, Barcellona \u00e8 anche molto vicina al <strong>circuito Barcellona-Catalonia<\/strong> di Montmel\u00f3, e all&#8217;inconfondibile <strong>Montserrat<\/strong>, una formazione geologica unica e con forti connotazioni spirituali, culturali e persino magiche; il <strong>Montseny<\/strong>, un Parco Naturale dichiarato Riserva della Biosfera dall&#8217;UNESCO nel 1978, e la zona industriale di <strong>Berga<\/strong>, una citt\u00e0 il cui festival pi\u00f9 famoso, La Patum, \u00e8 Patrimonio Culturale Immateriale dell&#8217;Umanit\u00e0.<br>Per fare shopping, ti consigliamo di visitare <strong>La Roca Village<\/strong>, un complesso di outlet raggiungibile in autobus da vari punti di Barcellona.<\/p>\n\n\n\n<p class=\"\"><\/p>\n\n            <\/div>\n                        <\/div>\n\n    <span class=\"blocks__extra-info__list__button__left prev\"><\/span>\n    <span class=\"blocks__extra-info__list__button__right next\"><\/span>\n    <\/section>\n\n\n\n<div class=\"wp-block-group has-very-light-gray-background-color has-background\" id=\"gastro\"><div class=\"wp-block-group__inner-container is-layout-flow wp-block-group-is-layout-flow\">\n<h2 class=\"has-text-align-left p-3 wp-block-heading\">LA CUCINA CATALANA<\/h2>\n<\/div><\/div>\n\n\n\n<div class=\"wp-block-image\"><figure class=\"aligncenter size-full is-resized\"><img decoding=\"async\" src=\"https:\/\/www.lugaris.com\/app\/uploads\/2020\/06\/cream-4183410_1920-1.jpg\" alt=\"\" class=\"wp-image-10104\" width=\"1920\" srcset=\"https:\/\/www.lugaris.com\/app\/uploads\/2020\/06\/cream-4183410_1920-1.jpg 1280w, https:\/\/www.lugaris.com\/app\/uploads\/2020\/06\/cream-4183410_1920-1-300x122.jpg 300w, https:\/\/www.lugaris.com\/app\/uploads\/2020\/06\/cream-4183410_1920-1-1024x416.jpg 1024w, https:\/\/www.lugaris.com\/app\/uploads\/2020\/06\/cream-4183410_1920-1-768x312.jpg 768w\" sizes=\"(max-width: 1280px) 100vw, 1280px\" \/><\/figure><\/div>\n\n\n\n<p class=\"\">Con una tradizione culinaria che basa le sue radici nella <strong>dieta mediterranea<\/strong> (dichiarata Patrimonio Immateriale dell&#8217;Umanit\u00e0 dall&#8217;UNESCO nel 2010 e 2013) Barcellona \u00e8 una delle mete preferite dai <em>foodie<\/em> di tutto il mondo.<br>Con un&#8217;offerta di oltre <strong>7.400 tra bar e ristoranti<\/strong> registrati nel 2016, concentrati principalmente nel quartiere dell&#8217;Eixample, Barcellona \u00e8 il luogo ideale per avvicinarsi alla migliore versione della cucina catalana tradizionale, oltre a qualsiasi specialit\u00e0 della cucina internazionale.<br>Allo stesso modo, non bisogna dimenticare che Barcellona riunisce ristoranti gestiti da chef stellati Michelin come: Carme Ruscalleda (direttrice del ristorante <strong>Moments<\/strong>, all&#8217;Hotel Mandarin Oriental), Mart\u00edn Berasategui (<strong>Lasarte<\/strong>, all&#8217;Hotel Condes de Barcelona), Jordi Cruz (<strong>\u00c0bac<\/strong>) e Sergi Arola (<strong>Hotel Arts<\/strong>); ed infine Ferran Adri\u00e0, l\u2019ultimo ad arrivare a Barcellona.<br>D&#8217;altra parte, la parte antica della citt\u00e0 ospita il <strong>Can Culleretes<\/strong>, un&#8217;attivit\u00e0 fondata nel 1786 e che, secondo il Guinness dei primati, \u00e8 il <strong>secondo ristorante pi\u00f9 antico di Spagna<\/strong>.<br>Anche se la citt\u00e0 di Barcellona non \u00e8 un produttore di materie prime (non ospita quasi nessun terreno agricolo o azienda agricola), lo stesso non si pu\u00f2 dire della sua area metropolitana, famosa per il pollo e il carciofo de El Prat, o della provincia, con prodotti pregiati come la fragola del Maresme o i salumi della regione di Osona, con il fuet de Vic come fiore all&#8217;occhiello.<br>Tra i piatti pi\u00f9 tradizionali della cucina barcellonese, vanno ricordati i <strong>cannelloni Rossini<\/strong>, entrati nel ricettario catalano alla fine del XIX secolo; la <em><strong>sopa de galets<\/strong><\/em>, la <em><strong>escudella<\/strong><\/em> e la <strong><em>carn d&#8217;olla<\/em><\/strong>, piatti che non mancano su nessuna tavola catalana a Natale.<br>Stessa importanza che hanno piatti come l&#8217;<strong><em>esqueixada<\/em><\/strong> e il <strong><em>baccal\u00e0 a la llauna<\/em><\/strong> (due specialit\u00e0 a base di merluzzo), l&#8217;<strong><em>escalibada<\/em><\/strong> e gli <strong>spinaci alla catalana<\/strong>. Ovviamente, il tutto \u00e8 accompagnato dal famoso <strong><em>pa amb tom\u00e0quet<\/em><\/strong> (pane con pomodoro).<br>Per quanto riguarda il dessert, vale la pena menzionare la <strong><em>cr\u00e8me de Sant Josep<\/em><\/strong> o crema catalana, il <strong><em>mat\u00e9 de Pedralbes<\/em><\/strong> (un tipo di formaggio fresco), il <strong><em>bra\u00e7 cremat<\/em><\/strong> (o brazo de gitano), i <strong><em>pets de monja<\/em><\/strong>, le <strong><em>cocas<\/em> di Montserrat<\/strong>, l&#8217;irresistibile <strong><em>leche de pantera<\/em><\/strong> (bevanda a base di latte condensato molto popolare nel quartiere gotico) e i <strong><em>panellets<\/em><\/strong>, alcuni marzapane che si mangiano solitamente il giorno di Ognissanti.<br>Altri dolci e prodotti di pasticceria legati al calendario sono il <strong>pane di Sant Jordi<\/strong>, il tortell de Reis (torta dei Re), las <strong><em>monas<\/em> di Pasqua<\/strong> o <strong><em>la coca<\/em> di San Juan<\/strong>.<br>T&#8217;immagini come sar\u00e0 assaggiare queste e altre prelibatezze sul balcone o sulla terrazza dei nostri appartamenti a Barcellona?<\/p>\n\n\n\n<div class=\"wp-block-group has-very-light-gray-background-color has-background\" id=\"ferias\"><div class=\"wp-block-group__inner-container is-layout-flow wp-block-group-is-layout-flow\">\n<h2 class=\"has-text-align-left p-3 wp-block-heading\">FIERE ED EVENTI A BARCELLONA<\/h2>\n<\/div><\/div>\n\n\n\n<div class=\"wp-block-image\"><figure class=\"aligncenter size-full is-resized\"><img decoding=\"async\" src=\"https:\/\/www.lugaris.com\/app\/uploads\/2020\/06\/zach-rowlandson-Jnr4wigOj2A-unsplash-1.jpg\" alt=\"\" class=\"wp-image-10111\" width=\"1920\" srcset=\"https:\/\/www.lugaris.com\/app\/uploads\/2020\/06\/zach-rowlandson-Jnr4wigOj2A-unsplash-1.jpg 1280w, https:\/\/www.lugaris.com\/app\/uploads\/2020\/06\/zach-rowlandson-Jnr4wigOj2A-unsplash-1-300x122.jpg 300w, https:\/\/www.lugaris.com\/app\/uploads\/2020\/06\/zach-rowlandson-Jnr4wigOj2A-unsplash-1-1024x416.jpg 1024w, https:\/\/www.lugaris.com\/app\/uploads\/2020\/06\/zach-rowlandson-Jnr4wigOj2A-unsplash-1-768x312.jpg 768w\" sizes=\"(max-width: 1280px) 100vw, 1280px\" \/><\/figure><\/div>\n\n\n\n<p class=\"\">Oltre alla sua infinita offerta turistica, Barcellona si distingue anche per il suo ampio programma di eventi e festival. Esso include tutto, dal <strong>Mobile World Congress<\/strong>, il pi\u00f9 grande evento del settore della telefonia mobile, al <strong>Salone Internazionale dell&#8217;Automobile<\/strong> (un evento biennale che si tiene anche nella sede della Fira de Barcelona a Montju\u00efc).<br>Non bisogno nemmeno dimenticare i suoi eventi e festival come il <strong>Primavera Sound<\/strong>, che si svolge tra la fine di maggio e l&#8217;inizio di giugno, o il <strong>Festival Internazionale di Musica Avanzata (S\u00f2nar)<\/strong>, che si tiene a met\u00e0 giugno ed \u00e8 dedicato alla musica elettronica.<br>Altri festival importanti sono il <strong>Grec<\/strong>, un festival di arti dello spettacolo che si tiene in estate, e la <strong>festa della Merc\u00e8<\/strong> (24 settembre e i giorni precedenti), dedicato al santo patrono di Barcellona, che di solito propone concerti gratuiti delle migliori band della scena nazionale e internazionale.<br>Ad agosto sono d&#8217;obbligo le <strong>celebrazioni dei quartieri di Gr\u00e0cia e Sants<\/strong>, in cui le strade addobbate diventano le protagoniste principali.<br>Vale la pena di menzionare anche l&#8217;<strong>Alimentaria Barcelona<\/strong>, una grande fiera che inizia alla fine di aprile; il <strong>Sal\u00f3n del C\u00f3mic<\/strong> (la Fiera del fumetto), che viene organizzata all&#8217;inizio di maggio, e la <strong>Fiera dei Manga<\/strong>, alla fine di ottobre.<br>Da non perdere, infine, le feste del Corpus Domini, in cui vengono decorati vari cortili del centro citt\u00e0 e sulle cui fontane viene posto un uovo che rimane in equilibrio sull&#8217;acqua. Nella cultura catalana, questa usanza del XVII secolo \u00e8 conosciuta come l&#8217;<strong>Ou com Balla<\/strong> (&#8220;come balla l&#8217;uovo&#8221;).<br>Senza dubbio, affittare appartamenti di lusso a Barcellona, alcuni dei quali sono allo stesso livello dei migliori hotel, pu\u00f2 essere il modo migliore per godersi tutto ci\u00f2 che ha da offrire questa incredibile citt\u00e0 mediterranea.<br><br>Vieni a scoprirlo!<\/p>\n","protected":false},"excerpt":{"rendered":"<p>Tutte le informazioni di cui hai bisogno per conoscere tutti i luoghi da non perdere di Barcellona. Scopri la capitale catalana con Lugaris.com e goditi le sue meraviglie.<\/p>\n","protected":false},"author":4,"featured_media":11829,"parent":0,"menu_order":0,"comment_status":"closed","ping_status":"closed","template":"","meta":{"_uag_custom_page_level_css":"","footnotes":""},"yoast_head":"<!-- This site is optimized with the Yoast SEO plugin v23.1 - https:\/\/yoast.com\/wordpress\/plugins\/seo\/ -->\n<title>Guida di Barcelona | Lugaris<\/title>\n<meta name=\"robots\" content=\"index, follow, max-snippet:-1, max-image-preview:large, max-video-preview:-1\" \/>\n<link rel=\"canonical\" href=\"https:\/\/www.lugaris.com\/it\/guida-di-barcelona\/\" \/>\n<meta property=\"og:locale\" content=\"it_IT\" \/>\n<meta property=\"og:type\" content=\"article\" \/>\n<meta property=\"og:title\" content=\"Guida di Barcelona | Lugaris\" \/>\n<meta property=\"og:description\" content=\"Tutte le informazioni di cui hai bisogno per conoscere tutti i luoghi da non perdere di Barcellona. Scopri la capitale catalana con Lugaris.com e goditi le sue meraviglie.\" \/>\n<meta property=\"og:url\" content=\"https:\/\/www.lugaris.com\/it\/guida-di-barcelona\/\" \/>\n<meta property=\"og:site_name\" content=\"Lugaris\" \/>\n<meta property=\"article:modified_time\" content=\"2020-09-03T09:30:28+00:00\" \/>\n<meta property=\"og:image\" content=\"https:\/\/www.lugaris.com\/app\/uploads\/2020\/07\/barcelona-2673663_1920-1-1.jpg\" \/>\n\t<meta property=\"og:image:width\" content=\"815\" \/>\n\t<meta property=\"og:image:height\" content=\"816\" \/>\n\t<meta property=\"og:image:type\" content=\"image\/jpeg\" \/>\n<meta name=\"twitter:card\" content=\"summary_large_image\" \/>\n<meta name=\"twitter:label1\" content=\"Est. reading time\" \/>\n\t<meta name=\"twitter:data1\" content=\"8 minutes\" \/>\n<script type=\"application\/ld+json\" class=\"yoast-schema-graph\">{\"@context\":\"https:\/\/schema.org\",\"@graph\":[{\"@type\":\"WebPage\",\"@id\":\"https:\/\/www.lugaris.com\/it\/guida-di-barcelona\/\",\"url\":\"https:\/\/www.lugaris.com\/it\/guida-di-barcelona\/\",\"name\":\"Guida di Barcelona | Lugaris\",\"isPartOf\":{\"@id\":\"https:\/\/www.lugaris.com\/it\/#website\"},\"primaryImageOfPage\":{\"@id\":\"https:\/\/www.lugaris.com\/it\/guida-di-barcelona\/#primaryimage\"},\"image\":{\"@id\":\"https:\/\/www.lugaris.com\/it\/guida-di-barcelona\/#primaryimage\"},\"thumbnailUrl\":\"https:\/\/www.lugaris.com\/app\/uploads\/2020\/07\/barcelona-2673663_1920-1-1.jpg\",\"datePublished\":\"2020-07-30T11:16:25+00:00\",\"dateModified\":\"2020-09-03T09:30:28+00:00\",\"breadcrumb\":{\"@id\":\"https:\/\/www.lugaris.com\/it\/guida-di-barcelona\/#breadcrumb\"},\"inLanguage\":\"it-IT\",\"potentialAction\":[{\"@type\":\"ReadAction\",\"target\":[\"https:\/\/www.lugaris.com\/it\/guida-di-barcelona\/\"]}]},{\"@type\":\"ImageObject\",\"inLanguage\":\"it-IT\",\"@id\":\"https:\/\/www.lugaris.com\/it\/guida-di-barcelona\/#primaryimage\",\"url\":\"https:\/\/www.lugaris.com\/app\/uploads\/2020\/07\/barcelona-2673663_1920-1-1.jpg\",\"contentUrl\":\"https:\/\/www.lugaris.com\/app\/uploads\/2020\/07\/barcelona-2673663_1920-1-1.jpg\",\"width\":815,\"height\":816},{\"@type\":\"BreadcrumbList\",\"@id\":\"https:\/\/www.lugaris.com\/it\/guida-di-barcelona\/#breadcrumb\",\"itemListElement\":[{\"@type\":\"ListItem\",\"position\":1,\"name\":\"Home\",\"item\":\"https:\/\/www.lugaris.com\/it\/\"},{\"@type\":\"ListItem\",\"position\":2,\"name\":\"Guida di Barcelona\"}]},{\"@type\":\"WebSite\",\"@id\":\"https:\/\/www.lugaris.com\/it\/#website\",\"url\":\"https:\/\/www.lugaris.com\/it\/\",\"name\":\"Lugaris\",\"description\":\"Apartamentos de vacaciones en Barcelona\",\"publisher\":{\"@id\":\"https:\/\/www.lugaris.com\/it\/#organization\"},\"potentialAction\":[{\"@type\":\"SearchAction\",\"target\":{\"@type\":\"EntryPoint\",\"urlTemplate\":\"https:\/\/www.lugaris.com\/it\/?s={search_term_string}\"},\"query-input\":\"required name=search_term_string\"}],\"inLanguage\":\"it-IT\"},{\"@type\":\"Organization\",\"@id\":\"https:\/\/www.lugaris.com\/it\/#organization\",\"name\":\"Lugaris Apartments in Barcelona\",\"url\":\"https:\/\/www.lugaris.com\/it\/\",\"logo\":{\"@type\":\"ImageObject\",\"inLanguage\":\"it-IT\",\"@id\":\"https:\/\/www.lugaris.com\/it\/#\/schema\/logo\/image\/\",\"url\":\"https:\/\/www.lugaris.com\/app\/uploads\/2020\/03\/Logo_lugaris_v2.png\",\"contentUrl\":\"https:\/\/www.lugaris.com\/app\/uploads\/2020\/03\/Logo_lugaris_v2.png\",\"width\":285,\"height\":257,\"caption\":\"Lugaris Apartments in Barcelona\"},\"image\":{\"@id\":\"https:\/\/www.lugaris.com\/it\/#\/schema\/logo\/image\/\"}}]}<\/script>\n<!-- \/ Yoast SEO plugin. -->","yoast_head_json":{"title":"Guida di Barcelona | Lugaris","robots":{"index":"index","follow":"follow","max-snippet":"max-snippet:-1","max-image-preview":"max-image-preview:large","max-video-preview":"max-video-preview:-1"},"canonical":"https:\/\/www.lugaris.com\/it\/guida-di-barcelona\/","og_locale":"it_IT","og_type":"article","og_title":"Guida di Barcelona | Lugaris","og_description":"Tutte le informazioni di cui hai bisogno per conoscere tutti i luoghi da non perdere di Barcellona. Scopri la capitale catalana con Lugaris.com e goditi le sue meraviglie.","og_url":"https:\/\/www.lugaris.com\/it\/guida-di-barcelona\/","og_site_name":"Lugaris","article_modified_time":"2020-09-03T09:30:28+00:00","og_image":[{"width":815,"height":816,"url":"https:\/\/www.lugaris.com\/app\/uploads\/2020\/07\/barcelona-2673663_1920-1-1.jpg","type":"image\/jpeg"}],"twitter_card":"summary_large_image","twitter_misc":{"Est. reading time":"8 minutes"},"schema":{"@context":"https:\/\/schema.org","@graph":[{"@type":"WebPage","@id":"https:\/\/www.lugaris.com\/it\/guida-di-barcelona\/","url":"https:\/\/www.lugaris.com\/it\/guida-di-barcelona\/","name":"Guida di Barcelona | Lugaris","isPartOf":{"@id":"https:\/\/www.lugaris.com\/it\/#website"},"primaryImageOfPage":{"@id":"https:\/\/www.lugaris.com\/it\/guida-di-barcelona\/#primaryimage"},"image":{"@id":"https:\/\/www.lugaris.com\/it\/guida-di-barcelona\/#primaryimage"},"thumbnailUrl":"https:\/\/www.lugaris.com\/app\/uploads\/2020\/07\/barcelona-2673663_1920-1-1.jpg","datePublished":"2020-07-30T11:16:25+00:00","dateModified":"2020-09-03T09:30:28+00:00","breadcrumb":{"@id":"https:\/\/www.lugaris.com\/it\/guida-di-barcelona\/#breadcrumb"},"inLanguage":"it-IT","potentialAction":[{"@type":"ReadAction","target":["https:\/\/www.lugaris.com\/it\/guida-di-barcelona\/"]}]},{"@type":"ImageObject","inLanguage":"it-IT","@id":"https:\/\/www.lugaris.com\/it\/guida-di-barcelona\/#primaryimage","url":"https:\/\/www.lugaris.com\/app\/uploads\/2020\/07\/barcelona-2673663_1920-1-1.jpg","contentUrl":"https:\/\/www.lugaris.com\/app\/uploads\/2020\/07\/barcelona-2673663_1920-1-1.jpg","width":815,"height":816},{"@type":"BreadcrumbList","@id":"https:\/\/www.lugaris.com\/it\/guida-di-barcelona\/#breadcrumb","itemListElement":[{"@type":"ListItem","position":1,"name":"Home","item":"https:\/\/www.lugaris.com\/it\/"},{"@type":"ListItem","position":2,"name":"Guida di Barcelona"}]},{"@type":"WebSite","@id":"https:\/\/www.lugaris.com\/it\/#website","url":"https:\/\/www.lugaris.com\/it\/","name":"Lugaris","description":"Apartamentos de vacaciones en Barcelona","publisher":{"@id":"https:\/\/www.lugaris.com\/it\/#organization"},"potentialAction":[{"@type":"SearchAction","target":{"@type":"EntryPoint","urlTemplate":"https:\/\/www.lugaris.com\/it\/?s={search_term_string}"},"query-input":"required name=search_term_string"}],"inLanguage":"it-IT"},{"@type":"Organization","@id":"https:\/\/www.lugaris.com\/it\/#organization","name":"Lugaris Apartments in Barcelona","url":"https:\/\/www.lugaris.com\/it\/","logo":{"@type":"ImageObject","inLanguage":"it-IT","@id":"https:\/\/www.lugaris.com\/it\/#\/schema\/logo\/image\/","url":"https:\/\/www.lugaris.com\/app\/uploads\/2020\/03\/Logo_lugaris_v2.png","contentUrl":"https:\/\/www.lugaris.com\/app\/uploads\/2020\/03\/Logo_lugaris_v2.png","width":285,"height":257,"caption":"Lugaris Apartments in Barcelona"},"image":{"@id":"https:\/\/www.lugaris.com\/it\/#\/schema\/logo\/image\/"}}]}},"uagb_featured_image_src":{"full":["https:\/\/www.lugaris.com\/app\/uploads\/2020\/07\/barcelona-2673663_1920-1-1.jpg",815,816,false],"thumbnail":["https:\/\/www.lugaris.com\/app\/uploads\/2020\/07\/barcelona-2673663_1920-1-1-150x150.jpg",150,150,true],"medium":["https:\/\/www.lugaris.com\/app\/uploads\/2020\/07\/barcelona-2673663_1920-1-1-300x300.jpg",300,300,true],"medium_large":["https:\/\/www.lugaris.com\/app\/uploads\/2020\/07\/barcelona-2673663_1920-1-1-768x769.jpg",768,769,true],"large":["https:\/\/www.lugaris.com\/app\/uploads\/2020\/07\/barcelona-2673663_1920-1-1.jpg",815,816,false],"1536x1536":["https:\/\/www.lugaris.com\/app\/uploads\/2020\/07\/barcelona-2673663_1920-1-1.jpg",815,816,false],"2048x2048":["https:\/\/www.lugaris.com\/app\/uploads\/2020\/07\/barcelona-2673663_1920-1-1.jpg",815,816,false]},"uagb_author_info":{"display_name":"Roberto Bordi","author_link":"https:\/\/www.lugaris.com\/it\/author\/rbb2-performance-es\/"},"uagb_comment_info":0,"uagb_excerpt":"Tutte le informazioni di cui hai bisogno per conoscere tutti i luoghi da non perdere di Barcellona. Scopri la capitale catalana con Lugaris.com e goditi le sue meraviglie.","_links":{"self":[{"href":"https:\/\/www.lugaris.com\/it\/wp-json\/wp\/v2\/pages\/11808"}],"collection":[{"href":"https:\/\/www.lugaris.com\/it\/wp-json\/wp\/v2\/pages"}],"about":[{"href":"https:\/\/www.lugaris.com\/it\/wp-json\/wp\/v2\/types\/page"}],"author":[{"embeddable":true,"href":"https:\/\/www.lugaris.com\/it\/wp-json\/wp\/v2\/users\/4"}],"replies":[{"embeddable":true,"href":"https:\/\/www.lugaris.com\/it\/wp-json\/wp\/v2\/comments?post=11808"}],"version-history":[{"count":20,"href":"https:\/\/www.lugaris.com\/it\/wp-json\/wp\/v2\/pages\/11808\/revisions"}],"predecessor-version":[{"id":14124,"href":"https:\/\/www.lugaris.com\/it\/wp-json\/wp\/v2\/pages\/11808\/revisions\/14124"}],"wp:featuredmedia":[{"embeddable":true,"href":"https:\/\/www.lugaris.com\/it\/wp-json\/wp\/v2\/media\/11829"}],"wp:attachment":[{"href":"https:\/\/www.lugaris.com\/it\/wp-json\/wp\/v2\/media?parent=11808"}],"curies":[{"name":"wp","href":"https:\/\/api.w.org\/{rel}","templated":true}]}}