{"id":13571,"date":"2020-06-16T09:26:27","date_gmt":"2020-06-16T09:26:27","guid":{"rendered":"https:\/\/www.lugaris.com\/ubicacion\/"},"modified":"2020-09-03T09:44:10","modified_gmt":"2020-09-03T09:44:10","slug":"ubicazione","status":"publish","type":"page","link":"https:\/\/www.lugaris.com\/it\/ubicazione\/","title":{"rendered":"Ubicazione"},"content":{"rendered":"\n<p class=\"\">Senza mettere in secondo piano la Sagrada Familia, il Barrio Gotico o la montagna del Montju\u00efc, Poblenou \u00e8 uno di quei luoghi di Barcellona che meritano di essere conosciuti a fondo, tenendo conto dell&#8217;innegabile importanza storica, architettonica ed economica che esso ha avuto fin dal XIX secolo. Quel periodo \u00e8 rappresentato dalla presenza di altissime ciminiere in mattoni, a testimoniare una delle maggiori concentrazioni industriali del sud Europa, oppure da fabbriche secolari che, ad oggi, sono state restaurate e trasformate in strutture, musei e universit\u00e0. Questo \u00e8 il luogo che circonda i nostri appartamenti a Barcellona: <a href=\"https:\/\/www.lugaris.com\/it\/lugaris-beach\/\"><strong>Lugaris Beach<\/strong><\/a> e <a href=\"https:\/\/www.lugaris.com\/it\/lugaris-rambla\/\"><strong>Lugaris Rambla<\/strong><\/a>. Soggiornando presso una delle nostre strutture avrai l&#8217;occasione perfetta per scoprire una delle fasi pi\u00f9 rilevanti della storia di Barcellona.<\/p>\n\n\n\n<h2 class=\"wp-block-heading\">CONOSCI I NOSTRI APPARTAMENTI SULLA SPIAGGIA DI BARCELLONA?<\/h2>\n\n\n\n<div class=\"wp-block-columns is-layout-flex wp-container-core-columns-layout-1 wp-block-columns-is-layout-flex\">\n<div class=\"wp-block-column is-layout-flow wp-block-column-is-layout-flow\">\n<div class=\"wp-block-group\"><div class=\"wp-block-group__inner-container is-layout-flow wp-block-group-is-layout-flow\">\n<div class=\"wp-block-cover has-yellow-background-color has-background-dim\"><div class=\"wp-block-cover__inner-container is-layout-flow wp-block-cover-is-layout-flow\">\n<p style=\"font-size:80px\" class=\"has-text-color has-text-align-center has-black-color\">LUGARIS BEACH<\/p>\n\n\n\n<p class=\"has-text-color has-black-color\">I nostri appartamenti sulla spiaggia di Barcellona sono perfetti per le tue prossime vacanze in famiglia. Scopri tutte le opzioni che abbiamo pensato apposta per te<\/p>\n\n\n\n<div class=\"wp-block-buttons is-layout-flex wp-block-buttons-is-layout-flex\">\n<div class=\"wp-block-button\"><a class=\"wp-block-button__link\" href=\"\/it\/lugaris-beach\">Vai a Lugaris Beach<\/a><\/div>\n<\/div>\n<\/div><\/div>\n\n\n\n<h3 class=\"wp-block-heading\">NEI DINTORNI DEI NOSTRI APPARTAMENTI<\/h3>\n\n\n\n<p class=\"\">Considerando quanto detto in precedenza, non sorprende che la maggior parte dei luoghi pi\u00f9 interessanti del Poblenou abbiano a che fare con il suo passato industriale. Qui ne abbiamo elencati alcuni da non perdere nel tuo prossimo viaggio a Barcellona.<\/p>\n\n\n\n<p class=\"\">\u2022&nbsp;<strong>Museo Can Framis<\/strong>. Situato in un&#8217;antica fabbrica tessile della fine del XVIII secolo, questo luogo \u00e8 stato inaugurato nel 2009 come museo di pittura contemporanea. Nelle sue sale sono esposte circa 300 opere realizzate, a partire dagli anni &#8217;60, da artisti catalani o residenti in Catalogna<\/p>\n\n\n\n<p class=\"\">\u2022&nbsp;<strong>Can Felipa<\/strong>. Questa vecchia fabbrica, in funzione fino al 1974, \u00e8 uno dei migliori esempi di architettura industriale di Barcellona. Attualmente ospita un centro civico e il Centro sportivo comunale di Can Felipa.<\/p>\n\n\n\n<p class=\"\">\u2022\u00a0<strong>Rambla del Poblenou<\/strong>. Questa arteria commerciale, originariamente chiamata Paseo del Triunfo e luogo in cui sono situati gli appartamenti Lugaris Rambla, pu\u00f2 vantare edifici eleganti e magnifici ristoranti e terrazze dove si pu\u00f2 gustare il meglio della cucina catalana. Una delle sue attrazioni pi\u00f9 iconiche \u00e8 il <strong>Casin\u00f2 L&#8217;Alian\u00e7a del Poblenou<\/strong>, dove si svolgono rappresentazioni teatrali. Questa strada ospita anche una <em>horchater\u00eda<\/em> (un negozio famoso per la sua orzata) centenaria: <strong>El T\u00edo Che<\/strong> (Zio Che).<\/p>\n<\/div><\/div>\n<\/div>\n\n\n\n<div class=\"wp-block-column is-layout-flow wp-block-column-is-layout-flow\">\n<div class=\"wp-block-group\"><div class=\"wp-block-group__inner-container is-layout-flow wp-block-group-is-layout-flow\">\n<div class=\"wp-block-cover has-cyan-background-color has-background-dim\"><div class=\"wp-block-cover__inner-container is-layout-flow wp-block-cover-is-layout-flow\">\n<p style=\"font-size:80px\" class=\"has-text-color has-text-align-center has-black-color\">LUGARIS RAMBLA<\/p>\n\n\n\n<p class=\"has-text-color has-black-color\">Nel cuore di Poblenou troverai fantastici appartamenti adatti a soddisfare tutte le tue esigenze. Incontra l&#8217;alloggio dei tuoi desideri.<\/p>\n\n\n\n<div class=\"wp-block-buttons is-layout-flex wp-block-buttons-is-layout-flex\">\n<div class=\"wp-block-button\"><a class=\"wp-block-button__link\" href=\"\/it\/lugaris-rambla\">Vai a Lugaris Rambla<\/a><\/div>\n<\/div>\n<\/div><\/div>\n\n\n\n<p class=\"\"><\/p>\n\n\n\n<p class=\"\">\u2022\u00a0<strong>Torre Agbar<\/strong>. Questo originale grattacielo, alto 145 m, il cui nome ufficiale \u00e8 Torre Gl\u00f2ries, fu costruito tra il 1999 e il 2005. Progettato dall&#8217;architetto francese Jean Nouvel, \u00e8 considerato uno dei grandi esponenti della cosiddetta architettura high-tech ed \u00e8 il <strong>terzo edificio pi\u00f9 alto di Barcellona<\/strong>, superato solo dalla Torre Mapfre e dall&#8217;Hotel Arts, le due torri gemelle situate accanto al Porto Olimpico. Nonostante dovesse ospitare uno degli hotel pi\u00f9 esclusivi di Barcellona, il progetto non fu mai portato a termine.<\/p>\n\n\n\n<p class=\"\">\u2022\u00a0<strong>Le spiagge.<\/strong>\u00a0In questo elenco non potevano mancare le due spiagge urbane che bagnano la costa del Poblenou: la spiaggia di <strong>Bogatell<\/strong>, frequentata soprattutto dai residenti di mezza et\u00e0 del quartiere, e la <strong>Mar Bella<\/strong>, una spiaggia per nudisti con una sezione gay-friendly. A differenza della Barceloneta e Vila Ol\u00edmpica, i bagnanti sono di solito gente del posto. A proposito: lo sai che distano solo 200 m dagli appartamenti del complesso Lugaris Beach?<\/p>\n\n\n\n<p class=\"\">\u2022\u00a0<strong>I parchi<\/strong>. Se desidera fare una corsa o una passeggiata rilassante durante le tue vacanze a Barcellona, sarai felice di sapere che questo quartiere ospita due magnifici polmoni verdi. Uno \u00e8 il <strong>Parco del Poblenou<\/strong>, situato vicino alla costa, e l&#8217;altro \u00e8 il <strong>Parco Centrale del Poblenou<\/strong>. Creato nel 2008 da Nouvel e con forma triangolare, si trova tra <em>Avinguda de la Diagonal<\/em> e <em>Calle di Bac de Roda e Marroc<\/em>. Tra le sue sculture pi\u00f9 notevoli ci sono i cosiddetti <em><strong>Pozos del Cielo<\/strong><\/em>.<\/p>\n<\/div><\/div>\n<\/div>\n<\/div>\n\n\n<section class=\"blocks__extra-info \" id=\"altre-informazioni\">\n    <h3>Altre informazioni <\/h3>\n\n    <div class=\"blocks__extra-info__list\">\n                    <div class=\"blocks__extra-info__item\" id=\"altre-informazioni-las-mejores-terrazas-de-poblenou\">\n        <a\n                    href=\"https:\/\/www.lugaris.com\/las-mejores-terrazas-de-poblenou\/\" \n        \n        \n    >\n            <article class=\"blocks__extra-info__item__container\">\n            <img decoding=\"async\" src=\"https:\/\/www.lugaris.com\/app\/uploads\/2020\/06\/poblenou1.jpg\" class=\"blocks__extra-info__item__thumbnail\"><\/img>\n            <div  class=\"blocks__extra-info__item__content\">\n                <header>\n                    <h4 class=\"blocks__extra-info__item__title\">\n                        Las mejores terrazas de Poblenou\n                    <\/h4>\n                <\/header>\n                <section>\n                    <p class=\"blocks__extra-info__item__excerpt\">\n                        El barrio de Poblenou es uno de los menos conocidos, pero tambi\u00e9n de los m\u00e1s atractivos. Su cercan\u00eda al mar y su incontestable ambiente moderno hace que sea uno de los mejores lugares para pasar unas vacaciones en primavera o verano en Barcelona. \n                    <\/p>\n                    \n                                        <span class=\"blocks__extra-info__item__read-more\">Leggi di pi\u00f9<\/span>\n                    <span class=\"blocks__extra-info__item__read-less\">Read less<\/span>\n                                    <\/section>\n            <\/div>\n        <\/article>\n        <\/a>\n    <\/div>\n                                <div class=\"blocks__extra-info__item\" id=\"altre-informazioni-10-planes-para-una-semana-santa-en-barcelona\">\n        <a\n                    href=\"https:\/\/www.lugaris.com\/10-planes-para-una-semana-santa-en-barcelona\/\" \n        \n        \n    >\n            <article class=\"blocks__extra-info__item__container\">\n            <img decoding=\"async\" src=\"https:\/\/www.lugaris.com\/app\/uploads\/2020\/06\/Poble_Espanyol_-_Pla\u00e7a_Major.jpg\" class=\"blocks__extra-info__item__thumbnail\"><\/img>\n            <div  class=\"blocks__extra-info__item__content\">\n                <header>\n                    <h4 class=\"blocks__extra-info__item__title\">\n                        10 planes para una Semana Santa en Barcelona\n                    <\/h4>\n                <\/header>\n                <section>\n                    <p class=\"blocks__extra-info__item__excerpt\">\n                        Hist\u00f3ricamente, la Semana Santa se ha celebrado durante siglos en gran parte de los pa\u00edses cat\u00f3licos del mundo. A pesar de esto, otros pa\u00edses donde otras confesiones son mayoritarias tambi\u00e9n han a\u00f1adido estos d\u00edas como festivos en su calendario. Como ya debes saber, la Semana Santa cae cada a\u00f1o en una fecha distinta\n                    <\/p>\n                    \n                                        <span class=\"blocks__extra-info__item__read-more\">Leggi di pi\u00f9<\/span>\n                    <span class=\"blocks__extra-info__item__read-less\">Read less<\/span>\n                                    <\/section>\n            <\/div>\n        <\/article>\n        <\/a>\n    <\/div>\n                                <div class=\"blocks__extra-info__item\" id=\"altre-informazioni-10-aplicaciones-utiles-para-viajar-a-barcelona\">\n        <a\n                    href=\"https:\/\/www.lugaris.com\/10-aplicaciones-utiles-para-viajar-a-barcelona\/\" \n        \n        \n    >\n            <article class=\"blocks__extra-info__item__container\">\n            <img decoding=\"async\" src=\"https:\/\/www.lugaris.com\/app\/uploads\/2020\/05\/smartphone-381237_640.jpg\" class=\"blocks__extra-info__item__thumbnail\"><\/img>\n            <div  class=\"blocks__extra-info__item__content\">\n                <header>\n                    <h4 class=\"blocks__extra-info__item__title\">\n                        10 aplicaciones \u00fatiles para viajar a Barcelona\n                    <\/h4>\n                <\/header>\n                <section>\n                    <p class=\"blocks__extra-info__item__excerpt\">\n                        M\u00e1s all\u00e1 de reservar el transporte, los traslados y el alojamiento en un hotel o apartamento de vacaciones en Barcelona, pasar unos d\u00edas en la capital catalana requiere otros preparativos para que la experiencia sea redonda. Por suerte, las nuevas tecnolog\u00edas nos lo ponen un poco m\u00e1s f\u00e1cil a la hora de organizar cualquier escapada\n                    <\/p>\n                    \n                                        <span class=\"blocks__extra-info__item__read-more\">Leggi di pi\u00f9<\/span>\n                    <span class=\"blocks__extra-info__item__read-less\">Read less<\/span>\n                                    <\/section>\n            <\/div>\n        <\/article>\n        <\/a>\n    <\/div>\n                        <\/div>\n\n        <div class=\"blocks__extra-info__content__container\">\n                                                                        <\/div>\n\n    <span class=\"blocks__extra-info__list__button__left prev\"><\/span>\n    <span class=\"blocks__extra-info__list__button__right next\"><\/span>\n    <\/section>\n\n\n\n<h2 class=\"wp-block-heading\">Nei dintorni degli appartamenti Lugaris<\/h2>\n\n\n\n<div class=\"\"><div class=\"\"><div class=\"\"><iframe src=\"https:\/\/www.google.com\/maps\/d\/u\/3\/embed?mid=1vj6qgP3KZjSWngkEvRk-ufmXN1Nsugce\" width=\"100%\" height=\"480\"><\/iframe><\/div><\/div><\/div>\n\n\n\n<div class=\"wp-block-columns is-layout-flex wp-container-core-columns-layout-2 wp-block-columns-is-layout-flex\">\n<div class=\"wp-block-column is-layout-flow wp-block-column-is-layout-flow\">\n<div class=\"wp-block-group\"><div class=\"wp-block-group__inner-container is-layout-flow wp-block-group-is-layout-flow\">\n<div class=\"wp-block-group\"><div class=\"wp-block-group__inner-container is-layout-flow wp-block-group-is-layout-flow\">\n<h2 class=\"wp-block-heading\">I MIGLIORI LOCALI PER IL <em>BRUNCH<\/em> NEL POBLENOU<\/h2>\n<\/div><\/div>\n<\/div><\/div>\n\n\n\n<p class=\"\">Un fine settimana ti svegli in uno degli appartamenti di lusso di Lugaris a Barcellona e hai fame. Non c&#8217;\u00e8 niente in frigo, guardi l&#8217;orologio ed \u00e8 gi\u00e0 molto tardi; quindi che fare? Esci in cerca di un posto dove fare un <em>brunch<\/em>. Il quartiere del Poblenou a Barcellona \u00e8 uno dei pi\u00f9 cosmopoliti della citt\u00e0 e, come tale, ha saputo adattarsi alle nuove tendenze gastronomiche degli ultimi tempi, compresa questa moda americana che da diversi anni \u00e8 molto popolare in citt\u00e0. Se il tipico vermouth del fine settimana non fa per te e quello che vuoi \u00e8 trovare un posto dove mangiare a met\u00e0 mattina, scopri questa <strong>lista dei migliori posti per fare un brunch a Poblenou<\/strong> e affronta la tua giornata a Barcellona a stomaco pieno.<\/p>\n\n\n\n<div class=\"wp-block-buttons is-layout-flex wp-block-buttons-is-layout-flex\">\n<div class=\"wp-block-button\"><a class=\"wp-block-button__link\" href=\"\/los-mejores-lugares-para-hacer-el-brunch-en-poblenou\">Scopri di pi\u00f9<\/a><\/div>\n<\/div>\n<\/div>\n\n\n\n<div class=\"wp-block-column is-vertically-aligned-top is-layout-flow wp-block-column-is-layout-flow\">\n<figure class=\"wp-block-gallery columns-3 is-cropped wp-block-gallery-1 is-layout-flex wp-block-gallery-is-layout-flex\"><ul class=\"blocks-gallery-grid\"><li class=\"blocks-gallery-item\"><figure><img fetchpriority=\"high\" decoding=\"async\" width=\"1000\" height=\"600\" src=\"https:\/\/www.lugaris.com\/app\/uploads\/2020\/04\/DSC5063.jpg\" alt=\"\" data-id=\"8550\" data-full-url=\"https:\/\/www.lugaris.com\/app\/uploads\/2020\/04\/DSC5063.jpg\" class=\"wp-image-8550\" srcset=\"https:\/\/www.lugaris.com\/app\/uploads\/2020\/04\/DSC5063.jpg 1000w, https:\/\/www.lugaris.com\/app\/uploads\/2020\/04\/DSC5063-300x180.jpg 300w, https:\/\/www.lugaris.com\/app\/uploads\/2020\/04\/DSC5063-768x461.jpg 768w\" sizes=\"(max-width: 1000px) 100vw, 1000px\" \/><\/figure><\/li><li class=\"blocks-gallery-item\"><figure><img decoding=\"async\" width=\"1000\" height=\"600\" src=\"https:\/\/www.lugaris.com\/app\/uploads\/2020\/04\/DSC5457.jpg\" alt=\"\" data-id=\"8470\" data-full-url=\"https:\/\/www.lugaris.com\/app\/uploads\/2020\/04\/DSC5457.jpg\" class=\"wp-image-8470\" srcset=\"https:\/\/www.lugaris.com\/app\/uploads\/2020\/04\/DSC5457.jpg 1000w, https:\/\/www.lugaris.com\/app\/uploads\/2020\/04\/DSC5457-300x180.jpg 300w, https:\/\/www.lugaris.com\/app\/uploads\/2020\/04\/DSC5457-768x461.jpg 768w\" sizes=\"(max-width: 1000px) 100vw, 1000px\" \/><\/figure><\/li><li class=\"blocks-gallery-item\"><figure><img decoding=\"async\" width=\"1000\" height=\"600\" src=\"https:\/\/www.lugaris.com\/app\/uploads\/2020\/05\/DSC4718.jpg\" alt=\"\" data-id=\"8401\" data-full-url=\"https:\/\/www.lugaris.com\/app\/uploads\/2020\/05\/DSC4718.jpg\" class=\"wp-image-8401\" srcset=\"https:\/\/www.lugaris.com\/app\/uploads\/2020\/05\/DSC4718.jpg 1000w, https:\/\/www.lugaris.com\/app\/uploads\/2020\/05\/DSC4718-300x180.jpg 300w, https:\/\/www.lugaris.com\/app\/uploads\/2020\/05\/DSC4718-768x461.jpg 768w\" sizes=\"(max-width: 1000px) 100vw, 1000px\" \/><\/figure><\/li><\/ul><\/figure>\n\n\n\n<p class=\"\"><\/p>\n<\/div>\n<\/div>\n\n\n\n<div class=\"wp-block-columns is-layout-flex wp-container-core-columns-layout-3 wp-block-columns-is-layout-flex\">\n<div class=\"wp-block-column is-layout-flow wp-block-column-is-layout-flow\">\n<figure class=\"wp-block-gallery columns-2 is-cropped wp-block-gallery-2 is-layout-flex wp-block-gallery-is-layout-flex\"><ul class=\"blocks-gallery-grid\"><li class=\"blocks-gallery-item\"><figure><img loading=\"lazy\" decoding=\"async\" width=\"1000\" height=\"600\" src=\"https:\/\/www.lugaris.com\/app\/uploads\/2020\/04\/DSC6095-1.jpg\" alt=\"\" data-id=\"8058\" data-full-url=\"https:\/\/www.lugaris.com\/app\/uploads\/2020\/04\/DSC6095-1.jpg\" class=\"wp-image-8058\" srcset=\"https:\/\/www.lugaris.com\/app\/uploads\/2020\/04\/DSC6095-1.jpg 1000w, https:\/\/www.lugaris.com\/app\/uploads\/2020\/04\/DSC6095-1-300x180.jpg 300w, https:\/\/www.lugaris.com\/app\/uploads\/2020\/04\/DSC6095-1-768x461.jpg 768w\" sizes=\"(max-width: 1000px) 100vw, 1000px\" \/><\/figure><\/li><li class=\"blocks-gallery-item\"><figure><img loading=\"lazy\" decoding=\"async\" width=\"800\" height=\"600\" src=\"https:\/\/www.lugaris.com\/app\/uploads\/2020\/06\/Pla\u00e7a_de_la_Revoluci\u00f3_P1140982.jpg\" alt=\"\" data-id=\"7361\" data-full-url=\"https:\/\/www.lugaris.com\/app\/uploads\/2020\/06\/Pla\u00e7a_de_la_Revoluci\u00f3_P1140982.jpg\" class=\"wp-image-7361\" srcset=\"https:\/\/www.lugaris.com\/app\/uploads\/2020\/06\/Pla\u00e7a_de_la_Revoluci\u00f3_P1140982.jpg 800w, https:\/\/www.lugaris.com\/app\/uploads\/2020\/06\/Pla\u00e7a_de_la_Revoluci\u00f3_P1140982-300x225.jpg 300w, https:\/\/www.lugaris.com\/app\/uploads\/2020\/06\/Pla\u00e7a_de_la_Revoluci\u00f3_P1140982-768x576.jpg 768w\" sizes=\"(max-width: 800px) 100vw, 800px\" \/><\/figure><\/li><\/ul><\/figure>\n<\/div>\n\n\n\n<div class=\"wp-block-column is-layout-flow wp-block-column-is-layout-flow\">\n<h2 class=\"wp-block-heading\">I MIGLIORI LOCALI CON TAVOLI ALL&#8217;APERTO A BARCELLONA<\/h2>\n\n\n\n<p class=\"\">Il quartiere del Poblenou \u00e8 uno dei meno conosciuti, ma anche uno dei pi\u00f9 attraenti. La sua vicinanza al mare e la sua innegabile atmosfera moderna ne fanno uno dei luoghi migliori per trascorrere una vacanza primaverile o estiva a Barcellona. E quale modo migliore di godersi questa zona con il bel tempo se non sorseggiando qualcosa di fresco mentre ci si gode i caldi raggi di luce del Mediterraneo? Ecco perch\u00e9 Lugaris ti invita a bere una birra o un cocktail in uno dei tanti <strong>locali con tavoli all&#8217;aperto<\/strong> che opsita il Poblenou, uno per ogni gusto e palato.<\/p>\n\n\n\n<p class=\"\">Non c&#8217;\u00e8 piacere pi\u00f9 grande che poter mangiare un buon pasto con la brezza marina che ti accarezza i capelli, giusto? Se vuoi goderti i migliori locali del Poblenou mentre assaggi i piatti pi\u00f9 deliziosi, ecco alcuni dei ristoranti pi\u00f9 rinomati della zona in cui \u00e8 possibile mangiare all&#8217;aperto.<\/p>\n\n\n\n<div class=\"wp-block-buttons is-layout-flex wp-block-buttons-is-layout-flex\">\n<div class=\"wp-block-button\"><a class=\"wp-block-button__link\" href=\"\/las-mejores-terrazas-de-poblenou\/\">Scopri di pi\u00f9<\/a><\/div>\n<\/div>\n<\/div>\n<\/div>\n\n\n\n<p class=\"\"><\/p>\n","protected":false},"excerpt":{"rendered":"<p>Poblenou es uno de esos lugares de Barcelona que merecen ser descubiertos sin prisas. Y con total merecimiento, si tenemos en cuenta la innegable importancia hist\u00f3rica, arquitect\u00f3nica y econ\u00f3mica que ha tenido desde el siglo XIX<\/p>\n","protected":false},"author":7,"featured_media":13573,"parent":0,"menu_order":0,"comment_status":"closed","ping_status":"closed","template":"","meta":{"_uag_custom_page_level_css":"","footnotes":""},"yoast_head":"<!-- This site is optimized with the Yoast SEO plugin v23.1 - https:\/\/yoast.com\/wordpress\/plugins\/seo\/ -->\n<title>Dove si trovano Lugaris Beach e Lugaris Rambla? | Lugaris<\/title>\n<meta name=\"description\" content=\"Scopri dove si trovano i nostri appartamenti in affitto a Barcellona, a pochi metri dal mare e in uno dei quartieri pi\u00f9 caratteristici della citt\u00e0.\" \/>\n<meta name=\"robots\" content=\"index, follow, max-snippet:-1, max-image-preview:large, max-video-preview:-1\" \/>\n<link rel=\"canonical\" href=\"https:\/\/www.lugaris.com\/it\/ubicazione\/\" \/>\n<meta property=\"og:locale\" content=\"it_IT\" \/>\n<meta property=\"og:type\" content=\"article\" \/>\n<meta property=\"og:title\" content=\"Dove si trovano Lugaris Beach e Lugaris Rambla? | Lugaris\" \/>\n<meta property=\"og:description\" content=\"Scopri dove si trovano i nostri appartamenti in affitto a Barcellona, a pochi metri dal mare e in uno dei quartieri pi\u00f9 caratteristici della citt\u00e0.\" \/>\n<meta property=\"og:url\" content=\"https:\/\/www.lugaris.com\/it\/ubicazione\/\" \/>\n<meta property=\"og:site_name\" content=\"Lugaris\" \/>\n<meta property=\"article:modified_time\" content=\"2020-09-03T09:44:10+00:00\" \/>\n<meta property=\"og:image\" content=\"https:\/\/www.lugaris.com\/app\/uploads\/2020\/07\/denchik-rhFwH_iG81g-unsplash-2-1.jpg\" \/>\n\t<meta property=\"og:image:width\" content=\"600\" \/>\n\t<meta property=\"og:image:height\" content=\"600\" \/>\n\t<meta property=\"og:image:type\" content=\"image\/jpeg\" \/>\n<meta name=\"twitter:card\" content=\"summary_large_image\" \/>\n<meta name=\"twitter:label1\" content=\"Est. reading time\" \/>\n\t<meta name=\"twitter:data1\" content=\"5 minutes\" \/>\n<script type=\"application\/ld+json\" class=\"yoast-schema-graph\">{\"@context\":\"https:\/\/schema.org\",\"@graph\":[{\"@type\":\"WebPage\",\"@id\":\"https:\/\/www.lugaris.com\/it\/ubicazione\/\",\"url\":\"https:\/\/www.lugaris.com\/it\/ubicazione\/\",\"name\":\"Dove si trovano Lugaris Beach e Lugaris Rambla? | Lugaris\",\"isPartOf\":{\"@id\":\"https:\/\/www.lugaris.com\/it\/#website\"},\"primaryImageOfPage\":{\"@id\":\"https:\/\/www.lugaris.com\/it\/ubicazione\/#primaryimage\"},\"image\":{\"@id\":\"https:\/\/www.lugaris.com\/it\/ubicazione\/#primaryimage\"},\"thumbnailUrl\":\"https:\/\/www.lugaris.com\/app\/uploads\/2020\/07\/denchik-rhFwH_iG81g-unsplash-2-1.jpg\",\"datePublished\":\"2020-06-16T09:26:27+00:00\",\"dateModified\":\"2020-09-03T09:44:10+00:00\",\"description\":\"Scopri dove si trovano i nostri appartamenti in affitto a Barcellona, a pochi metri dal mare e in uno dei quartieri pi\u00f9 caratteristici della citt\u00e0.\",\"breadcrumb\":{\"@id\":\"https:\/\/www.lugaris.com\/it\/ubicazione\/#breadcrumb\"},\"inLanguage\":\"it-IT\",\"potentialAction\":[{\"@type\":\"ReadAction\",\"target\":[\"https:\/\/www.lugaris.com\/it\/ubicazione\/\"]}]},{\"@type\":\"ImageObject\",\"inLanguage\":\"it-IT\",\"@id\":\"https:\/\/www.lugaris.com\/it\/ubicazione\/#primaryimage\",\"url\":\"https:\/\/www.lugaris.com\/app\/uploads\/2020\/07\/denchik-rhFwH_iG81g-unsplash-2-1.jpg\",\"contentUrl\":\"https:\/\/www.lugaris.com\/app\/uploads\/2020\/07\/denchik-rhFwH_iG81g-unsplash-2-1.jpg\",\"width\":600,\"height\":600},{\"@type\":\"BreadcrumbList\",\"@id\":\"https:\/\/www.lugaris.com\/it\/ubicazione\/#breadcrumb\",\"itemListElement\":[{\"@type\":\"ListItem\",\"position\":1,\"name\":\"Home\",\"item\":\"https:\/\/www.lugaris.com\/it\/\"},{\"@type\":\"ListItem\",\"position\":2,\"name\":\"Ubicazione\"}]},{\"@type\":\"WebSite\",\"@id\":\"https:\/\/www.lugaris.com\/it\/#website\",\"url\":\"https:\/\/www.lugaris.com\/it\/\",\"name\":\"Lugaris\",\"description\":\"Apartamentos de vacaciones en Barcelona\",\"publisher\":{\"@id\":\"https:\/\/www.lugaris.com\/it\/#organization\"},\"potentialAction\":[{\"@type\":\"SearchAction\",\"target\":{\"@type\":\"EntryPoint\",\"urlTemplate\":\"https:\/\/www.lugaris.com\/it\/?s={search_term_string}\"},\"query-input\":\"required name=search_term_string\"}],\"inLanguage\":\"it-IT\"},{\"@type\":\"Organization\",\"@id\":\"https:\/\/www.lugaris.com\/it\/#organization\",\"name\":\"Lugaris Apartments in Barcelona\",\"url\":\"https:\/\/www.lugaris.com\/it\/\",\"logo\":{\"@type\":\"ImageObject\",\"inLanguage\":\"it-IT\",\"@id\":\"https:\/\/www.lugaris.com\/it\/#\/schema\/logo\/image\/\",\"url\":\"https:\/\/www.lugaris.com\/app\/uploads\/2020\/03\/Logo_lugaris_v2.png\",\"contentUrl\":\"https:\/\/www.lugaris.com\/app\/uploads\/2020\/03\/Logo_lugaris_v2.png\",\"width\":285,\"height\":257,\"caption\":\"Lugaris Apartments in Barcelona\"},\"image\":{\"@id\":\"https:\/\/www.lugaris.com\/it\/#\/schema\/logo\/image\/\"}}]}<\/script>\n<!-- \/ Yoast SEO plugin. -->","yoast_head_json":{"title":"Dove si trovano Lugaris Beach e Lugaris Rambla? | Lugaris","description":"Scopri dove si trovano i nostri appartamenti in affitto a Barcellona, a pochi metri dal mare e in uno dei quartieri pi\u00f9 caratteristici della citt\u00e0.","robots":{"index":"index","follow":"follow","max-snippet":"max-snippet:-1","max-image-preview":"max-image-preview:large","max-video-preview":"max-video-preview:-1"},"canonical":"https:\/\/www.lugaris.com\/it\/ubicazione\/","og_locale":"it_IT","og_type":"article","og_title":"Dove si trovano Lugaris Beach e Lugaris Rambla? | Lugaris","og_description":"Scopri dove si trovano i nostri appartamenti in affitto a Barcellona, a pochi metri dal mare e in uno dei quartieri pi\u00f9 caratteristici della citt\u00e0.","og_url":"https:\/\/www.lugaris.com\/it\/ubicazione\/","og_site_name":"Lugaris","article_modified_time":"2020-09-03T09:44:10+00:00","og_image":[{"width":600,"height":600,"url":"https:\/\/www.lugaris.com\/app\/uploads\/2020\/07\/denchik-rhFwH_iG81g-unsplash-2-1.jpg","type":"image\/jpeg"}],"twitter_card":"summary_large_image","twitter_misc":{"Est. reading time":"5 minutes"},"schema":{"@context":"https:\/\/schema.org","@graph":[{"@type":"WebPage","@id":"https:\/\/www.lugaris.com\/it\/ubicazione\/","url":"https:\/\/www.lugaris.com\/it\/ubicazione\/","name":"Dove si trovano Lugaris Beach e Lugaris Rambla? | Lugaris","isPartOf":{"@id":"https:\/\/www.lugaris.com\/it\/#website"},"primaryImageOfPage":{"@id":"https:\/\/www.lugaris.com\/it\/ubicazione\/#primaryimage"},"image":{"@id":"https:\/\/www.lugaris.com\/it\/ubicazione\/#primaryimage"},"thumbnailUrl":"https:\/\/www.lugaris.com\/app\/uploads\/2020\/07\/denchik-rhFwH_iG81g-unsplash-2-1.jpg","datePublished":"2020-06-16T09:26:27+00:00","dateModified":"2020-09-03T09:44:10+00:00","description":"Scopri dove si trovano i nostri appartamenti in affitto a Barcellona, a pochi metri dal mare e in uno dei quartieri pi\u00f9 caratteristici della citt\u00e0.","breadcrumb":{"@id":"https:\/\/www.lugaris.com\/it\/ubicazione\/#breadcrumb"},"inLanguage":"it-IT","potentialAction":[{"@type":"ReadAction","target":["https:\/\/www.lugaris.com\/it\/ubicazione\/"]}]},{"@type":"ImageObject","inLanguage":"it-IT","@id":"https:\/\/www.lugaris.com\/it\/ubicazione\/#primaryimage","url":"https:\/\/www.lugaris.com\/app\/uploads\/2020\/07\/denchik-rhFwH_iG81g-unsplash-2-1.jpg","contentUrl":"https:\/\/www.lugaris.com\/app\/uploads\/2020\/07\/denchik-rhFwH_iG81g-unsplash-2-1.jpg","width":600,"height":600},{"@type":"BreadcrumbList","@id":"https:\/\/www.lugaris.com\/it\/ubicazione\/#breadcrumb","itemListElement":[{"@type":"ListItem","position":1,"name":"Home","item":"https:\/\/www.lugaris.com\/it\/"},{"@type":"ListItem","position":2,"name":"Ubicazione"}]},{"@type":"WebSite","@id":"https:\/\/www.lugaris.com\/it\/#website","url":"https:\/\/www.lugaris.com\/it\/","name":"Lugaris","description":"Apartamentos de vacaciones en Barcelona","publisher":{"@id":"https:\/\/www.lugaris.com\/it\/#organization"},"potentialAction":[{"@type":"SearchAction","target":{"@type":"EntryPoint","urlTemplate":"https:\/\/www.lugaris.com\/it\/?s={search_term_string}"},"query-input":"required name=search_term_string"}],"inLanguage":"it-IT"},{"@type":"Organization","@id":"https:\/\/www.lugaris.com\/it\/#organization","name":"Lugaris Apartments in Barcelona","url":"https:\/\/www.lugaris.com\/it\/","logo":{"@type":"ImageObject","inLanguage":"it-IT","@id":"https:\/\/www.lugaris.com\/it\/#\/schema\/logo\/image\/","url":"https:\/\/www.lugaris.com\/app\/uploads\/2020\/03\/Logo_lugaris_v2.png","contentUrl":"https:\/\/www.lugaris.com\/app\/uploads\/2020\/03\/Logo_lugaris_v2.png","width":285,"height":257,"caption":"Lugaris Apartments in Barcelona"},"image":{"@id":"https:\/\/www.lugaris.com\/it\/#\/schema\/logo\/image\/"}}]}},"uagb_featured_image_src":{"full":["https:\/\/www.lugaris.com\/app\/uploads\/2020\/07\/denchik-rhFwH_iG81g-unsplash-2-1.jpg",600,600,false],"thumbnail":["https:\/\/www.lugaris.com\/app\/uploads\/2020\/07\/denchik-rhFwH_iG81g-unsplash-2-1-150x150.jpg",150,150,true],"medium":["https:\/\/www.lugaris.com\/app\/uploads\/2020\/07\/denchik-rhFwH_iG81g-unsplash-2-1-300x300.jpg",300,300,true],"medium_large":["https:\/\/www.lugaris.com\/app\/uploads\/2020\/07\/denchik-rhFwH_iG81g-unsplash-2-1.jpg",600,600,false],"large":["https:\/\/www.lugaris.com\/app\/uploads\/2020\/07\/denchik-rhFwH_iG81g-unsplash-2-1.jpg",600,600,false],"1536x1536":["https:\/\/www.lugaris.com\/app\/uploads\/2020\/07\/denchik-rhFwH_iG81g-unsplash-2-1.jpg",600,600,false],"2048x2048":["https:\/\/www.lugaris.com\/app\/uploads\/2020\/07\/denchik-rhFwH_iG81g-unsplash-2-1.jpg",600,600,false]},"uagb_author_info":{"display_name":"Carol","author_link":"https:\/\/www.lugaris.com\/it\/author\/cvb2-performance-es\/"},"uagb_comment_info":0,"uagb_excerpt":"Poblenou es uno de esos lugares de Barcelona que merecen ser descubiertos sin prisas. Y con total merecimiento, si tenemos en cuenta la innegable importancia hist\u00f3rica, arquitect\u00f3nica y econ\u00f3mica que ha tenido desde el siglo XIX","_links":{"self":[{"href":"https:\/\/www.lugaris.com\/it\/wp-json\/wp\/v2\/pages\/13571"}],"collection":[{"href":"https:\/\/www.lugaris.com\/it\/wp-json\/wp\/v2\/pages"}],"about":[{"href":"https:\/\/www.lugaris.com\/it\/wp-json\/wp\/v2\/types\/page"}],"author":[{"embeddable":true,"href":"https:\/\/www.lugaris.com\/it\/wp-json\/wp\/v2\/users\/7"}],"replies":[{"embeddable":true,"href":"https:\/\/www.lugaris.com\/it\/wp-json\/wp\/v2\/comments?post=13571"}],"version-history":[{"count":13,"href":"https:\/\/www.lugaris.com\/it\/wp-json\/wp\/v2\/pages\/13571\/revisions"}],"predecessor-version":[{"id":14127,"href":"https:\/\/www.lugaris.com\/it\/wp-json\/wp\/v2\/pages\/13571\/revisions\/14127"}],"wp:featuredmedia":[{"embeddable":true,"href":"https:\/\/www.lugaris.com\/it\/wp-json\/wp\/v2\/media\/13573"}],"wp:attachment":[{"href":"https:\/\/www.lugaris.com\/it\/wp-json\/wp\/v2\/media?parent=13571"}],"curies":[{"name":"wp","href":"https:\/\/api.w.org\/{rel}","templated":true}]}}