{"id":18294,"date":"2021-10-29T12:39:44","date_gmt":"2021-10-29T12:39:44","guid":{"rendered":"https:\/\/www.lugaris.com\/sustainability\/"},"modified":"2024-05-21T09:37:48","modified_gmt":"2024-05-21T09:37:48","slug":"sustainability","status":"publish","type":"page","link":"https:\/\/www.lugaris.com\/it\/sustainability\/","title":{"rendered":"Turismo sostenibile"},"content":{"rendered":"\n<h6 class=\"wp-block-heading\">GREEN LIVING IS <br> HAPPY LIVING <\/h6>\n\n\n\t\t\t\t<div class=\"wp-block-uagb-table-of-contents uagb-toc__align-left uagb-toc__columns-1  uagb-block-659f7e07 wp-block-uagb-table-of-contents uagb-toc__align-left uagb-toc__columns-undefined uagb-block-659f7e07 mundefined-sm    \"\n\t\t\t\t\tdata-scroll= \"1\"\n\t\t\t\t\tdata-offset= \"30\"\n\t\t\t\t\tstyle=\"\"\n\t\t\t\t>\n\t\t\t\t<div class=\"uagb-toc__wrap\">\n\t\t\t\t\t\t<div class=\"uagb-toc__title\">\n\t\t\t\t\t\t\tCONTENT\t\t\t\t\t\t<\/div>\n\t\t\t\t\t\t\t\t\t\t\t\t\t\t\t\t<div class=\"uagb-toc__list-wrap\">\n\t\t\t\t\t\t<ol class=\"uagb-toc__list\"><li class=\"uagb-toc__list\"><a href=\"#eco-consigli-per-gli-ospiti\" class=\"uagb-toc-link__trigger\">ECO-CONSIGLI PER GLI OSPITI<\/a><li class=\"uagb-toc__list\"><a href=\"#conservare-per-preservare\" class=\"uagb-toc-link__trigger\">CONSERVARE PER PRESERVARE<\/a><li class=\"uagb-toc__list\"><a href=\"#sostegno-ai-progetti-locali\" class=\"uagb-toc-link__trigger\">SOSTEGNO AI PROGETTI LOCALI<\/a><li class=\"uagb-toc__list\"><a href=\"#eco-certificati\" class=\"uagb-toc-link__trigger\">ECO-CERTIFICATI<\/a><li class=\"uagb-toc__list\"><a href=\"#la-storia-green-di-lugaris\" class=\"uagb-toc-link__trigger\">LA STORIA GREEN \u00a0DI LUGARIS<\/a><\/ol>\t\t\t\t\t<\/div>\n\t\t\t\t\t\t\t\t\t<\/div>\n\t\t\t\t<\/div>\n\t\t\t\n\n\n<figure class=\"wp-block-image aligncenter size-large is-resized\"><img decoding=\"async\" width=\"1280\" height=\"857\" src=\"https:\/\/www.lugaris.com\/app\/uploads\/2021\/10\/LUGARIS_SUSTAINABILITY_IMG-ECO-TIPS-1280x857.jpg\" alt=\"\" class=\"wp-image-16949\" style=\"height:720px\" srcset=\"https:\/\/www.lugaris.com\/app\/uploads\/2021\/10\/LUGARIS_SUSTAINABILITY_IMG-ECO-TIPS-1280x857.jpg 1280w, https:\/\/www.lugaris.com\/app\/uploads\/2021\/10\/LUGARIS_SUSTAINABILITY_IMG-ECO-TIPS-1024x685.jpg 1024w, https:\/\/www.lugaris.com\/app\/uploads\/2021\/10\/LUGARIS_SUSTAINABILITY_IMG-ECO-TIPS-640x428.jpg 640w, https:\/\/www.lugaris.com\/app\/uploads\/2021\/10\/LUGARIS_SUSTAINABILITY_IMG-ECO-TIPS-768x514.jpg 768w, https:\/\/www.lugaris.com\/app\/uploads\/2021\/10\/LUGARIS_SUSTAINABILITY_IMG-ECO-TIPS-1536x1028.jpg 1536w, https:\/\/www.lugaris.com\/app\/uploads\/2021\/10\/LUGARIS_SUSTAINABILITY_IMG-ECO-TIPS-2048x1371.jpg 2048w\" sizes=\"(max-width: 1280px) 100vw, 1280px\" \/><\/figure>\n\n\n\n<h2 class=\"wp-block-heading has-text-align-left\"><strong>ECO-CONSIGLI PER GLI OSPITI<\/strong><\/h2>\n\n\n\n<p class=\"\">Nell&#8217;ambito del nostro impegno per l&#8217;ambiente, la lotta al cambiamento climatico e la promozione del turismo responsabile, Lugaris vuole condividere con voi alcuni consigli che potrete mettere in pratica durante il vostro soggiorno.<\/p>\n\n\n\n<ul class=\"\">\n<li class=\"\">All&#8217;interno degli appartamenti sono presenti vari documenti informativi al fine di sensibilizzare al consumo responsabile di acqua ed elettricit\u00e0.<\/li>\n\n\n\n<li class=\"\">Da Lugaris promuoviamo l&#8217;uso dei mezzi pubblici affinch\u00e9 possiate scoprire Barcellona inquinando il meno possibile. Le stesse raccomandazioni sono valide anche per il nostro personale.<\/li>\n\n\n\n<li class=\"\">Lugaris Apartments mette in atto diverse iniziative con l\u2019obiettivo di prevenire il consumo dei rifiuti generati durante il soggiorno, in particolare quelli non biodegradabili, riducendo gli articoli monouso.<\/li>\n\n\n\n<li class=\"\">Al momento del check-in, forniamo informazioni su alcuni luoghi da visitare al di l\u00e0 delle solite attrazioni della citt\u00e0, favorendo in questo modo il \u201cdecentramento\u201d dei visitatori.&nbsp;<\/li>\n\n\n\n<li class=\"\">Lugaris Apartments mette a disposizione del personale il \u201cManuale di benvenuto\u201d, uno strumento prezioso che stabilisce la filosofia dell&#8217;azienda, nonch\u00e9 i principi ambientali che essa promuove e rispetta. Inoltre, offre consigli utili sulle buone abitudini di salute, sui processi interni, sui doveri, sui diritti e su altre informazioni riservate.<\/li>\n\n\n\n<li class=\"\">Volete scaricare i nostri eco-consigli per i nostri clienti? Ecco a voi tutte le informazioni in un semplice grafico.<\/li>\n<\/ul>\n\n\n\n<div class=\"wp-block-buttons hidden--md is-content-justification-center is-layout-flex wp-container-core-buttons-layout-1 wp-block-buttons-is-layout-flex\">\n<div class=\"wp-block-button p-0 m-0\"><a class=\"wp-block-button__link has-black-color has-green-700-background-color has-text-color has-background wp-element-button\" href=\"https:\/\/www.lugaris.com\/app\/uploads\/2022\/11\/LUGARIS_ECO-TIPS-FOR-LUGARISTS_ITALIAN.pdf\" target=\"_blank\" rel=\"noreferrer noopener\"><strong>SCARICA GLI ECO-CONSIGLI<\/strong><\/a><\/div>\n<\/div>\n\n\n\n<figure class=\"wp-block-image aligncenter size-large is-resized\"><img loading=\"lazy\" decoding=\"async\" width=\"1280\" height=\"853\" src=\"https:\/\/www.lugaris.com\/app\/uploads\/2021\/10\/LUGARIS_SUSTAINABILITY_IMG-CONSERVE-TO-PRESERVE-1-1280x853.jpg\" alt=\"\" class=\"wp-image-16963\" style=\"height:720px\" srcset=\"https:\/\/www.lugaris.com\/app\/uploads\/2021\/10\/LUGARIS_SUSTAINABILITY_IMG-CONSERVE-TO-PRESERVE-1-1280x853.jpg 1280w, https:\/\/www.lugaris.com\/app\/uploads\/2021\/10\/LUGARIS_SUSTAINABILITY_IMG-CONSERVE-TO-PRESERVE-1-1024x683.jpg 1024w, https:\/\/www.lugaris.com\/app\/uploads\/2021\/10\/LUGARIS_SUSTAINABILITY_IMG-CONSERVE-TO-PRESERVE-1-640x427.jpg 640w, https:\/\/www.lugaris.com\/app\/uploads\/2021\/10\/LUGARIS_SUSTAINABILITY_IMG-CONSERVE-TO-PRESERVE-1-768x512.jpg 768w, https:\/\/www.lugaris.com\/app\/uploads\/2021\/10\/LUGARIS_SUSTAINABILITY_IMG-CONSERVE-TO-PRESERVE-1-1536x1024.jpg 1536w, https:\/\/www.lugaris.com\/app\/uploads\/2021\/10\/LUGARIS_SUSTAINABILITY_IMG-CONSERVE-TO-PRESERVE-1-2048x1365.jpg 2048w\" sizes=\"(max-width: 1280px) 100vw, 1280px\" \/><\/figure>\n\n\n\n<h2 class=\"wp-block-heading has-text-align-left\"><strong>CONSERVARE PER PRESERVARE<\/strong><\/h2>\n\n\n\n<p class=\"\">Lugaris vuole fare la sua parte per salvaguardare la natura. Per questo motivo ha introdotto una serie di azioni volte a ridurre la quantit\u00e0 di carbonio prodotto, prendersi cura dell&#8217;ambiente e garantire uno spazio sicuro ed equo per tutti i suoi lavoratori:<\/p>\n\n\n\n<p class=\"\">-Da Lugaris si lavora duramente ogni giorno per sviluppare un piano di compensazione che tenga conto dell&#8217;impronta di carbonio che tale attivit\u00e0 comporta.&nbsp;<\/p>\n\n\n\n<p class=\"\">-L\u2019obiettivo \u00e8 offrire alloggi sostenibili e di qualit\u00e0 a Barcellona. Per questo motivo gli appartamenti Lugaris sono dotati di riduttori di flusso d&#8217;acqua sui rubinetti per ottimizzare il suo consumo.<\/p>\n\n\n\n<p class=\"\">-Il tessuto delle lenzuola e degli asciugamani \u00e8 conforme alla certificazione ambientale.<\/p>\n\n\n\n<p class=\"\">-Le lenzuola e gli asciugamani sono lavati con prodotti ecologici certificati.<\/p>\n\n\n\n<p class=\"\">-Le nostre finestre sono dotate di doppi vetri, che favoriscono isolamento termico e acustico dall&#8217;esterno.<\/p>\n\n\n\n<p class=\"\">&#8211; Gli apparecchi elettrici che acquistiamo hanno la certificazione A+ al fine di evitare un consumo eccessivo di energia. Inoltre, mettiamo a disposizione un piano di manutenzione preventiva che significa meno parti da cambiare e meno impatto sull&#8217;ambiente.<\/p>\n\n\n\n<p class=\"\">&#8211; Per evitare un&#8217;illuminazione eccessiva, disponiamo di sensori di prossimit\u00e0 in alcune aree della reception, come al suo esterno. Inoltre, anche nell&#8217;area della piscina esterna \u00e8 presente un&#8217;illuminazione adeguata al fine di evitare l&#8217;inquinamento luminoso notturno.<\/p>\n\n\n\n<p class=\"\">&#8211; Lugaris Apartments utilizza imballaggi sostenibili per le spedizioni di oggetti smarriti.<\/p>\n\n\n\n<p class=\"\">&#8211; Da Lugaris Apartments le stoviglie degli appartamenti sono di alta qualit\u00e0, evitando cos\u00ec la continua sostituzione di materiale, che si traduce in un minore impatto ambientale.<\/p>\n\n\n\n<p class=\"\">&#8211; I prodotti utilizzati negli appartamenti, come shampoo, sapone, latte per il corpo, ecc. sono selezionati in base alla loro compatibilit\u00e0 ambientale.<\/p>\n\n\n\n<p class=\"\">&#8211; L&#8217;azienda mantiene una gestione efficiente dei processi di check-in e check-out degli ospiti, garantendo un servizio professionale di qualit\u00e0.<\/p>\n\n\n\n<p class=\"\">&#8211; Sono garantiti i requisiti di sicurezza necessari per la piscina, cos\u00ec come quelli delle strutture, oltre che quelli riguardanti la qualit\u00e0 dell&#8217;acqua.<\/p>\n\n\n\n<p class=\"\">&#8211; L&#8217;azienda sviluppa processi di selezione del personale tenendo conto della prospettiva della parit\u00e0 di genere.<\/p>\n\n\n\n<p class=\"\">&#8211; L&#8217;azienda offre un piano di pari opportunit\u00e0 per donne e uomini.<\/p>\n\n\n\n<p class=\"\">&#8211; L&#8217;azienda dispone di un sistema di comunicazione interna efficiente e responsabile dal punto di vista ambientale.<\/p>\n\n\n\n<figure class=\"wp-block-image aligncenter size-large\"><img loading=\"lazy\" decoding=\"async\" width=\"1280\" height=\"720\" src=\"https:\/\/www.lugaris.com\/app\/uploads\/2021\/11\/Nuevo-proyecto.jpg\" alt=\"\" class=\"wp-image-16997\" srcset=\"https:\/\/www.lugaris.com\/app\/uploads\/2021\/11\/Nuevo-proyecto.jpg 1280w, https:\/\/www.lugaris.com\/app\/uploads\/2021\/11\/Nuevo-proyecto-1024x576.jpg 1024w, https:\/\/www.lugaris.com\/app\/uploads\/2021\/11\/Nuevo-proyecto-640x360.jpg 640w, https:\/\/www.lugaris.com\/app\/uploads\/2021\/11\/Nuevo-proyecto-768x432.jpg 768w\" sizes=\"(max-width: 1280px) 100vw, 1280px\" \/><\/figure>\n\n\n\n<h2 class=\"wp-block-heading has-text-align-left\"><strong>SOSTEGNO AI PROGETTI LOCALI<\/strong><\/h2>\n\n\n\n<p class=\"\">Oltre a consigliare sempre ristoranti locali che lavorano con prodotti freschi e di qualit\u00e0, da Lugaris promuoviamo anche il sociale attraverso vari progetti di solidariet\u00e0, come le nostre donazioni annuali alla <em>Marat\u00f3 de TV3<\/em>, un progetto di solidariet\u00e0 che dal 2004 raccoglie fondi per diverse cause sanitarie e per la ricerca sulle malattie. Dal 2016 offriamo anche il nostro check-in solidale, un contributo che finanzia le donazioni alla fondazione Casal d&#8217;infants. Quest\u2019ultima lavora per sostenere le famiglie a rischio di esclusione sociale, fornendo uno spazio sicuro ai bambini affinch\u00e9 possano sviluppare le loro attivit\u00e0 extrascolastiche e continuare a crescere.<\/p>\n\n\n\n<h2 class=\"wp-block-heading has-text-align-left\"><strong>ECO-CERTIFICATI<\/strong><\/h2>\n\n\n\n<p class=\"\">Siamo lieti di annunciare che siamo in procinto di ottenere la certificazione Biosfera.<\/p>\n\n\n\n<figure class=\"wp-block-image aligncenter size-large\"><a href=\"https:\/\/www.lugaris.com\/app\/uploads\/2022\/06\/diploma_certified_2022_es-1.pdf\"><img loading=\"lazy\" decoding=\"async\" width=\"289\" height=\"417\" src=\"https:\/\/www.lugaris.com\/app\/uploads\/2022\/06\/biosphere_certified.png\" alt=\"\" class=\"wp-image-18224\"\/><\/a><\/figure>\n\n\n\n<div class=\"wp-block-group has-green-700-background-color has-background is-layout-flow wp-block-group-is-layout-flow\">\n<h2 class=\"wp-block-heading has-text-align-center\"><strong>LA STORIA <em>GREEN <\/em>&nbsp;DI LUGARIS<\/strong><\/h2>\n<\/div>\n\n\n\n<div class=\"wp-block-uagb-content-timeline uagb-timeline__outer-wrap uagb-block-edd027cf-d89b-43cc-a5f6-7d7826e856a4 uagb-timeline__content-wrap uagb-timeline__center-block  uagb-timeline__arrow-center uagb-timeline\">\n<article class=\"wp-block-uagb-content-timeline-child uagb-timeline__field uagb-timeline-child-fd4ec93f uagb-timeline__right\"><div class=\"uagb-timeline__marker out-view-uagb-timeline__icon\"><svg xmlns=\"https:\/\/www.w3.org\/2000\/svg\" viewBox=\"0 0 448 512\"><path d=\"M160 32V64H288V32C288 14.33 302.3 0 320 0C337.7 0 352 14.33 352 32V64H400C426.5 64 448 85.49 448 112V160H0V112C0 85.49 21.49 64 48 64H96V32C96 14.33 110.3 0 128 0C145.7 0 160 14.33 160 32zM0 192H448V464C448 490.5 426.5 512 400 512H48C21.49 512 0 490.5 0 464V192zM64 304C64 312.8 71.16 320 80 320H112C120.8 320 128 312.8 128 304V272C128 263.2 120.8 256 112 256H80C71.16 256 64 263.2 64 272V304zM192 304C192 312.8 199.2 320 208 320H240C248.8 320 256 312.8 256 304V272C256 263.2 248.8 256 240 256H208C199.2 256 192 263.2 192 272V304zM336 256C327.2 256 320 263.2 320 272V304C320 312.8 327.2 320 336 320H368C376.8 320 384 312.8 384 304V272C384 263.2 376.8 256 368 256H336zM64 432C64 440.8 71.16 448 80 448H112C120.8 448 128 440.8 128 432V400C128 391.2 120.8 384 112 384H80C71.16 384 64 391.2 64 400V432zM208 384C199.2 384 192 391.2 192 400V432C192 440.8 199.2 448 208 448H240C248.8 448 256 440.8 256 432V400C256 391.2 248.8 384 240 384H208zM320 432C320 440.8 327.2 448 336 448H368C376.8 448 384 440.8 384 432V400C384 391.2 376.8 384 368 384H336C327.2 384 320 391.2 320 400V432z\"><\/path><\/svg><\/div><div class=\"uagb-timeline__day-new uagb-timeline__day-right uagb-timeline__events-inner-new\"><div class=\"uagb-timeline__events-inner--content\"><div class=\"uagb-timeline__date-hide uagb-timeline__inner-date-new\">Ene 2019<\/div><h4 class=\"uagb-timeline__heading\">INIZIA IL CHECK-IN DI SOLIDARIET\u00c0<\/h4><p class=\"uagb-timeline-desc-content\">Lugaris decide di avviare una campagna di raccolta fondi per la Fondazione Casal d&#8217;Infanzia<\/p><div class=\"uagb-timeline__arrow\"><\/div><\/div><\/div><div class=\"uagb-timeline__date-new\">Ene 2019<\/div><\/article>\n\n\n\n<article class=\"wp-block-uagb-content-timeline-child uagb-timeline__field uagb-timeline-child-58f04548 uagb-timeline__left\"><div class=\"uagb-timeline__marker out-view-uagb-timeline__icon\"><svg xmlns=\"https:\/\/www.w3.org\/2000\/svg\" viewBox=\"0 0 448 512\"><path d=\"M160 32V64H288V32C288 14.33 302.3 0 320 0C337.7 0 352 14.33 352 32V64H400C426.5 64 448 85.49 448 112V160H0V112C0 85.49 21.49 64 48 64H96V32C96 14.33 110.3 0 128 0C145.7 0 160 14.33 160 32zM0 192H448V464C448 490.5 426.5 512 400 512H48C21.49 512 0 490.5 0 464V192zM64 304C64 312.8 71.16 320 80 320H112C120.8 320 128 312.8 128 304V272C128 263.2 120.8 256 112 256H80C71.16 256 64 263.2 64 272V304zM192 304C192 312.8 199.2 320 208 320H240C248.8 320 256 312.8 256 304V272C256 263.2 248.8 256 240 256H208C199.2 256 192 263.2 192 272V304zM336 256C327.2 256 320 263.2 320 272V304C320 312.8 327.2 320 336 320H368C376.8 320 384 312.8 384 304V272C384 263.2 376.8 256 368 256H336zM64 432C64 440.8 71.16 448 80 448H112C120.8 448 128 440.8 128 432V400C128 391.2 120.8 384 112 384H80C71.16 384 64 391.2 64 400V432zM208 384C199.2 384 192 391.2 192 400V432C192 440.8 199.2 448 208 448H240C248.8 448 256 440.8 256 432V400C256 391.2 248.8 384 240 384H208zM320 432C320 440.8 327.2 448 336 448H368C376.8 448 384 440.8 384 432V400C384 391.2 376.8 384 368 384H336C327.2 384 320 391.2 320 400V432z\"><\/path><\/svg><\/div><div class=\"uagb-timeline__day-new uagb-timeline__day-left uagb-timeline__events-inner-new\"><div class=\"uagb-timeline__events-inner--content\"><div class=\"uagb-timeline__date-hide uagb-timeline__inner-date-new\">Ene 2019<\/div><h4 class=\"uagb-timeline__heading\">INIZIAMO A COLLABORARE CON LA MARAT\u00d3 DI TV3<\/h4><p class=\"uagb-timeline-desc-content\">Lugaris offre il suo primo contributo finanziario alla Fondazione La Marat\u00f3 per la lotta contro le malattie cardiache.<\/p><div class=\"uagb-timeline__arrow\"><\/div><\/div><\/div><div class=\"uagb-timeline__date-new\">Ene 2019<\/div><\/article>\n\n\n\n<article class=\"wp-block-uagb-content-timeline-child uagb-timeline__field uagb-timeline-child-266a7ad9 uagb-timeline__right\"><div class=\"uagb-timeline__marker out-view-uagb-timeline__icon\"><svg xmlns=\"https:\/\/www.w3.org\/2000\/svg\" viewBox=\"0 0 448 512\"><path d=\"M160 32V64H288V32C288 14.33 302.3 0 320 0C337.7 0 352 14.33 352 32V64H400C426.5 64 448 85.49 448 112V160H0V112C0 85.49 21.49 64 48 64H96V32C96 14.33 110.3 0 128 0C145.7 0 160 14.33 160 32zM0 192H448V464C448 490.5 426.5 512 400 512H48C21.49 512 0 490.5 0 464V192zM64 304C64 312.8 71.16 320 80 320H112C120.8 320 128 312.8 128 304V272C128 263.2 120.8 256 112 256H80C71.16 256 64 263.2 64 272V304zM192 304C192 312.8 199.2 320 208 320H240C248.8 320 256 312.8 256 304V272C256 263.2 248.8 256 240 256H208C199.2 256 192 263.2 192 272V304zM336 256C327.2 256 320 263.2 320 272V304C320 312.8 327.2 320 336 320H368C376.8 320 384 312.8 384 304V272C384 263.2 376.8 256 368 256H336zM64 432C64 440.8 71.16 448 80 448H112C120.8 448 128 440.8 128 432V400C128 391.2 120.8 384 112 384H80C71.16 384 64 391.2 64 400V432zM208 384C199.2 384 192 391.2 192 400V432C192 440.8 199.2 448 208 448H240C248.8 448 256 440.8 256 432V400C256 391.2 248.8 384 240 384H208zM320 432C320 440.8 327.2 448 336 448H368C376.8 448 384 440.8 384 432V400C384 391.2 376.8 384 368 384H336C327.2 384 320 391.2 320 400V432z\"><\/path><\/svg><\/div><div class=\"uagb-timeline__day-new uagb-timeline__day-right uagb-timeline__events-inner-new\"><div class=\"uagb-timeline__events-inner--content\"><div class=\"uagb-timeline__date-hide uagb-timeline__inner-date-new\">Ene 2019<\/div><h4 class=\"uagb-timeline__heading\">DONAZIONE A EL CASAL D&#8217;INFANTS<\/h4><p class=\"uagb-timeline-desc-content\"><br>Attraverso la campagna Check-in Solidario<\/p><div class=\"uagb-timeline__arrow\"><\/div><\/div><\/div><div class=\"uagb-timeline__date-new\">Ene 2019<\/div><\/article>\n\n\n\n<article class=\"wp-block-uagb-content-timeline-child uagb-timeline__field uagb-timeline-child-3ba1f69d uagb-timeline__left\"><div class=\"uagb-timeline__marker out-view-uagb-timeline__icon\"><svg xmlns=\"https:\/\/www.w3.org\/2000\/svg\" viewBox=\"0 0 448 512\"><path d=\"M160 32V64H288V32C288 14.33 302.3 0 320 0C337.7 0 352 14.33 352 32V64H400C426.5 64 448 85.49 448 112V160H0V112C0 85.49 21.49 64 48 64H96V32C96 14.33 110.3 0 128 0C145.7 0 160 14.33 160 32zM0 192H448V464C448 490.5 426.5 512 400 512H48C21.49 512 0 490.5 0 464V192zM64 304C64 312.8 71.16 320 80 320H112C120.8 320 128 312.8 128 304V272C128 263.2 120.8 256 112 256H80C71.16 256 64 263.2 64 272V304zM192 304C192 312.8 199.2 320 208 320H240C248.8 320 256 312.8 256 304V272C256 263.2 248.8 256 240 256H208C199.2 256 192 263.2 192 272V304zM336 256C327.2 256 320 263.2 320 272V304C320 312.8 327.2 320 336 320H368C376.8 320 384 312.8 384 304V272C384 263.2 376.8 256 368 256H336zM64 432C64 440.8 71.16 448 80 448H112C120.8 448 128 440.8 128 432V400C128 391.2 120.8 384 112 384H80C71.16 384 64 391.2 64 400V432zM208 384C199.2 384 192 391.2 192 400V432C192 440.8 199.2 448 208 448H240C248.8 448 256 440.8 256 432V400C256 391.2 248.8 384 240 384H208zM320 432C320 440.8 327.2 448 336 448H368C376.8 448 384 440.8 384 432V400C384 391.2 376.8 384 368 384H336C327.2 384 320 391.2 320 400V432z\"><\/path><\/svg><\/div><div class=\"uagb-timeline__day-new uagb-timeline__day-left uagb-timeline__events-inner-new\"><div class=\"uagb-timeline__events-inner--content\"><div class=\"uagb-timeline__date-hide uagb-timeline__inner-date-new\">Ene 2019<\/div><h4 class=\"uagb-timeline__heading\">DONAZIONE PER LA LOTTA AL DIABETE E ALL&#8217;OBESIT\u00c0<\/h4><p class=\"uagb-timeline-desc-content\">Tramite \u201cLa Marat\u00f3 di TV3\u201d<\/p><div class=\"uagb-timeline__arrow\"><\/div><\/div><\/div><div class=\"uagb-timeline__date-new\">Ene 2019<\/div><\/article>\n\n\n\n<article class=\"wp-block-uagb-content-timeline-child uagb-timeline__field uagb-timeline-child-87fe3b70 uagb-timeline__right\"><div class=\"uagb-timeline__marker out-view-uagb-timeline__icon\"><svg xmlns=\"https:\/\/www.w3.org\/2000\/svg\" viewBox=\"0 0 448 512\"><path d=\"M160 32V64H288V32C288 14.33 302.3 0 320 0C337.7 0 352 14.33 352 32V64H400C426.5 64 448 85.49 448 112V160H0V112C0 85.49 21.49 64 48 64H96V32C96 14.33 110.3 0 128 0C145.7 0 160 14.33 160 32zM0 192H448V464C448 490.5 426.5 512 400 512H48C21.49 512 0 490.5 0 464V192zM64 304C64 312.8 71.16 320 80 320H112C120.8 320 128 312.8 128 304V272C128 263.2 120.8 256 112 256H80C71.16 256 64 263.2 64 272V304zM192 304C192 312.8 199.2 320 208 320H240C248.8 320 256 312.8 256 304V272C256 263.2 248.8 256 240 256H208C199.2 256 192 263.2 192 272V304zM336 256C327.2 256 320 263.2 320 272V304C320 312.8 327.2 320 336 320H368C376.8 320 384 312.8 384 304V272C384 263.2 376.8 256 368 256H336zM64 432C64 440.8 71.16 448 80 448H112C120.8 448 128 440.8 128 432V400C128 391.2 120.8 384 112 384H80C71.16 384 64 391.2 64 400V432zM208 384C199.2 384 192 391.2 192 400V432C192 440.8 199.2 448 208 448H240C248.8 448 256 440.8 256 432V400C256 391.2 248.8 384 240 384H208zM320 432C320 440.8 327.2 448 336 448H368C376.8 448 384 440.8 384 432V400C384 391.2 376.8 384 368 384H336C327.2 384 320 391.2 320 400V432z\"><\/path><\/svg><\/div><div class=\"uagb-timeline__day-new uagb-timeline__day-right uagb-timeline__events-inner-new\"><div class=\"uagb-timeline__events-inner--content\"><div class=\"uagb-timeline__date-hide uagb-timeline__inner-date-new\">Ene 2019<\/div><h4 class=\"uagb-timeline__heading\">DONAZIONE A EL CASAL D&#8217;INFANTS<\/h4><p class=\"uagb-timeline-desc-content\">Attraverso la campagna Check-in Solidario<\/p><div class=\"uagb-timeline__arrow\"><\/div><\/div><\/div><div class=\"uagb-timeline__date-new\">Ene 2019<\/div><\/article>\n\n\n\n<article class=\"wp-block-uagb-content-timeline-child uagb-timeline__field uagb-timeline-child-bd85ccc6 uagb-timeline__left\"><div class=\"uagb-timeline__marker out-view-uagb-timeline__icon\"><svg xmlns=\"https:\/\/www.w3.org\/2000\/svg\" viewBox=\"0 0 448 512\"><path d=\"M160 32V64H288V32C288 14.33 302.3 0 320 0C337.7 0 352 14.33 352 32V64H400C426.5 64 448 85.49 448 112V160H0V112C0 85.49 21.49 64 48 64H96V32C96 14.33 110.3 0 128 0C145.7 0 160 14.33 160 32zM0 192H448V464C448 490.5 426.5 512 400 512H48C21.49 512 0 490.5 0 464V192zM64 304C64 312.8 71.16 320 80 320H112C120.8 320 128 312.8 128 304V272C128 263.2 120.8 256 112 256H80C71.16 256 64 263.2 64 272V304zM192 304C192 312.8 199.2 320 208 320H240C248.8 320 256 312.8 256 304V272C256 263.2 248.8 256 240 256H208C199.2 256 192 263.2 192 272V304zM336 256C327.2 256 320 263.2 320 272V304C320 312.8 327.2 320 336 320H368C376.8 320 384 312.8 384 304V272C384 263.2 376.8 256 368 256H336zM64 432C64 440.8 71.16 448 80 448H112C120.8 448 128 440.8 128 432V400C128 391.2 120.8 384 112 384H80C71.16 384 64 391.2 64 400V432zM208 384C199.2 384 192 391.2 192 400V432C192 440.8 199.2 448 208 448H240C248.8 448 256 440.8 256 432V400C256 391.2 248.8 384 240 384H208zM320 432C320 440.8 327.2 448 336 448H368C376.8 448 384 440.8 384 432V400C384 391.2 376.8 384 368 384H336C327.2 384 320 391.2 320 400V432z\"><\/path><\/svg><\/div><div class=\"uagb-timeline__day-new uagb-timeline__day-left uagb-timeline__events-inner-new\"><div class=\"uagb-timeline__events-inner--content\"><div class=\"uagb-timeline__date-hide uagb-timeline__inner-date-new\">Ene 2019<\/div><h4 class=\"uagb-timeline__heading\">DONAZIONE ALLA RICERCA SULL&#8217;ICTUS E SULLE LESIONI TRAUMATICHE DEL MIDOLLO SPINALE<\/h4><p class=\"uagb-timeline-desc-content\">Tramite \u201cLa Marat\u00f3 di TV3\u201d<\/p><div class=\"uagb-timeline__arrow\"><\/div><\/div><\/div><div class=\"uagb-timeline__date-new\">Ene 2019<\/div><\/article>\n\n\n\n<article class=\"wp-block-uagb-content-timeline-child uagb-timeline__field uagb-timeline-child-4a682fe4 uagb-timeline__right\"><div class=\"uagb-timeline__marker out-view-uagb-timeline__icon\"><svg xmlns=\"https:\/\/www.w3.org\/2000\/svg\" viewBox=\"0 0 448 512\"><path d=\"M160 32V64H288V32C288 14.33 302.3 0 320 0C337.7 0 352 14.33 352 32V64H400C426.5 64 448 85.49 448 112V160H0V112C0 85.49 21.49 64 48 64H96V32C96 14.33 110.3 0 128 0C145.7 0 160 14.33 160 32zM0 192H448V464C448 490.5 426.5 512 400 512H48C21.49 512 0 490.5 0 464V192zM64 304C64 312.8 71.16 320 80 320H112C120.8 320 128 312.8 128 304V272C128 263.2 120.8 256 112 256H80C71.16 256 64 263.2 64 272V304zM192 304C192 312.8 199.2 320 208 320H240C248.8 320 256 312.8 256 304V272C256 263.2 248.8 256 240 256H208C199.2 256 192 263.2 192 272V304zM336 256C327.2 256 320 263.2 320 272V304C320 312.8 327.2 320 336 320H368C376.8 320 384 312.8 384 304V272C384 263.2 376.8 256 368 256H336zM64 432C64 440.8 71.16 448 80 448H112C120.8 448 128 440.8 128 432V400C128 391.2 120.8 384 112 384H80C71.16 384 64 391.2 64 400V432zM208 384C199.2 384 192 391.2 192 400V432C192 440.8 199.2 448 208 448H240C248.8 448 256 440.8 256 432V400C256 391.2 248.8 384 240 384H208zM320 432C320 440.8 327.2 448 336 448H368C376.8 448 384 440.8 384 432V400C384 391.2 376.8 384 368 384H336C327.2 384 320 391.2 320 400V432z\"><\/path><\/svg><\/div><div class=\"uagb-timeline__day-new uagb-timeline__day-right uagb-timeline__events-inner-new\"><div class=\"uagb-timeline__events-inner--content\"><div class=\"uagb-timeline__date-hide uagb-timeline__inner-date-new\">Ene 2019<\/div><h4 class=\"uagb-timeline__heading\">DONAZIONE A EL CASAL D&#8217;INFANTS<\/h4><p class=\"uagb-timeline-desc-content\">Attraverso la campagna Check-in Solidario<\/p><div class=\"uagb-timeline__arrow\"><\/div><\/div><\/div><div class=\"uagb-timeline__date-new\">Ene 2019<\/div><\/article>\n\n\n\n<article class=\"wp-block-uagb-content-timeline-child uagb-timeline__field uagb-timeline-child-9d6bc708 uagb-timeline__left\"><div class=\"uagb-timeline__marker out-view-uagb-timeline__icon\"><svg xmlns=\"https:\/\/www.w3.org\/2000\/svg\" viewBox=\"0 0 448 512\"><path d=\"M160 32V64H288V32C288 14.33 302.3 0 320 0C337.7 0 352 14.33 352 32V64H400C426.5 64 448 85.49 448 112V160H0V112C0 85.49 21.49 64 48 64H96V32C96 14.33 110.3 0 128 0C145.7 0 160 14.33 160 32zM0 192H448V464C448 490.5 426.5 512 400 512H48C21.49 512 0 490.5 0 464V192zM64 304C64 312.8 71.16 320 80 320H112C120.8 320 128 312.8 128 304V272C128 263.2 120.8 256 112 256H80C71.16 256 64 263.2 64 272V304zM192 304C192 312.8 199.2 320 208 320H240C248.8 320 256 312.8 256 304V272C256 263.2 248.8 256 240 256H208C199.2 256 192 263.2 192 272V304zM336 256C327.2 256 320 263.2 320 272V304C320 312.8 327.2 320 336 320H368C376.8 320 384 312.8 384 304V272C384 263.2 376.8 256 368 256H336zM64 432C64 440.8 71.16 448 80 448H112C120.8 448 128 440.8 128 432V400C128 391.2 120.8 384 112 384H80C71.16 384 64 391.2 64 400V432zM208 384C199.2 384 192 391.2 192 400V432C192 440.8 199.2 448 208 448H240C248.8 448 256 440.8 256 432V400C256 391.2 248.8 384 240 384H208zM320 432C320 440.8 327.2 448 336 448H368C376.8 448 384 440.8 384 432V400C384 391.2 376.8 384 368 384H336C327.2 384 320 391.2 320 400V432z\"><\/path><\/svg><\/div><div class=\"uagb-timeline__day-new uagb-timeline__day-left uagb-timeline__events-inner-new\"><div class=\"uagb-timeline__events-inner--content\"><div class=\"uagb-timeline__date-hide uagb-timeline__inner-date-new\">Ene 2019<\/div><h4 class=\"uagb-timeline__heading\">DONAZIONE PER LA RICERCA SULLE MALATTIE INFETTIVE<\/h4><p class=\"uagb-timeline-desc-content\">Tramite \u201cLa Marat\u00f3 di TV3\u201d<\/p><div class=\"uagb-timeline__arrow\"><\/div><\/div><\/div><div class=\"uagb-timeline__date-new\">Ene 2019<\/div><\/article>\n\n\n\n<article class=\"wp-block-uagb-content-timeline-child uagb-timeline__field uagb-timeline-child-ebb8ec95 uagb-timeline__right\"><div class=\"uagb-timeline__marker out-view-uagb-timeline__icon\"><svg xmlns=\"https:\/\/www.w3.org\/2000\/svg\" viewBox=\"0 0 448 512\"><path d=\"M160 32V64H288V32C288 14.33 302.3 0 320 0C337.7 0 352 14.33 352 32V64H400C426.5 64 448 85.49 448 112V160H0V112C0 85.49 21.49 64 48 64H96V32C96 14.33 110.3 0 128 0C145.7 0 160 14.33 160 32zM0 192H448V464C448 490.5 426.5 512 400 512H48C21.49 512 0 490.5 0 464V192zM64 304C64 312.8 71.16 320 80 320H112C120.8 320 128 312.8 128 304V272C128 263.2 120.8 256 112 256H80C71.16 256 64 263.2 64 272V304zM192 304C192 312.8 199.2 320 208 320H240C248.8 320 256 312.8 256 304V272C256 263.2 248.8 256 240 256H208C199.2 256 192 263.2 192 272V304zM336 256C327.2 256 320 263.2 320 272V304C320 312.8 327.2 320 336 320H368C376.8 320 384 312.8 384 304V272C384 263.2 376.8 256 368 256H336zM64 432C64 440.8 71.16 448 80 448H112C120.8 448 128 440.8 128 432V400C128 391.2 120.8 384 112 384H80C71.16 384 64 391.2 64 400V432zM208 384C199.2 384 192 391.2 192 400V432C192 440.8 199.2 448 208 448H240C248.8 448 256 440.8 256 432V400C256 391.2 248.8 384 240 384H208zM320 432C320 440.8 327.2 448 336 448H368C376.8 448 384 440.8 384 432V400C384 391.2 376.8 384 368 384H336C327.2 384 320 391.2 320 400V432z\"><\/path><\/svg><\/div><div class=\"uagb-timeline__day-new uagb-timeline__day-right uagb-timeline__events-inner-new\"><div class=\"uagb-timeline__events-inner--content\"><div class=\"uagb-timeline__date-hide uagb-timeline__inner-date-new\">Ene 2019<\/div><h4 class=\"uagb-timeline__heading\">DONAZIONE A EL CASAL D&#8217;INFANTS<\/h4><p class=\"uagb-timeline-desc-content\">Attraverso la campagna Check-in Solidario<\/p><div class=\"uagb-timeline__arrow\"><\/div><\/div><\/div><div class=\"uagb-timeline__date-new\">Ene 2019<\/div><\/article>\n\n\n\n<article class=\"wp-block-uagb-content-timeline-child uagb-timeline__field uagb-timeline-child-80af7f44 uagb-timeline__left\"><div class=\"uagb-timeline__marker out-view-uagb-timeline__icon\"><svg xmlns=\"https:\/\/www.w3.org\/2000\/svg\" viewBox=\"0 0 448 512\"><path d=\"M160 32V64H288V32C288 14.33 302.3 0 320 0C337.7 0 352 14.33 352 32V64H400C426.5 64 448 85.49 448 112V160H0V112C0 85.49 21.49 64 48 64H96V32C96 14.33 110.3 0 128 0C145.7 0 160 14.33 160 32zM0 192H448V464C448 490.5 426.5 512 400 512H48C21.49 512 0 490.5 0 464V192zM64 304C64 312.8 71.16 320 80 320H112C120.8 320 128 312.8 128 304V272C128 263.2 120.8 256 112 256H80C71.16 256 64 263.2 64 272V304zM192 304C192 312.8 199.2 320 208 320H240C248.8 320 256 312.8 256 304V272C256 263.2 248.8 256 240 256H208C199.2 256 192 263.2 192 272V304zM336 256C327.2 256 320 263.2 320 272V304C320 312.8 327.2 320 336 320H368C376.8 320 384 312.8 384 304V272C384 263.2 376.8 256 368 256H336zM64 432C64 440.8 71.16 448 80 448H112C120.8 448 128 440.8 128 432V400C128 391.2 120.8 384 112 384H80C71.16 384 64 391.2 64 400V432zM208 384C199.2 384 192 391.2 192 400V432C192 440.8 199.2 448 208 448H240C248.8 448 256 440.8 256 432V400C256 391.2 248.8 384 240 384H208zM320 432C320 440.8 327.2 448 336 448H368C376.8 448 384 440.8 384 432V400C384 391.2 376.8 384 368 384H336C327.2 384 320 391.2 320 400V432z\"><\/path><\/svg><\/div><div class=\"uagb-timeline__day-new uagb-timeline__day-left uagb-timeline__events-inner-new\"><div class=\"uagb-timeline__events-inner--content\"><div class=\"uagb-timeline__date-hide uagb-timeline__inner-date-new\">Ene 2019<\/div><h4 class=\"uagb-timeline__heading\">DONAZIONE A EL CASAL D&#8217;INFANTS<\/h4><p class=\"uagb-timeline-desc-content\">Attraverso la campagna Check-in Solidario<\/p><div class=\"uagb-timeline__arrow\"><\/div><\/div><\/div><div class=\"uagb-timeline__date-new\">Ene 2019<\/div><\/article>\n\n\n\n<article class=\"wp-block-uagb-content-timeline-child uagb-timeline__field uagb-timeline-child-57c8c9cc uagb-timeline__right\"><div class=\"uagb-timeline__marker out-view-uagb-timeline__icon\"><svg xmlns=\"https:\/\/www.w3.org\/2000\/svg\" viewBox=\"0 0 448 512\"><path d=\"M160 32V64H288V32C288 14.33 302.3 0 320 0C337.7 0 352 14.33 352 32V64H400C426.5 64 448 85.49 448 112V160H0V112C0 85.49 21.49 64 48 64H96V32C96 14.33 110.3 0 128 0C145.7 0 160 14.33 160 32zM0 192H448V464C448 490.5 426.5 512 400 512H48C21.49 512 0 490.5 0 464V192zM64 304C64 312.8 71.16 320 80 320H112C120.8 320 128 312.8 128 304V272C128 263.2 120.8 256 112 256H80C71.16 256 64 263.2 64 272V304zM192 304C192 312.8 199.2 320 208 320H240C248.8 320 256 312.8 256 304V272C256 263.2 248.8 256 240 256H208C199.2 256 192 263.2 192 272V304zM336 256C327.2 256 320 263.2 320 272V304C320 312.8 327.2 320 336 320H368C376.8 320 384 312.8 384 304V272C384 263.2 376.8 256 368 256H336zM64 432C64 440.8 71.16 448 80 448H112C120.8 448 128 440.8 128 432V400C128 391.2 120.8 384 112 384H80C71.16 384 64 391.2 64 400V432zM208 384C199.2 384 192 391.2 192 400V432C192 440.8 199.2 448 208 448H240C248.8 448 256 440.8 256 432V400C256 391.2 248.8 384 240 384H208zM320 432C320 440.8 327.2 448 336 448H368C376.8 448 384 440.8 384 432V400C384 391.2 376.8 384 368 384H336C327.2 384 320 391.2 320 400V432z\"><\/path><\/svg><\/div><div class=\"uagb-timeline__day-new uagb-timeline__day-right uagb-timeline__events-inner-new\"><div class=\"uagb-timeline__events-inner--content\"><div class=\"uagb-timeline__date-hide uagb-timeline__inner-date-new\">Ene 2019<\/div><h4 class=\"uagb-timeline__heading\">DONACI\u00d3N PARA INVESTIGAR LAS ENFERMEDADES MINORITARIAS<\/h4><p class=\"uagb-timeline-desc-content\">Tramite \u201cLa Marat\u00f3 di TV3\u201d<\/p><div class=\"uagb-timeline__arrow\"><\/div><\/div><\/div><div class=\"uagb-timeline__date-new\">Ene 2019<\/div><\/article>\n\n\n\n<article class=\"wp-block-uagb-content-timeline-child uagb-timeline__field uagb-timeline-child-24b74adc uagb-timeline__left\"><div class=\"uagb-timeline__marker out-view-uagb-timeline__icon\"><svg xmlns=\"https:\/\/www.w3.org\/2000\/svg\" viewBox=\"0 0 448 512\"><path d=\"M160 32V64H288V32C288 14.33 302.3 0 320 0C337.7 0 352 14.33 352 32V64H400C426.5 64 448 85.49 448 112V160H0V112C0 85.49 21.49 64 48 64H96V32C96 14.33 110.3 0 128 0C145.7 0 160 14.33 160 32zM0 192H448V464C448 490.5 426.5 512 400 512H48C21.49 512 0 490.5 0 464V192zM64 304C64 312.8 71.16 320 80 320H112C120.8 320 128 312.8 128 304V272C128 263.2 120.8 256 112 256H80C71.16 256 64 263.2 64 272V304zM192 304C192 312.8 199.2 320 208 320H240C248.8 320 256 312.8 256 304V272C256 263.2 248.8 256 240 256H208C199.2 256 192 263.2 192 272V304zM336 256C327.2 256 320 263.2 320 272V304C320 312.8 327.2 320 336 320H368C376.8 320 384 312.8 384 304V272C384 263.2 376.8 256 368 256H336zM64 432C64 440.8 71.16 448 80 448H112C120.8 448 128 440.8 128 432V400C128 391.2 120.8 384 112 384H80C71.16 384 64 391.2 64 400V432zM208 384C199.2 384 192 391.2 192 400V432C192 440.8 199.2 448 208 448H240C248.8 448 256 440.8 256 432V400C256 391.2 248.8 384 240 384H208zM320 432C320 440.8 327.2 448 336 448H368C376.8 448 384 440.8 384 432V400C384 391.2 376.8 384 368 384H336C327.2 384 320 391.2 320 400V432z\"><\/path><\/svg><\/div><div class=\"uagb-timeline__day-new uagb-timeline__day-left uagb-timeline__events-inner-new\"><div class=\"uagb-timeline__events-inner--content\"><div class=\"uagb-timeline__date-hide uagb-timeline__inner-date-new\">Ene 2019<\/div><h4 class=\"uagb-timeline__heading\">DONAZIONE A EL CASAL D&#8217;INFANTS<\/h4><p class=\"uagb-timeline-desc-content\">Attraverso la campagna Check-in Solidario<\/p><div class=\"uagb-timeline__arrow\"><\/div><\/div><\/div><div class=\"uagb-timeline__date-new\">Ene 2019<\/div><\/article>\n\n\n\n<article class=\"wp-block-uagb-content-timeline-child uagb-timeline__field uagb-timeline-child-7be67f38 uagb-timeline__right\"><div class=\"uagb-timeline__marker out-view-uagb-timeline__icon\"><svg xmlns=\"https:\/\/www.w3.org\/2000\/svg\" viewBox=\"0 0 448 512\"><path d=\"M160 32V64H288V32C288 14.33 302.3 0 320 0C337.7 0 352 14.33 352 32V64H400C426.5 64 448 85.49 448 112V160H0V112C0 85.49 21.49 64 48 64H96V32C96 14.33 110.3 0 128 0C145.7 0 160 14.33 160 32zM0 192H448V464C448 490.5 426.5 512 400 512H48C21.49 512 0 490.5 0 464V192zM64 304C64 312.8 71.16 320 80 320H112C120.8 320 128 312.8 128 304V272C128 263.2 120.8 256 112 256H80C71.16 256 64 263.2 64 272V304zM192 304C192 312.8 199.2 320 208 320H240C248.8 320 256 312.8 256 304V272C256 263.2 248.8 256 240 256H208C199.2 256 192 263.2 192 272V304zM336 256C327.2 256 320 263.2 320 272V304C320 312.8 327.2 320 336 320H368C376.8 320 384 312.8 384 304V272C384 263.2 376.8 256 368 256H336zM64 432C64 440.8 71.16 448 80 448H112C120.8 448 128 440.8 128 432V400C128 391.2 120.8 384 112 384H80C71.16 384 64 391.2 64 400V432zM208 384C199.2 384 192 391.2 192 400V432C192 440.8 199.2 448 208 448H240C248.8 448 256 440.8 256 432V400C256 391.2 248.8 384 240 384H208zM320 432C320 440.8 327.2 448 336 448H368C376.8 448 384 440.8 384 432V400C384 391.2 376.8 384 368 384H336C327.2 384 320 391.2 320 400V432z\"><\/path><\/svg><\/div><div class=\"uagb-timeline__day-new uagb-timeline__day-right uagb-timeline__events-inner-new\"><div class=\"uagb-timeline__events-inner--content\"><div class=\"uagb-timeline__date-hide uagb-timeline__inner-date-new\">Ene 2019<\/div><h4 class=\"uagb-timeline__heading\">DONAZIONE PER LA LOTTA CONTRO IL COVID-19<\/h4><p class=\"uagb-timeline-desc-content\">Tramite \u201cLa Marat\u00f3 di TV3\u201d<\/p><div class=\"uagb-timeline__arrow\"><\/div><\/div><\/div><div class=\"uagb-timeline__date-new\">Ene 2019<\/div><\/article>\n\n\n\n<article class=\"wp-block-uagb-content-timeline-child uagb-timeline__field uagb-timeline-child-bd45d651 uagb-timeline__left\"><div class=\"uagb-timeline__marker out-view-uagb-timeline__icon\"><svg xmlns=\"https:\/\/www.w3.org\/2000\/svg\" viewBox=\"0 0 448 512\"><path d=\"M160 32V64H288V32C288 14.33 302.3 0 320 0C337.7 0 352 14.33 352 32V64H400C426.5 64 448 85.49 448 112V160H0V112C0 85.49 21.49 64 48 64H96V32C96 14.33 110.3 0 128 0C145.7 0 160 14.33 160 32zM0 192H448V464C448 490.5 426.5 512 400 512H48C21.49 512 0 490.5 0 464V192zM64 304C64 312.8 71.16 320 80 320H112C120.8 320 128 312.8 128 304V272C128 263.2 120.8 256 112 256H80C71.16 256 64 263.2 64 272V304zM192 304C192 312.8 199.2 320 208 320H240C248.8 320 256 312.8 256 304V272C256 263.2 248.8 256 240 256H208C199.2 256 192 263.2 192 272V304zM336 256C327.2 256 320 263.2 320 272V304C320 312.8 327.2 320 336 320H368C376.8 320 384 312.8 384 304V272C384 263.2 376.8 256 368 256H336zM64 432C64 440.8 71.16 448 80 448H112C120.8 448 128 440.8 128 432V400C128 391.2 120.8 384 112 384H80C71.16 384 64 391.2 64 400V432zM208 384C199.2 384 192 391.2 192 400V432C192 440.8 199.2 448 208 448H240C248.8 448 256 440.8 256 432V400C256 391.2 248.8 384 240 384H208zM320 432C320 440.8 327.2 448 336 448H368C376.8 448 384 440.8 384 432V400C384 391.2 376.8 384 368 384H336C327.2 384 320 391.2 320 400V432z\"><\/path><\/svg><\/div><div class=\"uagb-timeline__day-new uagb-timeline__day-left uagb-timeline__events-inner-new\"><div class=\"uagb-timeline__events-inner--content\"><div class=\"uagb-timeline__date-hide uagb-timeline__inner-date-new\">Ene 2019<\/div><h4 class=\"uagb-timeline__heading\">DONAZIONE A EL CASAL D&#8217;INFANTS<\/h4><p class=\"uagb-timeline-desc-content\">Attraverso la campagna Check-in Solidario<\/p><div class=\"uagb-timeline__arrow\"><\/div><\/div><\/div><div class=\"uagb-timeline__date-new\">Ene 2019<\/div><\/article>\n\n\n\n<article class=\"wp-block-uagb-content-timeline-child uagb-timeline__field uagb-timeline-child-6f2579cb uagb-timeline__right\"><div class=\"uagb-timeline__marker out-view-uagb-timeline__icon\"><svg xmlns=\"https:\/\/www.w3.org\/2000\/svg\" viewBox=\"0 0 448 512\"><path d=\"M160 32V64H288V32C288 14.33 302.3 0 320 0C337.7 0 352 14.33 352 32V64H400C426.5 64 448 85.49 448 112V160H0V112C0 85.49 21.49 64 48 64H96V32C96 14.33 110.3 0 128 0C145.7 0 160 14.33 160 32zM0 192H448V464C448 490.5 426.5 512 400 512H48C21.49 512 0 490.5 0 464V192zM64 304C64 312.8 71.16 320 80 320H112C120.8 320 128 312.8 128 304V272C128 263.2 120.8 256 112 256H80C71.16 256 64 263.2 64 272V304zM192 304C192 312.8 199.2 320 208 320H240C248.8 320 256 312.8 256 304V272C256 263.2 248.8 256 240 256H208C199.2 256 192 263.2 192 272V304zM336 256C327.2 256 320 263.2 320 272V304C320 312.8 327.2 320 336 320H368C376.8 320 384 312.8 384 304V272C384 263.2 376.8 256 368 256H336zM64 432C64 440.8 71.16 448 80 448H112C120.8 448 128 440.8 128 432V400C128 391.2 120.8 384 112 384H80C71.16 384 64 391.2 64 400V432zM208 384C199.2 384 192 391.2 192 400V432C192 440.8 199.2 448 208 448H240C248.8 448 256 440.8 256 432V400C256 391.2 248.8 384 240 384H208zM320 432C320 440.8 327.2 448 336 448H368C376.8 448 384 440.8 384 432V400C384 391.2 376.8 384 368 384H336C327.2 384 320 391.2 320 400V432z\"><\/path><\/svg><\/div><div class=\"uagb-timeline__day-new uagb-timeline__day-right uagb-timeline__events-inner-new\"><div class=\"uagb-timeline__events-inner--content\"><div class=\"uagb-timeline__date-hide uagb-timeline__inner-date-new\">Ene 2019<\/div><h4 class=\"uagb-timeline__heading\">LUGARIS OTTIENE IL SIGILLO BIOSPHERE<\/h4><p class=\"uagb-timeline-desc-content\">Riconosce il suo impegno per lo sviluppo sostenibile<\/p><div class=\"uagb-timeline__arrow\"><\/div><\/div><\/div><div class=\"uagb-timeline__date-new\">Ene 2019<\/div><\/article>\n\n\n\n<article class=\"wp-block-uagb-content-timeline-child uagb-timeline__field uagb-timeline-child-bb6ffa09 uagb-timeline__left\"><div class=\"uagb-timeline__marker out-view-uagb-timeline__icon\"><svg xmlns=\"https:\/\/www.w3.org\/2000\/svg\" viewBox=\"0 0 448 512\"><path d=\"M160 32V64H288V32C288 14.33 302.3 0 320 0C337.7 0 352 14.33 352 32V64H400C426.5 64 448 85.49 448 112V160H0V112C0 85.49 21.49 64 48 64H96V32C96 14.33 110.3 0 128 0C145.7 0 160 14.33 160 32zM0 192H448V464C448 490.5 426.5 512 400 512H48C21.49 512 0 490.5 0 464V192zM64 304C64 312.8 71.16 320 80 320H112C120.8 320 128 312.8 128 304V272C128 263.2 120.8 256 112 256H80C71.16 256 64 263.2 64 272V304zM192 304C192 312.8 199.2 320 208 320H240C248.8 320 256 312.8 256 304V272C256 263.2 248.8 256 240 256H208C199.2 256 192 263.2 192 272V304zM336 256C327.2 256 320 263.2 320 272V304C320 312.8 327.2 320 336 320H368C376.8 320 384 312.8 384 304V272C384 263.2 376.8 256 368 256H336zM64 432C64 440.8 71.16 448 80 448H112C120.8 448 128 440.8 128 432V400C128 391.2 120.8 384 112 384H80C71.16 384 64 391.2 64 400V432zM208 384C199.2 384 192 391.2 192 400V432C192 440.8 199.2 448 208 448H240C248.8 448 256 440.8 256 432V400C256 391.2 248.8 384 240 384H208zM320 432C320 440.8 327.2 448 336 448H368C376.8 448 384 440.8 384 432V400C384 391.2 376.8 384 368 384H336C327.2 384 320 391.2 320 400V432z\"><\/path><\/svg><\/div><div class=\"uagb-timeline__day-new uagb-timeline__day-left uagb-timeline__events-inner-new\"><div class=\"uagb-timeline__events-inner--content\"><div class=\"uagb-timeline__date-hide uagb-timeline__inner-date-new\">Ene 2019<\/div><h4 class=\"uagb-timeline__heading\"><a href=\"https:\/\/www.lugaris.com\/app\/uploads\/2022\/06\/Lugaris_donacion_arrels.pdf\">DONAZIONE A FUNDACI\u00d3 ARRELS<\/a><\/h4><p class=\"uagb-timeline-desc-content\">Attraverso la campagna Check-in Solidario<\/p><div class=\"uagb-timeline__arrow\"><\/div><\/div><\/div><div class=\"uagb-timeline__date-new\">Ene 2019<\/div><\/article>\n\n\n\n<article class=\"wp-block-uagb-content-timeline-child uagb-timeline__field uagb-timeline-child-8a88fbc8 uagb-timeline__right\"><div class=\"uagb-timeline__marker out-view-uagb-timeline__icon\"><svg xmlns=\"https:\/\/www.w3.org\/2000\/svg\" viewBox=\"0 0 448 512\"><path d=\"M160 32V64H288V32C288 14.33 302.3 0 320 0C337.7 0 352 14.33 352 32V64H400C426.5 64 448 85.49 448 112V160H0V112C0 85.49 21.49 64 48 64H96V32C96 14.33 110.3 0 128 0C145.7 0 160 14.33 160 32zM0 192H448V464C448 490.5 426.5 512 400 512H48C21.49 512 0 490.5 0 464V192zM64 304C64 312.8 71.16 320 80 320H112C120.8 320 128 312.8 128 304V272C128 263.2 120.8 256 112 256H80C71.16 256 64 263.2 64 272V304zM192 304C192 312.8 199.2 320 208 320H240C248.8 320 256 312.8 256 304V272C256 263.2 248.8 256 240 256H208C199.2 256 192 263.2 192 272V304zM336 256C327.2 256 320 263.2 320 272V304C320 312.8 327.2 320 336 320H368C376.8 320 384 312.8 384 304V272C384 263.2 376.8 256 368 256H336zM64 432C64 440.8 71.16 448 80 448H112C120.8 448 128 440.8 128 432V400C128 391.2 120.8 384 112 384H80C71.16 384 64 391.2 64 400V432zM208 384C199.2 384 192 391.2 192 400V432C192 440.8 199.2 448 208 448H240C248.8 448 256 440.8 256 432V400C256 391.2 248.8 384 240 384H208zM320 432C320 440.8 327.2 448 336 448H368C376.8 448 384 440.8 384 432V400C384 391.2 376.8 384 368 384H336C327.2 384 320 391.2 320 400V432z\"><\/path><\/svg><\/div><div class=\"uagb-timeline__day-new uagb-timeline__day-right uagb-timeline__events-inner-new\"><div class=\"uagb-timeline__events-inner--content\"><div class=\"uagb-timeline__date-hide uagb-timeline__inner-date-new\">Feb 2024<\/div><h4 class=\"uagb-timeline__heading\">DONAZIONE A  PROJECTE COMUNICA&#8217;T<\/h4><p class=\"uagb-timeline-desc-content\">Donazione di 2500\u20ac a questo progetto della Vall d&#8217;Hebron.<\/p><div class=\"uagb-timeline__arrow\"><\/div><\/div><\/div><div class=\"uagb-timeline__date-new\">Feb 2024<\/div><\/article>\n<div class=\"uagb-timeline__line\"><div class=\"uagb-timeline__line__inner\"><\/div><\/div><\/div>\n\n\n<section class=\"blocks__extra-info is-style-default\" id=\"altre-notizie-interessanti\">\n    <h3>ALTRE NOTIZIE INTERESSANTI<\/h3>\n\n    <div class=\"blocks__extra-info__list\">\n                    <div class=\"blocks__extra-info__item\" id=\"altre-notizie-interessanti-appartamenti-per-2-3\">\n        <a\n                    href=\"#\" \n            class=\"toggleable__extra-info \"\n            data-target=\"#extra-info-11356\"\n            data-scope=\".blocks__extra-info .toggleable__extra-info, .blocks__extra-info .blocks__extra-info__content\"\n        \n        \n    >\n            <article class=\"blocks__extra-info__item__container\">\n            <img decoding=\"async\" src=\"https:\/\/www.lugaris.com\/app\/uploads\/2020\/05\/Principal-BA-scaled.webp\" class=\"blocks__extra-info__item__thumbnail\"><\/img>\n            <div  class=\"blocks__extra-info__item__content\">\n                <header>\n                    <h4 class=\"blocks__extra-info__item__title\">\n                        APPARTAMENTI PER 2-3\n                    <\/h4>\n                <\/header>\n                <section>\n                    <p class=\"blocks__extra-info__item__excerpt\">\n                        APPARTAMENTI A BARCELLONA DA 2 A 3 PERSONE &#8211; BUSINESS Stai pensando di trasferirti a Barcellona per motivi professionali, da solo o in compagnia di un&#8217;altra persona? In tal caso ti invitiamo a scoprire tutto &hellip;\n                    <\/p>\n                    \n                                        <span class=\"blocks__extra-info__item__read-more\">Leggi di pi\u00f9<\/span>\n                    <span class=\"blocks__extra-info__item__read-less\">Read less<\/span>\n                                    <\/section>\n            <\/div>\n        <\/article>\n        <\/a>\n    <\/div>\n                                <div class=\"blocks__extra-info__item\" id=\"altre-notizie-interessanti-vieni-a-barcellona-per-lavoro\">\n        <a\n                    href=\"#\" \n            class=\"toggleable__extra-info \"\n            data-target=\"#extra-info-12092\"\n            data-scope=\".blocks__extra-info .toggleable__extra-info, .blocks__extra-info .blocks__extra-info__content\"\n        \n        \n    >\n            <article class=\"blocks__extra-info__item__container\">\n            <img decoding=\"async\" src=\"https:\/\/www.lugaris.com\/app\/uploads\/2020\/05\/street-427998_640.jpg\" class=\"blocks__extra-info__item__thumbnail\"><\/img>\n            <div  class=\"blocks__extra-info__item__content\">\n                <header>\n                    <h4 class=\"blocks__extra-info__item__title\">\n                        Vieni a Barcellona per lavoro?\n                    <\/h4>\n                <\/header>\n                <section>\n                    <p class=\"blocks__extra-info__item__excerpt\">\n                        Negli ultimi anni, Barcellona si \u00e8 affermata come una delle citt\u00e0 pi\u00f9 importanti per fare affari o avviare start-up innovative&#8230;\n                    <\/p>\n                    \n                                        <span class=\"blocks__extra-info__item__read-more\">Leggi di pi\u00f9<\/span>\n                    <span class=\"blocks__extra-info__item__read-less\">Read less<\/span>\n                                    <\/section>\n            <\/div>\n        <\/article>\n        <\/a>\n    <\/div>\n                        <\/div>\n\n        <div class=\"blocks__extra-info__content__container\">\n                                <div id=\"extra-info-11356\"\n                class=\"blocks__extra-info__content toggleable__target \">\n                \n<div class=\"wp-block-columns is-layout-flex wp-container-core-columns-layout-1 wp-block-columns-is-layout-flex\">\n<div class=\"wp-block-column is-layout-flow wp-block-column-is-layout-flow\">\n<h1 class=\"wp-block-heading\">APPARTAMENTI A BARCELLONA DA 2 A 3 PERSONE &#8211; BUSINESS<\/h1>\n\n\n\n<p class=\"\">Stai pensando di trasferirti a Barcellona per motivi professionali, da solo o in compagnia di un&#8217;altra persona? In tal caso ti invitiamo a scoprire tutto ci\u00f2 che Lugaris Beach ha da offrire: i migliori appartamenti vicino alla spiaggia di Barcellona.<\/p>\n\n\n\n<p class=\"\">Nei nostri esclusivi appartamenti Business, per 2 o 3 persone, avrai a disposizione tutto quello di cui hai bisogno per sentirti a casa fin dal primo giorno.<\/p>\n\n\n\n<p class=\"\">Situati a Passeig de Calvell, 45, nel cuore del quartiere Poblenou, dove ha la sede il 22@, quartiere tecnologico di Barcellona, e a soli 200 m dalle spiagge di Bogatell e Mar Bella, questi lussuosi appartamenti hanno da 45 a 57 m\u00b2 di superficie utile, una cucina <em>open space<\/em>, un soggiorno &#8211; sala da pranzo, 1 camera da letto con 2 letti singoli o 1 letto matrimoniale, 1 bagno con doccia o vasca da bagno <\/p>\n<\/div>\n\n\n\n<div class=\"wp-block-column is-layout-flow wp-block-column-is-layout-flow\">\n<figure class=\"wp-block-image size-large\"><img fetchpriority=\"high\" fetchpriority=\"high\" decoding=\"async\" width=\"1280\" height=\"853\" src=\"https:\/\/www.lugaris.com\/app\/uploads\/2020\/05\/2G8A7508-copia-1280x853.webp\" alt=\"\" class=\"wp-image-24805\" srcset=\"https:\/\/www.lugaris.com\/app\/uploads\/2020\/05\/2G8A7508-copia-1280x853.webp 1280w, https:\/\/www.lugaris.com\/app\/uploads\/2020\/05\/2G8A7508-copia-1024x683.webp 1024w, https:\/\/www.lugaris.com\/app\/uploads\/2020\/05\/2G8A7508-copia-640x427.webp 640w, https:\/\/www.lugaris.com\/app\/uploads\/2020\/05\/2G8A7508-copia-768x512.webp 768w, https:\/\/www.lugaris.com\/app\/uploads\/2020\/05\/2G8A7508-copia-1536x1024.webp 1536w, https:\/\/www.lugaris.com\/app\/uploads\/2020\/05\/2G8A7508-copia-2048x1365.webp 2048w\" sizes=\"(max-width: 1280px) 100vw, 1280px\" \/><\/figure>\n<\/div>\n<\/div>\n\n            <\/div>\n                                            <div id=\"extra-info-12092\"\n                class=\"blocks__extra-info__content toggleable__target \">\n                \n<div class=\"wp-block-columns is-layout-flex wp-container-core-columns-layout-2 wp-block-columns-is-layout-flex\">\n<div class=\"wp-block-column is-layout-flow wp-block-column-is-layout-flow\" style=\"flex-basis:33.33%\">\n<h2 class=\"wp-block-heading\">Are you coming to Barcelona for business?<\/h2>\n\n\n\n<p class=\"\">In recent years, Barcelona has established itself as one of the best cities for doing business or launching innovative companies. Therefore, it is easy to deduce why the Catalan capital has its own technological district: the&nbsp;<strong>22@<\/strong>, located in the heart of the old industrial district of Poblenou. By the way, you will find there our&nbsp;<strong>luxury beach&nbsp;<a href=\"https:\/\/www.lugaris.com\/en\/\">apartments in Barcelona<\/a><\/strong>, specially designed for all those who need to&nbsp;<a href=\"https:\/\/www.lugaris.com\/en\/coming-barcelona-business\/\">travel to Barcelona for business<\/a>.<\/p>\n\n\n\n<p class=\"\">Anyway, in Lugaris, we know that our city is not only a perfect place to reach agreements, but also to enjoy all its secrets without haste. For example, its extraordinary&nbsp;<strong>architectural heritage<\/strong>. Besides being a melting pot of various styles and periods, it includes the inimitable legacy of Antoni Gaud\u00ed. And what about the<strong>&nbsp;museums in Barcelona<\/strong>, with places as emblematic as the Picasso Museum or the Joan Mir\u00f3 Foundation? In this section, you will discover these and many other recommendations for an unforgettable stay.<\/p>\n\n\n\n<p class=\"\">Wondering where to eat in Barcelona or where to organize a business dinner? In this case, we also give you some suggestions. And we could say the same for the most important&nbsp;<strong>fairs and events in Barcelona<\/strong>, or the most useful apps to move around the city freely.<\/p>\n\n\n\n<p class=\"\">Are you going to miss it?<\/p>\n<\/div>\n\n\n\n<div class=\"wp-block-column is-layout-flow wp-block-column-is-layout-flow\" style=\"flex-basis:66.66%\">\n<figure class=\"wp-block-image size-full\"><img decoding=\"async\" width=\"1920\" height=\"1263\" src=\"https:\/\/www.lugaris.com\/app\/uploads\/2020\/04\/national-museum-of-art-of-catalunya-4917179_1920-1.jpg\" alt=\"national-museum-of-art-of-catalunya-4917179_1920 (1)\" class=\"wp-image-2438\" srcset=\"https:\/\/www.lugaris.com\/app\/uploads\/2020\/04\/national-museum-of-art-of-catalunya-4917179_1920-1.jpg 1920w, https:\/\/www.lugaris.com\/app\/uploads\/2020\/04\/national-museum-of-art-of-catalunya-4917179_1920-1-300x197.jpg 300w, https:\/\/www.lugaris.com\/app\/uploads\/2020\/04\/national-museum-of-art-of-catalunya-4917179_1920-1-1024x674.jpg 1024w, https:\/\/www.lugaris.com\/app\/uploads\/2020\/04\/national-museum-of-art-of-catalunya-4917179_1920-1-768x505.jpg 768w, https:\/\/www.lugaris.com\/app\/uploads\/2020\/04\/national-museum-of-art-of-catalunya-4917179_1920-1-1536x1010.jpg 1536w\" sizes=\"(max-width: 1920px) 100vw, 1920px\" \/><\/figure>\n<\/div>\n<\/div>\n\n            <\/div>\n                        <\/div>\n\n    <span class=\"blocks__extra-info__list__button__left prev\"><\/span>\n    <span class=\"blocks__extra-info__list__button__right next\"><\/span>\n    <\/section>\n\n\n\n<div class=\"wp-block-columns is-layout-flex wp-container-core-columns-layout-3 wp-block-columns-is-layout-flex\">\n<div class=\"wp-block-column is-layout-flow wp-block-column-is-layout-flow\"><\/div>\n\n\n\n<div class=\"wp-block-column is-layout-flow wp-block-column-is-layout-flow\"><\/div>\n<\/div>\n\n\n\n<div class=\"wp-block-columns is-layout-flex wp-container-core-columns-layout-4 wp-block-columns-is-layout-flex\">\n<div class=\"wp-block-column is-layout-flow wp-block-column-is-layout-flow\"><\/div>\n\n\n\n<div class=\"wp-block-column is-layout-flow wp-block-column-is-layout-flow\"><\/div>\n<\/div>\n\n\n\n<ul class=\"wp-block-social-links is-layout-flex wp-block-social-links-is-layout-flex\">\n\n\n\n\n\n\n\n<\/ul>\n","protected":false},"excerpt":{"rendered":"<p>Nell&#8217;ambito del nostro impegno per l&#8217;ambiente, la lotta al cambiamento climatico e la promozione del turismo responsabile, Lugaris vuole condividere con voi alcuni consigli che potrete mettere in pratica durante il vostro soggiorno.<\/p>\n","protected":false},"author":5,"featured_media":18995,"parent":0,"menu_order":0,"comment_status":"closed","ping_status":"closed","template":"","meta":{"_uag_custom_page_level_css":"","footnotes":""},"yoast_head":"<!-- This site is optimized with the Yoast SEO plugin v23.1 - https:\/\/yoast.com\/wordpress\/plugins\/seo\/ -->\n<title>Sustainability | Lugaris<\/title>\n<meta name=\"description\" content=\"Nell&#039;ambito del nostro impegno per l&#039;ambiente, la lotta al cambiamento climatico e la promozione del turismo responsabile, Lugaris vuole condividere con voi ...\" \/>\n<meta name=\"robots\" content=\"index, follow, max-snippet:-1, max-image-preview:large, max-video-preview:-1\" \/>\n<link rel=\"canonical\" href=\"https:\/\/www.lugaris.com\/it\/sustainability\/\" \/>\n<meta property=\"og:locale\" content=\"it_IT\" \/>\n<meta property=\"og:type\" content=\"article\" \/>\n<meta property=\"og:title\" content=\"Sustainability | Lugaris\" \/>\n<meta property=\"og:description\" content=\"Nell&#039;ambito del nostro impegno per l&#039;ambiente, la lotta al cambiamento climatico e la promozione del turismo responsabile, Lugaris vuole condividere con voi ...\" \/>\n<meta property=\"og:url\" content=\"https:\/\/www.lugaris.com\/it\/sustainability\/\" \/>\n<meta property=\"og:site_name\" content=\"Lugaris\" \/>\n<meta property=\"article:modified_time\" content=\"2024-05-21T09:37:48+00:00\" \/>\n<meta property=\"og:image\" content=\"https:\/\/www.lugaris.com\/app\/uploads\/2022\/11\/bio-certified-2.jpg\" \/>\n\t<meta property=\"og:image:width\" content=\"350\" \/>\n\t<meta property=\"og:image:height\" content=\"400\" \/>\n\t<meta property=\"og:image:type\" content=\"image\/jpeg\" \/>\n<meta name=\"twitter:card\" content=\"summary_large_image\" \/>\n<meta name=\"twitter:label1\" content=\"Est. reading time\" \/>\n\t<meta name=\"twitter:data1\" content=\"6 minutes\" \/>\n<script type=\"application\/ld+json\" class=\"yoast-schema-graph\">{\"@context\":\"https:\/\/schema.org\",\"@graph\":[{\"@type\":\"WebPage\",\"@id\":\"https:\/\/www.lugaris.com\/it\/sustainability\/\",\"url\":\"https:\/\/www.lugaris.com\/it\/sustainability\/\",\"name\":\"Sustainability | Lugaris\",\"isPartOf\":{\"@id\":\"https:\/\/www.lugaris.com\/it\/#website\"},\"primaryImageOfPage\":{\"@id\":\"https:\/\/www.lugaris.com\/it\/sustainability\/#primaryimage\"},\"image\":{\"@id\":\"https:\/\/www.lugaris.com\/it\/sustainability\/#primaryimage\"},\"thumbnailUrl\":\"https:\/\/www.lugaris.com\/app\/uploads\/2022\/11\/bio-certified-2.jpg\",\"datePublished\":\"2021-10-29T12:39:44+00:00\",\"dateModified\":\"2024-05-21T09:37:48+00:00\",\"description\":\"Nell'ambito del nostro impegno per l'ambiente, la lotta al cambiamento climatico e la promozione del turismo responsabile, Lugaris vuole condividere con voi ...\",\"breadcrumb\":{\"@id\":\"https:\/\/www.lugaris.com\/it\/sustainability\/#breadcrumb\"},\"inLanguage\":\"it-IT\",\"potentialAction\":[{\"@type\":\"ReadAction\",\"target\":[\"https:\/\/www.lugaris.com\/it\/sustainability\/\"]}]},{\"@type\":\"ImageObject\",\"inLanguage\":\"it-IT\",\"@id\":\"https:\/\/www.lugaris.com\/it\/sustainability\/#primaryimage\",\"url\":\"https:\/\/www.lugaris.com\/app\/uploads\/2022\/11\/bio-certified-2.jpg\",\"contentUrl\":\"https:\/\/www.lugaris.com\/app\/uploads\/2022\/11\/bio-certified-2.jpg\",\"width\":350,\"height\":400},{\"@type\":\"BreadcrumbList\",\"@id\":\"https:\/\/www.lugaris.com\/it\/sustainability\/#breadcrumb\",\"itemListElement\":[{\"@type\":\"ListItem\",\"position\":1,\"name\":\"Home\",\"item\":\"https:\/\/www.lugaris.com\/it\/\"},{\"@type\":\"ListItem\",\"position\":2,\"name\":\"Turismo sostenibile\"}]},{\"@type\":\"WebSite\",\"@id\":\"https:\/\/www.lugaris.com\/it\/#website\",\"url\":\"https:\/\/www.lugaris.com\/it\/\",\"name\":\"Lugaris\",\"description\":\"Apartamentos de vacaciones en Barcelona\",\"publisher\":{\"@id\":\"https:\/\/www.lugaris.com\/it\/#organization\"},\"potentialAction\":[{\"@type\":\"SearchAction\",\"target\":{\"@type\":\"EntryPoint\",\"urlTemplate\":\"https:\/\/www.lugaris.com\/it\/?s={search_term_string}\"},\"query-input\":\"required name=search_term_string\"}],\"inLanguage\":\"it-IT\"},{\"@type\":\"Organization\",\"@id\":\"https:\/\/www.lugaris.com\/it\/#organization\",\"name\":\"Lugaris Apartments in Barcelona\",\"url\":\"https:\/\/www.lugaris.com\/it\/\",\"logo\":{\"@type\":\"ImageObject\",\"inLanguage\":\"it-IT\",\"@id\":\"https:\/\/www.lugaris.com\/it\/#\/schema\/logo\/image\/\",\"url\":\"https:\/\/www.lugaris.com\/app\/uploads\/2020\/03\/Logo_lugaris_v2.png\",\"contentUrl\":\"https:\/\/www.lugaris.com\/app\/uploads\/2020\/03\/Logo_lugaris_v2.png\",\"width\":285,\"height\":257,\"caption\":\"Lugaris Apartments in Barcelona\"},\"image\":{\"@id\":\"https:\/\/www.lugaris.com\/it\/#\/schema\/logo\/image\/\"}}]}<\/script>\n<!-- \/ Yoast SEO plugin. -->","yoast_head_json":{"title":"Sustainability | Lugaris","description":"Nell'ambito del nostro impegno per l'ambiente, la lotta al cambiamento climatico e la promozione del turismo responsabile, Lugaris vuole condividere con voi ...","robots":{"index":"index","follow":"follow","max-snippet":"max-snippet:-1","max-image-preview":"max-image-preview:large","max-video-preview":"max-video-preview:-1"},"canonical":"https:\/\/www.lugaris.com\/it\/sustainability\/","og_locale":"it_IT","og_type":"article","og_title":"Sustainability | Lugaris","og_description":"Nell'ambito del nostro impegno per l'ambiente, la lotta al cambiamento climatico e la promozione del turismo responsabile, Lugaris vuole condividere con voi ...","og_url":"https:\/\/www.lugaris.com\/it\/sustainability\/","og_site_name":"Lugaris","article_modified_time":"2024-05-21T09:37:48+00:00","og_image":[{"width":350,"height":400,"url":"https:\/\/www.lugaris.com\/app\/uploads\/2022\/11\/bio-certified-2.jpg","type":"image\/jpeg"}],"twitter_card":"summary_large_image","twitter_misc":{"Est. reading time":"6 minutes"},"schema":{"@context":"https:\/\/schema.org","@graph":[{"@type":"WebPage","@id":"https:\/\/www.lugaris.com\/it\/sustainability\/","url":"https:\/\/www.lugaris.com\/it\/sustainability\/","name":"Sustainability | Lugaris","isPartOf":{"@id":"https:\/\/www.lugaris.com\/it\/#website"},"primaryImageOfPage":{"@id":"https:\/\/www.lugaris.com\/it\/sustainability\/#primaryimage"},"image":{"@id":"https:\/\/www.lugaris.com\/it\/sustainability\/#primaryimage"},"thumbnailUrl":"https:\/\/www.lugaris.com\/app\/uploads\/2022\/11\/bio-certified-2.jpg","datePublished":"2021-10-29T12:39:44+00:00","dateModified":"2024-05-21T09:37:48+00:00","description":"Nell'ambito del nostro impegno per l'ambiente, la lotta al cambiamento climatico e la promozione del turismo responsabile, Lugaris vuole condividere con voi ...","breadcrumb":{"@id":"https:\/\/www.lugaris.com\/it\/sustainability\/#breadcrumb"},"inLanguage":"it-IT","potentialAction":[{"@type":"ReadAction","target":["https:\/\/www.lugaris.com\/it\/sustainability\/"]}]},{"@type":"ImageObject","inLanguage":"it-IT","@id":"https:\/\/www.lugaris.com\/it\/sustainability\/#primaryimage","url":"https:\/\/www.lugaris.com\/app\/uploads\/2022\/11\/bio-certified-2.jpg","contentUrl":"https:\/\/www.lugaris.com\/app\/uploads\/2022\/11\/bio-certified-2.jpg","width":350,"height":400},{"@type":"BreadcrumbList","@id":"https:\/\/www.lugaris.com\/it\/sustainability\/#breadcrumb","itemListElement":[{"@type":"ListItem","position":1,"name":"Home","item":"https:\/\/www.lugaris.com\/it\/"},{"@type":"ListItem","position":2,"name":"Turismo sostenibile"}]},{"@type":"WebSite","@id":"https:\/\/www.lugaris.com\/it\/#website","url":"https:\/\/www.lugaris.com\/it\/","name":"Lugaris","description":"Apartamentos de vacaciones en Barcelona","publisher":{"@id":"https:\/\/www.lugaris.com\/it\/#organization"},"potentialAction":[{"@type":"SearchAction","target":{"@type":"EntryPoint","urlTemplate":"https:\/\/www.lugaris.com\/it\/?s={search_term_string}"},"query-input":"required name=search_term_string"}],"inLanguage":"it-IT"},{"@type":"Organization","@id":"https:\/\/www.lugaris.com\/it\/#organization","name":"Lugaris Apartments in Barcelona","url":"https:\/\/www.lugaris.com\/it\/","logo":{"@type":"ImageObject","inLanguage":"it-IT","@id":"https:\/\/www.lugaris.com\/it\/#\/schema\/logo\/image\/","url":"https:\/\/www.lugaris.com\/app\/uploads\/2020\/03\/Logo_lugaris_v2.png","contentUrl":"https:\/\/www.lugaris.com\/app\/uploads\/2020\/03\/Logo_lugaris_v2.png","width":285,"height":257,"caption":"Lugaris Apartments in Barcelona"},"image":{"@id":"https:\/\/www.lugaris.com\/it\/#\/schema\/logo\/image\/"}}]}},"uagb_featured_image_src":{"full":["https:\/\/www.lugaris.com\/app\/uploads\/2022\/11\/bio-certified-2.jpg",350,400,false],"thumbnail":["https:\/\/www.lugaris.com\/app\/uploads\/2022\/11\/bio-certified-2.jpg",350,400,false],"medium":["https:\/\/www.lugaris.com\/app\/uploads\/2022\/11\/bio-certified-2.jpg",350,400,false],"medium_large":["https:\/\/www.lugaris.com\/app\/uploads\/2022\/11\/bio-certified-2.jpg",350,400,false],"large":["https:\/\/www.lugaris.com\/app\/uploads\/2022\/11\/bio-certified-2.jpg",350,400,false],"1536x1536":["https:\/\/www.lugaris.com\/app\/uploads\/2022\/11\/bio-certified-2.jpg",350,400,false],"2048x2048":["https:\/\/www.lugaris.com\/app\/uploads\/2022\/11\/bio-certified-2.jpg",350,400,false]},"uagb_author_info":{"display_name":"Alice Tapiol","author_link":"https:\/\/www.lugaris.com\/it\/author\/alice\/"},"uagb_comment_info":0,"uagb_excerpt":"Nell'ambito del nostro impegno per l'ambiente, la lotta al cambiamento climatico e la promozione del turismo responsabile, Lugaris vuole condividere con voi alcuni consigli che potrete mettere in pratica durante il vostro soggiorno.","_links":{"self":[{"href":"https:\/\/www.lugaris.com\/it\/wp-json\/wp\/v2\/pages\/18294"}],"collection":[{"href":"https:\/\/www.lugaris.com\/it\/wp-json\/wp\/v2\/pages"}],"about":[{"href":"https:\/\/www.lugaris.com\/it\/wp-json\/wp\/v2\/types\/page"}],"author":[{"embeddable":true,"href":"https:\/\/www.lugaris.com\/it\/wp-json\/wp\/v2\/users\/5"}],"replies":[{"embeddable":true,"href":"https:\/\/www.lugaris.com\/it\/wp-json\/wp\/v2\/comments?post=18294"}],"version-history":[{"count":5,"href":"https:\/\/www.lugaris.com\/it\/wp-json\/wp\/v2\/pages\/18294\/revisions"}],"predecessor-version":[{"id":23213,"href":"https:\/\/www.lugaris.com\/it\/wp-json\/wp\/v2\/pages\/18294\/revisions\/23213"}],"wp:featuredmedia":[{"embeddable":true,"href":"https:\/\/www.lugaris.com\/it\/wp-json\/wp\/v2\/media\/18995"}],"wp:attachment":[{"href":"https:\/\/www.lugaris.com\/it\/wp-json\/wp\/v2\/media?parent=18294"}],"curies":[{"name":"wp","href":"https:\/\/api.w.org\/{rel}","templated":true}]}}